{"id":1830,"date":"2022-01-22T20:19:44","date_gmt":"2022-01-22T19:19:44","guid":{"rendered":"https:\/\/www.annonces-legales.org\/blog\/?page_id=1830"},"modified":"2022-02-01T17:24:06","modified_gmt":"2022-02-01T16:24:06","slug":"greffe-du-tribunal-de-commerce-avignon","status":"publish","type":"page","link":"https:\/\/www.annonces-legales.org\/blog\/greffe\/greffe-du-tribunal-de-commerce-avignon\/","title":{"rendered":"Greffe du tribunal de commerce d&rsquo;Avignon"},"content":{"rendered":"<p>Les entreprises de la ville d&rsquo;Avignon doivent faire leurs d\u00e9marches administratives avec le <strong>greffe du tribunal de commerce d&rsquo;Avignon<\/strong>.<\/p>\n<p>&nbsp;<\/p>\n<h2>Contact<\/h2>\n<p><strong>Adresse postale<\/strong> : 2, Bd Limbert 84097 AVIGNON CEDEX<\/p>\n<p>&nbsp;<\/p>\n<p><div class=\"leaflet-map WPLeafletMap\" style=\"height:250px; width:100%;\"><\/div><script>\nwindow.WPLeafletMapPlugin = window.WPLeafletMapPlugin || [];\nwindow.WPLeafletMapPlugin.push(function WPLeafletMapShortcode() {\/*<script>*\/\nvar baseUrl = atob('aHR0cHM6Ly97c30udGlsZS5vcGVuc3RyZWV0bWFwLm9yZy97en0ve3h9L3t5fS5wbmc=');\nvar base = (!baseUrl && window.MQ) ?\n    window.MQ.mapLayer() : L.tileLayer(baseUrl,\n        L.Util.extend({}, {\n            detectRetina: 0,\n        },\n        {\"subdomains\":\"abc\",\"noWrap\":false,\"maxZoom\":20}        )\n    );\n    var options = L.Util.extend({}, {\n        layers: [base],\n        attributionControl: false\n    },\n    {\"zoomControl\":true,\"scrollWheelZoom\":false,\"doubleClickZoom\":false,\"fitBounds\":false,\"minZoom\":0,\"maxZoom\":20,\"maxBounds\":null,\"attribution\":\"\"},\n    {});\nwindow.WPLeafletMapPlugin.createMap(options).setView([43.944449,4.816142],17);});<\/script> <script>\nwindow.WPLeafletMapPlugin = window.WPLeafletMapPlugin || [];\nwindow.WPLeafletMapPlugin.push(function WPLeafletMarkerShortcode() {\/*<script>*\/\nvar map = window.WPLeafletMapPlugin.getCurrentMap();\nvar group = window.WPLeafletMapPlugin.getCurrentGroup();\nvar marker_options = window.WPLeafletMapPlugin.getIconOptions({});\nvar marker = L.marker(\n    [0,0],\n    marker_options\n);\nvar is_image = map.is_image_map;\n    marker.setLatLng( map.getCenter() );\nif (marker_options.draggable) {\n    marker.on('dragend', function () {\n        var latlng = this.getLatLng();\n        var lat = latlng.lat;\n        var lng = latlng.lng;\n        if (is_image) {\n            console.log('leaflet-marker y=' + lat + ' x=' + lng);\n        } else {\n            console.log('leaflet-marker lat=' + lat + ' lng=' + lng);\n        }\n    });\n}\nmarker.addTo( group );\nmarker.bindPopup(window.WPLeafletMapPlugin.unescape(' Greffe du tribunal de commerce de Avignon ')).openPopup();window.WPLeafletMapPlugin.markers.push( marker );\n        });<\/script><\/p>\n<p><strong>Ligne t\u00e9l\u00e9phonique<\/strong> : 04 90 14 31 82<\/p>\n<p><strong>Site<\/strong> : <em>www.greffe-tc-avignon.fr<\/em><\/p>\n<h2><\/h2>\n<h2>Horaires d&rsquo;ouverture<\/h2>\n<p>Le greffe ouvre du lundi au vendredi de 8h \u00e0 11h et de 13h30 \u00e0 16h.<\/p>\n<h2><\/h2>\n<h2>En savoir plus<\/h2>\n<p>Le <strong>greffe du tribunal de commerce d&rsquo;Avignon<\/strong> conseille, informe et re\u00e7oit les actes des entreprises. Les personnes qui sont domicili\u00e9 dans le d\u00e9partement du Vaucluse et qui aimeraient cr\u00e9er leur entreprise doivent effectuer leur enregistrement aupr\u00e8s du CFE de ce greffe.<br \/>\nL&rsquo;enregistrement d&rsquo;une soci\u00e9t\u00e9 n&rsquo;est pas le seul service g\u00e9r\u00e9 par le greffe de Avignon. Il va \u00e9galement recueillir demande de changement dans les statuts l\u00e9gaux des entreprises (comme par exemple une modification de l&rsquo;adresse du si\u00e8ge ou une modification du nom du g\u00e9rant).<\/p>\n<p>La fermeture d&rsquo;une soci\u00e9t\u00e9 (d\u00e9p\u00f4t de bilan, radiation&#8230;) va aussi se r\u00e9aliser aupr\u00e8s du bureau du greffe.<\/p>\n<h2><\/h2>\n<h2>Quel type de soci\u00e9t\u00e9 requiert une immatriculation ?<\/h2>\n<p>Toute structure du Vaucluse qui commence une activit\u00e9 a but lucratif ou non doit s&rsquo;immatriculer au RCS. On trouve donc :<\/p>\n<ul>\n<li>des personnes physiques qui ont une activit\u00e9 de commerce<\/li>\n<li>les soci\u00e9t\u00e9s commerciales<\/li>\n<li>les soci\u00e9t\u00e9s non commerciales, les soci\u00e9t\u00e9s d&rsquo;exercice lib\u00e9ral, les groupements d&rsquo;int\u00e9r\u00eat \u00e9conomique (GIE)&#8230;<\/li>\n<li><\/li>\n<\/ul>\n<h2>Quand demander un num\u00e9ro d&rsquo;immatriculation pour sa structure ?<\/h2>\n<p>L&rsquo;immatriculation de la soci\u00e9t\u00e9 est l&rsquo;ultime \u00e9tape de cr\u00e9ation de l&rsquo;entreprise.<\/p>\n<p>L&rsquo;immatriculation doit \u00eatre faite au plus tard quelques jours apr\u00e8s le d\u00e9but des activit\u00e9s.<\/p>\n<p>&nbsp;<\/p>\n<h2>Ressort du tribunal de commerce d&rsquo;Avignon<\/h2>\n<p>&nbsp;<\/p>\n<table class=\"tg table-striped container-fluid\">\n<tbody>\n<tr>\n<th>Code postal<\/th>\n<th>Commune<\/th>\n<\/tr>\n<tr>\n<td>84210<\/td>\n<td>Althen-des-Paluds<\/td>\n<\/tr>\n<tr>\n<td>84240<\/td>\n<td>Ansouis<\/td>\n<\/tr>\n<tr>\n<td>84400<\/td>\n<td>Apt<\/td>\n<\/tr>\n<tr>\n<td>84810<\/td>\n<td>Aubignan<\/td>\n<\/tr>\n<tr>\n<td>84390<\/td>\n<td>Aurel<\/td>\n<\/tr>\n<tr>\n<td>84400<\/td>\n<td>Auribeau<\/td>\n<\/tr>\n<tr>\n<td>84000<\/td>\n<\/tr>\n<tr>\n<td>84190<\/td>\n<td>Beaumes-de-Venise<\/td>\n<\/tr>\n<tr>\n<td>84220<\/td>\n<td>Beaumettes<\/td>\n<\/tr>\n<tr>\n<td>84120<\/td>\n<td>Beaumont-de-Pertuis<\/td>\n<\/tr>\n<tr>\n<td>84340<\/td>\n<td>Beaumont-du-Ventoux<\/td>\n<\/tr>\n<tr>\n<td>84370<\/td>\n<td>B\u00e9darrides<\/td>\n<\/tr>\n<tr>\n<td>84410<\/td>\n<td>B\u00e9doin<\/td>\n<\/tr>\n<tr>\n<td>84570<\/td>\n<td>Blauvac<\/td>\n<\/tr>\n<tr>\n<td>84500<\/td>\n<td>Boll\u00e8ne<\/td>\n<\/tr>\n<tr>\n<td>84480<\/td>\n<td>Bonnieux<\/td>\n<\/tr>\n<tr>\n<td>84390<\/td>\n<td>Brantes<\/td>\n<\/tr>\n<tr>\n<td>84110<\/td>\n<td>Buisson<\/td>\n<\/tr>\n<tr>\n<td>84480<\/td>\n<td>Buoux<\/td>\n<\/tr>\n<tr>\n<td>84240<\/td>\n<td>Cabri\u00e8res-d&rsquo;Aigues<\/td>\n<\/tr>\n<tr>\n<td>84220<\/td>\n<td>Cabri\u00e8res-d&rsquo;Avignon<\/td>\n<\/tr>\n<tr>\n<td>84160<\/td>\n<td>Cadenet<\/td>\n<\/tr>\n<tr>\n<td>84860<\/td>\n<td>Caderousse<\/td>\n<\/tr>\n<tr>\n<td>84290<\/td>\n<td>Cairanne<\/td>\n<\/tr>\n<tr>\n<td>84850<\/td>\n<td>Camaret-sur-Aigues<\/td>\n<\/tr>\n<tr>\n<td>84330<\/td>\n<td>Caromb<\/td>\n<\/tr>\n<tr>\n<td>84200<\/td>\n<td>Carpentras<\/td>\n<\/tr>\n<tr>\n<td>84750<\/td>\n<td>Caseneuve<\/td>\n<\/tr>\n<tr>\n<td>84400<\/td>\n<td>Castellet<\/td>\n<\/tr>\n<tr>\n<td>84510<\/td>\n<td>Caumont-sur-Durance<\/td>\n<\/tr>\n<tr>\n<td>84300<\/td>\n<td>Cavaillon<\/td>\n<\/tr>\n<tr>\n<td>84470<\/td>\n<td>Ch\u00e2teauneuf-de-Gadagne<\/td>\n<\/tr>\n<tr>\n<td>84230<\/td>\n<td>Ch\u00e2teauneuf-du-Pape<\/td>\n<\/tr>\n<tr>\n<td>84460<\/td>\n<td>Cheval-Blanc<\/td>\n<\/tr>\n<tr>\n<td>84350<\/td>\n<td>Courth\u00e9zon<\/td>\n<\/tr>\n<tr>\n<td>84110<\/td>\n<td>Crestet<\/td>\n<\/tr>\n<tr>\n<td>84410<\/td>\n<td>Crillon-le-Brave<\/td>\n<\/tr>\n<tr>\n<td>84160<\/td>\n<td>Cucuron<\/td>\n<\/tr>\n<tr>\n<td>84320<\/td>\n<td>Entraigues-sur-la-Sorgue<\/td>\n<\/tr>\n<tr>\n<td>84340<\/td>\n<td>Entrechaux<\/td>\n<\/tr>\n<tr>\n<td>84110<\/td>\n<td>Faucon<\/td>\n<\/tr>\n<tr>\n<td>84410<\/td>\n<td>Flassan<\/td>\n<\/tr>\n<tr>\n<td>84800<\/td>\n<td>Fontaine-de-Vaucluse<\/td>\n<\/tr>\n<tr>\n<td>84400<\/td>\n<td>Gargas<\/td>\n<\/tr>\n<tr>\n<td>84400<\/td>\n<td>Gignac<\/td>\n<\/tr>\n<tr>\n<td>84190<\/td>\n<td>Gigondas<\/td>\n<\/tr>\n<tr>\n<td>84220<\/td>\n<td>Gordes<\/td>\n<\/tr>\n<tr>\n<td>84220<\/td>\n<td>Goult<\/td>\n<\/tr>\n<tr>\n<td>84240<\/td>\n<td>Grambois<\/td>\n<\/tr>\n<tr>\n<td>84600<\/td>\n<td>Grillon<\/td>\n<\/tr>\n<tr>\n<td>84450<\/td>\n<td>Jonquerettes<\/td>\n<\/tr>\n<tr>\n<td>84150<\/td>\n<td>Jonqui\u00e8res<\/td>\n<\/tr>\n<tr>\n<td>84220<\/td>\n<td>Joucas<\/td>\n<\/tr>\n<tr>\n<td>84800<\/td>\n<td>L&rsquo;Isle-sur-la-Sorgue<\/td>\n<\/tr>\n<tr>\n<td>84240<\/td>\n<td>La Bastide-des-Jourdans<\/td>\n<\/tr>\n<tr>\n<td>84120<\/td>\n<td>La Bastidonne<\/td>\n<\/tr>\n<tr>\n<td>84240<\/td>\n<td>La Motte-d&rsquo;Aigues<\/td>\n<\/tr>\n<tr>\n<td>84190<\/td>\n<td>La Roque-Alric<\/td>\n<\/tr>\n<tr>\n<td>84210<\/td>\n<td>La Roque-sur-Pernes<\/td>\n<\/tr>\n<tr>\n<td>84240<\/td>\n<td>La Tour-d&rsquo;Aigues<\/td>\n<\/tr>\n<tr>\n<td>84480<\/td>\n<td>Lacoste<\/td>\n<\/tr>\n<tr>\n<td>84190<\/td>\n<td>Lafare<\/td>\n<\/tr>\n<tr>\n<td>84400<\/td>\n<td>Lagarde-d&rsquo;Apt<\/td>\n<\/tr>\n<tr>\n<td>84290<\/td>\n<td>Lagarde-Par\u00e9ol<\/td>\n<\/tr>\n<tr>\n<td>84800<\/td>\n<td>Lagnes<\/td>\n<\/tr>\n<tr>\n<td>84840<\/td>\n<td>Lamotte-du-Rh\u00f4ne<\/td>\n<\/tr>\n<tr>\n<td>84840<\/td>\n<td>Lapalud<\/td>\n<\/tr>\n<tr>\n<td>84360<\/td>\n<td>Lauris<\/td>\n<\/tr>\n<tr>\n<td>84330<\/td>\n<td>Le Barroux<\/td>\n<\/tr>\n<tr>\n<td>84210<\/td>\n<td>Le Beaucet<\/td>\n<\/tr>\n<tr>\n<td>84130<\/td>\n<td>Le Pontet<\/td>\n<\/tr>\n<tr>\n<td>84250<\/td>\n<td>Le Thor<\/td>\n<\/tr>\n<tr>\n<td>84220<\/td>\n<td>Lioux<\/td>\n<\/tr>\n<tr>\n<td>84200<\/td>\n<td>Loriol-du-Comtat<\/td>\n<\/tr>\n<tr>\n<td>84160<\/td>\n<td>Lourmarin<\/td>\n<\/tr>\n<tr>\n<td>84340<\/td>\n<td>Malauc\u00e8ne<\/td>\n<\/tr>\n<tr>\n<td>84570<\/td>\n<td>Malemort-du-Comtat<\/td>\n<\/tr>\n<tr>\n<td>84660<\/td>\n<td>Maubec<\/td>\n<\/tr>\n<tr>\n<td>84380<\/td>\n<td>Mazan<\/td>\n<\/tr>\n<tr>\n<td>84560<\/td>\n<td>M\u00e9nerbes<\/td>\n<\/tr>\n<tr>\n<td>84360<\/td>\n<td>M\u00e9rindol<\/td>\n<\/tr>\n<tr>\n<td>84570<\/td>\n<td>M\u00e9thamis<\/td>\n<\/tr>\n<tr>\n<td>84120<\/td>\n<td>Mirabeau<\/td>\n<\/tr>\n<tr>\n<td>84330<\/td>\n<td>Mod\u00e8ne<\/td>\n<\/tr>\n<tr>\n<td>84430<\/td>\n<td>Mondragon<\/td>\n<\/tr>\n<tr>\n<td>84390<\/td>\n<td>Monieux<\/td>\n<\/tr>\n<tr>\n<td>84170<\/td>\n<td>Monteux<\/td>\n<\/tr>\n<tr>\n<td>84310<\/td>\n<td>Mori\u00e8res-l\u00e8s-Avignon<\/td>\n<\/tr>\n<tr>\n<td>84570<\/td>\n<td>Mormoiron<\/td>\n<\/tr>\n<tr>\n<td>84550<\/td>\n<td>Mornas<\/td>\n<\/tr>\n<tr>\n<td>84220<\/td>\n<td>Murs<\/td>\n<\/tr>\n<tr>\n<td>84580<\/td>\n<td>Opp\u00e8de<\/td>\n<\/tr>\n<tr>\n<td>84100<\/td>\n<td>Orange<\/td>\n<\/tr>\n<tr>\n<td>84210<\/td>\n<td>Pernes-les-Fontaines<\/td>\n<\/tr>\n<tr>\n<td>84120<\/td>\n<td>Pertuis<\/td>\n<\/tr>\n<tr>\n<td>84240<\/td>\n<td>Peypin-d&rsquo;Aigues<\/td>\n<\/tr>\n<tr>\n<td>84420<\/td>\n<td>Piolenc<\/td>\n<\/tr>\n<tr>\n<td>84360<\/td>\n<td>Puget<\/td>\n<\/tr>\n<tr>\n<td>84110<\/td>\n<td>Puym\u00e9ras<\/td>\n<\/tr>\n<tr>\n<td>84160<\/td>\n<td>Puyvert<\/td>\n<\/tr>\n<tr>\n<td>84110<\/td>\n<td>Rasteau<\/td>\n<\/tr>\n<tr>\n<td>84600<\/td>\n<td>Richerenches<\/td>\n<\/tr>\n<tr>\n<td>84110<\/td>\n<td>Roaix<\/td>\n<\/tr>\n<tr>\n<td>84440<\/td>\n<td>Robion<\/td>\n<\/tr>\n<tr>\n<td>84220<\/td>\n<td>Roussillon<\/td>\n<\/tr>\n<tr>\n<td>84400<\/td>\n<td>Rustrel<\/td>\n<\/tr>\n<tr>\n<td>84110<\/td>\n<td>Sablet<\/td>\n<\/tr>\n<tr>\n<td>84400<\/td>\n<td>Saignon<\/td>\n<\/tr>\n<tr>\n<td>84390<\/td>\n<td>Saint-Christol<\/td>\n<\/tr>\n<tr>\n<td>84210<\/td>\n<td>Saint-Didier<\/td>\n<\/tr>\n<tr>\n<td>84330<\/td>\n<td>Saint-Hippolyte-le-Graveyron<\/td>\n<\/tr>\n<tr>\n<td>84390<\/td>\n<td>Saint-L\u00e9ger-du-Ventoux<\/td>\n<\/tr>\n<tr>\n<td>84110<\/td>\n<td>Saint-Marcellin-l\u00e8s-Vaison<\/td>\n<\/tr>\n<tr>\n<td>84750<\/td>\n<td>Saint-Martin-de-Castillon<\/td>\n<\/tr>\n<tr>\n<td>84760<\/td>\n<td>Saint-Martin-de-la-Brasque<\/td>\n<\/tr>\n<tr>\n<td>84220<\/td>\n<td>Saint-Pantal\u00e9on<\/td>\n<\/tr>\n<tr>\n<td>84330<\/td>\n<td>Saint-Pierre-de-Vassols<\/td>\n<\/tr>\n<tr>\n<td>84110<\/td>\n<td>Saint-Romain-en-Viennois<\/td>\n<\/tr>\n<tr>\n<td>84290<\/td>\n<td>Saint-Roman-de-Malegarde<\/td>\n<\/tr>\n<tr>\n<td>84490<\/td>\n<td>Saint-Saturnin-l\u00e8s-Apt<\/td>\n<\/tr>\n<tr>\n<td>84450<\/td>\n<td>Saint-Saturnin-l\u00e8s-Avignon<\/td>\n<\/tr>\n<tr>\n<td>84390<\/td>\n<td>Saint-Trinit<\/td>\n<\/tr>\n<tr>\n<td>84290<\/td>\n<td>Sainte-C\u00e9cile-les-Vignes<\/td>\n<\/tr>\n<tr>\n<td>84240<\/td>\n<td>Sannes<\/td>\n<\/tr>\n<tr>\n<td>84260<\/td>\n<td>Sarrians<\/td>\n<\/tr>\n<tr>\n<td>84390<\/td>\n<td>Sault<\/td>\n<\/tr>\n<tr>\n<td>84800<\/td>\n<td>Saumane-de-Vaucluse<\/td>\n<\/tr>\n<tr>\n<td>84390<\/td>\n<td>Savoillan<\/td>\n<\/tr>\n<tr>\n<td>84110<\/td>\n<td>S\u00e9guret<\/td>\n<\/tr>\n<tr>\n<td>84830<\/td>\n<td>S\u00e9rignan-du-Comtat<\/td>\n<\/tr>\n<tr>\n<td>84400<\/td>\n<td>Sivergues<\/td>\n<\/tr>\n<tr>\n<td>84700<\/td>\n<td>Sorgues<\/td>\n<\/tr>\n<tr>\n<td>84190<\/td>\n<td>Suzette<\/td>\n<\/tr>\n<tr>\n<td>84300<\/td>\n<td>Taillades<\/td>\n<\/tr>\n<tr>\n<td>84850<\/td>\n<td>Travaillan<\/td>\n<\/tr>\n<tr>\n<td>84100<\/td>\n<td>Uchaux<\/td>\n<\/tr>\n<tr>\n<td>84190<\/td>\n<td>Vacqueyras<\/td>\n<\/tr>\n<tr>\n<td>84110<\/td>\n<td>Vaison-la-Romaine<\/td>\n<\/tr>\n<tr>\n<td>84600<\/td>\n<td>Valr\u00e9as<\/td>\n<\/tr>\n<tr>\n<td>84160<\/td>\n<td>Vaugines<\/td>\n<\/tr>\n<tr>\n<td>84270<\/td>\n<td>Ved\u00e8ne<\/td>\n<\/tr>\n<tr>\n<td>84740<\/td>\n<td>Velleron<\/td>\n<\/tr>\n<tr>\n<td>84210<\/td>\n<td>Venasque<\/td>\n<\/tr>\n<tr>\n<td>84750<\/td>\n<td>Viens<\/td>\n<\/tr>\n<tr>\n<td>84400<\/td>\n<td>Villars<\/td>\n<\/tr>\n<tr>\n<td>84110<\/td>\n<td>Villedieu<\/td>\n<\/tr>\n<tr>\n<td>84530<\/td>\n<td>Villelaure<\/td>\n<\/tr>\n<tr>\n<td>84570<\/td>\n<td>Villes-sur-Auzon<\/td>\n<\/tr>\n<tr>\n<td>84150<\/td>\n<td>Viol\u00e8s<\/td>\n<\/tr>\n<tr>\n<td>84820<\/td>\n<td>Visan<\/td>\n<\/tr>\n<tr>\n<td>84240<\/td>\n<td>Vitrolles-en-Lub\u00e9ron<\/td>\n<\/tr>\n<\/tbody>\n<\/table>\n","protected":false},"excerpt":{"rendered":"<p>Les entreprises de la ville d&rsquo;Avignon doivent faire leurs d\u00e9marches administratives avec le greffe du tribunal de commerce d&rsquo;Avignon. &nbsp; [&hellip;]<\/p>\n","protected":false},"author":1,"featured_media":0,"parent":1759,"menu_order":0,"comment_status":"closed","ping_status":"closed","template":"","meta":{"inline_featured_image":false,"footnotes":""},"class_list":["post-1830","page","type-page","status-publish","hentry"],"yoast_head":"<!-- This site is optimized with the Yoast SEO plugin v26.8 - https:\/\/yoast.com\/product\/yoast-seo-wordpress\/ -->\n<title>Greffe du tribunal de commerce d&#039;Avignon - Actualit\u00e9 des entreprises<\/title>\n<meta name=\"robots\" content=\"index, follow, max-snippet:-1, max-image-preview:large, max-video-preview:-1\" \/>\n<link rel=\"canonical\" href=\"https:\/\/www.annonces-legales.org\/blog\/greffe\/greffe-du-tribunal-de-commerce-avignon\/\" \/>\n<meta property=\"og:locale\" content=\"fr_FR\" \/>\n<meta property=\"og:type\" content=\"article\" \/>\n<meta property=\"og:title\" content=\"Greffe du tribunal de commerce d&#039;Avignon - Actualit\u00e9 des entreprises\" \/>\n<meta property=\"og:description\" content=\"Les entreprises de la ville d&rsquo;Avignon doivent faire leurs d\u00e9marches administratives avec le greffe du tribunal de commerce d&rsquo;Avignon. &nbsp; [&hellip;]\" \/>\n<meta property=\"og:url\" content=\"https:\/\/www.annonces-legales.org\/blog\/greffe\/greffe-du-tribunal-de-commerce-avignon\/\" \/>\n<meta property=\"og:site_name\" content=\"Actualit\u00e9 des entreprises\" \/>\n<meta property=\"article:modified_time\" content=\"2022-02-01T16:24:06+00:00\" \/>\n<meta name=\"twitter:card\" content=\"summary_large_image\" \/>\n<meta name=\"twitter:label1\" content=\"Dur\u00e9e de lecture estim\u00e9e\" \/>\n\t<meta name=\"twitter:data1\" content=\"2 minutes\" \/>\n<script type=\"application\/ld+json\" class=\"yoast-schema-graph\">{\"@context\":\"https:\/\/schema.org\",\"@graph\":[{\"@type\":\"WebPage\",\"@id\":\"https:\/\/www.annonces-legales.org\/blog\/greffe\/greffe-du-tribunal-de-commerce-avignon\/\",\"url\":\"https:\/\/www.annonces-legales.org\/blog\/greffe\/greffe-du-tribunal-de-commerce-avignon\/\",\"name\":\"Greffe du tribunal de commerce d'Avignon - Actualit\u00e9 des entreprises\",\"isPartOf\":{\"@id\":\"https:\/\/www.annonces-legales.org\/blog\/#website\"},\"datePublished\":\"2022-01-22T19:19:44+00:00\",\"dateModified\":\"2022-02-01T16:24:06+00:00\",\"breadcrumb\":{\"@id\":\"https:\/\/www.annonces-legales.org\/blog\/greffe\/greffe-du-tribunal-de-commerce-avignon\/#breadcrumb\"},\"inLanguage\":\"fr-FR\",\"potentialAction\":[{\"@type\":\"ReadAction\",\"target\":[\"https:\/\/www.annonces-legales.org\/blog\/greffe\/greffe-du-tribunal-de-commerce-avignon\/\"]}]},{\"@type\":\"BreadcrumbList\",\"@id\":\"https:\/\/www.annonces-legales.org\/blog\/greffe\/greffe-du-tribunal-de-commerce-avignon\/#breadcrumb\",\"itemListElement\":[{\"@type\":\"ListItem\",\"position\":1,\"name\":\"Accueil\",\"item\":\"https:\/\/www.annonces-legales.org\/blog\/\"},{\"@type\":\"ListItem\",\"position\":2,\"name\":\"Liste des Greffes des tribunaux de commerce\",\"item\":\"https:\/\/www.annonces-legales.org\/blog\/greffe\/\"},{\"@type\":\"ListItem\",\"position\":3,\"name\":\"Greffe du tribunal de commerce d&rsquo;Avignon\"}]},{\"@type\":\"WebSite\",\"@id\":\"https:\/\/www.annonces-legales.org\/blog\/#website\",\"url\":\"https:\/\/www.annonces-legales.org\/blog\/\",\"name\":\"Actualit\u00e9 des entreprises\",\"description\":\"\",\"publisher\":{\"@id\":\"https:\/\/www.annonces-legales.org\/blog\/#organization\"},\"potentialAction\":[{\"@type\":\"SearchAction\",\"target\":{\"@type\":\"EntryPoint\",\"urlTemplate\":\"https:\/\/www.annonces-legales.org\/blog\/?s={search_term_string}\"},\"query-input\":{\"@type\":\"PropertyValueSpecification\",\"valueRequired\":true,\"valueName\":\"search_term_string\"}}],\"inLanguage\":\"fr-FR\"},{\"@type\":\"Organization\",\"@id\":\"https:\/\/www.annonces-legales.org\/blog\/#organization\",\"name\":\"Actualit\u00e9 des entreprises\",\"url\":\"https:\/\/www.annonces-legales.org\/blog\/\",\"logo\":{\"@type\":\"ImageObject\",\"inLanguage\":\"fr-FR\",\"@id\":\"https:\/\/www.annonces-legales.org\/blog\/#\/schema\/logo\/image\/\",\"url\":\"https:\/\/www.annonces-legales.org\/blog\/wp-content\/uploads\/2023\/08\/annonces-legales.svg\",\"contentUrl\":\"https:\/\/www.annonces-legales.org\/blog\/wp-content\/uploads\/2023\/08\/annonces-legales.svg\",\"caption\":\"Actualit\u00e9 des entreprises\"},\"image\":{\"@id\":\"https:\/\/www.annonces-legales.org\/blog\/#\/schema\/logo\/image\/\"}}]}<\/script>\n<!-- \/ Yoast SEO plugin. -->","yoast_head_json":{"title":"Greffe du tribunal de commerce d'Avignon - Actualit\u00e9 des entreprises","robots":{"index":"index","follow":"follow","max-snippet":"max-snippet:-1","max-image-preview":"max-image-preview:large","max-video-preview":"max-video-preview:-1"},"canonical":"https:\/\/www.annonces-legales.org\/blog\/greffe\/greffe-du-tribunal-de-commerce-avignon\/","og_locale":"fr_FR","og_type":"article","og_title":"Greffe du tribunal de commerce d'Avignon - Actualit\u00e9 des entreprises","og_description":"Les entreprises de la ville d&rsquo;Avignon doivent faire leurs d\u00e9marches administratives avec le greffe du tribunal de commerce d&rsquo;Avignon. &nbsp; [&hellip;]","og_url":"https:\/\/www.annonces-legales.org\/blog\/greffe\/greffe-du-tribunal-de-commerce-avignon\/","og_site_name":"Actualit\u00e9 des entreprises","article_modified_time":"2022-02-01T16:24:06+00:00","twitter_card":"summary_large_image","twitter_misc":{"Dur\u00e9e de lecture estim\u00e9e":"2 minutes"},"schema":{"@context":"https:\/\/schema.org","@graph":[{"@type":"WebPage","@id":"https:\/\/www.annonces-legales.org\/blog\/greffe\/greffe-du-tribunal-de-commerce-avignon\/","url":"https:\/\/www.annonces-legales.org\/blog\/greffe\/greffe-du-tribunal-de-commerce-avignon\/","name":"Greffe du tribunal de commerce d'Avignon - Actualit\u00e9 des entreprises","isPartOf":{"@id":"https:\/\/www.annonces-legales.org\/blog\/#website"},"datePublished":"2022-01-22T19:19:44+00:00","dateModified":"2022-02-01T16:24:06+00:00","breadcrumb":{"@id":"https:\/\/www.annonces-legales.org\/blog\/greffe\/greffe-du-tribunal-de-commerce-avignon\/#breadcrumb"},"inLanguage":"fr-FR","potentialAction":[{"@type":"ReadAction","target":["https:\/\/www.annonces-legales.org\/blog\/greffe\/greffe-du-tribunal-de-commerce-avignon\/"]}]},{"@type":"BreadcrumbList","@id":"https:\/\/www.annonces-legales.org\/blog\/greffe\/greffe-du-tribunal-de-commerce-avignon\/#breadcrumb","itemListElement":[{"@type":"ListItem","position":1,"name":"Accueil","item":"https:\/\/www.annonces-legales.org\/blog\/"},{"@type":"ListItem","position":2,"name":"Liste des Greffes des tribunaux de commerce","item":"https:\/\/www.annonces-legales.org\/blog\/greffe\/"},{"@type":"ListItem","position":3,"name":"Greffe du tribunal de commerce d&rsquo;Avignon"}]},{"@type":"WebSite","@id":"https:\/\/www.annonces-legales.org\/blog\/#website","url":"https:\/\/www.annonces-legales.org\/blog\/","name":"Actualit\u00e9 des entreprises","description":"","publisher":{"@id":"https:\/\/www.annonces-legales.org\/blog\/#organization"},"potentialAction":[{"@type":"SearchAction","target":{"@type":"EntryPoint","urlTemplate":"https:\/\/www.annonces-legales.org\/blog\/?s={search_term_string}"},"query-input":{"@type":"PropertyValueSpecification","valueRequired":true,"valueName":"search_term_string"}}],"inLanguage":"fr-FR"},{"@type":"Organization","@id":"https:\/\/www.annonces-legales.org\/blog\/#organization","name":"Actualit\u00e9 des entreprises","url":"https:\/\/www.annonces-legales.org\/blog\/","logo":{"@type":"ImageObject","inLanguage":"fr-FR","@id":"https:\/\/www.annonces-legales.org\/blog\/#\/schema\/logo\/image\/","url":"https:\/\/www.annonces-legales.org\/blog\/wp-content\/uploads\/2023\/08\/annonces-legales.svg","contentUrl":"https:\/\/www.annonces-legales.org\/blog\/wp-content\/uploads\/2023\/08\/annonces-legales.svg","caption":"Actualit\u00e9 des entreprises"},"image":{"@id":"https:\/\/www.annonces-legales.org\/blog\/#\/schema\/logo\/image\/"}}]}},"_links":{"self":[{"href":"https:\/\/www.annonces-legales.org\/blog\/wp-json\/wp\/v2\/pages\/1830","targetHints":{"allow":["GET"]}}],"collection":[{"href":"https:\/\/www.annonces-legales.org\/blog\/wp-json\/wp\/v2\/pages"}],"about":[{"href":"https:\/\/www.annonces-legales.org\/blog\/wp-json\/wp\/v2\/types\/page"}],"author":[{"embeddable":true,"href":"https:\/\/www.annonces-legales.org\/blog\/wp-json\/wp\/v2\/users\/1"}],"replies":[{"embeddable":true,"href":"https:\/\/www.annonces-legales.org\/blog\/wp-json\/wp\/v2\/comments?post=1830"}],"version-history":[{"count":4,"href":"https:\/\/www.annonces-legales.org\/blog\/wp-json\/wp\/v2\/pages\/1830\/revisions"}],"predecessor-version":[{"id":2605,"href":"https:\/\/www.annonces-legales.org\/blog\/wp-json\/wp\/v2\/pages\/1830\/revisions\/2605"}],"up":[{"embeddable":true,"href":"https:\/\/www.annonces-legales.org\/blog\/wp-json\/wp\/v2\/pages\/1759"}],"wp:attachment":[{"href":"https:\/\/www.annonces-legales.org\/blog\/wp-json\/wp\/v2\/media?parent=1830"}],"curies":[{"name":"wp","href":"https:\/\/api.w.org\/{rel}","templated":true}]}}