{"id":1852,"date":"2022-01-22T20:24:27","date_gmt":"2022-01-22T19:24:27","guid":{"rendered":"https:\/\/www.annonces-legales.org\/blog\/?page_id=1852"},"modified":"2022-02-01T16:19:14","modified_gmt":"2022-02-01T15:19:14","slug":"greffe-du-tribunal-de-commerce-de-bobigny","status":"publish","type":"page","link":"https:\/\/www.annonces-legales.org\/blog\/greffe\/greffe-du-tribunal-de-commerce-de-bobigny\/","title":{"rendered":"Greffe du tribunal de commerce de Bobigny"},"content":{"rendered":"<p><img loading=\"lazy\" decoding=\"async\" class=\"wp-image-2423 alignleft\" src=\"https:\/\/www.annonces-legales.org\/blog\/wp-content\/uploads\/2022\/01\/tribunal-150x150.png\" alt=\"\" width=\"40\" height=\"40\" \/>Vous allez trouver plus bas la totalit\u00e9 des informations \u00e0 propos du <strong>greffe du tribunal de commerce de Bobigny<\/strong> situ\u00e9 dans le d\u00e9partement de Seine-Saint-Denis.<\/p>\n<p>&nbsp;<\/p>\n<h2>Contact et adresse du greffe du tribunal de commerce de Bobigny<\/h2>\n<p>Pour discuter avec le greffe, vous pouvez utiliser le t\u00e9l\u00e9phone ou leur site Internet.<\/p>\n<p><strong>Adresse postale<\/strong> : 1-13, Rue Michel De L&rsquo;hospital 93008 BOBIGNY CEDEX<\/p>\n<p>&nbsp;<\/p>\n<h3>Acc\u00e9der au Greffe<\/h3>\n<p><div class=\"leaflet-map WPLeafletMap\" style=\"height:250px; width:100%;\"><\/div><script>\nwindow.WPLeafletMapPlugin = window.WPLeafletMapPlugin || [];\nwindow.WPLeafletMapPlugin.push(function WPLeafletMapShortcode() {\/*<script>*\/\nvar baseUrl = atob('aHR0cHM6Ly97c30udGlsZS5vcGVuc3RyZWV0bWFwLm9yZy97en0ve3h9L3t5fS5wbmc=');\nvar base = (!baseUrl && window.MQ) ?\n    window.MQ.mapLayer() : L.tileLayer(baseUrl,\n        L.Util.extend({}, {\n            detectRetina: 0,\n        },\n        {\"subdomains\":\"abc\",\"noWrap\":false,\"maxZoom\":20}        )\n    );\n    var options = L.Util.extend({}, {\n        layers: [base],\n        attributionControl: false\n    },\n    {\"zoomControl\":true,\"scrollWheelZoom\":false,\"doubleClickZoom\":false,\"fitBounds\":false,\"minZoom\":0,\"maxZoom\":20,\"maxBounds\":null,\"attribution\":\"\"},\n    {});\nwindow.WPLeafletMapPlugin.createMap(options).setView([48.906871,2.454007],17);});<\/script> <script>\nwindow.WPLeafletMapPlugin = window.WPLeafletMapPlugin || [];\nwindow.WPLeafletMapPlugin.push(function WPLeafletMarkerShortcode() {\/*<script>*\/\nvar map = window.WPLeafletMapPlugin.getCurrentMap();\nvar group = window.WPLeafletMapPlugin.getCurrentGroup();\nvar marker_options = window.WPLeafletMapPlugin.getIconOptions({});\nvar marker = L.marker(\n    [0,0],\n    marker_options\n);\nvar is_image = map.is_image_map;\n    marker.setLatLng( map.getCenter() );\nif (marker_options.draggable) {\n    marker.on('dragend', function () {\n        var latlng = this.getLatLng();\n        var lat = latlng.lat;\n        var lng = latlng.lng;\n        if (is_image) {\n            console.log('leaflet-marker y=' + lat + ' x=' + lng);\n        } else {\n            console.log('leaflet-marker lat=' + lat + ' lng=' + lng);\n        }\n    });\n}\nmarker.addTo( group );\nmarker.bindPopup(window.WPLeafletMapPlugin.unescape(' Greffe du tribunal de commerce de Bobigny ')).openPopup();window.WPLeafletMapPlugin.markers.push( marker );\n        });<\/script><\/p>\n<p>&nbsp;<\/p>\n<p><strong>Num\u00e9ro de t\u00e9l\u00e9phone<\/strong> : 08 91 01 11 11.<\/p>\n<p>Le standard t\u00e9l\u00e9phonique r\u00e9pond aux appel les jours ouvr\u00e9s de 9h30 \u00e0 12h et de 14h \u00e0 16h.<\/p>\n<p><strong>Url<\/strong> : <em>www.greffe-tc-bobigny.fr<\/em><\/p>\n<p>&nbsp;<\/p>\n<h2>A quelle heure se rendre au greffe de Bobigny ?<\/h2>\n<p>Le greffe est ouvert du <strong>lundi au vendredi de 9h a 12h30 et de 13h30 a 16h30.<\/strong><\/p>\n<p>&nbsp;<\/p>\n<h2>Quelles formalit\u00e9s faire au greffe du tribunal de commerce de Bobigny ?<\/h2>\n<p>Le greffe du tribunal de commerce est un service officiel qui d\u00e9pend des juges. Sa mission est de r\u00e9gir les t\u00e2ches administratives du tribunal de commerce. Le greffe garantie la transparence des entreprises commerciales.<\/p>\n<p>C&rsquo;est le greffe qui va se charger d&rsquo;<strong>enregistrer les soci\u00e9t\u00e9s<\/strong>, de proc\u00e9der \u00e0 leur mise en sommeil ou leur dissolution. Le greffe du tribunal de commerce de Bobigny va aussi r\u00e9gler les d\u00e9saccords commerciaux entre les soci\u00e9t\u00e9s. Il va aussi produire les registres du commerce et des soci\u00e9t\u00e9s et ceux des agents commerciaux de Seine-Saint-Denis. Le greffe est en lien directe avec toutes les autres administrations de l&rsquo;\u00c9tat qui s&rsquo;occupent des entreprises.<\/p>\n<p>&nbsp;<\/p>\n<h2>Quelles soci\u00e9t\u00e9s de\u00a0 Bobigny vont s&rsquo;inscrire au greffe ?<\/h2>\n<p>Quasiment toutes les structures qui d\u00e9pendent de Bobigny vont devoir d\u00e9poser un dossier pour obtenir une immatriculation (mis \u00e0 part les autoentrepreneurs qui peuvent le faire sur le <a href=\"https:\/\/www.autoentrepreneur.urssaf.fr\/portail\/accueil\/creer-mon-auto-entreprise.html\">site de l&rsquo;URSSAF<\/a>).<\/p>\n<p>L&rsquo;enregistrement comprend le d\u00e9p\u00f4t des statuts et la cr\u00e9ation d&rsquo;une immatriculation.<\/p>\n<p>L&rsquo;enregistrement de la soci\u00e9t\u00e9 est la derni\u00e8re \u00e9tape de la constitution.<br \/>\nAvant de faire appel au greffe pour finaliser l&rsquo;inscription, il est n\u00e9cessaire de bien avoir accompli juste avant les \u00e9tapes indispensables : r\u00e9daction et signature des statuts juridiques de la structure, insertion d&rsquo;une annonce l\u00e9gale de cr\u00e9ation (avis de constitution), d\u00e9p\u00f4t du capital&#8230;<\/p>\n<p>Le d\u00e9p\u00f4t des statuts et l&rsquo;immatriculation co\u00fbte entre 50 et 100 euros. Il y aura bien entendu d&rsquo;autres frais pour finaliser le dossier comme la<a href=\"https:\/\/www.annonces-legales.org\/blog\/avis-de-constitution\/\"> publication d&rsquo;un avis de constitution<\/a>.<\/p>\n<h2><\/h2>\n<h2>Ressort du tribunal de Bobigny<\/h2>\n<table class=\"tg table-striped container-fluid\">\n<tbody>\n<tr>\n<th>Code postal<\/th>\n<th>Commune<\/th>\n<\/tr>\n<tr>\n<td>93350<\/td>\n<td>A\u00e9roport de Paris-Le Bourget<\/td>\n<\/tr>\n<tr>\n<td>95700<\/td>\n<td>A\u00e9roport de Roissy-Charles de Gaulle<\/td>\n<\/tr>\n<tr>\n<td>93300<\/td>\n<td>Aubervilliers<\/td>\n<\/tr>\n<tr>\n<td>93600<\/td>\n<td>Aulnay-sous-Bois<\/td>\n<\/tr>\n<tr>\n<td>93170<\/td>\n<td>Bagnolet<\/td>\n<\/tr>\n<tr>\n<td>93000<\/td>\n<\/tr>\n<tr>\n<td>93140<\/td>\n<td>Bondy<\/td>\n<\/tr>\n<tr>\n<td>93390<\/td>\n<td>Clichy-sous-Bois<\/td>\n<\/tr>\n<tr>\n<td>93470<\/td>\n<td>Coubron<\/td>\n<\/tr>\n<tr>\n<td>93700<\/td>\n<td>Drancy<\/td>\n<\/tr>\n<tr>\n<td>93440<\/td>\n<td>Dugny<\/td>\n<\/tr>\n<tr>\n<td>93800<\/td>\n<td>\u00c9pinay-sur-Seine<\/td>\n<\/tr>\n<tr>\n<td>93220<\/td>\n<td>Gagny<\/td>\n<\/tr>\n<tr>\n<td>93460<\/td>\n<td>Gournay-sur-Marne<\/td>\n<\/tr>\n<tr>\n<td>93450<\/td>\n<td>L&rsquo;\u00cele-Saint-Denis<\/td>\n<\/tr>\n<tr>\n<td>93120<\/td>\n<td>La Courneuve<\/td>\n<\/tr>\n<tr>\n<td>93150<\/td>\n<td>Le Blanc-Mesnil<\/td>\n<\/tr>\n<tr>\n<td>93350<\/td>\n<td>Le Bourget<\/td>\n<\/tr>\n<tr>\n<td>93310<\/td>\n<td>Le Pr\u00e9-Saint-Gervais<\/td>\n<\/tr>\n<tr>\n<td>93340<\/td>\n<td>Le Raincy<\/td>\n<\/tr>\n<tr>\n<td>93260<\/td>\n<td>Les Lilas<\/td>\n<\/tr>\n<tr>\n<td>93320<\/td>\n<td>Les Pavillons-sous-Bois<\/td>\n<\/tr>\n<tr>\n<td>93190<\/td>\n<td>Livry-Gargan<\/td>\n<\/tr>\n<tr>\n<td>93370<\/td>\n<td>Montfermeil<\/td>\n<\/tr>\n<tr>\n<td>93100<\/td>\n<td>Montreuil<\/td>\n<\/tr>\n<tr>\n<td>93360<\/td>\n<td>Neuilly-Plaisance<\/td>\n<\/tr>\n<tr>\n<td>93330<\/td>\n<td>Neuilly-sur-Marne<\/td>\n<\/tr>\n<tr>\n<td>93160<\/td>\n<td>Noisy-le-Grand<\/td>\n<\/tr>\n<tr>\n<td>93130<\/td>\n<td>Noisy-le-Sec<\/td>\n<\/tr>\n<tr>\n<td>93500<\/td>\n<td>Pantin<\/td>\n<\/tr>\n<tr>\n<td>93380<\/td>\n<td>Pierrefitte-sur-Seine<\/td>\n<\/tr>\n<tr>\n<td>93230<\/td>\n<td>Romainville<\/td>\n<\/tr>\n<tr>\n<td>93110<\/td>\n<td>Rosny-sous-Bois<\/td>\n<\/tr>\n<tr>\n<td>93200<\/td>\n<td>Saint-Denis<\/td>\n<\/tr>\n<tr>\n<td>93400<\/td>\n<td>Saint-Ouen<\/td>\n<\/tr>\n<tr>\n<td>93270<\/td>\n<td>Sevran<\/td>\n<\/tr>\n<tr>\n<td>93240<\/td>\n<td>Stains<\/td>\n<\/tr>\n<tr>\n<td>93290<\/td>\n<td>Tremblay-en-France<\/td>\n<\/tr>\n<tr>\n<td>93410<\/td>\n<td>Vaujours<\/td>\n<\/tr>\n<tr>\n<td>93250<\/td>\n<td>Villemomble<\/td>\n<\/tr>\n<tr>\n<td>93420<\/td>\n<td>Villepinte<\/td>\n<\/tr>\n<tr>\n<td>93430<\/td>\n<td>Villetaneuse<\/td>\n<\/tr>\n<\/tbody>\n<\/table>\n<p>&nbsp;<\/p>\n<h2>Les diff\u00e9rentes pi\u00e8ces \u00e0 apporter pour l&rsquo;inscription d&rsquo;une entreprise au RCS de Bobigny<\/h2>\n<p>Pour r\u00e9aliser l&rsquo;immatriculation d&rsquo;une entreprise, il est n\u00e9cessaire de fournir des pi\u00e8ces justificatives. Les pi\u00e8ces \u00e0 fournir seront diff\u00e9rentes pour l&rsquo;enregistrement d&rsquo;une personne physique et celui\u00a0 d&rsquo;une personne morale.<\/p>\n<p>Pour une <strong>personne physique<\/strong>, le dossier d&rsquo;immatriculation va n\u00e9cessiter de formulaire P0 ou le formulaire MO. Dans ce dossier, on doit mettre la pi\u00e8ce d&rsquo;identit\u00e9 du g\u00e9rant ou chef d&rsquo;entreprise avec un livret de famille, un acte de mariage ou une copie du PACS (si n\u00e9cessaire). Il faudra aussi un document qui prouve le lieu de domicile de la soci\u00e9t\u00e9. Pour les activit\u00e9s artisanales, il faudra effectuer un stage de pr\u00e9paration \u00e0 l&rsquo;installation et s&rsquo;inscrire au r\u00e9pertoire des m\u00e9tiers. Si l&rsquo;entrepreneur demande l&rsquo;ACRE, il faudra joindre les documents relatifs \u00e0 cette demande.<\/p>\n<p>Pour l&rsquo;<strong>immatriculation d&rsquo;une personne morale<\/strong>, il est n\u00e9cessaire de fournir le formulaire M2 rempli. Il faut \u00e9galement un exemplaire original des statuts, l&rsquo;avis de parution de l&rsquo;annonce l\u00e9gale de constitution, des certificats de d\u00e9p\u00f4t des fonds, et un justificatif d&rsquo;identit\u00e9 pour le pr\u00e9sident avec une attestation sur l&rsquo;honneur de non condamnation. Il faut \u00e9galement justifier l&rsquo;adresse du local qui sert de si\u00e8ge \u00e0 la soci\u00e9t\u00e9. Cela peut \u00eatre une copie du bail commercial ou une facture t\u00e9l\u00e9phonique.<\/p>\n<p>&nbsp;<\/p>\n<h2>Les diff\u00e9rences entre le num\u00e9ro de SIRET et le num\u00e9ro de SIREN<\/h2>\n<p>Le num\u00e9ro de SIRET et de SIREN sont presque identiques. Le num\u00e9ro de SIREN correspond au num\u00e9ro d&rsquo;immatriculation d&rsquo;une entreprise donn\u00e9e par l&rsquo;INSEE via le RCS. Le num\u00e9ro de SIRET est identique mais poss\u00e8de en plus un code pour distinguer les \u00e9tablissements de la soci\u00e9t\u00e9. Une entreprise pourra donc avoir plusieurs num\u00e9ros de SIRET mais elle n&rsquo;aura qu&rsquo;un seul num\u00e9ro de SIREN.<\/p>\n<p>&nbsp;<\/p>\n<h2>Comment lire un num\u00e9ro RCS ?<\/h2>\n<p>Chaque entreprise immatricul\u00e9e en France a un num\u00e9ro de RCS diff\u00e9rent. Le num\u00e9ro est compos\u00e9 de l&rsquo;abr\u00e9viation RCS, suivi de la ville puis d&rsquo;une lettre (B pour les soci\u00e9t\u00e9s A pour les commer\u00e7ants) et enfin le num\u00e9ro de SIREN. Par exemple, un num\u00e9ro de RCS donn\u00e9 par le greffe de Bobigny pourrait \u00eatre RCS BOBIGNY A 999 400 032.<\/p>\n","protected":false},"excerpt":{"rendered":"<p>Vous allez trouver plus bas la totalit\u00e9 des informations \u00e0 propos du greffe du tribunal de commerce de Bobigny situ\u00e9 [&hellip;]<\/p>\n","protected":false},"author":1,"featured_media":0,"parent":1759,"menu_order":0,"comment_status":"closed","ping_status":"closed","template":"","meta":{"inline_featured_image":false,"footnotes":""},"class_list":["post-1852","page","type-page","status-publish","hentry"],"yoast_head":"<!-- This site is optimized with the Yoast SEO plugin v26.8 - https:\/\/yoast.com\/product\/yoast-seo-wordpress\/ -->\n<title>Greffe du tribunal de commerce de Bobigny - Actualit\u00e9 des entreprises<\/title>\n<meta name=\"robots\" content=\"index, follow, max-snippet:-1, max-image-preview:large, max-video-preview:-1\" \/>\n<link rel=\"canonical\" href=\"https:\/\/www.annonces-legales.org\/blog\/greffe\/greffe-du-tribunal-de-commerce-de-bobigny\/\" \/>\n<meta property=\"og:locale\" content=\"fr_FR\" \/>\n<meta property=\"og:type\" content=\"article\" \/>\n<meta property=\"og:title\" content=\"Greffe du tribunal de commerce de Bobigny - Actualit\u00e9 des entreprises\" \/>\n<meta property=\"og:description\" content=\"Vous allez trouver plus bas la totalit\u00e9 des informations \u00e0 propos du greffe du tribunal de commerce de Bobigny situ\u00e9 [&hellip;]\" \/>\n<meta property=\"og:url\" content=\"https:\/\/www.annonces-legales.org\/blog\/greffe\/greffe-du-tribunal-de-commerce-de-bobigny\/\" \/>\n<meta property=\"og:site_name\" content=\"Actualit\u00e9 des entreprises\" \/>\n<meta property=\"article:modified_time\" content=\"2022-02-01T15:19:14+00:00\" \/>\n<meta property=\"og:image\" content=\"https:\/\/www.annonces-legales.org\/blog\/wp-content\/uploads\/2022\/01\/tribunal.png\" \/>\n\t<meta property=\"og:image:width\" content=\"640\" \/>\n\t<meta property=\"og:image:height\" content=\"612\" \/>\n\t<meta property=\"og:image:type\" content=\"image\/png\" \/>\n<meta name=\"twitter:card\" content=\"summary_large_image\" \/>\n<meta name=\"twitter:label1\" content=\"Dur\u00e9e de lecture estim\u00e9e\" \/>\n\t<meta name=\"twitter:data1\" content=\"4 minutes\" \/>\n<script type=\"application\/ld+json\" class=\"yoast-schema-graph\">{\"@context\":\"https:\/\/schema.org\",\"@graph\":[{\"@type\":\"WebPage\",\"@id\":\"https:\/\/www.annonces-legales.org\/blog\/greffe\/greffe-du-tribunal-de-commerce-de-bobigny\/\",\"url\":\"https:\/\/www.annonces-legales.org\/blog\/greffe\/greffe-du-tribunal-de-commerce-de-bobigny\/\",\"name\":\"Greffe du tribunal de commerce de Bobigny - Actualit\u00e9 des entreprises\",\"isPartOf\":{\"@id\":\"https:\/\/www.annonces-legales.org\/blog\/#website\"},\"primaryImageOfPage\":{\"@id\":\"https:\/\/www.annonces-legales.org\/blog\/greffe\/greffe-du-tribunal-de-commerce-de-bobigny\/#primaryimage\"},\"image\":{\"@id\":\"https:\/\/www.annonces-legales.org\/blog\/greffe\/greffe-du-tribunal-de-commerce-de-bobigny\/#primaryimage\"},\"thumbnailUrl\":\"https:\/\/www.annonces-legales.org\/blog\/wp-content\/uploads\/2022\/01\/tribunal-150x150.png\",\"datePublished\":\"2022-01-22T19:24:27+00:00\",\"dateModified\":\"2022-02-01T15:19:14+00:00\",\"breadcrumb\":{\"@id\":\"https:\/\/www.annonces-legales.org\/blog\/greffe\/greffe-du-tribunal-de-commerce-de-bobigny\/#breadcrumb\"},\"inLanguage\":\"fr-FR\",\"potentialAction\":[{\"@type\":\"ReadAction\",\"target\":[\"https:\/\/www.annonces-legales.org\/blog\/greffe\/greffe-du-tribunal-de-commerce-de-bobigny\/\"]}]},{\"@type\":\"ImageObject\",\"inLanguage\":\"fr-FR\",\"@id\":\"https:\/\/www.annonces-legales.org\/blog\/greffe\/greffe-du-tribunal-de-commerce-de-bobigny\/#primaryimage\",\"url\":\"https:\/\/www.annonces-legales.org\/blog\/wp-content\/uploads\/2022\/01\/tribunal.png\",\"contentUrl\":\"https:\/\/www.annonces-legales.org\/blog\/wp-content\/uploads\/2022\/01\/tribunal.png\",\"width\":640,\"height\":612},{\"@type\":\"BreadcrumbList\",\"@id\":\"https:\/\/www.annonces-legales.org\/blog\/greffe\/greffe-du-tribunal-de-commerce-de-bobigny\/#breadcrumb\",\"itemListElement\":[{\"@type\":\"ListItem\",\"position\":1,\"name\":\"Accueil\",\"item\":\"https:\/\/www.annonces-legales.org\/blog\/\"},{\"@type\":\"ListItem\",\"position\":2,\"name\":\"Liste des Greffes des tribunaux de commerce\",\"item\":\"https:\/\/www.annonces-legales.org\/blog\/greffe\/\"},{\"@type\":\"ListItem\",\"position\":3,\"name\":\"Greffe du tribunal de commerce de Bobigny\"}]},{\"@type\":\"WebSite\",\"@id\":\"https:\/\/www.annonces-legales.org\/blog\/#website\",\"url\":\"https:\/\/www.annonces-legales.org\/blog\/\",\"name\":\"Actualit\u00e9 des entreprises\",\"description\":\"\",\"publisher\":{\"@id\":\"https:\/\/www.annonces-legales.org\/blog\/#organization\"},\"potentialAction\":[{\"@type\":\"SearchAction\",\"target\":{\"@type\":\"EntryPoint\",\"urlTemplate\":\"https:\/\/www.annonces-legales.org\/blog\/?s={search_term_string}\"},\"query-input\":{\"@type\":\"PropertyValueSpecification\",\"valueRequired\":true,\"valueName\":\"search_term_string\"}}],\"inLanguage\":\"fr-FR\"},{\"@type\":\"Organization\",\"@id\":\"https:\/\/www.annonces-legales.org\/blog\/#organization\",\"name\":\"Actualit\u00e9 des entreprises\",\"url\":\"https:\/\/www.annonces-legales.org\/blog\/\",\"logo\":{\"@type\":\"ImageObject\",\"inLanguage\":\"fr-FR\",\"@id\":\"https:\/\/www.annonces-legales.org\/blog\/#\/schema\/logo\/image\/\",\"url\":\"https:\/\/www.annonces-legales.org\/blog\/wp-content\/uploads\/2023\/08\/annonces-legales.svg\",\"contentUrl\":\"https:\/\/www.annonces-legales.org\/blog\/wp-content\/uploads\/2023\/08\/annonces-legales.svg\",\"caption\":\"Actualit\u00e9 des entreprises\"},\"image\":{\"@id\":\"https:\/\/www.annonces-legales.org\/blog\/#\/schema\/logo\/image\/\"}}]}<\/script>\n<!-- \/ Yoast SEO plugin. -->","yoast_head_json":{"title":"Greffe du tribunal de commerce de Bobigny - Actualit\u00e9 des entreprises","robots":{"index":"index","follow":"follow","max-snippet":"max-snippet:-1","max-image-preview":"max-image-preview:large","max-video-preview":"max-video-preview:-1"},"canonical":"https:\/\/www.annonces-legales.org\/blog\/greffe\/greffe-du-tribunal-de-commerce-de-bobigny\/","og_locale":"fr_FR","og_type":"article","og_title":"Greffe du tribunal de commerce de Bobigny - Actualit\u00e9 des entreprises","og_description":"Vous allez trouver plus bas la totalit\u00e9 des informations \u00e0 propos du greffe du tribunal de commerce de Bobigny situ\u00e9 [&hellip;]","og_url":"https:\/\/www.annonces-legales.org\/blog\/greffe\/greffe-du-tribunal-de-commerce-de-bobigny\/","og_site_name":"Actualit\u00e9 des entreprises","article_modified_time":"2022-02-01T15:19:14+00:00","og_image":[{"width":640,"height":612,"url":"https:\/\/www.annonces-legales.org\/blog\/wp-content\/uploads\/2022\/01\/tribunal.png","type":"image\/png"}],"twitter_card":"summary_large_image","twitter_misc":{"Dur\u00e9e de lecture estim\u00e9e":"4 minutes"},"schema":{"@context":"https:\/\/schema.org","@graph":[{"@type":"WebPage","@id":"https:\/\/www.annonces-legales.org\/blog\/greffe\/greffe-du-tribunal-de-commerce-de-bobigny\/","url":"https:\/\/www.annonces-legales.org\/blog\/greffe\/greffe-du-tribunal-de-commerce-de-bobigny\/","name":"Greffe du tribunal de commerce de Bobigny - Actualit\u00e9 des entreprises","isPartOf":{"@id":"https:\/\/www.annonces-legales.org\/blog\/#website"},"primaryImageOfPage":{"@id":"https:\/\/www.annonces-legales.org\/blog\/greffe\/greffe-du-tribunal-de-commerce-de-bobigny\/#primaryimage"},"image":{"@id":"https:\/\/www.annonces-legales.org\/blog\/greffe\/greffe-du-tribunal-de-commerce-de-bobigny\/#primaryimage"},"thumbnailUrl":"https:\/\/www.annonces-legales.org\/blog\/wp-content\/uploads\/2022\/01\/tribunal-150x150.png","datePublished":"2022-01-22T19:24:27+00:00","dateModified":"2022-02-01T15:19:14+00:00","breadcrumb":{"@id":"https:\/\/www.annonces-legales.org\/blog\/greffe\/greffe-du-tribunal-de-commerce-de-bobigny\/#breadcrumb"},"inLanguage":"fr-FR","potentialAction":[{"@type":"ReadAction","target":["https:\/\/www.annonces-legales.org\/blog\/greffe\/greffe-du-tribunal-de-commerce-de-bobigny\/"]}]},{"@type":"ImageObject","inLanguage":"fr-FR","@id":"https:\/\/www.annonces-legales.org\/blog\/greffe\/greffe-du-tribunal-de-commerce-de-bobigny\/#primaryimage","url":"https:\/\/www.annonces-legales.org\/blog\/wp-content\/uploads\/2022\/01\/tribunal.png","contentUrl":"https:\/\/www.annonces-legales.org\/blog\/wp-content\/uploads\/2022\/01\/tribunal.png","width":640,"height":612},{"@type":"BreadcrumbList","@id":"https:\/\/www.annonces-legales.org\/blog\/greffe\/greffe-du-tribunal-de-commerce-de-bobigny\/#breadcrumb","itemListElement":[{"@type":"ListItem","position":1,"name":"Accueil","item":"https:\/\/www.annonces-legales.org\/blog\/"},{"@type":"ListItem","position":2,"name":"Liste des Greffes des tribunaux de commerce","item":"https:\/\/www.annonces-legales.org\/blog\/greffe\/"},{"@type":"ListItem","position":3,"name":"Greffe du tribunal de commerce de Bobigny"}]},{"@type":"WebSite","@id":"https:\/\/www.annonces-legales.org\/blog\/#website","url":"https:\/\/www.annonces-legales.org\/blog\/","name":"Actualit\u00e9 des entreprises","description":"","publisher":{"@id":"https:\/\/www.annonces-legales.org\/blog\/#organization"},"potentialAction":[{"@type":"SearchAction","target":{"@type":"EntryPoint","urlTemplate":"https:\/\/www.annonces-legales.org\/blog\/?s={search_term_string}"},"query-input":{"@type":"PropertyValueSpecification","valueRequired":true,"valueName":"search_term_string"}}],"inLanguage":"fr-FR"},{"@type":"Organization","@id":"https:\/\/www.annonces-legales.org\/blog\/#organization","name":"Actualit\u00e9 des entreprises","url":"https:\/\/www.annonces-legales.org\/blog\/","logo":{"@type":"ImageObject","inLanguage":"fr-FR","@id":"https:\/\/www.annonces-legales.org\/blog\/#\/schema\/logo\/image\/","url":"https:\/\/www.annonces-legales.org\/blog\/wp-content\/uploads\/2023\/08\/annonces-legales.svg","contentUrl":"https:\/\/www.annonces-legales.org\/blog\/wp-content\/uploads\/2023\/08\/annonces-legales.svg","caption":"Actualit\u00e9 des entreprises"},"image":{"@id":"https:\/\/www.annonces-legales.org\/blog\/#\/schema\/logo\/image\/"}}]}},"_links":{"self":[{"href":"https:\/\/www.annonces-legales.org\/blog\/wp-json\/wp\/v2\/pages\/1852","targetHints":{"allow":["GET"]}}],"collection":[{"href":"https:\/\/www.annonces-legales.org\/blog\/wp-json\/wp\/v2\/pages"}],"about":[{"href":"https:\/\/www.annonces-legales.org\/blog\/wp-json\/wp\/v2\/types\/page"}],"author":[{"embeddable":true,"href":"https:\/\/www.annonces-legales.org\/blog\/wp-json\/wp\/v2\/users\/1"}],"replies":[{"embeddable":true,"href":"https:\/\/www.annonces-legales.org\/blog\/wp-json\/wp\/v2\/comments?post=1852"}],"version-history":[{"count":12,"href":"https:\/\/www.annonces-legales.org\/blog\/wp-json\/wp\/v2\/pages\/1852\/revisions"}],"predecessor-version":[{"id":2585,"href":"https:\/\/www.annonces-legales.org\/blog\/wp-json\/wp\/v2\/pages\/1852\/revisions\/2585"}],"up":[{"embeddable":true,"href":"https:\/\/www.annonces-legales.org\/blog\/wp-json\/wp\/v2\/pages\/1759"}],"wp:attachment":[{"href":"https:\/\/www.annonces-legales.org\/blog\/wp-json\/wp\/v2\/media?parent=1852"}],"curies":[{"name":"wp","href":"https:\/\/api.w.org\/{rel}","templated":true}]}}