{"id":1854,"date":"2022-01-22T20:24:50","date_gmt":"2022-01-22T19:24:50","guid":{"rendered":"https:\/\/www.annonces-legales.org\/blog\/?page_id=1854"},"modified":"2022-02-01T16:22:10","modified_gmt":"2022-02-01T15:22:10","slug":"greffe-du-tribunal-de-commerce-de-bordeaux","status":"publish","type":"page","link":"https:\/\/www.annonces-legales.org\/blog\/greffe\/greffe-du-tribunal-de-commerce-de-bordeaux\/","title":{"rendered":"Greffe du tribunal de commerce de Bordeaux"},"content":{"rendered":"<p><img loading=\"lazy\" decoding=\"async\" class=\"alignright wp-image-2423\" src=\"https:\/\/www.annonces-legales.org\/blog\/wp-content\/uploads\/2022\/01\/tribunal-150x150.png\" alt=\"\" width=\"90\" height=\"90\" \/>Le <strong>greffe du tribunal de commerce de Bordeaux<\/strong> g\u00e8re l&rsquo;ensemble des formalit\u00e9s administratives des entreprises girondines. Il s&rsquo;occupe de l&rsquo;immatriculation des entreprises enregistr\u00e9es \u00e0 Bordeaux (RCS de Bordeaux).<\/p>\n<p>C&rsquo;est le Registre du Commerce et des Soci\u00e9t\u00e9s qui fait partie int\u00e9grante du greffe de Bordeaux qui va accueillir les formalit\u00e9s d&rsquo;enregistrement ou de modification des soci\u00e9t\u00e9s.<\/p>\n<p>Comment contacter greffe du tribunal de commerce de Bordeaux ? Est-il possible d&rsquo;y faire des d\u00e9marches ? Ou doit-on utiliser internet ?<\/p>\n<p>&nbsp;<\/p>\n<h2>Comment joindre le greffe de Bordeaux ?<\/h2>\n<p><strong>T\u00e9l\u00e9phone<\/strong> du greffe du tribunal de commerce de Bordeaux : 05 56 01 81 70<\/p>\n<p><strong>Email<\/strong> : accueil@greffe-tc-bordeaux.fr<\/p>\n<p><strong>Adresse<\/strong> : Palais De La Bourse , 33064 BORDEAUX CEDEX<\/p>\n<p><div class=\"leaflet-map WPLeafletMap\" style=\"height:250px; width:100%;\"><\/div><script>\nwindow.WPLeafletMapPlugin = window.WPLeafletMapPlugin || [];\nwindow.WPLeafletMapPlugin.push(function WPLeafletMapShortcode() {\/*<script>*\/\nvar baseUrl = atob('aHR0cHM6Ly97c30udGlsZS5vcGVuc3RyZWV0bWFwLm9yZy97en0ve3h9L3t5fS5wbmc=');\nvar base = (!baseUrl && window.MQ) ?\n    window.MQ.mapLayer() : L.tileLayer(baseUrl,\n        L.Util.extend({}, {\n            detectRetina: 0,\n        },\n        {\"subdomains\":\"abc\",\"noWrap\":false,\"maxZoom\":20}        )\n    );\n    var options = L.Util.extend({}, {\n        layers: [base],\n        attributionControl: false\n    },\n    {\"zoomControl\":true,\"scrollWheelZoom\":false,\"doubleClickZoom\":false,\"fitBounds\":false,\"minZoom\":0,\"maxZoom\":20,\"maxBounds\":null,\"attribution\":\"\"},\n    {});\nwindow.WPLeafletMapPlugin.createMap(options).setView([44.841888,-0.57071],17);});<\/script> <script>\nwindow.WPLeafletMapPlugin = window.WPLeafletMapPlugin || [];\nwindow.WPLeafletMapPlugin.push(function WPLeafletMarkerShortcode() {\/*<script>*\/\nvar map = window.WPLeafletMapPlugin.getCurrentMap();\nvar group = window.WPLeafletMapPlugin.getCurrentGroup();\nvar marker_options = window.WPLeafletMapPlugin.getIconOptions({});\nvar marker = L.marker(\n    [0,0],\n    marker_options\n);\nvar is_image = map.is_image_map;\n    marker.setLatLng( map.getCenter() );\nif (marker_options.draggable) {\n    marker.on('dragend', function () {\n        var latlng = this.getLatLng();\n        var lat = latlng.lat;\n        var lng = latlng.lng;\n        if (is_image) {\n            console.log('leaflet-marker y=' + lat + ' x=' + lng);\n        } else {\n            console.log('leaflet-marker lat=' + lat + ' lng=' + lng);\n        }\n    });\n}\nmarker.addTo( group );\nmarker.bindPopup(window.WPLeafletMapPlugin.unescape(' Greffe du tribunal de commerce de Bordeaux ')).openPopup();window.WPLeafletMapPlugin.markers.push( marker );\n        });<\/script><\/p>\n<p>&nbsp;<\/p>\n<p><strong>Site officiel du greffe de Bordeaux<\/strong> : www.greffe-tc-bordeaux.fr<\/p>\n<p>&nbsp;<\/p>\n<h2>Horaires<\/h2>\n<p>Le greffe du tribunal de commerce de Bordeaux est ouvert toute la semaine du Lundi au Vendredi de 9h00 \u00e0 12h00 et de 13h00 \u00e0 16h00.<br \/>\nLe standard t\u00e9l\u00e9phonique est joignable aux m\u00eames horaires mais commence \u00e0 10h.<\/p>\n<p>&nbsp;<\/p>\n<h2>Quels sont les pr\u00e9rogatives du greffe du tribunal de commerce de Bordeaux ?<\/h2>\n<p>La vocation du greffe est d&rsquo;organiser les services administratifs du tribunal de commerce. Il re\u00e7oit et classe les informations l\u00e9gales des entreprise Bordelaises. Il est le garant de la transparence des entreprises commerciales.<\/p>\n<p>C&rsquo;est le RCS (un service du greffe) qui va r\u00e9aliser l&rsquo;<strong>immatriculation des entreprises<\/strong>, et finaliser leur fermeture. Le greffe va aussi r\u00e9gler les litiges entre les soci\u00e9t\u00e9s. Le greffe est aussi le centre de formalit\u00e9 des entreprises (CFE). Le greffe du tribunal est en relation directe avec d&rsquo;autres administrations du gouvernement comme par exemple les services des imp\u00f4ts.<\/p>\n<p>&nbsp;<\/p>\n<h2>Quel type d&rsquo;entreprise\u00a0 n\u00e9cessite un num\u00e9ro d&rsquo;enregistrement ?<\/h2>\n<p>Toutes les entreprises qui ont un caract\u00e8re commercial ou qui commercialisent des produits doivent s&rsquo;immatriculer aupr\u00e8s du registre du commerce et des soci\u00e9t\u00e9s de Bordeaux.<\/p>\n<p>Ce sont toutes les organisations commerciales ayant d\u00e9pos\u00e9 des statuts mais aussi les autoentreprises et entreprises individuelles.<\/p>\n<p>&nbsp;<\/p>\n<h2>Comment inscrire une soci\u00e9t\u00e9 commerciales aupr\u00e8s du registre du commerce et des soci\u00e9t\u00e9s de Bordeaux ?<\/h2>\n<p>Une structure ne peut pas commencer ses ventes si elle n&rsquo;est pas enregistr\u00e9e au RCS. Les artisans devront aussi s&rsquo;enregistrer au r\u00e9pertoire des m\u00e9tiers.<\/p>\n<p>Il est possible de faire l&rsquo;inscription de l&rsquo;entreprise commerciale en allant au RCS du greffe du tribunal de commerce de Bordeaux. Il est aussi concevable de r\u00e9aliser l&rsquo;enregistrement par la poste en acheminant le formulaire P0 ou M0 avec l&rsquo;int\u00e9gralit\u00e9 des pi\u00e8ces justificatives.<br \/>\nN\u00e9anmoins, le plus pratique est d&rsquo;effectuer cet inscription sur internet sur la page web du greffe greffe-tc-bordeaux.fr<\/p>\n<p>&nbsp;<\/p>\n<h2>Co\u00fbt d&rsquo;une inscription au RCS de Bordeaux<\/h2>\n<p>&nbsp;<\/p>\n<p>Les <strong>frais d&rsquo;enregistrement ou de modification<\/strong> (pour une soci\u00e9t\u00e9) sont g\u00e9n\u00e9ralement identiques pour tous les greffes.<\/p>\n<p>Le co\u00fbt de l&rsquo;inscription au RCS est gratuit pour les micro entrepreneurs et les auto entrepreneurs.<br \/>\nLes entreprises individuelle (EI) vont devoir r\u00e9gler un co\u00fbt de 25,34 \u20ac HT.<br \/>\nEn ce qui concerne les personnes morales, le co\u00fbt d&rsquo;enregistrement au RCS sera g\u00e9n\u00e9ralement de 39,42 \u20ac HT.<\/p>\n<p>Pour une entreprise en location-g\u00e9rance, l&rsquo;inscription sera de 73,21 \u20ac HT.<\/p>\n<p>Veuillez noter que les frais peuvent varier en fonction des options (d\u00e9p\u00f4t des statuts, ajout de b\u00e9n\u00e9ficiaires&#8230;).<\/p>\n<p>&nbsp;<\/p>\n<h2>SIRET, SIREN, code APE, num\u00e9ro de TVA intracommunautaire: tout savoir<\/h2>\n<p>Une entreprise Bordelaise va avoir un seul <strong>num\u00e9ro de SIREN<\/strong> qui lui est donn\u00e9 par l&rsquo;INSEE. Elle pourra cependant avoir plusieurs num\u00e9ros de SIRET. Chaque num\u00e9ro de SIRET correspond \u00e0 un \u00e9tablissement unique de l&rsquo;entreprise (avec une adresse diff\u00e9rente). Le <strong>num\u00e9ro de SIRET<\/strong> contient le num\u00e9ro de SIREN + des caract\u00e8res pour distinguer l&rsquo;\u00e9tablissement.<\/p>\n<p>Le code APE (code NAF) est utilis\u00e9 pour conna\u00eetre l&rsquo;activit\u00e9 principale exerc\u00e9 par la soci\u00e9t\u00e9. Ce code est compos\u00e9 d&rsquo;une lettre et de quatre chiffres.<br \/>\nCe code est choisi par l&rsquo;INSEE lors de l&rsquo;immatriculation de la soci\u00e9t\u00e9.<\/p>\n<p>Le num\u00e9ro de TVA intracommunautaire permet l&rsquo;identification des entreprises qui sont domicili\u00e9es dans l&rsquo;union europ\u00e9enne. Ce num\u00e9ro est attribu\u00e9 par le service des imp\u00f4ts des entreprises (SIE). Ce num\u00e9ro est compos\u00e9 de deux lettres plus onze chiffres (dont les neuf chiffres du SIREN).<\/p>\n<p>&nbsp;<\/p>\n<h2>Peut-on trouver des informations sur l&rsquo;immatriculation d&rsquo;une entreprise de Bordeaux sur Internet ?<\/h2>\n<p>Il existe de nombreux sites Internet ou l&rsquo;on peut trouver des informations sur les entreprises Bordelaises. Il y a des sites priv\u00e9s comme par exemple societe.com, verif.com manageo, kompass, fiducial.fr&#8230; Mais nous recommandons d&rsquo;utiliser les services \u00e9dit\u00e9s par l&rsquo;\u00c9tat ou par ses administrations.<br \/>\nVous pouvez par exemple utiliser le site Infogreffe.fr ou data.gouv.fr ou encore le site officiel de l&rsquo;administration fran\u00e7aise service-public.fr.<\/p>\n<p>Pour une <strong>copie d&rsquo;acte, de K-bis<\/strong> ou pour conna\u00eetre la sant\u00e9 financi\u00e8re d&rsquo;une entreprise, le greffe de Bordeaux propose l&rsquo;achat de document sur son site pour moins de 10 euros par document.<\/p>\n<p>&nbsp;<\/p>\n<h2>Important<\/h2>\n<p>Certaines soci\u00e9t\u00e9s doivent effectuer une immatriculation double : au RCS ainsi qu&rsquo;au <strong>r\u00e9pertoire des m\u00e9tiers (RM)<\/strong>. C&rsquo;est le cas des soci\u00e9t\u00e9s ayant une activit\u00e9 artisanale ainsi que les artisans commer\u00e7ants. Il faudra alors r\u00e9gler l&rsquo;inscription aupr\u00e8s du RCS mais aussi aupr\u00e8s du RM.<\/p>\n<p>&nbsp;<\/p>\n<h2>Ressort du greffe du tribunal de Bordeaux<\/h2>\n<table class=\"tg table-striped container-fluid\">\n<tbody>\n<tr>\n<th>Code postal<\/th>\n<th>Commune<\/th>\n<\/tr>\n<tr>\n<td>33124<\/td>\n<td>Aillas<\/td>\n<\/tr>\n<tr>\n<td>33440<\/td>\n<td>Ambar\u00e8s-et-Lagrave<\/td>\n<\/tr>\n<tr>\n<td>33810<\/td>\n<td>Amb\u00e8s<\/td>\n<\/tr>\n<tr>\n<td>33510<\/td>\n<td>Andernos-les-Bains<\/td>\n<\/tr>\n<tr>\n<td>33640<\/td>\n<td>Arbanats<\/td>\n<\/tr>\n<tr>\n<td>33760<\/td>\n<td>Arbis<\/td>\n<\/tr>\n<tr>\n<td>33120<\/td>\n<td>Arcachon<\/td>\n<\/tr>\n<tr>\n<td>33460<\/td>\n<td>Arcins<\/td>\n<\/tr>\n<tr>\n<td>33740<\/td>\n<td>Ar\u00e8s<\/td>\n<\/tr>\n<tr>\n<td>33460<\/td>\n<td>Arsac<\/td>\n<\/tr>\n<tr>\n<td>33370<\/td>\n<td>Artigues-pr\u00e8s-Bordeaux<\/td>\n<\/tr>\n<tr>\n<td>33430<\/td>\n<td>Aubiac<\/td>\n<\/tr>\n<tr>\n<td>33240<\/td>\n<td>Aubie-et-Espessas<\/td>\n<\/tr>\n<tr>\n<td>33980<\/td>\n<td>Audenge<\/td>\n<\/tr>\n<tr>\n<td>33790<\/td>\n<td>Auriolles<\/td>\n<\/tr>\n<tr>\n<td>33124<\/td>\n<td>Auros<\/td>\n<\/tr>\n<tr>\n<td>33480<\/td>\n<td>Avensan<\/td>\n<\/tr>\n<tr>\n<td>33640<\/td>\n<td>Ayguemorte-les-Graves<\/td>\n<\/tr>\n<tr>\n<td>33190<\/td>\n<td>Bagas<\/td>\n<\/tr>\n<tr>\n<td>33760<\/td>\n<td>Baigneaux<\/td>\n<\/tr>\n<tr>\n<td>33730<\/td>\n<td>Balizac<\/td>\n<\/tr>\n<tr>\n<td>33190<\/td>\n<td>Barie<\/td>\n<\/tr>\n<tr>\n<td>33720<\/td>\n<td>Barsac<\/td>\n<\/tr>\n<tr>\n<td>33190<\/td>\n<td>Bassanne<\/td>\n<\/tr>\n<tr>\n<td>33530<\/td>\n<td>Bassens<\/td>\n<\/tr>\n<tr>\n<td>33880<\/td>\n<td>Baurech<\/td>\n<\/tr>\n<tr>\n<td>33430<\/td>\n<td>Bazas<\/td>\n<\/tr>\n<tr>\n<td>33640<\/td>\n<td>Beautiran<\/td>\n<\/tr>\n<tr>\n<td>33340<\/td>\n<td>B\u00e9gadan<\/td>\n<\/tr>\n<tr>\n<td>33130<\/td>\n<td>B\u00e8gles<\/td>\n<\/tr>\n<tr>\n<td>33410<\/td>\n<td>B\u00e9guey<\/td>\n<\/tr>\n<tr>\n<td>33830<\/td>\n<td>Belin-B\u00e9liet<\/td>\n<\/tr>\n<tr>\n<td>33760<\/td>\n<td>Bellebat<\/td>\n<\/tr>\n<tr>\n<td>33760<\/td>\n<td>Bellefond<\/td>\n<\/tr>\n<tr>\n<td>33430<\/td>\n<td>Bernos-Beaulac<\/td>\n<\/tr>\n<tr>\n<td>33124<\/td>\n<td>Berthez<\/td>\n<\/tr>\n<tr>\n<td>33750<\/td>\n<td>Beychac-et-Caillau<\/td>\n<\/tr>\n<tr>\n<td>33210<\/td>\n<td>Bieujac<\/td>\n<\/tr>\n<tr>\n<td>33380<\/td>\n<td>Biganos<\/td>\n<\/tr>\n<tr>\n<td>33430<\/td>\n<td>Birac<\/td>\n<\/tr>\n<tr>\n<td>33190<\/td>\n<td>Blaignac<\/td>\n<\/tr>\n<tr>\n<td>33340<\/td>\n<td>Blaignan<\/td>\n<\/tr>\n<tr>\n<td>33290<\/td>\n<td>Blanquefort<\/td>\n<\/tr>\n<tr>\n<td>33540<\/td>\n<td>Blasimon<\/td>\n<\/tr>\n<tr>\n<td>33670<\/td>\n<td>Bl\u00e9signac<\/td>\n<\/tr>\n<tr>\n<td>33210<\/td>\n<td>Bommes<\/td>\n<\/tr>\n<tr>\n<td>33370<\/td>\n<td>Bonnetan<\/td>\n<\/tr>\n<tr>\n<td>33000<\/td>\n<\/tr>\n<tr>\n<td>33270<\/td>\n<td>Bouliac<\/td>\n<\/tr>\n<tr>\n<td>33190<\/td>\n<td>Bourdelles<\/td>\n<\/tr>\n<tr>\n<td>33113<\/td>\n<td>Bourideys<\/td>\n<\/tr>\n<tr>\n<td>33480<\/td>\n<td>Brach<\/td>\n<\/tr>\n<tr>\n<td>33124<\/td>\n<td>Brannens<\/td>\n<\/tr>\n<tr>\n<td>33124<\/td>\n<td>Brouqueyran<\/td>\n<\/tr>\n<tr>\n<td>33520<\/td>\n<td>Bruges<\/td>\n<\/tr>\n<tr>\n<td>33720<\/td>\n<td>Budos<\/td>\n<\/tr>\n<tr>\n<td>33650<\/td>\n<td>Cabanac-et-Villagrains<\/td>\n<\/tr>\n<tr>\n<td>33140<\/td>\n<td>Cadaujac<\/td>\n<\/tr>\n<tr>\n<td>33410<\/td>\n<td>Cadillac<\/td>\n<\/tr>\n<tr>\n<td>33750<\/td>\n<td>Camarsac<\/td>\n<\/tr>\n<tr>\n<td>33880<\/td>\n<td>Cambes<\/td>\n<\/tr>\n<tr>\n<td>33360<\/td>\n<td>Camblanes-et-Meynac<\/td>\n<\/tr>\n<tr>\n<td>33190<\/td>\n<td>Camiran<\/td>\n<\/tr>\n<tr>\n<td>33610<\/td>\n<td>Can\u00e9jan<\/td>\n<\/tr>\n<tr>\n<td>33460<\/td>\n<td>Cantenac<\/td>\n<\/tr>\n<tr>\n<td>33760<\/td>\n<td>Cantois<\/td>\n<\/tr>\n<tr>\n<td>33550<\/td>\n<td>Capian<\/td>\n<\/tr>\n<tr>\n<td>33840<\/td>\n<td>Captieux<\/td>\n<\/tr>\n<tr>\n<td>33560<\/td>\n<td>Carbon-Blanc<\/td>\n<\/tr>\n<tr>\n<td>33121<\/td>\n<td>Carcans<\/td>\n<\/tr>\n<tr>\n<td>33410<\/td>\n<td>Cardan<\/td>\n<\/tr>\n<tr>\n<td>33360<\/td>\n<td>Carignan-de-Bordeaux<\/td>\n<\/tr>\n<tr>\n<td>33190<\/td>\n<td>Casseuil<\/td>\n<\/tr>\n<tr>\n<td>33540<\/td>\n<td>Castelmoron-d&rsquo;Albret<\/td>\n<\/tr>\n<tr>\n<td>33480<\/td>\n<td>Castelnau-de-M\u00e9doc<\/td>\n<\/tr>\n<tr>\n<td>33540<\/td>\n<td>Castelviel<\/td>\n<\/tr>\n<tr>\n<td>33210<\/td>\n<td>Castets-en-Dorthe<\/td>\n<\/tr>\n<tr>\n<td>33210<\/td>\n<td>Castillon-de-Castets<\/td>\n<\/tr>\n<tr>\n<td>33640<\/td>\n<td>Castres-Gironde<\/td>\n<\/tr>\n<tr>\n<td>33490<\/td>\n<td>Caudrot<\/td>\n<\/tr>\n<tr>\n<td>33540<\/td>\n<td>Caumont<\/td>\n<\/tr>\n<tr>\n<td>33690<\/td>\n<td>Cauvignac<\/td>\n<\/tr>\n<tr>\n<td>33113<\/td>\n<td>Cazalis<\/td>\n<\/tr>\n<tr>\n<td>33430<\/td>\n<td>Cazats<\/td>\n<\/tr>\n<tr>\n<td>33790<\/td>\n<td>Cazaugitat<\/td>\n<\/tr>\n<tr>\n<td>33360<\/td>\n<td>C\u00e9nac<\/td>\n<\/tr>\n<tr>\n<td>33150<\/td>\n<td>Cenon<\/td>\n<\/tr>\n<tr>\n<td>33720<\/td>\n<td>C\u00e9rons<\/td>\n<\/tr>\n<tr>\n<td>33760<\/td>\n<td>Cessac<\/td>\n<\/tr>\n<tr>\n<td>33610<\/td>\n<td>Cestas<\/td>\n<\/tr>\n<tr>\n<td>33250<\/td>\n<td>Cissac-M\u00e9doc<\/td>\n<\/tr>\n<tr>\n<td>33340<\/td>\n<td>Civrac-en-M\u00e9doc<\/td>\n<\/tr>\n<tr>\n<td>33540<\/td>\n<td>Cleyrac<\/td>\n<\/tr>\n<tr>\n<td>33210<\/td>\n<td>Coim\u00e8res<\/td>\n<\/tr>\n<tr>\n<td>33540<\/td>\n<td>Coirac<\/td>\n<\/tr>\n<tr>\n<td>33340<\/td>\n<td>Couqu\u00e8ques<\/td>\n<\/tr>\n<tr>\n<td>33760<\/td>\n<td>Courpiac<\/td>\n<\/tr>\n<tr>\n<td>33580<\/td>\n<td>Cours-de-Mons\u00e9gur<\/td>\n<\/tr>\n<tr>\n<td>33690<\/td>\n<td>Cours-les-Bains<\/td>\n<\/tr>\n<tr>\n<td>33580<\/td>\n<td>Coutures<\/td>\n<\/tr>\n<tr>\n<td>33670<\/td>\n<td>Cr\u00e9on<\/td>\n<\/tr>\n<tr>\n<td>33750<\/td>\n<td>Croignon<\/td>\n<\/tr>\n<tr>\n<td>33240<\/td>\n<td>Cubzac-les-Ponts<\/td>\n<\/tr>\n<tr>\n<td>33430<\/td>\n<td>Cudos<\/td>\n<\/tr>\n<tr>\n<td>33670<\/td>\n<td>Cursan<\/td>\n<\/tr>\n<tr>\n<td>33460<\/td>\n<td>Cussac-Fort-M\u00e9doc<\/td>\n<\/tr>\n<tr>\n<td>33540<\/td>\n<td>Daub\u00e8ze<\/td>\n<\/tr>\n<tr>\n<td>33580<\/td>\n<td>Dieulivol<\/td>\n<\/tr>\n<tr>\n<td>33410<\/td>\n<td>Donzac<\/td>\n<\/tr>\n<tr>\n<td>33840<\/td>\n<td>Escaudes<\/td>\n<\/tr>\n<tr>\n<td>33760<\/td>\n<td>Escoussans<\/td>\n<\/tr>\n<tr>\n<td>33320<\/td>\n<td>Eysines<\/td>\n<\/tr>\n<tr>\n<td>33760<\/td>\n<td>Faleyras<\/td>\n<\/tr>\n<tr>\n<td>33210<\/td>\n<td>Fargues<\/td>\n<\/tr>\n<tr>\n<td>33370<\/td>\n<td>Fargues-Saint-Hilaire<\/td>\n<\/tr>\n<tr>\n<td>33270<\/td>\n<td>Floirac<\/td>\n<\/tr>\n<tr>\n<td>33190<\/td>\n<td>Floud\u00e8s<\/td>\n<\/tr>\n<tr>\n<td>33190<\/td>\n<td>Fontet<\/td>\n<\/tr>\n<tr>\n<td>33190<\/td>\n<td>Foss\u00e8s-et-Baleyssac<\/td>\n<\/tr>\n<tr>\n<td>33760<\/td>\n<td>Frontenac<\/td>\n<\/tr>\n<tr>\n<td>33410<\/td>\n<td>Gabarnac<\/td>\n<\/tr>\n<tr>\n<td>33340<\/td>\n<td>Gaillan-en-M\u00e9doc<\/td>\n<\/tr>\n<tr>\n<td>33430<\/td>\n<td>Gajac<\/td>\n<\/tr>\n<tr>\n<td>33430<\/td>\n<td>Gans<\/td>\n<\/tr>\n<tr>\n<td>33240<\/td>\n<td>Gauriaguet<\/td>\n<\/tr>\n<tr>\n<td>33190<\/td>\n<td>Gironde-sur-Dropt<\/td>\n<\/tr>\n<tr>\n<td>33840<\/td>\n<td>Giscos<\/td>\n<\/tr>\n<tr>\n<td>33540<\/td>\n<td>Gornac<\/td>\n<\/tr>\n<tr>\n<td>33840<\/td>\n<td>Goualade<\/td>\n<\/tr>\n<tr>\n<td>33170<\/td>\n<td>Gradignan<\/td>\n<\/tr>\n<tr>\n<td>33590<\/td>\n<td>Grayan-et-l&rsquo;H\u00f4pital<\/td>\n<\/tr>\n<tr>\n<td>33690<\/td>\n<td>Grignols<\/td>\n<\/tr>\n<tr>\n<td>33720<\/td>\n<td>Guillos<\/td>\n<\/tr>\n<tr>\n<td>33470<\/td>\n<td>Gujan-Mestras<\/td>\n<\/tr>\n<tr>\n<td>33550<\/td>\n<td>Haux<\/td>\n<\/tr>\n<tr>\n<td>33125<\/td>\n<td>Hostens<\/td>\n<\/tr>\n<tr>\n<td>33990<\/td>\n<td>Hourtin<\/td>\n<\/tr>\n<tr>\n<td>33190<\/td>\n<td>Hure<\/td>\n<\/tr>\n<tr>\n<td>33720<\/td>\n<td>Illats<\/td>\n<\/tr>\n<tr>\n<td>33640<\/td>\n<td>Isle-Saint-Georges<\/td>\n<\/tr>\n<tr>\n<td>33590<\/td>\n<td>Jau-Dignac-et-Loirac<\/td>\n<\/tr>\n<tr>\n<td>33650<\/td>\n<td>La Br\u00e8de<\/td>\n<\/tr>\n<tr>\n<td>33190<\/td>\n<td>La R\u00e9ole<\/td>\n<\/tr>\n<tr>\n<td>33670<\/td>\n<td>La Sauve<\/td>\n<\/tr>\n<tr>\n<td>33260<\/td>\n<td>La Teste-de-Buch<\/td>\n<\/tr>\n<tr>\n<td>33460<\/td>\n<td>Labarde<\/td>\n<\/tr>\n<tr>\n<td>33690<\/td>\n<td>Labescau<\/td>\n<\/tr>\n<tr>\n<td>33680<\/td>\n<td>Lacanau<\/td>\n<\/tr>\n<tr>\n<td>33760<\/td>\n<td>Ladaux<\/td>\n<\/tr>\n<tr>\n<td>33124<\/td>\n<td>Lados<\/td>\n<\/tr>\n<tr>\n<td>33460<\/td>\n<td>Lamarque<\/td>\n<\/tr>\n<tr>\n<td>33190<\/td>\n<td>Lamothe-Landerron<\/td>\n<\/tr>\n<tr>\n<td>33790<\/td>\n<td>Landerrouat<\/td>\n<\/tr>\n<tr>\n<td>33540<\/td>\n<td>Landerrouet-sur-S\u00e9gur<\/td>\n<\/tr>\n<tr>\n<td>33720<\/td>\n<td>Landiras<\/td>\n<\/tr>\n<tr>\n<td>33550<\/td>\n<td>Langoiran<\/td>\n<\/tr>\n<tr>\n<td>33210<\/td>\n<td>Langon<\/td>\n<\/tr>\n<tr>\n<td>33138<\/td>\n<td>Lanton<\/td>\n<\/tr>\n<tr>\n<td>33410<\/td>\n<td>Laroque<\/td>\n<\/tr>\n<tr>\n<td>33840<\/td>\n<td>Lartigue<\/td>\n<\/tr>\n<tr>\n<td>33360<\/td>\n<td>Latresne<\/td>\n<\/tr>\n<tr>\n<td>33690<\/td>\n<td>Lavazan<\/td>\n<\/tr>\n<tr>\n<td>33114<\/td>\n<td>Le Barp<\/td>\n<\/tr>\n<tr>\n<td>33110<\/td>\n<td>Le Bouscat<\/td>\n<\/tr>\n<tr>\n<td>33160<\/td>\n<td>Le Haillan<\/td>\n<\/tr>\n<tr>\n<td>33430<\/td>\n<td>Le Nizan<\/td>\n<\/tr>\n<tr>\n<td>33290<\/td>\n<td>Le Pian-M\u00e9doc<\/td>\n<\/tr>\n<tr>\n<td>33490<\/td>\n<td>Le Pian-sur-Garonne<\/td>\n<\/tr>\n<tr>\n<td>33680<\/td>\n<td>Le Porge<\/td>\n<\/tr>\n<tr>\n<td>33670<\/td>\n<td>Le Pout<\/td>\n<\/tr>\n<tr>\n<td>33580<\/td>\n<td>Le Puy<\/td>\n<\/tr>\n<tr>\n<td>33320<\/td>\n<td>Le Taillan-M\u00e9doc<\/td>\n<\/tr>\n<tr>\n<td>33470<\/td>\n<td>Le Teich<\/td>\n<\/tr>\n<tr>\n<td>33680<\/td>\n<td>Le Temple<\/td>\n<\/tr>\n<tr>\n<td>33550<\/td>\n<td>Le Tourne<\/td>\n<\/tr>\n<tr>\n<td>33125<\/td>\n<td>Le Tuzan<\/td>\n<\/tr>\n<tr>\n<td>33123<\/td>\n<td>Le Verdon-sur-Mer<\/td>\n<\/tr>\n<tr>\n<td>33950<\/td>\n<td>L\u00e8ge-Cap-Ferret<\/td>\n<\/tr>\n<tr>\n<td>33210<\/td>\n<td>L\u00e9ogeats<\/td>\n<\/tr>\n<tr>\n<td>33850<\/td>\n<td>L\u00e9ognan<\/td>\n<\/tr>\n<tr>\n<td>33840<\/td>\n<td>Lerm-et-Musset<\/td>\n<\/tr>\n<tr>\n<td>33190<\/td>\n<td>Les Esseintes<\/td>\n<\/tr>\n<tr>\n<td>33340<\/td>\n<td>Lesparre-M\u00e9doc<\/td>\n<\/tr>\n<tr>\n<td>33550<\/td>\n<td>Lestiac-sur-Garonne<\/td>\n<\/tr>\n<tr>\n<td>33430<\/td>\n<td>Lignan-de-Bazas<\/td>\n<\/tr>\n<tr>\n<td>33360<\/td>\n<td>Lignan-de-Bordeaux<\/td>\n<\/tr>\n<tr>\n<td>33790<\/td>\n<td>Listrac-de-Dur\u00e8ze<\/td>\n<\/tr>\n<tr>\n<td>33480<\/td>\n<td>Listrac-M\u00e9doc<\/td>\n<\/tr>\n<tr>\n<td>33310<\/td>\n<td>Lormont<\/td>\n<\/tr>\n<tr>\n<td>33190<\/td>\n<td>Loubens<\/td>\n<\/tr>\n<tr>\n<td>33125<\/td>\n<td>Louchats<\/td>\n<\/tr>\n<tr>\n<td>33370<\/td>\n<td>Loupes<\/td>\n<\/tr>\n<tr>\n<td>33410<\/td>\n<td>Loupiac<\/td>\n<\/tr>\n<tr>\n<td>33190<\/td>\n<td>Loupiac-de-la-R\u00e9ole<\/td>\n<\/tr>\n<tr>\n<td>33840<\/td>\n<td>Lucmau<\/td>\n<\/tr>\n<tr>\n<td>33290<\/td>\n<td>Ludon-M\u00e9doc<\/td>\n<\/tr>\n<tr>\n<td>33760<\/td>\n<td>Lugasson<\/td>\n<\/tr>\n<tr>\n<td>33830<\/td>\n<td>Lugos<\/td>\n<\/tr>\n<tr>\n<td>33460<\/td>\n<td>Macau<\/td>\n<\/tr>\n<tr>\n<td>33670<\/td>\n<td>Madirac<\/td>\n<\/tr>\n<tr>\n<td>33380<\/td>\n<td>Marcheprime<\/td>\n<\/tr>\n<tr>\n<td>33460<\/td>\n<td>Margaux<\/td>\n<\/tr>\n<tr>\n<td>33430<\/td>\n<td>Marimbault<\/td>\n<\/tr>\n<tr>\n<td>33690<\/td>\n<td>Marions<\/td>\n<\/tr>\n<tr>\n<td>33127<\/td>\n<td>Martignas-sur-Jalle<\/td>\n<\/tr>\n<tr>\n<td>33650<\/td>\n<td>Martillac<\/td>\n<\/tr>\n<tr>\n<td>33760<\/td>\n<td>Martres<\/td>\n<\/tr>\n<tr>\n<td>33690<\/td>\n<td>Masseilles<\/td>\n<\/tr>\n<tr>\n<td>33790<\/td>\n<td>Massugas<\/td>\n<\/tr>\n<tr>\n<td>33540<\/td>\n<td>Mauriac<\/td>\n<\/tr>\n<tr>\n<td>33210<\/td>\n<td>Maz\u00e8res<\/td>\n<\/tr>\n<tr>\n<td>33700<\/td>\n<td>M\u00e9rignac<\/td>\n<\/tr>\n<tr>\n<td>33350<\/td>\n<td>M\u00e9rignas<\/td>\n<\/tr>\n<tr>\n<td>33540<\/td>\n<td>Mesterrieux<\/td>\n<\/tr>\n<tr>\n<td>33380<\/td>\n<td>Mios<\/td>\n<\/tr>\n<tr>\n<td>33190<\/td>\n<td>Mongauzy<\/td>\n<\/tr>\n<tr>\n<td>33410<\/td>\n<td>Monprimblanc<\/td>\n<\/tr>\n<tr>\n<td>33580<\/td>\n<td>Mons\u00e9gur<\/td>\n<\/tr>\n<tr>\n<td>33190<\/td>\n<td>Montagoudin<\/td>\n<\/tr>\n<tr>\n<td>33760<\/td>\n<td>Montignac<\/td>\n<\/tr>\n<tr>\n<td>33450<\/td>\n<td>Montussan<\/td>\n<\/tr>\n<tr>\n<td>33190<\/td>\n<td>Moriz\u00e8s<\/td>\n<\/tr>\n<tr>\n<td>33480<\/td>\n<td>Moulis-en-M\u00e9doc<\/td>\n<\/tr>\n<tr>\n<td>33410<\/td>\n<td>Mourens<\/td>\n<\/tr>\n<tr>\n<td>33990<\/td>\n<td>Naujac-sur-Mer<\/td>\n<\/tr>\n<tr>\n<td>33580<\/td>\n<td>Neuffons<\/td>\n<\/tr>\n<tr>\n<td>33190<\/td>\n<td>Noaillac<\/td>\n<\/tr>\n<tr>\n<td>33730<\/td>\n<td>Noaillan<\/td>\n<\/tr>\n<tr>\n<td>33410<\/td>\n<td>Omet<\/td>\n<\/tr>\n<tr>\n<td>33340<\/td>\n<td>Ordonnac<\/td>\n<\/tr>\n<tr>\n<td>33113<\/td>\n<td>Origne<\/td>\n<\/tr>\n<tr>\n<td>33550<\/td>\n<td>Paillet<\/td>\n<\/tr>\n<tr>\n<td>33290<\/td>\n<td>Parempuyre<\/td>\n<\/tr>\n<tr>\n<td>33250<\/td>\n<td>Pauillac<\/td>\n<\/tr>\n<tr>\n<td>33790<\/td>\n<td>Pellegrue<\/td>\n<\/tr>\n<tr>\n<td>33600<\/td>\n<td>Pessac<\/td>\n<\/tr>\n<tr>\n<td>33240<\/td>\n<td>Peujard<\/td>\n<\/tr>\n<tr>\n<td>33720<\/td>\n<td>Podensac<\/td>\n<\/tr>\n<tr>\n<td>33730<\/td>\n<td>Pomp\u00e9jac<\/td>\n<\/tr>\n<tr>\n<td>33370<\/td>\n<td>Pompignac<\/td>\n<\/tr>\n<tr>\n<td>33190<\/td>\n<td>Pondaurat<\/td>\n<\/tr>\n<tr>\n<td>33640<\/td>\n<td>Portets<\/td>\n<\/tr>\n<tr>\n<td>33730<\/td>\n<td>Pr\u00e9chac<\/td>\n<\/tr>\n<tr>\n<td>33210<\/td>\n<td>Preignac<\/td>\n<\/tr>\n<tr>\n<td>33340<\/td>\n<td>Prignac-en-M\u00e9doc<\/td>\n<\/tr>\n<tr>\n<td>33210<\/td>\n<td>Pujols-sur-Ciron<\/td>\n<\/tr>\n<tr>\n<td>33190<\/td>\n<td>Puybarban<\/td>\n<\/tr>\n<tr>\n<td>33340<\/td>\n<td>Queyrac<\/td>\n<\/tr>\n<tr>\n<td>33360<\/td>\n<td>Quinsac<\/td>\n<\/tr>\n<tr>\n<td>33580<\/td>\n<td>Rimons<\/td>\n<\/tr>\n<tr>\n<td>33410<\/td>\n<td>Rions<\/td>\n<\/tr>\n<tr>\n<td>33210<\/td>\n<td>Roaillan<\/td>\n<\/tr>\n<tr>\n<td>33760<\/td>\n<td>Romagne<\/td>\n<\/tr>\n<tr>\n<td>33580<\/td>\n<td>Roquebrune<\/td>\n<\/tr>\n<tr>\n<td>33350<\/td>\n<td>Ruch<\/td>\n<\/tr>\n<tr>\n<td>33670<\/td>\n<td>Sadirac<\/td>\n<\/tr>\n<tr>\n<td>33240<\/td>\n<td>Saint-Andr\u00e9-de-Cubzac<\/td>\n<\/tr>\n<tr>\n<td>33490<\/td>\n<td>Saint-Andr\u00e9-du-Bois<\/td>\n<\/tr>\n<tr>\n<td>33240<\/td>\n<td>Saint-Antoine<\/td>\n<\/tr>\n<tr>\n<td>33790<\/td>\n<td>Saint-Antoine-du-Queyret<\/td>\n<\/tr>\n<tr>\n<td>33160<\/td>\n<td>Saint-Aubin-de-M\u00e9doc<\/td>\n<\/tr>\n<tr>\n<td>33540<\/td>\n<td>Saint-Brice<\/td>\n<\/tr>\n<tr>\n<td>33880<\/td>\n<td>Saint-Caprais-de-Bordeaux<\/td>\n<\/tr>\n<tr>\n<td>33340<\/td>\n<td>Saint-Christoly-M\u00e9doc<\/td>\n<\/tr>\n<tr>\n<td>33430<\/td>\n<td>Saint-C\u00f4me<\/td>\n<\/tr>\n<tr>\n<td>33250<\/td>\n<td>Saint-Est\u00e8phe<\/td>\n<\/tr>\n<tr>\n<td>33190<\/td>\n<td>Saint-Exup\u00e9ry<\/td>\n<\/tr>\n<tr>\n<td>33540<\/td>\n<td>Saint-F\u00e9lix-de-Foncaude<\/td>\n<\/tr>\n<tr>\n<td>33580<\/td>\n<td>Saint-Ferme<\/td>\n<\/tr>\n<tr>\n<td>33670<\/td>\n<td>Saint-Gen\u00e8s-de-Lombaud<\/td>\n<\/tr>\n<tr>\n<td>33760<\/td>\n<td>Saint-Genis-du-Bois<\/td>\n<\/tr>\n<tr>\n<td>33340<\/td>\n<td>Saint-Germain-d&rsquo;Esteuil<\/td>\n<\/tr>\n<tr>\n<td>33490<\/td>\n<td>Saint-Germain-de-Grave<\/td>\n<\/tr>\n<tr>\n<td>33240<\/td>\n<td>Saint-Gervais<\/td>\n<\/tr>\n<tr>\n<td>33190<\/td>\n<td>Saint-Hilaire-de-la-Noaille<\/td>\n<\/tr>\n<tr>\n<td>33540<\/td>\n<td>Saint-Hilaire-du-Bois<\/td>\n<\/tr>\n<tr>\n<td>33127<\/td>\n<td>Saint-Jean-d&rsquo;Illac<\/td>\n<\/tr>\n<tr>\n<td>33250<\/td>\n<td>Saint-Julien-Beychevelle<\/td>\n<\/tr>\n<tr>\n<td>33240<\/td>\n<td>Saint-Laurent-d&rsquo;Arce<\/td>\n<\/tr>\n<tr>\n<td>33540<\/td>\n<td>Saint-Laurent-du-Bois<\/td>\n<\/tr>\n<tr>\n<td>33190<\/td>\n<td>Saint-Laurent-du-Plan<\/td>\n<\/tr>\n<tr>\n<td>33112<\/td>\n<td>Saint-Laurent-M\u00e9doc<\/td>\n<\/tr>\n<tr>\n<td>33113<\/td>\n<td>Saint-L\u00e9ger-de-Balson<\/td>\n<\/tr>\n<tr>\n<td>33670<\/td>\n<td>Saint-L\u00e9on<\/td>\n<\/tr>\n<tr>\n<td>33210<\/td>\n<td>Saint-Loubert<\/td>\n<\/tr>\n<tr>\n<td>33450<\/td>\n<td>Saint-Loub\u00e8s<\/td>\n<\/tr>\n<tr>\n<td>33440<\/td>\n<td>Saint-Louis-de-Montferrand<\/td>\n<\/tr>\n<tr>\n<td>33490<\/td>\n<td>Saint-Macaire<\/td>\n<\/tr>\n<tr>\n<td>33125<\/td>\n<td>Saint-Magne<\/td>\n<\/tr>\n<tr>\n<td>33490<\/td>\n<td>Saint-Maixant<\/td>\n<\/tr>\n<tr>\n<td>33490<\/td>\n<td>Saint-Martial<\/td>\n<\/tr>\n<tr>\n<td>33540<\/td>\n<td>Saint-Martin-de-Lerm<\/td>\n<\/tr>\n<tr>\n<td>33490<\/td>\n<td>Saint-Martin-de-Sescas<\/td>\n<\/tr>\n<tr>\n<td>33540<\/td>\n<td>Saint-Martin-du-Puy<\/td>\n<\/tr>\n<tr>\n<td>33650<\/td>\n<td>Saint-M\u00e9dard-d&rsquo;Eyrans<\/td>\n<\/tr>\n<tr>\n<td>33160<\/td>\n<td>Saint-M\u00e9dard-en-Jalles<\/td>\n<\/tr>\n<tr>\n<td>33840<\/td>\n<td>Saint-Michel-de-Castelnau<\/td>\n<\/tr>\n<tr>\n<td>33190<\/td>\n<td>Saint-Michel-de-Lapujade<\/td>\n<\/tr>\n<tr>\n<td>33720<\/td>\n<td>Saint-Michel-de-Rieufret<\/td>\n<\/tr>\n<tr>\n<td>33650<\/td>\n<td>Saint-Morillon<\/td>\n<\/tr>\n<tr>\n<td>33210<\/td>\n<td>Saint-Pardon-de-Conques<\/td>\n<\/tr>\n<tr>\n<td>33490<\/td>\n<td>Saint-Pierre-d&rsquo;Aurillac<\/td>\n<\/tr>\n<tr>\n<td>33760<\/td>\n<td>Saint-Pierre-de-Bat<\/td>\n<\/tr>\n<tr>\n<td>33210<\/td>\n<td>Saint-Pierre-de-Mons<\/td>\n<\/tr>\n<tr>\n<td>33250<\/td>\n<td>Saint-Sauveur<\/td>\n<\/tr>\n<tr>\n<td>33650<\/td>\n<td>Saint-Selve<\/td>\n<\/tr>\n<tr>\n<td>33250<\/td>\n<td>Saint-Seurin-de-Cadourne<\/td>\n<\/tr>\n<tr>\n<td>33190<\/td>\n<td>Saint-S\u00e8ve<\/td>\n<\/tr>\n<tr>\n<td>33580<\/td>\n<td>Saint-Sulpice-de-Guilleragues<\/td>\n<\/tr>\n<tr>\n<td>33540<\/td>\n<td>Saint-Sulpice-de-Pommiers<\/td>\n<\/tr>\n<tr>\n<td>33450<\/td>\n<td>Saint-Sulpice-et-Cameyrac<\/td>\n<\/tr>\n<tr>\n<td>33113<\/td>\n<td>Saint-Symphorien<\/td>\n<\/tr>\n<tr>\n<td>33440<\/td>\n<td>Saint-Vincent-de-Paul<\/td>\n<\/tr>\n<tr>\n<td>33590<\/td>\n<td>Saint-Vivien-de-M\u00e9doc<\/td>\n<\/tr>\n<tr>\n<td>33580<\/td>\n<td>Saint-Vivien-de-Mons\u00e9gur<\/td>\n<\/tr>\n<tr>\n<td>33340<\/td>\n<td>Saint-Yzans-de-M\u00e9doc<\/td>\n<\/tr>\n<tr>\n<td>33410<\/td>\n<td>Sainte-Croix-du-Mont<\/td>\n<\/tr>\n<tr>\n<td>33560<\/td>\n<td>Sainte-Eulalie<\/td>\n<\/tr>\n<tr>\n<td>33490<\/td>\n<td>Sainte-Foy-la-Longue<\/td>\n<\/tr>\n<tr>\n<td>33580<\/td>\n<td>Sainte-Gemme<\/td>\n<\/tr>\n<tr>\n<td>33480<\/td>\n<td>Sainte-H\u00e9l\u00e8ne<\/td>\n<\/tr>\n<tr>\n<td>33160<\/td>\n<td>Salaunes<\/td>\n<\/tr>\n<tr>\n<td>33240<\/td>\n<td>Salignac<\/td>\n<\/tr>\n<tr>\n<td>33370<\/td>\n<td>Salleb?uf<\/td>\n<\/tr>\n<tr>\n<td>33770<\/td>\n<td>Salles<\/td>\n<\/tr>\n<tr>\n<td>33650<\/td>\n<td>Saucats<\/td>\n<\/tr>\n<tr>\n<td>33680<\/td>\n<td>Saumos<\/td>\n<\/tr>\n<tr>\n<td>33210<\/td>\n<td>Sauternes<\/td>\n<\/tr>\n<tr>\n<td>33540<\/td>\n<td>Sauveterre-de-Guyenne<\/td>\n<\/tr>\n<tr>\n<td>33430<\/td>\n<td>Sauviac<\/td>\n<\/tr>\n<tr>\n<td>33124<\/td>\n<td>Savignac<\/td>\n<\/tr>\n<tr>\n<td>33490<\/td>\n<td>Semens<\/td>\n<\/tr>\n<tr>\n<td>33690<\/td>\n<td>Sendets<\/td>\n<\/tr>\n<tr>\n<td>33690<\/td>\n<td>Sigalens<\/td>\n<\/tr>\n<tr>\n<td>33690<\/td>\n<td>Sillas<\/td>\n<\/tr>\n<tr>\n<td>33780<\/td>\n<td>Soulac-sur-Mer<\/td>\n<\/tr>\n<tr>\n<td>33760<\/td>\n<td>Soulignac<\/td>\n<\/tr>\n<tr>\n<td>33790<\/td>\n<td>Soussac<\/td>\n<\/tr>\n<tr>\n<td>33460<\/td>\n<td>Soussans<\/td>\n<\/tr>\n<tr>\n<td>33550<\/td>\n<td>Tabanac<\/td>\n<\/tr>\n<tr>\n<td>33580<\/td>\n<td>Taillecavat<\/td>\n<\/tr>\n<tr>\n<td>33590<\/td>\n<td>Talais<\/td>\n<\/tr>\n<tr>\n<td>33400<\/td>\n<td>Talence<\/td>\n<\/tr>\n<tr>\n<td>33760<\/td>\n<td>Targon<\/td>\n<\/tr>\n<tr>\n<td>33210<\/td>\n<td>Toulenne<\/td>\n<\/tr>\n<tr>\n<td>33370<\/td>\n<td>Tresses<\/td>\n<\/tr>\n<tr>\n<td>33730<\/td>\n<td>Uzeste<\/td>\n<\/tr>\n<tr>\n<td>33340<\/td>\n<td>Valeyrac<\/td>\n<\/tr>\n<tr>\n<td>33930<\/td>\n<td>Vendays-Montalivet<\/td>\n<\/tr>\n<tr>\n<td>33590<\/td>\n<td>Vensac<\/td>\n<\/tr>\n<tr>\n<td>33490<\/td>\n<td>Verdelais<\/td>\n<\/tr>\n<tr>\n<td>33250<\/td>\n<td>Vertheuil<\/td>\n<\/tr>\n<tr>\n<td>33730<\/td>\n<td>Villandraut<\/td>\n<\/tr>\n<tr>\n<td>33140<\/td>\n<td>Villenave-d&rsquo;Ornon<\/td>\n<\/tr>\n<tr>\n<td>33550<\/td>\n<td>Villenave-de-Rions<\/td>\n<\/tr>\n<tr>\n<td>33720<\/td>\n<td>Virelade<\/td>\n<\/tr>\n<tr>\n<td>33240<\/td>\n<td>Virsac<\/td>\n<\/tr>\n<tr>\n<td>33370<\/td>\n<td>Yvrac<\/td>\n<\/tr>\n<\/tbody>\n<\/table>\n","protected":false},"excerpt":{"rendered":"<p>Le greffe du tribunal de commerce de Bordeaux g\u00e8re l&rsquo;ensemble des formalit\u00e9s administratives des entreprises girondines. Il s&rsquo;occupe de l&rsquo;immatriculation [&hellip;]<\/p>\n","protected":false},"author":1,"featured_media":0,"parent":1759,"menu_order":0,"comment_status":"closed","ping_status":"closed","template":"","meta":{"inline_featured_image":false,"footnotes":""},"class_list":["post-1854","page","type-page","status-publish","hentry"],"yoast_head":"<!-- This site is optimized with the Yoast SEO plugin v26.8 - https:\/\/yoast.com\/product\/yoast-seo-wordpress\/ -->\n<title>Greffe du tribunal de commerce de Bordeaux - Actualit\u00e9 des entreprises<\/title>\n<meta name=\"robots\" content=\"index, follow, max-snippet:-1, max-image-preview:large, max-video-preview:-1\" \/>\n<link rel=\"canonical\" href=\"https:\/\/www.annonces-legales.org\/blog\/greffe\/greffe-du-tribunal-de-commerce-de-bordeaux\/\" \/>\n<meta property=\"og:locale\" content=\"fr_FR\" \/>\n<meta property=\"og:type\" content=\"article\" \/>\n<meta property=\"og:title\" content=\"Greffe du tribunal de commerce de Bordeaux - Actualit\u00e9 des entreprises\" \/>\n<meta property=\"og:description\" content=\"Le greffe du tribunal de commerce de Bordeaux g\u00e8re l&rsquo;ensemble des formalit\u00e9s administratives des entreprises girondines. Il s&rsquo;occupe de l&rsquo;immatriculation [&hellip;]\" \/>\n<meta property=\"og:url\" content=\"https:\/\/www.annonces-legales.org\/blog\/greffe\/greffe-du-tribunal-de-commerce-de-bordeaux\/\" \/>\n<meta property=\"og:site_name\" content=\"Actualit\u00e9 des entreprises\" \/>\n<meta property=\"article:modified_time\" content=\"2022-02-01T15:22:10+00:00\" \/>\n<meta property=\"og:image\" content=\"https:\/\/www.annonces-legales.org\/blog\/wp-content\/uploads\/2022\/01\/tribunal.png\" \/>\n\t<meta property=\"og:image:width\" content=\"640\" \/>\n\t<meta property=\"og:image:height\" content=\"612\" \/>\n\t<meta property=\"og:image:type\" content=\"image\/png\" \/>\n<meta name=\"twitter:card\" content=\"summary_large_image\" \/>\n<meta name=\"twitter:label1\" content=\"Dur\u00e9e de lecture estim\u00e9e\" \/>\n\t<meta name=\"twitter:data1\" content=\"7 minutes\" \/>\n<script type=\"application\/ld+json\" class=\"yoast-schema-graph\">{\"@context\":\"https:\/\/schema.org\",\"@graph\":[{\"@type\":\"WebPage\",\"@id\":\"https:\/\/www.annonces-legales.org\/blog\/greffe\/greffe-du-tribunal-de-commerce-de-bordeaux\/\",\"url\":\"https:\/\/www.annonces-legales.org\/blog\/greffe\/greffe-du-tribunal-de-commerce-de-bordeaux\/\",\"name\":\"Greffe du tribunal de commerce de Bordeaux - Actualit\u00e9 des entreprises\",\"isPartOf\":{\"@id\":\"https:\/\/www.annonces-legales.org\/blog\/#website\"},\"primaryImageOfPage\":{\"@id\":\"https:\/\/www.annonces-legales.org\/blog\/greffe\/greffe-du-tribunal-de-commerce-de-bordeaux\/#primaryimage\"},\"image\":{\"@id\":\"https:\/\/www.annonces-legales.org\/blog\/greffe\/greffe-du-tribunal-de-commerce-de-bordeaux\/#primaryimage\"},\"thumbnailUrl\":\"https:\/\/www.annonces-legales.org\/blog\/wp-content\/uploads\/2022\/01\/tribunal-150x150.png\",\"datePublished\":\"2022-01-22T19:24:50+00:00\",\"dateModified\":\"2022-02-01T15:22:10+00:00\",\"breadcrumb\":{\"@id\":\"https:\/\/www.annonces-legales.org\/blog\/greffe\/greffe-du-tribunal-de-commerce-de-bordeaux\/#breadcrumb\"},\"inLanguage\":\"fr-FR\",\"potentialAction\":[{\"@type\":\"ReadAction\",\"target\":[\"https:\/\/www.annonces-legales.org\/blog\/greffe\/greffe-du-tribunal-de-commerce-de-bordeaux\/\"]}]},{\"@type\":\"ImageObject\",\"inLanguage\":\"fr-FR\",\"@id\":\"https:\/\/www.annonces-legales.org\/blog\/greffe\/greffe-du-tribunal-de-commerce-de-bordeaux\/#primaryimage\",\"url\":\"https:\/\/www.annonces-legales.org\/blog\/wp-content\/uploads\/2022\/01\/tribunal.png\",\"contentUrl\":\"https:\/\/www.annonces-legales.org\/blog\/wp-content\/uploads\/2022\/01\/tribunal.png\",\"width\":640,\"height\":612},{\"@type\":\"BreadcrumbList\",\"@id\":\"https:\/\/www.annonces-legales.org\/blog\/greffe\/greffe-du-tribunal-de-commerce-de-bordeaux\/#breadcrumb\",\"itemListElement\":[{\"@type\":\"ListItem\",\"position\":1,\"name\":\"Accueil\",\"item\":\"https:\/\/www.annonces-legales.org\/blog\/\"},{\"@type\":\"ListItem\",\"position\":2,\"name\":\"Liste des Greffes des tribunaux de commerce\",\"item\":\"https:\/\/www.annonces-legales.org\/blog\/greffe\/\"},{\"@type\":\"ListItem\",\"position\":3,\"name\":\"Greffe du tribunal de commerce de Bordeaux\"}]},{\"@type\":\"WebSite\",\"@id\":\"https:\/\/www.annonces-legales.org\/blog\/#website\",\"url\":\"https:\/\/www.annonces-legales.org\/blog\/\",\"name\":\"Actualit\u00e9 des entreprises\",\"description\":\"\",\"publisher\":{\"@id\":\"https:\/\/www.annonces-legales.org\/blog\/#organization\"},\"potentialAction\":[{\"@type\":\"SearchAction\",\"target\":{\"@type\":\"EntryPoint\",\"urlTemplate\":\"https:\/\/www.annonces-legales.org\/blog\/?s={search_term_string}\"},\"query-input\":{\"@type\":\"PropertyValueSpecification\",\"valueRequired\":true,\"valueName\":\"search_term_string\"}}],\"inLanguage\":\"fr-FR\"},{\"@type\":\"Organization\",\"@id\":\"https:\/\/www.annonces-legales.org\/blog\/#organization\",\"name\":\"Actualit\u00e9 des entreprises\",\"url\":\"https:\/\/www.annonces-legales.org\/blog\/\",\"logo\":{\"@type\":\"ImageObject\",\"inLanguage\":\"fr-FR\",\"@id\":\"https:\/\/www.annonces-legales.org\/blog\/#\/schema\/logo\/image\/\",\"url\":\"https:\/\/www.annonces-legales.org\/blog\/wp-content\/uploads\/2023\/08\/annonces-legales.svg\",\"contentUrl\":\"https:\/\/www.annonces-legales.org\/blog\/wp-content\/uploads\/2023\/08\/annonces-legales.svg\",\"caption\":\"Actualit\u00e9 des entreprises\"},\"image\":{\"@id\":\"https:\/\/www.annonces-legales.org\/blog\/#\/schema\/logo\/image\/\"}}]}<\/script>\n<!-- \/ Yoast SEO plugin. -->","yoast_head_json":{"title":"Greffe du tribunal de commerce de Bordeaux - Actualit\u00e9 des entreprises","robots":{"index":"index","follow":"follow","max-snippet":"max-snippet:-1","max-image-preview":"max-image-preview:large","max-video-preview":"max-video-preview:-1"},"canonical":"https:\/\/www.annonces-legales.org\/blog\/greffe\/greffe-du-tribunal-de-commerce-de-bordeaux\/","og_locale":"fr_FR","og_type":"article","og_title":"Greffe du tribunal de commerce de Bordeaux - Actualit\u00e9 des entreprises","og_description":"Le greffe du tribunal de commerce de Bordeaux g\u00e8re l&rsquo;ensemble des formalit\u00e9s administratives des entreprises girondines. Il s&rsquo;occupe de l&rsquo;immatriculation [&hellip;]","og_url":"https:\/\/www.annonces-legales.org\/blog\/greffe\/greffe-du-tribunal-de-commerce-de-bordeaux\/","og_site_name":"Actualit\u00e9 des entreprises","article_modified_time":"2022-02-01T15:22:10+00:00","og_image":[{"width":640,"height":612,"url":"https:\/\/www.annonces-legales.org\/blog\/wp-content\/uploads\/2022\/01\/tribunal.png","type":"image\/png"}],"twitter_card":"summary_large_image","twitter_misc":{"Dur\u00e9e de lecture estim\u00e9e":"7 minutes"},"schema":{"@context":"https:\/\/schema.org","@graph":[{"@type":"WebPage","@id":"https:\/\/www.annonces-legales.org\/blog\/greffe\/greffe-du-tribunal-de-commerce-de-bordeaux\/","url":"https:\/\/www.annonces-legales.org\/blog\/greffe\/greffe-du-tribunal-de-commerce-de-bordeaux\/","name":"Greffe du tribunal de commerce de Bordeaux - Actualit\u00e9 des entreprises","isPartOf":{"@id":"https:\/\/www.annonces-legales.org\/blog\/#website"},"primaryImageOfPage":{"@id":"https:\/\/www.annonces-legales.org\/blog\/greffe\/greffe-du-tribunal-de-commerce-de-bordeaux\/#primaryimage"},"image":{"@id":"https:\/\/www.annonces-legales.org\/blog\/greffe\/greffe-du-tribunal-de-commerce-de-bordeaux\/#primaryimage"},"thumbnailUrl":"https:\/\/www.annonces-legales.org\/blog\/wp-content\/uploads\/2022\/01\/tribunal-150x150.png","datePublished":"2022-01-22T19:24:50+00:00","dateModified":"2022-02-01T15:22:10+00:00","breadcrumb":{"@id":"https:\/\/www.annonces-legales.org\/blog\/greffe\/greffe-du-tribunal-de-commerce-de-bordeaux\/#breadcrumb"},"inLanguage":"fr-FR","potentialAction":[{"@type":"ReadAction","target":["https:\/\/www.annonces-legales.org\/blog\/greffe\/greffe-du-tribunal-de-commerce-de-bordeaux\/"]}]},{"@type":"ImageObject","inLanguage":"fr-FR","@id":"https:\/\/www.annonces-legales.org\/blog\/greffe\/greffe-du-tribunal-de-commerce-de-bordeaux\/#primaryimage","url":"https:\/\/www.annonces-legales.org\/blog\/wp-content\/uploads\/2022\/01\/tribunal.png","contentUrl":"https:\/\/www.annonces-legales.org\/blog\/wp-content\/uploads\/2022\/01\/tribunal.png","width":640,"height":612},{"@type":"BreadcrumbList","@id":"https:\/\/www.annonces-legales.org\/blog\/greffe\/greffe-du-tribunal-de-commerce-de-bordeaux\/#breadcrumb","itemListElement":[{"@type":"ListItem","position":1,"name":"Accueil","item":"https:\/\/www.annonces-legales.org\/blog\/"},{"@type":"ListItem","position":2,"name":"Liste des Greffes des tribunaux de commerce","item":"https:\/\/www.annonces-legales.org\/blog\/greffe\/"},{"@type":"ListItem","position":3,"name":"Greffe du tribunal de commerce de Bordeaux"}]},{"@type":"WebSite","@id":"https:\/\/www.annonces-legales.org\/blog\/#website","url":"https:\/\/www.annonces-legales.org\/blog\/","name":"Actualit\u00e9 des entreprises","description":"","publisher":{"@id":"https:\/\/www.annonces-legales.org\/blog\/#organization"},"potentialAction":[{"@type":"SearchAction","target":{"@type":"EntryPoint","urlTemplate":"https:\/\/www.annonces-legales.org\/blog\/?s={search_term_string}"},"query-input":{"@type":"PropertyValueSpecification","valueRequired":true,"valueName":"search_term_string"}}],"inLanguage":"fr-FR"},{"@type":"Organization","@id":"https:\/\/www.annonces-legales.org\/blog\/#organization","name":"Actualit\u00e9 des entreprises","url":"https:\/\/www.annonces-legales.org\/blog\/","logo":{"@type":"ImageObject","inLanguage":"fr-FR","@id":"https:\/\/www.annonces-legales.org\/blog\/#\/schema\/logo\/image\/","url":"https:\/\/www.annonces-legales.org\/blog\/wp-content\/uploads\/2023\/08\/annonces-legales.svg","contentUrl":"https:\/\/www.annonces-legales.org\/blog\/wp-content\/uploads\/2023\/08\/annonces-legales.svg","caption":"Actualit\u00e9 des entreprises"},"image":{"@id":"https:\/\/www.annonces-legales.org\/blog\/#\/schema\/logo\/image\/"}}]}},"_links":{"self":[{"href":"https:\/\/www.annonces-legales.org\/blog\/wp-json\/wp\/v2\/pages\/1854","targetHints":{"allow":["GET"]}}],"collection":[{"href":"https:\/\/www.annonces-legales.org\/blog\/wp-json\/wp\/v2\/pages"}],"about":[{"href":"https:\/\/www.annonces-legales.org\/blog\/wp-json\/wp\/v2\/types\/page"}],"author":[{"embeddable":true,"href":"https:\/\/www.annonces-legales.org\/blog\/wp-json\/wp\/v2\/users\/1"}],"replies":[{"embeddable":true,"href":"https:\/\/www.annonces-legales.org\/blog\/wp-json\/wp\/v2\/comments?post=1854"}],"version-history":[{"count":9,"href":"https:\/\/www.annonces-legales.org\/blog\/wp-json\/wp\/v2\/pages\/1854\/revisions"}],"predecessor-version":[{"id":2588,"href":"https:\/\/www.annonces-legales.org\/blog\/wp-json\/wp\/v2\/pages\/1854\/revisions\/2588"}],"up":[{"embeddable":true,"href":"https:\/\/www.annonces-legales.org\/blog\/wp-json\/wp\/v2\/pages\/1759"}],"wp:attachment":[{"href":"https:\/\/www.annonces-legales.org\/blog\/wp-json\/wp\/v2\/media?parent=1854"}],"curies":[{"name":"wp","href":"https:\/\/api.w.org\/{rel}","templated":true}]}}