{"id":1900,"date":"2022-01-22T20:34:49","date_gmt":"2022-01-22T19:34:49","guid":{"rendered":"https:\/\/www.annonces-legales.org\/blog\/?page_id=1900"},"modified":"2022-02-01T16:35:38","modified_gmt":"2022-02-01T15:35:38","slug":"greffe-du-tribunal-de-commerce-de-creteil","status":"publish","type":"page","link":"https:\/\/www.annonces-legales.org\/blog\/greffe\/greffe-du-tribunal-de-commerce-de-creteil\/","title":{"rendered":"Greffe du tribunal de commerce de Creteil"},"content":{"rendered":"<p><img loading=\"lazy\" decoding=\"async\" class=\"alignleft wp-image-2423\" src=\"https:\/\/www.annonces-legales.org\/blog\/wp-content\/uploads\/2022\/01\/tribunal-150x150.png\" alt=\"\" width=\"90\" height=\"90\" \/>Toute entreprise qui d\u00e9pend du <strong>greffe du tribunal de Cr\u00e9teil<\/strong> doit y faire ses formalit\u00e9s. Tout d&rsquo;abord, les formalit\u00e9s de cr\u00e9ation. Lorsque la formalit\u00e9 d&rsquo;enregistrement est faite et certifi\u00e9, la structure obtient un num\u00e9ro d&rsquo;enregistrement au RCS: le num\u00e9ro d\u2019immatriculation qui \u00e9tablit la naissance juridique de la soci\u00e9t\u00e9. Ce num\u00e9ro va appara\u00eetre sur le Kbis de la soci\u00e9t\u00e9, information payante que l&rsquo;on peut acheter aupr\u00e8s du greffe du tribunal ou au centre de formalit\u00e9 des entreprises. Mais outre la cr\u00e9ation des entreprises, le greffe de Cr\u00e9teil a d&rsquo;autres pr\u00e9rogatives.<\/p>\n<p>Nous avons rassembl\u00e9 ici l&rsquo;ensemble des renseignements \u00e0 propos du greffe du tribunal de commerce de Cr\u00e9teil.<\/p>\n<p>&nbsp;<\/p>\n<h2><\/h2>\n<h2>Les informations de contact du greffe du tribunal de commerce de Cr\u00e9teil<\/h2>\n<p>Num\u00e9ro du greffe du tribunal de commerce : 01 43 99 10 07<\/p>\n<p>Page web du greffe de Creteil : www.greffe-tc-creteil.fr<\/p>\n<p>Adresse : Immeuble Le Pascal , 94049 CRETEIL CEDEX<\/p>\n<p><div class=\"leaflet-map WPLeafletMap\" style=\"height:250px; width:100%;\"><\/div><script>\nwindow.WPLeafletMapPlugin = window.WPLeafletMapPlugin || [];\nwindow.WPLeafletMapPlugin.push(function WPLeafletMapShortcode() {\/*<script>*\/\nvar baseUrl = atob('aHR0cHM6Ly97c30udGlsZS5vcGVuc3RyZWV0bWFwLm9yZy97en0ve3h9L3t5fS5wbmc=');\nvar base = (!baseUrl && window.MQ) ?\n    window.MQ.mapLayer() : L.tileLayer(baseUrl,\n        L.Util.extend({}, {\n            detectRetina: 0,\n        },\n        {\"subdomains\":\"abc\",\"noWrap\":false,\"maxZoom\":20}        )\n    );\n    var options = L.Util.extend({}, {\n        layers: [base],\n        attributionControl: false\n    },\n    {\"zoomControl\":true,\"scrollWheelZoom\":false,\"doubleClickZoom\":false,\"fitBounds\":false,\"minZoom\":0,\"maxZoom\":20,\"maxBounds\":null,\"attribution\":\"\"},\n    {});\nwindow.WPLeafletMapPlugin.createMap(options).setView([48.780932,2.458556],17);});<\/script> <script>\nwindow.WPLeafletMapPlugin = window.WPLeafletMapPlugin || [];\nwindow.WPLeafletMapPlugin.push(function WPLeafletMarkerShortcode() {\/*<script>*\/\nvar map = window.WPLeafletMapPlugin.getCurrentMap();\nvar group = window.WPLeafletMapPlugin.getCurrentGroup();\nvar marker_options = window.WPLeafletMapPlugin.getIconOptions({});\nvar marker = L.marker(\n    [0,0],\n    marker_options\n);\nvar is_image = map.is_image_map;\n    marker.setLatLng( map.getCenter() );\nif (marker_options.draggable) {\n    marker.on('dragend', function () {\n        var latlng = this.getLatLng();\n        var lat = latlng.lat;\n        var lng = latlng.lng;\n        if (is_image) {\n            console.log('leaflet-marker y=' + lat + ' x=' + lng);\n        } else {\n            console.log('leaflet-marker lat=' + lat + ' lng=' + lng);\n        }\n    });\n}\nmarker.addTo( group );\nmarker.bindPopup(window.WPLeafletMapPlugin.unescape(' Greffe du tribunal de commerce de Creteil ')).openPopup();window.WPLeafletMapPlugin.markers.push( marker );\n        });<\/script><\/p>\n<p>&nbsp;<\/p>\n<h2>Horaires du greffe de Cr\u00e9teil<\/h2>\n<p>Le greffe est ouvert du lundi au vendredi de 9h30 \u00e0 12h30 et de 13h30 \u00e0 16h.<\/p>\n<p>&nbsp;<\/p>\n<h2>Les nombreuses pr\u00e9rogatives du greffe<\/h2>\n<p>Le greffe du tribunal de commerce de Cr\u00e9teil a de nombreuses fonctions notamment aupr\u00e8s des entreprises du Val-de-Marne.<br \/>\nComme dit pr\u00e9cedemment,\u00a0 le greffe r\u00e9ceptionne et authentifie les candidatures pour la cr\u00e9ation de nouvelles soci\u00e9t\u00e9s. C&rsquo;est un interlocuteur r\u00e9current auquel auront affaire les entrepreneurs. Il peut donner des conseils pratiques mais a aussi un r\u00f4le administratif. Il va transmettre des avertissements aux \u00e9tablissements qui n&rsquo;ont pas accompli leur formalit\u00e9 obligatoire comme par exemple la nomination d&rsquo;un commissaire aux comptes. Il va aussi s&rsquo;occuper de l&rsquo;administration et du d\u00e9roulement de la r\u00e9solution de conflits entre\u00a0 fonds de commerce ou soci\u00e9t\u00e9s.<br \/>\nCelui-ci s&rsquo;occupe \u00e9galement du CFE. Il va maintenir et vendre un nombre important de documents sur les entreprises comme leurs statuts sociaux.<\/p>\n<p>&nbsp;<\/p>\n<h2>Comment accomplir l&rsquo;inscription d&rsquo;une entreprise aupr\u00e8s du greffe de Cr\u00e9teil ?<\/h2>\n<p>Afin d&rsquo;inscrire une soci\u00e9t\u00e9, il faut premi\u00e8rement remplir le formulaire pertinent. Cela peut \u00eatre le formulaire P0 ou le M0.<br \/>\nIl faut \u00e9galement rassembler tous les justificatifs demand\u00e9s sur le formulaire. Apr\u00e8s, le dossier peut \u00eatre donn\u00e9 au au greffe du tribunal de commerce ou directement via le site officiel Infogreffe.<\/p>\n<p>Le greffe va contr\u00f4ler la r\u00e9gularit\u00e9 du dossier. Si la demande d&rsquo;inscription est valide, il va transmettre rapidement au gestionnaire de l&rsquo;entreprise son num\u00e9ro d&rsquo;inscription (en quelques semaines) ainsi qu&rsquo;un exemplaire du K-bis de la soci\u00e9t\u00e9. Avec ce K-bis, la soci\u00e9t\u00e9 pourra commencer ses activit\u00e9s.<br \/>\nSi le dossier est incomplet ou si les pi\u00e8ces justificatives ne sont pas corrects, le greffe du tribunal va refuser d&rsquo;immatriculer l&rsquo;entreprise et va demander au cr\u00e9ateur d&rsquo;entreprise de mettre en conformit\u00e9 le dossier sous 15 jours.<\/p>\n<p>L&rsquo;extrait d&rsquo;inscription au registre permettra \u00e0 la soci\u00e9t\u00e9 de pouvoir effectuer les obligations administratives demand\u00e9es aupr\u00e8s des autres institutions de l&rsquo;\u00c9tat pour d\u00e9clarer de la TVA ou r\u00e9diger un contrat de travail.<\/p>\n<p>Dans le futur, tout \u00e9v\u00e9nement consid\u00e9rable qui va se produire dans la soci\u00e9t\u00e9 ou toute \u00e9volution dans son fonctionnement, devra \u00eatre notifi\u00e9 rapidement au registre du commerce et des soci\u00e9t\u00e9s. Cependant, avant d&rsquo;indiquer une modification au greffe, il y aura sans doute d&rsquo;autres formalit\u00e9s \u00e0 faire et dont le greffe ne s&rsquo;occupe pas (par exemple la publication d&rsquo;une annonce l\u00e9gale).<\/p>\n<p>&nbsp;<\/p>\n<h2>Bien comprendre le num\u00e9ro de RCS<\/h2>\n<p>Le num\u00e9ro d&rsquo;inscription donn\u00e9 par le RCS est valable toute la vie de\u00a0 l&rsquo;entreprise. Il ne changera jamais. Ce num\u00e9ro commence toujours par l&rsquo;abr\u00e9viation RCS (qui signifie registre du commerce et des soci\u00e9t\u00e9s). On trouve ensuite le nom de la ville o\u00f9 est enregistr\u00e9e l&rsquo;entreprise. Il y a ensuite une lettre : A pour commer\u00e7ant et D pour une soci\u00e9t\u00e9. Ensuite on trouve le num\u00e9ro de SIREN. Les autoentrepreneurs n&rsquo;ont pas de num\u00e9ro de RCS, seulement un num\u00e9ro de SIREN (et aussi un SIRET).<\/p>\n<p>&nbsp;<\/p>\n<h2>Ressort du tribunal de commerce de Cr\u00e9teil<\/h2>\n<p>&nbsp;<\/p>\n<table  class=\"tg table-striped container-fluid\">\n<tbody>\n<tr>\n<th>Code postal<\/th>\n<th>Commune<\/th>\n<\/tr>\n<tr>\n<td>94480<\/td>\n<td>Ablon-sur-Seine<\/td>\n<\/tr>\n<tr>\n<td>94390<\/td>\n<td>A&eacute;roport de Paris-Orly<\/td>\n<\/tr>\n<tr>\n<td>94140<\/td>\n<td>Alfortville<\/td>\n<\/tr>\n<tr>\n<td>94110<\/td>\n<td>Arcueil<\/td>\n<\/tr>\n<tr>\n<td>94470<\/td>\n<td>Boissy-Saint-L&eacute;ger<\/td>\n<\/tr>\n<tr>\n<td>94380<\/td>\n<td>Bonneuil-sur-Marne<\/td>\n<\/tr>\n<tr>\n<td>94360<\/td>\n<td>Bry-sur-Marne<\/td>\n<\/tr>\n<tr>\n<td>94230<\/td>\n<td>Cachan<\/td>\n<\/tr>\n<tr>\n<td>94500<\/td>\n<td>Champigny-sur-Marne<\/td>\n<\/tr>\n<tr>\n<td>94220<\/td>\n<td>Charenton-le-Pont<\/td>\n<\/tr>\n<tr>\n<td>94430<\/td>\n<td>Chennevi&egrave;res-sur-Marne<\/td>\n<\/tr>\n<tr>\n<td>94550<\/td>\n<td>Chevilly-Larue<\/td>\n<\/tr>\n<tr>\n<td>94600<\/td>\n<td>Choisy-le-Roi<\/td>\n<\/tr>\n<tr>\n<td>94000<\/td>\n<td>Cr&eacute;teil<\/td>\n<\/tr>\n<tr>\n<td>94120<\/td>\n<td>Fontenay-sous-Bois<\/td>\n<\/tr>\n<tr>\n<td>94260<\/td>\n<td>Fresnes<\/td>\n<\/tr>\n<tr>\n<td>94250<\/td>\n<td>Gentilly<\/td>\n<\/tr>\n<tr>\n<td>94200<\/td>\n<td>Ivry-sur-Seine<\/td>\n<\/tr>\n<tr>\n<td>94340<\/td>\n<td>Joinville-le-Pont<\/td>\n<\/tr>\n<tr>\n<td>94240<\/td>\n<td>L&rsquo;Ha&yuml;-les-Roses<\/td>\n<\/tr>\n<tr>\n<td>94510<\/td>\n<td>La Queue-en-Brie<\/td>\n<\/tr>\n<tr>\n<td>94270<\/td>\n<td>Le Kremlin-Bic&ecirc;tre<\/td>\n<\/tr>\n<tr>\n<td>94170<\/td>\n<td>Le Perreux-sur-Marne<\/td>\n<\/tr>\n<tr>\n<td>94420<\/td>\n<td>Le Plessis-Tr&eacute;vise<\/td>\n<\/tr>\n<tr>\n<td>94450<\/td>\n<td>Limeil-Br&eacute;vannes<\/td>\n<\/tr>\n<tr>\n<td>94700<\/td>\n<td>Maisons-Alfort<\/td>\n<\/tr>\n<tr>\n<td>94520<\/td>\n<td>Mandres-les-Roses<\/td>\n<\/tr>\n<tr>\n<td>94440<\/td>\n<td>Marolles-en-Brie<\/td>\n<\/tr>\n<tr>\n<td>94130<\/td>\n<td>Nogent-sur-Marne<\/td>\n<\/tr>\n<tr>\n<td>94370<\/td>\n<td>Noiseau<\/td>\n<\/tr>\n<tr>\n<td>94310<\/td>\n<td>Orly<\/td>\n<\/tr>\n<tr>\n<td>94490<\/td>\n<td>Ormesson-sur-Marne<\/td>\n<\/tr>\n<tr>\n<td>94520<\/td>\n<td>P&eacute;rigny<\/td>\n<\/tr>\n<tr>\n<td>94150<\/td>\n<td>Rungis<\/td>\n<\/tr>\n<tr>\n<td>94160<\/td>\n<td>Saint-Mand&eacute;<\/td>\n<\/tr>\n<tr>\n<td>94100<\/td>\n<td>Saint-Maur-des-Foss&eacute;s<\/td>\n<\/tr>\n<tr>\n<td>94410<\/td>\n<td>Saint-Maurice<\/td>\n<\/tr>\n<tr>\n<td>94440<\/td>\n<td>Santeny<\/td>\n<\/tr>\n<tr>\n<td>94370<\/td>\n<td>Sucy-en-Brie<\/td>\n<\/tr>\n<tr>\n<td>94320<\/td>\n<td>Thiais<\/td>\n<\/tr>\n<tr>\n<td>94460<\/td>\n<td>Valenton<\/td>\n<\/tr>\n<tr>\n<td>94440<\/td>\n<td>Villecresnes<\/td>\n<\/tr>\n<tr>\n<td>94800<\/td>\n<td>Villejuif<\/td>\n<\/tr>\n<tr>\n<td>94290<\/td>\n<td>Villeneuve-le-Roi<\/td>\n<\/tr>\n<tr>\n<td>94190<\/td>\n<td>Villeneuve-Saint-Georges<\/td>\n<\/tr>\n<tr>\n<td>94350<\/td>\n<td>Villiers-sur-Marne<\/td>\n<\/tr>\n<tr>\n<td>94300<\/td>\n<td>Vincennes<\/td>\n<\/tr>\n<tr>\n<td>94400<\/td>\n<td>Vitry-sur-Seine<\/td>\n<\/tr>\n<\/tbody>\n<\/table>\n","protected":false},"excerpt":{"rendered":"<p>Toute entreprise qui d\u00e9pend du greffe du tribunal de Cr\u00e9teil doit y faire ses formalit\u00e9s. Tout d&rsquo;abord, les formalit\u00e9s de [&hellip;]<\/p>\n","protected":false},"author":1,"featured_media":0,"parent":1759,"menu_order":0,"comment_status":"closed","ping_status":"closed","template":"","meta":{"inline_featured_image":false,"footnotes":""},"class_list":["post-1900","page","type-page","status-publish","hentry"],"yoast_head":"<!-- This site is optimized with the Yoast SEO plugin v26.8 - https:\/\/yoast.com\/product\/yoast-seo-wordpress\/ -->\n<title>Greffe du tribunal de commerce de Creteil - Actualit\u00e9 des entreprises<\/title>\n<meta name=\"robots\" content=\"index, follow, max-snippet:-1, max-image-preview:large, max-video-preview:-1\" \/>\n<link rel=\"canonical\" href=\"https:\/\/www.annonces-legales.org\/blog\/greffe\/greffe-du-tribunal-de-commerce-de-creteil\/\" \/>\n<meta property=\"og:locale\" content=\"fr_FR\" \/>\n<meta property=\"og:type\" content=\"article\" \/>\n<meta property=\"og:title\" content=\"Greffe du tribunal de commerce de Creteil - Actualit\u00e9 des entreprises\" \/>\n<meta property=\"og:description\" content=\"Toute entreprise qui d\u00e9pend du greffe du tribunal de Cr\u00e9teil doit y faire ses formalit\u00e9s. Tout d&rsquo;abord, les formalit\u00e9s de [&hellip;]\" \/>\n<meta property=\"og:url\" content=\"https:\/\/www.annonces-legales.org\/blog\/greffe\/greffe-du-tribunal-de-commerce-de-creteil\/\" \/>\n<meta property=\"og:site_name\" content=\"Actualit\u00e9 des entreprises\" \/>\n<meta property=\"article:modified_time\" content=\"2022-02-01T15:35:38+00:00\" \/>\n<meta property=\"og:image\" content=\"https:\/\/www.annonces-legales.org\/blog\/wp-content\/uploads\/2022\/01\/tribunal.png\" \/>\n\t<meta property=\"og:image:width\" content=\"640\" \/>\n\t<meta property=\"og:image:height\" content=\"612\" \/>\n\t<meta property=\"og:image:type\" content=\"image\/png\" \/>\n<meta name=\"twitter:card\" content=\"summary_large_image\" \/>\n<meta name=\"twitter:label1\" content=\"Dur\u00e9e de lecture estim\u00e9e\" \/>\n\t<meta name=\"twitter:data1\" content=\"4 minutes\" \/>\n<script type=\"application\/ld+json\" class=\"yoast-schema-graph\">{\"@context\":\"https:\/\/schema.org\",\"@graph\":[{\"@type\":\"WebPage\",\"@id\":\"https:\/\/www.annonces-legales.org\/blog\/greffe\/greffe-du-tribunal-de-commerce-de-creteil\/\",\"url\":\"https:\/\/www.annonces-legales.org\/blog\/greffe\/greffe-du-tribunal-de-commerce-de-creteil\/\",\"name\":\"Greffe du tribunal de commerce de Creteil - Actualit\u00e9 des entreprises\",\"isPartOf\":{\"@id\":\"https:\/\/www.annonces-legales.org\/blog\/#website\"},\"primaryImageOfPage\":{\"@id\":\"https:\/\/www.annonces-legales.org\/blog\/greffe\/greffe-du-tribunal-de-commerce-de-creteil\/#primaryimage\"},\"image\":{\"@id\":\"https:\/\/www.annonces-legales.org\/blog\/greffe\/greffe-du-tribunal-de-commerce-de-creteil\/#primaryimage\"},\"thumbnailUrl\":\"https:\/\/www.annonces-legales.org\/blog\/wp-content\/uploads\/2022\/01\/tribunal-150x150.png\",\"datePublished\":\"2022-01-22T19:34:49+00:00\",\"dateModified\":\"2022-02-01T15:35:38+00:00\",\"breadcrumb\":{\"@id\":\"https:\/\/www.annonces-legales.org\/blog\/greffe\/greffe-du-tribunal-de-commerce-de-creteil\/#breadcrumb\"},\"inLanguage\":\"fr-FR\",\"potentialAction\":[{\"@type\":\"ReadAction\",\"target\":[\"https:\/\/www.annonces-legales.org\/blog\/greffe\/greffe-du-tribunal-de-commerce-de-creteil\/\"]}]},{\"@type\":\"ImageObject\",\"inLanguage\":\"fr-FR\",\"@id\":\"https:\/\/www.annonces-legales.org\/blog\/greffe\/greffe-du-tribunal-de-commerce-de-creteil\/#primaryimage\",\"url\":\"https:\/\/www.annonces-legales.org\/blog\/wp-content\/uploads\/2022\/01\/tribunal.png\",\"contentUrl\":\"https:\/\/www.annonces-legales.org\/blog\/wp-content\/uploads\/2022\/01\/tribunal.png\",\"width\":640,\"height\":612},{\"@type\":\"BreadcrumbList\",\"@id\":\"https:\/\/www.annonces-legales.org\/blog\/greffe\/greffe-du-tribunal-de-commerce-de-creteil\/#breadcrumb\",\"itemListElement\":[{\"@type\":\"ListItem\",\"position\":1,\"name\":\"Accueil\",\"item\":\"https:\/\/www.annonces-legales.org\/blog\/\"},{\"@type\":\"ListItem\",\"position\":2,\"name\":\"Liste des Greffes des tribunaux de commerce\",\"item\":\"https:\/\/www.annonces-legales.org\/blog\/greffe\/\"},{\"@type\":\"ListItem\",\"position\":3,\"name\":\"Greffe du tribunal de commerce de Creteil\"}]},{\"@type\":\"WebSite\",\"@id\":\"https:\/\/www.annonces-legales.org\/blog\/#website\",\"url\":\"https:\/\/www.annonces-legales.org\/blog\/\",\"name\":\"Actualit\u00e9 des entreprises\",\"description\":\"\",\"publisher\":{\"@id\":\"https:\/\/www.annonces-legales.org\/blog\/#organization\"},\"potentialAction\":[{\"@type\":\"SearchAction\",\"target\":{\"@type\":\"EntryPoint\",\"urlTemplate\":\"https:\/\/www.annonces-legales.org\/blog\/?s={search_term_string}\"},\"query-input\":{\"@type\":\"PropertyValueSpecification\",\"valueRequired\":true,\"valueName\":\"search_term_string\"}}],\"inLanguage\":\"fr-FR\"},{\"@type\":\"Organization\",\"@id\":\"https:\/\/www.annonces-legales.org\/blog\/#organization\",\"name\":\"Actualit\u00e9 des entreprises\",\"url\":\"https:\/\/www.annonces-legales.org\/blog\/\",\"logo\":{\"@type\":\"ImageObject\",\"inLanguage\":\"fr-FR\",\"@id\":\"https:\/\/www.annonces-legales.org\/blog\/#\/schema\/logo\/image\/\",\"url\":\"https:\/\/www.annonces-legales.org\/blog\/wp-content\/uploads\/2023\/08\/annonces-legales.svg\",\"contentUrl\":\"https:\/\/www.annonces-legales.org\/blog\/wp-content\/uploads\/2023\/08\/annonces-legales.svg\",\"caption\":\"Actualit\u00e9 des entreprises\"},\"image\":{\"@id\":\"https:\/\/www.annonces-legales.org\/blog\/#\/schema\/logo\/image\/\"}}]}<\/script>\n<!-- \/ Yoast SEO plugin. -->","yoast_head_json":{"title":"Greffe du tribunal de commerce de Creteil - Actualit\u00e9 des entreprises","robots":{"index":"index","follow":"follow","max-snippet":"max-snippet:-1","max-image-preview":"max-image-preview:large","max-video-preview":"max-video-preview:-1"},"canonical":"https:\/\/www.annonces-legales.org\/blog\/greffe\/greffe-du-tribunal-de-commerce-de-creteil\/","og_locale":"fr_FR","og_type":"article","og_title":"Greffe du tribunal de commerce de Creteil - Actualit\u00e9 des entreprises","og_description":"Toute entreprise qui d\u00e9pend du greffe du tribunal de Cr\u00e9teil doit y faire ses formalit\u00e9s. Tout d&rsquo;abord, les formalit\u00e9s de [&hellip;]","og_url":"https:\/\/www.annonces-legales.org\/blog\/greffe\/greffe-du-tribunal-de-commerce-de-creteil\/","og_site_name":"Actualit\u00e9 des entreprises","article_modified_time":"2022-02-01T15:35:38+00:00","og_image":[{"width":640,"height":612,"url":"https:\/\/www.annonces-legales.org\/blog\/wp-content\/uploads\/2022\/01\/tribunal.png","type":"image\/png"}],"twitter_card":"summary_large_image","twitter_misc":{"Dur\u00e9e de lecture estim\u00e9e":"4 minutes"},"schema":{"@context":"https:\/\/schema.org","@graph":[{"@type":"WebPage","@id":"https:\/\/www.annonces-legales.org\/blog\/greffe\/greffe-du-tribunal-de-commerce-de-creteil\/","url":"https:\/\/www.annonces-legales.org\/blog\/greffe\/greffe-du-tribunal-de-commerce-de-creteil\/","name":"Greffe du tribunal de commerce de Creteil - Actualit\u00e9 des entreprises","isPartOf":{"@id":"https:\/\/www.annonces-legales.org\/blog\/#website"},"primaryImageOfPage":{"@id":"https:\/\/www.annonces-legales.org\/blog\/greffe\/greffe-du-tribunal-de-commerce-de-creteil\/#primaryimage"},"image":{"@id":"https:\/\/www.annonces-legales.org\/blog\/greffe\/greffe-du-tribunal-de-commerce-de-creteil\/#primaryimage"},"thumbnailUrl":"https:\/\/www.annonces-legales.org\/blog\/wp-content\/uploads\/2022\/01\/tribunal-150x150.png","datePublished":"2022-01-22T19:34:49+00:00","dateModified":"2022-02-01T15:35:38+00:00","breadcrumb":{"@id":"https:\/\/www.annonces-legales.org\/blog\/greffe\/greffe-du-tribunal-de-commerce-de-creteil\/#breadcrumb"},"inLanguage":"fr-FR","potentialAction":[{"@type":"ReadAction","target":["https:\/\/www.annonces-legales.org\/blog\/greffe\/greffe-du-tribunal-de-commerce-de-creteil\/"]}]},{"@type":"ImageObject","inLanguage":"fr-FR","@id":"https:\/\/www.annonces-legales.org\/blog\/greffe\/greffe-du-tribunal-de-commerce-de-creteil\/#primaryimage","url":"https:\/\/www.annonces-legales.org\/blog\/wp-content\/uploads\/2022\/01\/tribunal.png","contentUrl":"https:\/\/www.annonces-legales.org\/blog\/wp-content\/uploads\/2022\/01\/tribunal.png","width":640,"height":612},{"@type":"BreadcrumbList","@id":"https:\/\/www.annonces-legales.org\/blog\/greffe\/greffe-du-tribunal-de-commerce-de-creteil\/#breadcrumb","itemListElement":[{"@type":"ListItem","position":1,"name":"Accueil","item":"https:\/\/www.annonces-legales.org\/blog\/"},{"@type":"ListItem","position":2,"name":"Liste des Greffes des tribunaux de commerce","item":"https:\/\/www.annonces-legales.org\/blog\/greffe\/"},{"@type":"ListItem","position":3,"name":"Greffe du tribunal de commerce de Creteil"}]},{"@type":"WebSite","@id":"https:\/\/www.annonces-legales.org\/blog\/#website","url":"https:\/\/www.annonces-legales.org\/blog\/","name":"Actualit\u00e9 des entreprises","description":"","publisher":{"@id":"https:\/\/www.annonces-legales.org\/blog\/#organization"},"potentialAction":[{"@type":"SearchAction","target":{"@type":"EntryPoint","urlTemplate":"https:\/\/www.annonces-legales.org\/blog\/?s={search_term_string}"},"query-input":{"@type":"PropertyValueSpecification","valueRequired":true,"valueName":"search_term_string"}}],"inLanguage":"fr-FR"},{"@type":"Organization","@id":"https:\/\/www.annonces-legales.org\/blog\/#organization","name":"Actualit\u00e9 des entreprises","url":"https:\/\/www.annonces-legales.org\/blog\/","logo":{"@type":"ImageObject","inLanguage":"fr-FR","@id":"https:\/\/www.annonces-legales.org\/blog\/#\/schema\/logo\/image\/","url":"https:\/\/www.annonces-legales.org\/blog\/wp-content\/uploads\/2023\/08\/annonces-legales.svg","contentUrl":"https:\/\/www.annonces-legales.org\/blog\/wp-content\/uploads\/2023\/08\/annonces-legales.svg","caption":"Actualit\u00e9 des entreprises"},"image":{"@id":"https:\/\/www.annonces-legales.org\/blog\/#\/schema\/logo\/image\/"}}]}},"_links":{"self":[{"href":"https:\/\/www.annonces-legales.org\/blog\/wp-json\/wp\/v2\/pages\/1900","targetHints":{"allow":["GET"]}}],"collection":[{"href":"https:\/\/www.annonces-legales.org\/blog\/wp-json\/wp\/v2\/pages"}],"about":[{"href":"https:\/\/www.annonces-legales.org\/blog\/wp-json\/wp\/v2\/types\/page"}],"author":[{"embeddable":true,"href":"https:\/\/www.annonces-legales.org\/blog\/wp-json\/wp\/v2\/users\/1"}],"replies":[{"embeddable":true,"href":"https:\/\/www.annonces-legales.org\/blog\/wp-json\/wp\/v2\/comments?post=1900"}],"version-history":[{"count":6,"href":"https:\/\/www.annonces-legales.org\/blog\/wp-json\/wp\/v2\/pages\/1900\/revisions"}],"predecessor-version":[{"id":2597,"href":"https:\/\/www.annonces-legales.org\/blog\/wp-json\/wp\/v2\/pages\/1900\/revisions\/2597"}],"up":[{"embeddable":true,"href":"https:\/\/www.annonces-legales.org\/blog\/wp-json\/wp\/v2\/pages\/1759"}],"wp:attachment":[{"href":"https:\/\/www.annonces-legales.org\/blog\/wp-json\/wp\/v2\/media?parent=1900"}],"curies":[{"name":"wp","href":"https:\/\/api.w.org\/{rel}","templated":true}]}}