{"id":1918,"date":"2022-01-22T20:38:44","date_gmt":"2022-01-22T19:38:44","guid":{"rendered":"https:\/\/www.annonces-legales.org\/blog\/?page_id=1918"},"modified":"2022-01-25T13:27:43","modified_gmt":"2022-01-25T12:27:43","slug":"greffe-du-tribunal-de-commerce-de-evreux","status":"publish","type":"page","link":"https:\/\/www.annonces-legales.org\/blog\/greffe\/greffe-du-tribunal-de-commerce-de-evreux\/","title":{"rendered":"Greffe du tribunal de commerce d\u2019\u00c9vreux"},"content":{"rendered":"<p>Vous cr\u00e9ez une structure pr\u00e8s de la ville d\u2019\u00c9vreux ? Vous allez \u00eatre oblig\u00e9 de contacter le <strong>greffe d&rsquo;\u00c9vreux<\/strong> afin d&rsquo;effectuer les proc\u00e9dures de cr\u00e9ation de votre soci\u00e9t\u00e9 et les formalit\u00e9s li\u00e9s \u00e0 des mutations dans votre structure.<\/p>\n<p>Voyons ensemble ce que l&rsquo;on peut faire au greffe d\u2019\u00c9vreux et comment le contacter.<\/p>\n<p>&nbsp;<\/p>\n<h2>Coordonn\u00e9es du greffe d\u2019\u00c9vreux<\/h2>\n<p>Vous pouvez joindre le greffe du tribunal de commerce d\u2019\u00c9vreux en composant le <strong>02 32 22 37 20<\/strong><\/p>\n<p>&nbsp;<\/p>\n<p>L&rsquo;adresse du greffe du tribunal de commerce d\u2019\u00c9vreux est :<\/p>\n<p>7 rue de la petite cit\u00e9 BP 382 27003 \u00c9vreux cedex<\/p>\n<p>Page web du greffe d\u2019\u00c9vreux : <em>www.greffe-tc-evreux.fr<\/em><\/p>\n<p>&nbsp;<\/p>\n<h2>Horaires<\/h2>\n<p>Il est autoris\u00e9 d&rsquo;aller au greffe du tribunal de commerce d\u2019\u00c9vreux tous les jours ouvr\u00e9s de la semaine entre 9h-12h et 14h-16h30. Le greffe est ferm\u00e9 le week-end.<\/p>\n<h2><\/h2>\n<h2>Le greffe d\u2019\u00c9vreux<\/h2>\n<p>Le greffe est g\u00e9r\u00e9 par les greffiers. Ce sont des officiers publics et minist\u00e9riels. Cette profession est tr\u00e8s contr\u00f4l\u00e9e car leur mission est vital pour la qualit\u00e9 de l&rsquo;information juridique des soci\u00e9t\u00e9s et pour maintenir une justice \u00e9conomique entre les diff\u00e9rents acteurs.<\/p>\n<p>Le greffe d\u2019\u00c9vreux s&rsquo;occupe de diff\u00e9rentes attributions :<\/p>\n<ul>\n<li>L\u2019accueil des entreprises et du public<\/li>\n<li>La gestion des contentieux commerciaux<\/li>\n<li>Pr\u00e9venir les difficult\u00e9s \u00e9conomique des entreprises<\/li>\n<li>La gestion des proc\u00e9dures collectives<\/li>\n<li>La diffusion de l&rsquo;information sur les soci\u00e9t\u00e9s<\/li>\n<\/ul>\n<p>Le greffe s&rsquo;occupe du registre du commerce et des soci\u00e9t\u00e9s.\u00a0 Le RCS permet l&rsquo;immatriculation des soci\u00e9t\u00e9s en leurs d\u00e9cernant un num\u00e9ro d&rsquo;enregistrement. Cela, en \u00e9change d&rsquo;information sur le fonctionnement et les propri\u00e9taires de la structure.<br \/>\nLe greffe doit \u00eatre s\u00fbr que toutes les pi\u00e8ces et justificatifs essentiels sont inclus et admissibles pour faire une immatriculation. Si le dossier d&rsquo;inscription est valide, cette administration officielle ach\u00e8ve l&rsquo;enregistrement et affecte \u00e0 cette entreprise un num\u00e9ro d&rsquo;immatriculation. Cette data ainsi que de nombreux autres documents peuvent \u00eatre demand\u00e9 au greffe. Cela permet d&rsquo;obtenir des informations v\u00e9rifi\u00e9e sur une entreprise.<\/p>\n<p>Lors des audiences pour r\u00e9gler des contentieux entre des entreprises, les greffiers sont aux premi\u00e8res loges et prennent des notes. Leurs notes serviront au juge plus tard. Il organise \u00e9galement ces audiences.<\/p>\n<p>Au niveau de la pr\u00e9vention des difficult\u00e9s, les greffiers utilisent des logiciels pour d\u00e9tecter les entreprises qui ont actuellement des difficult\u00e9s ou qui pourrait en avoir dans l&rsquo;avenir. Le pr\u00e9sident du tribunal peut alors convoquer les chefs d&rsquo;entreprises pour trouver des solutions ou mettre en place des proc\u00e9dures collectives.<\/p>\n<p>Enfin, le greffe c&rsquo;est aussi l&rsquo;accueil du public pour r\u00e9pondre aux questions pratiques sur les formalit\u00e9s ou sur du juridique.<\/p>\n","protected":false},"excerpt":{"rendered":"<p>Vous cr\u00e9ez une structure pr\u00e8s de la ville d\u2019\u00c9vreux ? Vous allez \u00eatre oblig\u00e9 de contacter le greffe d&rsquo;\u00c9vreux afin [&hellip;]<\/p>\n","protected":false},"author":1,"featured_media":0,"parent":1759,"menu_order":0,"comment_status":"closed","ping_status":"closed","template":"","meta":{"inline_featured_image":false,"footnotes":""},"class_list":["post-1918","page","type-page","status-publish","hentry"],"yoast_head":"<!-- This site is optimized with the Yoast SEO plugin v26.8 - https:\/\/yoast.com\/product\/yoast-seo-wordpress\/ -->\n<title>Greffe du tribunal de commerce d\u2019\u00c9vreux - Actualit\u00e9 des entreprises<\/title>\n<meta name=\"robots\" content=\"index, follow, max-snippet:-1, max-image-preview:large, max-video-preview:-1\" \/>\n<link rel=\"canonical\" href=\"https:\/\/www.annonces-legales.org\/blog\/greffe\/greffe-du-tribunal-de-commerce-de-evreux\/\" \/>\n<meta property=\"og:locale\" content=\"fr_FR\" \/>\n<meta property=\"og:type\" content=\"article\" \/>\n<meta property=\"og:title\" content=\"Greffe du tribunal de commerce d\u2019\u00c9vreux - Actualit\u00e9 des entreprises\" \/>\n<meta property=\"og:description\" content=\"Vous cr\u00e9ez une structure pr\u00e8s de la ville d\u2019\u00c9vreux ? Vous allez \u00eatre oblig\u00e9 de contacter le greffe d&rsquo;\u00c9vreux afin [&hellip;]\" \/>\n<meta property=\"og:url\" content=\"https:\/\/www.annonces-legales.org\/blog\/greffe\/greffe-du-tribunal-de-commerce-de-evreux\/\" \/>\n<meta property=\"og:site_name\" content=\"Actualit\u00e9 des entreprises\" \/>\n<meta property=\"article:modified_time\" content=\"2022-01-25T12:27:43+00:00\" \/>\n<meta name=\"twitter:card\" content=\"summary_large_image\" \/>\n<meta name=\"twitter:label1\" content=\"Dur\u00e9e de lecture estim\u00e9e\" \/>\n\t<meta name=\"twitter:data1\" content=\"2 minutes\" \/>\n<script type=\"application\/ld+json\" class=\"yoast-schema-graph\">{\"@context\":\"https:\/\/schema.org\",\"@graph\":[{\"@type\":\"WebPage\",\"@id\":\"https:\/\/www.annonces-legales.org\/blog\/greffe\/greffe-du-tribunal-de-commerce-de-evreux\/\",\"url\":\"https:\/\/www.annonces-legales.org\/blog\/greffe\/greffe-du-tribunal-de-commerce-de-evreux\/\",\"name\":\"Greffe du tribunal de commerce d\u2019\u00c9vreux - Actualit\u00e9 des entreprises\",\"isPartOf\":{\"@id\":\"https:\/\/www.annonces-legales.org\/blog\/#website\"},\"datePublished\":\"2022-01-22T19:38:44+00:00\",\"dateModified\":\"2022-01-25T12:27:43+00:00\",\"breadcrumb\":{\"@id\":\"https:\/\/www.annonces-legales.org\/blog\/greffe\/greffe-du-tribunal-de-commerce-de-evreux\/#breadcrumb\"},\"inLanguage\":\"fr-FR\",\"potentialAction\":[{\"@type\":\"ReadAction\",\"target\":[\"https:\/\/www.annonces-legales.org\/blog\/greffe\/greffe-du-tribunal-de-commerce-de-evreux\/\"]}]},{\"@type\":\"BreadcrumbList\",\"@id\":\"https:\/\/www.annonces-legales.org\/blog\/greffe\/greffe-du-tribunal-de-commerce-de-evreux\/#breadcrumb\",\"itemListElement\":[{\"@type\":\"ListItem\",\"position\":1,\"name\":\"Accueil\",\"item\":\"https:\/\/www.annonces-legales.org\/blog\/\"},{\"@type\":\"ListItem\",\"position\":2,\"name\":\"Liste des Greffes des tribunaux de commerce\",\"item\":\"https:\/\/www.annonces-legales.org\/blog\/greffe\/\"},{\"@type\":\"ListItem\",\"position\":3,\"name\":\"Greffe du tribunal de commerce d\u2019\u00c9vreux\"}]},{\"@type\":\"WebSite\",\"@id\":\"https:\/\/www.annonces-legales.org\/blog\/#website\",\"url\":\"https:\/\/www.annonces-legales.org\/blog\/\",\"name\":\"Actualit\u00e9 des entreprises\",\"description\":\"\",\"publisher\":{\"@id\":\"https:\/\/www.annonces-legales.org\/blog\/#organization\"},\"potentialAction\":[{\"@type\":\"SearchAction\",\"target\":{\"@type\":\"EntryPoint\",\"urlTemplate\":\"https:\/\/www.annonces-legales.org\/blog\/?s={search_term_string}\"},\"query-input\":{\"@type\":\"PropertyValueSpecification\",\"valueRequired\":true,\"valueName\":\"search_term_string\"}}],\"inLanguage\":\"fr-FR\"},{\"@type\":\"Organization\",\"@id\":\"https:\/\/www.annonces-legales.org\/blog\/#organization\",\"name\":\"Actualit\u00e9 des entreprises\",\"url\":\"https:\/\/www.annonces-legales.org\/blog\/\",\"logo\":{\"@type\":\"ImageObject\",\"inLanguage\":\"fr-FR\",\"@id\":\"https:\/\/www.annonces-legales.org\/blog\/#\/schema\/logo\/image\/\",\"url\":\"https:\/\/www.annonces-legales.org\/blog\/wp-content\/uploads\/2023\/08\/annonces-legales.svg\",\"contentUrl\":\"https:\/\/www.annonces-legales.org\/blog\/wp-content\/uploads\/2023\/08\/annonces-legales.svg\",\"caption\":\"Actualit\u00e9 des entreprises\"},\"image\":{\"@id\":\"https:\/\/www.annonces-legales.org\/blog\/#\/schema\/logo\/image\/\"}}]}<\/script>\n<!-- \/ Yoast SEO plugin. -->","yoast_head_json":{"title":"Greffe du tribunal de commerce d\u2019\u00c9vreux - Actualit\u00e9 des entreprises","robots":{"index":"index","follow":"follow","max-snippet":"max-snippet:-1","max-image-preview":"max-image-preview:large","max-video-preview":"max-video-preview:-1"},"canonical":"https:\/\/www.annonces-legales.org\/blog\/greffe\/greffe-du-tribunal-de-commerce-de-evreux\/","og_locale":"fr_FR","og_type":"article","og_title":"Greffe du tribunal de commerce d\u2019\u00c9vreux - Actualit\u00e9 des entreprises","og_description":"Vous cr\u00e9ez une structure pr\u00e8s de la ville d\u2019\u00c9vreux ? Vous allez \u00eatre oblig\u00e9 de contacter le greffe d&rsquo;\u00c9vreux afin [&hellip;]","og_url":"https:\/\/www.annonces-legales.org\/blog\/greffe\/greffe-du-tribunal-de-commerce-de-evreux\/","og_site_name":"Actualit\u00e9 des entreprises","article_modified_time":"2022-01-25T12:27:43+00:00","twitter_card":"summary_large_image","twitter_misc":{"Dur\u00e9e de lecture estim\u00e9e":"2 minutes"},"schema":{"@context":"https:\/\/schema.org","@graph":[{"@type":"WebPage","@id":"https:\/\/www.annonces-legales.org\/blog\/greffe\/greffe-du-tribunal-de-commerce-de-evreux\/","url":"https:\/\/www.annonces-legales.org\/blog\/greffe\/greffe-du-tribunal-de-commerce-de-evreux\/","name":"Greffe du tribunal de commerce d\u2019\u00c9vreux - Actualit\u00e9 des entreprises","isPartOf":{"@id":"https:\/\/www.annonces-legales.org\/blog\/#website"},"datePublished":"2022-01-22T19:38:44+00:00","dateModified":"2022-01-25T12:27:43+00:00","breadcrumb":{"@id":"https:\/\/www.annonces-legales.org\/blog\/greffe\/greffe-du-tribunal-de-commerce-de-evreux\/#breadcrumb"},"inLanguage":"fr-FR","potentialAction":[{"@type":"ReadAction","target":["https:\/\/www.annonces-legales.org\/blog\/greffe\/greffe-du-tribunal-de-commerce-de-evreux\/"]}]},{"@type":"BreadcrumbList","@id":"https:\/\/www.annonces-legales.org\/blog\/greffe\/greffe-du-tribunal-de-commerce-de-evreux\/#breadcrumb","itemListElement":[{"@type":"ListItem","position":1,"name":"Accueil","item":"https:\/\/www.annonces-legales.org\/blog\/"},{"@type":"ListItem","position":2,"name":"Liste des Greffes des tribunaux de commerce","item":"https:\/\/www.annonces-legales.org\/blog\/greffe\/"},{"@type":"ListItem","position":3,"name":"Greffe du tribunal de commerce d\u2019\u00c9vreux"}]},{"@type":"WebSite","@id":"https:\/\/www.annonces-legales.org\/blog\/#website","url":"https:\/\/www.annonces-legales.org\/blog\/","name":"Actualit\u00e9 des entreprises","description":"","publisher":{"@id":"https:\/\/www.annonces-legales.org\/blog\/#organization"},"potentialAction":[{"@type":"SearchAction","target":{"@type":"EntryPoint","urlTemplate":"https:\/\/www.annonces-legales.org\/blog\/?s={search_term_string}"},"query-input":{"@type":"PropertyValueSpecification","valueRequired":true,"valueName":"search_term_string"}}],"inLanguage":"fr-FR"},{"@type":"Organization","@id":"https:\/\/www.annonces-legales.org\/blog\/#organization","name":"Actualit\u00e9 des entreprises","url":"https:\/\/www.annonces-legales.org\/blog\/","logo":{"@type":"ImageObject","inLanguage":"fr-FR","@id":"https:\/\/www.annonces-legales.org\/blog\/#\/schema\/logo\/image\/","url":"https:\/\/www.annonces-legales.org\/blog\/wp-content\/uploads\/2023\/08\/annonces-legales.svg","contentUrl":"https:\/\/www.annonces-legales.org\/blog\/wp-content\/uploads\/2023\/08\/annonces-legales.svg","caption":"Actualit\u00e9 des entreprises"},"image":{"@id":"https:\/\/www.annonces-legales.org\/blog\/#\/schema\/logo\/image\/"}}]}},"_links":{"self":[{"href":"https:\/\/www.annonces-legales.org\/blog\/wp-json\/wp\/v2\/pages\/1918","targetHints":{"allow":["GET"]}}],"collection":[{"href":"https:\/\/www.annonces-legales.org\/blog\/wp-json\/wp\/v2\/pages"}],"about":[{"href":"https:\/\/www.annonces-legales.org\/blog\/wp-json\/wp\/v2\/types\/page"}],"author":[{"embeddable":true,"href":"https:\/\/www.annonces-legales.org\/blog\/wp-json\/wp\/v2\/users\/1"}],"replies":[{"embeddable":true,"href":"https:\/\/www.annonces-legales.org\/blog\/wp-json\/wp\/v2\/comments?post=1918"}],"version-history":[{"count":3,"href":"https:\/\/www.annonces-legales.org\/blog\/wp-json\/wp\/v2\/pages\/1918\/revisions"}],"predecessor-version":[{"id":2344,"href":"https:\/\/www.annonces-legales.org\/blog\/wp-json\/wp\/v2\/pages\/1918\/revisions\/2344"}],"up":[{"embeddable":true,"href":"https:\/\/www.annonces-legales.org\/blog\/wp-json\/wp\/v2\/pages\/1759"}],"wp:attachment":[{"href":"https:\/\/www.annonces-legales.org\/blog\/wp-json\/wp\/v2\/media?parent=1918"}],"curies":[{"name":"wp","href":"https:\/\/api.w.org\/{rel}","templated":true}]}}