{"id":1924,"date":"2022-01-22T20:39:56","date_gmt":"2022-01-22T19:39:56","guid":{"rendered":"https:\/\/www.annonces-legales.org\/blog\/?page_id=1924"},"modified":"2022-01-22T20:39:56","modified_gmt":"2022-01-22T19:39:56","slug":"greffe-du-tribunal-de-commerce-de-fort-de-france","status":"publish","type":"page","link":"https:\/\/www.annonces-legales.org\/blog\/greffe\/greffe-du-tribunal-de-commerce-de-fort-de-france\/","title":{"rendered":"Greffe du tribunal de commerce de Fort-De-France"},"content":{"rendered":"<p>Le greffe permet \u00e0 la fois aux apporteurs de projets d&rsquo;enregistrer leur soci\u00e9t\u00e9 mais aussi d&rsquo;effectuer les formalit\u00e9s vitales pour le fonctionnement de leur entreprise.<br \/>\nVous allez voir sur cette page l&rsquo;ensemble des informations indispensables afin de faire vos d\u00e9marches administratives avec le greffe du tribunal de commerce de Fort-De-France que l&rsquo;on trouve dans la r\u00e9gion Martinique.<\/p>\n<h2>\n<p>De quelle mani\u00e8re contacter le greffe ?<br \/>\n<\/h2>\n<p>Afin de contacter le greffe de Fort-De-France, vous pouvez utiliser le t\u00e9l\u00e9phone ou leur site Internet.<br \/>\n<\/br><\/br><br \/>\nAdresse postale:  35, Bd Du General De Gaulle 97200 FORT DE FRANCE <div class=\"leaflet-map WPLeafletMap\" style=\"height:250px; width:100%;\"><\/div><script>\nwindow.WPLeafletMapPlugin = window.WPLeafletMapPlugin || [];\nwindow.WPLeafletMapPlugin.push(function WPLeafletMapShortcode() {\/*<script>*\/\nvar baseUrl = atob('aHR0cHM6Ly97c30udGlsZS5vcGVuc3RyZWV0bWFwLm9yZy97en0ve3h9L3t5fS5wbmc=');\nvar base = (!baseUrl && window.MQ) ?\n    window.MQ.mapLayer() : L.tileLayer(baseUrl,\n        L.Util.extend({}, {\n            detectRetina: 0,\n        },\n        {\"subdomains\":\"abc\",\"noWrap\":false,\"maxZoom\":20}        )\n    );\n    var options = L.Util.extend({}, {\n        layers: [base],\n        attributionControl: false\n    },\n    {\"zoomControl\":true,\"scrollWheelZoom\":false,\"doubleClickZoom\":false,\"fitBounds\":false,\"minZoom\":0,\"maxZoom\":20,\"maxBounds\":null,\"attribution\":\"\"},\n    {});\nwindow.WPLeafletMapPlugin.createMap(options).setView([14.607349,-61.07014],17);});<\/script> <script>\nwindow.WPLeafletMapPlugin = window.WPLeafletMapPlugin || [];\nwindow.WPLeafletMapPlugin.push(function WPLeafletMarkerShortcode() {\/*<script>*\/\nvar map = window.WPLeafletMapPlugin.getCurrentMap();\nvar group = window.WPLeafletMapPlugin.getCurrentGroup();\nvar marker_options = window.WPLeafletMapPlugin.getIconOptions({});\nvar marker = L.marker(\n    [0,0],\n    marker_options\n);\nvar is_image = map.is_image_map;\n    marker.setLatLng( map.getCenter() );\nif (marker_options.draggable) {\n    marker.on('dragend', function () {\n        var latlng = this.getLatLng();\n        var lat = latlng.lat;\n        var lng = latlng.lng;\n        if (is_image) {\n            console.log('leaflet-marker y=' + lat + ' x=' + lng);\n        } else {\n            console.log('leaflet-marker lat=' + lat + ' lng=' + lng);\n        }\n    });\n}\nmarker.addTo( group );\nmarker.bindPopup(window.WPLeafletMapPlugin.unescape(' Greffe du tribunal de commerce de Fort-De-France ')).openPopup();window.WPLeafletMapPlugin.markers.push( marker );\n        });<\/script> <\/br><br \/>\nLigne t\u00e9l\u00e9phonique :0596441190 <\/br><br \/>\nPage web :  <\/br><\/p>\n<h2>\n<p>Horaires<\/p>\n<\/h2>\n<p>Nous avons r\u00e9uni ici les heures d&rsquo;ouverture du greffe du tribunal de commerce:<\/p>\n<h2>\n<p>Quels sont les pr\u00e9rogatives assur\u00e9s par le greffe de Fort-De-France ?<br \/>\n<\/h2>\n<p>Le greffe de Fort-De-France a pour objectif de recueillir et de certifier tous les enregistrements au registre des soci\u00e9t\u00e9s. Ainsi, le registre du commerce est une data que va g\u00e9rer cette entit\u00e9. Il faut \u00eatre s\u00fbr que toutes les pi\u00e8ces et justificatifs obligatoires sont disponibles et recevables. Si le dossier d&rsquo;enregistrement est valide, cette administration juridique r\u00e9alise l&rsquo;enregistrement et communique \u00e0 la soci\u00e9t\u00e9 un num\u00e9ro d&rsquo;inscription qu&rsquo;on nomme le SIRET.<\/p>\n<p>La deuxi\u00e8me activit\u00e9 du greffe de Fort-De-France est d&rsquo;archiver et de diffuser des informations officielles sur les entreprises du d\u00e9partement. Le greffe du tribunal de commerce va ainsi \u00e9tudier la justesse et l&rsquo;authenticit\u00e9 de l&rsquo;int\u00e9gralit\u00e9 des donn\u00e9es pr\u00e9sentess dans les statuts des soci\u00e9t\u00e9s. Il va aussi fournir le K-bis si n\u00e9cessaire.<\/p>\n<h2>\n<p>Quel type d&rsquo;entreprise requiert un num\u00e9ro d&rsquo;immatriculation ?<\/h2>\n<p>La totali\u00e9 des entreprises qui font un profit ou qui vendent des produits doivent s&rsquo;enregistrer avec le RCS. <\/p>\n<p>Toutes les soci\u00e9t\u00e9s ayant d\u00e9pos\u00e9 des statuts l\u00e9gaux mais \u00e9galement les micro-entreprises vont donc devoir s&rsquo;inscrire.<\/p>\n<h2>\nQuand demander un num\u00e9ro d&rsquo;inscription pour sa soci\u00e9t\u00e9 ?<\/h2>\n<p>L&rsquo;inscription de la soci\u00e9t\u00e9 est l&rsquo;ultime \u00e9tape de constitution de l&rsquo;entreprise.<br \/>\nAvant de faire appel au greffe pour faire l&rsquo;enregistrement de l&rsquo;entreprise, il est important de bien avoir effectu\u00e9 au pr\u00e9alable les d\u00e9marches appropri\u00e9es (signature des statuts juridiques de l&rsquo;entreprise, insertion d&rsquo;un avis de constitution, d\u00e9p\u00f4t du capital&#8230;). <\/p>\n","protected":false},"excerpt":{"rendered":"<p>Le greffe permet \u00e0 la fois aux apporteurs de projets d&rsquo;enregistrer leur soci\u00e9t\u00e9 mais aussi d&rsquo;effectuer les formalit\u00e9s vitales pour [&hellip;]<\/p>\n","protected":false},"author":1,"featured_media":0,"parent":1759,"menu_order":0,"comment_status":"closed","ping_status":"closed","template":"","meta":{"inline_featured_image":false,"footnotes":""},"class_list":["post-1924","page","type-page","status-publish","hentry"],"yoast_head":"<!-- This site is optimized with the Yoast SEO plugin v26.8 - https:\/\/yoast.com\/product\/yoast-seo-wordpress\/ -->\n<title>Greffe du tribunal de commerce de Fort-De-France - Actualit\u00e9 des entreprises<\/title>\n<meta name=\"robots\" content=\"index, follow, max-snippet:-1, max-image-preview:large, max-video-preview:-1\" \/>\n<link rel=\"canonical\" href=\"https:\/\/www.annonces-legales.org\/blog\/greffe\/greffe-du-tribunal-de-commerce-de-fort-de-france\/\" \/>\n<meta property=\"og:locale\" content=\"fr_FR\" \/>\n<meta property=\"og:type\" content=\"article\" \/>\n<meta property=\"og:title\" content=\"Greffe du tribunal de commerce de Fort-De-France - Actualit\u00e9 des entreprises\" \/>\n<meta property=\"og:description\" content=\"Le greffe permet \u00e0 la fois aux apporteurs de projets d&rsquo;enregistrer leur soci\u00e9t\u00e9 mais aussi d&rsquo;effectuer les formalit\u00e9s vitales pour [&hellip;]\" \/>\n<meta property=\"og:url\" content=\"https:\/\/www.annonces-legales.org\/blog\/greffe\/greffe-du-tribunal-de-commerce-de-fort-de-france\/\" \/>\n<meta property=\"og:site_name\" content=\"Actualit\u00e9 des entreprises\" \/>\n<meta name=\"twitter:card\" content=\"summary_large_image\" \/>\n<meta name=\"twitter:label1\" content=\"Dur\u00e9e de lecture estim\u00e9e\" \/>\n\t<meta name=\"twitter:data1\" content=\"2 minutes\" \/>\n<script type=\"application\/ld+json\" class=\"yoast-schema-graph\">{\"@context\":\"https:\/\/schema.org\",\"@graph\":[{\"@type\":\"WebPage\",\"@id\":\"https:\/\/www.annonces-legales.org\/blog\/greffe\/greffe-du-tribunal-de-commerce-de-fort-de-france\/\",\"url\":\"https:\/\/www.annonces-legales.org\/blog\/greffe\/greffe-du-tribunal-de-commerce-de-fort-de-france\/\",\"name\":\"Greffe du tribunal de commerce de Fort-De-France - Actualit\u00e9 des entreprises\",\"isPartOf\":{\"@id\":\"https:\/\/www.annonces-legales.org\/blog\/#website\"},\"datePublished\":\"2022-01-22T19:39:56+00:00\",\"breadcrumb\":{\"@id\":\"https:\/\/www.annonces-legales.org\/blog\/greffe\/greffe-du-tribunal-de-commerce-de-fort-de-france\/#breadcrumb\"},\"inLanguage\":\"fr-FR\",\"potentialAction\":[{\"@type\":\"ReadAction\",\"target\":[\"https:\/\/www.annonces-legales.org\/blog\/greffe\/greffe-du-tribunal-de-commerce-de-fort-de-france\/\"]}]},{\"@type\":\"BreadcrumbList\",\"@id\":\"https:\/\/www.annonces-legales.org\/blog\/greffe\/greffe-du-tribunal-de-commerce-de-fort-de-france\/#breadcrumb\",\"itemListElement\":[{\"@type\":\"ListItem\",\"position\":1,\"name\":\"Accueil\",\"item\":\"https:\/\/www.annonces-legales.org\/blog\/\"},{\"@type\":\"ListItem\",\"position\":2,\"name\":\"Liste des Greffes des tribunaux de commerce\",\"item\":\"https:\/\/www.annonces-legales.org\/blog\/greffe\/\"},{\"@type\":\"ListItem\",\"position\":3,\"name\":\"Greffe du tribunal de commerce de Fort-De-France\"}]},{\"@type\":\"WebSite\",\"@id\":\"https:\/\/www.annonces-legales.org\/blog\/#website\",\"url\":\"https:\/\/www.annonces-legales.org\/blog\/\",\"name\":\"Actualit\u00e9 des entreprises\",\"description\":\"\",\"publisher\":{\"@id\":\"https:\/\/www.annonces-legales.org\/blog\/#organization\"},\"potentialAction\":[{\"@type\":\"SearchAction\",\"target\":{\"@type\":\"EntryPoint\",\"urlTemplate\":\"https:\/\/www.annonces-legales.org\/blog\/?s={search_term_string}\"},\"query-input\":{\"@type\":\"PropertyValueSpecification\",\"valueRequired\":true,\"valueName\":\"search_term_string\"}}],\"inLanguage\":\"fr-FR\"},{\"@type\":\"Organization\",\"@id\":\"https:\/\/www.annonces-legales.org\/blog\/#organization\",\"name\":\"Actualit\u00e9 des entreprises\",\"url\":\"https:\/\/www.annonces-legales.org\/blog\/\",\"logo\":{\"@type\":\"ImageObject\",\"inLanguage\":\"fr-FR\",\"@id\":\"https:\/\/www.annonces-legales.org\/blog\/#\/schema\/logo\/image\/\",\"url\":\"https:\/\/www.annonces-legales.org\/blog\/wp-content\/uploads\/2023\/08\/annonces-legales.svg\",\"contentUrl\":\"https:\/\/www.annonces-legales.org\/blog\/wp-content\/uploads\/2023\/08\/annonces-legales.svg\",\"caption\":\"Actualit\u00e9 des entreprises\"},\"image\":{\"@id\":\"https:\/\/www.annonces-legales.org\/blog\/#\/schema\/logo\/image\/\"}}]}<\/script>\n<!-- \/ Yoast SEO plugin. -->","yoast_head_json":{"title":"Greffe du tribunal de commerce de Fort-De-France - Actualit\u00e9 des entreprises","robots":{"index":"index","follow":"follow","max-snippet":"max-snippet:-1","max-image-preview":"max-image-preview:large","max-video-preview":"max-video-preview:-1"},"canonical":"https:\/\/www.annonces-legales.org\/blog\/greffe\/greffe-du-tribunal-de-commerce-de-fort-de-france\/","og_locale":"fr_FR","og_type":"article","og_title":"Greffe du tribunal de commerce de Fort-De-France - Actualit\u00e9 des entreprises","og_description":"Le greffe permet \u00e0 la fois aux apporteurs de projets d&rsquo;enregistrer leur soci\u00e9t\u00e9 mais aussi d&rsquo;effectuer les formalit\u00e9s vitales pour [&hellip;]","og_url":"https:\/\/www.annonces-legales.org\/blog\/greffe\/greffe-du-tribunal-de-commerce-de-fort-de-france\/","og_site_name":"Actualit\u00e9 des entreprises","twitter_card":"summary_large_image","twitter_misc":{"Dur\u00e9e de lecture estim\u00e9e":"2 minutes"},"schema":{"@context":"https:\/\/schema.org","@graph":[{"@type":"WebPage","@id":"https:\/\/www.annonces-legales.org\/blog\/greffe\/greffe-du-tribunal-de-commerce-de-fort-de-france\/","url":"https:\/\/www.annonces-legales.org\/blog\/greffe\/greffe-du-tribunal-de-commerce-de-fort-de-france\/","name":"Greffe du tribunal de commerce de Fort-De-France - Actualit\u00e9 des entreprises","isPartOf":{"@id":"https:\/\/www.annonces-legales.org\/blog\/#website"},"datePublished":"2022-01-22T19:39:56+00:00","breadcrumb":{"@id":"https:\/\/www.annonces-legales.org\/blog\/greffe\/greffe-du-tribunal-de-commerce-de-fort-de-france\/#breadcrumb"},"inLanguage":"fr-FR","potentialAction":[{"@type":"ReadAction","target":["https:\/\/www.annonces-legales.org\/blog\/greffe\/greffe-du-tribunal-de-commerce-de-fort-de-france\/"]}]},{"@type":"BreadcrumbList","@id":"https:\/\/www.annonces-legales.org\/blog\/greffe\/greffe-du-tribunal-de-commerce-de-fort-de-france\/#breadcrumb","itemListElement":[{"@type":"ListItem","position":1,"name":"Accueil","item":"https:\/\/www.annonces-legales.org\/blog\/"},{"@type":"ListItem","position":2,"name":"Liste des Greffes des tribunaux de commerce","item":"https:\/\/www.annonces-legales.org\/blog\/greffe\/"},{"@type":"ListItem","position":3,"name":"Greffe du tribunal de commerce de Fort-De-France"}]},{"@type":"WebSite","@id":"https:\/\/www.annonces-legales.org\/blog\/#website","url":"https:\/\/www.annonces-legales.org\/blog\/","name":"Actualit\u00e9 des entreprises","description":"","publisher":{"@id":"https:\/\/www.annonces-legales.org\/blog\/#organization"},"potentialAction":[{"@type":"SearchAction","target":{"@type":"EntryPoint","urlTemplate":"https:\/\/www.annonces-legales.org\/blog\/?s={search_term_string}"},"query-input":{"@type":"PropertyValueSpecification","valueRequired":true,"valueName":"search_term_string"}}],"inLanguage":"fr-FR"},{"@type":"Organization","@id":"https:\/\/www.annonces-legales.org\/blog\/#organization","name":"Actualit\u00e9 des entreprises","url":"https:\/\/www.annonces-legales.org\/blog\/","logo":{"@type":"ImageObject","inLanguage":"fr-FR","@id":"https:\/\/www.annonces-legales.org\/blog\/#\/schema\/logo\/image\/","url":"https:\/\/www.annonces-legales.org\/blog\/wp-content\/uploads\/2023\/08\/annonces-legales.svg","contentUrl":"https:\/\/www.annonces-legales.org\/blog\/wp-content\/uploads\/2023\/08\/annonces-legales.svg","caption":"Actualit\u00e9 des entreprises"},"image":{"@id":"https:\/\/www.annonces-legales.org\/blog\/#\/schema\/logo\/image\/"}}]}},"_links":{"self":[{"href":"https:\/\/www.annonces-legales.org\/blog\/wp-json\/wp\/v2\/pages\/1924","targetHints":{"allow":["GET"]}}],"collection":[{"href":"https:\/\/www.annonces-legales.org\/blog\/wp-json\/wp\/v2\/pages"}],"about":[{"href":"https:\/\/www.annonces-legales.org\/blog\/wp-json\/wp\/v2\/types\/page"}],"author":[{"embeddable":true,"href":"https:\/\/www.annonces-legales.org\/blog\/wp-json\/wp\/v2\/users\/1"}],"replies":[{"embeddable":true,"href":"https:\/\/www.annonces-legales.org\/blog\/wp-json\/wp\/v2\/comments?post=1924"}],"version-history":[{"count":1,"href":"https:\/\/www.annonces-legales.org\/blog\/wp-json\/wp\/v2\/pages\/1924\/revisions"}],"predecessor-version":[{"id":1925,"href":"https:\/\/www.annonces-legales.org\/blog\/wp-json\/wp\/v2\/pages\/1924\/revisions\/1925"}],"up":[{"embeddable":true,"href":"https:\/\/www.annonces-legales.org\/blog\/wp-json\/wp\/v2\/pages\/1759"}],"wp:attachment":[{"href":"https:\/\/www.annonces-legales.org\/blog\/wp-json\/wp\/v2\/media?parent=1924"}],"curies":[{"name":"wp","href":"https:\/\/api.w.org\/{rel}","templated":true}]}}