{"id":1932,"date":"2022-01-22T20:41:38","date_gmt":"2022-01-22T19:41:38","guid":{"rendered":"https:\/\/www.annonces-legales.org\/blog\/?page_id=1932"},"modified":"2022-02-01T16:30:38","modified_gmt":"2022-02-01T15:30:38","slug":"greffe-du-tribunal-de-commerce-de-grenoble","status":"publish","type":"page","link":"https:\/\/www.annonces-legales.org\/blog\/greffe\/greffe-du-tribunal-de-commerce-de-grenoble\/","title":{"rendered":"Greffe du tribunal de commerce de Grenoble"},"content":{"rendered":"<p><img loading=\"lazy\" decoding=\"async\" class=\"alignleft wp-image-2423\" src=\"https:\/\/www.annonces-legales.org\/blog\/wp-content\/uploads\/2022\/01\/tribunal-150x150.png\" alt=\"\" width=\"75\" height=\"75\" \/>Vous allez trouver sur cette page la plupart des informations importantes concernant le <strong>greffe du tribunal de commerce de Grenoble<\/strong>. Vous pourrez consulter les infos de contact de ce greffe mais aussi des informations sur les d\u00e9marches, la cr\u00e9ation d&rsquo;une entreprise et les formalit\u00e9s de modification des statuts juridiques pour les <strong>entreprises enregistr\u00e9es dans la ville de Grenoble<\/strong>.<\/p>\n<p>&nbsp;<\/p>\n<h2>Contacter le greffe de Grenoble<\/h2>\n<p>Pour consulter le greffe du tribunal de commerce de Grenoble, vous pouvez utiliser le t\u00e9l\u00e9phone ou leur site Internet.<\/p>\n<p><strong>Ligne t\u00e9l\u00e9phonique<\/strong> :04 56 58 50 50<br \/>\n<strong>Url<\/strong> : www.greffe-tc-grenoble.fr<br \/>\n<strong>Adresse<\/strong> : Place Firmin Gautier , 38019 GRENOBLE CEDEX 1<\/p>\n<p><div class=\"leaflet-map WPLeafletMap\" style=\"height:250px; width:100%;\"><\/div><script>\nwindow.WPLeafletMapPlugin = window.WPLeafletMapPlugin || [];\nwindow.WPLeafletMapPlugin.push(function WPLeafletMapShortcode() {\/*<script>*\/\nvar baseUrl = atob('aHR0cHM6Ly97c30udGlsZS5vcGVuc3RyZWV0bWFwLm9yZy97en0ve3h9L3t5fS5wbmc=');\nvar base = (!baseUrl && window.MQ) ?\n    window.MQ.mapLayer() : L.tileLayer(baseUrl,\n        L.Util.extend({}, {\n            detectRetina: 0,\n        },\n        {\"subdomains\":\"abc\",\"noWrap\":false,\"maxZoom\":20}        )\n    );\n    var options = L.Util.extend({}, {\n        layers: [base],\n        attributionControl: false\n    },\n    {\"zoomControl\":true,\"scrollWheelZoom\":false,\"doubleClickZoom\":false,\"fitBounds\":false,\"minZoom\":0,\"maxZoom\":20,\"maxBounds\":null,\"attribution\":\"\"},\n    {});\nwindow.WPLeafletMapPlugin.createMap(options).setView([45.191137,5.711452],17);});<\/script> <script>\nwindow.WPLeafletMapPlugin = window.WPLeafletMapPlugin || [];\nwindow.WPLeafletMapPlugin.push(function WPLeafletMarkerShortcode() {\/*<script>*\/\nvar map = window.WPLeafletMapPlugin.getCurrentMap();\nvar group = window.WPLeafletMapPlugin.getCurrentGroup();\nvar marker_options = window.WPLeafletMapPlugin.getIconOptions({});\nvar marker = L.marker(\n    [0,0],\n    marker_options\n);\nvar is_image = map.is_image_map;\n    marker.setLatLng( map.getCenter() );\nif (marker_options.draggable) {\n    marker.on('dragend', function () {\n        var latlng = this.getLatLng();\n        var lat = latlng.lat;\n        var lng = latlng.lng;\n        if (is_image) {\n            console.log('leaflet-marker y=' + lat + ' x=' + lng);\n        } else {\n            console.log('leaflet-marker lat=' + lat + ' lng=' + lng);\n        }\n    });\n}\nmarker.addTo( group );\nmarker.bindPopup(window.WPLeafletMapPlugin.unescape(' Greffe du tribunal de commerce de Grenoble ')).openPopup();window.WPLeafletMapPlugin.markers.push( marker );\n        });<\/script><\/p>\n<p>&nbsp;<\/p>\n<h2>Acc\u00e9der au greffe en transport<\/h2>\n<p>L&rsquo;acc\u00e8s au tribunal peut se faire en tramway en utilisant la ligne B et en s\u2019arr\u00eatant \u00e0 la station Firmin Gauthier. La gare SNCF n&rsquo;est pas tr\u00e8s loin du Greffe.<\/p>\n<p>&nbsp;<\/p>\n<h2>Horaires d&rsquo;ouverture du greffe<\/h2>\n<p>Il est envisageable de se rendre au greffe du tribunal de commerce chaque jour ouvr\u00e9 de la semaine de 9h00 \u00e0 12h00 et de 13h30 \u00e0 16h00.<\/p>\n<p>&nbsp;<\/p>\n<h2>Quel est le r\u00f4le du greffe du tribunal de commerce de Grenoble ?<\/h2>\n<p>Le greffe du tribunal de commerce de Grenoble est un interlocuteur incontournable pour l&rsquo;ensemble des entreprises de l&rsquo;Is\u00e8re . Les entrepreneurs qui choisit de vivre dans le d\u00e9partement de Is\u00e8re et qui souhaitent fonder leur soci\u00e9t\u00e9 doivent faire l&rsquo;ensemble de leurs formalit\u00e9s obligatoires avec le registre de commerce et des soci\u00e9t\u00e9s de ce greffe.<\/p>\n<p>L&rsquo;enregistrement d&rsquo;une structure n&rsquo;est pas le seul service offert par le greffe du tribunal de commerce de Grenoble. Il va \u00e9galement se charger d&rsquo;\u00e9couter les entrepreneurs pour combler leurs demandes quand celles-ci sont raisonnables. Il va \u00e9galement collecter les nouveaux statuts juridiques des entreprises (que l&rsquo;on peut commander), leurs comptes et les b\u00e9n\u00e9ficiaires effectifs au RBE.<br \/>\nL&rsquo;arr\u00eat des activit\u00e9s d&rsquo;une soci\u00e9t\u00e9 (d\u00e9p\u00f4t de bilan, dissolution&#8230;) va aussi solliciter l&rsquo;appui du greffe.<\/p>\n<p>&nbsp;<\/p>\n<h2>Immatriculation au RCS de Grenoble<\/h2>\n<p>Le greffe de Grenoble s&rsquo;occupe du\u00a0 registre du commerce et des soci\u00e9t\u00e9s.<br \/>\nLes entreprises Grenobloises doivent apporter un dossier complet pour proc\u00e9der \u00e0 l&rsquo;enregistrement de leur structure. Pour avoir un dossier complet, il y aura des formalit\u00e9s \u00e0 faire juste avant.<\/p>\n<p>Ce dossier doit inclure un formulaire cerfa et doit comprendre les pi\u00e8ces justificatives n\u00e9cessaires. Si le dossier n&rsquo;est pas complet ou comprend une faute d&rsquo;orthographe, la demande d&rsquo;enregistrement sera \u00e9cart\u00e9e par le greffe du tribunal de commerce.<\/p>\n<p>Pour faire l&rsquo;enregistrement, il faut vous rendre au RCS ou envoyer le dossier complet via internet ou par courrier postal.<\/p>\n<p>Si l&rsquo;enregistrement de la soci\u00e9t\u00e9 est accept\u00e9 par le greffe de Grenoble, il va se charger de contacter l&rsquo;int\u00e9gralit\u00e9 des organismes \u00e9tatiques comme les ASSEDICs afin de leur annoncer la cr\u00e9ation de la soci\u00e9t\u00e9.<\/p>\n<p>En plus des frais li\u00e9s \u00e0 la <a href=\"https:\/\/www.annonces-legales.org\/blog\/avis-de-constitution\/\">publication d&rsquo;un avis de constitution<\/a> et \u00e0 la r\u00e9daction des statuts, il est n\u00e9cessaire de payer des frais administratifs pour eu RCS. Ces frais sont de 25 \u20ac \u00e0 70 \u20ac selon la forme juridique choisie. Il est important de pr\u00e9ciser que les artisans devront \u00e9galement s&rsquo;inscrire aupr\u00e8s du registre des m\u00e9tiers, ce qui peut engendrer des co\u00fbts suppl\u00e9mentaires.<\/p>\n<p>Quand l&rsquo;inscription est valid\u00e9 par le greffe de Grenoble, un extrait K-bis est envoy\u00e9. Il contiendra un num\u00e9ro de SIREN et de SIRET.<\/p>\n<p>&nbsp;<\/p>\n<h2>SIRET et SIREN, parle-t-on du m\u00eame num\u00e9ro ?<\/h2>\n<p>Le num\u00e9ro de SIREN est attribu\u00e9 par l&rsquo;INSEE apr\u00e8s l&rsquo;inscription. Il s&rsquo;agit d&rsquo;un num\u00e9ro qui permet d&rsquo;identifier chaque soci\u00e9t\u00e9. Pour obtenir le SIRET, on lui ajoute un chiffre qui permet de distinguer les diff\u00e9rentes structures (adresses des diff\u00e9rents \u00e9tablissements) de la soci\u00e9t\u00e9.<\/p>\n<p>&nbsp;<\/p>\n<h2>Comment modifier le num\u00e9ro de SIRET de son entreprise ?<\/h2>\n<p>Le num\u00e9ro de SIREN correspond \u00e0 une entreprise tandis que le num\u00e9ro de SIRET correspond \u00e0 l&rsquo;un de ses \u00e9tablissements. Le num\u00e9ro de SIREN ne peut jamais \u00eatre modifi\u00e9.<br \/>\nLe num\u00e9ro de SIRET est compos\u00e9 du num\u00e9ro de SIREN suivi du code NIC (num\u00e9ro interne de classement). Le code NIC (de cinq chiffres) peut \u00eatre modifi\u00e9 <strong>si l&rsquo;\u00e9tablissement d&rsquo;une entreprise change d&rsquo;adresse<\/strong>. Elle recevra un nouveau code NIC qui va donc entra\u00eener la cr\u00e9ation d&rsquo;un nouveau SIRET.<\/p>\n<p>Pour modifier le num\u00e9ro de SIRET d&rsquo;un \u00e9tablissement et donc son adresse, il est n\u00e9cessaire de remplir le formulaire M2 ou P2 (selon la situation).<\/p>\n<p>&nbsp;<\/p>\n<h2>A savoir<\/h2>\n<p>Avant la loi pacte promulgu\u00e9e en 2019, il existait plusieurs centres de formalit\u00e9 des entreprises selon les formes juridiques et le lieu d&rsquo;activit\u00e9. Cela n&rsquo;est \u00eatre plus le cas depuis 2021 o\u00f9 les entrepreneurs auront affaire \u00e0 un guichet unique, le CFE.<\/p>\n<p>&nbsp;<\/p>\n<h2>Ressort du tribunal de commerce de Grenoble<\/h2>\n<p>Les villes dans le tableau ci-dessous sont du ressort du TC de Grenoble.<\/p>\n<p>&nbsp;<\/p>\n<table class=\"tg table-striped container-fluid\">\n<tbody>\n<tr>\n<th>Code postal<\/th>\n<th>Commune<\/th>\n<\/tr>\n<tr>\n<td>38114<\/td>\n<td>Allemond<\/td>\n<\/tr>\n<tr>\n<td>38580<\/td>\n<td>Allevard<\/td>\n<\/tr>\n<tr>\n<td>38970<\/td>\n<td>Ambel<\/td>\n<\/tr>\n<tr>\n<td>38680<\/td>\n<td>Auberives-en-Royans<\/td>\n<\/tr>\n<tr>\n<td>38142<\/td>\n<td>Auris<\/td>\n<\/tr>\n<tr>\n<td>38880<\/td>\n<td>Autrans<\/td>\n<\/tr>\n<tr>\n<td>38650<\/td>\n<td>Avignonet<\/td>\n<\/tr>\n<tr>\n<td>38530<\/td>\n<td>Barraux<\/td>\n<\/tr>\n<tr>\n<td>38140<\/td>\n<td>Beaucroissant<\/td>\n<\/tr>\n<tr>\n<td>38970<\/td>\n<td>Beaufin<\/td>\n<\/tr>\n<tr>\n<td>38270<\/td>\n<td>Beaufort<\/td>\n<\/tr>\n<tr>\n<td>38470<\/td>\n<td>Beaulieu<\/td>\n<\/tr>\n<tr>\n<td>38160<\/td>\n<td>Beauvoir-en-Royans<\/td>\n<\/tr>\n<tr>\n<td>38190<\/td>\n<td>Bernin<\/td>\n<\/tr>\n<tr>\n<td>38142<\/td>\n<td>Besse<\/td>\n<\/tr>\n<tr>\n<td>38160<\/td>\n<td>Bessins<\/td>\n<\/tr>\n<tr>\n<td>38330<\/td>\n<td>Biviers<\/td>\n<\/tr>\n<tr>\n<td>38870<\/td>\n<td>Bressieux<\/td>\n<\/tr>\n<tr>\n<td>38320<\/td>\n<td>Bresson<\/td>\n<\/tr>\n<tr>\n<td>38590<\/td>\n<td>Br\u00e9zins<\/td>\n<\/tr>\n<tr>\n<td>38320<\/td>\n<td>Bri\u00e9-et-Angonnes<\/td>\n<\/tr>\n<tr>\n<td>38590<\/td>\n<td>Brion<\/td>\n<\/tr>\n<tr>\n<td>38560<\/td>\n<td>Champ-sur-Drac<\/td>\n<\/tr>\n<tr>\n<td>38800<\/td>\n<td>Champagnier<\/td>\n<\/tr>\n<tr>\n<td>38410<\/td>\n<td>Chamrousse<\/td>\n<\/tr>\n<tr>\n<td>38740<\/td>\n<td>Chantelouve<\/td>\n<\/tr>\n<tr>\n<td>38470<\/td>\n<td>Chantesse<\/td>\n<\/tr>\n<tr>\n<td>38530<\/td>\n<td>Chapareillan<\/td>\n<\/tr>\n<tr>\n<td>38140<\/td>\n<td>Charn\u00e8cles<\/td>\n<\/tr>\n<tr>\n<td>38470<\/td>\n<td>Chasselay<\/td>\n<\/tr>\n<tr>\n<td>38650<\/td>\n<td>Ch\u00e2teau-Bernard<\/td>\n<\/tr>\n<tr>\n<td>38680<\/td>\n<td>Ch\u00e2telus<\/td>\n<\/tr>\n<tr>\n<td>38980<\/td>\n<td>Ch\u00e2tenay<\/td>\n<\/tr>\n<tr>\n<td>38160<\/td>\n<td>Chatte<\/td>\n<\/tr>\n<tr>\n<td>38160<\/td>\n<td>Chevri\u00e8res<\/td>\n<\/tr>\n<tr>\n<td>38930<\/td>\n<td>Chichilianne<\/td>\n<\/tr>\n<tr>\n<td>38850<\/td>\n<td>Chirens<\/td>\n<\/tr>\n<tr>\n<td>38220<\/td>\n<td>Cholonge<\/td>\n<\/tr>\n<tr>\n<td>38680<\/td>\n<td>Choranche<\/td>\n<\/tr>\n<tr>\n<td>38640<\/td>\n<td>Claix<\/td>\n<\/tr>\n<tr>\n<td>38142<\/td>\n<td>Clavans-en-Haut-Oisans<\/td>\n<\/tr>\n<tr>\n<td>38930<\/td>\n<td>Clelles<\/td>\n<\/tr>\n<tr>\n<td>38350<\/td>\n<td>Cognet<\/td>\n<\/tr>\n<tr>\n<td>38470<\/td>\n<td>Cognin-les-Gorges<\/td>\n<\/tr>\n<tr>\n<td>38710<\/td>\n<td>Cord\u00e9ac<\/td>\n<\/tr>\n<tr>\n<td>38700<\/td>\n<td>Corenc<\/td>\n<\/tr>\n<tr>\n<td>38710<\/td>\n<td>Cornillon-en-Tri\u00e8ves<\/td>\n<\/tr>\n<tr>\n<td>38970<\/td>\n<td>Corps<\/td>\n<\/tr>\n<tr>\n<td>38250<\/td>\n<td>Corren\u00e7on-en-Vercors<\/td>\n<\/tr>\n<tr>\n<td>38500<\/td>\n<td>Coublevie<\/td>\n<\/tr>\n<tr>\n<td>38210<\/td>\n<td>Cras<\/td>\n<\/tr>\n<tr>\n<td>38190<\/td>\n<td>Crolles<\/td>\n<\/tr>\n<tr>\n<td>38160<\/td>\n<td>Dionay<\/td>\n<\/tr>\n<tr>\n<td>38420<\/td>\n<td>Dom\u00e8ne<\/td>\n<\/tr>\n<tr>\n<td>38130<\/td>\n<td>\u00c9chirolles<\/td>\n<\/tr>\n<tr>\n<td>38360<\/td>\n<td>Engins<\/td>\n<\/tr>\n<tr>\n<td>38740<\/td>\n<td>Entraigues<\/td>\n<\/tr>\n<tr>\n<td>38380<\/td>\n<td>Entre-deux-Guiers<\/td>\n<\/tr>\n<tr>\n<td>38320<\/td>\n<td>Eybens<\/td>\n<\/tr>\n<tr>\n<td>38600<\/td>\n<td>Fontaine<\/td>\n<\/tr>\n<tr>\n<td>38120<\/td>\n<td>Fontanil-Cornillon<\/td>\n<\/tr>\n<tr>\n<td>38190<\/td>\n<td>Froges<\/td>\n<\/tr>\n<tr>\n<td>38610<\/td>\n<td>Gi\u00e8res<\/td>\n<\/tr>\n<tr>\n<td>38570<\/td>\n<td>Goncelin<\/td>\n<\/tr>\n<tr>\n<td>38000<\/td>\n<td>Grenoble<\/td>\n<\/tr>\n<tr>\n<td>38650<\/td>\n<td>Gresse-en-Vercors<\/td>\n<\/tr>\n<tr>\n<td>38320<\/td>\n<td>Herbeys<\/td>\n<\/tr>\n<tr>\n<td>38750<\/td>\n<td>Huez<\/td>\n<\/tr>\n<tr>\n<td>38570<\/td>\n<td>Hurti\u00e8res<\/td>\n<\/tr>\n<tr>\n<td>38140<\/td>\n<td>Izeaux<\/td>\n<\/tr>\n<tr>\n<td>38160<\/td>\n<td>Izeron<\/td>\n<\/tr>\n<tr>\n<td>38560<\/td>\n<td>Jarrie<\/td>\n<\/tr>\n<tr>\n<td>38470<\/td>\n<td>L&rsquo;Albenc<\/td>\n<\/tr>\n<tr>\n<td>38500<\/td>\n<td>La Buisse<\/td>\n<\/tr>\n<tr>\n<td>38530<\/td>\n<td>La Buissi\u00e8re<\/td>\n<\/tr>\n<tr>\n<td>38580<\/td>\n<td>La Chapelle-du-Bard<\/td>\n<\/tr>\n<tr>\n<td>38190<\/td>\n<td>La Combe-de-Lancey<\/td>\n<\/tr>\n<tr>\n<td>38580<\/td>\n<td>La Ferri\u00e8re<\/td>\n<\/tr>\n<tr>\n<td>38530<\/td>\n<td>La Flach\u00e8re<\/td>\n<\/tr>\n<tr>\n<td>38590<\/td>\n<td>La Forteresse<\/td>\n<\/tr>\n<tr>\n<td>38260<\/td>\n<td>La Frette<\/td>\n<\/tr>\n<tr>\n<td>38520<\/td>\n<td>La Garde<\/td>\n<\/tr>\n<tr>\n<td>38350<\/td>\n<td>La Morte<\/td>\n<\/tr>\n<tr>\n<td>38770<\/td>\n<td>La Motte-d&rsquo;Aveillans<\/td>\n<\/tr>\n<tr>\n<td>38135<\/td>\n<td>La Motte-Saint-Martin<\/td>\n<\/tr>\n<tr>\n<td>38350<\/td>\n<td>La Mure<\/td>\n<\/tr>\n<tr>\n<td>38140<\/td>\n<td>La Murette<\/td>\n<\/tr>\n<tr>\n<td>38570<\/td>\n<td>La Pierre<\/td>\n<\/tr>\n<tr>\n<td>38210<\/td>\n<td>La Rivi\u00e8re<\/td>\n<\/tr>\n<tr>\n<td>38970<\/td>\n<td>La Salette-Fallavaux<\/td>\n<\/tr>\n<tr>\n<td>38350<\/td>\n<td>La Salle-en-Beaumont<\/td>\n<\/tr>\n<tr>\n<td>38160<\/td>\n<td>La S\u00f4ne<\/td>\n<\/tr>\n<tr>\n<td>38660<\/td>\n<td>La Terrasse<\/td>\n<\/tr>\n<tr>\n<td>38700<\/td>\n<td>La Tronche<\/td>\n<\/tr>\n<tr>\n<td>38350<\/td>\n<td>La Valette<\/td>\n<\/tr>\n<tr>\n<td>38220<\/td>\n<td>Laffrey<\/td>\n<\/tr>\n<tr>\n<td>38930<\/td>\n<td>Lalley<\/td>\n<\/tr>\n<tr>\n<td>38250<\/td>\n<td>Lans-en-Vercors<\/td>\n<\/tr>\n<tr>\n<td>38190<\/td>\n<td>Laval<\/td>\n<\/tr>\n<tr>\n<td>38350<\/td>\n<td>Lavaldens<\/td>\n<\/tr>\n<tr>\n<td>38710<\/td>\n<td>Lavars<\/td>\n<\/tr>\n<tr>\n<td>38520<\/td>\n<td>Le Bourg-d&rsquo;Oisans<\/td>\n<\/tr>\n<tr>\n<td>38190<\/td>\n<td>Le Champ-pr\u00e8s-Froges<\/td>\n<\/tr>\n<tr>\n<td>38570<\/td>\n<td>Le Cheylas<\/td>\n<\/tr>\n<tr>\n<td>38142<\/td>\n<td>Le Freney-d&rsquo;Oisans<\/td>\n<\/tr>\n<tr>\n<td>38450<\/td>\n<td>Le Gua<\/td>\n<\/tr>\n<tr>\n<td>38930<\/td>\n<td>Le Monestier-du-Percy<\/td>\n<\/tr>\n<tr>\n<td>38580<\/td>\n<td>Le Moutaret<\/td>\n<\/tr>\n<tr>\n<td>38740<\/td>\n<td>Le P\u00e9rier<\/td>\n<\/tr>\n<tr>\n<td>38800<\/td>\n<td>Le Pont-de-Claix<\/td>\n<\/tr>\n<tr>\n<td>38700<\/td>\n<td>Le Sappey-en-Chartreuse<\/td>\n<\/tr>\n<tr>\n<td>38660<\/td>\n<td>Le Touvet<\/td>\n<\/tr>\n<tr>\n<td>38420<\/td>\n<td>Le Versoud<\/td>\n<\/tr>\n<tr>\n<td>38270<\/td>\n<td>Lentiol<\/td>\n<\/tr>\n<tr>\n<td>38190<\/td>\n<td>Les Adrets<\/td>\n<\/tr>\n<tr>\n<td>38970<\/td>\n<td>Les C\u00f4tes-de-Corps<\/td>\n<\/tr>\n<tr>\n<td>38220<\/td>\n<td>Livet-et-Gavet<\/td>\n<\/tr>\n<tr>\n<td>38660<\/td>\n<td>Lumbin<\/td>\n<\/tr>\n<tr>\n<td>38470<\/td>\n<td>Malleval-en-Vercors<\/td>\n<\/tr>\n<tr>\n<td>38350<\/td>\n<td>Marcieu<\/td>\n<\/tr>\n<tr>\n<td>38260<\/td>\n<td>Marcilloles<\/td>\n<\/tr>\n<tr>\n<td>38270<\/td>\n<td>Marcollin<\/td>\n<\/tr>\n<tr>\n<td>38980<\/td>\n<td>Marnans<\/td>\n<\/tr>\n<tr>\n<td>38350<\/td>\n<td>Mayres-Savel<\/td>\n<\/tr>\n<tr>\n<td>38112<\/td>\n<td>M\u00e9audre<\/td>\n<\/tr>\n<tr>\n<td>38710<\/td>\n<td>Mens<\/td>\n<\/tr>\n<tr>\n<td>38240<\/td>\n<td>Meylan<\/td>\n<\/tr>\n<tr>\n<td>38450<\/td>\n<td>Miribel-Lanch\u00e2tre<\/td>\n<\/tr>\n<tr>\n<td>38380<\/td>\n<td>Miribel-les-\u00c9chelles<\/td>\n<\/tr>\n<tr>\n<td>38142<\/td>\n<td>Mizo\u00ebn<\/td>\n<\/tr>\n<tr>\n<td>38430<\/td>\n<td>Moirans<\/td>\n<\/tr>\n<tr>\n<td>38970<\/td>\n<td>Monestier-d&rsquo;Ambel<\/td>\n<\/tr>\n<tr>\n<td>38650<\/td>\n<td>Monestier-de-Clermont<\/td>\n<\/tr>\n<tr>\n<td>38860<\/td>\n<td>Mont-de-Lans<\/td>\n<\/tr>\n<tr>\n<td>38120<\/td>\n<td>Mont-Saint-Martin<\/td>\n<\/tr>\n<tr>\n<td>38160<\/td>\n<td>Montagne<\/td>\n<\/tr>\n<tr>\n<td>38210<\/td>\n<td>Montaud<\/td>\n<\/tr>\n<tr>\n<td>38330<\/td>\n<td>Montbonnot-Saint-Martin<\/td>\n<\/tr>\n<tr>\n<td>38220<\/td>\n<td>Montchaboud<\/td>\n<\/tr>\n<tr>\n<td>38135<\/td>\n<td>Monteynard<\/td>\n<\/tr>\n<tr>\n<td>38940<\/td>\n<td>Montfalcon<\/td>\n<\/tr>\n<tr>\n<td>38570<\/td>\n<td>Mor\u00eatel-de-Mailles<\/td>\n<\/tr>\n<tr>\n<td>38210<\/td>\n<td>Morette<\/td>\n<\/tr>\n<tr>\n<td>38420<\/td>\n<td>Murianette<\/td>\n<\/tr>\n<tr>\n<td>38160<\/td>\n<td>Murinais<\/td>\n<\/tr>\n<tr>\n<td>38350<\/td>\n<td>Nantes-en-Ratier<\/td>\n<\/tr>\n<tr>\n<td>38450<\/td>\n<td>Notre-Dame-de-Commiers<\/td>\n<\/tr>\n<tr>\n<td>38470<\/td>\n<td>Notre-Dame-de-l&rsquo;Osier<\/td>\n<\/tr>\n<tr>\n<td>38220<\/td>\n<td>Notre-Dame-de-M\u00e9sage<\/td>\n<\/tr>\n<tr>\n<td>38144<\/td>\n<td>Notre-Dame-de-Vaulx<\/td>\n<\/tr>\n<tr>\n<td>38360<\/td>\n<td>Noyarey<\/td>\n<\/tr>\n<tr>\n<td>38350<\/td>\n<td>Oris-en-Rattier<\/td>\n<\/tr>\n<tr>\n<td>38520<\/td>\n<td>Ornon<\/td>\n<\/tr>\n<tr>\n<td>38520<\/td>\n<td>Oulles<\/td>\n<\/tr>\n<tr>\n<td>38114<\/td>\n<td>Oz<\/td>\n<\/tr>\n<tr>\n<td>38970<\/td>\n<td>Pellafol<\/td>\n<\/tr>\n<tr>\n<td>38930<\/td>\n<td>Percy<\/td>\n<\/tr>\n<tr>\n<td>38119<\/td>\n<td>Pierre-Ch\u00e2tel<\/td>\n<\/tr>\n<tr>\n<td>38580<\/td>\n<td>Pinsot<\/td>\n<\/tr>\n<tr>\n<td>38590<\/td>\n<td>Plan<\/td>\n<\/tr>\n<tr>\n<td>38320<\/td>\n<td>Poisat<\/td>\n<\/tr>\n<tr>\n<td>38210<\/td>\n<td>Poli\u00e9nas<\/td>\n<\/tr>\n<tr>\n<td>38340<\/td>\n<td>Pommiers-la-Placette<\/td>\n<\/tr>\n<tr>\n<td>38350<\/td>\n<td>Ponsonnas<\/td>\n<\/tr>\n<tr>\n<td>38680<\/td>\n<td>Pont-en-Royans<\/td>\n<\/tr>\n<tr>\n<td>38530<\/td>\n<td>Pontcharra<\/td>\n<\/tr>\n<tr>\n<td>38710<\/td>\n<td>Pr\u00e9bois<\/td>\n<\/tr>\n<tr>\n<td>38680<\/td>\n<td>Presles<\/td>\n<\/tr>\n<tr>\n<td>38120<\/td>\n<td>Proveysieux<\/td>\n<\/tr>\n<tr>\n<td>38350<\/td>\n<td>Pruni\u00e8res<\/td>\n<\/tr>\n<tr>\n<td>38950<\/td>\n<td>Quaix-en-Chartreuse<\/td>\n<\/tr>\n<tr>\n<td>38970<\/td>\n<td>Quet-en-Beaumont<\/td>\n<\/tr>\n<tr>\n<td>38470<\/td>\n<td>Quincieu<\/td>\n<\/tr>\n<tr>\n<td>38140<\/td>\n<td>R\u00e9aumont<\/td>\n<\/tr>\n<tr>\n<td>38140<\/td>\n<td>Renage<\/td>\n<\/tr>\n<tr>\n<td>38680<\/td>\n<td>Rencurel<\/td>\n<\/tr>\n<tr>\n<td>38420<\/td>\n<td>Revel<\/td>\n<\/tr>\n<tr>\n<td>38140<\/td>\n<td>Rives<\/td>\n<\/tr>\n<tr>\n<td>38650<\/td>\n<td>Roissard<\/td>\n<\/tr>\n<tr>\n<td>38470<\/td>\n<td>Rovon<\/td>\n<\/tr>\n<tr>\n<td>38940<\/td>\n<td>Roybon<\/td>\n<\/tr>\n<tr>\n<td>38650<\/td>\n<td>Saint-And\u00e9ol<\/td>\n<\/tr>\n<tr>\n<td>38680<\/td>\n<td>Saint-Andr\u00e9-en-Royans<\/td>\n<\/tr>\n<tr>\n<td>38160<\/td>\n<td>Saint-Antoine-l&rsquo;Abbaye<\/td>\n<\/tr>\n<tr>\n<td>38160<\/td>\n<td>Saint-Appolinard<\/td>\n<\/tr>\n<tr>\n<td>38350<\/td>\n<td>Saint-Arey<\/td>\n<\/tr>\n<tr>\n<td>38960<\/td>\n<td>Saint-Aupre<\/td>\n<\/tr>\n<tr>\n<td>38220<\/td>\n<td>Saint-Barth\u00e9lemy-de-S\u00e9chilienne<\/td>\n<\/tr>\n<tr>\n<td>38710<\/td>\n<td>Saint-Baudille-et-Pipet<\/td>\n<\/tr>\n<tr>\n<td>38720<\/td>\n<td>Saint-Bernard<\/td>\n<\/tr>\n<tr>\n<td>38140<\/td>\n<td>Saint-Blaise-du-Buis<\/td>\n<\/tr>\n<tr>\n<td>38840<\/td>\n<td>Saint-Bonnet-de-Chavagne<\/td>\n<\/tr>\n<tr>\n<td>38500<\/td>\n<td>Saint-Cassien<\/td>\n<\/tr>\n<tr>\n<td>38143<\/td>\n<td>Saint-Christophe-en-Oisans<\/td>\n<\/tr>\n<tr>\n<td>38380<\/td>\n<td>Saint-Christophe-sur-Guiers<\/td>\n<\/tr>\n<tr>\n<td>38940<\/td>\n<td>Saint-Clair-sur-Galaure<\/td>\n<\/tr>\n<tr>\n<td>38120<\/td>\n<td>Saint-\u00c9gr\u00e8ve<\/td>\n<\/tr>\n<tr>\n<td>38960<\/td>\n<td>Saint-\u00c9tienne-de-Crossey<\/td>\n<\/tr>\n<tr>\n<td>38590<\/td>\n<td>Saint-\u00c9tienne-de-Saint-Geoirs<\/td>\n<\/tr>\n<tr>\n<td>38590<\/td>\n<td>Saint-Geoirs<\/td>\n<\/tr>\n<tr>\n<td>38450<\/td>\n<td>Saint-Georges-de-Commiers<\/td>\n<\/tr>\n<tr>\n<td>38470<\/td>\n<td>Saint-Gervais<\/td>\n<\/tr>\n<tr>\n<td>38650<\/td>\n<td>Saint-Guillaume<\/td>\n<\/tr>\n<tr>\n<td>38720<\/td>\n<td>Saint-Hilaire<\/td>\n<\/tr>\n<tr>\n<td>38840<\/td>\n<td>Saint-Hilaire-du-Rosier<\/td>\n<\/tr>\n<tr>\n<td>38350<\/td>\n<td>Saint-Honor\u00e9<\/td>\n<\/tr>\n<tr>\n<td>38330<\/td>\n<td>Saint-Ismier<\/td>\n<\/tr>\n<tr>\n<td>38710<\/td>\n<td>Saint-Jean-d&rsquo;H\u00e9rans<\/td>\n<\/tr>\n<tr>\n<td>38430<\/td>\n<td>Saint-Jean-de-Moirans<\/td>\n<\/tr>\n<tr>\n<td>38220<\/td>\n<td>Saint-Jean-de-Vaulx<\/td>\n<\/tr>\n<tr>\n<td>38420<\/td>\n<td>Saint-Jean-le-Vieux<\/td>\n<\/tr>\n<tr>\n<td>38134<\/td>\n<td>Saint-Joseph-de-Rivi\u00e8re<\/td>\n<\/tr>\n<tr>\n<td>38134<\/td>\n<td>Saint-Julien-de-Raz<\/td>\n<\/tr>\n<tr>\n<td>38680<\/td>\n<td>Saint-Just-de-Claix<\/td>\n<\/tr>\n<tr>\n<td>38840<\/td>\n<td>Saint-Lattier<\/td>\n<\/tr>\n<tr>\n<td>38380<\/td>\n<td>Saint-Laurent-du-Pont<\/td>\n<\/tr>\n<tr>\n<td>38350<\/td>\n<td>Saint-Laurent-en-Beaumont<\/td>\n<\/tr>\n<tr>\n<td>38160<\/td>\n<td>Saint-Marcellin<\/td>\n<\/tr>\n<tr>\n<td>38400<\/td>\n<td>Saint-Martin-d&rsquo;H\u00e8res<\/td>\n<\/tr>\n<tr>\n<td>38410<\/td>\n<td>Saint-Martin-d&rsquo;Uriage<\/td>\n<\/tr>\n<tr>\n<td>38930<\/td>\n<td>Saint-Martin-de-Clelles<\/td>\n<\/tr>\n<tr>\n<td>38650<\/td>\n<td>Saint-Martin-de-la-Cluze<\/td>\n<\/tr>\n<tr>\n<td>38950<\/td>\n<td>Saint-Martin-le-Vinoux<\/td>\n<\/tr>\n<tr>\n<td>38930<\/td>\n<td>Saint-Maurice-en-Tri\u00e8ves<\/td>\n<\/tr>\n<tr>\n<td>38530<\/td>\n<td>Saint-Maximin<\/td>\n<\/tr>\n<tr>\n<td>38590<\/td>\n<td>Saint-Michel-de-Saint-Geoirs<\/td>\n<\/tr>\n<tr>\n<td>38350<\/td>\n<td>Saint-Michel-en-Beaumont<\/td>\n<\/tr>\n<tr>\n<td>38650<\/td>\n<td>Saint-Michel-les-Portes<\/td>\n<\/tr>\n<tr>\n<td>38190<\/td>\n<td>Saint-Mury-Monteymond<\/td>\n<\/tr>\n<tr>\n<td>38330<\/td>\n<td>Saint-Nazaire-les-Eymes<\/td>\n<\/tr>\n<tr>\n<td>38500<\/td>\n<td>Saint-Nicolas-de-Macherin<\/td>\n<\/tr>\n<tr>\n<td>38250<\/td>\n<td>Saint-Nizier-du-Moucherotte<\/td>\n<\/tr>\n<tr>\n<td>38720<\/td>\n<td>Saint-Pancrasse<\/td>\n<\/tr>\n<tr>\n<td>38140<\/td>\n<td>Saint-Paul-d&rsquo;Izeaux<\/td>\n<\/tr>\n<tr>\n<td>38760<\/td>\n<td>Saint-Paul-de-Varces<\/td>\n<\/tr>\n<tr>\n<td>38650<\/td>\n<td>Saint-Paul-l\u00e8s-Monestier<\/td>\n<\/tr>\n<tr>\n<td>38830<\/td>\n<td>Saint-Pierre-d&rsquo;Allevard<\/td>\n<\/tr>\n<tr>\n<td>38670<\/td>\n<td>Saint-Pierre-d&rsquo;Entremont<\/td>\n<\/tr>\n<tr>\n<td>38870<\/td>\n<td>Saint-Pierre-de-Bressieux<\/td>\n<\/tr>\n<tr>\n<td>38380<\/td>\n<td>Saint-Pierre-de-Chartreuse<\/td>\n<\/tr>\n<tr>\n<td>38160<\/td>\n<td>Saint-Pierre-de-Ch\u00e9rennes<\/td>\n<\/tr>\n<tr>\n<td>38350<\/td>\n<td>Saint-Pierre-de-M\u00e9aroz<\/td>\n<\/tr>\n<tr>\n<td>38220<\/td>\n<td>Saint-Pierre-de-M\u00e9sage<\/td>\n<\/tr>\n<tr>\n<td>38210<\/td>\n<td>Saint-Quentin-sur-Is\u00e8re<\/td>\n<\/tr>\n<tr>\n<td>38160<\/td>\n<td>Saint-Romans<\/td>\n<\/tr>\n<tr>\n<td>38160<\/td>\n<td>Saint-Sauveur<\/td>\n<\/tr>\n<tr>\n<td>38710<\/td>\n<td>Saint-S\u00e9bastien<\/td>\n<\/tr>\n<tr>\n<td>38870<\/td>\n<td>Saint-Sim\u00e9on-de-Bressieux<\/td>\n<\/tr>\n<tr>\n<td>38119<\/td>\n<td>Saint-Th\u00e9offrey<\/td>\n<\/tr>\n<tr>\n<td>38160<\/td>\n<td>Saint-V\u00e9rand<\/td>\n<\/tr>\n<tr>\n<td>38660<\/td>\n<td>Saint-Vincent-de-Mercuze<\/td>\n<\/tr>\n<tr>\n<td>38190<\/td>\n<td>Sainte-Agn\u00e8s<\/td>\n<\/tr>\n<tr>\n<td>38970<\/td>\n<td>Sainte-Luce<\/td>\n<\/tr>\n<tr>\n<td>38660<\/td>\n<td>Sainte-Marie-d&rsquo;Alloix<\/td>\n<\/tr>\n<tr>\n<td>38660<\/td>\n<td>Sainte-Marie-du-Mont<\/td>\n<\/tr>\n<tr>\n<td>38700<\/td>\n<td>Sarcenas<\/td>\n<\/tr>\n<tr>\n<td>38360<\/td>\n<td>Sassenage<\/td>\n<\/tr>\n<tr>\n<td>38220<\/td>\n<td>S\u00e9chilienne<\/td>\n<\/tr>\n<tr>\n<td>38470<\/td>\n<td>Serre-Nerpol<\/td>\n<\/tr>\n<tr>\n<td>38170<\/td>\n<td>Seyssinet-Pariset<\/td>\n<\/tr>\n<tr>\n<td>38180<\/td>\n<td>Seyssins<\/td>\n<\/tr>\n<tr>\n<td>38350<\/td>\n<td>Si\u00e9voz<\/td>\n<\/tr>\n<tr>\n<td>38590<\/td>\n<td>Sillans<\/td>\n<\/tr>\n<tr>\n<td>38650<\/td>\n<td>Sinard<\/td>\n<\/tr>\n<tr>\n<td>38350<\/td>\n<td>Sousville<\/td>\n<\/tr>\n<tr>\n<td>38350<\/td>\n<td>Susville<\/td>\n<\/tr>\n<tr>\n<td>38470<\/td>\n<td>T\u00eache<\/td>\n<\/tr>\n<tr>\n<td>38570<\/td>\n<td>Tencin<\/td>\n<\/tr>\n<tr>\n<td>38570<\/td>\n<td>Theys<\/td>\n<\/tr>\n<tr>\n<td>38260<\/td>\n<td>Thodure<\/td>\n<\/tr>\n<tr>\n<td>38650<\/td>\n<td>Treffort<\/td>\n<\/tr>\n<tr>\n<td>38710<\/td>\n<td>Tr\u00e9minis<\/td>\n<\/tr>\n<tr>\n<td>38210<\/td>\n<td>Tullins<\/td>\n<\/tr>\n<tr>\n<td>38740<\/td>\n<td>Valbonnais<\/td>\n<\/tr>\n<tr>\n<td>38740<\/td>\n<td>Valjouffrey<\/td>\n<\/tr>\n<tr>\n<td>38470<\/td>\n<td>Varacieux<\/td>\n<\/tr>\n<tr>\n<td>38760<\/td>\n<td>Varces-Alli\u00e8res-et-Risset<\/td>\n<\/tr>\n<tr>\n<td>38470<\/td>\n<td>Vatilieu<\/td>\n<\/tr>\n<tr>\n<td>38114<\/td>\n<td>Vaujany<\/td>\n<\/tr>\n<tr>\n<td>38410<\/td>\n<td>Vaulnaveys-le-Bas<\/td>\n<\/tr>\n<tr>\n<td>38410<\/td>\n<td>Vaulnaveys-le-Haut<\/td>\n<\/tr>\n<tr>\n<td>38610<\/td>\n<td>Venon<\/td>\n<\/tr>\n<tr>\n<td>38143<\/td>\n<td>V\u00e9nosc<\/td>\n<\/tr>\n<tr>\n<td>38113<\/td>\n<td>Veurey-Voroize<\/td>\n<\/tr>\n<tr>\n<td>38450<\/td>\n<td>Vif<\/td>\n<\/tr>\n<tr>\n<td>38190<\/td>\n<td>Villard-Bonnot<\/td>\n<\/tr>\n<tr>\n<td>38250<\/td>\n<td>Villard-de-Lans<\/td>\n<\/tr>\n<tr>\n<td>38520<\/td>\n<td>Villard-Notre-Dame<\/td>\n<\/tr>\n<tr>\n<td>38114<\/td>\n<td>Villard-Reculas<\/td>\n<\/tr>\n<tr>\n<td>38520<\/td>\n<td>Villard-Reymond<\/td>\n<\/tr>\n<tr>\n<td>38119<\/td>\n<td>Villard-Saint-Christophe<\/td>\n<\/tr>\n<tr>\n<td>38470<\/td>\n<td>Vinay<\/td>\n<\/tr>\n<tr>\n<td>38980<\/td>\n<td>Viriville<\/td>\n<\/tr>\n<tr>\n<td>38220<\/td>\n<td>Vizille<\/td>\n<\/tr>\n<tr>\n<td>38500<\/td>\n<td>Voiron<\/td>\n<\/tr>\n<tr>\n<td>38340<\/td>\n<td>Voreppe<\/td>\n<\/tr>\n<tr>\n<td>38210<\/td>\n<td>Vourey<\/td>\n<\/tr>\n<\/tbody>\n<\/table>\n","protected":false},"excerpt":{"rendered":"<p>Vous allez trouver sur cette page la plupart des informations importantes concernant le greffe du tribunal de commerce de Grenoble. [&hellip;]<\/p>\n","protected":false},"author":1,"featured_media":0,"parent":1759,"menu_order":0,"comment_status":"closed","ping_status":"closed","template":"","meta":{"inline_featured_image":false,"footnotes":""},"class_list":["post-1932","page","type-page","status-publish","hentry"],"yoast_head":"<!-- This site is optimized with the Yoast SEO plugin v26.8 - https:\/\/yoast.com\/product\/yoast-seo-wordpress\/ -->\n<title>Greffe du tribunal de commerce de Grenoble - Actualit\u00e9 des entreprises<\/title>\n<meta name=\"robots\" content=\"index, follow, max-snippet:-1, max-image-preview:large, max-video-preview:-1\" \/>\n<link rel=\"canonical\" href=\"https:\/\/www.annonces-legales.org\/blog\/greffe\/greffe-du-tribunal-de-commerce-de-grenoble\/\" \/>\n<meta property=\"og:locale\" content=\"fr_FR\" \/>\n<meta property=\"og:type\" content=\"article\" \/>\n<meta property=\"og:title\" content=\"Greffe du tribunal de commerce de Grenoble - Actualit\u00e9 des entreprises\" \/>\n<meta property=\"og:description\" content=\"Vous allez trouver sur cette page la plupart des informations importantes concernant le greffe du tribunal de commerce de Grenoble. [&hellip;]\" \/>\n<meta property=\"og:url\" content=\"https:\/\/www.annonces-legales.org\/blog\/greffe\/greffe-du-tribunal-de-commerce-de-grenoble\/\" \/>\n<meta property=\"og:site_name\" content=\"Actualit\u00e9 des entreprises\" \/>\n<meta property=\"article:modified_time\" content=\"2022-02-01T15:30:38+00:00\" \/>\n<meta property=\"og:image\" content=\"https:\/\/www.annonces-legales.org\/blog\/wp-content\/uploads\/2022\/01\/tribunal.png\" \/>\n\t<meta property=\"og:image:width\" content=\"640\" \/>\n\t<meta property=\"og:image:height\" content=\"612\" \/>\n\t<meta property=\"og:image:type\" content=\"image\/png\" \/>\n<meta name=\"twitter:card\" content=\"summary_large_image\" \/>\n<meta name=\"twitter:label1\" content=\"Dur\u00e9e de lecture estim\u00e9e\" \/>\n\t<meta name=\"twitter:data1\" content=\"6 minutes\" \/>\n<script type=\"application\/ld+json\" class=\"yoast-schema-graph\">{\"@context\":\"https:\/\/schema.org\",\"@graph\":[{\"@type\":\"WebPage\",\"@id\":\"https:\/\/www.annonces-legales.org\/blog\/greffe\/greffe-du-tribunal-de-commerce-de-grenoble\/\",\"url\":\"https:\/\/www.annonces-legales.org\/blog\/greffe\/greffe-du-tribunal-de-commerce-de-grenoble\/\",\"name\":\"Greffe du tribunal de commerce de Grenoble - Actualit\u00e9 des entreprises\",\"isPartOf\":{\"@id\":\"https:\/\/www.annonces-legales.org\/blog\/#website\"},\"primaryImageOfPage\":{\"@id\":\"https:\/\/www.annonces-legales.org\/blog\/greffe\/greffe-du-tribunal-de-commerce-de-grenoble\/#primaryimage\"},\"image\":{\"@id\":\"https:\/\/www.annonces-legales.org\/blog\/greffe\/greffe-du-tribunal-de-commerce-de-grenoble\/#primaryimage\"},\"thumbnailUrl\":\"https:\/\/www.annonces-legales.org\/blog\/wp-content\/uploads\/2022\/01\/tribunal-150x150.png\",\"datePublished\":\"2022-01-22T19:41:38+00:00\",\"dateModified\":\"2022-02-01T15:30:38+00:00\",\"breadcrumb\":{\"@id\":\"https:\/\/www.annonces-legales.org\/blog\/greffe\/greffe-du-tribunal-de-commerce-de-grenoble\/#breadcrumb\"},\"inLanguage\":\"fr-FR\",\"potentialAction\":[{\"@type\":\"ReadAction\",\"target\":[\"https:\/\/www.annonces-legales.org\/blog\/greffe\/greffe-du-tribunal-de-commerce-de-grenoble\/\"]}]},{\"@type\":\"ImageObject\",\"inLanguage\":\"fr-FR\",\"@id\":\"https:\/\/www.annonces-legales.org\/blog\/greffe\/greffe-du-tribunal-de-commerce-de-grenoble\/#primaryimage\",\"url\":\"https:\/\/www.annonces-legales.org\/blog\/wp-content\/uploads\/2022\/01\/tribunal.png\",\"contentUrl\":\"https:\/\/www.annonces-legales.org\/blog\/wp-content\/uploads\/2022\/01\/tribunal.png\",\"width\":640,\"height\":612},{\"@type\":\"BreadcrumbList\",\"@id\":\"https:\/\/www.annonces-legales.org\/blog\/greffe\/greffe-du-tribunal-de-commerce-de-grenoble\/#breadcrumb\",\"itemListElement\":[{\"@type\":\"ListItem\",\"position\":1,\"name\":\"Accueil\",\"item\":\"https:\/\/www.annonces-legales.org\/blog\/\"},{\"@type\":\"ListItem\",\"position\":2,\"name\":\"Liste des Greffes des tribunaux de commerce\",\"item\":\"https:\/\/www.annonces-legales.org\/blog\/greffe\/\"},{\"@type\":\"ListItem\",\"position\":3,\"name\":\"Greffe du tribunal de commerce de Grenoble\"}]},{\"@type\":\"WebSite\",\"@id\":\"https:\/\/www.annonces-legales.org\/blog\/#website\",\"url\":\"https:\/\/www.annonces-legales.org\/blog\/\",\"name\":\"Actualit\u00e9 des entreprises\",\"description\":\"\",\"publisher\":{\"@id\":\"https:\/\/www.annonces-legales.org\/blog\/#organization\"},\"potentialAction\":[{\"@type\":\"SearchAction\",\"target\":{\"@type\":\"EntryPoint\",\"urlTemplate\":\"https:\/\/www.annonces-legales.org\/blog\/?s={search_term_string}\"},\"query-input\":{\"@type\":\"PropertyValueSpecification\",\"valueRequired\":true,\"valueName\":\"search_term_string\"}}],\"inLanguage\":\"fr-FR\"},{\"@type\":\"Organization\",\"@id\":\"https:\/\/www.annonces-legales.org\/blog\/#organization\",\"name\":\"Actualit\u00e9 des entreprises\",\"url\":\"https:\/\/www.annonces-legales.org\/blog\/\",\"logo\":{\"@type\":\"ImageObject\",\"inLanguage\":\"fr-FR\",\"@id\":\"https:\/\/www.annonces-legales.org\/blog\/#\/schema\/logo\/image\/\",\"url\":\"https:\/\/www.annonces-legales.org\/blog\/wp-content\/uploads\/2023\/08\/annonces-legales.svg\",\"contentUrl\":\"https:\/\/www.annonces-legales.org\/blog\/wp-content\/uploads\/2023\/08\/annonces-legales.svg\",\"caption\":\"Actualit\u00e9 des entreprises\"},\"image\":{\"@id\":\"https:\/\/www.annonces-legales.org\/blog\/#\/schema\/logo\/image\/\"}}]}<\/script>\n<!-- \/ Yoast SEO plugin. -->","yoast_head_json":{"title":"Greffe du tribunal de commerce de Grenoble - Actualit\u00e9 des entreprises","robots":{"index":"index","follow":"follow","max-snippet":"max-snippet:-1","max-image-preview":"max-image-preview:large","max-video-preview":"max-video-preview:-1"},"canonical":"https:\/\/www.annonces-legales.org\/blog\/greffe\/greffe-du-tribunal-de-commerce-de-grenoble\/","og_locale":"fr_FR","og_type":"article","og_title":"Greffe du tribunal de commerce de Grenoble - Actualit\u00e9 des entreprises","og_description":"Vous allez trouver sur cette page la plupart des informations importantes concernant le greffe du tribunal de commerce de Grenoble. [&hellip;]","og_url":"https:\/\/www.annonces-legales.org\/blog\/greffe\/greffe-du-tribunal-de-commerce-de-grenoble\/","og_site_name":"Actualit\u00e9 des entreprises","article_modified_time":"2022-02-01T15:30:38+00:00","og_image":[{"width":640,"height":612,"url":"https:\/\/www.annonces-legales.org\/blog\/wp-content\/uploads\/2022\/01\/tribunal.png","type":"image\/png"}],"twitter_card":"summary_large_image","twitter_misc":{"Dur\u00e9e de lecture estim\u00e9e":"6 minutes"},"schema":{"@context":"https:\/\/schema.org","@graph":[{"@type":"WebPage","@id":"https:\/\/www.annonces-legales.org\/blog\/greffe\/greffe-du-tribunal-de-commerce-de-grenoble\/","url":"https:\/\/www.annonces-legales.org\/blog\/greffe\/greffe-du-tribunal-de-commerce-de-grenoble\/","name":"Greffe du tribunal de commerce de Grenoble - Actualit\u00e9 des entreprises","isPartOf":{"@id":"https:\/\/www.annonces-legales.org\/blog\/#website"},"primaryImageOfPage":{"@id":"https:\/\/www.annonces-legales.org\/blog\/greffe\/greffe-du-tribunal-de-commerce-de-grenoble\/#primaryimage"},"image":{"@id":"https:\/\/www.annonces-legales.org\/blog\/greffe\/greffe-du-tribunal-de-commerce-de-grenoble\/#primaryimage"},"thumbnailUrl":"https:\/\/www.annonces-legales.org\/blog\/wp-content\/uploads\/2022\/01\/tribunal-150x150.png","datePublished":"2022-01-22T19:41:38+00:00","dateModified":"2022-02-01T15:30:38+00:00","breadcrumb":{"@id":"https:\/\/www.annonces-legales.org\/blog\/greffe\/greffe-du-tribunal-de-commerce-de-grenoble\/#breadcrumb"},"inLanguage":"fr-FR","potentialAction":[{"@type":"ReadAction","target":["https:\/\/www.annonces-legales.org\/blog\/greffe\/greffe-du-tribunal-de-commerce-de-grenoble\/"]}]},{"@type":"ImageObject","inLanguage":"fr-FR","@id":"https:\/\/www.annonces-legales.org\/blog\/greffe\/greffe-du-tribunal-de-commerce-de-grenoble\/#primaryimage","url":"https:\/\/www.annonces-legales.org\/blog\/wp-content\/uploads\/2022\/01\/tribunal.png","contentUrl":"https:\/\/www.annonces-legales.org\/blog\/wp-content\/uploads\/2022\/01\/tribunal.png","width":640,"height":612},{"@type":"BreadcrumbList","@id":"https:\/\/www.annonces-legales.org\/blog\/greffe\/greffe-du-tribunal-de-commerce-de-grenoble\/#breadcrumb","itemListElement":[{"@type":"ListItem","position":1,"name":"Accueil","item":"https:\/\/www.annonces-legales.org\/blog\/"},{"@type":"ListItem","position":2,"name":"Liste des Greffes des tribunaux de commerce","item":"https:\/\/www.annonces-legales.org\/blog\/greffe\/"},{"@type":"ListItem","position":3,"name":"Greffe du tribunal de commerce de Grenoble"}]},{"@type":"WebSite","@id":"https:\/\/www.annonces-legales.org\/blog\/#website","url":"https:\/\/www.annonces-legales.org\/blog\/","name":"Actualit\u00e9 des entreprises","description":"","publisher":{"@id":"https:\/\/www.annonces-legales.org\/blog\/#organization"},"potentialAction":[{"@type":"SearchAction","target":{"@type":"EntryPoint","urlTemplate":"https:\/\/www.annonces-legales.org\/blog\/?s={search_term_string}"},"query-input":{"@type":"PropertyValueSpecification","valueRequired":true,"valueName":"search_term_string"}}],"inLanguage":"fr-FR"},{"@type":"Organization","@id":"https:\/\/www.annonces-legales.org\/blog\/#organization","name":"Actualit\u00e9 des entreprises","url":"https:\/\/www.annonces-legales.org\/blog\/","logo":{"@type":"ImageObject","inLanguage":"fr-FR","@id":"https:\/\/www.annonces-legales.org\/blog\/#\/schema\/logo\/image\/","url":"https:\/\/www.annonces-legales.org\/blog\/wp-content\/uploads\/2023\/08\/annonces-legales.svg","contentUrl":"https:\/\/www.annonces-legales.org\/blog\/wp-content\/uploads\/2023\/08\/annonces-legales.svg","caption":"Actualit\u00e9 des entreprises"},"image":{"@id":"https:\/\/www.annonces-legales.org\/blog\/#\/schema\/logo\/image\/"}}]}},"_links":{"self":[{"href":"https:\/\/www.annonces-legales.org\/blog\/wp-json\/wp\/v2\/pages\/1932","targetHints":{"allow":["GET"]}}],"collection":[{"href":"https:\/\/www.annonces-legales.org\/blog\/wp-json\/wp\/v2\/pages"}],"about":[{"href":"https:\/\/www.annonces-legales.org\/blog\/wp-json\/wp\/v2\/types\/page"}],"author":[{"embeddable":true,"href":"https:\/\/www.annonces-legales.org\/blog\/wp-json\/wp\/v2\/users\/1"}],"replies":[{"embeddable":true,"href":"https:\/\/www.annonces-legales.org\/blog\/wp-json\/wp\/v2\/comments?post=1932"}],"version-history":[{"count":13,"href":"https:\/\/www.annonces-legales.org\/blog\/wp-json\/wp\/v2\/pages\/1932\/revisions"}],"predecessor-version":[{"id":2594,"href":"https:\/\/www.annonces-legales.org\/blog\/wp-json\/wp\/v2\/pages\/1932\/revisions\/2594"}],"up":[{"embeddable":true,"href":"https:\/\/www.annonces-legales.org\/blog\/wp-json\/wp\/v2\/pages\/1759"}],"wp:attachment":[{"href":"https:\/\/www.annonces-legales.org\/blog\/wp-json\/wp\/v2\/media?parent=1932"}],"curies":[{"name":"wp","href":"https:\/\/api.w.org\/{rel}","templated":true}]}}