{"id":1946,"date":"2022-01-22T20:44:48","date_gmt":"2022-01-22T19:44:48","guid":{"rendered":"https:\/\/www.annonces-legales.org\/blog\/?page_id=1946"},"modified":"2022-02-01T12:49:52","modified_gmt":"2022-02-01T11:49:52","slug":"greffe-du-tribunal-de-commerce-de-le-puy-en-velay","status":"publish","type":"page","link":"https:\/\/www.annonces-legales.org\/blog\/greffe\/greffe-du-tribunal-de-commerce-le-puy-en-velay\/","title":{"rendered":"Greffe du tribunal de commerce du Puy-En-Velay"},"content":{"rendered":"<p><img loading=\"lazy\" decoding=\"async\" class=\"alignleft  wp-image-2423\" src=\"https:\/\/www.annonces-legales.org\/blog\/wp-content\/uploads\/2022\/01\/tribunal-150x150.png\" alt=\"\" width=\"90\" height=\"90\" \/>Vous contr\u00f4lez une soci\u00e9t\u00e9 pr\u00e8s du Puy-En-Velay ? Vous allez devoir joindre le greffe du tribunal de commerce pour r\u00e9aliser les proc\u00e9dures de mises \u00e0 jour de vos statuts ou des d\u00e9marches relatives \u00e0 des mutations dans votre entreprise.<\/p>\n<p>Le<strong> greffe du tribunal du Puy-en-Velay<\/strong> a une mission de surveillance et d&rsquo;aide envers les entreprises de la Haute-Loire.<\/p>\n<p>&nbsp;<\/p>\n<h2>Coordonn\u00e9es du greffe du Puy-En-Velay<\/h2>\n<p>Vous pouvez joindre le greffe de Le Puy-En-Velay en appelant le <strong>04 710 900 78<\/strong>.<\/p>\n<p>Adresse : <strong>4, Av De La Dentelle 43009 LE PUY EN VELAY<\/strong><\/p>\n<p><div class=\"leaflet-map WPLeafletMap\" style=\"height:250px; width:100%;\"><\/div><script>\nwindow.WPLeafletMapPlugin = window.WPLeafletMapPlugin || [];\nwindow.WPLeafletMapPlugin.push(function WPLeafletMapShortcode() {\/*<script>*\/\nvar baseUrl = atob('aHR0cHM6Ly97c30udGlsZS5vcGVuc3RyZWV0bWFwLm9yZy97en0ve3h9L3t5fS5wbmc=');\nvar base = (!baseUrl && window.MQ) ?\n    window.MQ.mapLayer() : L.tileLayer(baseUrl,\n        L.Util.extend({}, {\n            detectRetina: 0,\n        },\n        {\"subdomains\":\"abc\",\"noWrap\":false,\"maxZoom\":20}        )\n    );\n    var options = L.Util.extend({}, {\n        layers: [base],\n        attributionControl: false\n    },\n    {\"zoomControl\":true,\"scrollWheelZoom\":false,\"doubleClickZoom\":false,\"fitBounds\":false,\"minZoom\":0,\"maxZoom\":20,\"maxBounds\":null,\"attribution\":\"\"},\n    {});\nwindow.WPLeafletMapPlugin.createMap(options).setView([45.04169,3.88857],17);});<\/script> <script>\nwindow.WPLeafletMapPlugin = window.WPLeafletMapPlugin || [];\nwindow.WPLeafletMapPlugin.push(function WPLeafletMarkerShortcode() {\/*<script>*\/\nvar map = window.WPLeafletMapPlugin.getCurrentMap();\nvar group = window.WPLeafletMapPlugin.getCurrentGroup();\nvar marker_options = window.WPLeafletMapPlugin.getIconOptions({});\nvar marker = L.marker(\n    [0,0],\n    marker_options\n);\nvar is_image = map.is_image_map;\n    marker.setLatLng( map.getCenter() );\nif (marker_options.draggable) {\n    marker.on('dragend', function () {\n        var latlng = this.getLatLng();\n        var lat = latlng.lat;\n        var lng = latlng.lng;\n        if (is_image) {\n            console.log('leaflet-marker y=' + lat + ' x=' + lng);\n        } else {\n            console.log('leaflet-marker lat=' + lat + ' lng=' + lng);\n        }\n    });\n}\nmarker.addTo( group );\nmarker.bindPopup(window.WPLeafletMapPlugin.unescape(' Greffe du tribunal de commerce de Le Puy-En-Velay ')).openPopup();window.WPLeafletMapPlugin.markers.push( marker );\n        });<\/script><\/p>\n<p>URL: www.greffe-tc-lepuyenvelay.fr<\/p>\n<p>&nbsp;<\/p>\n<h2>Horaires d&rsquo;ouverture<\/h2>\n<p>Vous pouvez retrouver ci dessous les horaires d&rsquo;ouverture du greffe :<br \/>\n8H \u00e0 12H et 13H30 a 16H.<\/p>\n<p>&nbsp;<\/p>\n<h2>Quel est le r\u00f4le du greffe du tribunal de commerce de la Haute-Loire ?<\/h2>\n<p>Le greffe est au service du tribunal de commerce et des entreprises.<\/p>\n<p>Les greffiers sont des agents de l&rsquo;\u00e9tat qui ont pr\u00eat\u00e9 serment. Ce sont des sp\u00e9cialiste du droit des soci\u00e9t\u00e9s qui peuvent aider les gestionnaire d&rsquo;entreprise pour l&rsquo;administration de leur entreprise.<\/p>\n<p>Le greffe c&rsquo;est aussi une mission de centralisation des donn\u00e9es juridiques relatives aux soci\u00e9t\u00e9s. Le greffe approuve l&rsquo;enregistrement des entreprises en leurs octroyant un num\u00e9ro de RCS.<br \/>\nLe Registre du Commerce et des Soci\u00e9t\u00e9s (RCS) est gard\u00e9 par les greffiers.<\/p>\n<p>Le greffe du tribunal de commerce est un protagoniste incontournable pour l&rsquo;ensemble des structures de la r\u00e9gion de Haute-Loire. Les entrepreneurs qui domicilient leur soci\u00e9t\u00e9 au Puy-En-Velay ou \u00e0 c\u00f4t\u00e9, devront contacter le greffe plusieurs fois par an pour faire leurs d\u00e9marches obligatoires.<\/p>\n<p>Le Greffe du tribunal de commerce va aussi prendre en charge :<\/p>\n<ul>\n<li>la pr\u00e9vention pour anticiper les difficult\u00e9s des entreprises gr\u00e2ce \u00e0 leurs conseils<\/li>\n<li>les fermetures de entreprise<\/li>\n<li>la diffusion de documents l\u00e9gaux<\/li>\n<\/ul>\n<p>&nbsp;<\/p>\n<h2>A quel moment solliciter un num\u00e9ro d&rsquo;enregistrement pour son entreprise ?<\/h2>\n<p>L&rsquo;immatriculation de l&rsquo;entreprise est la derni\u00e8re \u00e9tape de constitution.<br \/>\nAvant de joindre le greffe pour terminer l&rsquo;immatriculation de la structure, il est obligatoire d&rsquo;avoir r\u00e9alis\u00e9 ant\u00e9rieurement les \u00e9tapes pertinentes (signature des statuts sociaux de l&rsquo;entreprise, publication d&rsquo;une annonce officielle de constitution, d\u00e9p\u00f4t du capital&#8230;).<\/p>\n","protected":false},"excerpt":{"rendered":"<p>Vous contr\u00f4lez une soci\u00e9t\u00e9 pr\u00e8s du Puy-En-Velay ? Vous allez devoir joindre le greffe du tribunal de commerce pour r\u00e9aliser [&hellip;]<\/p>\n","protected":false},"author":1,"featured_media":0,"parent":1759,"menu_order":0,"comment_status":"closed","ping_status":"closed","template":"","meta":{"inline_featured_image":false,"footnotes":""},"class_list":["post-1946","page","type-page","status-publish","hentry"],"yoast_head":"<!-- This site is optimized with the Yoast SEO plugin v26.8 - https:\/\/yoast.com\/product\/yoast-seo-wordpress\/ -->\n<title>Greffe du tribunal de commerce du Puy-En-Velay - Actualit\u00e9 des entreprises<\/title>\n<meta name=\"robots\" content=\"index, follow, max-snippet:-1, max-image-preview:large, max-video-preview:-1\" \/>\n<link rel=\"canonical\" href=\"https:\/\/www.annonces-legales.org\/blog\/greffe\/greffe-du-tribunal-de-commerce-le-puy-en-velay\/\" \/>\n<meta property=\"og:locale\" content=\"fr_FR\" \/>\n<meta property=\"og:type\" content=\"article\" \/>\n<meta property=\"og:title\" content=\"Greffe du tribunal de commerce du Puy-En-Velay - Actualit\u00e9 des entreprises\" \/>\n<meta property=\"og:description\" content=\"Vous contr\u00f4lez une soci\u00e9t\u00e9 pr\u00e8s du Puy-En-Velay ? Vous allez devoir joindre le greffe du tribunal de commerce pour r\u00e9aliser [&hellip;]\" \/>\n<meta property=\"og:url\" content=\"https:\/\/www.annonces-legales.org\/blog\/greffe\/greffe-du-tribunal-de-commerce-le-puy-en-velay\/\" \/>\n<meta property=\"og:site_name\" content=\"Actualit\u00e9 des entreprises\" \/>\n<meta property=\"article:modified_time\" content=\"2022-02-01T11:49:52+00:00\" \/>\n<meta property=\"og:image\" content=\"https:\/\/www.annonces-legales.org\/blog\/wp-content\/uploads\/2022\/01\/tribunal.png\" \/>\n\t<meta property=\"og:image:width\" content=\"640\" \/>\n\t<meta property=\"og:image:height\" content=\"612\" \/>\n\t<meta property=\"og:image:type\" content=\"image\/png\" \/>\n<meta name=\"twitter:card\" content=\"summary_large_image\" \/>\n<meta name=\"twitter:label1\" content=\"Dur\u00e9e de lecture estim\u00e9e\" \/>\n\t<meta name=\"twitter:data1\" content=\"2 minutes\" \/>\n<script type=\"application\/ld+json\" class=\"yoast-schema-graph\">{\"@context\":\"https:\/\/schema.org\",\"@graph\":[{\"@type\":\"WebPage\",\"@id\":\"https:\/\/www.annonces-legales.org\/blog\/greffe\/greffe-du-tribunal-de-commerce-le-puy-en-velay\/\",\"url\":\"https:\/\/www.annonces-legales.org\/blog\/greffe\/greffe-du-tribunal-de-commerce-le-puy-en-velay\/\",\"name\":\"Greffe du tribunal de commerce du Puy-En-Velay - Actualit\u00e9 des entreprises\",\"isPartOf\":{\"@id\":\"https:\/\/www.annonces-legales.org\/blog\/#website\"},\"primaryImageOfPage\":{\"@id\":\"https:\/\/www.annonces-legales.org\/blog\/greffe\/greffe-du-tribunal-de-commerce-le-puy-en-velay\/#primaryimage\"},\"image\":{\"@id\":\"https:\/\/www.annonces-legales.org\/blog\/greffe\/greffe-du-tribunal-de-commerce-le-puy-en-velay\/#primaryimage\"},\"thumbnailUrl\":\"https:\/\/www.annonces-legales.org\/blog\/wp-content\/uploads\/2022\/01\/tribunal-150x150.png\",\"datePublished\":\"2022-01-22T19:44:48+00:00\",\"dateModified\":\"2022-02-01T11:49:52+00:00\",\"breadcrumb\":{\"@id\":\"https:\/\/www.annonces-legales.org\/blog\/greffe\/greffe-du-tribunal-de-commerce-le-puy-en-velay\/#breadcrumb\"},\"inLanguage\":\"fr-FR\",\"potentialAction\":[{\"@type\":\"ReadAction\",\"target\":[\"https:\/\/www.annonces-legales.org\/blog\/greffe\/greffe-du-tribunal-de-commerce-le-puy-en-velay\/\"]}]},{\"@type\":\"ImageObject\",\"inLanguage\":\"fr-FR\",\"@id\":\"https:\/\/www.annonces-legales.org\/blog\/greffe\/greffe-du-tribunal-de-commerce-le-puy-en-velay\/#primaryimage\",\"url\":\"https:\/\/www.annonces-legales.org\/blog\/wp-content\/uploads\/2022\/01\/tribunal.png\",\"contentUrl\":\"https:\/\/www.annonces-legales.org\/blog\/wp-content\/uploads\/2022\/01\/tribunal.png\",\"width\":640,\"height\":612},{\"@type\":\"BreadcrumbList\",\"@id\":\"https:\/\/www.annonces-legales.org\/blog\/greffe\/greffe-du-tribunal-de-commerce-le-puy-en-velay\/#breadcrumb\",\"itemListElement\":[{\"@type\":\"ListItem\",\"position\":1,\"name\":\"Accueil\",\"item\":\"https:\/\/www.annonces-legales.org\/blog\/\"},{\"@type\":\"ListItem\",\"position\":2,\"name\":\"Liste des Greffes des tribunaux de commerce\",\"item\":\"https:\/\/www.annonces-legales.org\/blog\/greffe\/\"},{\"@type\":\"ListItem\",\"position\":3,\"name\":\"Greffe du tribunal de commerce du Puy-En-Velay\"}]},{\"@type\":\"WebSite\",\"@id\":\"https:\/\/www.annonces-legales.org\/blog\/#website\",\"url\":\"https:\/\/www.annonces-legales.org\/blog\/\",\"name\":\"Actualit\u00e9 des entreprises\",\"description\":\"\",\"publisher\":{\"@id\":\"https:\/\/www.annonces-legales.org\/blog\/#organization\"},\"potentialAction\":[{\"@type\":\"SearchAction\",\"target\":{\"@type\":\"EntryPoint\",\"urlTemplate\":\"https:\/\/www.annonces-legales.org\/blog\/?s={search_term_string}\"},\"query-input\":{\"@type\":\"PropertyValueSpecification\",\"valueRequired\":true,\"valueName\":\"search_term_string\"}}],\"inLanguage\":\"fr-FR\"},{\"@type\":\"Organization\",\"@id\":\"https:\/\/www.annonces-legales.org\/blog\/#organization\",\"name\":\"Actualit\u00e9 des entreprises\",\"url\":\"https:\/\/www.annonces-legales.org\/blog\/\",\"logo\":{\"@type\":\"ImageObject\",\"inLanguage\":\"fr-FR\",\"@id\":\"https:\/\/www.annonces-legales.org\/blog\/#\/schema\/logo\/image\/\",\"url\":\"https:\/\/www.annonces-legales.org\/blog\/wp-content\/uploads\/2023\/08\/annonces-legales.svg\",\"contentUrl\":\"https:\/\/www.annonces-legales.org\/blog\/wp-content\/uploads\/2023\/08\/annonces-legales.svg\",\"caption\":\"Actualit\u00e9 des entreprises\"},\"image\":{\"@id\":\"https:\/\/www.annonces-legales.org\/blog\/#\/schema\/logo\/image\/\"}}]}<\/script>\n<!-- \/ Yoast SEO plugin. -->","yoast_head_json":{"title":"Greffe du tribunal de commerce du Puy-En-Velay - Actualit\u00e9 des entreprises","robots":{"index":"index","follow":"follow","max-snippet":"max-snippet:-1","max-image-preview":"max-image-preview:large","max-video-preview":"max-video-preview:-1"},"canonical":"https:\/\/www.annonces-legales.org\/blog\/greffe\/greffe-du-tribunal-de-commerce-le-puy-en-velay\/","og_locale":"fr_FR","og_type":"article","og_title":"Greffe du tribunal de commerce du Puy-En-Velay - Actualit\u00e9 des entreprises","og_description":"Vous contr\u00f4lez une soci\u00e9t\u00e9 pr\u00e8s du Puy-En-Velay ? Vous allez devoir joindre le greffe du tribunal de commerce pour r\u00e9aliser [&hellip;]","og_url":"https:\/\/www.annonces-legales.org\/blog\/greffe\/greffe-du-tribunal-de-commerce-le-puy-en-velay\/","og_site_name":"Actualit\u00e9 des entreprises","article_modified_time":"2022-02-01T11:49:52+00:00","og_image":[{"width":640,"height":612,"url":"https:\/\/www.annonces-legales.org\/blog\/wp-content\/uploads\/2022\/01\/tribunal.png","type":"image\/png"}],"twitter_card":"summary_large_image","twitter_misc":{"Dur\u00e9e de lecture estim\u00e9e":"2 minutes"},"schema":{"@context":"https:\/\/schema.org","@graph":[{"@type":"WebPage","@id":"https:\/\/www.annonces-legales.org\/blog\/greffe\/greffe-du-tribunal-de-commerce-le-puy-en-velay\/","url":"https:\/\/www.annonces-legales.org\/blog\/greffe\/greffe-du-tribunal-de-commerce-le-puy-en-velay\/","name":"Greffe du tribunal de commerce du Puy-En-Velay - Actualit\u00e9 des entreprises","isPartOf":{"@id":"https:\/\/www.annonces-legales.org\/blog\/#website"},"primaryImageOfPage":{"@id":"https:\/\/www.annonces-legales.org\/blog\/greffe\/greffe-du-tribunal-de-commerce-le-puy-en-velay\/#primaryimage"},"image":{"@id":"https:\/\/www.annonces-legales.org\/blog\/greffe\/greffe-du-tribunal-de-commerce-le-puy-en-velay\/#primaryimage"},"thumbnailUrl":"https:\/\/www.annonces-legales.org\/blog\/wp-content\/uploads\/2022\/01\/tribunal-150x150.png","datePublished":"2022-01-22T19:44:48+00:00","dateModified":"2022-02-01T11:49:52+00:00","breadcrumb":{"@id":"https:\/\/www.annonces-legales.org\/blog\/greffe\/greffe-du-tribunal-de-commerce-le-puy-en-velay\/#breadcrumb"},"inLanguage":"fr-FR","potentialAction":[{"@type":"ReadAction","target":["https:\/\/www.annonces-legales.org\/blog\/greffe\/greffe-du-tribunal-de-commerce-le-puy-en-velay\/"]}]},{"@type":"ImageObject","inLanguage":"fr-FR","@id":"https:\/\/www.annonces-legales.org\/blog\/greffe\/greffe-du-tribunal-de-commerce-le-puy-en-velay\/#primaryimage","url":"https:\/\/www.annonces-legales.org\/blog\/wp-content\/uploads\/2022\/01\/tribunal.png","contentUrl":"https:\/\/www.annonces-legales.org\/blog\/wp-content\/uploads\/2022\/01\/tribunal.png","width":640,"height":612},{"@type":"BreadcrumbList","@id":"https:\/\/www.annonces-legales.org\/blog\/greffe\/greffe-du-tribunal-de-commerce-le-puy-en-velay\/#breadcrumb","itemListElement":[{"@type":"ListItem","position":1,"name":"Accueil","item":"https:\/\/www.annonces-legales.org\/blog\/"},{"@type":"ListItem","position":2,"name":"Liste des Greffes des tribunaux de commerce","item":"https:\/\/www.annonces-legales.org\/blog\/greffe\/"},{"@type":"ListItem","position":3,"name":"Greffe du tribunal de commerce du Puy-En-Velay"}]},{"@type":"WebSite","@id":"https:\/\/www.annonces-legales.org\/blog\/#website","url":"https:\/\/www.annonces-legales.org\/blog\/","name":"Actualit\u00e9 des entreprises","description":"","publisher":{"@id":"https:\/\/www.annonces-legales.org\/blog\/#organization"},"potentialAction":[{"@type":"SearchAction","target":{"@type":"EntryPoint","urlTemplate":"https:\/\/www.annonces-legales.org\/blog\/?s={search_term_string}"},"query-input":{"@type":"PropertyValueSpecification","valueRequired":true,"valueName":"search_term_string"}}],"inLanguage":"fr-FR"},{"@type":"Organization","@id":"https:\/\/www.annonces-legales.org\/blog\/#organization","name":"Actualit\u00e9 des entreprises","url":"https:\/\/www.annonces-legales.org\/blog\/","logo":{"@type":"ImageObject","inLanguage":"fr-FR","@id":"https:\/\/www.annonces-legales.org\/blog\/#\/schema\/logo\/image\/","url":"https:\/\/www.annonces-legales.org\/blog\/wp-content\/uploads\/2023\/08\/annonces-legales.svg","contentUrl":"https:\/\/www.annonces-legales.org\/blog\/wp-content\/uploads\/2023\/08\/annonces-legales.svg","caption":"Actualit\u00e9 des entreprises"},"image":{"@id":"https:\/\/www.annonces-legales.org\/blog\/#\/schema\/logo\/image\/"}}]}},"_links":{"self":[{"href":"https:\/\/www.annonces-legales.org\/blog\/wp-json\/wp\/v2\/pages\/1946","targetHints":{"allow":["GET"]}}],"collection":[{"href":"https:\/\/www.annonces-legales.org\/blog\/wp-json\/wp\/v2\/pages"}],"about":[{"href":"https:\/\/www.annonces-legales.org\/blog\/wp-json\/wp\/v2\/types\/page"}],"author":[{"embeddable":true,"href":"https:\/\/www.annonces-legales.org\/blog\/wp-json\/wp\/v2\/users\/1"}],"replies":[{"embeddable":true,"href":"https:\/\/www.annonces-legales.org\/blog\/wp-json\/wp\/v2\/comments?post=1946"}],"version-history":[{"count":5,"href":"https:\/\/www.annonces-legales.org\/blog\/wp-json\/wp\/v2\/pages\/1946\/revisions"}],"predecessor-version":[{"id":2554,"href":"https:\/\/www.annonces-legales.org\/blog\/wp-json\/wp\/v2\/pages\/1946\/revisions\/2554"}],"up":[{"embeddable":true,"href":"https:\/\/www.annonces-legales.org\/blog\/wp-json\/wp\/v2\/pages\/1759"}],"wp:attachment":[{"href":"https:\/\/www.annonces-legales.org\/blog\/wp-json\/wp\/v2\/media?parent=1946"}],"curies":[{"name":"wp","href":"https:\/\/api.w.org\/{rel}","templated":true}]}}