{"id":1950,"date":"2022-01-22T20:45:44","date_gmt":"2022-01-22T19:45:44","guid":{"rendered":"https:\/\/www.annonces-legales.org\/blog\/?page_id=1950"},"modified":"2022-02-01T16:27:05","modified_gmt":"2022-02-01T15:27:05","slug":"greffe-du-tribunal-de-commerce-de-lille","status":"publish","type":"page","link":"https:\/\/www.annonces-legales.org\/blog\/greffe\/greffe-du-tribunal-de-commerce-de-lille\/","title":{"rendered":"Greffe du tribunal de commerce de Lille"},"content":{"rendered":"<p><img loading=\"lazy\" decoding=\"async\" class=\"alignright  wp-image-2423\" src=\"https:\/\/www.annonces-legales.org\/blog\/wp-content\/uploads\/2022\/01\/tribunal-150x150.png\" alt=\"\" width=\"90\" height=\"90\" \/>Le <strong>greffe du tribunal de commerce de Lille<\/strong> a un grand nombre de mandats avec les entreprises de Lille M\u00e9tropole.<\/p>\n<p>Le greffe va s&rsquo;occuper notamment de traiter les dossiers de cr\u00e9ation de soci\u00e9t\u00e9 et leur enregistrement. Les greffes vont aussi recevoir les dossiers de modification de statuts des entreprises (modification du si\u00e8ge, changement de propri\u00e9taire&#8230;).<\/p>\n<p>Le greffe du tribunal de commerce va donc s&rsquo;occuper de la totalit\u00e9 des soci\u00e9t\u00e9s du d\u00e9partement du Nord.<\/p>\n<p>&nbsp;<\/p>\n<h2>Les informations de contact du greffe de Lille<\/h2>\n<p>Afin de discuter avec le greffe de Lille M\u00e9tropole, vous pouvez utiliser le t\u00e9l\u00e9phone ou leur site Internet.<\/p>\n<p><strong>Adresse<\/strong> : Tour Mercure 445, Bd Gambetta 59200 TOURCOING<\/p>\n<p><div class=\"leaflet-map WPLeafletMap\" style=\"height:250px; width:100%;\"><\/div><script>\nwindow.WPLeafletMapPlugin = window.WPLeafletMapPlugin || [];\nwindow.WPLeafletMapPlugin.push(function WPLeafletMapShortcode() {\/*<script>*\/\nvar baseUrl = atob('aHR0cHM6Ly97c30udGlsZS5vcGVuc3RyZWV0bWFwLm9yZy97en0ve3h9L3t5fS5wbmc=');\nvar base = (!baseUrl && window.MQ) ?\n    window.MQ.mapLayer() : L.tileLayer(baseUrl,\n        L.Util.extend({}, {\n            detectRetina: 0,\n        },\n        {\"subdomains\":\"abc\",\"noWrap\":false,\"maxZoom\":20}        )\n    );\n    var options = L.Util.extend({}, {\n        layers: [base],\n        attributionControl: false\n    },\n    {\"zoomControl\":true,\"scrollWheelZoom\":false,\"doubleClickZoom\":false,\"fitBounds\":false,\"minZoom\":0,\"maxZoom\":20,\"maxBounds\":null,\"attribution\":\"\"},\n    {});\nwindow.WPLeafletMapPlugin.createMap(options).setView([50.705074,3.162217],17);});<\/script> <script>\nwindow.WPLeafletMapPlugin = window.WPLeafletMapPlugin || [];\nwindow.WPLeafletMapPlugin.push(function WPLeafletMarkerShortcode() {\/*<script>*\/\nvar map = window.WPLeafletMapPlugin.getCurrentMap();\nvar group = window.WPLeafletMapPlugin.getCurrentGroup();\nvar marker_options = window.WPLeafletMapPlugin.getIconOptions({});\nvar marker = L.marker(\n    [0,0],\n    marker_options\n);\nvar is_image = map.is_image_map;\n    marker.setLatLng( map.getCenter() );\nif (marker_options.draggable) {\n    marker.on('dragend', function () {\n        var latlng = this.getLatLng();\n        var lat = latlng.lat;\n        var lng = latlng.lng;\n        if (is_image) {\n            console.log('leaflet-marker y=' + lat + ' x=' + lng);\n        } else {\n            console.log('leaflet-marker lat=' + lat + ' lng=' + lng);\n        }\n    });\n}\nmarker.addTo( group );\nmarker.bindPopup(window.WPLeafletMapPlugin.unescape(' Greffe du tribunal de commerce de Lille Metropole ')).openPopup();window.WPLeafletMapPlugin.markers.push( marker );\n        });<\/script><\/p>\n<p><strong>T\u00e9l\u00e9phone<\/strong> : 03 20 36 65 45 (de 9h \u00e0 12h et de 14h \u00e0 16h)<br \/>\n<strong>Page web<\/strong> : www.greffe-tc-lillemetropole.fr<\/p>\n<p>&nbsp;<\/p>\n<h2>Quand aller au greffe du tribunal de Lille ?<\/h2>\n<p>Il est autoris\u00e9 de se rendre au greffe du tribunal de commerce de Lille M\u00e9tropole chaque jour de la semaine du lundi au vendredi\u00a0 de 08H30 \u00e0 11H30 et de 12H45 \u00e0 16H00.<\/p>\n<h2><\/h2>\n<h2>A quoi sert le greffe du tribunal de commerce de Lille M\u00e9tropole ?<\/h2>\n<p>Le greffe de Lille M\u00e9tropole est au service des juges mais aussi des structures commerciales Lilloise. Les greffiers du tribunal s&rsquo;occupent de nombreuses missions essentielles.<\/p>\n<p>Concernant les cr\u00e9ations d&rsquo;entreprises, leur travail est de <strong>maintenir le RCS<\/strong> : le Registre du Commerce et des Soci\u00e9t\u00e9s.<\/p>\n<p>Il va aussi entretenir et fournir des informations juridiques et financi\u00e8res sur les soci\u00e9t\u00e9s du d\u00e9partement de Nord.<\/p>\n<p>Ces agents de l&rsquo;\u00c9tat pr\u00e9servent et garantissent la fiabilit\u00e9 et la pertinence des informations qui apparaissent dans les divers <strong>registres officiels<\/strong>. Ils vont \u00e9galement assurer la d\u00e9livrance de documents sur demande : extraits K-bis, statuts juridiques, comptes&#8230;<\/p>\n<p>Leur r\u00f4le est aussi d&rsquo;aider les entreprises du Nord. En cas de doute, ou pour une aide en cas de difficult\u00e9, un gestionnaire Lillois ne doit pas h\u00e9siter \u00e0 demander conseil \u00e0 son greffe.<\/p>\n<p>Le greffe du tribunal de commerce de Lille M\u00e9tropole peut essayer de trouver des solutions pour les soci\u00e9t\u00e9s en danger. Pour cela, il est indispensable de le contacter avant que la structure ne soit plus dans la capacit\u00e9 de r\u00e9gler ses dettes.<\/p>\n<p>Le greffe peut aussi r\u00e9fl\u00e9chir \u00e0 des plans de soutien pour pr\u00e9venir le d\u00e9p\u00f4t de bilan.<\/p>\n<p>&nbsp;<\/p>\n<h2>Comment inscrire une soci\u00e9t\u00e9 avec le RCS de Lille M\u00e9tropole ?<\/h2>\n<p>Une soci\u00e9t\u00e9 ne peut pas d\u00e9marrer ses services si elle n&rsquo;est pas enregistr\u00e9e au registre du commerce et des soci\u00e9t\u00e9s. Toutes les soci\u00e9t\u00e9s doivent faire cette <strong>immatriculation<\/strong> (hormis quelques exceptions).<\/p>\n<p>Les artisans devront \u00e9galement s&rsquo;immatriculer au r\u00e9pertoire des m\u00e9tiers.<\/p>\n<p>Il est possible de r\u00e9aliser l&rsquo;inscription de la soci\u00e9t\u00e9 en se d\u00e9pla\u00e7ant au CFE du greffe du tribunal de commerce de Lille M\u00e9tropole. Cette inscription peut aussi se faire par voie postale en acheminant le formulaire P0 ou M0 avec toutes les pi\u00e8ces exig\u00e9es (copies des statuts, attestation de parution d&rsquo;une annonce officielle, acte de nomination du dirigeant, papier pour la domiciliation du si\u00e8ge, copie de la pi\u00e8ce d&rsquo;identit\u00e9 du g\u00e9rant et attestation de non condamnation).<\/p>\n<p>N\u00e9anmoins, le moyen le plus simple est sans doute d&rsquo;accomplir cet enregistrement sur internet sur le site officiel <em>greffe-tc-lillemetropole.fr<\/em> ou le site des greffes Infogreffe.<\/p>\n<p>&nbsp;<\/p>\n<h2>Tarif d&rsquo;inscription au RCS de Lille<\/h2>\n<p>La d\u00e9marche d&rsquo;immatriculation va entra\u00eener des co\u00fbts diff\u00e9rents en fonction de la forme juridique de la structure.<\/p>\n<p>Les frais d&rsquo;immatriculation pour une <strong>soci\u00e9t\u00e9 commerciale<\/strong> est de 39,42 \u20ac.<br \/>\nPour une <strong>entreprise individuelle commerciale<\/strong>, le co\u00fbt d&rsquo;inscription est de 25,34 \u20ac.<br \/>\nPour les autres types de soci\u00e9t\u00e9s, les frais d&rsquo;immatriculation seront de 70,39 \u20ac ou de 73,21 \u20ac.<br \/>\nPour les micro entrepreneurs, cette inscription est gratuite.<\/p>\n<p>&nbsp;<\/p>\n<p><strong>A savoir<\/strong><\/p>\n<p>Les frais d&rsquo;inscription pour l&rsquo;enregistrement ne sont pas les seuls frais associ\u00e9s \u00e0 la cr\u00e9ation d&rsquo;une entreprise. Il y aura \u00e9galement des frais suppl\u00e9mentaires dont certains sont in\u00e9vitables comme par exemple l&rsquo;<a href=\"https:\/\/www.annonces-legales.org\">achat d&rsquo;une annonce l\u00e9gale<\/a> pour annoncer la cr\u00e9ation d&rsquo;une entreprise.<\/p>\n<p>&nbsp;<\/p>\n<h2>Qu&rsquo;est-ce qui distingue le num\u00e9ro de SIRET du num\u00e9ro de SIREN ?<\/h2>\n<p>Le num\u00e9ro de SIREN\u00a0 permet de savoir de quelle entreprise on parle. Mais si une entreprise poss\u00e8de plusieurs \u00e9tablissements ou filiales, elle poss\u00e9dera plusieurs num\u00e9ros de SIRET, un pour chaque \u00e9tablissement. Bien entendu, chaque \u00e9tablissement poss\u00e8de une adresse postale diff\u00e9rente.<br \/>\nDans le num\u00e9ro de SIRET on retrouve le num\u00e9ro de SIREN avec en plus des chiffres pour distinguer chaque \u00e9tablissement.<\/p>\n<p>&nbsp;<\/p>\n<h2>Comment consulter les informations officielles sur une entreprise de Lille ?<\/h2>\n<p>Sur le site Infogreffe, il est possible de trouver les informations sur une soci\u00e9t\u00e9 en fournissant le nom de la soci\u00e9t\u00e9, celle du dirigeant ou le num\u00e9ro de SIREN.<br \/>\nIl est possible de voir la date d&rsquo;inscription de la soci\u00e9t\u00e9 au RCS ainsi que le code NAF et les diff\u00e9rents \u00e9tablissements de la soci\u00e9t\u00e9.<\/p>\n<p>Il est possible d&rsquo;acheter un extrait K-bis pour quelques euros ainsi qu&rsquo;un historique des modifications r\u00e9alis\u00e9es par la soci\u00e9t\u00e9 aupr\u00e8s du greffe.<\/p>\n<p>&nbsp;<\/p>\n<h2>Ressort du greffe du TC de Lille<\/h2>\n<p>&nbsp;<\/p>\n<table class=\"tg table-striped container-fluid\">\n<tbody>\n<tr>\n<th>Code postal<\/th>\n<th>Commune<\/th>\n<\/tr>\n<tr>\n<td>59251<\/td>\n<td>Allennes-les-Marais<\/td>\n<\/tr>\n<tr>\n<td>59112<\/td>\n<td>Ann?ullin<\/td>\n<\/tr>\n<tr>\n<td>59152<\/td>\n<td>Anstaing<\/td>\n<\/tr>\n<tr>\n<td>59280<\/td>\n<td>Armenti\u00e8res<\/td>\n<\/tr>\n<tr>\n<td>59710<\/td>\n<td>Attiches<\/td>\n<\/tr>\n<tr>\n<td>59249<\/td>\n<td>Aubers<\/td>\n<\/tr>\n<tr>\n<td>59710<\/td>\n<td>Avelin<\/td>\n<\/tr>\n<tr>\n<td>59830<\/td>\n<td>Bachy<\/td>\n<\/tr>\n<tr>\n<td>59780<\/td>\n<td>Baisieux<\/td>\n<\/tr>\n<tr>\n<td>59221<\/td>\n<td>Bauvin<\/td>\n<\/tr>\n<tr>\n<td>59134<\/td>\n<td>Beaucamps-Ligny<\/td>\n<\/tr>\n<tr>\n<td>59235<\/td>\n<td>Bers\u00e9e<\/td>\n<\/tr>\n<tr>\n<td>59280<\/td>\n<td>Bois-Grenier<\/td>\n<\/tr>\n<tr>\n<td>59910<\/td>\n<td>Bondues<\/td>\n<\/tr>\n<tr>\n<td>59830<\/td>\n<td>Bourghelles<\/td>\n<\/tr>\n<tr>\n<td>59166<\/td>\n<td>Bousbecque<\/td>\n<\/tr>\n<tr>\n<td>59830<\/td>\n<td>Bouvines<\/td>\n<\/tr>\n<tr>\n<td>59133<\/td>\n<td>Camphin-en-Carembault<\/td>\n<\/tr>\n<tr>\n<td>59780<\/td>\n<td>Camphin-en-P\u00e9v\u00e8le<\/td>\n<\/tr>\n<tr>\n<td>59160<\/td>\n<td>Capinghem<\/td>\n<\/tr>\n<tr>\n<td>59242<\/td>\n<td>Cappelle-en-P\u00e9v\u00e8le<\/td>\n<\/tr>\n<tr>\n<td>59112<\/td>\n<td>Carnin<\/td>\n<\/tr>\n<tr>\n<td>59147<\/td>\n<td>Chemy<\/td>\n<\/tr>\n<tr>\n<td>59152<\/td>\n<td>Ch\u00e9reng<\/td>\n<\/tr>\n<tr>\n<td>59830<\/td>\n<td>Cobrieux<\/td>\n<\/tr>\n<tr>\n<td>59560<\/td>\n<td>Comines<\/td>\n<\/tr>\n<tr>\n<td>59170<\/td>\n<td>Croix<\/td>\n<\/tr>\n<tr>\n<td>59830<\/td>\n<td>Cysoing<\/td>\n<\/tr>\n<tr>\n<td>59890<\/td>\n<td>De\u00fbl\u00e9mont<\/td>\n<\/tr>\n<tr>\n<td>59272<\/td>\n<td>Don<\/td>\n<\/tr>\n<tr>\n<td>59320<\/td>\n<td>Emmerin<\/td>\n<\/tr>\n<tr>\n<td>59320<\/td>\n<td>Englos<\/td>\n<\/tr>\n<tr>\n<td>59320<\/td>\n<td>Enneti\u00e8res-en-Weppes<\/td>\n<\/tr>\n<tr>\n<td>59710<\/td>\n<td>Ennevelin<\/td>\n<\/tr>\n<tr>\n<td>59320<\/td>\n<td>Erquinghem-le-Sec<\/td>\n<\/tr>\n<tr>\n<td>59193<\/td>\n<td>Erquinghem-Lys<\/td>\n<\/tr>\n<tr>\n<td>59320<\/td>\n<td>Escobecques<\/td>\n<\/tr>\n<tr>\n<td>59155<\/td>\n<td>Faches-Thumesnil<\/td>\n<\/tr>\n<tr>\n<td>59510<\/td>\n<td>Forest-sur-Marque<\/td>\n<\/tr>\n<tr>\n<td>59134<\/td>\n<td>Fournes-en-Weppes<\/td>\n<\/tr>\n<tr>\n<td>59236<\/td>\n<td>Frelinghien<\/td>\n<\/tr>\n<tr>\n<td>59273<\/td>\n<td>Fretin<\/td>\n<\/tr>\n<tr>\n<td>59249<\/td>\n<td>Fromelles<\/td>\n<\/tr>\n<tr>\n<td>59242<\/td>\n<td>Genech<\/td>\n<\/tr>\n<tr>\n<td>59147<\/td>\n<td>Gondecourt<\/td>\n<\/tr>\n<tr>\n<td>59152<\/td>\n<td>Gruson<\/td>\n<\/tr>\n<tr>\n<td>59320<\/td>\n<td>Hallennes-lez-Haubourdin<\/td>\n<\/tr>\n<tr>\n<td>59250<\/td>\n<td>Halluin<\/td>\n<\/tr>\n<tr>\n<td>59480<\/td>\n<td>Hantay<\/td>\n<\/tr>\n<tr>\n<td>59320<\/td>\n<td>Haubourdin<\/td>\n<\/tr>\n<tr>\n<td>59260<\/td>\n<td>Hellemmes-Lille<\/td>\n<\/tr>\n<tr>\n<td>59510<\/td>\n<td>Hem<\/td>\n<\/tr>\n<tr>\n<td>59134<\/td>\n<td>Herlies<\/td>\n<\/tr>\n<tr>\n<td>59147<\/td>\n<td>Herrin<\/td>\n<\/tr>\n<tr>\n<td>59263<\/td>\n<td>Houplin-Ancoisne<\/td>\n<\/tr>\n<tr>\n<td>59116<\/td>\n<td>Houplines<\/td>\n<\/tr>\n<tr>\n<td>59480<\/td>\n<td>Illies<\/td>\n<\/tr>\n<tr>\n<td>59480<\/td>\n<td>La Bass\u00e9e<\/td>\n<\/tr>\n<tr>\n<td>59930<\/td>\n<td>La Chapelle-d&rsquo;Armenti\u00e8res<\/td>\n<\/tr>\n<tr>\n<td>59110<\/td>\n<td>La Madeleine<\/td>\n<\/tr>\n<tr>\n<td>59239<\/td>\n<td>La Neuville<\/td>\n<\/tr>\n<tr>\n<td>59130<\/td>\n<td>Lambersart<\/td>\n<\/tr>\n<tr>\n<td>59390<\/td>\n<td>Lannoy<\/td>\n<\/tr>\n<tr>\n<td>59134<\/td>\n<td>Le Maisnil<\/td>\n<\/tr>\n<tr>\n<td>59115<\/td>\n<td>Leers<\/td>\n<\/tr>\n<tr>\n<td>59810<\/td>\n<td>Lesquin<\/td>\n<\/tr>\n<tr>\n<td>59260<\/td>\n<td>Lezennes<\/td>\n<\/tr>\n<tr>\n<td>59000<\/td>\n<td>Lille<\/td>\n<\/tr>\n<tr>\n<td>59126<\/td>\n<td>Linselles<\/td>\n<\/tr>\n<tr>\n<td>59160<\/td>\n<td>Lomme<\/td>\n<\/tr>\n<tr>\n<td>59840<\/td>\n<td>Lompret<\/td>\n<\/tr>\n<tr>\n<td>59120<\/td>\n<td>Loos<\/td>\n<\/tr>\n<tr>\n<td>59830<\/td>\n<td>Louvil<\/td>\n<\/tr>\n<tr>\n<td>59390<\/td>\n<td>Lys-lez-Lannoy<\/td>\n<\/tr>\n<tr>\n<td>59700<\/td>\n<td>Marcq-en-Bar?ul<\/td>\n<\/tr>\n<tr>\n<td>59520<\/td>\n<td>Marquette-lez-Lille<\/td>\n<\/tr>\n<tr>\n<td>59274<\/td>\n<td>Marquillies<\/td>\n<\/tr>\n<tr>\n<td>59710<\/td>\n<td>M\u00e9rignies<\/td>\n<\/tr>\n<tr>\n<td>59283<\/td>\n<td>Moncheaux<\/td>\n<\/tr>\n<tr>\n<td>59370<\/td>\n<td>Mons-en-Bar?ul<\/td>\n<\/tr>\n<tr>\n<td>59246<\/td>\n<td>Mons-en-P\u00e9v\u00e8le<\/td>\n<\/tr>\n<tr>\n<td>59310<\/td>\n<td>Mouchin<\/td>\n<\/tr>\n<tr>\n<td>59420<\/td>\n<td>Mouvaux<\/td>\n<\/tr>\n<tr>\n<td>59960<\/td>\n<td>Neuville-en-Ferrain<\/td>\n<\/tr>\n<tr>\n<td>59139<\/td>\n<td>Noyelles-l\u00e8s-Seclin<\/td>\n<\/tr>\n<tr>\n<td>59162<\/td>\n<td>Ostricourt<\/td>\n<\/tr>\n<tr>\n<td>59840<\/td>\n<td>P\u00e9renchies<\/td>\n<\/tr>\n<tr>\n<td>59273<\/td>\n<td>P\u00e9ronne-en-M\u00e9lantois<\/td>\n<\/tr>\n<tr>\n<td>59133<\/td>\n<td>Phalempin<\/td>\n<\/tr>\n<tr>\n<td>59710<\/td>\n<td>Pont-\u00e0-Marcq<\/td>\n<\/tr>\n<tr>\n<td>59840<\/td>\n<td>Pr\u00e9mesques<\/td>\n<\/tr>\n<tr>\n<td>59185<\/td>\n<td>Provin<\/td>\n<\/tr>\n<tr>\n<td>59890<\/td>\n<td>Quesnoy-sur-De\u00fble<\/td>\n<\/tr>\n<tr>\n<td>59320<\/td>\n<td>Radinghem-en-Weppes<\/td>\n<\/tr>\n<tr>\n<td>59790<\/td>\n<td>Ronchin<\/td>\n<\/tr>\n<tr>\n<td>59223<\/td>\n<td>Roncq<\/td>\n<\/tr>\n<tr>\n<td>59100<\/td>\n<td>Roubaix<\/td>\n<\/tr>\n<tr>\n<td>59390<\/td>\n<td>Sailly-lez-Lannoy<\/td>\n<\/tr>\n<tr>\n<td>59262<\/td>\n<td>Sainghin-en-M\u00e9lantois<\/td>\n<\/tr>\n<tr>\n<td>59184<\/td>\n<td>Sainghin-en-Weppes<\/td>\n<\/tr>\n<tr>\n<td>59350<\/td>\n<td>Saint-Andr\u00e9-lez-Lille<\/td>\n<\/tr>\n<tr>\n<td>59480<\/td>\n<td>Salom\u00e9<\/td>\n<\/tr>\n<tr>\n<td>59211<\/td>\n<td>Santes<\/td>\n<\/tr>\n<tr>\n<td>59113<\/td>\n<td>Seclin<\/td>\n<\/tr>\n<tr>\n<td>59320<\/td>\n<td>Sequedin<\/td>\n<\/tr>\n<tr>\n<td>59175<\/td>\n<td>Templemars<\/td>\n<\/tr>\n<tr>\n<td>59242<\/td>\n<td>Templeuve<\/td>\n<\/tr>\n<tr>\n<td>59239<\/td>\n<td>Thumeries<\/td>\n<\/tr>\n<tr>\n<td>59390<\/td>\n<td>Toufflers<\/td>\n<\/tr>\n<tr>\n<td>59200<\/td>\n<td>Tourcoing<\/td>\n<\/tr>\n<tr>\n<td>59710<\/td>\n<td>Tourmignies<\/td>\n<\/tr>\n<tr>\n<td>59152<\/td>\n<td>Tressin<\/td>\n<\/tr>\n<tr>\n<td>59175<\/td>\n<td>Vendeville<\/td>\n<\/tr>\n<tr>\n<td>59237<\/td>\n<td>Verlinghem<\/td>\n<\/tr>\n<tr>\n<td>59650<\/td>\n<td>Villeneuve-d&rsquo;Ascq<\/td>\n<\/tr>\n<tr>\n<td>59261<\/td>\n<td>Wahagnies<\/td>\n<\/tr>\n<tr>\n<td>59118<\/td>\n<td>Wambrechies<\/td>\n<\/tr>\n<tr>\n<td>59830<\/td>\n<td>Wannehain<\/td>\n<\/tr>\n<tr>\n<td>59560<\/td>\n<td>Warneton<\/td>\n<\/tr>\n<tr>\n<td>59290<\/td>\n<td>Wasquehal<\/td>\n<\/tr>\n<tr>\n<td>59139<\/td>\n<td>Wattignies<\/td>\n<\/tr>\n<tr>\n<td>59150<\/td>\n<td>Wattrelos<\/td>\n<\/tr>\n<tr>\n<td>59136<\/td>\n<td>Wavrin<\/td>\n<\/tr>\n<tr>\n<td>59117<\/td>\n<td>Wervicq-Sud<\/td>\n<\/tr>\n<tr>\n<td>59134<\/td>\n<td>Wicres<\/td>\n<\/tr>\n<tr>\n<td>59780<\/td>\n<td>Willems<\/td>\n<\/tr>\n<\/tbody>\n<\/table>\n","protected":false},"excerpt":{"rendered":"<p>Le greffe du tribunal de commerce de Lille a un grand nombre de mandats avec les entreprises de Lille M\u00e9tropole. [&hellip;]<\/p>\n","protected":false},"author":1,"featured_media":0,"parent":1759,"menu_order":0,"comment_status":"closed","ping_status":"closed","template":"","meta":{"inline_featured_image":false,"footnotes":""},"class_list":["post-1950","page","type-page","status-publish","hentry"],"yoast_head":"<!-- This site is optimized with the Yoast SEO plugin v26.8 - https:\/\/yoast.com\/product\/yoast-seo-wordpress\/ -->\n<title>Greffe du tribunal de commerce de Lille - Actualit\u00e9 des entreprises<\/title>\n<meta name=\"robots\" content=\"index, follow, max-snippet:-1, max-image-preview:large, max-video-preview:-1\" \/>\n<link rel=\"canonical\" href=\"https:\/\/www.annonces-legales.org\/blog\/greffe\/greffe-du-tribunal-de-commerce-de-lille\/\" \/>\n<meta property=\"og:locale\" content=\"fr_FR\" \/>\n<meta property=\"og:type\" content=\"article\" \/>\n<meta property=\"og:title\" content=\"Greffe du tribunal de commerce de Lille - Actualit\u00e9 des entreprises\" \/>\n<meta property=\"og:description\" content=\"Le greffe du tribunal de commerce de Lille a un grand nombre de mandats avec les entreprises de Lille M\u00e9tropole. [&hellip;]\" \/>\n<meta property=\"og:url\" content=\"https:\/\/www.annonces-legales.org\/blog\/greffe\/greffe-du-tribunal-de-commerce-de-lille\/\" \/>\n<meta property=\"og:site_name\" content=\"Actualit\u00e9 des entreprises\" \/>\n<meta property=\"article:modified_time\" content=\"2022-02-01T15:27:05+00:00\" \/>\n<meta property=\"og:image\" content=\"https:\/\/www.annonces-legales.org\/blog\/wp-content\/uploads\/2022\/01\/tribunal.png\" \/>\n\t<meta property=\"og:image:width\" content=\"640\" \/>\n\t<meta property=\"og:image:height\" content=\"612\" \/>\n\t<meta property=\"og:image:type\" content=\"image\/png\" \/>\n<meta name=\"twitter:card\" content=\"summary_large_image\" \/>\n<meta name=\"twitter:label1\" content=\"Dur\u00e9e de lecture estim\u00e9e\" \/>\n\t<meta name=\"twitter:data1\" content=\"5 minutes\" \/>\n<script type=\"application\/ld+json\" class=\"yoast-schema-graph\">{\"@context\":\"https:\/\/schema.org\",\"@graph\":[{\"@type\":\"WebPage\",\"@id\":\"https:\/\/www.annonces-legales.org\/blog\/greffe\/greffe-du-tribunal-de-commerce-de-lille\/\",\"url\":\"https:\/\/www.annonces-legales.org\/blog\/greffe\/greffe-du-tribunal-de-commerce-de-lille\/\",\"name\":\"Greffe du tribunal de commerce de Lille - Actualit\u00e9 des entreprises\",\"isPartOf\":{\"@id\":\"https:\/\/www.annonces-legales.org\/blog\/#website\"},\"primaryImageOfPage\":{\"@id\":\"https:\/\/www.annonces-legales.org\/blog\/greffe\/greffe-du-tribunal-de-commerce-de-lille\/#primaryimage\"},\"image\":{\"@id\":\"https:\/\/www.annonces-legales.org\/blog\/greffe\/greffe-du-tribunal-de-commerce-de-lille\/#primaryimage\"},\"thumbnailUrl\":\"https:\/\/www.annonces-legales.org\/blog\/wp-content\/uploads\/2022\/01\/tribunal-150x150.png\",\"datePublished\":\"2022-01-22T19:45:44+00:00\",\"dateModified\":\"2022-02-01T15:27:05+00:00\",\"breadcrumb\":{\"@id\":\"https:\/\/www.annonces-legales.org\/blog\/greffe\/greffe-du-tribunal-de-commerce-de-lille\/#breadcrumb\"},\"inLanguage\":\"fr-FR\",\"potentialAction\":[{\"@type\":\"ReadAction\",\"target\":[\"https:\/\/www.annonces-legales.org\/blog\/greffe\/greffe-du-tribunal-de-commerce-de-lille\/\"]}]},{\"@type\":\"ImageObject\",\"inLanguage\":\"fr-FR\",\"@id\":\"https:\/\/www.annonces-legales.org\/blog\/greffe\/greffe-du-tribunal-de-commerce-de-lille\/#primaryimage\",\"url\":\"https:\/\/www.annonces-legales.org\/blog\/wp-content\/uploads\/2022\/01\/tribunal.png\",\"contentUrl\":\"https:\/\/www.annonces-legales.org\/blog\/wp-content\/uploads\/2022\/01\/tribunal.png\",\"width\":640,\"height\":612},{\"@type\":\"BreadcrumbList\",\"@id\":\"https:\/\/www.annonces-legales.org\/blog\/greffe\/greffe-du-tribunal-de-commerce-de-lille\/#breadcrumb\",\"itemListElement\":[{\"@type\":\"ListItem\",\"position\":1,\"name\":\"Accueil\",\"item\":\"https:\/\/www.annonces-legales.org\/blog\/\"},{\"@type\":\"ListItem\",\"position\":2,\"name\":\"Liste des Greffes des tribunaux de commerce\",\"item\":\"https:\/\/www.annonces-legales.org\/blog\/greffe\/\"},{\"@type\":\"ListItem\",\"position\":3,\"name\":\"Greffe du tribunal de commerce de Lille\"}]},{\"@type\":\"WebSite\",\"@id\":\"https:\/\/www.annonces-legales.org\/blog\/#website\",\"url\":\"https:\/\/www.annonces-legales.org\/blog\/\",\"name\":\"Actualit\u00e9 des entreprises\",\"description\":\"\",\"publisher\":{\"@id\":\"https:\/\/www.annonces-legales.org\/blog\/#organization\"},\"potentialAction\":[{\"@type\":\"SearchAction\",\"target\":{\"@type\":\"EntryPoint\",\"urlTemplate\":\"https:\/\/www.annonces-legales.org\/blog\/?s={search_term_string}\"},\"query-input\":{\"@type\":\"PropertyValueSpecification\",\"valueRequired\":true,\"valueName\":\"search_term_string\"}}],\"inLanguage\":\"fr-FR\"},{\"@type\":\"Organization\",\"@id\":\"https:\/\/www.annonces-legales.org\/blog\/#organization\",\"name\":\"Actualit\u00e9 des entreprises\",\"url\":\"https:\/\/www.annonces-legales.org\/blog\/\",\"logo\":{\"@type\":\"ImageObject\",\"inLanguage\":\"fr-FR\",\"@id\":\"https:\/\/www.annonces-legales.org\/blog\/#\/schema\/logo\/image\/\",\"url\":\"https:\/\/www.annonces-legales.org\/blog\/wp-content\/uploads\/2023\/08\/annonces-legales.svg\",\"contentUrl\":\"https:\/\/www.annonces-legales.org\/blog\/wp-content\/uploads\/2023\/08\/annonces-legales.svg\",\"caption\":\"Actualit\u00e9 des entreprises\"},\"image\":{\"@id\":\"https:\/\/www.annonces-legales.org\/blog\/#\/schema\/logo\/image\/\"}}]}<\/script>\n<!-- \/ Yoast SEO plugin. -->","yoast_head_json":{"title":"Greffe du tribunal de commerce de Lille - Actualit\u00e9 des entreprises","robots":{"index":"index","follow":"follow","max-snippet":"max-snippet:-1","max-image-preview":"max-image-preview:large","max-video-preview":"max-video-preview:-1"},"canonical":"https:\/\/www.annonces-legales.org\/blog\/greffe\/greffe-du-tribunal-de-commerce-de-lille\/","og_locale":"fr_FR","og_type":"article","og_title":"Greffe du tribunal de commerce de Lille - Actualit\u00e9 des entreprises","og_description":"Le greffe du tribunal de commerce de Lille a un grand nombre de mandats avec les entreprises de Lille M\u00e9tropole. [&hellip;]","og_url":"https:\/\/www.annonces-legales.org\/blog\/greffe\/greffe-du-tribunal-de-commerce-de-lille\/","og_site_name":"Actualit\u00e9 des entreprises","article_modified_time":"2022-02-01T15:27:05+00:00","og_image":[{"width":640,"height":612,"url":"https:\/\/www.annonces-legales.org\/blog\/wp-content\/uploads\/2022\/01\/tribunal.png","type":"image\/png"}],"twitter_card":"summary_large_image","twitter_misc":{"Dur\u00e9e de lecture estim\u00e9e":"5 minutes"},"schema":{"@context":"https:\/\/schema.org","@graph":[{"@type":"WebPage","@id":"https:\/\/www.annonces-legales.org\/blog\/greffe\/greffe-du-tribunal-de-commerce-de-lille\/","url":"https:\/\/www.annonces-legales.org\/blog\/greffe\/greffe-du-tribunal-de-commerce-de-lille\/","name":"Greffe du tribunal de commerce de Lille - Actualit\u00e9 des entreprises","isPartOf":{"@id":"https:\/\/www.annonces-legales.org\/blog\/#website"},"primaryImageOfPage":{"@id":"https:\/\/www.annonces-legales.org\/blog\/greffe\/greffe-du-tribunal-de-commerce-de-lille\/#primaryimage"},"image":{"@id":"https:\/\/www.annonces-legales.org\/blog\/greffe\/greffe-du-tribunal-de-commerce-de-lille\/#primaryimage"},"thumbnailUrl":"https:\/\/www.annonces-legales.org\/blog\/wp-content\/uploads\/2022\/01\/tribunal-150x150.png","datePublished":"2022-01-22T19:45:44+00:00","dateModified":"2022-02-01T15:27:05+00:00","breadcrumb":{"@id":"https:\/\/www.annonces-legales.org\/blog\/greffe\/greffe-du-tribunal-de-commerce-de-lille\/#breadcrumb"},"inLanguage":"fr-FR","potentialAction":[{"@type":"ReadAction","target":["https:\/\/www.annonces-legales.org\/blog\/greffe\/greffe-du-tribunal-de-commerce-de-lille\/"]}]},{"@type":"ImageObject","inLanguage":"fr-FR","@id":"https:\/\/www.annonces-legales.org\/blog\/greffe\/greffe-du-tribunal-de-commerce-de-lille\/#primaryimage","url":"https:\/\/www.annonces-legales.org\/blog\/wp-content\/uploads\/2022\/01\/tribunal.png","contentUrl":"https:\/\/www.annonces-legales.org\/blog\/wp-content\/uploads\/2022\/01\/tribunal.png","width":640,"height":612},{"@type":"BreadcrumbList","@id":"https:\/\/www.annonces-legales.org\/blog\/greffe\/greffe-du-tribunal-de-commerce-de-lille\/#breadcrumb","itemListElement":[{"@type":"ListItem","position":1,"name":"Accueil","item":"https:\/\/www.annonces-legales.org\/blog\/"},{"@type":"ListItem","position":2,"name":"Liste des Greffes des tribunaux de commerce","item":"https:\/\/www.annonces-legales.org\/blog\/greffe\/"},{"@type":"ListItem","position":3,"name":"Greffe du tribunal de commerce de Lille"}]},{"@type":"WebSite","@id":"https:\/\/www.annonces-legales.org\/blog\/#website","url":"https:\/\/www.annonces-legales.org\/blog\/","name":"Actualit\u00e9 des entreprises","description":"","publisher":{"@id":"https:\/\/www.annonces-legales.org\/blog\/#organization"},"potentialAction":[{"@type":"SearchAction","target":{"@type":"EntryPoint","urlTemplate":"https:\/\/www.annonces-legales.org\/blog\/?s={search_term_string}"},"query-input":{"@type":"PropertyValueSpecification","valueRequired":true,"valueName":"search_term_string"}}],"inLanguage":"fr-FR"},{"@type":"Organization","@id":"https:\/\/www.annonces-legales.org\/blog\/#organization","name":"Actualit\u00e9 des entreprises","url":"https:\/\/www.annonces-legales.org\/blog\/","logo":{"@type":"ImageObject","inLanguage":"fr-FR","@id":"https:\/\/www.annonces-legales.org\/blog\/#\/schema\/logo\/image\/","url":"https:\/\/www.annonces-legales.org\/blog\/wp-content\/uploads\/2023\/08\/annonces-legales.svg","contentUrl":"https:\/\/www.annonces-legales.org\/blog\/wp-content\/uploads\/2023\/08\/annonces-legales.svg","caption":"Actualit\u00e9 des entreprises"},"image":{"@id":"https:\/\/www.annonces-legales.org\/blog\/#\/schema\/logo\/image\/"}}]}},"_links":{"self":[{"href":"https:\/\/www.annonces-legales.org\/blog\/wp-json\/wp\/v2\/pages\/1950","targetHints":{"allow":["GET"]}}],"collection":[{"href":"https:\/\/www.annonces-legales.org\/blog\/wp-json\/wp\/v2\/pages"}],"about":[{"href":"https:\/\/www.annonces-legales.org\/blog\/wp-json\/wp\/v2\/types\/page"}],"author":[{"embeddable":true,"href":"https:\/\/www.annonces-legales.org\/blog\/wp-json\/wp\/v2\/users\/1"}],"replies":[{"embeddable":true,"href":"https:\/\/www.annonces-legales.org\/blog\/wp-json\/wp\/v2\/comments?post=1950"}],"version-history":[{"count":13,"href":"https:\/\/www.annonces-legales.org\/blog\/wp-json\/wp\/v2\/pages\/1950\/revisions"}],"predecessor-version":[{"id":2590,"href":"https:\/\/www.annonces-legales.org\/blog\/wp-json\/wp\/v2\/pages\/1950\/revisions\/2590"}],"up":[{"embeddable":true,"href":"https:\/\/www.annonces-legales.org\/blog\/wp-json\/wp\/v2\/pages\/1759"}],"wp:attachment":[{"href":"https:\/\/www.annonces-legales.org\/blog\/wp-json\/wp\/v2\/media?parent=1950"}],"curies":[{"name":"wp","href":"https:\/\/api.w.org\/{rel}","templated":true}]}}