{"id":1962,"date":"2022-01-22T20:48:07","date_gmt":"2022-01-22T19:48:07","guid":{"rendered":"https:\/\/www.annonces-legales.org\/blog\/?page_id=1962"},"modified":"2022-01-31T11:41:08","modified_gmt":"2022-01-31T10:41:08","slug":"greffe-du-tribunal-de-commerce-de-macon","status":"publish","type":"page","link":"https:\/\/www.annonces-legales.org\/blog\/greffe\/greffe-du-tribunal-de-commerce-de-macon\/","title":{"rendered":"Greffe du tribunal de commerce de Macon"},"content":{"rendered":"<p data-wp-editing=\"1\"><img loading=\"lazy\" decoding=\"async\" class=\"alignleft wp-image-2423 size-thumbnail\" src=\"https:\/\/www.annonces-legales.org\/blog\/wp-content\/uploads\/2022\/01\/tribunal-150x150.png\" alt=\"\" width=\"150\" height=\"150\" \/>Le <strong>greffe du tribunal de commerce de M\u00e2con<\/strong> est un office administratif qui est du ressort du minist\u00e8re de la justice. Sa vocation est de r\u00e9aliser les t\u00e2ches administratives et l\u00e9gales du tribunal de commerce. Il est le garant de la transparence et de la s\u00e9curit\u00e9 des entreprises ayant une activit\u00e9 commerciale.<\/p>\n<p>C&rsquo;est le greffe qui va s&rsquo;occuper de faire l&rsquo;immatriculation des entreprises, de faire leur radiation, de faire les changements dans les statuts juridiques.\u00a0 Le greffe va \u00e9galement garder le RCS, le Registre du Commerce et des Soci\u00e9t\u00e9s. Il est en correspondance avec plusieurs administrations de l&rsquo;\u00c9tat comme l&rsquo;Insee ou l\u2019Urssaf.<\/p>\n<p>Vous pouvez trouvez ici la totalit\u00e9 des renseignements concernant le greffe de Macon.<\/p>\n<p>&nbsp;<\/p>\n<h2>Informations de contact<\/h2>\n<p>Il est possible d&rsquo;appeler le greffe du tribunal de commerce en appelant le <strong>03 85 38 04 85<\/strong>.<\/p>\n<p>L&rsquo;adresse du greffe est la suivante : <strong>5 Cours Moreau 71018 MACON<\/strong><\/p>\n<p><div class=\"leaflet-map WPLeafletMap\" style=\"height:250px; width:100%;\"><\/div><script>\nwindow.WPLeafletMapPlugin = window.WPLeafletMapPlugin || [];\nwindow.WPLeafletMapPlugin.push(function WPLeafletMapShortcode() {\/*<script>*\/\nvar baseUrl = atob('aHR0cHM6Ly97c30udGlsZS5vcGVuc3RyZWV0bWFwLm9yZy97en0ve3h9L3t5fS5wbmc=');\nvar base = (!baseUrl && window.MQ) ?\n    window.MQ.mapLayer() : L.tileLayer(baseUrl,\n        L.Util.extend({}, {\n            detectRetina: 0,\n        },\n        {\"subdomains\":\"abc\",\"noWrap\":false,\"maxZoom\":20}        )\n    );\n    var options = L.Util.extend({}, {\n        layers: [base],\n        attributionControl: false\n    },\n    {\"zoomControl\":true,\"scrollWheelZoom\":false,\"doubleClickZoom\":false,\"fitBounds\":false,\"minZoom\":0,\"maxZoom\":20,\"maxBounds\":null,\"attribution\":\"\"},\n    {});\nwindow.WPLeafletMapPlugin.createMap(options).setView([46.30951,4.833888],17);});<\/script> <script>\nwindow.WPLeafletMapPlugin = window.WPLeafletMapPlugin || [];\nwindow.WPLeafletMapPlugin.push(function WPLeafletMarkerShortcode() {\/*<script>*\/\nvar map = window.WPLeafletMapPlugin.getCurrentMap();\nvar group = window.WPLeafletMapPlugin.getCurrentGroup();\nvar marker_options = window.WPLeafletMapPlugin.getIconOptions({});\nvar marker = L.marker(\n    [0,0],\n    marker_options\n);\nvar is_image = map.is_image_map;\n    marker.setLatLng( map.getCenter() );\nif (marker_options.draggable) {\n    marker.on('dragend', function () {\n        var latlng = this.getLatLng();\n        var lat = latlng.lat;\n        var lng = latlng.lng;\n        if (is_image) {\n            console.log('leaflet-marker y=' + lat + ' x=' + lng);\n        } else {\n            console.log('leaflet-marker lat=' + lat + ' lng=' + lng);\n        }\n    });\n}\nmarker.addTo( group );\nmarker.bindPopup(window.WPLeafletMapPlugin.unescape(' Greffe du tribunal de commerce de M\u00e2con')).openPopup();window.WPLeafletMapPlugin.markers.push( marker );\n        });<\/script><\/p>\n<p>Site Web du greffe de Macon : <em>www.greffe-tc-macon.fr<\/em><\/p>\n<p>&nbsp;<\/p>\n<h2>Horaires d&rsquo;ouverture<\/h2>\n<p>L&rsquo;accueil public et t\u00e9l\u00e9phonique se fait du Lundi au Vendredi : 09h00-12h00 et 14h30-16h30<\/p>\n<h2><\/h2>\n<p>&nbsp;<\/p>\n<h2>L&rsquo;obligation d&rsquo;immatriculation au registre du commerce et des soci\u00e9t\u00e9s<\/h2>\n<p>Mis \u00e0 part quelques sp\u00e9cificit\u00e9s, toutes les structures ayant une activit\u00e9 commerciale vont \u00eatre oblig\u00e9s de s&rsquo;immatriculer aupr\u00e8s du greffe de M\u00e2con. On trouve, de ce fait, toutes les formes juridiques habituelles telles que les SARL, EURL, SAS, SA, SCI &#8230; mais aussi des petites soci\u00e9t\u00e9s comme les autoentreprises. C&rsquo;est seulement une fois qu&rsquo;elle est inscrite qu&rsquo;une entreprise existe vraiment. Sans son num\u00e9ro d&rsquo;immatriculation, une entreprise ne peut normalement pas travailler.<\/p>\n","protected":false},"excerpt":{"rendered":"<p>Le greffe du tribunal de commerce de M\u00e2con est un office administratif qui est du ressort du minist\u00e8re de la [&hellip;]<\/p>\n","protected":false},"author":1,"featured_media":0,"parent":1759,"menu_order":0,"comment_status":"closed","ping_status":"closed","template":"","meta":{"inline_featured_image":false,"footnotes":""},"class_list":["post-1962","page","type-page","status-publish","hentry"],"yoast_head":"<!-- This site is optimized with the Yoast SEO plugin v26.8 - https:\/\/yoast.com\/product\/yoast-seo-wordpress\/ -->\n<title>Greffe du tribunal de commerce de Macon - Actualit\u00e9 des entreprises<\/title>\n<meta name=\"robots\" content=\"index, follow, max-snippet:-1, max-image-preview:large, max-video-preview:-1\" \/>\n<link rel=\"canonical\" href=\"https:\/\/www.annonces-legales.org\/blog\/greffe\/greffe-du-tribunal-de-commerce-de-macon\/\" \/>\n<meta property=\"og:locale\" content=\"fr_FR\" \/>\n<meta property=\"og:type\" content=\"article\" \/>\n<meta property=\"og:title\" content=\"Greffe du tribunal de commerce de Macon - Actualit\u00e9 des entreprises\" \/>\n<meta property=\"og:description\" content=\"Le greffe du tribunal de commerce de M\u00e2con est un office administratif qui est du ressort du minist\u00e8re de la [&hellip;]\" \/>\n<meta property=\"og:url\" content=\"https:\/\/www.annonces-legales.org\/blog\/greffe\/greffe-du-tribunal-de-commerce-de-macon\/\" \/>\n<meta property=\"og:site_name\" content=\"Actualit\u00e9 des entreprises\" \/>\n<meta property=\"article:modified_time\" content=\"2022-01-31T10:41:08+00:00\" \/>\n<meta property=\"og:image\" content=\"https:\/\/www.annonces-legales.org\/blog\/wp-content\/uploads\/2022\/01\/tribunal.png\" \/>\n\t<meta property=\"og:image:width\" content=\"640\" \/>\n\t<meta property=\"og:image:height\" content=\"612\" \/>\n\t<meta property=\"og:image:type\" content=\"image\/png\" \/>\n<meta name=\"twitter:card\" content=\"summary_large_image\" \/>\n<meta name=\"twitter:label1\" content=\"Dur\u00e9e de lecture estim\u00e9e\" \/>\n\t<meta name=\"twitter:data1\" content=\"1 minute\" \/>\n<script type=\"application\/ld+json\" class=\"yoast-schema-graph\">{\"@context\":\"https:\/\/schema.org\",\"@graph\":[{\"@type\":\"WebPage\",\"@id\":\"https:\/\/www.annonces-legales.org\/blog\/greffe\/greffe-du-tribunal-de-commerce-de-macon\/\",\"url\":\"https:\/\/www.annonces-legales.org\/blog\/greffe\/greffe-du-tribunal-de-commerce-de-macon\/\",\"name\":\"Greffe du tribunal de commerce de Macon - Actualit\u00e9 des entreprises\",\"isPartOf\":{\"@id\":\"https:\/\/www.annonces-legales.org\/blog\/#website\"},\"primaryImageOfPage\":{\"@id\":\"https:\/\/www.annonces-legales.org\/blog\/greffe\/greffe-du-tribunal-de-commerce-de-macon\/#primaryimage\"},\"image\":{\"@id\":\"https:\/\/www.annonces-legales.org\/blog\/greffe\/greffe-du-tribunal-de-commerce-de-macon\/#primaryimage\"},\"thumbnailUrl\":\"https:\/\/www.annonces-legales.org\/blog\/wp-content\/uploads\/2022\/01\/tribunal-150x150.png\",\"datePublished\":\"2022-01-22T19:48:07+00:00\",\"dateModified\":\"2022-01-31T10:41:08+00:00\",\"breadcrumb\":{\"@id\":\"https:\/\/www.annonces-legales.org\/blog\/greffe\/greffe-du-tribunal-de-commerce-de-macon\/#breadcrumb\"},\"inLanguage\":\"fr-FR\",\"potentialAction\":[{\"@type\":\"ReadAction\",\"target\":[\"https:\/\/www.annonces-legales.org\/blog\/greffe\/greffe-du-tribunal-de-commerce-de-macon\/\"]}]},{\"@type\":\"ImageObject\",\"inLanguage\":\"fr-FR\",\"@id\":\"https:\/\/www.annonces-legales.org\/blog\/greffe\/greffe-du-tribunal-de-commerce-de-macon\/#primaryimage\",\"url\":\"https:\/\/www.annonces-legales.org\/blog\/wp-content\/uploads\/2022\/01\/tribunal.png\",\"contentUrl\":\"https:\/\/www.annonces-legales.org\/blog\/wp-content\/uploads\/2022\/01\/tribunal.png\",\"width\":640,\"height\":612},{\"@type\":\"BreadcrumbList\",\"@id\":\"https:\/\/www.annonces-legales.org\/blog\/greffe\/greffe-du-tribunal-de-commerce-de-macon\/#breadcrumb\",\"itemListElement\":[{\"@type\":\"ListItem\",\"position\":1,\"name\":\"Accueil\",\"item\":\"https:\/\/www.annonces-legales.org\/blog\/\"},{\"@type\":\"ListItem\",\"position\":2,\"name\":\"Liste des Greffes des tribunaux de commerce\",\"item\":\"https:\/\/www.annonces-legales.org\/blog\/greffe\/\"},{\"@type\":\"ListItem\",\"position\":3,\"name\":\"Greffe du tribunal de commerce de Macon\"}]},{\"@type\":\"WebSite\",\"@id\":\"https:\/\/www.annonces-legales.org\/blog\/#website\",\"url\":\"https:\/\/www.annonces-legales.org\/blog\/\",\"name\":\"Actualit\u00e9 des entreprises\",\"description\":\"\",\"publisher\":{\"@id\":\"https:\/\/www.annonces-legales.org\/blog\/#organization\"},\"potentialAction\":[{\"@type\":\"SearchAction\",\"target\":{\"@type\":\"EntryPoint\",\"urlTemplate\":\"https:\/\/www.annonces-legales.org\/blog\/?s={search_term_string}\"},\"query-input\":{\"@type\":\"PropertyValueSpecification\",\"valueRequired\":true,\"valueName\":\"search_term_string\"}}],\"inLanguage\":\"fr-FR\"},{\"@type\":\"Organization\",\"@id\":\"https:\/\/www.annonces-legales.org\/blog\/#organization\",\"name\":\"Actualit\u00e9 des entreprises\",\"url\":\"https:\/\/www.annonces-legales.org\/blog\/\",\"logo\":{\"@type\":\"ImageObject\",\"inLanguage\":\"fr-FR\",\"@id\":\"https:\/\/www.annonces-legales.org\/blog\/#\/schema\/logo\/image\/\",\"url\":\"https:\/\/www.annonces-legales.org\/blog\/wp-content\/uploads\/2023\/08\/annonces-legales.svg\",\"contentUrl\":\"https:\/\/www.annonces-legales.org\/blog\/wp-content\/uploads\/2023\/08\/annonces-legales.svg\",\"caption\":\"Actualit\u00e9 des entreprises\"},\"image\":{\"@id\":\"https:\/\/www.annonces-legales.org\/blog\/#\/schema\/logo\/image\/\"}}]}<\/script>\n<!-- \/ Yoast SEO plugin. -->","yoast_head_json":{"title":"Greffe du tribunal de commerce de Macon - Actualit\u00e9 des entreprises","robots":{"index":"index","follow":"follow","max-snippet":"max-snippet:-1","max-image-preview":"max-image-preview:large","max-video-preview":"max-video-preview:-1"},"canonical":"https:\/\/www.annonces-legales.org\/blog\/greffe\/greffe-du-tribunal-de-commerce-de-macon\/","og_locale":"fr_FR","og_type":"article","og_title":"Greffe du tribunal de commerce de Macon - Actualit\u00e9 des entreprises","og_description":"Le greffe du tribunal de commerce de M\u00e2con est un office administratif qui est du ressort du minist\u00e8re de la [&hellip;]","og_url":"https:\/\/www.annonces-legales.org\/blog\/greffe\/greffe-du-tribunal-de-commerce-de-macon\/","og_site_name":"Actualit\u00e9 des entreprises","article_modified_time":"2022-01-31T10:41:08+00:00","og_image":[{"width":640,"height":612,"url":"https:\/\/www.annonces-legales.org\/blog\/wp-content\/uploads\/2022\/01\/tribunal.png","type":"image\/png"}],"twitter_card":"summary_large_image","twitter_misc":{"Dur\u00e9e de lecture estim\u00e9e":"1 minute"},"schema":{"@context":"https:\/\/schema.org","@graph":[{"@type":"WebPage","@id":"https:\/\/www.annonces-legales.org\/blog\/greffe\/greffe-du-tribunal-de-commerce-de-macon\/","url":"https:\/\/www.annonces-legales.org\/blog\/greffe\/greffe-du-tribunal-de-commerce-de-macon\/","name":"Greffe du tribunal de commerce de Macon - Actualit\u00e9 des entreprises","isPartOf":{"@id":"https:\/\/www.annonces-legales.org\/blog\/#website"},"primaryImageOfPage":{"@id":"https:\/\/www.annonces-legales.org\/blog\/greffe\/greffe-du-tribunal-de-commerce-de-macon\/#primaryimage"},"image":{"@id":"https:\/\/www.annonces-legales.org\/blog\/greffe\/greffe-du-tribunal-de-commerce-de-macon\/#primaryimage"},"thumbnailUrl":"https:\/\/www.annonces-legales.org\/blog\/wp-content\/uploads\/2022\/01\/tribunal-150x150.png","datePublished":"2022-01-22T19:48:07+00:00","dateModified":"2022-01-31T10:41:08+00:00","breadcrumb":{"@id":"https:\/\/www.annonces-legales.org\/blog\/greffe\/greffe-du-tribunal-de-commerce-de-macon\/#breadcrumb"},"inLanguage":"fr-FR","potentialAction":[{"@type":"ReadAction","target":["https:\/\/www.annonces-legales.org\/blog\/greffe\/greffe-du-tribunal-de-commerce-de-macon\/"]}]},{"@type":"ImageObject","inLanguage":"fr-FR","@id":"https:\/\/www.annonces-legales.org\/blog\/greffe\/greffe-du-tribunal-de-commerce-de-macon\/#primaryimage","url":"https:\/\/www.annonces-legales.org\/blog\/wp-content\/uploads\/2022\/01\/tribunal.png","contentUrl":"https:\/\/www.annonces-legales.org\/blog\/wp-content\/uploads\/2022\/01\/tribunal.png","width":640,"height":612},{"@type":"BreadcrumbList","@id":"https:\/\/www.annonces-legales.org\/blog\/greffe\/greffe-du-tribunal-de-commerce-de-macon\/#breadcrumb","itemListElement":[{"@type":"ListItem","position":1,"name":"Accueil","item":"https:\/\/www.annonces-legales.org\/blog\/"},{"@type":"ListItem","position":2,"name":"Liste des Greffes des tribunaux de commerce","item":"https:\/\/www.annonces-legales.org\/blog\/greffe\/"},{"@type":"ListItem","position":3,"name":"Greffe du tribunal de commerce de Macon"}]},{"@type":"WebSite","@id":"https:\/\/www.annonces-legales.org\/blog\/#website","url":"https:\/\/www.annonces-legales.org\/blog\/","name":"Actualit\u00e9 des entreprises","description":"","publisher":{"@id":"https:\/\/www.annonces-legales.org\/blog\/#organization"},"potentialAction":[{"@type":"SearchAction","target":{"@type":"EntryPoint","urlTemplate":"https:\/\/www.annonces-legales.org\/blog\/?s={search_term_string}"},"query-input":{"@type":"PropertyValueSpecification","valueRequired":true,"valueName":"search_term_string"}}],"inLanguage":"fr-FR"},{"@type":"Organization","@id":"https:\/\/www.annonces-legales.org\/blog\/#organization","name":"Actualit\u00e9 des entreprises","url":"https:\/\/www.annonces-legales.org\/blog\/","logo":{"@type":"ImageObject","inLanguage":"fr-FR","@id":"https:\/\/www.annonces-legales.org\/blog\/#\/schema\/logo\/image\/","url":"https:\/\/www.annonces-legales.org\/blog\/wp-content\/uploads\/2023\/08\/annonces-legales.svg","contentUrl":"https:\/\/www.annonces-legales.org\/blog\/wp-content\/uploads\/2023\/08\/annonces-legales.svg","caption":"Actualit\u00e9 des entreprises"},"image":{"@id":"https:\/\/www.annonces-legales.org\/blog\/#\/schema\/logo\/image\/"}}]}},"_links":{"self":[{"href":"https:\/\/www.annonces-legales.org\/blog\/wp-json\/wp\/v2\/pages\/1962","targetHints":{"allow":["GET"]}}],"collection":[{"href":"https:\/\/www.annonces-legales.org\/blog\/wp-json\/wp\/v2\/pages"}],"about":[{"href":"https:\/\/www.annonces-legales.org\/blog\/wp-json\/wp\/v2\/types\/page"}],"author":[{"embeddable":true,"href":"https:\/\/www.annonces-legales.org\/blog\/wp-json\/wp\/v2\/users\/1"}],"replies":[{"embeddable":true,"href":"https:\/\/www.annonces-legales.org\/blog\/wp-json\/wp\/v2\/comments?post=1962"}],"version-history":[{"count":7,"href":"https:\/\/www.annonces-legales.org\/blog\/wp-json\/wp\/v2\/pages\/1962\/revisions"}],"predecessor-version":[{"id":2427,"href":"https:\/\/www.annonces-legales.org\/blog\/wp-json\/wp\/v2\/pages\/1962\/revisions\/2427"}],"up":[{"embeddable":true,"href":"https:\/\/www.annonces-legales.org\/blog\/wp-json\/wp\/v2\/pages\/1759"}],"wp:attachment":[{"href":"https:\/\/www.annonces-legales.org\/blog\/wp-json\/wp\/v2\/media?parent=1962"}],"curies":[{"name":"wp","href":"https:\/\/api.w.org\/{rel}","templated":true}]}}