{"id":1966,"date":"2022-01-22T20:49:03","date_gmt":"2022-01-22T19:49:03","guid":{"rendered":"https:\/\/www.annonces-legales.org\/blog\/?page_id=1966"},"modified":"2022-01-31T11:57:50","modified_gmt":"2022-01-31T10:57:50","slug":"greffe-du-tribunal-de-commerce-de-manosque","status":"publish","type":"page","link":"https:\/\/www.annonces-legales.org\/blog\/greffe\/greffe-du-tribunal-de-commerce-de-manosque\/","title":{"rendered":"Greffe du tribunal de commerce de Manosque"},"content":{"rendered":"<p><img loading=\"lazy\" decoding=\"async\" class=\"alignleft size-thumbnail wp-image-2423\" src=\"https:\/\/www.annonces-legales.org\/blog\/wp-content\/uploads\/2022\/01\/tribunal-150x150.png\" alt=\"\" width=\"150\" height=\"150\" \/>Le <strong>greffe du tribunal de commerce de Manosque<\/strong> est le partenaire pr\u00e9f\u00e9rentiel pour tous les apporteur de projets et les g\u00e9rants des \u00e9tablissements qui vont s&rsquo;enregistrer autour de la r\u00e9gion de Manosque.<br \/>\nNous allons d\u00e9tailler un grand nombre des d\u00e9marches obligatoires qu&rsquo;il est concevable de r\u00e9aliser aupr\u00e8s du greffe. Vous pourrez aussi consulter ici l&rsquo;int\u00e9gralit\u00e9 des informations pour joindre le greffe du tribunal de commerce mais aussi les tarifs des formalit\u00e9s qui d\u00e9pendent du greffe.<\/p>\n<p>&nbsp;<\/p>\n<h2>Contacter le greffe<\/h2>\n<p>Le greffe du tribunal de commerce de Manosque peut \u00eatre contact\u00e9 en appelant le <strong>04 92 877 426<\/strong><\/p>\n<p>Adresse : <strong>Rue Du Tribunal 41000 MANOSQUE<\/strong><\/p>\n<p><div class=\"leaflet-map WPLeafletMap\" style=\"height:250px; width:100%;\"><\/div><script>\nwindow.WPLeafletMapPlugin = window.WPLeafletMapPlugin || [];\nwindow.WPLeafletMapPlugin.push(function WPLeafletMapShortcode() {\/*<script>*\/\nvar baseUrl = atob('aHR0cHM6Ly97c30udGlsZS5vcGVuc3RyZWV0bWFwLm9yZy97en0ve3h9L3t5fS5wbmc=');\nvar base = (!baseUrl && window.MQ) ?\n    window.MQ.mapLayer() : L.tileLayer(baseUrl,\n        L.Util.extend({}, {\n            detectRetina: 0,\n        },\n        {\"subdomains\":\"abc\",\"noWrap\":false,\"maxZoom\":20}        )\n    );\n    var options = L.Util.extend({}, {\n        layers: [base],\n        attributionControl: false\n    },\n    {\"zoomControl\":true,\"scrollWheelZoom\":false,\"doubleClickZoom\":false,\"fitBounds\":false,\"minZoom\":0,\"maxZoom\":20,\"maxBounds\":null,\"attribution\":\"\"},\n    {});\nwindow.WPLeafletMapPlugin.createMap(options).setView([43.830797,5.7854643000001],17);});<\/script> <script>\nwindow.WPLeafletMapPlugin = window.WPLeafletMapPlugin || [];\nwindow.WPLeafletMapPlugin.push(function WPLeafletMarkerShortcode() {\/*<script>*\/\nvar map = window.WPLeafletMapPlugin.getCurrentMap();\nvar group = window.WPLeafletMapPlugin.getCurrentGroup();\nvar marker_options = window.WPLeafletMapPlugin.getIconOptions({});\nvar marker = L.marker(\n    [0,0],\n    marker_options\n);\nvar is_image = map.is_image_map;\n    marker.setLatLng( map.getCenter() );\nif (marker_options.draggable) {\n    marker.on('dragend', function () {\n        var latlng = this.getLatLng();\n        var lat = latlng.lat;\n        var lng = latlng.lng;\n        if (is_image) {\n            console.log('leaflet-marker y=' + lat + ' x=' + lng);\n        } else {\n            console.log('leaflet-marker lat=' + lat + ' lng=' + lng);\n        }\n    });\n}\nmarker.addTo( group );\nmarker.bindPopup(window.WPLeafletMapPlugin.unescape(' Greffe du tribunal de commerce de Manosque ')).openPopup();window.WPLeafletMapPlugin.markers.push( marker );\n        });<\/script><\/p>\n<p>URL: <em>www.greffe-tc-manosque.fr<\/em><\/p>\n<p>&nbsp;<\/p>\n<h2>Horaires du greffe de Manosque<\/h2>\n<p>Retrouvez les horaires du greffe du tribunal de commerce de Manosque :<br \/>\n9h-12h et 14h-17h<\/p>\n<p>&nbsp;<\/p>\n<h2>Quels sont les services du greffe du tribunal de commerce de Manosque ?<\/h2>\n<p>Le greffe du tribunal de commerce de Manosque est un service administratif qui travaille pour le tribunal. Les greffiers sont des fonctionnaires et des officiers publics. Ils aident le juge pour les proc\u00e9dures judiciaires.<\/p>\n<p>Ils vont aussi encadrer les immatriculations des nouvelles soci\u00e9t\u00e9s des Alpes de Haute Provence et valider l&rsquo;authenticit\u00e9 des actes. Via le CFE, ils g\u00e8rent donc une partie des entreprises fran\u00e7aises qu&rsquo;ils vont inscrire dans le RCS.<\/p>\n<p>Le greffe est en lien avec plusieurs organisations de l&rsquo;\u00c9tat comme par exemple le minist\u00e8re de la justice et le service des imp\u00f4ts.<\/p>\n<p>&nbsp;<\/p>\n","protected":false},"excerpt":{"rendered":"<p>Le greffe du tribunal de commerce de Manosque est le partenaire pr\u00e9f\u00e9rentiel pour tous les apporteur de projets et les [&hellip;]<\/p>\n","protected":false},"author":1,"featured_media":0,"parent":1759,"menu_order":0,"comment_status":"closed","ping_status":"closed","template":"","meta":{"inline_featured_image":false,"footnotes":""},"class_list":["post-1966","page","type-page","status-publish","hentry"],"yoast_head":"<!-- This site is optimized with the Yoast SEO plugin v26.8 - https:\/\/yoast.com\/product\/yoast-seo-wordpress\/ -->\n<title>Greffe du tribunal de commerce de Manosque - Actualit\u00e9 des entreprises<\/title>\n<meta name=\"robots\" content=\"index, follow, max-snippet:-1, max-image-preview:large, max-video-preview:-1\" \/>\n<link rel=\"canonical\" href=\"https:\/\/www.annonces-legales.org\/blog\/greffe\/greffe-du-tribunal-de-commerce-de-manosque\/\" \/>\n<meta property=\"og:locale\" content=\"fr_FR\" \/>\n<meta property=\"og:type\" content=\"article\" \/>\n<meta property=\"og:title\" content=\"Greffe du tribunal de commerce de Manosque - Actualit\u00e9 des entreprises\" \/>\n<meta property=\"og:description\" content=\"Le greffe du tribunal de commerce de Manosque est le partenaire pr\u00e9f\u00e9rentiel pour tous les apporteur de projets et les [&hellip;]\" \/>\n<meta property=\"og:url\" content=\"https:\/\/www.annonces-legales.org\/blog\/greffe\/greffe-du-tribunal-de-commerce-de-manosque\/\" \/>\n<meta property=\"og:site_name\" content=\"Actualit\u00e9 des entreprises\" \/>\n<meta property=\"article:modified_time\" content=\"2022-01-31T10:57:50+00:00\" \/>\n<meta property=\"og:image\" content=\"https:\/\/www.annonces-legales.org\/blog\/wp-content\/uploads\/2022\/01\/tribunal.png\" \/>\n\t<meta property=\"og:image:width\" content=\"640\" \/>\n\t<meta property=\"og:image:height\" content=\"612\" \/>\n\t<meta property=\"og:image:type\" content=\"image\/png\" \/>\n<meta name=\"twitter:card\" content=\"summary_large_image\" \/>\n<meta name=\"twitter:label1\" content=\"Dur\u00e9e de lecture estim\u00e9e\" \/>\n\t<meta name=\"twitter:data1\" content=\"1 minute\" \/>\n<script type=\"application\/ld+json\" class=\"yoast-schema-graph\">{\"@context\":\"https:\/\/schema.org\",\"@graph\":[{\"@type\":\"WebPage\",\"@id\":\"https:\/\/www.annonces-legales.org\/blog\/greffe\/greffe-du-tribunal-de-commerce-de-manosque\/\",\"url\":\"https:\/\/www.annonces-legales.org\/blog\/greffe\/greffe-du-tribunal-de-commerce-de-manosque\/\",\"name\":\"Greffe du tribunal de commerce de Manosque - Actualit\u00e9 des entreprises\",\"isPartOf\":{\"@id\":\"https:\/\/www.annonces-legales.org\/blog\/#website\"},\"primaryImageOfPage\":{\"@id\":\"https:\/\/www.annonces-legales.org\/blog\/greffe\/greffe-du-tribunal-de-commerce-de-manosque\/#primaryimage\"},\"image\":{\"@id\":\"https:\/\/www.annonces-legales.org\/blog\/greffe\/greffe-du-tribunal-de-commerce-de-manosque\/#primaryimage\"},\"thumbnailUrl\":\"https:\/\/www.annonces-legales.org\/blog\/wp-content\/uploads\/2022\/01\/tribunal-150x150.png\",\"datePublished\":\"2022-01-22T19:49:03+00:00\",\"dateModified\":\"2022-01-31T10:57:50+00:00\",\"breadcrumb\":{\"@id\":\"https:\/\/www.annonces-legales.org\/blog\/greffe\/greffe-du-tribunal-de-commerce-de-manosque\/#breadcrumb\"},\"inLanguage\":\"fr-FR\",\"potentialAction\":[{\"@type\":\"ReadAction\",\"target\":[\"https:\/\/www.annonces-legales.org\/blog\/greffe\/greffe-du-tribunal-de-commerce-de-manosque\/\"]}]},{\"@type\":\"ImageObject\",\"inLanguage\":\"fr-FR\",\"@id\":\"https:\/\/www.annonces-legales.org\/blog\/greffe\/greffe-du-tribunal-de-commerce-de-manosque\/#primaryimage\",\"url\":\"https:\/\/www.annonces-legales.org\/blog\/wp-content\/uploads\/2022\/01\/tribunal.png\",\"contentUrl\":\"https:\/\/www.annonces-legales.org\/blog\/wp-content\/uploads\/2022\/01\/tribunal.png\",\"width\":640,\"height\":612},{\"@type\":\"BreadcrumbList\",\"@id\":\"https:\/\/www.annonces-legales.org\/blog\/greffe\/greffe-du-tribunal-de-commerce-de-manosque\/#breadcrumb\",\"itemListElement\":[{\"@type\":\"ListItem\",\"position\":1,\"name\":\"Accueil\",\"item\":\"https:\/\/www.annonces-legales.org\/blog\/\"},{\"@type\":\"ListItem\",\"position\":2,\"name\":\"Liste des Greffes des tribunaux de commerce\",\"item\":\"https:\/\/www.annonces-legales.org\/blog\/greffe\/\"},{\"@type\":\"ListItem\",\"position\":3,\"name\":\"Greffe du tribunal de commerce de Manosque\"}]},{\"@type\":\"WebSite\",\"@id\":\"https:\/\/www.annonces-legales.org\/blog\/#website\",\"url\":\"https:\/\/www.annonces-legales.org\/blog\/\",\"name\":\"Actualit\u00e9 des entreprises\",\"description\":\"\",\"publisher\":{\"@id\":\"https:\/\/www.annonces-legales.org\/blog\/#organization\"},\"potentialAction\":[{\"@type\":\"SearchAction\",\"target\":{\"@type\":\"EntryPoint\",\"urlTemplate\":\"https:\/\/www.annonces-legales.org\/blog\/?s={search_term_string}\"},\"query-input\":{\"@type\":\"PropertyValueSpecification\",\"valueRequired\":true,\"valueName\":\"search_term_string\"}}],\"inLanguage\":\"fr-FR\"},{\"@type\":\"Organization\",\"@id\":\"https:\/\/www.annonces-legales.org\/blog\/#organization\",\"name\":\"Actualit\u00e9 des entreprises\",\"url\":\"https:\/\/www.annonces-legales.org\/blog\/\",\"logo\":{\"@type\":\"ImageObject\",\"inLanguage\":\"fr-FR\",\"@id\":\"https:\/\/www.annonces-legales.org\/blog\/#\/schema\/logo\/image\/\",\"url\":\"https:\/\/www.annonces-legales.org\/blog\/wp-content\/uploads\/2023\/08\/annonces-legales.svg\",\"contentUrl\":\"https:\/\/www.annonces-legales.org\/blog\/wp-content\/uploads\/2023\/08\/annonces-legales.svg\",\"caption\":\"Actualit\u00e9 des entreprises\"},\"image\":{\"@id\":\"https:\/\/www.annonces-legales.org\/blog\/#\/schema\/logo\/image\/\"}}]}<\/script>\n<!-- \/ Yoast SEO plugin. -->","yoast_head_json":{"title":"Greffe du tribunal de commerce de Manosque - Actualit\u00e9 des entreprises","robots":{"index":"index","follow":"follow","max-snippet":"max-snippet:-1","max-image-preview":"max-image-preview:large","max-video-preview":"max-video-preview:-1"},"canonical":"https:\/\/www.annonces-legales.org\/blog\/greffe\/greffe-du-tribunal-de-commerce-de-manosque\/","og_locale":"fr_FR","og_type":"article","og_title":"Greffe du tribunal de commerce de Manosque - Actualit\u00e9 des entreprises","og_description":"Le greffe du tribunal de commerce de Manosque est le partenaire pr\u00e9f\u00e9rentiel pour tous les apporteur de projets et les [&hellip;]","og_url":"https:\/\/www.annonces-legales.org\/blog\/greffe\/greffe-du-tribunal-de-commerce-de-manosque\/","og_site_name":"Actualit\u00e9 des entreprises","article_modified_time":"2022-01-31T10:57:50+00:00","og_image":[{"width":640,"height":612,"url":"https:\/\/www.annonces-legales.org\/blog\/wp-content\/uploads\/2022\/01\/tribunal.png","type":"image\/png"}],"twitter_card":"summary_large_image","twitter_misc":{"Dur\u00e9e de lecture estim\u00e9e":"1 minute"},"schema":{"@context":"https:\/\/schema.org","@graph":[{"@type":"WebPage","@id":"https:\/\/www.annonces-legales.org\/blog\/greffe\/greffe-du-tribunal-de-commerce-de-manosque\/","url":"https:\/\/www.annonces-legales.org\/blog\/greffe\/greffe-du-tribunal-de-commerce-de-manosque\/","name":"Greffe du tribunal de commerce de Manosque - Actualit\u00e9 des entreprises","isPartOf":{"@id":"https:\/\/www.annonces-legales.org\/blog\/#website"},"primaryImageOfPage":{"@id":"https:\/\/www.annonces-legales.org\/blog\/greffe\/greffe-du-tribunal-de-commerce-de-manosque\/#primaryimage"},"image":{"@id":"https:\/\/www.annonces-legales.org\/blog\/greffe\/greffe-du-tribunal-de-commerce-de-manosque\/#primaryimage"},"thumbnailUrl":"https:\/\/www.annonces-legales.org\/blog\/wp-content\/uploads\/2022\/01\/tribunal-150x150.png","datePublished":"2022-01-22T19:49:03+00:00","dateModified":"2022-01-31T10:57:50+00:00","breadcrumb":{"@id":"https:\/\/www.annonces-legales.org\/blog\/greffe\/greffe-du-tribunal-de-commerce-de-manosque\/#breadcrumb"},"inLanguage":"fr-FR","potentialAction":[{"@type":"ReadAction","target":["https:\/\/www.annonces-legales.org\/blog\/greffe\/greffe-du-tribunal-de-commerce-de-manosque\/"]}]},{"@type":"ImageObject","inLanguage":"fr-FR","@id":"https:\/\/www.annonces-legales.org\/blog\/greffe\/greffe-du-tribunal-de-commerce-de-manosque\/#primaryimage","url":"https:\/\/www.annonces-legales.org\/blog\/wp-content\/uploads\/2022\/01\/tribunal.png","contentUrl":"https:\/\/www.annonces-legales.org\/blog\/wp-content\/uploads\/2022\/01\/tribunal.png","width":640,"height":612},{"@type":"BreadcrumbList","@id":"https:\/\/www.annonces-legales.org\/blog\/greffe\/greffe-du-tribunal-de-commerce-de-manosque\/#breadcrumb","itemListElement":[{"@type":"ListItem","position":1,"name":"Accueil","item":"https:\/\/www.annonces-legales.org\/blog\/"},{"@type":"ListItem","position":2,"name":"Liste des Greffes des tribunaux de commerce","item":"https:\/\/www.annonces-legales.org\/blog\/greffe\/"},{"@type":"ListItem","position":3,"name":"Greffe du tribunal de commerce de Manosque"}]},{"@type":"WebSite","@id":"https:\/\/www.annonces-legales.org\/blog\/#website","url":"https:\/\/www.annonces-legales.org\/blog\/","name":"Actualit\u00e9 des entreprises","description":"","publisher":{"@id":"https:\/\/www.annonces-legales.org\/blog\/#organization"},"potentialAction":[{"@type":"SearchAction","target":{"@type":"EntryPoint","urlTemplate":"https:\/\/www.annonces-legales.org\/blog\/?s={search_term_string}"},"query-input":{"@type":"PropertyValueSpecification","valueRequired":true,"valueName":"search_term_string"}}],"inLanguage":"fr-FR"},{"@type":"Organization","@id":"https:\/\/www.annonces-legales.org\/blog\/#organization","name":"Actualit\u00e9 des entreprises","url":"https:\/\/www.annonces-legales.org\/blog\/","logo":{"@type":"ImageObject","inLanguage":"fr-FR","@id":"https:\/\/www.annonces-legales.org\/blog\/#\/schema\/logo\/image\/","url":"https:\/\/www.annonces-legales.org\/blog\/wp-content\/uploads\/2023\/08\/annonces-legales.svg","contentUrl":"https:\/\/www.annonces-legales.org\/blog\/wp-content\/uploads\/2023\/08\/annonces-legales.svg","caption":"Actualit\u00e9 des entreprises"},"image":{"@id":"https:\/\/www.annonces-legales.org\/blog\/#\/schema\/logo\/image\/"}}]}},"_links":{"self":[{"href":"https:\/\/www.annonces-legales.org\/blog\/wp-json\/wp\/v2\/pages\/1966","targetHints":{"allow":["GET"]}}],"collection":[{"href":"https:\/\/www.annonces-legales.org\/blog\/wp-json\/wp\/v2\/pages"}],"about":[{"href":"https:\/\/www.annonces-legales.org\/blog\/wp-json\/wp\/v2\/types\/page"}],"author":[{"embeddable":true,"href":"https:\/\/www.annonces-legales.org\/blog\/wp-json\/wp\/v2\/users\/1"}],"replies":[{"embeddable":true,"href":"https:\/\/www.annonces-legales.org\/blog\/wp-json\/wp\/v2\/comments?post=1966"}],"version-history":[{"count":4,"href":"https:\/\/www.annonces-legales.org\/blog\/wp-json\/wp\/v2\/pages\/1966\/revisions"}],"predecessor-version":[{"id":2433,"href":"https:\/\/www.annonces-legales.org\/blog\/wp-json\/wp\/v2\/pages\/1966\/revisions\/2433"}],"up":[{"embeddable":true,"href":"https:\/\/www.annonces-legales.org\/blog\/wp-json\/wp\/v2\/pages\/1759"}],"wp:attachment":[{"href":"https:\/\/www.annonces-legales.org\/blog\/wp-json\/wp\/v2\/media?parent=1966"}],"curies":[{"name":"wp","href":"https:\/\/api.w.org\/{rel}","templated":true}]}}