{"id":1982,"date":"2022-01-22T20:52:17","date_gmt":"2022-01-22T19:52:17","guid":{"rendered":"https:\/\/www.annonces-legales.org\/blog\/?page_id=1982"},"modified":"2022-01-31T15:55:40","modified_gmt":"2022-01-31T14:55:40","slug":"greffe-du-tribunal-de-commerce-de-montlucon","status":"publish","type":"page","link":"https:\/\/www.annonces-legales.org\/blog\/greffe\/greffe-du-tribunal-de-commerce-de-montlucon\/","title":{"rendered":"Greffe du tribunal de commerce de Montlucon"},"content":{"rendered":"<p><img loading=\"lazy\" decoding=\"async\" class=\"alignleft size-thumbnail wp-image-2423\" src=\"https:\/\/www.annonces-legales.org\/blog\/wp-content\/uploads\/2022\/01\/tribunal-150x150.png\" alt=\"\" width=\"150\" height=\"150\" \/>Les d\u00e9marches administratives de constitution et de changement pour les entreprises du 03 doivent se faire avec le greffe de Montlu\u00e7on. Il est obligatoire de contacter le CFE qui rel\u00e8ve de ce greffe.<\/p>\n<p>Vous pouvez voir sur notre site toutes les informations utiles pour r\u00e9aliser les obligations administratives de constitution ou de modification des statuts juridiques de votre entreprise qui d\u00e9pend du <strong>RCS de Montlu\u00e7on<\/strong>.<\/p>\n<p>&nbsp;<\/p>\n<h2>Joindre le greffe de Montlucon<\/h2>\n<p>Afin de vous entretenir avec le greffe du TC de Montlucon, vous pouvez utiliser le t\u00e9l\u00e9phone ou leur site Internet.<\/p>\n<p>Adresse : <strong>114, Bd Courtais 03100 MONTLUCON<\/strong><\/p>\n<p><div class=\"leaflet-map WPLeafletMap\" style=\"height:250px; width:100%;\"><\/div><script>\nwindow.WPLeafletMapPlugin = window.WPLeafletMapPlugin || [];\nwindow.WPLeafletMapPlugin.push(function WPLeafletMapShortcode() {\/*<script>*\/\nvar baseUrl = atob('aHR0cHM6Ly97c30udGlsZS5vcGVuc3RyZWV0bWFwLm9yZy97en0ve3h9L3t5fS5wbmc=');\nvar base = (!baseUrl && window.MQ) ?\n    window.MQ.mapLayer() : L.tileLayer(baseUrl,\n        L.Util.extend({}, {\n            detectRetina: 0,\n        },\n        {\"subdomains\":\"abc\",\"noWrap\":false,\"maxZoom\":20}        )\n    );\n    var options = L.Util.extend({}, {\n        layers: [base],\n        attributionControl: false\n    },\n    {\"zoomControl\":true,\"scrollWheelZoom\":false,\"doubleClickZoom\":false,\"fitBounds\":false,\"minZoom\":0,\"maxZoom\":20,\"maxBounds\":null,\"attribution\":\"\"},\n    {});\nwindow.WPLeafletMapPlugin.createMap(options).setView([46.339906,2.607697],17);});<\/script> <script>\nwindow.WPLeafletMapPlugin = window.WPLeafletMapPlugin || [];\nwindow.WPLeafletMapPlugin.push(function WPLeafletMarkerShortcode() {\/*<script>*\/\nvar map = window.WPLeafletMapPlugin.getCurrentMap();\nvar group = window.WPLeafletMapPlugin.getCurrentGroup();\nvar marker_options = window.WPLeafletMapPlugin.getIconOptions({});\nvar marker = L.marker(\n    [0,0],\n    marker_options\n);\nvar is_image = map.is_image_map;\n    marker.setLatLng( map.getCenter() );\nif (marker_options.draggable) {\n    marker.on('dragend', function () {\n        var latlng = this.getLatLng();\n        var lat = latlng.lat;\n        var lng = latlng.lng;\n        if (is_image) {\n            console.log('leaflet-marker y=' + lat + ' x=' + lng);\n        } else {\n            console.log('leaflet-marker lat=' + lat + ' lng=' + lng);\n        }\n    });\n}\nmarker.addTo( group );\nmarker.bindPopup(window.WPLeafletMapPlugin.unescape(' Greffe du tribunal de commerce de Montlucon ')).openPopup();window.WPLeafletMapPlugin.markers.push( marker );\n        });<\/script><\/p>\n<p>Vous pouvez vous rendre au greffe du tribunal de commerce de Montlucon du lundi au vendredi de 9h \u00e0 12h et de 14h \u00e0 17h.<\/p>\n<p>Tel : <strong>04 700 50 540<\/strong><\/p>\n<p>Site Web : <em>www.greffe-tc-montlucon.fr<\/em><\/p>\n<p>&nbsp;<\/p>\n<h2>Pourquoi le greffe du TC de Montlu\u00e7on ?<\/h2>\n<p>Les formalit\u00e9s d&rsquo;immatriculation d&rsquo;une entreprise au RCS peuvent se faire aupr\u00e8s du greffe de Montlu\u00e7on, sur place. Les greffiers conservent les fichiers du RCS et aussi de nombreux autres registres.<\/p>\n<p>Le greffe du tribunal de commerce de Montlucon est un partenaire incontournable pour toutes les structures de la r\u00e9gion. Les cr\u00e9ateurs d&rsquo;entreprises qui habitent dans le <strong>d\u00e9partement de Haute-Garonne<\/strong> et qui veulent lancer leur soci\u00e9t\u00e9 doivent r\u00e9aliser leur immatriculation aupr\u00e8s du CFE de ce greffe.<br \/>\nCette administration va \u00e9galement r\u00e9ceptionner les changements dans les statuts l\u00e9gaux des soci\u00e9t\u00e9s.<\/p>\n<p>Quelques soit la formalit\u00e9, les greffiers v\u00e9rifient toutes les informations pour s&rsquo;assurer qu&rsquo;elles sont vrai.<\/p>\n<p>Le greffe du TC de Montlu\u00e7on a aussi d&rsquo;autres activit\u00e9s :<\/p>\n<ul>\n<li>organisation des audiences et aide aux juges<\/li>\n<li>fournir l&rsquo;information l\u00e9gales de entreprises aux tiers qui le demandent<\/li>\n<li>r\u00e9pondre aux questions sur les formalit\u00e9s des entreprises<\/li>\n<li>g\u00e9rer et mettre \u00e0 jours des fichiers sur des entreprises commerciales<\/li>\n<li>recevoir les d\u00e9p\u00f4ts de compte annuels&#8230;<\/li>\n<\/ul>\n<p>La fermeture d&rsquo;une structure, que ce soit un d\u00e9p\u00f4t de bilan ou une liquidation, va aussi se faire aupr\u00e8s de l&rsquo;office du greffe de Montlu\u00e7on.<\/p>\n<p>&nbsp;<\/p>\n<h2>Ressort de ce TC &#8211; Villes concern\u00e9es<\/h2>\n<p>&nbsp;<\/p>\n<table class=\"tg table-striped container-fluid\">\n<tbody>\n<tr>\n<th>Code postal<\/th>\n<th>Commune<\/th>\n<\/tr>\n<tr>\n<td>03360<\/td>\n<td>Ainay-le-Ch\u00e2teau<\/td>\n<\/tr>\n<tr>\n<td>03380<\/td>\n<td>Archignat<\/td>\n<\/tr>\n<tr>\n<td>03420<\/td>\n<td>Arpheuilles-Saint-Priest<\/td>\n<\/tr>\n<tr>\n<td>03190<\/td>\n<td>Audes<\/td>\n<\/tr>\n<tr>\n<td>03390<\/td>\n<td>Beaune-d&rsquo;Allier<\/td>\n<\/tr>\n<tr>\n<td>03170<\/td>\n<td>B\u00e9zenet<\/td>\n<\/tr>\n<tr>\n<td>03170<\/td>\n<td>Bizeneuille<\/td>\n<\/tr>\n<tr>\n<td>03390<\/td>\n<td>Blomard<\/td>\n<\/tr>\n<tr>\n<td>03360<\/td>\n<td>Braize<\/td>\n<\/tr>\n<tr>\n<td>03350<\/td>\n<td>C\u00e9rilly<\/td>\n<\/tr>\n<tr>\n<td>03370<\/td>\n<td>Chamb\u00e9rat<\/td>\n<\/tr>\n<tr>\n<td>03170<\/td>\n<td>Chamblet<\/td>\n<\/tr>\n<tr>\n<td>03390<\/td>\n<td>Chappes<\/td>\n<\/tr>\n<tr>\n<td>03440<\/td>\n<td>Chavenon<\/td>\n<\/tr>\n<tr>\n<td>03370<\/td>\n<td>Chazemais<\/td>\n<\/tr>\n<tr>\n<td>03600<\/td>\n<td>Colombier<\/td>\n<\/tr>\n<tr>\n<td>03600<\/td>\n<td>Commentry<\/td>\n<\/tr>\n<tr>\n<td>03430<\/td>\n<td>Cosne-d&rsquo;Allier<\/td>\n<\/tr>\n<tr>\n<td>03370<\/td>\n<td>Cour\u00e7ais<\/td>\n<\/tr>\n<tr>\n<td>03170<\/td>\n<td>Deneuille-les-Mines<\/td>\n<\/tr>\n<tr>\n<td>03630<\/td>\n<td>D\u00e9sertines<\/td>\n<\/tr>\n<tr>\n<td>03410<\/td>\n<td>Dom\u00e9rat<\/td>\n<\/tr>\n<tr>\n<td>03170<\/td>\n<td>Doyet<\/td>\n<\/tr>\n<tr>\n<td>03310<\/td>\n<td>Durdat-Larequille<\/td>\n<\/tr>\n<tr>\n<td>03190<\/td>\n<td>Estivareilles<\/td>\n<\/tr>\n<tr>\n<td>03190<\/td>\n<td>Givarlais<\/td>\n<\/tr>\n<tr>\n<td>03190<\/td>\n<td>H\u00e9risson<\/td>\n<\/tr>\n<tr>\n<td>03380<\/td>\n<td>Huriel<\/td>\n<\/tr>\n<tr>\n<td>03600<\/td>\n<td>Hyds<\/td>\n<\/tr>\n<tr>\n<td>03360<\/td>\n<td>Isle-et-Bardais<\/td>\n<\/tr>\n<tr>\n<td>03600<\/td>\n<td>La Celle<\/td>\n<\/tr>\n<tr>\n<td>03380<\/td>\n<td>La Chapelaude<\/td>\n<\/tr>\n<tr>\n<td>03420<\/td>\n<td>La Petite-Marche<\/td>\n<\/tr>\n<tr>\n<td>03380<\/td>\n<td>Lamaids<\/td>\n<\/tr>\n<tr>\n<td>03310<\/td>\n<td>Lavault-Sainte-Anne<\/td>\n<\/tr>\n<tr>\n<td>03350<\/td>\n<td>Le Brethon<\/td>\n<\/tr>\n<tr>\n<td>03350<\/td>\n<td>Le Vilhain<\/td>\n<\/tr>\n<tr>\n<td>03360<\/td>\n<td>L\u00e9telon<\/td>\n<\/tr>\n<tr>\n<td>03410<\/td>\n<td>Lignerolles<\/td>\n<\/tr>\n<tr>\n<td>03350<\/td>\n<td>Louroux-Bourbonnais<\/td>\n<\/tr>\n<tr>\n<td>03600<\/td>\n<td>Louroux-de-Beaune<\/td>\n<\/tr>\n<tr>\n<td>03190<\/td>\n<td>Louroux-Hodement<\/td>\n<\/tr>\n<tr>\n<td>03190<\/td>\n<td>Maillet<\/td>\n<\/tr>\n<tr>\n<td>03600<\/td>\n<td>Malicorne<\/td>\n<\/tr>\n<tr>\n<td>03420<\/td>\n<td>Marcillat-en-Combraille<\/td>\n<\/tr>\n<tr>\n<td>03420<\/td>\n<td>Mazirat<\/td>\n<\/tr>\n<tr>\n<td>03360<\/td>\n<td>Meaulne<\/td>\n<\/tr>\n<tr>\n<td>03370<\/td>\n<td>Mesples<\/td>\n<\/tr>\n<tr>\n<td>03100<\/td>\n<\/tr>\n<tr>\n<td>03390<\/td>\n<td>Montmarault<\/td>\n<\/tr>\n<tr>\n<td>03170<\/td>\n<td>Montvicq<\/td>\n<\/tr>\n<tr>\n<td>03390<\/td>\n<td>Murat<\/td>\n<\/tr>\n<tr>\n<td>03190<\/td>\n<td>Nassigny<\/td>\n<\/tr>\n<tr>\n<td>03310<\/td>\n<td>N\u00e9ris-les-Bains<\/td>\n<\/tr>\n<tr>\n<td>03410<\/td>\n<td>Pr\u00e9milhat<\/td>\n<\/tr>\n<tr>\n<td>03380<\/td>\n<td>Quinssaines<\/td>\n<\/tr>\n<tr>\n<td>03190<\/td>\n<td>Reugny<\/td>\n<\/tr>\n<tr>\n<td>03420<\/td>\n<td>Ronnet<\/td>\n<\/tr>\n<tr>\n<td>03170<\/td>\n<td>Saint-Angel<\/td>\n<\/tr>\n<tr>\n<td>03390<\/td>\n<td>Saint-Bonnet-de-Four<\/td>\n<\/tr>\n<tr>\n<td>03360<\/td>\n<td>Saint-Bonnet-Tron\u00e7ais<\/td>\n<\/tr>\n<tr>\n<td>03190<\/td>\n<td>Saint-Caprais<\/td>\n<\/tr>\n<tr>\n<td>03370<\/td>\n<td>Saint-D\u00e9sir\u00e9<\/td>\n<\/tr>\n<tr>\n<td>03370<\/td>\n<td>Saint-\u00c9loy-d&rsquo;Allier<\/td>\n<\/tr>\n<tr>\n<td>03420<\/td>\n<td>Saint-Fargeol<\/td>\n<\/tr>\n<tr>\n<td>03310<\/td>\n<td>Saint-Genest<\/td>\n<\/tr>\n<tr>\n<td>03420<\/td>\n<td>Saint-Marcel-en-Marcillat<\/td>\n<\/tr>\n<tr>\n<td>03390<\/td>\n<td>Saint-Marcel-en-Murat<\/td>\n<\/tr>\n<tr>\n<td>03380<\/td>\n<td>Saint-Martinien<\/td>\n<\/tr>\n<tr>\n<td>03370<\/td>\n<td>Saint-Palais<\/td>\n<\/tr>\n<tr>\n<td>03390<\/td>\n<td>Saint-Priest-en-Murat<\/td>\n<\/tr>\n<tr>\n<td>03370<\/td>\n<td>Saint-Sauvier<\/td>\n<\/tr>\n<tr>\n<td>03410<\/td>\n<td>Saint-Victor<\/td>\n<\/tr>\n<tr>\n<td>03420<\/td>\n<td>Sainte-Th\u00e9rence<\/td>\n<\/tr>\n<tr>\n<td>03430<\/td>\n<td>Sauvagny<\/td>\n<\/tr>\n<tr>\n<td>03390<\/td>\n<td>Sazeret<\/td>\n<\/tr>\n<tr>\n<td>03410<\/td>\n<td>Teillet-Argenty<\/td>\n<\/tr>\n<tr>\n<td>03420<\/td>\n<td>Terjat<\/td>\n<\/tr>\n<tr>\n<td>03350<\/td>\n<td>Theneuille<\/td>\n<\/tr>\n<tr>\n<td>03430<\/td>\n<td>Tortezais<\/td>\n<\/tr>\n<tr>\n<td>03380<\/td>\n<td>Treignat<\/td>\n<\/tr>\n<tr>\n<td>03360<\/td>\n<td>Ur\u00e7ay<\/td>\n<\/tr>\n<tr>\n<td>03360<\/td>\n<td>Valigny<\/td>\n<\/tr>\n<tr>\n<td>03190<\/td>\n<td>Vallon-en-Sully<\/td>\n<\/tr>\n<tr>\n<td>03190<\/td>\n<td>Vaux<\/td>\n<\/tr>\n<tr>\n<td>03190<\/td>\n<td>Venas<\/td>\n<\/tr>\n<tr>\n<td>03190<\/td>\n<td>Verneix<\/td>\n<\/tr>\n<tr>\n<td>03390<\/td>\n<td>Vernusse<\/td>\n<\/tr>\n<tr>\n<td>03310<\/td>\n<td>Villebret<\/td>\n<\/tr>\n<tr>\n<td>03430<\/td>\n<td>Villefranche-d&rsquo;Allier<\/td>\n<\/tr>\n<tr>\n<td>03370<\/td>\n<td>Viplaix<\/td>\n<\/tr>\n<tr>\n<td>03360<\/td>\n<td>Vitray<\/td>\n<\/tr>\n<\/tbody>\n<\/table>\n","protected":false},"excerpt":{"rendered":"<p>Les d\u00e9marches administratives de constitution et de changement pour les entreprises du 03 doivent se faire avec le greffe de [&hellip;]<\/p>\n","protected":false},"author":1,"featured_media":0,"parent":1759,"menu_order":0,"comment_status":"closed","ping_status":"closed","template":"","meta":{"inline_featured_image":false,"footnotes":""},"class_list":["post-1982","page","type-page","status-publish","hentry"],"yoast_head":"<!-- This site is optimized with the Yoast SEO plugin v26.8 - https:\/\/yoast.com\/product\/yoast-seo-wordpress\/ -->\n<title>Greffe du tribunal de commerce de Montlucon - Actualit\u00e9 des entreprises<\/title>\n<meta name=\"robots\" content=\"index, follow, max-snippet:-1, max-image-preview:large, max-video-preview:-1\" \/>\n<link rel=\"canonical\" href=\"https:\/\/www.annonces-legales.org\/blog\/greffe\/greffe-du-tribunal-de-commerce-de-montlucon\/\" \/>\n<meta property=\"og:locale\" content=\"fr_FR\" \/>\n<meta property=\"og:type\" content=\"article\" \/>\n<meta property=\"og:title\" content=\"Greffe du tribunal de commerce de Montlucon - Actualit\u00e9 des entreprises\" \/>\n<meta property=\"og:description\" content=\"Les d\u00e9marches administratives de constitution et de changement pour les entreprises du 03 doivent se faire avec le greffe de [&hellip;]\" \/>\n<meta property=\"og:url\" content=\"https:\/\/www.annonces-legales.org\/blog\/greffe\/greffe-du-tribunal-de-commerce-de-montlucon\/\" \/>\n<meta property=\"og:site_name\" content=\"Actualit\u00e9 des entreprises\" \/>\n<meta property=\"article:modified_time\" content=\"2022-01-31T14:55:40+00:00\" \/>\n<meta property=\"og:image\" content=\"https:\/\/www.annonces-legales.org\/blog\/wp-content\/uploads\/2022\/01\/tribunal.png\" \/>\n\t<meta property=\"og:image:width\" content=\"640\" \/>\n\t<meta property=\"og:image:height\" content=\"612\" \/>\n\t<meta property=\"og:image:type\" content=\"image\/png\" \/>\n<meta name=\"twitter:card\" content=\"summary_large_image\" \/>\n<meta name=\"twitter:label1\" content=\"Dur\u00e9e de lecture estim\u00e9e\" \/>\n\t<meta name=\"twitter:data1\" content=\"2 minutes\" \/>\n<script type=\"application\/ld+json\" class=\"yoast-schema-graph\">{\"@context\":\"https:\/\/schema.org\",\"@graph\":[{\"@type\":\"WebPage\",\"@id\":\"https:\/\/www.annonces-legales.org\/blog\/greffe\/greffe-du-tribunal-de-commerce-de-montlucon\/\",\"url\":\"https:\/\/www.annonces-legales.org\/blog\/greffe\/greffe-du-tribunal-de-commerce-de-montlucon\/\",\"name\":\"Greffe du tribunal de commerce de Montlucon - Actualit\u00e9 des entreprises\",\"isPartOf\":{\"@id\":\"https:\/\/www.annonces-legales.org\/blog\/#website\"},\"primaryImageOfPage\":{\"@id\":\"https:\/\/www.annonces-legales.org\/blog\/greffe\/greffe-du-tribunal-de-commerce-de-montlucon\/#primaryimage\"},\"image\":{\"@id\":\"https:\/\/www.annonces-legales.org\/blog\/greffe\/greffe-du-tribunal-de-commerce-de-montlucon\/#primaryimage\"},\"thumbnailUrl\":\"https:\/\/www.annonces-legales.org\/blog\/wp-content\/uploads\/2022\/01\/tribunal-150x150.png\",\"datePublished\":\"2022-01-22T19:52:17+00:00\",\"dateModified\":\"2022-01-31T14:55:40+00:00\",\"breadcrumb\":{\"@id\":\"https:\/\/www.annonces-legales.org\/blog\/greffe\/greffe-du-tribunal-de-commerce-de-montlucon\/#breadcrumb\"},\"inLanguage\":\"fr-FR\",\"potentialAction\":[{\"@type\":\"ReadAction\",\"target\":[\"https:\/\/www.annonces-legales.org\/blog\/greffe\/greffe-du-tribunal-de-commerce-de-montlucon\/\"]}]},{\"@type\":\"ImageObject\",\"inLanguage\":\"fr-FR\",\"@id\":\"https:\/\/www.annonces-legales.org\/blog\/greffe\/greffe-du-tribunal-de-commerce-de-montlucon\/#primaryimage\",\"url\":\"https:\/\/www.annonces-legales.org\/blog\/wp-content\/uploads\/2022\/01\/tribunal.png\",\"contentUrl\":\"https:\/\/www.annonces-legales.org\/blog\/wp-content\/uploads\/2022\/01\/tribunal.png\",\"width\":640,\"height\":612},{\"@type\":\"BreadcrumbList\",\"@id\":\"https:\/\/www.annonces-legales.org\/blog\/greffe\/greffe-du-tribunal-de-commerce-de-montlucon\/#breadcrumb\",\"itemListElement\":[{\"@type\":\"ListItem\",\"position\":1,\"name\":\"Accueil\",\"item\":\"https:\/\/www.annonces-legales.org\/blog\/\"},{\"@type\":\"ListItem\",\"position\":2,\"name\":\"Liste des Greffes des tribunaux de commerce\",\"item\":\"https:\/\/www.annonces-legales.org\/blog\/greffe\/\"},{\"@type\":\"ListItem\",\"position\":3,\"name\":\"Greffe du tribunal de commerce de Montlucon\"}]},{\"@type\":\"WebSite\",\"@id\":\"https:\/\/www.annonces-legales.org\/blog\/#website\",\"url\":\"https:\/\/www.annonces-legales.org\/blog\/\",\"name\":\"Actualit\u00e9 des entreprises\",\"description\":\"\",\"publisher\":{\"@id\":\"https:\/\/www.annonces-legales.org\/blog\/#organization\"},\"potentialAction\":[{\"@type\":\"SearchAction\",\"target\":{\"@type\":\"EntryPoint\",\"urlTemplate\":\"https:\/\/www.annonces-legales.org\/blog\/?s={search_term_string}\"},\"query-input\":{\"@type\":\"PropertyValueSpecification\",\"valueRequired\":true,\"valueName\":\"search_term_string\"}}],\"inLanguage\":\"fr-FR\"},{\"@type\":\"Organization\",\"@id\":\"https:\/\/www.annonces-legales.org\/blog\/#organization\",\"name\":\"Actualit\u00e9 des entreprises\",\"url\":\"https:\/\/www.annonces-legales.org\/blog\/\",\"logo\":{\"@type\":\"ImageObject\",\"inLanguage\":\"fr-FR\",\"@id\":\"https:\/\/www.annonces-legales.org\/blog\/#\/schema\/logo\/image\/\",\"url\":\"https:\/\/www.annonces-legales.org\/blog\/wp-content\/uploads\/2023\/08\/annonces-legales.svg\",\"contentUrl\":\"https:\/\/www.annonces-legales.org\/blog\/wp-content\/uploads\/2023\/08\/annonces-legales.svg\",\"caption\":\"Actualit\u00e9 des entreprises\"},\"image\":{\"@id\":\"https:\/\/www.annonces-legales.org\/blog\/#\/schema\/logo\/image\/\"}}]}<\/script>\n<!-- \/ Yoast SEO plugin. -->","yoast_head_json":{"title":"Greffe du tribunal de commerce de Montlucon - Actualit\u00e9 des entreprises","robots":{"index":"index","follow":"follow","max-snippet":"max-snippet:-1","max-image-preview":"max-image-preview:large","max-video-preview":"max-video-preview:-1"},"canonical":"https:\/\/www.annonces-legales.org\/blog\/greffe\/greffe-du-tribunal-de-commerce-de-montlucon\/","og_locale":"fr_FR","og_type":"article","og_title":"Greffe du tribunal de commerce de Montlucon - Actualit\u00e9 des entreprises","og_description":"Les d\u00e9marches administratives de constitution et de changement pour les entreprises du 03 doivent se faire avec le greffe de [&hellip;]","og_url":"https:\/\/www.annonces-legales.org\/blog\/greffe\/greffe-du-tribunal-de-commerce-de-montlucon\/","og_site_name":"Actualit\u00e9 des entreprises","article_modified_time":"2022-01-31T14:55:40+00:00","og_image":[{"width":640,"height":612,"url":"https:\/\/www.annonces-legales.org\/blog\/wp-content\/uploads\/2022\/01\/tribunal.png","type":"image\/png"}],"twitter_card":"summary_large_image","twitter_misc":{"Dur\u00e9e de lecture estim\u00e9e":"2 minutes"},"schema":{"@context":"https:\/\/schema.org","@graph":[{"@type":"WebPage","@id":"https:\/\/www.annonces-legales.org\/blog\/greffe\/greffe-du-tribunal-de-commerce-de-montlucon\/","url":"https:\/\/www.annonces-legales.org\/blog\/greffe\/greffe-du-tribunal-de-commerce-de-montlucon\/","name":"Greffe du tribunal de commerce de Montlucon - Actualit\u00e9 des entreprises","isPartOf":{"@id":"https:\/\/www.annonces-legales.org\/blog\/#website"},"primaryImageOfPage":{"@id":"https:\/\/www.annonces-legales.org\/blog\/greffe\/greffe-du-tribunal-de-commerce-de-montlucon\/#primaryimage"},"image":{"@id":"https:\/\/www.annonces-legales.org\/blog\/greffe\/greffe-du-tribunal-de-commerce-de-montlucon\/#primaryimage"},"thumbnailUrl":"https:\/\/www.annonces-legales.org\/blog\/wp-content\/uploads\/2022\/01\/tribunal-150x150.png","datePublished":"2022-01-22T19:52:17+00:00","dateModified":"2022-01-31T14:55:40+00:00","breadcrumb":{"@id":"https:\/\/www.annonces-legales.org\/blog\/greffe\/greffe-du-tribunal-de-commerce-de-montlucon\/#breadcrumb"},"inLanguage":"fr-FR","potentialAction":[{"@type":"ReadAction","target":["https:\/\/www.annonces-legales.org\/blog\/greffe\/greffe-du-tribunal-de-commerce-de-montlucon\/"]}]},{"@type":"ImageObject","inLanguage":"fr-FR","@id":"https:\/\/www.annonces-legales.org\/blog\/greffe\/greffe-du-tribunal-de-commerce-de-montlucon\/#primaryimage","url":"https:\/\/www.annonces-legales.org\/blog\/wp-content\/uploads\/2022\/01\/tribunal.png","contentUrl":"https:\/\/www.annonces-legales.org\/blog\/wp-content\/uploads\/2022\/01\/tribunal.png","width":640,"height":612},{"@type":"BreadcrumbList","@id":"https:\/\/www.annonces-legales.org\/blog\/greffe\/greffe-du-tribunal-de-commerce-de-montlucon\/#breadcrumb","itemListElement":[{"@type":"ListItem","position":1,"name":"Accueil","item":"https:\/\/www.annonces-legales.org\/blog\/"},{"@type":"ListItem","position":2,"name":"Liste des Greffes des tribunaux de commerce","item":"https:\/\/www.annonces-legales.org\/blog\/greffe\/"},{"@type":"ListItem","position":3,"name":"Greffe du tribunal de commerce de Montlucon"}]},{"@type":"WebSite","@id":"https:\/\/www.annonces-legales.org\/blog\/#website","url":"https:\/\/www.annonces-legales.org\/blog\/","name":"Actualit\u00e9 des entreprises","description":"","publisher":{"@id":"https:\/\/www.annonces-legales.org\/blog\/#organization"},"potentialAction":[{"@type":"SearchAction","target":{"@type":"EntryPoint","urlTemplate":"https:\/\/www.annonces-legales.org\/blog\/?s={search_term_string}"},"query-input":{"@type":"PropertyValueSpecification","valueRequired":true,"valueName":"search_term_string"}}],"inLanguage":"fr-FR"},{"@type":"Organization","@id":"https:\/\/www.annonces-legales.org\/blog\/#organization","name":"Actualit\u00e9 des entreprises","url":"https:\/\/www.annonces-legales.org\/blog\/","logo":{"@type":"ImageObject","inLanguage":"fr-FR","@id":"https:\/\/www.annonces-legales.org\/blog\/#\/schema\/logo\/image\/","url":"https:\/\/www.annonces-legales.org\/blog\/wp-content\/uploads\/2023\/08\/annonces-legales.svg","contentUrl":"https:\/\/www.annonces-legales.org\/blog\/wp-content\/uploads\/2023\/08\/annonces-legales.svg","caption":"Actualit\u00e9 des entreprises"},"image":{"@id":"https:\/\/www.annonces-legales.org\/blog\/#\/schema\/logo\/image\/"}}]}},"_links":{"self":[{"href":"https:\/\/www.annonces-legales.org\/blog\/wp-json\/wp\/v2\/pages\/1982","targetHints":{"allow":["GET"]}}],"collection":[{"href":"https:\/\/www.annonces-legales.org\/blog\/wp-json\/wp\/v2\/pages"}],"about":[{"href":"https:\/\/www.annonces-legales.org\/blog\/wp-json\/wp\/v2\/types\/page"}],"author":[{"embeddable":true,"href":"https:\/\/www.annonces-legales.org\/blog\/wp-json\/wp\/v2\/users\/1"}],"replies":[{"embeddable":true,"href":"https:\/\/www.annonces-legales.org\/blog\/wp-json\/wp\/v2\/comments?post=1982"}],"version-history":[{"count":10,"href":"https:\/\/www.annonces-legales.org\/blog\/wp-json\/wp\/v2\/pages\/1982\/revisions"}],"predecessor-version":[{"id":2464,"href":"https:\/\/www.annonces-legales.org\/blog\/wp-json\/wp\/v2\/pages\/1982\/revisions\/2464"}],"up":[{"embeddable":true,"href":"https:\/\/www.annonces-legales.org\/blog\/wp-json\/wp\/v2\/pages\/1759"}],"wp:attachment":[{"href":"https:\/\/www.annonces-legales.org\/blog\/wp-json\/wp\/v2\/media?parent=1982"}],"curies":[{"name":"wp","href":"https:\/\/api.w.org\/{rel}","templated":true}]}}