{"id":1994,"date":"2022-01-22T20:55:17","date_gmt":"2022-01-22T19:55:17","guid":{"rendered":"https:\/\/www.annonces-legales.org\/blog\/?page_id=1994"},"modified":"2022-01-31T16:26:58","modified_gmt":"2022-01-31T15:26:58","slug":"greffe-du-tribunal-de-commerce-de-nevers","status":"publish","type":"page","link":"https:\/\/www.annonces-legales.org\/blog\/greffe\/greffe-du-tribunal-de-commerce-de-nevers\/","title":{"rendered":"Greffe du tribunal de commerce de Nevers"},"content":{"rendered":"<p><img loading=\"lazy\" decoding=\"async\" class=\"alignright size-thumbnail wp-image-2423\" src=\"https:\/\/www.annonces-legales.org\/blog\/wp-content\/uploads\/2022\/01\/tribunal-150x150.png\" alt=\"\" width=\"150\" height=\"150\" \/>Le <strong>greffe de Nevers<\/strong> est charg\u00e9 de s&rsquo;occuper des d\u00e9marches des soci\u00e9t\u00e9s notamment de leur immatriculation. C&rsquo;est le CFE (qui fait partie du greffe de Nevers) qui va accueillir les formalit\u00e9s d&rsquo;enregistrement des entreprises nouvelles. Si l&rsquo;adresse postale d&rsquo;une soci\u00e9t\u00e9 qui vient d&rsquo;\u00eatre fond\u00e9e d\u00e9pend du greffe (voir tableau plus bas), celle-ci devra effectuer ses d\u00e9marches aupr\u00e8s de ce tribunal.<\/p>\n<p>Quelle est l&rsquo;adresse du greffe de Nevers ? Est-il possible de faire des formalit\u00e9s sur leur page internet ?<\/p>\n<p>&nbsp;<\/p>\n<h2>Coordonn\u00e9es du greffe du TC de Nevers<\/h2>\n<p>Le greffe du tribunal de commerce peut \u00eatre contact\u00e9 en appelant le <strong>03 86 61 06 71<\/strong>.<\/p>\n<p>Adresse : <strong>19, Rue Saint Martin 58020 NEVERS CEDEX<\/strong><\/p>\n<p><div class=\"leaflet-map WPLeafletMap\" style=\"height:250px; width:100%;\"><\/div><script>\nwindow.WPLeafletMapPlugin = window.WPLeafletMapPlugin || [];\nwindow.WPLeafletMapPlugin.push(function WPLeafletMapShortcode() {\/*<script>*\/\nvar baseUrl = atob('aHR0cHM6Ly97c30udGlsZS5vcGVuc3RyZWV0bWFwLm9yZy97en0ve3h9L3t5fS5wbmc=');\nvar base = (!baseUrl && window.MQ) ?\n    window.MQ.mapLayer() : L.tileLayer(baseUrl,\n        L.Util.extend({}, {\n            detectRetina: 0,\n        },\n        {\"subdomains\":\"abc\",\"noWrap\":false,\"maxZoom\":20}        )\n    );\n    var options = L.Util.extend({}, {\n        layers: [base],\n        attributionControl: false\n    },\n    {\"zoomControl\":true,\"scrollWheelZoom\":false,\"doubleClickZoom\":false,\"fitBounds\":false,\"minZoom\":0,\"maxZoom\":20,\"maxBounds\":null,\"attribution\":\"\"},\n    {});\nwindow.WPLeafletMapPlugin.createMap(options).setView([46.989284,3.159594],17);});<\/script> <script>\nwindow.WPLeafletMapPlugin = window.WPLeafletMapPlugin || [];\nwindow.WPLeafletMapPlugin.push(function WPLeafletMarkerShortcode() {\/*<script>*\/\nvar map = window.WPLeafletMapPlugin.getCurrentMap();\nvar group = window.WPLeafletMapPlugin.getCurrentGroup();\nvar marker_options = window.WPLeafletMapPlugin.getIconOptions({});\nvar marker = L.marker(\n    [0,0],\n    marker_options\n);\nvar is_image = map.is_image_map;\n    marker.setLatLng( map.getCenter() );\nif (marker_options.draggable) {\n    marker.on('dragend', function () {\n        var latlng = this.getLatLng();\n        var lat = latlng.lat;\n        var lng = latlng.lng;\n        if (is_image) {\n            console.log('leaflet-marker y=' + lat + ' x=' + lng);\n        } else {\n            console.log('leaflet-marker lat=' + lat + ' lng=' + lng);\n        }\n    });\n}\nmarker.addTo( group );\nmarker.bindPopup(window.WPLeafletMapPlugin.unescape(' Greffe du tribunal de commerce de Nevers ')).openPopup();window.WPLeafletMapPlugin.markers.push( marker );\n        });<\/script><\/p>\n<p>&nbsp;<\/p>\n<p>Site Web du greffe : <em>www.greffe-tc-nevers.fr<\/em><\/p>\n<p>&nbsp;<\/p>\n<h2>Heures d&rsquo;ouverture du greffe du tribunal de commerce de Nevers<\/h2>\n<p>Du lundi au jeudi de 9h a 12h et de 14h a 16h.<br \/>\nLe vendredi de 09h a 13h.<\/p>\n<p>&nbsp;<\/p>\n<h2>Informations sur le greffe de Nevers<\/h2>\n<p>Le greffe du tribunal de commerce est un partenaire in\u00e9vitable pour toutes les entreprises du d\u00e9partement de la Ni\u00e8vre.<\/p>\n<p>Le greffe du TC de la Ni\u00e8vre va g\u00e9rer de nombreuses choses, notamment :<\/p>\n<ul>\n<li>les formalit\u00e9s des entreprises avec le RCS, les d\u00e9p\u00f4ts de comptes annuels et les changements dans le Kbis<\/li>\n<li>le registre des agents commerciaux, le registre des EIRL<\/li>\n<li>les privil\u00e8ges et nantissements<\/li>\n<li>les contentieux commerciaux autour de Nevers<\/li>\n<li>Aide et acte pour les entreprises en difficult\u00e9s<\/li>\n<\/ul>\n<p>&nbsp;<\/p>\n<h2>Ressort du tribunal de Nevers<\/h2>\n<p>Le greffe du TC de Nevers est comp\u00e9tent pour les villes suivantes :<\/p>\n<table class=\"tg table-striped container-fluid\">\n<tbody>\n<tr>\n<th>Code postal<\/th>\n<th>Commune<\/th>\n<\/tr>\n<tr>\n<td>58110<\/td>\n<td>Achun<\/td>\n<\/tr>\n<tr>\n<td>58200<\/td>\n<td>Alligny-Cosne<\/td>\n<\/tr>\n<tr>\n<td>58230<\/td>\n<td>Alligny-en-Morvan<\/td>\n<\/tr>\n<tr>\n<td>58110<\/td>\n<td>Alluy<\/td>\n<\/tr>\n<tr>\n<td>58190<\/td>\n<td>Amazy<\/td>\n<\/tr>\n<tr>\n<td>58480<\/td>\n<td>Anlezy<\/td>\n<\/tr>\n<tr>\n<td>58450<\/td>\n<td>Annay<\/td>\n<\/tr>\n<tr>\n<td>58800<\/td>\n<td>Anthien<\/td>\n<\/tr>\n<tr>\n<td>58350<\/td>\n<td>Arbourse<\/td>\n<\/tr>\n<tr>\n<td>58430<\/td>\n<td>Arleuf<\/td>\n<\/tr>\n<tr>\n<td>58500<\/td>\n<td>Armes<\/td>\n<\/tr>\n<tr>\n<td>58310<\/td>\n<td>Arquian<\/td>\n<\/tr>\n<tr>\n<td>58700<\/td>\n<td>Arthel<\/td>\n<\/tr>\n<tr>\n<td>58700<\/td>\n<td>Arzembouy<\/td>\n<\/tr>\n<tr>\n<td>58420<\/td>\n<td>Asnan<\/td>\n<\/tr>\n<tr>\n<td>58190<\/td>\n<td>Asnois<\/td>\n<\/tr>\n<tr>\n<td>58110<\/td>\n<td>Aunay-en-Bazois<\/td>\n<\/tr>\n<tr>\n<td>58700<\/td>\n<td>Authiou<\/td>\n<\/tr>\n<tr>\n<td>58170<\/td>\n<td>Avr\u00e9e<\/td>\n<\/tr>\n<tr>\n<td>58300<\/td>\n<td>Avril-sur-Loire<\/td>\n<\/tr>\n<tr>\n<td>58240<\/td>\n<td>Azy-le-Vif<\/td>\n<\/tr>\n<tr>\n<td>58130<\/td>\n<td>Balleray<\/td>\n<\/tr>\n<tr>\n<td>58190<\/td>\n<td>Bazoches<\/td>\n<\/tr>\n<tr>\n<td>58110<\/td>\n<td>Bazolles<\/td>\n<\/tr>\n<tr>\n<td>58160<\/td>\n<td>B\u00e9ard<\/td>\n<\/tr>\n<tr>\n<td>58420<\/td>\n<td>Beaulieu<\/td>\n<\/tr>\n<tr>\n<td>58700<\/td>\n<td>Beaumont-la-Ferri\u00e8re<\/td>\n<\/tr>\n<tr>\n<td>58270<\/td>\n<td>Beaumont-Sardolles<\/td>\n<\/tr>\n<tr>\n<td>58210<\/td>\n<td>Beuvron<\/td>\n<\/tr>\n<tr>\n<td>58110<\/td>\n<td>Biches<\/td>\n<\/tr>\n<tr>\n<td>58270<\/td>\n<td>Billy-Chevannes<\/td>\n<\/tr>\n<tr>\n<td>58500<\/td>\n<td>Billy-sur-Oisy<\/td>\n<\/tr>\n<tr>\n<td>58310<\/td>\n<td>Bitry<\/td>\n<\/tr>\n<tr>\n<td>58120<\/td>\n<td>Blismes<\/td>\n<\/tr>\n<tr>\n<td>58330<\/td>\n<td>Bona<\/td>\n<\/tr>\n<tr>\n<td>58310<\/td>\n<td>Bouhy<\/td>\n<\/tr>\n<tr>\n<td>58140<\/td>\n<td>Brassy<\/td>\n<\/tr>\n<tr>\n<td>58460<\/td>\n<td>Breugnon<\/td>\n<\/tr>\n<tr>\n<td>58530<\/td>\n<td>Br\u00e8ves<\/td>\n<\/tr>\n<tr>\n<td>58110<\/td>\n<td>Brinay<\/td>\n<\/tr>\n<tr>\n<td>58420<\/td>\n<td>Brinon-sur-Beuvron<\/td>\n<\/tr>\n<tr>\n<td>58400<\/td>\n<td>Bulcy<\/td>\n<\/tr>\n<tr>\n<td>58420<\/td>\n<td>Bussy-la-Pesle<\/td>\n<\/tr>\n<tr>\n<td>58340<\/td>\n<td>Cercy-la-Tour<\/td>\n<\/tr>\n<tr>\n<td>58800<\/td>\n<td>Cervon<\/td>\n<\/tr>\n<tr>\n<td>58220<\/td>\n<td>Cessy-les-Bois<\/td>\n<\/tr>\n<tr>\n<td>58140<\/td>\n<td>Chalaux<\/td>\n<\/tr>\n<tr>\n<td>58420<\/td>\n<td>Challement<\/td>\n<\/tr>\n<tr>\n<td>58000<\/td>\n<td>Challuy<\/td>\n<\/tr>\n<tr>\n<td>58420<\/td>\n<td>Champallement<\/td>\n<\/tr>\n<tr>\n<td>58210<\/td>\n<td>Champlemy<\/td>\n<\/tr>\n<tr>\n<td>58700<\/td>\n<td>Champlin<\/td>\n<\/tr>\n<tr>\n<td>58300<\/td>\n<td>Champvert<\/td>\n<\/tr>\n<tr>\n<td>58400<\/td>\n<td>Champvoux<\/td>\n<\/tr>\n<tr>\n<td>58240<\/td>\n<td>Chantenay-Saint-Imbert<\/td>\n<\/tr>\n<tr>\n<td>58300<\/td>\n<td>Charrin<\/td>\n<\/tr>\n<tr>\n<td>58350<\/td>\n<td>Chasnay<\/td>\n<\/tr>\n<tr>\n<td>58120<\/td>\n<td>Ch\u00e2teau-Chinon (Campagne)<\/td>\n<\/tr>\n<tr>\n<td>58120<\/td>\n<td>Ch\u00e2teau-Chinon (Ville)<\/td>\n<\/tr>\n<tr>\n<td>58350<\/td>\n<td>Ch\u00e2teauneuf-Val-de-Bargis<\/td>\n<\/tr>\n<tr>\n<td>58110<\/td>\n<td>Ch\u00e2tillon-en-Bazois<\/td>\n<\/tr>\n<tr>\n<td>58120<\/td>\n<td>Ch\u00e2tin<\/td>\n<\/tr>\n<tr>\n<td>58400<\/td>\n<td>Chaulgnes<\/td>\n<\/tr>\n<tr>\n<td>58120<\/td>\n<td>Chaumard<\/td>\n<\/tr>\n<tr>\n<td>58800<\/td>\n<td>Chaumot<\/td>\n<\/tr>\n<tr>\n<td>58700<\/td>\n<td>Chazeuil<\/td>\n<\/tr>\n<tr>\n<td>58420<\/td>\n<td>Chevannes-Changy<\/td>\n<\/tr>\n<tr>\n<td>58160<\/td>\n<td>Chevenon<\/td>\n<\/tr>\n<tr>\n<td>58500<\/td>\n<td>Chevroches<\/td>\n<\/tr>\n<tr>\n<td>58170<\/td>\n<td>Chiddes<\/td>\n<\/tr>\n<tr>\n<td>58800<\/td>\n<td>Chitry-les-Mines<\/td>\n<\/tr>\n<tr>\n<td>58110<\/td>\n<td>Chougny<\/td>\n<\/tr>\n<tr>\n<td>58220<\/td>\n<td>Ciez<\/td>\n<\/tr>\n<tr>\n<td>58270<\/td>\n<td>Cizely<\/td>\n<\/tr>\n<tr>\n<td>58500<\/td>\n<td>Clamecy<\/td>\n<\/tr>\n<tr>\n<td>58350<\/td>\n<td>Colm\u00e9ry<\/td>\n<\/tr>\n<tr>\n<td>58120<\/td>\n<td>Corancy<\/td>\n<\/tr>\n<tr>\n<td>58800<\/td>\n<td>Corbigny<\/td>\n<\/tr>\n<tr>\n<td>58210<\/td>\n<td>Corvol-d&rsquo;Embernard<\/td>\n<\/tr>\n<tr>\n<td>58460<\/td>\n<td>Corvol-l&rsquo;Orgueilleux<\/td>\n<\/tr>\n<tr>\n<td>58200<\/td>\n<td>Cosne-Cours-sur-Loire<\/td>\n<\/tr>\n<tr>\n<td>58300<\/td>\n<td>Cossaye<\/td>\n<\/tr>\n<tr>\n<td>58640<\/td>\n<td>Coulanges-l\u00e8s-Nevers<\/td>\n<\/tr>\n<tr>\n<td>58220<\/td>\n<td>Couloutre<\/td>\n<\/tr>\n<tr>\n<td>58210<\/td>\n<td>Courcelles<\/td>\n<\/tr>\n<tr>\n<td>58330<\/td>\n<td>Crux-la-Ville<\/td>\n<\/tr>\n<tr>\n<td>58210<\/td>\n<td>Cuncy-l\u00e8s-Varzy<\/td>\n<\/tr>\n<tr>\n<td>58310<\/td>\n<td>Dampierre-sous-Bouhy<\/td>\n<\/tr>\n<tr>\n<td>58300<\/td>\n<td>Decize<\/td>\n<\/tr>\n<tr>\n<td>58300<\/td>\n<td>Devay<\/td>\n<\/tr>\n<tr>\n<td>58340<\/td>\n<td>Diennes-Aubigny<\/td>\n<\/tr>\n<tr>\n<td>58190<\/td>\n<td>Dirol<\/td>\n<\/tr>\n<tr>\n<td>58120<\/td>\n<td>Dommartin<\/td>\n<\/tr>\n<tr>\n<td>58420<\/td>\n<td>Dompierre-sur-H\u00e9ry<\/td>\n<\/tr>\n<tr>\n<td>58350<\/td>\n<td>Dompierre-sur-Ni\u00e8vre<\/td>\n<\/tr>\n<tr>\n<td>58220<\/td>\n<td>Donzy<\/td>\n<\/tr>\n<tr>\n<td>58530<\/td>\n<td>Dornecy<\/td>\n<\/tr>\n<tr>\n<td>58390<\/td>\n<td>Dornes<\/td>\n<\/tr>\n<tr>\n<td>58160<\/td>\n<td>Druy-Parigny<\/td>\n<\/tr>\n<tr>\n<td>58230<\/td>\n<td>Dun-les-Places<\/td>\n<\/tr>\n<tr>\n<td>58110<\/td>\n<td>Dun-sur-Grandry<\/td>\n<\/tr>\n<tr>\n<td>58140<\/td>\n<td>Empury<\/td>\n<\/tr>\n<tr>\n<td>58410<\/td>\n<td>Entrains-sur-Nohain<\/td>\n<\/tr>\n<tr>\n<td>58800<\/td>\n<td>Epiry<\/td>\n<\/tr>\n<tr>\n<td>58430<\/td>\n<td>F\u00e2chin<\/td>\n<\/tr>\n<tr>\n<td>58480<\/td>\n<td>Fertr\u00e8ve<\/td>\n<\/tr>\n<tr>\n<td>58170<\/td>\n<td>Fl\u00e9ty<\/td>\n<\/tr>\n<tr>\n<td>58240<\/td>\n<td>Fleury-sur-Loire<\/td>\n<\/tr>\n<tr>\n<td>58190<\/td>\n<td>Flez-Cuzy<\/td>\n<\/tr>\n<tr>\n<td>58600<\/td>\n<td>Fourchambault<\/td>\n<\/tr>\n<tr>\n<td>58250<\/td>\n<td>Fours<\/td>\n<\/tr>\n<tr>\n<td>58480<\/td>\n<td>Frasnay-Reugny<\/td>\n<\/tr>\n<tr>\n<td>58140<\/td>\n<td>G\u00e2cogne<\/td>\n<\/tr>\n<tr>\n<td>58600<\/td>\n<td>Garchizy<\/td>\n<\/tr>\n<tr>\n<td>58150<\/td>\n<td>Garchy<\/td>\n<\/tr>\n<tr>\n<td>58800<\/td>\n<td>Germenay<\/td>\n<\/tr>\n<tr>\n<td>58320<\/td>\n<td>Germigny-sur-Loire<\/td>\n<\/tr>\n<tr>\n<td>58230<\/td>\n<td>Gien-sur-Cure<\/td>\n<\/tr>\n<tr>\n<td>58470<\/td>\n<td>Gimouille<\/td>\n<\/tr>\n<tr>\n<td>58700<\/td>\n<td>Giry<\/td>\n<\/tr>\n<tr>\n<td>58370<\/td>\n<td>Glux-en-Glenne<\/td>\n<\/tr>\n<tr>\n<td>58230<\/td>\n<td>Gouloux<\/td>\n<\/tr>\n<tr>\n<td>58420<\/td>\n<td>Grenois<\/td>\n<\/tr>\n<tr>\n<td>58130<\/td>\n<td>Gu\u00e9rigny<\/td>\n<\/tr>\n<tr>\n<td>58420<\/td>\n<td>Guipy<\/td>\n<\/tr>\n<tr>\n<td>58800<\/td>\n<td>H\u00e9ry<\/td>\n<\/tr>\n<tr>\n<td>58160<\/td>\n<td>Imphy<\/td>\n<\/tr>\n<tr>\n<td>58290<\/td>\n<td>Isenay<\/td>\n<\/tr>\n<tr>\n<td>58330<\/td>\n<td>Jailly<\/td>\n<\/tr>\n<tr>\n<td>58440<\/td>\n<td>La Celle-sur-Loire<\/td>\n<\/tr>\n<tr>\n<td>58700<\/td>\n<td>La Celle-sur-Ni\u00e8vre<\/td>\n<\/tr>\n<tr>\n<td>58210<\/td>\n<td>La Chapelle-Saint-Andr\u00e9<\/td>\n<\/tr>\n<tr>\n<td>58400<\/td>\n<td>La Charit\u00e9-sur-Loire<\/td>\n<\/tr>\n<tr>\n<td>58800<\/td>\n<td>La Collancelle<\/td>\n<\/tr>\n<tr>\n<td>58160<\/td>\n<td>La Fermet\u00e9<\/td>\n<\/tr>\n<tr>\n<td>58260<\/td>\n<td>La Machine<\/td>\n<\/tr>\n<tr>\n<td>58190<\/td>\n<td>La Maison-Dieu<\/td>\n<\/tr>\n<tr>\n<td>58400<\/td>\n<td>La Marche<\/td>\n<\/tr>\n<tr>\n<td>58250<\/td>\n<td>La Nocle-Maulaix<\/td>\n<\/tr>\n<tr>\n<td>58300<\/td>\n<td>Lamenay-sur-Loire<\/td>\n<\/tr>\n<tr>\n<td>58240<\/td>\n<td>Langeron<\/td>\n<\/tr>\n<tr>\n<td>58250<\/td>\n<td>Lanty<\/td>\n<\/tr>\n<tr>\n<td>58370<\/td>\n<td>Larochemillay<\/td>\n<\/tr>\n<tr>\n<td>58230<\/td>\n<td>Lavault-de-Fr\u00e9toy<\/td>\n<\/tr>\n<tr>\n<td>58290<\/td>\n<td>Limanton<\/td>\n<\/tr>\n<tr>\n<td>58270<\/td>\n<td>Limon<\/td>\n<\/tr>\n<tr>\n<td>58240<\/td>\n<td>Livry<\/td>\n<\/tr>\n<tr>\n<td>58140<\/td>\n<td>Lormes<\/td>\n<\/tr>\n<tr>\n<td>58380<\/td>\n<td>Lucenay-l\u00e8s-Aix<\/td>\n<\/tr>\n<tr>\n<td>58700<\/td>\n<td>Lurcy-le-Bourg<\/td>\n<\/tr>\n<tr>\n<td>58240<\/td>\n<td>Luthenay-Uxeloup<\/td>\n<\/tr>\n<tr>\n<td>58170<\/td>\n<td>Luzy<\/td>\n<\/tr>\n<tr>\n<td>58190<\/td>\n<td>Lys<\/td>\n<\/tr>\n<tr>\n<td>58470<\/td>\n<td>Magny-Cours<\/td>\n<\/tr>\n<tr>\n<td>58800<\/td>\n<td>Magny-Lormes<\/td>\n<\/tr>\n<tr>\n<td>58210<\/td>\n<td>Marcy<\/td>\n<\/tr>\n<tr>\n<td>58140<\/td>\n<td>Marigny-l&rsquo;\u00c9glise<\/td>\n<\/tr>\n<tr>\n<td>58800<\/td>\n<td>Marigny-sur-Yonne<\/td>\n<\/tr>\n<tr>\n<td>58240<\/td>\n<td>Mars-sur-Allier<\/td>\n<\/tr>\n<tr>\n<td>58000<\/td>\n<td>Marzy<\/td>\n<\/tr>\n<tr>\n<td>58290<\/td>\n<td>Maux<\/td>\n<\/tr>\n<tr>\n<td>58410<\/td>\n<td>Menestreau<\/td>\n<\/tr>\n<tr>\n<td>58210<\/td>\n<td>Menou<\/td>\n<\/tr>\n<tr>\n<td>58400<\/td>\n<td>Mesves-sur-Loire<\/td>\n<\/tr>\n<tr>\n<td>58190<\/td>\n<td>Metz-le-Comte<\/td>\n<\/tr>\n<tr>\n<td>58140<\/td>\n<td>Mh\u00e8re<\/td>\n<\/tr>\n<tr>\n<td>58420<\/td>\n<td>Michaugues<\/td>\n<\/tr>\n<tr>\n<td>58170<\/td>\n<td>Millay<\/td>\n<\/tr>\n<tr>\n<td>58190<\/td>\n<td>Moissy-Moulinot<\/td>\n<\/tr>\n<tr>\n<td>58190<\/td>\n<td>Monceaux-le-Comte<\/td>\n<\/tr>\n<tr>\n<td>58110<\/td>\n<td>Mont-et-Marr\u00e9<\/td>\n<\/tr>\n<tr>\n<td>58250<\/td>\n<td>Montambert<\/td>\n<\/tr>\n<tr>\n<td>58110<\/td>\n<td>Montapas<\/td>\n<\/tr>\n<tr>\n<td>58250<\/td>\n<td>Montaron<\/td>\n<\/tr>\n<tr>\n<td>58700<\/td>\n<td>Montenoison<\/td>\n<\/tr>\n<tr>\n<td>58130<\/td>\n<td>Montigny-aux-Amognes<\/td>\n<\/tr>\n<tr>\n<td>58120<\/td>\n<td>Montigny-en-Morvan<\/td>\n<\/tr>\n<tr>\n<td>58340<\/td>\n<td>Montigny-sur-Canne<\/td>\n<\/tr>\n<tr>\n<td>58800<\/td>\n<td>Montreuillon<\/td>\n<\/tr>\n<tr>\n<td>58230<\/td>\n<td>Montsauche-les-Settons<\/td>\n<\/tr>\n<tr>\n<td>58420<\/td>\n<td>Moraches<\/td>\n<\/tr>\n<tr>\n<td>58290<\/td>\n<td>Moulins-Engilbert<\/td>\n<\/tr>\n<tr>\n<td>58800<\/td>\n<td>Mouron-sur-Yonne<\/td>\n<\/tr>\n<tr>\n<td>58700<\/td>\n<td>Moussy<\/td>\n<\/tr>\n<tr>\n<td>58230<\/td>\n<td>Moux-en-Morvan<\/td>\n<\/tr>\n<tr>\n<td>58700<\/td>\n<td>Murlin<\/td>\n<\/tr>\n<tr>\n<td>58440<\/td>\n<td>Myennes<\/td>\n<\/tr>\n<tr>\n<td>58350<\/td>\n<td>Nannay<\/td>\n<\/tr>\n<tr>\n<td>58400<\/td>\n<td>Narcy<\/td>\n<\/tr>\n<tr>\n<td>58190<\/td>\n<td>Neuffontaines<\/td>\n<\/tr>\n<tr>\n<td>58420<\/td>\n<td>Neuilly<\/td>\n<\/tr>\n<tr>\n<td>58300<\/td>\n<td>Neuville-l\u00e8s-Decize<\/td>\n<\/tr>\n<tr>\n<td>58450<\/td>\n<td>Neuvy-sur-Loire<\/td>\n<\/tr>\n<tr>\n<td>58000<\/td>\n<\/tr>\n<tr>\n<td>58700<\/td>\n<td>Nolay<\/td>\n<\/tr>\n<tr>\n<td>58190<\/td>\n<td>Nuars<\/td>\n<\/tr>\n<tr>\n<td>58500<\/td>\n<td>Oisy<\/td>\n<\/tr>\n<tr>\n<td>58370<\/td>\n<td>Onlay<\/td>\n<\/tr>\n<tr>\n<td>58500<\/td>\n<td>Ouagne<\/td>\n<\/tr>\n<tr>\n<td>58210<\/td>\n<td>Oudan<\/td>\n<\/tr>\n<tr>\n<td>58110<\/td>\n<td>Ougny<\/td>\n<\/tr>\n<tr>\n<td>58700<\/td>\n<td>Oulon<\/td>\n<\/tr>\n<tr>\n<td>58130<\/td>\n<td>Ourou\u00ebr<\/td>\n<\/tr>\n<tr>\n<td>58230<\/td>\n<td>Ouroux-en-Morvan<\/td>\n<\/tr>\n<tr>\n<td>58210<\/td>\n<td>Parigny-la-Rose<\/td>\n<\/tr>\n<tr>\n<td>58320<\/td>\n<td>Parigny-les-Vaux<\/td>\n<\/tr>\n<tr>\n<td>58800<\/td>\n<td>Pazy<\/td>\n<\/tr>\n<tr>\n<td>58220<\/td>\n<td>Perroy<\/td>\n<\/tr>\n<tr>\n<td>58230<\/td>\n<td>Planchez<\/td>\n<\/tr>\n<tr>\n<td>58170<\/td>\n<td>Poil<\/td>\n<\/tr>\n<tr>\n<td>58130<\/td>\n<td>Poiseux<\/td>\n<\/tr>\n<tr>\n<td>58200<\/td>\n<td>Pougny<\/td>\n<\/tr>\n<tr>\n<td>58320<\/td>\n<td>Pougues-les-Eaux<\/td>\n<\/tr>\n<tr>\n<td>58150<\/td>\n<td>Pouilly-sur-Loire<\/td>\n<\/tr>\n<tr>\n<td>58140<\/td>\n<td>Pouques-Lormes<\/td>\n<\/tr>\n<tr>\n<td>58500<\/td>\n<td>Pousseaux<\/td>\n<\/tr>\n<tr>\n<td>58700<\/td>\n<td>Pr\u00e9mery<\/td>\n<\/tr>\n<tr>\n<td>58360<\/td>\n<td>Pr\u00e9porch\u00e9<\/td>\n<\/tr>\n<tr>\n<td>58400<\/td>\n<td>Raveau<\/td>\n<\/tr>\n<tr>\n<td>58250<\/td>\n<td>R\u00e9milly<\/td>\n<\/tr>\n<tr>\n<td>58500<\/td>\n<td>Rix<\/td>\n<\/tr>\n<tr>\n<td>58110<\/td>\n<td>Rouy<\/td>\n<\/tr>\n<tr>\n<td>58190<\/td>\n<td>Ruages<\/td>\n<\/tr>\n<tr>\n<td>58470<\/td>\n<td>Saincaize-Meauce<\/td>\n<\/tr>\n<tr>\n<td>58230<\/td>\n<td>Saint-Agnan<\/td>\n<\/tr>\n<tr>\n<td>58310<\/td>\n<td>Saint-Amand-en-Puisaye<\/td>\n<\/tr>\n<tr>\n<td>58150<\/td>\n<td>Saint-Andelain<\/td>\n<\/tr>\n<tr>\n<td>58140<\/td>\n<td>Saint-Andr\u00e9-en-Morvan<\/td>\n<\/tr>\n<tr>\n<td>58190<\/td>\n<td>Saint-Aubin-des-Chaumes<\/td>\n<\/tr>\n<tr>\n<td>58130<\/td>\n<td>Saint-Aubin-les-Forges<\/td>\n<\/tr>\n<tr>\n<td>58270<\/td>\n<td>Saint-Benin-d&rsquo;Azy<\/td>\n<\/tr>\n<tr>\n<td>58330<\/td>\n<td>Saint-Benin-des-Bois<\/td>\n<\/tr>\n<tr>\n<td>58700<\/td>\n<td>Saint-Bonnot<\/td>\n<\/tr>\n<tr>\n<td>58230<\/td>\n<td>Saint-Brisson<\/td>\n<\/tr>\n<tr>\n<td>58190<\/td>\n<td>Saint-Didier<\/td>\n<\/tr>\n<tr>\n<td>58000<\/td>\n<td>Saint-\u00c9loi<\/td>\n<\/tr>\n<tr>\n<td>58270<\/td>\n<td>Saint-Firmin<\/td>\n<\/tr>\n<tr>\n<td>58330<\/td>\n<td>Saint-Franchy<\/td>\n<\/tr>\n<tr>\n<td>58300<\/td>\n<td>Saint-Germain-Chassenay<\/td>\n<\/tr>\n<tr>\n<td>58210<\/td>\n<td>Saint-Germain-des-Bois<\/td>\n<\/tr>\n<tr>\n<td>58340<\/td>\n<td>Saint-Gratien-Savigny<\/td>\n<\/tr>\n<tr>\n<td>58120<\/td>\n<td>Saint-Hilaire-en-Morvan<\/td>\n<\/tr>\n<tr>\n<td>58300<\/td>\n<td>Saint-Hilaire-Fontaine<\/td>\n<\/tr>\n<tr>\n<td>58360<\/td>\n<td>Saint-Honor\u00e9-les-Bains<\/td>\n<\/tr>\n<tr>\n<td>58270<\/td>\n<td>Saint-Jean-aux-Amognes<\/td>\n<\/tr>\n<tr>\n<td>58150<\/td>\n<td>Saint-Laurent-l&rsquo;Abbaye<\/td>\n<\/tr>\n<tr>\n<td>58120<\/td>\n<td>Saint-L\u00e9ger-de-Fougeret<\/td>\n<\/tr>\n<tr>\n<td>58300<\/td>\n<td>Saint-L\u00e9ger-des-Vignes<\/td>\n<\/tr>\n<tr>\n<td>58200<\/td>\n<td>Saint-Loup<\/td>\n<\/tr>\n<tr>\n<td>58350<\/td>\n<td>Saint-Malo-en-Donziois<\/td>\n<\/tr>\n<tr>\n<td>58130<\/td>\n<td>Saint-Martin-d&rsquo;Heuille<\/td>\n<\/tr>\n<tr>\n<td>58140<\/td>\n<td>Saint-Martin-du-Puy<\/td>\n<\/tr>\n<tr>\n<td>58150<\/td>\n<td>Saint-Martin-sur-Nohain<\/td>\n<\/tr>\n<tr>\n<td>58330<\/td>\n<td>Saint-Maurice<\/td>\n<\/tr>\n<tr>\n<td>58160<\/td>\n<td>Saint-Ouen-sur-Loire<\/td>\n<\/tr>\n<tr>\n<td>58300<\/td>\n<td>Saint-Parize-en-Viry<\/td>\n<\/tr>\n<tr>\n<td>58490<\/td>\n<td>Saint-Parize-le-Ch\u00e2tel<\/td>\n<\/tr>\n<tr>\n<td>58200<\/td>\n<td>Saint-P\u00e8re<\/td>\n<\/tr>\n<tr>\n<td>58110<\/td>\n<td>Saint-P\u00e9reuse<\/td>\n<\/tr>\n<tr>\n<td>58210<\/td>\n<td>Saint-Pierre-du-Mont<\/td>\n<\/tr>\n<tr>\n<td>58240<\/td>\n<td>Saint-Pierre-le-Mo\u00fbtier<\/td>\n<\/tr>\n<tr>\n<td>58150<\/td>\n<td>Saint-Quentin-sur-Nohain<\/td>\n<\/tr>\n<tr>\n<td>58420<\/td>\n<td>Saint-R\u00e9v\u00e9rien<\/td>\n<\/tr>\n<tr>\n<td>58330<\/td>\n<td>Saint-Saulge<\/td>\n<\/tr>\n<tr>\n<td>58250<\/td>\n<td>Saint-Seine<\/td>\n<\/tr>\n<tr>\n<td>58270<\/td>\n<td>Saint-Sulpice<\/td>\n<\/tr>\n<tr>\n<td>58310<\/td>\n<td>Saint-V\u00e9rain<\/td>\n<\/tr>\n<tr>\n<td>58220<\/td>\n<td>Sainte-Colombe-des-Bois<\/td>\n<\/tr>\n<tr>\n<td>58330<\/td>\n<td>Sainte-Marie<\/td>\n<\/tr>\n<tr>\n<td>58190<\/td>\n<td>Saizy<\/td>\n<\/tr>\n<tr>\n<td>58800<\/td>\n<td>Sardy-l\u00e8s-\u00c9piry<\/td>\n<\/tr>\n<tr>\n<td>58160<\/td>\n<td>Sauvigny-les-Bois<\/td>\n<\/tr>\n<tr>\n<td>58170<\/td>\n<td>Savigny-Poil-Fol<\/td>\n<\/tr>\n<tr>\n<td>58330<\/td>\n<td>Saxi-Bourdon<\/td>\n<\/tr>\n<tr>\n<td>58360<\/td>\n<td>S\u00e9melay<\/td>\n<\/tr>\n<tr>\n<td>58290<\/td>\n<td>Sermages<\/td>\n<\/tr>\n<tr>\n<td>58000<\/td>\n<td>Sermoise-sur-Loire<\/td>\n<\/tr>\n<tr>\n<td>58700<\/td>\n<td>Sichamps<\/td>\n<\/tr>\n<tr>\n<td>58300<\/td>\n<td>Sougy-sur-Loire<\/td>\n<\/tr>\n<tr>\n<td>58150<\/td>\n<td>Suilly-la-Tour<\/td>\n<\/tr>\n<tr>\n<td>58500<\/td>\n<td>Surgy<\/td>\n<\/tr>\n<tr>\n<td>58420<\/td>\n<td>Taconnay<\/td>\n<\/tr>\n<tr>\n<td>58190<\/td>\n<td>Talon<\/td>\n<\/tr>\n<tr>\n<td>58110<\/td>\n<td>Tamnay-en-Bazois<\/td>\n<\/tr>\n<tr>\n<td>58190<\/td>\n<td>Tannay<\/td>\n<\/tr>\n<tr>\n<td>58170<\/td>\n<td>Tazilly<\/td>\n<\/tr>\n<tr>\n<td>58190<\/td>\n<td>Teigny<\/td>\n<\/tr>\n<tr>\n<td>58250<\/td>\n<td>Ternant<\/td>\n<\/tr>\n<tr>\n<td>58250<\/td>\n<td>Thaix<\/td>\n<\/tr>\n<tr>\n<td>58260<\/td>\n<td>Thianges<\/td>\n<\/tr>\n<tr>\n<td>58110<\/td>\n<td>Tintury<\/td>\n<\/tr>\n<tr>\n<td>58300<\/td>\n<td>Toury-Lurcy<\/td>\n<\/tr>\n<tr>\n<td>58240<\/td>\n<td>Toury-sur-Jour<\/td>\n<\/tr>\n<tr>\n<td>58150<\/td>\n<td>Tracy-sur-Loire<\/td>\n<\/tr>\n<tr>\n<td>58240<\/td>\n<td>Tresnay<\/td>\n<\/tr>\n<tr>\n<td>58260<\/td>\n<td>Trois-V\u00e8vres<\/td>\n<\/tr>\n<tr>\n<td>58400<\/td>\n<td>Tronsanges<\/td>\n<\/tr>\n<tr>\n<td>58460<\/td>\n<td>Trucy-l&rsquo;Orgueilleux<\/td>\n<\/tr>\n<tr>\n<td>58130<\/td>\n<td>Urzy<\/td>\n<\/tr>\n<tr>\n<td>58290<\/td>\n<td>Vandenesse<\/td>\n<\/tr>\n<tr>\n<td>58400<\/td>\n<td>Varennes-l\u00e8s-Narcy<\/td>\n<\/tr>\n<tr>\n<td>58640<\/td>\n<td>Varennes-Vauzelles<\/td>\n<\/tr>\n<tr>\n<td>58210<\/td>\n<td>Varzy<\/td>\n<\/tr>\n<tr>\n<td>58140<\/td>\n<td>Vauclaix<\/td>\n<\/tr>\n<tr>\n<td>58300<\/td>\n<td>Verneuil<\/td>\n<\/tr>\n<tr>\n<td>58150<\/td>\n<td>Vielmanay<\/td>\n<\/tr>\n<tr>\n<td>58190<\/td>\n<td>Vignol<\/td>\n<\/tr>\n<tr>\n<td>58370<\/td>\n<td>Villapour\u00e7on<\/td>\n<\/tr>\n<tr>\n<td>58480<\/td>\n<td>Ville-Langy<\/td>\n<\/tr>\n<tr>\n<td>58210<\/td>\n<td>Villiers-le-Sec<\/td>\n<\/tr>\n<tr>\n<td>58500<\/td>\n<td>Villiers-sur-Yonne<\/td>\n<\/tr>\n<tr>\n<td>58420<\/td>\n<td>Vitry-Lach\u00e9<\/td>\n<\/tr>\n<\/tbody>\n<\/table>\n","protected":false},"excerpt":{"rendered":"<p>Le greffe de Nevers est charg\u00e9 de s&rsquo;occuper des d\u00e9marches des soci\u00e9t\u00e9s notamment de leur immatriculation. C&rsquo;est le CFE (qui [&hellip;]<\/p>\n","protected":false},"author":1,"featured_media":0,"parent":1759,"menu_order":0,"comment_status":"closed","ping_status":"closed","template":"","meta":{"inline_featured_image":false,"footnotes":""},"class_list":["post-1994","page","type-page","status-publish","hentry"],"yoast_head":"<!-- This site is optimized with the Yoast SEO plugin v26.8 - https:\/\/yoast.com\/product\/yoast-seo-wordpress\/ -->\n<title>Greffe du tribunal de commerce de Nevers - Actualit\u00e9 des entreprises<\/title>\n<meta name=\"robots\" content=\"index, follow, max-snippet:-1, max-image-preview:large, max-video-preview:-1\" \/>\n<link rel=\"canonical\" href=\"https:\/\/www.annonces-legales.org\/blog\/greffe\/greffe-du-tribunal-de-commerce-de-nevers\/\" \/>\n<meta property=\"og:locale\" content=\"fr_FR\" \/>\n<meta property=\"og:type\" content=\"article\" \/>\n<meta property=\"og:title\" content=\"Greffe du tribunal de commerce de Nevers - Actualit\u00e9 des entreprises\" \/>\n<meta property=\"og:description\" content=\"Le greffe de Nevers est charg\u00e9 de s&rsquo;occuper des d\u00e9marches des soci\u00e9t\u00e9s notamment de leur immatriculation. C&rsquo;est le CFE (qui [&hellip;]\" \/>\n<meta property=\"og:url\" content=\"https:\/\/www.annonces-legales.org\/blog\/greffe\/greffe-du-tribunal-de-commerce-de-nevers\/\" \/>\n<meta property=\"og:site_name\" content=\"Actualit\u00e9 des entreprises\" \/>\n<meta property=\"article:modified_time\" content=\"2022-01-31T15:26:58+00:00\" \/>\n<meta property=\"og:image\" content=\"https:\/\/www.annonces-legales.org\/blog\/wp-content\/uploads\/2022\/01\/tribunal.png\" \/>\n\t<meta property=\"og:image:width\" content=\"640\" \/>\n\t<meta property=\"og:image:height\" content=\"612\" \/>\n\t<meta property=\"og:image:type\" content=\"image\/png\" \/>\n<meta name=\"twitter:card\" content=\"summary_large_image\" \/>\n<meta name=\"twitter:label1\" content=\"Dur\u00e9e de lecture estim\u00e9e\" \/>\n\t<meta name=\"twitter:data1\" content=\"3 minutes\" \/>\n<script type=\"application\/ld+json\" class=\"yoast-schema-graph\">{\"@context\":\"https:\/\/schema.org\",\"@graph\":[{\"@type\":\"WebPage\",\"@id\":\"https:\/\/www.annonces-legales.org\/blog\/greffe\/greffe-du-tribunal-de-commerce-de-nevers\/\",\"url\":\"https:\/\/www.annonces-legales.org\/blog\/greffe\/greffe-du-tribunal-de-commerce-de-nevers\/\",\"name\":\"Greffe du tribunal de commerce de Nevers - Actualit\u00e9 des entreprises\",\"isPartOf\":{\"@id\":\"https:\/\/www.annonces-legales.org\/blog\/#website\"},\"primaryImageOfPage\":{\"@id\":\"https:\/\/www.annonces-legales.org\/blog\/greffe\/greffe-du-tribunal-de-commerce-de-nevers\/#primaryimage\"},\"image\":{\"@id\":\"https:\/\/www.annonces-legales.org\/blog\/greffe\/greffe-du-tribunal-de-commerce-de-nevers\/#primaryimage\"},\"thumbnailUrl\":\"https:\/\/www.annonces-legales.org\/blog\/wp-content\/uploads\/2022\/01\/tribunal-150x150.png\",\"datePublished\":\"2022-01-22T19:55:17+00:00\",\"dateModified\":\"2022-01-31T15:26:58+00:00\",\"breadcrumb\":{\"@id\":\"https:\/\/www.annonces-legales.org\/blog\/greffe\/greffe-du-tribunal-de-commerce-de-nevers\/#breadcrumb\"},\"inLanguage\":\"fr-FR\",\"potentialAction\":[{\"@type\":\"ReadAction\",\"target\":[\"https:\/\/www.annonces-legales.org\/blog\/greffe\/greffe-du-tribunal-de-commerce-de-nevers\/\"]}]},{\"@type\":\"ImageObject\",\"inLanguage\":\"fr-FR\",\"@id\":\"https:\/\/www.annonces-legales.org\/blog\/greffe\/greffe-du-tribunal-de-commerce-de-nevers\/#primaryimage\",\"url\":\"https:\/\/www.annonces-legales.org\/blog\/wp-content\/uploads\/2022\/01\/tribunal.png\",\"contentUrl\":\"https:\/\/www.annonces-legales.org\/blog\/wp-content\/uploads\/2022\/01\/tribunal.png\",\"width\":640,\"height\":612},{\"@type\":\"BreadcrumbList\",\"@id\":\"https:\/\/www.annonces-legales.org\/blog\/greffe\/greffe-du-tribunal-de-commerce-de-nevers\/#breadcrumb\",\"itemListElement\":[{\"@type\":\"ListItem\",\"position\":1,\"name\":\"Accueil\",\"item\":\"https:\/\/www.annonces-legales.org\/blog\/\"},{\"@type\":\"ListItem\",\"position\":2,\"name\":\"Liste des Greffes des tribunaux de commerce\",\"item\":\"https:\/\/www.annonces-legales.org\/blog\/greffe\/\"},{\"@type\":\"ListItem\",\"position\":3,\"name\":\"Greffe du tribunal de commerce de Nevers\"}]},{\"@type\":\"WebSite\",\"@id\":\"https:\/\/www.annonces-legales.org\/blog\/#website\",\"url\":\"https:\/\/www.annonces-legales.org\/blog\/\",\"name\":\"Actualit\u00e9 des entreprises\",\"description\":\"\",\"publisher\":{\"@id\":\"https:\/\/www.annonces-legales.org\/blog\/#organization\"},\"potentialAction\":[{\"@type\":\"SearchAction\",\"target\":{\"@type\":\"EntryPoint\",\"urlTemplate\":\"https:\/\/www.annonces-legales.org\/blog\/?s={search_term_string}\"},\"query-input\":{\"@type\":\"PropertyValueSpecification\",\"valueRequired\":true,\"valueName\":\"search_term_string\"}}],\"inLanguage\":\"fr-FR\"},{\"@type\":\"Organization\",\"@id\":\"https:\/\/www.annonces-legales.org\/blog\/#organization\",\"name\":\"Actualit\u00e9 des entreprises\",\"url\":\"https:\/\/www.annonces-legales.org\/blog\/\",\"logo\":{\"@type\":\"ImageObject\",\"inLanguage\":\"fr-FR\",\"@id\":\"https:\/\/www.annonces-legales.org\/blog\/#\/schema\/logo\/image\/\",\"url\":\"https:\/\/www.annonces-legales.org\/blog\/wp-content\/uploads\/2023\/08\/annonces-legales.svg\",\"contentUrl\":\"https:\/\/www.annonces-legales.org\/blog\/wp-content\/uploads\/2023\/08\/annonces-legales.svg\",\"caption\":\"Actualit\u00e9 des entreprises\"},\"image\":{\"@id\":\"https:\/\/www.annonces-legales.org\/blog\/#\/schema\/logo\/image\/\"}}]}<\/script>\n<!-- \/ Yoast SEO plugin. -->","yoast_head_json":{"title":"Greffe du tribunal de commerce de Nevers - Actualit\u00e9 des entreprises","robots":{"index":"index","follow":"follow","max-snippet":"max-snippet:-1","max-image-preview":"max-image-preview:large","max-video-preview":"max-video-preview:-1"},"canonical":"https:\/\/www.annonces-legales.org\/blog\/greffe\/greffe-du-tribunal-de-commerce-de-nevers\/","og_locale":"fr_FR","og_type":"article","og_title":"Greffe du tribunal de commerce de Nevers - Actualit\u00e9 des entreprises","og_description":"Le greffe de Nevers est charg\u00e9 de s&rsquo;occuper des d\u00e9marches des soci\u00e9t\u00e9s notamment de leur immatriculation. C&rsquo;est le CFE (qui [&hellip;]","og_url":"https:\/\/www.annonces-legales.org\/blog\/greffe\/greffe-du-tribunal-de-commerce-de-nevers\/","og_site_name":"Actualit\u00e9 des entreprises","article_modified_time":"2022-01-31T15:26:58+00:00","og_image":[{"width":640,"height":612,"url":"https:\/\/www.annonces-legales.org\/blog\/wp-content\/uploads\/2022\/01\/tribunal.png","type":"image\/png"}],"twitter_card":"summary_large_image","twitter_misc":{"Dur\u00e9e de lecture estim\u00e9e":"3 minutes"},"schema":{"@context":"https:\/\/schema.org","@graph":[{"@type":"WebPage","@id":"https:\/\/www.annonces-legales.org\/blog\/greffe\/greffe-du-tribunal-de-commerce-de-nevers\/","url":"https:\/\/www.annonces-legales.org\/blog\/greffe\/greffe-du-tribunal-de-commerce-de-nevers\/","name":"Greffe du tribunal de commerce de Nevers - Actualit\u00e9 des entreprises","isPartOf":{"@id":"https:\/\/www.annonces-legales.org\/blog\/#website"},"primaryImageOfPage":{"@id":"https:\/\/www.annonces-legales.org\/blog\/greffe\/greffe-du-tribunal-de-commerce-de-nevers\/#primaryimage"},"image":{"@id":"https:\/\/www.annonces-legales.org\/blog\/greffe\/greffe-du-tribunal-de-commerce-de-nevers\/#primaryimage"},"thumbnailUrl":"https:\/\/www.annonces-legales.org\/blog\/wp-content\/uploads\/2022\/01\/tribunal-150x150.png","datePublished":"2022-01-22T19:55:17+00:00","dateModified":"2022-01-31T15:26:58+00:00","breadcrumb":{"@id":"https:\/\/www.annonces-legales.org\/blog\/greffe\/greffe-du-tribunal-de-commerce-de-nevers\/#breadcrumb"},"inLanguage":"fr-FR","potentialAction":[{"@type":"ReadAction","target":["https:\/\/www.annonces-legales.org\/blog\/greffe\/greffe-du-tribunal-de-commerce-de-nevers\/"]}]},{"@type":"ImageObject","inLanguage":"fr-FR","@id":"https:\/\/www.annonces-legales.org\/blog\/greffe\/greffe-du-tribunal-de-commerce-de-nevers\/#primaryimage","url":"https:\/\/www.annonces-legales.org\/blog\/wp-content\/uploads\/2022\/01\/tribunal.png","contentUrl":"https:\/\/www.annonces-legales.org\/blog\/wp-content\/uploads\/2022\/01\/tribunal.png","width":640,"height":612},{"@type":"BreadcrumbList","@id":"https:\/\/www.annonces-legales.org\/blog\/greffe\/greffe-du-tribunal-de-commerce-de-nevers\/#breadcrumb","itemListElement":[{"@type":"ListItem","position":1,"name":"Accueil","item":"https:\/\/www.annonces-legales.org\/blog\/"},{"@type":"ListItem","position":2,"name":"Liste des Greffes des tribunaux de commerce","item":"https:\/\/www.annonces-legales.org\/blog\/greffe\/"},{"@type":"ListItem","position":3,"name":"Greffe du tribunal de commerce de Nevers"}]},{"@type":"WebSite","@id":"https:\/\/www.annonces-legales.org\/blog\/#website","url":"https:\/\/www.annonces-legales.org\/blog\/","name":"Actualit\u00e9 des entreprises","description":"","publisher":{"@id":"https:\/\/www.annonces-legales.org\/blog\/#organization"},"potentialAction":[{"@type":"SearchAction","target":{"@type":"EntryPoint","urlTemplate":"https:\/\/www.annonces-legales.org\/blog\/?s={search_term_string}"},"query-input":{"@type":"PropertyValueSpecification","valueRequired":true,"valueName":"search_term_string"}}],"inLanguage":"fr-FR"},{"@type":"Organization","@id":"https:\/\/www.annonces-legales.org\/blog\/#organization","name":"Actualit\u00e9 des entreprises","url":"https:\/\/www.annonces-legales.org\/blog\/","logo":{"@type":"ImageObject","inLanguage":"fr-FR","@id":"https:\/\/www.annonces-legales.org\/blog\/#\/schema\/logo\/image\/","url":"https:\/\/www.annonces-legales.org\/blog\/wp-content\/uploads\/2023\/08\/annonces-legales.svg","contentUrl":"https:\/\/www.annonces-legales.org\/blog\/wp-content\/uploads\/2023\/08\/annonces-legales.svg","caption":"Actualit\u00e9 des entreprises"},"image":{"@id":"https:\/\/www.annonces-legales.org\/blog\/#\/schema\/logo\/image\/"}}]}},"_links":{"self":[{"href":"https:\/\/www.annonces-legales.org\/blog\/wp-json\/wp\/v2\/pages\/1994","targetHints":{"allow":["GET"]}}],"collection":[{"href":"https:\/\/www.annonces-legales.org\/blog\/wp-json\/wp\/v2\/pages"}],"about":[{"href":"https:\/\/www.annonces-legales.org\/blog\/wp-json\/wp\/v2\/types\/page"}],"author":[{"embeddable":true,"href":"https:\/\/www.annonces-legales.org\/blog\/wp-json\/wp\/v2\/users\/1"}],"replies":[{"embeddable":true,"href":"https:\/\/www.annonces-legales.org\/blog\/wp-json\/wp\/v2\/comments?post=1994"}],"version-history":[{"count":4,"href":"https:\/\/www.annonces-legales.org\/blog\/wp-json\/wp\/v2\/pages\/1994\/revisions"}],"predecessor-version":[{"id":2473,"href":"https:\/\/www.annonces-legales.org\/blog\/wp-json\/wp\/v2\/pages\/1994\/revisions\/2473"}],"up":[{"embeddable":true,"href":"https:\/\/www.annonces-legales.org\/blog\/wp-json\/wp\/v2\/pages\/1759"}],"wp:attachment":[{"href":"https:\/\/www.annonces-legales.org\/blog\/wp-json\/wp\/v2\/media?parent=1994"}],"curies":[{"name":"wp","href":"https:\/\/api.w.org\/{rel}","templated":true}]}}