{"id":2000,"date":"2022-01-22T20:56:36","date_gmt":"2022-01-22T19:56:36","guid":{"rendered":"https:\/\/www.annonces-legales.org\/blog\/?page_id=2000"},"modified":"2022-01-31T16:59:48","modified_gmt":"2022-01-31T15:59:48","slug":"greffe-du-tribunal-de-commerce-de-niort","status":"publish","type":"page","link":"https:\/\/www.annonces-legales.org\/blog\/greffe\/greffe-du-tribunal-de-commerce-de-niort\/","title":{"rendered":"Greffe du tribunal de commerce de Niort"},"content":{"rendered":"<p><img loading=\"lazy\" decoding=\"async\" class=\"alignleft wp-image-2423\" src=\"https:\/\/www.annonces-legales.org\/blog\/wp-content\/uploads\/2022\/01\/tribunal-150x150.png\" alt=\"\" width=\"102\" height=\"102\" \/>Vous voulez aller au greffe du tribunal de commerce de Niort ?<\/p>\n<p>Vous recherchez ses horaires d&rsquo;ouverture ?<\/p>\n<p>Vous trouverez ci dessous l&rsquo;ensemble des informations n\u00e9cessaires pour \u00e9changer avec le greffe de Niort et pour r\u00e9aliser les d\u00e9marches administratives pour votre entreprise.<\/p>\n<p>&nbsp;<\/p>\n<h2><\/h2>\n<h2>Coordonn\u00e9es<\/h2>\n<p>Le greffe de Niort peut \u00eatre joint en appelant le <strong>05 49 79 14 40<\/strong><\/p>\n<p>&nbsp;<\/p>\n<p>L&rsquo;adresse du greffe du tribunal de commerce de Niort est :<\/p>\n<p><strong>18 Rue Marcel Paul 79028 NIORT CEDEX 9<\/strong><\/p>\n<p>&nbsp;<\/p>\n<p><div class=\"leaflet-map WPLeafletMap\" style=\"height:250px; width:100%;\"><\/div><script>\nwindow.WPLeafletMapPlugin = window.WPLeafletMapPlugin || [];\nwindow.WPLeafletMapPlugin.push(function WPLeafletMapShortcode() {\/*<script>*\/\nvar baseUrl = atob('aHR0cHM6Ly97c30udGlsZS5vcGVuc3RyZWV0bWFwLm9yZy97en0ve3h9L3t5fS5wbmc=');\nvar base = (!baseUrl && window.MQ) ?\n    window.MQ.mapLayer() : L.tileLayer(baseUrl,\n        L.Util.extend({}, {\n            detectRetina: 0,\n        },\n        {\"subdomains\":\"abc\",\"noWrap\":false,\"maxZoom\":20}        )\n    );\n    var options = L.Util.extend({}, {\n        layers: [base],\n        attributionControl: false\n    },\n    {\"zoomControl\":true,\"scrollWheelZoom\":false,\"doubleClickZoom\":false,\"fitBounds\":false,\"minZoom\":0,\"maxZoom\":20,\"maxBounds\":null,\"attribution\":\"\"},\n    {});\nwindow.WPLeafletMapPlugin.createMap(options).setView([46.32488,-0.456029],17);});<\/script> <script>\nwindow.WPLeafletMapPlugin = window.WPLeafletMapPlugin || [];\nwindow.WPLeafletMapPlugin.push(function WPLeafletMarkerShortcode() {\/*<script>*\/\nvar map = window.WPLeafletMapPlugin.getCurrentMap();\nvar group = window.WPLeafletMapPlugin.getCurrentGroup();\nvar marker_options = window.WPLeafletMapPlugin.getIconOptions({});\nvar marker = L.marker(\n    [0,0],\n    marker_options\n);\nvar is_image = map.is_image_map;\n    marker.setLatLng( map.getCenter() );\nif (marker_options.draggable) {\n    marker.on('dragend', function () {\n        var latlng = this.getLatLng();\n        var lat = latlng.lat;\n        var lng = latlng.lng;\n        if (is_image) {\n            console.log('leaflet-marker y=' + lat + ' x=' + lng);\n        } else {\n            console.log('leaflet-marker lat=' + lat + ' lng=' + lng);\n        }\n    });\n}\nmarker.addTo( group );\nmarker.bindPopup(window.WPLeafletMapPlugin.unescape(' Greffe du tribunal de commerce de Niort')).openPopup();window.WPLeafletMapPlugin.markers.push( marker );\n        });<\/script><\/p>\n<p>Site officiel du greffe du tribunal de commerce de Niort : <em>www.greffe-tc-niort.fr<\/em><\/p>\n<p>&nbsp;<\/p>\n<h2>Horaires du greffe du tribunal de commerce de Niort<\/h2>\n<p>Retrouvez ci-dessous les heures d&rsquo;ouvertures du greffe du tribunal de commerce : de 8h45 a 12h00 et de 13h30 a 16h00 les jours ouvr\u00e9s de la semaine.<\/p>\n<h2><\/h2>\n<h2>Quelles d\u00e9marches r\u00e9aliser au greffe de Niort ?<\/h2>\n<p>Le greffe de Niort a pour objectif d&rsquo;administrer un grand nombre de fonctions du tribunal. Le greffe du TC de Niort va \u00e9pauler les juges dans leur mission. Il va \u00e9galement tenir des r\u00e9pertoires comme le RCS. Le greffe du tribunal de commerce va \u00e9galement g\u00e9rer d&rsquo;autres fichiers comme par exemple le registre sp\u00e9cial des agents commerciaux ou les nantissements des fonds de commerce.<\/p>\n<p>La quasi-totalit\u00e9 des formalit\u00e9s relatif \u00e0 la constitution ou aux changements \u00e0 l&rsquo;int\u00e9rieur d&rsquo;une entreprise doivent \u00eatre faites avec les services du greffe du tribunal de commerce de Niort. V\u00e9rifiez n\u00e9anmoins que votre entreprise d\u00e9pend de ce CFE.<\/p>\n<p>&nbsp;<\/p>\n<h2>Comment \u00e9tablir l&rsquo;enregistrement d&rsquo;une structure commerciale au greffe du tribunal de commerce de Niort ?<\/h2>\n<p>L&rsquo;inscription de l&rsquo;entreprise est l&rsquo;ultime \u00e9tape de cr\u00e9ation avant le lancement officiel des activit\u00e9s.<\/p>\n<p>Mais avant d&rsquo;effectuer l&rsquo;inscription, il est demand\u00e9 de r\u00e9diger les statuts sociaux de l&rsquo;entreprise, de diffuser une <a href=\"https:\/\/www.annonces-legales.org\/blog\/avis-de-constitution\/\">annonce officielle de cr\u00e9ation<\/a>, d&rsquo;effectuer le d\u00e9p\u00f4t du capital social, et de nommer le ou les dirigeants.<\/p>\n<p>Une fois que toutes ces formalit\u00e9s ont \u00e9t\u00e9 faites, vous pouvez envoyer votre dossier au greffe.<\/p>\n<p>&nbsp;<\/p>\n<h2>Ressort du TC de Niort<\/h2>\n<p>&nbsp;<\/p>\n<table class=\"tg table-striped container-fluid\">\n<tbody>\n<tr>\n<th>Code postal<\/th>\n<th>Commune<\/th>\n<\/tr>\n<tr>\n<td>79200<\/td>\n<td>Adilly<\/td>\n<\/tr>\n<tr>\n<td>79230<\/td>\n<td>Aiffres<\/td>\n<\/tr>\n<tr>\n<td>79370<\/td>\n<td>Aigonnay<\/td>\n<\/tr>\n<tr>\n<td>79600<\/td>\n<td>Airvault<\/td>\n<\/tr>\n<tr>\n<td>79130<\/td>\n<td>Allonne<\/td>\n<\/tr>\n<tr>\n<td>79350<\/td>\n<td>Amailloux<\/td>\n<\/tr>\n<tr>\n<td>79210<\/td>\n<td>Amur\u00e9<\/td>\n<\/tr>\n<tr>\n<td>79210<\/td>\n<td>Ar\u00e7ais<\/td>\n<\/tr>\n<tr>\n<td>79110<\/td>\n<td>Ardilleux<\/td>\n<\/tr>\n<tr>\n<td>79160<\/td>\n<td>Ardin<\/td>\n<\/tr>\n<tr>\n<td>79290<\/td>\n<td>Argenton-l&rsquo;\u00c9glise<\/td>\n<\/tr>\n<tr>\n<td>79150<\/td>\n<td>Argenton-les-Vall\u00e9es<\/td>\n<\/tr>\n<tr>\n<td>79170<\/td>\n<td>Asni\u00e8res-en-Poitou<\/td>\n<\/tr>\n<tr>\n<td>79600<\/td>\n<td>Assais-les-Jumeaux<\/td>\n<\/tr>\n<tr>\n<td>79110<\/td>\n<td>Aubign\u00e9<\/td>\n<\/tr>\n<tr>\n<td>79390<\/td>\n<td>Aubigny<\/td>\n<\/tr>\n<tr>\n<td>79400<\/td>\n<td>Aug\u00e9<\/td>\n<\/tr>\n<tr>\n<td>79600<\/td>\n<td>Availles-Thouarsais<\/td>\n<\/tr>\n<tr>\n<td>79800<\/td>\n<td>Avon<\/td>\n<\/tr>\n<tr>\n<td>79400<\/td>\n<td>Azay-le-Br\u00fbl\u00e9<\/td>\n<\/tr>\n<tr>\n<td>79130<\/td>\n<td>Azay-sur-Thouet<\/td>\n<\/tr>\n<tr>\n<td>79420<\/td>\n<td>Beaulieu-sous-Parthenay<\/td>\n<\/tr>\n<tr>\n<td>79370<\/td>\n<td>Beaussais<\/td>\n<\/tr>\n<tr>\n<td>79360<\/td>\n<td>Beauvoir-sur-Niort<\/td>\n<\/tr>\n<tr>\n<td>79160<\/td>\n<td>B\u00e9celeuf<\/td>\n<\/tr>\n<tr>\n<td>79360<\/td>\n<td>Belleville<\/td>\n<\/tr>\n<tr>\n<td>79000<\/td>\n<td>Bessines<\/td>\n<\/tr>\n<tr>\n<td>79300<\/td>\n<td>Boism\u00e9<\/td>\n<\/tr>\n<tr>\n<td>79360<\/td>\n<td>Boisserolles<\/td>\n<\/tr>\n<tr>\n<td>79800<\/td>\n<td>Bougon<\/td>\n<\/tr>\n<tr>\n<td>79290<\/td>\n<td>Bouill\u00e9-Loretz<\/td>\n<\/tr>\n<tr>\n<td>79290<\/td>\n<td>Bouill\u00e9-Saint-Paul<\/td>\n<\/tr>\n<tr>\n<td>79110<\/td>\n<td>Bouin<\/td>\n<\/tr>\n<tr>\n<td>79600<\/td>\n<td>Boussais<\/td>\n<\/tr>\n<tr>\n<td>79300<\/td>\n<td>Bressuire<\/td>\n<\/tr>\n<tr>\n<td>79140<\/td>\n<td>Bretignolles<\/td>\n<\/tr>\n<tr>\n<td>79100<\/td>\n<td>Brie<\/td>\n<\/tr>\n<tr>\n<td>79170<\/td>\n<td>Brieuil-sur-Chiz\u00e9<\/td>\n<\/tr>\n<tr>\n<td>79290<\/td>\n<td>Brion-pr\u00e8s-Thouet<\/td>\n<\/tr>\n<tr>\n<td>79170<\/td>\n<td>Brioux-sur-Boutonne<\/td>\n<\/tr>\n<tr>\n<td>79230<\/td>\n<td>Br\u00fblain<\/td>\n<\/tr>\n<tr>\n<td>79190<\/td>\n<td>Caunay<\/td>\n<\/tr>\n<tr>\n<td>79370<\/td>\n<td>Celles-sur-Belle<\/td>\n<\/tr>\n<tr>\n<td>79140<\/td>\n<td>Cerizay<\/td>\n<\/tr>\n<tr>\n<td>79290<\/td>\n<td>Cersay<\/td>\n<\/tr>\n<tr>\n<td>79500<\/td>\n<td>Chail<\/td>\n<\/tr>\n<tr>\n<td>79220<\/td>\n<td>Champdeniers-Saint-Denis<\/td>\n<\/tr>\n<tr>\n<td>79340<\/td>\n<td>Chantecorps<\/td>\n<\/tr>\n<tr>\n<td>79320<\/td>\n<td>Chanteloup<\/td>\n<\/tr>\n<tr>\n<td>79200<\/td>\n<td>Ch\u00e2tillon-sur-Thouet<\/td>\n<\/tr>\n<tr>\n<td>79180<\/td>\n<td>Chauray<\/td>\n<\/tr>\n<tr>\n<td>79110<\/td>\n<td>Chef-Boutonne<\/td>\n<\/tr>\n<tr>\n<td>79120<\/td>\n<td>Chenay<\/td>\n<\/tr>\n<tr>\n<td>79170<\/td>\n<td>Ch\u00e9rign\u00e9<\/td>\n<\/tr>\n<tr>\n<td>79410<\/td>\n<td>Cherveux<\/td>\n<\/tr>\n<tr>\n<td>79120<\/td>\n<td>Chey<\/td>\n<\/tr>\n<tr>\n<td>79350<\/td>\n<td>Chich\u00e9<\/td>\n<\/tr>\n<tr>\n<td>79170<\/td>\n<td>Chiz\u00e9<\/td>\n<\/tr>\n<tr>\n<td>79140<\/td>\n<td>Ciri\u00e8res<\/td>\n<\/tr>\n<tr>\n<td>79420<\/td>\n<td>Clav\u00e9<\/td>\n<\/tr>\n<tr>\n<td>79350<\/td>\n<td>Cless\u00e9<\/td>\n<\/tr>\n<tr>\n<td>79190<\/td>\n<td>Clussais-la-Pommeraie<\/td>\n<\/tr>\n<tr>\n<td>79140<\/td>\n<td>Combrand<\/td>\n<\/tr>\n<tr>\n<td>79510<\/td>\n<td>Coulon<\/td>\n<\/tr>\n<tr>\n<td>79160<\/td>\n<td>Coulonges-sur-l&rsquo;Autize<\/td>\n<\/tr>\n<tr>\n<td>79330<\/td>\n<td>Coulonges-Thouarsais<\/td>\n<\/tr>\n<tr>\n<td>79440<\/td>\n<td>Courlay<\/td>\n<\/tr>\n<tr>\n<td>79220<\/td>\n<td>Cours<\/td>\n<\/tr>\n<tr>\n<td>79340<\/td>\n<td>Couti\u00e8res<\/td>\n<\/tr>\n<tr>\n<td>79110<\/td>\n<td>Couture-d&rsquo;Argenson<\/td>\n<\/tr>\n<tr>\n<td>79110<\/td>\n<td>Cr\u00e9zi\u00e8res<\/td>\n<\/tr>\n<tr>\n<td>79390<\/td>\n<td>Doux<\/td>\n<\/tr>\n<tr>\n<td>79410<\/td>\n<td>\u00c9chir\u00e9<\/td>\n<\/tr>\n<tr>\n<td>79170<\/td>\n<td>Ensign\u00e9<\/td>\n<\/tr>\n<tr>\n<td>79270<\/td>\n<td>\u00c9pannes<\/td>\n<\/tr>\n<tr>\n<td>79150<\/td>\n<td>\u00c9tusson<\/td>\n<\/tr>\n<tr>\n<td>79400<\/td>\n<td>Exireuil<\/td>\n<\/tr>\n<tr>\n<td>79800<\/td>\n<td>Exoudun<\/td>\n<\/tr>\n<tr>\n<td>79350<\/td>\n<td>Faye-l&rsquo;Abbesse<\/td>\n<\/tr>\n<tr>\n<td>79160<\/td>\n<td>Faye-sur-Ardin<\/td>\n<\/tr>\n<tr>\n<td>79450<\/td>\n<td>F\u00e9nery<\/td>\n<\/tr>\n<tr>\n<td>79160<\/td>\n<td>Fenioux<\/td>\n<\/tr>\n<tr>\n<td>79340<\/td>\n<td>Fomperron<\/td>\n<\/tr>\n<tr>\n<td>79110<\/td>\n<td>Fontenille-Saint-Martin-d&rsquo;Entraigues<\/td>\n<\/tr>\n<tr>\n<td>79230<\/td>\n<td>Fors<\/td>\n<\/tr>\n<tr>\n<td>79260<\/td>\n<td>Fran\u00e7ois<\/td>\n<\/tr>\n<tr>\n<td>79370<\/td>\n<td>Fressines<\/td>\n<\/tr>\n<tr>\n<td>79270<\/td>\n<td>Frontenay-Rohan-Rohan<\/td>\n<\/tr>\n<tr>\n<td>79330<\/td>\n<td>Geay<\/td>\n<\/tr>\n<tr>\n<td>79150<\/td>\n<td>Genneton<\/td>\n<\/tr>\n<tr>\n<td>79220<\/td>\n<td>Germond-Rouvre<\/td>\n<\/tr>\n<tr>\n<td>79330<\/td>\n<td>Gl\u00e9nay<\/td>\n<\/tr>\n<tr>\n<td>79200<\/td>\n<td>Gourg\u00e9<\/td>\n<\/tr>\n<tr>\n<td>79110<\/td>\n<td>Gournay-Loiz\u00e9<\/td>\n<\/tr>\n<tr>\n<td>79360<\/td>\n<td>Granzay-Gript<\/td>\n<\/tr>\n<tr>\n<td>79110<\/td>\n<td>Hanc<\/td>\n<\/tr>\n<tr>\n<td>79600<\/td>\n<td>Irais<\/td>\n<\/tr>\n<tr>\n<td>79170<\/td>\n<td>Juill\u00e9<\/td>\n<\/tr>\n<tr>\n<td>79230<\/td>\n<td>Juscorps<\/td>\n<\/tr>\n<tr>\n<td>79240<\/td>\n<td>L&rsquo;Absie<\/td>\n<\/tr>\n<tr>\n<td>79110<\/td>\n<td>La Bataille<\/td>\n<\/tr>\n<tr>\n<td>79310<\/td>\n<td>La Boissi\u00e8re-en-G\u00e2tine<\/td>\n<\/tr>\n<tr>\n<td>79220<\/td>\n<td>La Chapelle-B\u00e2ton<\/td>\n<\/tr>\n<tr>\n<td>79200<\/td>\n<td>La Chapelle-Bertrand<\/td>\n<\/tr>\n<tr>\n<td>79300<\/td>\n<td>La Chapelle-Gaudin<\/td>\n<\/tr>\n<tr>\n<td>79190<\/td>\n<td>La Chapelle-Pouilloux<\/td>\n<\/tr>\n<tr>\n<td>79240<\/td>\n<td>La Chapelle-Saint-\u00c9tienne<\/td>\n<\/tr>\n<tr>\n<td>79430<\/td>\n<td>La Chapelle-Saint-Laurent<\/td>\n<\/tr>\n<tr>\n<td>79160<\/td>\n<td>La Chapelle-Thireuil<\/td>\n<\/tr>\n<tr>\n<td>79800<\/td>\n<td>La Couarde<\/td>\n<\/tr>\n<tr>\n<td>79150<\/td>\n<td>La Coudre<\/td>\n<\/tr>\n<tr>\n<td>79260<\/td>\n<td>La Cr\u00e8che<\/td>\n<\/tr>\n<tr>\n<td>79390<\/td>\n<td>La Ferri\u00e8re-en-Parthenay<\/td>\n<\/tr>\n<tr>\n<td>79380<\/td>\n<td>La For\u00eat-sur-S\u00e8vre<\/td>\n<\/tr>\n<tr>\n<td>79360<\/td>\n<td>La Foye-Monjault<\/td>\n<\/tr>\n<tr>\n<td>79800<\/td>\n<td>La Mothe-Saint-H\u00e9ray<\/td>\n<\/tr>\n<tr>\n<td>79700<\/td>\n<td>La Petite-Boissi\u00e8re<\/td>\n<\/tr>\n<tr>\n<td>79200<\/td>\n<td>La Peyratte<\/td>\n<\/tr>\n<tr>\n<td>79270<\/td>\n<td>La Roch\u00e9nard<\/td>\n<\/tr>\n<tr>\n<td>79200<\/td>\n<td>Lageon<\/td>\n<\/tr>\n<tr>\n<td>79240<\/td>\n<td>Largeasse<\/td>\n<\/tr>\n<tr>\n<td>79130<\/td>\n<td>Le Beugnon<\/td>\n<\/tr>\n<tr>\n<td>79210<\/td>\n<td>Le Bourdet<\/td>\n<\/tr>\n<tr>\n<td>79320<\/td>\n<td>Le Breuil-Bernard<\/td>\n<\/tr>\n<tr>\n<td>79150<\/td>\n<td>Le Breuil-sous-Argenton<\/td>\n<\/tr>\n<tr>\n<td>79240<\/td>\n<td>Le Busseau<\/td>\n<\/tr>\n<tr>\n<td>79600<\/td>\n<td>Le Chillou<\/td>\n<\/tr>\n<tr>\n<td>79140<\/td>\n<td>Le Pin<\/td>\n<\/tr>\n<tr>\n<td>79130<\/td>\n<td>Le Retail<\/td>\n<\/tr>\n<tr>\n<td>79200<\/td>\n<td>Le Tallud<\/td>\n<\/tr>\n<tr>\n<td>79270<\/td>\n<td>Le Vanneau-Irleau<\/td>\n<\/tr>\n<tr>\n<td>79170<\/td>\n<td>Le Vert<\/td>\n<\/tr>\n<tr>\n<td>79190<\/td>\n<td>Les Alleuds<\/td>\n<\/tr>\n<tr>\n<td>79340<\/td>\n<td>Les Forges<\/td>\n<\/tr>\n<tr>\n<td>79360<\/td>\n<td>Les Fosses<\/td>\n<\/tr>\n<tr>\n<td>79220<\/td>\n<td>Les Groseillers<\/td>\n<\/tr>\n<tr>\n<td>79120<\/td>\n<td>Lezay<\/td>\n<\/tr>\n<tr>\n<td>79390<\/td>\n<td>Lhoumois<\/td>\n<\/tr>\n<tr>\n<td>79190<\/td>\n<td>Limalonges<\/td>\n<\/tr>\n<tr>\n<td>79190<\/td>\n<td>Lorign\u00e9<\/td>\n<\/tr>\n<tr>\n<td>79110<\/td>\n<td>Loubign\u00e9<\/td>\n<\/tr>\n<tr>\n<td>79110<\/td>\n<td>Loubill\u00e9<\/td>\n<\/tr>\n<tr>\n<td>79600<\/td>\n<td>Louin<\/td>\n<\/tr>\n<tr>\n<td>79100<\/td>\n<td>Louzy<\/td>\n<\/tr>\n<tr>\n<td>79170<\/td>\n<td>Luch\u00e9-sur-Brioux<\/td>\n<\/tr>\n<tr>\n<td>79330<\/td>\n<td>Luch\u00e9-Thouarsais<\/td>\n<\/tr>\n<tr>\n<td>79170<\/td>\n<td>Lusseray<\/td>\n<\/tr>\n<tr>\n<td>79100<\/td>\n<td>Luzay<\/td>\n<\/tr>\n<tr>\n<td>79460<\/td>\n<td>Magn\u00e9<\/td>\n<\/tr>\n<tr>\n<td>79190<\/td>\n<td>Mair\u00e9-Levescault<\/td>\n<\/tr>\n<tr>\n<td>79500<\/td>\n<td>Maisonnay<\/td>\n<\/tr>\n<tr>\n<td>79600<\/td>\n<td>Maisontiers<\/td>\n<\/tr>\n<tr>\n<td>79360<\/td>\n<td>Marigny<\/td>\n<\/tr>\n<tr>\n<td>79600<\/td>\n<td>Marnes<\/td>\n<\/tr>\n<tr>\n<td>79150<\/td>\n<td>Massais<\/td>\n<\/tr>\n<tr>\n<td>79700<\/td>\n<td>Maul\u00e9on<\/td>\n<\/tr>\n<tr>\n<td>79210<\/td>\n<td>Mauz\u00e9-sur-le-Mignon<\/td>\n<\/tr>\n<tr>\n<td>79100<\/td>\n<td>Mauz\u00e9-Thouarsais<\/td>\n<\/tr>\n<tr>\n<td>79310<\/td>\n<td>Mazi\u00e8res-en-G\u00e2tine<\/td>\n<\/tr>\n<tr>\n<td>79500<\/td>\n<td>Mazi\u00e8res-sur-B\u00e9ronne<\/td>\n<\/tr>\n<tr>\n<td>79500<\/td>\n<td>Melle<\/td>\n<\/tr>\n<tr>\n<td>79190<\/td>\n<td>Melleran<\/td>\n<\/tr>\n<tr>\n<td>79340<\/td>\n<td>M\u00e9nigoute<\/td>\n<\/tr>\n<tr>\n<td>79120<\/td>\n<td>Mess\u00e9<\/td>\n<\/tr>\n<tr>\n<td>79100<\/td>\n<td>Miss\u00e9<\/td>\n<\/tr>\n<tr>\n<td>79320<\/td>\n<td>Moncoutant<\/td>\n<\/tr>\n<tr>\n<td>79190<\/td>\n<td>Montalembert<\/td>\n<\/tr>\n<tr>\n<td>79140<\/td>\n<td>Montravers<\/td>\n<\/tr>\n<tr>\n<td>79370<\/td>\n<td>Mougon<\/td>\n<\/tr>\n<tr>\n<td>79150<\/td>\n<td>Moutiers-sous-Argenton<\/td>\n<\/tr>\n<tr>\n<td>79320<\/td>\n<td>Moutiers-sous-Chantemerle<\/td>\n<\/tr>\n<tr>\n<td>79400<\/td>\n<td>Nanteuil<\/td>\n<\/tr>\n<tr>\n<td>79130<\/td>\n<td>Neuvy-Bouin<\/td>\n<\/tr>\n<tr>\n<td>79000<\/td>\n<\/tr>\n<tr>\n<td>79250<\/td>\n<td>Nueil-les-Aubiers<\/td>\n<\/tr>\n<tr>\n<td>79100<\/td>\n<td>Oiron<\/td>\n<\/tr>\n<tr>\n<td>79390<\/td>\n<td>Oroux<\/td>\n<\/tr>\n<tr>\n<td>79170<\/td>\n<td>Paizay-le-Chapt<\/td>\n<\/tr>\n<tr>\n<td>79500<\/td>\n<td>Paizay-le-Tort<\/td>\n<\/tr>\n<tr>\n<td>79220<\/td>\n<td>Pamplie<\/td>\n<\/tr>\n<tr>\n<td>79800<\/td>\n<td>Pamproux<\/td>\n<\/tr>\n<tr>\n<td>79200<\/td>\n<td>Parthenay<\/td>\n<\/tr>\n<tr>\n<td>79100<\/td>\n<td>Pas-de-Jeu<\/td>\n<\/tr>\n<tr>\n<td>79170<\/td>\n<td>P\u00e9rign\u00e9<\/td>\n<\/tr>\n<tr>\n<td>79190<\/td>\n<td>Pers<\/td>\n<\/tr>\n<tr>\n<td>79330<\/td>\n<td>Pierrefitte<\/td>\n<\/tr>\n<tr>\n<td>79110<\/td>\n<td>Pioussay<\/td>\n<\/tr>\n<tr>\n<td>79190<\/td>\n<td>Pliboux<\/td>\n<\/tr>\n<tr>\n<td>79200<\/td>\n<td>Pompaire<\/td>\n<\/tr>\n<tr>\n<td>79500<\/td>\n<td>Pouffonds<\/td>\n<\/tr>\n<tr>\n<td>79130<\/td>\n<td>Pougne-H\u00e9risson<\/td>\n<\/tr>\n<tr>\n<td>79230<\/td>\n<td>Prahecq<\/td>\n<\/tr>\n<tr>\n<td>79370<\/td>\n<td>Prailles<\/td>\n<\/tr>\n<tr>\n<td>79390<\/td>\n<td>Pressigny<\/td>\n<\/tr>\n<tr>\n<td>79210<\/td>\n<td>Priaires<\/td>\n<\/tr>\n<tr>\n<td>79210<\/td>\n<td>Prin-Deyran\u00e7on<\/td>\n<\/tr>\n<tr>\n<td>79360<\/td>\n<td>Priss\u00e9-la-Charri\u00e8re<\/td>\n<\/tr>\n<tr>\n<td>79320<\/td>\n<td>Pugny<\/td>\n<\/tr>\n<tr>\n<td>79160<\/td>\n<td>Puihardy<\/td>\n<\/tr>\n<tr>\n<td>79420<\/td>\n<td>Reffannes<\/td>\n<\/tr>\n<tr>\n<td>79120<\/td>\n<td>Rom<\/td>\n<\/tr>\n<tr>\n<td>79260<\/td>\n<td>Romans<\/td>\n<\/tr>\n<tr>\n<td>79700<\/td>\n<td>Saint-Amand-sur-S\u00e8vre<\/td>\n<\/tr>\n<tr>\n<td>79380<\/td>\n<td>Saint-Andr\u00e9-sur-S\u00e8vre<\/td>\n<\/tr>\n<tr>\n<td>79300<\/td>\n<td>Saint-Aubin-du-Plain<\/td>\n<\/tr>\n<tr>\n<td>79450<\/td>\n<td>Saint-Aubin-le-Cloud<\/td>\n<\/tr>\n<tr>\n<td>79220<\/td>\n<td>Saint-Christophe-sur-Roc<\/td>\n<\/tr>\n<tr>\n<td>79150<\/td>\n<td>Saint-Cl\u00e9mentin<\/td>\n<\/tr>\n<tr>\n<td>79120<\/td>\n<td>Saint-Coutant<\/td>\n<\/tr>\n<tr>\n<td>79100<\/td>\n<td>Saint-Cyr-la-Lande<\/td>\n<\/tr>\n<tr>\n<td>79360<\/td>\n<td>Saint-\u00c9tienne-la-Cigogne<\/td>\n<\/tr>\n<tr>\n<td>79410<\/td>\n<td>Saint-Gelais<\/td>\n<\/tr>\n<tr>\n<td>79500<\/td>\n<td>Saint-G\u00e9nard<\/td>\n<\/tr>\n<tr>\n<td>79600<\/td>\n<td>Saint-G\u00e9n\u00e9roux<\/td>\n<\/tr>\n<tr>\n<td>79400<\/td>\n<td>Saint-Georges-de-Noisn\u00e9<\/td>\n<\/tr>\n<tr>\n<td>79210<\/td>\n<td>Saint-Georges-de-Rex<\/td>\n<\/tr>\n<tr>\n<td>79200<\/td>\n<td>Saint-Germain-de-Longue-Chaume<\/td>\n<\/tr>\n<tr>\n<td>79340<\/td>\n<td>Saint-Germier<\/td>\n<\/tr>\n<tr>\n<td>79210<\/td>\n<td>Saint-Hilaire-la-Palud<\/td>\n<\/tr>\n<tr>\n<td>79100<\/td>\n<td>Saint-Jacques-de-Thouars<\/td>\n<\/tr>\n<tr>\n<td>79100<\/td>\n<td>Saint-Jean-de-Thouars<\/td>\n<\/tr>\n<tr>\n<td>79600<\/td>\n<td>Saint-Jouin-de-Marnes<\/td>\n<\/tr>\n<tr>\n<td>79380<\/td>\n<td>Saint-Jouin-de-Milly<\/td>\n<\/tr>\n<tr>\n<td>79160<\/td>\n<td>Saint-Laurs<\/td>\n<\/tr>\n<tr>\n<td>79500<\/td>\n<td>Saint-L\u00e9ger-de-la-Martini\u00e8re<\/td>\n<\/tr>\n<tr>\n<td>79100<\/td>\n<td>Saint-L\u00e9ger-de-Montbrun<\/td>\n<\/tr>\n<tr>\n<td>79420<\/td>\n<td>Saint-Lin<\/td>\n<\/tr>\n<tr>\n<td>79600<\/td>\n<td>Saint-Loup-Lamair\u00e9<\/td>\n<\/tr>\n<tr>\n<td>79160<\/td>\n<td>Saint-Maixent-de-Beugn\u00e9<\/td>\n<\/tr>\n<tr>\n<td>79400<\/td>\n<td>Saint-Maixent-l&rsquo;\u00c9cole<\/td>\n<\/tr>\n<tr>\n<td>79310<\/td>\n<td>Saint-Marc-la-Lande<\/td>\n<\/tr>\n<tr>\n<td>79230<\/td>\n<td>Saint-Martin-de-Bernegoue<\/td>\n<\/tr>\n<tr>\n<td>79100<\/td>\n<td>Saint-Martin-de-M\u00e2con<\/td>\n<\/tr>\n<tr>\n<td>79400<\/td>\n<td>Saint-Martin-de-Saint-Maixent<\/td>\n<\/tr>\n<tr>\n<td>79290<\/td>\n<td>Saint-Martin-de-Sanzay<\/td>\n<\/tr>\n<tr>\n<td>79420<\/td>\n<td>Saint-Martin-du-Fouilloux<\/td>\n<\/tr>\n<tr>\n<td>79500<\/td>\n<td>Saint-Martin-l\u00e8s-Melle<\/td>\n<\/tr>\n<tr>\n<td>79150<\/td>\n<td>Saint-Maurice-la-Fougereuse<\/td>\n<\/tr>\n<tr>\n<td>79410<\/td>\n<td>Saint-Maxire<\/td>\n<\/tr>\n<tr>\n<td>79370<\/td>\n<td>Saint-M\u00e9dard<\/td>\n<\/tr>\n<tr>\n<td>79310<\/td>\n<td>Saint-Pardoux<\/td>\n<\/tr>\n<tr>\n<td>79240<\/td>\n<td>Saint-Paul-en-G\u00e2tine<\/td>\n<\/tr>\n<tr>\n<td>79700<\/td>\n<td>Saint-Pierre-des-\u00c9chaubrognes<\/td>\n<\/tr>\n<tr>\n<td>79160<\/td>\n<td>Saint-Pompain<\/td>\n<\/tr>\n<tr>\n<td>79410<\/td>\n<td>Saint-R\u00e9my<\/td>\n<\/tr>\n<tr>\n<td>79230<\/td>\n<td>Saint-Romans-des-Champs<\/td>\n<\/tr>\n<tr>\n<td>79500<\/td>\n<td>Saint-Romans-l\u00e8s-Melle<\/td>\n<\/tr>\n<tr>\n<td>79270<\/td>\n<td>Saint-Symphorien<\/td>\n<\/tr>\n<tr>\n<td>79330<\/td>\n<td>Saint-Varent<\/td>\n<\/tr>\n<tr>\n<td>79500<\/td>\n<td>Saint-Vincent-la-Ch\u00e2tre<\/td>\n<\/tr>\n<tr>\n<td>79370<\/td>\n<td>Sainte-Blandine<\/td>\n<\/tr>\n<tr>\n<td>79800<\/td>\n<td>Sainte-Eanne<\/td>\n<\/tr>\n<tr>\n<td>79330<\/td>\n<td>Sainte-Gemme<\/td>\n<\/tr>\n<tr>\n<td>79260<\/td>\n<td>Sainte-N\u00e9omaye<\/td>\n<\/tr>\n<tr>\n<td>79220<\/td>\n<td>Sainte-Ouenne<\/td>\n<\/tr>\n<tr>\n<td>79100<\/td>\n<td>Sainte-Radegonde<\/td>\n<\/tr>\n<tr>\n<td>79120<\/td>\n<td>Sainte-Soline<\/td>\n<\/tr>\n<tr>\n<td>79100<\/td>\n<td>Sainte-Verge<\/td>\n<\/tr>\n<tr>\n<td>79400<\/td>\n<td>Saivres<\/td>\n<\/tr>\n<tr>\n<td>79800<\/td>\n<td>Salles<\/td>\n<\/tr>\n<tr>\n<td>79270<\/td>\n<td>Sansais<\/td>\n<\/tr>\n<tr>\n<td>79200<\/td>\n<td>Saurais<\/td>\n<\/tr>\n<tr>\n<td>79190<\/td>\n<td>Sauz\u00e9-Vaussais<\/td>\n<\/tr>\n<tr>\n<td>79000<\/td>\n<td>Sciecq<\/td>\n<\/tr>\n<tr>\n<td>79240<\/td>\n<td>Scill\u00e9<\/td>\n<\/tr>\n<tr>\n<td>79170<\/td>\n<td>Secondign\u00e9-sur-Belle<\/td>\n<\/tr>\n<tr>\n<td>79130<\/td>\n<td>Secondigny<\/td>\n<\/tr>\n<tr>\n<td>79170<\/td>\n<td>S\u00e9lign\u00e9<\/td>\n<\/tr>\n<tr>\n<td>79120<\/td>\n<td>Sepvret<\/td>\n<\/tr>\n<tr>\n<td>79110<\/td>\n<td>Sompt<\/td>\n<\/tr>\n<tr>\n<td>79800<\/td>\n<td>Soudan<\/td>\n<\/tr>\n<tr>\n<td>79310<\/td>\n<td>Soutiers<\/td>\n<\/tr>\n<tr>\n<td>79800<\/td>\n<td>Souvign\u00e9<\/td>\n<\/tr>\n<tr>\n<td>79220<\/td>\n<td>Surin<\/td>\n<\/tr>\n<tr>\n<td>79100<\/td>\n<td>Taiz\u00e9<\/td>\n<\/tr>\n<tr>\n<td>79600<\/td>\n<td>Tessonni\u00e8re<\/td>\n<\/tr>\n<tr>\n<td>79390<\/td>\n<td>Th\u00e9nezay<\/td>\n<\/tr>\n<tr>\n<td>79370<\/td>\n<td>Thorign\u00e9<\/td>\n<\/tr>\n<tr>\n<td>79360<\/td>\n<td>Thorigny-sur-le-Mignon<\/td>\n<\/tr>\n<tr>\n<td>79100<\/td>\n<td>Thouars<\/td>\n<\/tr>\n<tr>\n<td>79110<\/td>\n<td>Tillou<\/td>\n<\/tr>\n<tr>\n<td>79100<\/td>\n<td>Tourtenay<\/td>\n<\/tr>\n<tr>\n<td>79240<\/td>\n<td>Trayes<\/td>\n<\/tr>\n<tr>\n<td>79150<\/td>\n<td>Ulcot<\/td>\n<\/tr>\n<tr>\n<td>79210<\/td>\n<td>Usseau<\/td>\n<\/tr>\n<tr>\n<td>79270<\/td>\n<td>Vallans<\/td>\n<\/tr>\n<tr>\n<td>79120<\/td>\n<td>Van\u00e7ais<\/td>\n<\/tr>\n<tr>\n<td>79120<\/td>\n<td>Vanzay<\/td>\n<\/tr>\n<tr>\n<td>79340<\/td>\n<td>Vasles<\/td>\n<\/tr>\n<tr>\n<td>79420<\/td>\n<td>Vausseroux<\/td>\n<\/tr>\n<tr>\n<td>79420<\/td>\n<td>Vautebis<\/td>\n<\/tr>\n<tr>\n<td>79240<\/td>\n<td>Vernoux-en-G\u00e2tine<\/td>\n<\/tr>\n<tr>\n<td>79170<\/td>\n<td>Vernoux-sur-Boutonne<\/td>\n<\/tr>\n<tr>\n<td>79310<\/td>\n<td>Verruyes<\/td>\n<\/tr>\n<tr>\n<td>79200<\/td>\n<td>Viennay<\/td>\n<\/tr>\n<tr>\n<td>79170<\/td>\n<td>Villefollet<\/td>\n<\/tr>\n<tr>\n<td>79110<\/td>\n<td>Villemain<\/td>\n<\/tr>\n<tr>\n<td>79360<\/td>\n<td>Villiers-en-Bois<\/td>\n<\/tr>\n<tr>\n<td>79160<\/td>\n<td>Villiers-en-Plaine<\/td>\n<\/tr>\n<tr>\n<td>79170<\/td>\n<td>Villiers-sur-Chiz\u00e9<\/td>\n<\/tr>\n<tr>\n<td>79370<\/td>\n<td>Vitr\u00e9<\/td>\n<\/tr>\n<tr>\n<td>79310<\/td>\n<td>Vouh\u00e9<\/td>\n<\/tr>\n<tr>\n<td>79230<\/td>\n<td>Vouill\u00e9<\/td>\n<\/tr>\n<tr>\n<td>79150<\/td>\n<td>Voultegon<\/td>\n<\/tr>\n<tr>\n<td>79220<\/td>\n<td>Xaintray<\/td>\n<\/tr>\n<\/tbody>\n<\/table>\n","protected":false},"excerpt":{"rendered":"<p>Vous voulez aller au greffe du tribunal de commerce de Niort ? Vous recherchez ses horaires d&rsquo;ouverture ? Vous trouverez [&hellip;]<\/p>\n","protected":false},"author":1,"featured_media":0,"parent":1759,"menu_order":0,"comment_status":"closed","ping_status":"closed","template":"","meta":{"inline_featured_image":false,"footnotes":""},"class_list":["post-2000","page","type-page","status-publish","hentry"],"yoast_head":"<!-- This site is optimized with the Yoast SEO plugin v26.8 - https:\/\/yoast.com\/product\/yoast-seo-wordpress\/ -->\n<title>Greffe du tribunal de commerce de Niort - Actualit\u00e9 des entreprises<\/title>\n<meta name=\"robots\" content=\"index, follow, max-snippet:-1, max-image-preview:large, max-video-preview:-1\" \/>\n<link rel=\"canonical\" href=\"https:\/\/www.annonces-legales.org\/blog\/greffe\/greffe-du-tribunal-de-commerce-de-niort\/\" \/>\n<meta property=\"og:locale\" content=\"fr_FR\" \/>\n<meta property=\"og:type\" content=\"article\" \/>\n<meta property=\"og:title\" content=\"Greffe du tribunal de commerce de Niort - Actualit\u00e9 des entreprises\" \/>\n<meta property=\"og:description\" content=\"Vous voulez aller au greffe du tribunal de commerce de Niort ? Vous recherchez ses horaires d&rsquo;ouverture ? Vous trouverez [&hellip;]\" \/>\n<meta property=\"og:url\" content=\"https:\/\/www.annonces-legales.org\/blog\/greffe\/greffe-du-tribunal-de-commerce-de-niort\/\" \/>\n<meta property=\"og:site_name\" content=\"Actualit\u00e9 des entreprises\" \/>\n<meta property=\"article:modified_time\" content=\"2022-01-31T15:59:48+00:00\" \/>\n<meta property=\"og:image\" content=\"https:\/\/www.annonces-legales.org\/blog\/wp-content\/uploads\/2022\/01\/tribunal.png\" \/>\n\t<meta property=\"og:image:width\" content=\"640\" \/>\n\t<meta property=\"og:image:height\" content=\"612\" \/>\n\t<meta property=\"og:image:type\" content=\"image\/png\" \/>\n<meta name=\"twitter:card\" content=\"summary_large_image\" \/>\n<meta name=\"twitter:label1\" content=\"Dur\u00e9e de lecture estim\u00e9e\" \/>\n\t<meta name=\"twitter:data1\" content=\"4 minutes\" \/>\n<script type=\"application\/ld+json\" class=\"yoast-schema-graph\">{\"@context\":\"https:\/\/schema.org\",\"@graph\":[{\"@type\":\"WebPage\",\"@id\":\"https:\/\/www.annonces-legales.org\/blog\/greffe\/greffe-du-tribunal-de-commerce-de-niort\/\",\"url\":\"https:\/\/www.annonces-legales.org\/blog\/greffe\/greffe-du-tribunal-de-commerce-de-niort\/\",\"name\":\"Greffe du tribunal de commerce de Niort - Actualit\u00e9 des entreprises\",\"isPartOf\":{\"@id\":\"https:\/\/www.annonces-legales.org\/blog\/#website\"},\"primaryImageOfPage\":{\"@id\":\"https:\/\/www.annonces-legales.org\/blog\/greffe\/greffe-du-tribunal-de-commerce-de-niort\/#primaryimage\"},\"image\":{\"@id\":\"https:\/\/www.annonces-legales.org\/blog\/greffe\/greffe-du-tribunal-de-commerce-de-niort\/#primaryimage\"},\"thumbnailUrl\":\"https:\/\/www.annonces-legales.org\/blog\/wp-content\/uploads\/2022\/01\/tribunal-150x150.png\",\"datePublished\":\"2022-01-22T19:56:36+00:00\",\"dateModified\":\"2022-01-31T15:59:48+00:00\",\"breadcrumb\":{\"@id\":\"https:\/\/www.annonces-legales.org\/blog\/greffe\/greffe-du-tribunal-de-commerce-de-niort\/#breadcrumb\"},\"inLanguage\":\"fr-FR\",\"potentialAction\":[{\"@type\":\"ReadAction\",\"target\":[\"https:\/\/www.annonces-legales.org\/blog\/greffe\/greffe-du-tribunal-de-commerce-de-niort\/\"]}]},{\"@type\":\"ImageObject\",\"inLanguage\":\"fr-FR\",\"@id\":\"https:\/\/www.annonces-legales.org\/blog\/greffe\/greffe-du-tribunal-de-commerce-de-niort\/#primaryimage\",\"url\":\"https:\/\/www.annonces-legales.org\/blog\/wp-content\/uploads\/2022\/01\/tribunal.png\",\"contentUrl\":\"https:\/\/www.annonces-legales.org\/blog\/wp-content\/uploads\/2022\/01\/tribunal.png\",\"width\":640,\"height\":612},{\"@type\":\"BreadcrumbList\",\"@id\":\"https:\/\/www.annonces-legales.org\/blog\/greffe\/greffe-du-tribunal-de-commerce-de-niort\/#breadcrumb\",\"itemListElement\":[{\"@type\":\"ListItem\",\"position\":1,\"name\":\"Accueil\",\"item\":\"https:\/\/www.annonces-legales.org\/blog\/\"},{\"@type\":\"ListItem\",\"position\":2,\"name\":\"Liste des Greffes des tribunaux de commerce\",\"item\":\"https:\/\/www.annonces-legales.org\/blog\/greffe\/\"},{\"@type\":\"ListItem\",\"position\":3,\"name\":\"Greffe du tribunal de commerce de Niort\"}]},{\"@type\":\"WebSite\",\"@id\":\"https:\/\/www.annonces-legales.org\/blog\/#website\",\"url\":\"https:\/\/www.annonces-legales.org\/blog\/\",\"name\":\"Actualit\u00e9 des entreprises\",\"description\":\"\",\"publisher\":{\"@id\":\"https:\/\/www.annonces-legales.org\/blog\/#organization\"},\"potentialAction\":[{\"@type\":\"SearchAction\",\"target\":{\"@type\":\"EntryPoint\",\"urlTemplate\":\"https:\/\/www.annonces-legales.org\/blog\/?s={search_term_string}\"},\"query-input\":{\"@type\":\"PropertyValueSpecification\",\"valueRequired\":true,\"valueName\":\"search_term_string\"}}],\"inLanguage\":\"fr-FR\"},{\"@type\":\"Organization\",\"@id\":\"https:\/\/www.annonces-legales.org\/blog\/#organization\",\"name\":\"Actualit\u00e9 des entreprises\",\"url\":\"https:\/\/www.annonces-legales.org\/blog\/\",\"logo\":{\"@type\":\"ImageObject\",\"inLanguage\":\"fr-FR\",\"@id\":\"https:\/\/www.annonces-legales.org\/blog\/#\/schema\/logo\/image\/\",\"url\":\"https:\/\/www.annonces-legales.org\/blog\/wp-content\/uploads\/2023\/08\/annonces-legales.svg\",\"contentUrl\":\"https:\/\/www.annonces-legales.org\/blog\/wp-content\/uploads\/2023\/08\/annonces-legales.svg\",\"caption\":\"Actualit\u00e9 des entreprises\"},\"image\":{\"@id\":\"https:\/\/www.annonces-legales.org\/blog\/#\/schema\/logo\/image\/\"}}]}<\/script>\n<!-- \/ Yoast SEO plugin. -->","yoast_head_json":{"title":"Greffe du tribunal de commerce de Niort - Actualit\u00e9 des entreprises","robots":{"index":"index","follow":"follow","max-snippet":"max-snippet:-1","max-image-preview":"max-image-preview:large","max-video-preview":"max-video-preview:-1"},"canonical":"https:\/\/www.annonces-legales.org\/blog\/greffe\/greffe-du-tribunal-de-commerce-de-niort\/","og_locale":"fr_FR","og_type":"article","og_title":"Greffe du tribunal de commerce de Niort - Actualit\u00e9 des entreprises","og_description":"Vous voulez aller au greffe du tribunal de commerce de Niort ? Vous recherchez ses horaires d&rsquo;ouverture ? Vous trouverez [&hellip;]","og_url":"https:\/\/www.annonces-legales.org\/blog\/greffe\/greffe-du-tribunal-de-commerce-de-niort\/","og_site_name":"Actualit\u00e9 des entreprises","article_modified_time":"2022-01-31T15:59:48+00:00","og_image":[{"width":640,"height":612,"url":"https:\/\/www.annonces-legales.org\/blog\/wp-content\/uploads\/2022\/01\/tribunal.png","type":"image\/png"}],"twitter_card":"summary_large_image","twitter_misc":{"Dur\u00e9e de lecture estim\u00e9e":"4 minutes"},"schema":{"@context":"https:\/\/schema.org","@graph":[{"@type":"WebPage","@id":"https:\/\/www.annonces-legales.org\/blog\/greffe\/greffe-du-tribunal-de-commerce-de-niort\/","url":"https:\/\/www.annonces-legales.org\/blog\/greffe\/greffe-du-tribunal-de-commerce-de-niort\/","name":"Greffe du tribunal de commerce de Niort - Actualit\u00e9 des entreprises","isPartOf":{"@id":"https:\/\/www.annonces-legales.org\/blog\/#website"},"primaryImageOfPage":{"@id":"https:\/\/www.annonces-legales.org\/blog\/greffe\/greffe-du-tribunal-de-commerce-de-niort\/#primaryimage"},"image":{"@id":"https:\/\/www.annonces-legales.org\/blog\/greffe\/greffe-du-tribunal-de-commerce-de-niort\/#primaryimage"},"thumbnailUrl":"https:\/\/www.annonces-legales.org\/blog\/wp-content\/uploads\/2022\/01\/tribunal-150x150.png","datePublished":"2022-01-22T19:56:36+00:00","dateModified":"2022-01-31T15:59:48+00:00","breadcrumb":{"@id":"https:\/\/www.annonces-legales.org\/blog\/greffe\/greffe-du-tribunal-de-commerce-de-niort\/#breadcrumb"},"inLanguage":"fr-FR","potentialAction":[{"@type":"ReadAction","target":["https:\/\/www.annonces-legales.org\/blog\/greffe\/greffe-du-tribunal-de-commerce-de-niort\/"]}]},{"@type":"ImageObject","inLanguage":"fr-FR","@id":"https:\/\/www.annonces-legales.org\/blog\/greffe\/greffe-du-tribunal-de-commerce-de-niort\/#primaryimage","url":"https:\/\/www.annonces-legales.org\/blog\/wp-content\/uploads\/2022\/01\/tribunal.png","contentUrl":"https:\/\/www.annonces-legales.org\/blog\/wp-content\/uploads\/2022\/01\/tribunal.png","width":640,"height":612},{"@type":"BreadcrumbList","@id":"https:\/\/www.annonces-legales.org\/blog\/greffe\/greffe-du-tribunal-de-commerce-de-niort\/#breadcrumb","itemListElement":[{"@type":"ListItem","position":1,"name":"Accueil","item":"https:\/\/www.annonces-legales.org\/blog\/"},{"@type":"ListItem","position":2,"name":"Liste des Greffes des tribunaux de commerce","item":"https:\/\/www.annonces-legales.org\/blog\/greffe\/"},{"@type":"ListItem","position":3,"name":"Greffe du tribunal de commerce de Niort"}]},{"@type":"WebSite","@id":"https:\/\/www.annonces-legales.org\/blog\/#website","url":"https:\/\/www.annonces-legales.org\/blog\/","name":"Actualit\u00e9 des entreprises","description":"","publisher":{"@id":"https:\/\/www.annonces-legales.org\/blog\/#organization"},"potentialAction":[{"@type":"SearchAction","target":{"@type":"EntryPoint","urlTemplate":"https:\/\/www.annonces-legales.org\/blog\/?s={search_term_string}"},"query-input":{"@type":"PropertyValueSpecification","valueRequired":true,"valueName":"search_term_string"}}],"inLanguage":"fr-FR"},{"@type":"Organization","@id":"https:\/\/www.annonces-legales.org\/blog\/#organization","name":"Actualit\u00e9 des entreprises","url":"https:\/\/www.annonces-legales.org\/blog\/","logo":{"@type":"ImageObject","inLanguage":"fr-FR","@id":"https:\/\/www.annonces-legales.org\/blog\/#\/schema\/logo\/image\/","url":"https:\/\/www.annonces-legales.org\/blog\/wp-content\/uploads\/2023\/08\/annonces-legales.svg","contentUrl":"https:\/\/www.annonces-legales.org\/blog\/wp-content\/uploads\/2023\/08\/annonces-legales.svg","caption":"Actualit\u00e9 des entreprises"},"image":{"@id":"https:\/\/www.annonces-legales.org\/blog\/#\/schema\/logo\/image\/"}}]}},"_links":{"self":[{"href":"https:\/\/www.annonces-legales.org\/blog\/wp-json\/wp\/v2\/pages\/2000","targetHints":{"allow":["GET"]}}],"collection":[{"href":"https:\/\/www.annonces-legales.org\/blog\/wp-json\/wp\/v2\/pages"}],"about":[{"href":"https:\/\/www.annonces-legales.org\/blog\/wp-json\/wp\/v2\/types\/page"}],"author":[{"embeddable":true,"href":"https:\/\/www.annonces-legales.org\/blog\/wp-json\/wp\/v2\/users\/1"}],"replies":[{"embeddable":true,"href":"https:\/\/www.annonces-legales.org\/blog\/wp-json\/wp\/v2\/comments?post=2000"}],"version-history":[{"count":7,"href":"https:\/\/www.annonces-legales.org\/blog\/wp-json\/wp\/v2\/pages\/2000\/revisions"}],"predecessor-version":[{"id":2481,"href":"https:\/\/www.annonces-legales.org\/blog\/wp-json\/wp\/v2\/pages\/2000\/revisions\/2481"}],"up":[{"embeddable":true,"href":"https:\/\/www.annonces-legales.org\/blog\/wp-json\/wp\/v2\/pages\/1759"}],"wp:attachment":[{"href":"https:\/\/www.annonces-legales.org\/blog\/wp-json\/wp\/v2\/media?parent=2000"}],"curies":[{"name":"wp","href":"https:\/\/api.w.org\/{rel}","templated":true}]}}