{"id":2006,"date":"2022-01-22T20:57:43","date_gmt":"2022-01-22T19:57:43","guid":{"rendered":"https:\/\/www.annonces-legales.org\/blog\/?page_id=2006"},"modified":"2022-01-31T17:14:20","modified_gmt":"2022-01-31T16:14:20","slug":"greffe-du-tribunal-de-commerce-de-perigueux","status":"publish","type":"page","link":"https:\/\/www.annonces-legales.org\/blog\/greffe\/greffe-du-tribunal-de-commerce-de-perigueux\/","title":{"rendered":"Greffe du tribunal de commerce de P\u00e9rigueux"},"content":{"rendered":"<p>Retrouvez sur cette page l&rsquo;int\u00e9gralit\u00e9 des informations concernant le <strong>greffe de P\u00e9rigueux<\/strong> situ\u00e9 dans le d\u00e9partement de Dordogne .<\/p>\n<p>&nbsp;<\/p>\n<h2>Joindre le greffe du tribunal de commerce de P\u00e9rigueux<\/h2>\n<p>Le greffe peut \u00eatre contact\u00e9 par t\u00e9l\u00e9phone au <strong>05 53 45 6000<\/strong><\/p>\n<p>Adresse : <strong>3 Place Yves Guena 24009 PERIGUEUX CEDEX<\/strong><\/p>\n<p><div class=\"leaflet-map WPLeafletMap\" style=\"height:250px; width:100%;\"><\/div><script>\nwindow.WPLeafletMapPlugin = window.WPLeafletMapPlugin || [];\nwindow.WPLeafletMapPlugin.push(function WPLeafletMapShortcode() {\/*<script>*\/\nvar baseUrl = atob('aHR0cHM6Ly97c30udGlsZS5vcGVuc3RyZWV0bWFwLm9yZy97en0ve3h9L3t5fS5wbmc=');\nvar base = (!baseUrl && window.MQ) ?\n    window.MQ.mapLayer() : L.tileLayer(baseUrl,\n        L.Util.extend({}, {\n            detectRetina: 0,\n        },\n        {\"subdomains\":\"abc\",\"noWrap\":false,\"maxZoom\":20}        )\n    );\n    var options = L.Util.extend({}, {\n        layers: [base],\n        attributionControl: false\n    },\n    {\"zoomControl\":true,\"scrollWheelZoom\":false,\"doubleClickZoom\":false,\"fitBounds\":false,\"minZoom\":0,\"maxZoom\":20,\"maxBounds\":null,\"attribution\":\"\"},\n    {});\nwindow.WPLeafletMapPlugin.createMap(options).setView([45.187376,0.721514],17);});<\/script> <script>\nwindow.WPLeafletMapPlugin = window.WPLeafletMapPlugin || [];\nwindow.WPLeafletMapPlugin.push(function WPLeafletMarkerShortcode() {\/*<script>*\/\nvar map = window.WPLeafletMapPlugin.getCurrentMap();\nvar group = window.WPLeafletMapPlugin.getCurrentGroup();\nvar marker_options = window.WPLeafletMapPlugin.getIconOptions({});\nvar marker = L.marker(\n    [0,0],\n    marker_options\n);\nvar is_image = map.is_image_map;\n    marker.setLatLng( map.getCenter() );\nif (marker_options.draggable) {\n    marker.on('dragend', function () {\n        var latlng = this.getLatLng();\n        var lat = latlng.lat;\n        var lng = latlng.lng;\n        if (is_image) {\n            console.log('leaflet-marker y=' + lat + ' x=' + lng);\n        } else {\n            console.log('leaflet-marker lat=' + lat + ' lng=' + lng);\n        }\n    });\n}\nmarker.addTo( group );\nmarker.bindPopup(window.WPLeafletMapPlugin.unescape(' Greffe du tribunal de commerce de P\u00e9rigueux ')).openPopup();window.WPLeafletMapPlugin.markers.push( marker );\n        });<\/script><\/p>\n<p>Page internet du greffe de Perigueux : <em>www.greffe-tc-perigueux.fr<\/em><\/p>\n<p>&nbsp;<\/p>\n<h2>Heures d&rsquo;ouverture du greffe de P\u00e9rigueux<\/h2>\n<p>Vous pouvez retrouver ici les heures d&rsquo;ouverture du greffe du tribunal de commerce de P\u00e9rigueux:<br \/>\nentre 10h-12h et 14h-16h.<\/p>\n<h2><\/h2>\n<h2>A quoi sert le greffe du tribunal de commerce de P\u00e9rigueux ?<\/h2>\n<p>Le greffe a de nombreux r\u00f4les aupr\u00e8s des <strong>entreprises de Dordogne<\/strong>.<br \/>\nIl va s&rsquo;occuper de faire les d\u00e9marches relatives aux structures commerciales. Le greffe r\u00e9ceptionne et \u00e9tudie les dossiers pour l&rsquo;enregistrement des soci\u00e9t\u00e9s. Celui-ci accomplit les radiations des soci\u00e9t\u00e9s. Il va envoyer des rappels aux soci\u00e9t\u00e9s qui n&rsquo;ont pas accompli leurs formalit\u00e9 obligatoires comme par exemple un changement de dirigeant. Il va aussi s\u2019occuper des audiences du tribunal pour les diff\u00e9rends entre les soci\u00e9t\u00e9s.<br \/>\nCette administration s&rsquo;occupe \u00e9galement du CFE. Ce centre va entre autres maintenir et diffuser un nombre important de donn\u00e9es sur les organisations commerciales comme par exemple leurs K-bis ou leurs comptes annuels.<\/p>\n<p>&nbsp;<\/p>\n<h2>Immatriculer sa structure aupr\u00e8s du RCS de P\u00e9rigueux<\/h2>\n<p>L&rsquo;inscription de la soci\u00e9t\u00e9 est l&rsquo;\u00e9tape finale de cr\u00e9ation d&rsquo;une\u00a0 entreprise commerciale.<\/p>\n<p>Avant d&rsquo;effectuer l&rsquo;enregistrement, il est utile de signer les statuts juridiques de la soci\u00e9t\u00e9, d&rsquo;ins\u00e9rer une <a href=\"https:\/\/www.annonces-legales.org\/blog\/avis-de-constitution\/\">annonce l\u00e9gale de constitution<\/a>, d&rsquo;effectuer le d\u00e9p\u00f4t du capital, d&rsquo;\u00e9crire les statuts et de nommer le dirigeant.<\/p>\n<h2><\/h2>\n<h2>Votre ville est-elle du ressort du greffe du TC de P\u00e9rigueux ?<\/h2>\n<table class=\"tg table-striped container-fluid\">\n<tbody>\n<tr>\n<th>Code postal<\/th>\n<th>Commune<\/th>\n<\/tr>\n<tr>\n<td>24300<\/td>\n<td>Abjat-sur-Bandiat<\/td>\n<\/tr>\n<tr>\n<td>24460<\/td>\n<td>Agonac<\/td>\n<\/tr>\n<tr>\n<td>24210<\/td>\n<td>Ajat<\/td>\n<\/tr>\n<tr>\n<td>24600<\/td>\n<td>Allemans<\/td>\n<\/tr>\n<tr>\n<td>24270<\/td>\n<td>Angoisse<\/td>\n<\/tr>\n<tr>\n<td>24160<\/td>\n<td>Anlhiac<\/td>\n<\/tr>\n<tr>\n<td>24430<\/td>\n<td>Annesse-et-Beaulieu<\/td>\n<\/tr>\n<tr>\n<td>24420<\/td>\n<td>Antonne-et-Trigonant<\/td>\n<\/tr>\n<tr>\n<td>24750<\/td>\n<td>Atur<\/td>\n<\/tr>\n<tr>\n<td>24290<\/td>\n<td>Aubas<\/td>\n<\/tr>\n<tr>\n<td>24300<\/td>\n<td>Augignac<\/td>\n<\/tr>\n<tr>\n<td>24290<\/td>\n<td>Auriac-du-P\u00e9rigord<\/td>\n<\/tr>\n<tr>\n<td>24210<\/td>\n<td>Azerat<\/td>\n<\/tr>\n<tr>\n<td>24390<\/td>\n<td>Badefols-d&rsquo;Ans<\/td>\n<\/tr>\n<tr>\n<td>24210<\/td>\n<td>Bars<\/td>\n<\/tr>\n<tr>\n<td>24330<\/td>\n<td>Bassillac<\/td>\n<\/tr>\n<tr>\n<td>24400<\/td>\n<td>Beaupouyet<\/td>\n<\/tr>\n<tr>\n<td>24120<\/td>\n<td>Beauregard-de-Terrasson<\/td>\n<\/tr>\n<tr>\n<td>24400<\/td>\n<td>Beauronne<\/td>\n<\/tr>\n<tr>\n<td>24340<\/td>\n<td>Beaussac<\/td>\n<\/tr>\n<tr>\n<td>24320<\/td>\n<td>Bertric-Bur\u00e9e<\/td>\n<\/tr>\n<tr>\n<td>24310<\/td>\n<td>Biras<\/td>\n<\/tr>\n<tr>\n<td>24330<\/td>\n<td>Blis-et-Born<\/td>\n<\/tr>\n<tr>\n<td>24390<\/td>\n<td>Boisseuilh<\/td>\n<\/tr>\n<tr>\n<td>24750<\/td>\n<td>Boulazac<\/td>\n<\/tr>\n<tr>\n<td>24310<\/td>\n<td>Bourdeilles<\/td>\n<\/tr>\n<tr>\n<td>24320<\/td>\n<td>Bourg-des-Maisons<\/td>\n<\/tr>\n<tr>\n<td>24600<\/td>\n<td>Bourg-du-Bost<\/td>\n<\/tr>\n<tr>\n<td>24400<\/td>\n<td>Bourgnac<\/td>\n<\/tr>\n<tr>\n<td>24110<\/td>\n<td>Bourrou<\/td>\n<\/tr>\n<tr>\n<td>24320<\/td>\n<td>Bouteilles-Saint-S\u00e9bastien<\/td>\n<\/tr>\n<tr>\n<td>24310<\/td>\n<td>Brant\u00f4me<\/td>\n<\/tr>\n<tr>\n<td>24380<\/td>\n<td>Breuilh<\/td>\n<\/tr>\n<tr>\n<td>24210<\/td>\n<td>Brouchaud<\/td>\n<\/tr>\n<tr>\n<td>24350<\/td>\n<td>Bussac<\/td>\n<\/tr>\n<tr>\n<td>24360<\/td>\n<td>Busserolles<\/td>\n<\/tr>\n<tr>\n<td>24360<\/td>\n<td>Bussi\u00e8re-Badil<\/td>\n<\/tr>\n<tr>\n<td>24530<\/td>\n<td>Cantillac<\/td>\n<\/tr>\n<tr>\n<td>24600<\/td>\n<td>Celles<\/td>\n<\/tr>\n<tr>\n<td>24380<\/td>\n<td>Cendrieux<\/td>\n<\/tr>\n<tr>\n<td>24320<\/td>\n<td>Cercles<\/td>\n<\/tr>\n<tr>\n<td>24380<\/td>\n<td>Chalagnac<\/td>\n<\/tr>\n<tr>\n<td>24800<\/td>\n<td>Chaleix<\/td>\n<\/tr>\n<tr>\n<td>24530<\/td>\n<td>Champagnac-de-Belair<\/td>\n<\/tr>\n<tr>\n<td>24320<\/td>\n<td>Champagne-et-Fontaine<\/td>\n<\/tr>\n<tr>\n<td>24750<\/td>\n<td>Champcevinel<\/td>\n<\/tr>\n<tr>\n<td>24340<\/td>\n<td>Champeaux-et-la-Chapelle-Pommier<\/td>\n<\/tr>\n<tr>\n<td>24360<\/td>\n<td>Champniers-et-Reilhac<\/td>\n<\/tr>\n<tr>\n<td>24470<\/td>\n<td>Champs-Romain<\/td>\n<\/tr>\n<tr>\n<td>24650<\/td>\n<td>Chancelade<\/td>\n<\/tr>\n<tr>\n<td>24190<\/td>\n<td>Chant\u00e9rac<\/td>\n<\/tr>\n<tr>\n<td>24320<\/td>\n<td>Chapdeuil<\/td>\n<\/tr>\n<tr>\n<td>24600<\/td>\n<td>Chassaignes<\/td>\n<\/tr>\n<tr>\n<td>24460<\/td>\n<td>Ch\u00e2teau-l&rsquo;\u00c9v\u00eaque<\/td>\n<\/tr>\n<tr>\n<td>24120<\/td>\n<td>Ch\u00e2tres<\/td>\n<\/tr>\n<tr>\n<td>24120<\/td>\n<td>Chavagnac<\/td>\n<\/tr>\n<tr>\n<td>24410<\/td>\n<td>Chenaud<\/td>\n<\/tr>\n<tr>\n<td>24320<\/td>\n<td>Cherval<\/td>\n<\/tr>\n<tr>\n<td>24390<\/td>\n<td>Cherveix-Cubas<\/td>\n<\/tr>\n<tr>\n<td>24640<\/td>\n<td>Chourgnac<\/td>\n<\/tr>\n<tr>\n<td>24160<\/td>\n<td>Clermont-d&rsquo;Excideuil<\/td>\n<\/tr>\n<tr>\n<td>24120<\/td>\n<td>Coly<\/td>\n<\/tr>\n<tr>\n<td>24600<\/td>\n<td>Comberanche-et-\u00c9peluche<\/td>\n<\/tr>\n<tr>\n<td>24530<\/td>\n<td>Condat-sur-Trincou<\/td>\n<\/tr>\n<tr>\n<td>24570<\/td>\n<td>Condat-sur-V\u00e9z\u00e8re<\/td>\n<\/tr>\n<tr>\n<td>24300<\/td>\n<td>Connezac<\/td>\n<\/tr>\n<tr>\n<td>24800<\/td>\n<td>Corgnac-sur-l&rsquo;Isle<\/td>\n<\/tr>\n<tr>\n<td>24750<\/td>\n<td>Cornille<\/td>\n<\/tr>\n<tr>\n<td>24390<\/td>\n<td>Coubjours<\/td>\n<\/tr>\n<tr>\n<td>24420<\/td>\n<td>Coulaures<\/td>\n<\/tr>\n<tr>\n<td>24660<\/td>\n<td>Coulounieix-Chamiers<\/td>\n<\/tr>\n<tr>\n<td>24430<\/td>\n<td>Coursac<\/td>\n<\/tr>\n<tr>\n<td>24320<\/td>\n<td>Coutures<\/td>\n<\/tr>\n<tr>\n<td>24350<\/td>\n<td>Creyssac<\/td>\n<\/tr>\n<tr>\n<td>24380<\/td>\n<td>Creyssensac-et-Pissot<\/td>\n<\/tr>\n<tr>\n<td>24640<\/td>\n<td>Cubjac<\/td>\n<\/tr>\n<tr>\n<td>24350<\/td>\n<td>Douchapt<\/td>\n<\/tr>\n<tr>\n<td>24190<\/td>\n<td>Douzillac<\/td>\n<\/tr>\n<tr>\n<td>24270<\/td>\n<td>Dussac<\/td>\n<\/tr>\n<tr>\n<td>24410<\/td>\n<td>\u00c9chourgnac<\/td>\n<\/tr>\n<tr>\n<td>24380<\/td>\n<td>\u00c9glise-Neuve-de-Vergt<\/td>\n<\/tr>\n<tr>\n<td>24420<\/td>\n<td>Escoire<\/td>\n<\/tr>\n<tr>\n<td>24360<\/td>\n<td>\u00c9touars<\/td>\n<\/tr>\n<tr>\n<td>24160<\/td>\n<td>Excideuil<\/td>\n<\/tr>\n<tr>\n<td>24700<\/td>\n<td>Eygurande-et-Gardedeuil<\/td>\n<\/tr>\n<tr>\n<td>24330<\/td>\n<td>Eyliac<\/td>\n<\/tr>\n<tr>\n<td>24460<\/td>\n<td>Eyvirat<\/td>\n<\/tr>\n<tr>\n<td>24800<\/td>\n<td>Eyzerac<\/td>\n<\/tr>\n<tr>\n<td>24290<\/td>\n<td>Fanlac<\/td>\n<\/tr>\n<tr>\n<td>24410<\/td>\n<td>Festalemps<\/td>\n<\/tr>\n<tr>\n<td>24450<\/td>\n<td>Firbeix<\/td>\n<\/tr>\n<tr>\n<td>24210<\/td>\n<td>Fossemagne<\/td>\n<\/tr>\n<tr>\n<td>24380<\/td>\n<td>Fouleix<\/td>\n<\/tr>\n<tr>\n<td>24210<\/td>\n<td>Gabillou<\/td>\n<\/tr>\n<tr>\n<td>24160<\/td>\n<td>G\u00e9nis<\/td>\n<\/tr>\n<tr>\n<td>24320<\/td>\n<td>Gout-Rossignol<\/td>\n<\/tr>\n<tr>\n<td>24350<\/td>\n<td>Grand-Brassac<\/td>\n<\/tr>\n<tr>\n<td>24390<\/td>\n<td>Granges-d&rsquo;Ans<\/td>\n<\/tr>\n<tr>\n<td>24120<\/td>\n<td>Gr\u00e8zes<\/td>\n<\/tr>\n<tr>\n<td>24110<\/td>\n<td>Grignols<\/td>\n<\/tr>\n<tr>\n<td>24380<\/td>\n<td>Grun-Bordas<\/td>\n<\/tr>\n<tr>\n<td>24300<\/td>\n<td>Hautefaye<\/td>\n<\/tr>\n<tr>\n<td>24390<\/td>\n<td>Hautefort<\/td>\n<\/tr>\n<tr>\n<td>24140<\/td>\n<td>Jaure<\/td>\n<\/tr>\n<tr>\n<td>24300<\/td>\n<td>Javerlhac-et-la-Chapelle-Saint-Robert<\/td>\n<\/tr>\n<tr>\n<td>24630<\/td>\n<td>Jumilhac-le-Grand<\/td>\n<\/tr>\n<tr>\n<td>24210<\/td>\n<td>La Bachellerie<\/td>\n<\/tr>\n<tr>\n<td>24640<\/td>\n<td>La Boissi\u00e8re-d&rsquo;Ans<\/td>\n<\/tr>\n<tr>\n<td>24120<\/td>\n<td>La Cassagne<\/td>\n<\/tr>\n<tr>\n<td>24290<\/td>\n<td>La Chapelle-Aubareil<\/td>\n<\/tr>\n<tr>\n<td>24530<\/td>\n<td>La Chapelle-Faucher<\/td>\n<\/tr>\n<tr>\n<td>24350<\/td>\n<td>La Chapelle-Gonaguet<\/td>\n<\/tr>\n<tr>\n<td>24320<\/td>\n<td>La Chapelle-Gr\u00e9signac<\/td>\n<\/tr>\n<tr>\n<td>24320<\/td>\n<td>La Chapelle-Montabourlet<\/td>\n<\/tr>\n<tr>\n<td>24300<\/td>\n<td>La Chapelle-Montmoreau<\/td>\n<\/tr>\n<tr>\n<td>24390<\/td>\n<td>La Chapelle-Saint-Jean<\/td>\n<\/tr>\n<tr>\n<td>24450<\/td>\n<td>La Coquille<\/td>\n<\/tr>\n<tr>\n<td>24120<\/td>\n<td>La Dornac<\/td>\n<\/tr>\n<tr>\n<td>24330<\/td>\n<td>La Douze<\/td>\n<\/tr>\n<tr>\n<td>24600<\/td>\n<td>La Feuillade<\/td>\n<\/tr>\n<tr>\n<td>24310<\/td>\n<td>La Gonterie-Boulouneix<\/td>\n<\/tr>\n<tr>\n<td>24410<\/td>\n<td>La Jemaye<\/td>\n<\/tr>\n<tr>\n<td>24490<\/td>\n<td>La Roche-Chalais<\/td>\n<\/tr>\n<tr>\n<td>24340<\/td>\n<td>La Rochebeaucourt-et-Argentine<\/td>\n<\/tr>\n<tr>\n<td>24320<\/td>\n<td>La Tour-Blanche<\/td>\n<\/tr>\n<tr>\n<td>24380<\/td>\n<td>Lacropte<\/td>\n<\/tr>\n<tr>\n<td>24270<\/td>\n<td>Lanouaille<\/td>\n<\/tr>\n<tr>\n<td>24300<\/td>\n<td>Le Bourdeix<\/td>\n<\/tr>\n<tr>\n<td>24640<\/td>\n<td>Le Change<\/td>\n<\/tr>\n<tr>\n<td>24570<\/td>\n<td>Le Lardin-Saint-Lazare<\/td>\n<\/tr>\n<tr>\n<td>24700<\/td>\n<td>Le Pizou<\/td>\n<\/tr>\n<tr>\n<td>24340<\/td>\n<td>L\u00e9guillac-de-Cercles<\/td>\n<\/tr>\n<tr>\n<td>24110<\/td>\n<td>L\u00e9guillac-de-l&rsquo;Auche<\/td>\n<\/tr>\n<tr>\n<td>24800<\/td>\n<td>Lempzours<\/td>\n<\/tr>\n<tr>\n<td>24290<\/td>\n<td>Les Farges<\/td>\n<\/tr>\n<tr>\n<td>24340<\/td>\n<td>Les Graulges<\/td>\n<\/tr>\n<tr>\n<td>24460<\/td>\n<td>Ligueux<\/td>\n<\/tr>\n<tr>\n<td>24210<\/td>\n<td>Limeyrat<\/td>\n<\/tr>\n<tr>\n<td>24350<\/td>\n<td>Lisle<\/td>\n<\/tr>\n<tr>\n<td>24320<\/td>\n<td>Lusignac<\/td>\n<\/tr>\n<tr>\n<td>24300<\/td>\n<td>Lussas-et-Nontronneau<\/td>\n<\/tr>\n<tr>\n<td>24110<\/td>\n<td>Manzac-sur-Vern<\/td>\n<\/tr>\n<tr>\n<td>24340<\/td>\n<td>Mareuil<\/td>\n<\/tr>\n<tr>\n<td>24430<\/td>\n<td>Marsac-sur-l&rsquo;Isle<\/td>\n<\/tr>\n<tr>\n<td>24750<\/td>\n<td>Marsaneix<\/td>\n<\/tr>\n<tr>\n<td>24420<\/td>\n<td>Mayac<\/td>\n<\/tr>\n<tr>\n<td>24700<\/td>\n<td>M\u00e9nesplet<\/td>\n<\/tr>\n<tr>\n<td>24350<\/td>\n<td>Mensignac<\/td>\n<\/tr>\n<tr>\n<td>24450<\/td>\n<td>Mialet<\/td>\n<\/tr>\n<tr>\n<td>24330<\/td>\n<td>Milhac-d&rsquo;Auberoche<\/td>\n<\/tr>\n<tr>\n<td>24470<\/td>\n<td>Milhac-de-Nontron<\/td>\n<\/tr>\n<tr>\n<td>24340<\/td>\n<td>Monsec<\/td>\n<\/tr>\n<tr>\n<td>24210<\/td>\n<td>Montagnac-d&rsquo;Auberoche<\/td>\n<\/tr>\n<tr>\n<td>24350<\/td>\n<td>Montagrier<\/td>\n<\/tr>\n<tr>\n<td>24290<\/td>\n<td>Montignac<\/td>\n<\/tr>\n<tr>\n<td>24700<\/td>\n<td>Montpon-M\u00e9nest\u00e9rol<\/td>\n<\/tr>\n<tr>\n<td>24110<\/td>\n<td>Montrem<\/td>\n<\/tr>\n<tr>\n<td>24400<\/td>\n<td>Mussidan<\/td>\n<\/tr>\n<tr>\n<td>24390<\/td>\n<td>Nailhac<\/td>\n<\/tr>\n<tr>\n<td>24320<\/td>\n<td>Nanteuil-Auriac-de-Bourzac<\/td>\n<\/tr>\n<tr>\n<td>24800<\/td>\n<td>Nantheuil<\/td>\n<\/tr>\n<tr>\n<td>24800<\/td>\n<td>Nanthiat<\/td>\n<\/tr>\n<tr>\n<td>24460<\/td>\n<td>N\u00e9grondes<\/td>\n<\/tr>\n<tr>\n<td>24190<\/td>\n<td>Neuvic<\/td>\n<\/tr>\n<tr>\n<td>24300<\/td>\n<td>Nontron<\/td>\n<\/tr>\n<tr>\n<td>24660<\/td>\n<td>Notre-Dame-de-Sanilhac<\/td>\n<\/tr>\n<tr>\n<td>24410<\/td>\n<td>Parcoul<\/td>\n<\/tr>\n<tr>\n<td>24310<\/td>\n<td>Paussac-et-Saint-Vivien<\/td>\n<\/tr>\n<tr>\n<td>24270<\/td>\n<td>Payzac<\/td>\n<\/tr>\n<tr>\n<td>24120<\/td>\n<td>Pazayac<\/td>\n<\/tr>\n<tr>\n<td>24000<\/td>\n<\/tr>\n<tr>\n<td>24600<\/td>\n<td>Petit-Bersac<\/td>\n<\/tr>\n<tr>\n<td>24210<\/td>\n<td>Peyrignac<\/td>\n<\/tr>\n<tr>\n<td>24620<\/td>\n<td>Peyzac-le-Moustier<\/td>\n<\/tr>\n<tr>\n<td>24360<\/td>\n<td>Pi\u00e9gut-Pluviers<\/td>\n<\/tr>\n<tr>\n<td>24580<\/td>\n<td>Plazac<\/td>\n<\/tr>\n<tr>\n<td>24410<\/td>\n<td>Ponteyraud<\/td>\n<\/tr>\n<tr>\n<td>24160<\/td>\n<td>Preyssac-d&rsquo;Excideuil<\/td>\n<\/tr>\n<tr>\n<td>24410<\/td>\n<td>Puymangou<\/td>\n<\/tr>\n<tr>\n<td>24340<\/td>\n<td>Puyrenier<\/td>\n<\/tr>\n<tr>\n<td>24530<\/td>\n<td>Quinsac<\/td>\n<\/tr>\n<tr>\n<td>24430<\/td>\n<td>Razac-sur-l&rsquo;Isle<\/td>\n<\/tr>\n<tr>\n<td>24600<\/td>\n<td>Rib\u00e9rac<\/td>\n<\/tr>\n<tr>\n<td>24580<\/td>\n<td>Rouffignac-Saint-Cernin-de-Reilhac<\/td>\n<\/tr>\n<tr>\n<td>24340<\/td>\n<td>Rudeau-Ladosse<\/td>\n<\/tr>\n<tr>\n<td>24290<\/td>\n<td>Saint-Amand-de-Coly<\/td>\n<\/tr>\n<tr>\n<td>24380<\/td>\n<td>Saint-Amand-de-Vergt<\/td>\n<\/tr>\n<tr>\n<td>24190<\/td>\n<td>Saint-Andr\u00e9-de-Double<\/td>\n<\/tr>\n<tr>\n<td>24410<\/td>\n<td>Saint-Antoine-Cumond<\/td>\n<\/tr>\n<tr>\n<td>24330<\/td>\n<td>Saint-Antoine-d&rsquo;Auberoche<\/td>\n<\/tr>\n<tr>\n<td>24110<\/td>\n<td>Saint-Aquilin<\/td>\n<\/tr>\n<tr>\n<td>24110<\/td>\n<td>Saint-Astier<\/td>\n<\/tr>\n<tr>\n<td>24410<\/td>\n<td>Saint-Aulaye<\/td>\n<\/tr>\n<tr>\n<td>24700<\/td>\n<td>Saint-Barth\u00e9lemy-de-Bellegarde<\/td>\n<\/tr>\n<tr>\n<td>24360<\/td>\n<td>Saint-Barth\u00e9lemy-de-Bussi\u00e8re<\/td>\n<\/tr>\n<tr>\n<td>24330<\/td>\n<td>Saint-Cr\u00e9pin-d&rsquo;Auberoche<\/td>\n<\/tr>\n<tr>\n<td>24310<\/td>\n<td>Saint-Cr\u00e9pin-de-Richemont<\/td>\n<\/tr>\n<tr>\n<td>24270<\/td>\n<td>Saint-Cyr-les-Champagnes<\/td>\n<\/tr>\n<tr>\n<td>24360<\/td>\n<td>Saint-Est\u00e8phe<\/td>\n<\/tr>\n<tr>\n<td>24400<\/td>\n<td>Saint-\u00c9tienne-de-Puycorbier<\/td>\n<\/tr>\n<tr>\n<td>24340<\/td>\n<td>Saint-F\u00e9lix-de-Bourdeilles<\/td>\n<\/tr>\n<tr>\n<td>24460<\/td>\n<td>Saint-Front-d&rsquo;Alemps<\/td>\n<\/tr>\n<tr>\n<td>24400<\/td>\n<td>Saint-Front-de-Pradoux<\/td>\n<\/tr>\n<tr>\n<td>24300<\/td>\n<td>Saint-Front-la-Rivi\u00e8re<\/td>\n<\/tr>\n<tr>\n<td>24300<\/td>\n<td>Saint-Front-sur-Nizonne<\/td>\n<\/tr>\n<tr>\n<td>24160<\/td>\n<td>Saint-Germain-des-Pr\u00e9s<\/td>\n<\/tr>\n<tr>\n<td>24190<\/td>\n<td>Saint-Germain-du-Salembre<\/td>\n<\/tr>\n<tr>\n<td>24330<\/td>\n<td>Saint-Geyrac<\/td>\n<\/tr>\n<tr>\n<td>24190<\/td>\n<td>Saint-Jean-d&rsquo;Ataux<\/td>\n<\/tr>\n<tr>\n<td>24800<\/td>\n<td>Saint-Jean-de-C\u00f4le<\/td>\n<\/tr>\n<tr>\n<td>24800<\/td>\n<td>Saint-Jory-de-Chalais<\/td>\n<\/tr>\n<tr>\n<td>24160<\/td>\n<td>Saint-Jory-las-Bloux<\/td>\n<\/tr>\n<tr>\n<td>24310<\/td>\n<td>Saint-Julien-de-Bourdeilles<\/td>\n<\/tr>\n<tr>\n<td>24320<\/td>\n<td>Saint-Just<\/td>\n<\/tr>\n<tr>\n<td>24400<\/td>\n<td>Saint-Laurent-des-Hommes<\/td>\n<\/tr>\n<tr>\n<td>24330<\/td>\n<td>Saint-Laurent-sur-Manoire<\/td>\n<\/tr>\n<tr>\n<td>24110<\/td>\n<td>Saint-L\u00e9on-sur-l&rsquo;Isle<\/td>\n<\/tr>\n<tr>\n<td>24290<\/td>\n<td>Saint-L\u00e9on-sur-V\u00e9z\u00e8re<\/td>\n<\/tr>\n<tr>\n<td>24400<\/td>\n<td>Saint-Louis-en-l&rsquo;Isle<\/td>\n<\/tr>\n<tr>\n<td>24380<\/td>\n<td>Saint-Maime-de-P\u00e9reyrol<\/td>\n<\/tr>\n<tr>\n<td>24160<\/td>\n<td>Saint-Martial-d&rsquo;Albar\u00e8de<\/td>\n<\/tr>\n<tr>\n<td>24700<\/td>\n<td>Saint-Martial-d&rsquo;Artenset<\/td>\n<\/tr>\n<tr>\n<td>24300<\/td>\n<td>Saint-Martial-de-Valette<\/td>\n<\/tr>\n<tr>\n<td>24320<\/td>\n<td>Saint-Martial-Viveyrol<\/td>\n<\/tr>\n<tr>\n<td>24800<\/td>\n<td>Saint-Martin-de-Fressengeas<\/td>\n<\/tr>\n<tr>\n<td>24600<\/td>\n<td>Saint-Martin-de-Rib\u00e9rac<\/td>\n<\/tr>\n<tr>\n<td>24400<\/td>\n<td>Saint-Martin-l&rsquo;Astier<\/td>\n<\/tr>\n<tr>\n<td>24300<\/td>\n<td>Saint-Martin-le-Pin<\/td>\n<\/tr>\n<tr>\n<td>24600<\/td>\n<td>Saint-M\u00e9ard-de-Dr\u00f4ne<\/td>\n<\/tr>\n<tr>\n<td>24160<\/td>\n<td>Saint-M\u00e9dard-d&rsquo;Excideuil<\/td>\n<\/tr>\n<tr>\n<td>24400<\/td>\n<td>Saint-M\u00e9dard-de-Mussidan<\/td>\n<\/tr>\n<tr>\n<td>24270<\/td>\n<td>Saint-Mesmin<\/td>\n<\/tr>\n<tr>\n<td>24400<\/td>\n<td>Saint-Michel-de-Double<\/td>\n<\/tr>\n<tr>\n<td>24380<\/td>\n<td>Saint-Michel-de-Villadeix<\/td>\n<\/tr>\n<tr>\n<td>24530<\/td>\n<td>Saint-Pancrace<\/td>\n<\/tr>\n<tr>\n<td>24640<\/td>\n<td>Saint-Pantaly-d&rsquo;Ans<\/td>\n<\/tr>\n<tr>\n<td>24160<\/td>\n<td>Saint-Pantaly-d&rsquo;Excideuil<\/td>\n<\/tr>\n<tr>\n<td>24600<\/td>\n<td>Saint-Pardoux-de-Dr\u00f4ne<\/td>\n<\/tr>\n<tr>\n<td>24470<\/td>\n<td>Saint-Pardoux-la-Rivi\u00e8re<\/td>\n<\/tr>\n<tr>\n<td>24380<\/td>\n<td>Saint-Paul-de-Serre<\/td>\n<\/tr>\n<tr>\n<td>24800<\/td>\n<td>Saint-Paul-la-Roche<\/td>\n<\/tr>\n<tr>\n<td>24320<\/td>\n<td>Saint-Paul-Lizonne<\/td>\n<\/tr>\n<tr>\n<td>24330<\/td>\n<td>Saint-Pierre-de-Chignac<\/td>\n<\/tr>\n<tr>\n<td>24800<\/td>\n<td>Saint-Pierre-de-C\u00f4le<\/td>\n<\/tr>\n<tr>\n<td>24450<\/td>\n<td>Saint-Pierre-de-Frugie<\/td>\n<\/tr>\n<tr>\n<td>24450<\/td>\n<td>Saint-Priest-les-Foug\u00e8res<\/td>\n<\/tr>\n<tr>\n<td>24410<\/td>\n<td>Saint-Privat-des-Pr\u00e9s<\/td>\n<\/tr>\n<tr>\n<td>24210<\/td>\n<td>Saint-Rabier<\/td>\n<\/tr>\n<tr>\n<td>24160<\/td>\n<td>Saint-Rapha\u00ebl<\/td>\n<\/tr>\n<tr>\n<td>24800<\/td>\n<td>Saint-Romain-et-Saint-Cl\u00e9ment<\/td>\n<\/tr>\n<tr>\n<td>24470<\/td>\n<td>Saint-Saud-Lacoussi\u00e8re<\/td>\n<\/tr>\n<tr>\n<td>24700<\/td>\n<td>Saint-Sauveur-Lalande<\/td>\n<\/tr>\n<tr>\n<td>24190<\/td>\n<td>Saint-S\u00e9verin-d&rsquo;Estissac<\/td>\n<\/tr>\n<tr>\n<td>24800<\/td>\n<td>Saint-Sulpice-d&rsquo;Excideuil<\/td>\n<\/tr>\n<tr>\n<td>24340<\/td>\n<td>Saint-Sulpice-de-Mareuil<\/td>\n<\/tr>\n<tr>\n<td>24600<\/td>\n<td>Saint-Sulpice-de-Roumagnac<\/td>\n<\/tr>\n<tr>\n<td>24350<\/td>\n<td>Saint-Victor<\/td>\n<\/tr>\n<tr>\n<td>24190<\/td>\n<td>Saint-Vincent-de-Connezac<\/td>\n<\/tr>\n<tr>\n<td>24410<\/td>\n<td>Saint-Vincent-Jalmoutiers<\/td>\n<\/tr>\n<tr>\n<td>24420<\/td>\n<td>Saint-Vincent-sur-l&rsquo;Isle<\/td>\n<\/tr>\n<tr>\n<td>24340<\/td>\n<td>Sainte-Croix-de-Mareuil<\/td>\n<\/tr>\n<tr>\n<td>24640<\/td>\n<td>Sainte-Eulalie-d&rsquo;Ans<\/td>\n<\/tr>\n<tr>\n<td>24330<\/td>\n<td>Sainte-Marie-de-Chignac<\/td>\n<\/tr>\n<tr>\n<td>24210<\/td>\n<td>Sainte-Orse<\/td>\n<\/tr>\n<tr>\n<td>24160<\/td>\n<td>Sainte-Trie<\/td>\n<\/tr>\n<tr>\n<td>24160<\/td>\n<td>Salagnac<\/td>\n<\/tr>\n<tr>\n<td>24380<\/td>\n<td>Salon<\/td>\n<\/tr>\n<tr>\n<td>24270<\/td>\n<td>Sarlande<\/td>\n<\/tr>\n<tr>\n<td>24420<\/td>\n<td>Sarliac-sur-l&rsquo;Isle<\/td>\n<\/tr>\n<tr>\n<td>24800<\/td>\n<td>Sarrazac<\/td>\n<\/tr>\n<tr>\n<td>24300<\/td>\n<td>Savignac-de-Nontron<\/td>\n<\/tr>\n<tr>\n<td>24270<\/td>\n<td>Savignac-L\u00e9drier<\/td>\n<\/tr>\n<tr>\n<td>24420<\/td>\n<td>Savignac-les-\u00c9glises<\/td>\n<\/tr>\n<tr>\n<td>24300<\/td>\n<td>Sceau-Saint-Angel<\/td>\n<\/tr>\n<tr>\n<td>24600<\/td>\n<td>Segonzac<\/td>\n<\/tr>\n<tr>\n<td>24310<\/td>\n<td>Sencenac-Puy-de-Fourches<\/td>\n<\/tr>\n<tr>\n<td>24290<\/td>\n<td>Sergeac<\/td>\n<\/tr>\n<tr>\n<td>24410<\/td>\n<td>Servanches<\/td>\n<\/tr>\n<tr>\n<td>24600<\/td>\n<td>Siorac-de-Rib\u00e9rac<\/td>\n<\/tr>\n<tr>\n<td>24420<\/td>\n<td>Sorges<\/td>\n<\/tr>\n<tr>\n<td>24360<\/td>\n<td>Soudat<\/td>\n<\/tr>\n<tr>\n<td>24400<\/td>\n<td>Sourzac<\/td>\n<\/tr>\n<tr>\n<td>24390<\/td>\n<td>Teillots<\/td>\n<\/tr>\n<tr>\n<td>24390<\/td>\n<td>Temple-Laguyon<\/td>\n<\/tr>\n<tr>\n<td>24120<\/td>\n<td>Terrasson-Lavilledieu<\/td>\n<\/tr>\n<tr>\n<td>24300<\/td>\n<td>Teyjat<\/td>\n<\/tr>\n<tr>\n<td>24210<\/td>\n<td>Thenon<\/td>\n<\/tr>\n<tr>\n<td>24800<\/td>\n<td>Thiviers<\/td>\n<\/tr>\n<tr>\n<td>24290<\/td>\n<td>Thonac<\/td>\n<\/tr>\n<tr>\n<td>24350<\/td>\n<td>Tocane-Saint-Apre<\/td>\n<\/tr>\n<tr>\n<td>24390<\/td>\n<td>Tourtoirac<\/td>\n<\/tr>\n<tr>\n<td>24750<\/td>\n<td>Tr\u00e9lissac<\/td>\n<\/tr>\n<tr>\n<td>24310<\/td>\n<td>Valeuil<\/td>\n<\/tr>\n<tr>\n<td>24190<\/td>\n<td>Vallereuil<\/td>\n<\/tr>\n<tr>\n<td>24290<\/td>\n<td>Valojoulx<\/td>\n<\/tr>\n<tr>\n<td>24600<\/td>\n<td>Vanxains<\/td>\n<\/tr>\n<tr>\n<td>24360<\/td>\n<td>Varaignes<\/td>\n<\/tr>\n<tr>\n<td>24800<\/td>\n<td>Vaunac<\/td>\n<\/tr>\n<tr>\n<td>24320<\/td>\n<td>Vendoire<\/td>\n<\/tr>\n<tr>\n<td>24380<\/td>\n<td>Vergt<\/td>\n<\/tr>\n<tr>\n<td>24320<\/td>\n<td>Verteillac<\/td>\n<\/tr>\n<tr>\n<td>24380<\/td>\n<td>Veyrines-de-Vergt<\/td>\n<\/tr>\n<tr>\n<td>24340<\/td>\n<td>Vieux-Mareuil<\/td>\n<\/tr>\n<tr>\n<td>24120<\/td>\n<td>Villac<\/td>\n<\/tr>\n<tr>\n<td>24530<\/td>\n<td>Villars<\/td>\n<\/tr>\n<tr>\n<td>24600<\/td>\n<td>Villetoureix<\/td>\n<\/tr>\n<\/tbody>\n<\/table>\n","protected":false},"excerpt":{"rendered":"<p>Retrouvez sur cette page l&rsquo;int\u00e9gralit\u00e9 des informations concernant le greffe de P\u00e9rigueux situ\u00e9 dans le d\u00e9partement de Dordogne . &nbsp; [&hellip;]<\/p>\n","protected":false},"author":1,"featured_media":0,"parent":1759,"menu_order":0,"comment_status":"closed","ping_status":"closed","template":"","meta":{"inline_featured_image":false,"footnotes":""},"class_list":["post-2006","page","type-page","status-publish","hentry"],"yoast_head":"<!-- This site is optimized with the Yoast SEO plugin v26.8 - https:\/\/yoast.com\/product\/yoast-seo-wordpress\/ -->\n<title>Greffe du tribunal de commerce de P\u00e9rigueux - Actualit\u00e9 des entreprises<\/title>\n<meta name=\"robots\" content=\"index, follow, max-snippet:-1, max-image-preview:large, max-video-preview:-1\" \/>\n<link rel=\"canonical\" href=\"https:\/\/www.annonces-legales.org\/blog\/greffe\/greffe-du-tribunal-de-commerce-de-perigueux\/\" \/>\n<meta property=\"og:locale\" content=\"fr_FR\" \/>\n<meta property=\"og:type\" content=\"article\" \/>\n<meta property=\"og:title\" content=\"Greffe du tribunal de commerce de P\u00e9rigueux - Actualit\u00e9 des entreprises\" \/>\n<meta property=\"og:description\" content=\"Retrouvez sur cette page l&rsquo;int\u00e9gralit\u00e9 des informations concernant le greffe de P\u00e9rigueux situ\u00e9 dans le d\u00e9partement de Dordogne . &nbsp; [&hellip;]\" \/>\n<meta property=\"og:url\" content=\"https:\/\/www.annonces-legales.org\/blog\/greffe\/greffe-du-tribunal-de-commerce-de-perigueux\/\" \/>\n<meta property=\"og:site_name\" content=\"Actualit\u00e9 des entreprises\" \/>\n<meta property=\"article:modified_time\" content=\"2022-01-31T16:14:20+00:00\" \/>\n<meta name=\"twitter:card\" content=\"summary_large_image\" \/>\n<meta name=\"twitter:label1\" content=\"Dur\u00e9e de lecture estim\u00e9e\" \/>\n\t<meta name=\"twitter:data1\" content=\"4 minutes\" \/>\n<script type=\"application\/ld+json\" class=\"yoast-schema-graph\">{\"@context\":\"https:\/\/schema.org\",\"@graph\":[{\"@type\":\"WebPage\",\"@id\":\"https:\/\/www.annonces-legales.org\/blog\/greffe\/greffe-du-tribunal-de-commerce-de-perigueux\/\",\"url\":\"https:\/\/www.annonces-legales.org\/blog\/greffe\/greffe-du-tribunal-de-commerce-de-perigueux\/\",\"name\":\"Greffe du tribunal de commerce de P\u00e9rigueux - Actualit\u00e9 des entreprises\",\"isPartOf\":{\"@id\":\"https:\/\/www.annonces-legales.org\/blog\/#website\"},\"datePublished\":\"2022-01-22T19:57:43+00:00\",\"dateModified\":\"2022-01-31T16:14:20+00:00\",\"breadcrumb\":{\"@id\":\"https:\/\/www.annonces-legales.org\/blog\/greffe\/greffe-du-tribunal-de-commerce-de-perigueux\/#breadcrumb\"},\"inLanguage\":\"fr-FR\",\"potentialAction\":[{\"@type\":\"ReadAction\",\"target\":[\"https:\/\/www.annonces-legales.org\/blog\/greffe\/greffe-du-tribunal-de-commerce-de-perigueux\/\"]}]},{\"@type\":\"BreadcrumbList\",\"@id\":\"https:\/\/www.annonces-legales.org\/blog\/greffe\/greffe-du-tribunal-de-commerce-de-perigueux\/#breadcrumb\",\"itemListElement\":[{\"@type\":\"ListItem\",\"position\":1,\"name\":\"Accueil\",\"item\":\"https:\/\/www.annonces-legales.org\/blog\/\"},{\"@type\":\"ListItem\",\"position\":2,\"name\":\"Liste des Greffes des tribunaux de commerce\",\"item\":\"https:\/\/www.annonces-legales.org\/blog\/greffe\/\"},{\"@type\":\"ListItem\",\"position\":3,\"name\":\"Greffe du tribunal de commerce de P\u00e9rigueux\"}]},{\"@type\":\"WebSite\",\"@id\":\"https:\/\/www.annonces-legales.org\/blog\/#website\",\"url\":\"https:\/\/www.annonces-legales.org\/blog\/\",\"name\":\"Actualit\u00e9 des entreprises\",\"description\":\"\",\"publisher\":{\"@id\":\"https:\/\/www.annonces-legales.org\/blog\/#organization\"},\"potentialAction\":[{\"@type\":\"SearchAction\",\"target\":{\"@type\":\"EntryPoint\",\"urlTemplate\":\"https:\/\/www.annonces-legales.org\/blog\/?s={search_term_string}\"},\"query-input\":{\"@type\":\"PropertyValueSpecification\",\"valueRequired\":true,\"valueName\":\"search_term_string\"}}],\"inLanguage\":\"fr-FR\"},{\"@type\":\"Organization\",\"@id\":\"https:\/\/www.annonces-legales.org\/blog\/#organization\",\"name\":\"Actualit\u00e9 des entreprises\",\"url\":\"https:\/\/www.annonces-legales.org\/blog\/\",\"logo\":{\"@type\":\"ImageObject\",\"inLanguage\":\"fr-FR\",\"@id\":\"https:\/\/www.annonces-legales.org\/blog\/#\/schema\/logo\/image\/\",\"url\":\"https:\/\/www.annonces-legales.org\/blog\/wp-content\/uploads\/2023\/08\/annonces-legales.svg\",\"contentUrl\":\"https:\/\/www.annonces-legales.org\/blog\/wp-content\/uploads\/2023\/08\/annonces-legales.svg\",\"caption\":\"Actualit\u00e9 des entreprises\"},\"image\":{\"@id\":\"https:\/\/www.annonces-legales.org\/blog\/#\/schema\/logo\/image\/\"}}]}<\/script>\n<!-- \/ Yoast SEO plugin. -->","yoast_head_json":{"title":"Greffe du tribunal de commerce de P\u00e9rigueux - Actualit\u00e9 des entreprises","robots":{"index":"index","follow":"follow","max-snippet":"max-snippet:-1","max-image-preview":"max-image-preview:large","max-video-preview":"max-video-preview:-1"},"canonical":"https:\/\/www.annonces-legales.org\/blog\/greffe\/greffe-du-tribunal-de-commerce-de-perigueux\/","og_locale":"fr_FR","og_type":"article","og_title":"Greffe du tribunal de commerce de P\u00e9rigueux - Actualit\u00e9 des entreprises","og_description":"Retrouvez sur cette page l&rsquo;int\u00e9gralit\u00e9 des informations concernant le greffe de P\u00e9rigueux situ\u00e9 dans le d\u00e9partement de Dordogne . &nbsp; [&hellip;]","og_url":"https:\/\/www.annonces-legales.org\/blog\/greffe\/greffe-du-tribunal-de-commerce-de-perigueux\/","og_site_name":"Actualit\u00e9 des entreprises","article_modified_time":"2022-01-31T16:14:20+00:00","twitter_card":"summary_large_image","twitter_misc":{"Dur\u00e9e de lecture estim\u00e9e":"4 minutes"},"schema":{"@context":"https:\/\/schema.org","@graph":[{"@type":"WebPage","@id":"https:\/\/www.annonces-legales.org\/blog\/greffe\/greffe-du-tribunal-de-commerce-de-perigueux\/","url":"https:\/\/www.annonces-legales.org\/blog\/greffe\/greffe-du-tribunal-de-commerce-de-perigueux\/","name":"Greffe du tribunal de commerce de P\u00e9rigueux - Actualit\u00e9 des entreprises","isPartOf":{"@id":"https:\/\/www.annonces-legales.org\/blog\/#website"},"datePublished":"2022-01-22T19:57:43+00:00","dateModified":"2022-01-31T16:14:20+00:00","breadcrumb":{"@id":"https:\/\/www.annonces-legales.org\/blog\/greffe\/greffe-du-tribunal-de-commerce-de-perigueux\/#breadcrumb"},"inLanguage":"fr-FR","potentialAction":[{"@type":"ReadAction","target":["https:\/\/www.annonces-legales.org\/blog\/greffe\/greffe-du-tribunal-de-commerce-de-perigueux\/"]}]},{"@type":"BreadcrumbList","@id":"https:\/\/www.annonces-legales.org\/blog\/greffe\/greffe-du-tribunal-de-commerce-de-perigueux\/#breadcrumb","itemListElement":[{"@type":"ListItem","position":1,"name":"Accueil","item":"https:\/\/www.annonces-legales.org\/blog\/"},{"@type":"ListItem","position":2,"name":"Liste des Greffes des tribunaux de commerce","item":"https:\/\/www.annonces-legales.org\/blog\/greffe\/"},{"@type":"ListItem","position":3,"name":"Greffe du tribunal de commerce de P\u00e9rigueux"}]},{"@type":"WebSite","@id":"https:\/\/www.annonces-legales.org\/blog\/#website","url":"https:\/\/www.annonces-legales.org\/blog\/","name":"Actualit\u00e9 des entreprises","description":"","publisher":{"@id":"https:\/\/www.annonces-legales.org\/blog\/#organization"},"potentialAction":[{"@type":"SearchAction","target":{"@type":"EntryPoint","urlTemplate":"https:\/\/www.annonces-legales.org\/blog\/?s={search_term_string}"},"query-input":{"@type":"PropertyValueSpecification","valueRequired":true,"valueName":"search_term_string"}}],"inLanguage":"fr-FR"},{"@type":"Organization","@id":"https:\/\/www.annonces-legales.org\/blog\/#organization","name":"Actualit\u00e9 des entreprises","url":"https:\/\/www.annonces-legales.org\/blog\/","logo":{"@type":"ImageObject","inLanguage":"fr-FR","@id":"https:\/\/www.annonces-legales.org\/blog\/#\/schema\/logo\/image\/","url":"https:\/\/www.annonces-legales.org\/blog\/wp-content\/uploads\/2023\/08\/annonces-legales.svg","contentUrl":"https:\/\/www.annonces-legales.org\/blog\/wp-content\/uploads\/2023\/08\/annonces-legales.svg","caption":"Actualit\u00e9 des entreprises"},"image":{"@id":"https:\/\/www.annonces-legales.org\/blog\/#\/schema\/logo\/image\/"}}]}},"_links":{"self":[{"href":"https:\/\/www.annonces-legales.org\/blog\/wp-json\/wp\/v2\/pages\/2006","targetHints":{"allow":["GET"]}}],"collection":[{"href":"https:\/\/www.annonces-legales.org\/blog\/wp-json\/wp\/v2\/pages"}],"about":[{"href":"https:\/\/www.annonces-legales.org\/blog\/wp-json\/wp\/v2\/types\/page"}],"author":[{"embeddable":true,"href":"https:\/\/www.annonces-legales.org\/blog\/wp-json\/wp\/v2\/users\/1"}],"replies":[{"embeddable":true,"href":"https:\/\/www.annonces-legales.org\/blog\/wp-json\/wp\/v2\/comments?post=2006"}],"version-history":[{"count":4,"href":"https:\/\/www.annonces-legales.org\/blog\/wp-json\/wp\/v2\/pages\/2006\/revisions"}],"predecessor-version":[{"id":2487,"href":"https:\/\/www.annonces-legales.org\/blog\/wp-json\/wp\/v2\/pages\/2006\/revisions\/2487"}],"up":[{"embeddable":true,"href":"https:\/\/www.annonces-legales.org\/blog\/wp-json\/wp\/v2\/pages\/1759"}],"wp:attachment":[{"href":"https:\/\/www.annonces-legales.org\/blog\/wp-json\/wp\/v2\/media?parent=2006"}],"curies":[{"name":"wp","href":"https:\/\/api.w.org\/{rel}","templated":true}]}}