{"id":2018,"date":"2022-01-22T21:00:22","date_gmt":"2022-01-22T20:00:22","guid":{"rendered":"https:\/\/www.annonces-legales.org\/blog\/?page_id=2018"},"modified":"2022-01-31T18:47:44","modified_gmt":"2022-01-31T17:47:44","slug":"greffe-du-tribunal-de-commerce-de-reims","status":"publish","type":"page","link":"https:\/\/www.annonces-legales.org\/blog\/greffe\/greffe-du-tribunal-de-commerce-de-reims\/","title":{"rendered":"Greffe du tribunal de commerce de Reims"},"content":{"rendered":"<p><img loading=\"lazy\" decoding=\"async\" class=\"alignright wp-image-2423\" src=\"https:\/\/www.annonces-legales.org\/blog\/wp-content\/uploads\/2022\/01\/tribunal-150x150.png\" alt=\"\" width=\"76\" height=\"76\" \/>Vous cr\u00e9ez une structure dans le d\u00e9partement de la Marne ? Vous allez certainement joindre le <strong>greffe de Reims<\/strong> afin d&rsquo;effectuer les d\u00e9marches administratives de constitution de votre soci\u00e9t\u00e9 ou des formalit\u00e9s relatives \u00e0 des alt\u00e9rations dans votre structure.<\/p>\n<p>&nbsp;<\/p>\n<h2>Contacter le greffe du TC de Reims<\/h2>\n<p>Adresse postale: <strong>55-57, Rue Thiers 51724 REIMS CEDEX<\/strong><\/p>\n<p><div class=\"leaflet-map WPLeafletMap\" style=\"height:250px; width:100%;\"><\/div><script>\nwindow.WPLeafletMapPlugin = window.WPLeafletMapPlugin || [];\nwindow.WPLeafletMapPlugin.push(function WPLeafletMapShortcode() {\/*<script>*\/\nvar baseUrl = atob('aHR0cHM6Ly97c30udGlsZS5vcGVuc3RyZWV0bWFwLm9yZy97en0ve3h9L3t5fS5wbmc=');\nvar base = (!baseUrl && window.MQ) ?\n    window.MQ.mapLayer() : L.tileLayer(baseUrl,\n        L.Util.extend({}, {\n            detectRetina: 0,\n        },\n        {\"subdomains\":\"abc\",\"noWrap\":false,\"maxZoom\":20}        )\n    );\n    var options = L.Util.extend({}, {\n        layers: [base],\n        attributionControl: false\n    },\n    {\"zoomControl\":true,\"scrollWheelZoom\":false,\"doubleClickZoom\":false,\"fitBounds\":false,\"minZoom\":0,\"maxZoom\":20,\"maxBounds\":null,\"attribution\":\"\"},\n    {});\nwindow.WPLeafletMapPlugin.createMap(options).setView([49.254424,4.031639],17);});<\/script> <script>\nwindow.WPLeafletMapPlugin = window.WPLeafletMapPlugin || [];\nwindow.WPLeafletMapPlugin.push(function WPLeafletMarkerShortcode() {\/*<script>*\/\nvar map = window.WPLeafletMapPlugin.getCurrentMap();\nvar group = window.WPLeafletMapPlugin.getCurrentGroup();\nvar marker_options = window.WPLeafletMapPlugin.getIconOptions({});\nvar marker = L.marker(\n    [0,0],\n    marker_options\n);\nvar is_image = map.is_image_map;\n    marker.setLatLng( map.getCenter() );\nif (marker_options.draggable) {\n    marker.on('dragend', function () {\n        var latlng = this.getLatLng();\n        var lat = latlng.lat;\n        var lng = latlng.lng;\n        if (is_image) {\n            console.log('leaflet-marker y=' + lat + ' x=' + lng);\n        } else {\n            console.log('leaflet-marker lat=' + lat + ' lng=' + lng);\n        }\n    });\n}\nmarker.addTo( group );\nmarker.bindPopup(window.WPLeafletMapPlugin.unescape(' Greffe du tribunal de commerce de Reims ')).openPopup();window.WPLeafletMapPlugin.markers.push( marker );\n        });<\/script><\/p>\n<p>Num\u00e9ro :<strong> 03 26 88 30 66<\/strong><br \/>\nPage internet : <em>www.greffe-tc-reims.fr<\/em><\/p>\n<p>&nbsp;<\/p>\n<h2>Heures d&rsquo;ouverture<\/h2>\n<p>Les horaires d&rsquo;ouverture du greffe de Reims sont :<br \/>\n09h30 \u00e0 12h00 et 13h30 \u00e0 16h00.<\/p>\n<p>&nbsp;<\/p>\n<h2>Ressort du greffe de Reims<\/h2>\n<p>Les villes suivantes doivent utiliser le greffe du TC de Reims pour leurs formalit\u00e9s commerciales.<\/p>\n<table class=\"tg table-striped container-fluid\">\n<tbody>\n<tr>\n<th>Code postal<\/th>\n<th>Commune<\/th>\n<\/tr>\n<tr>\n<td>51260<\/td>\n<td>Allemanche-Launay-et-Soyer<\/td>\n<\/tr>\n<tr>\n<td>51120<\/td>\n<td>Allemant<\/td>\n<\/tr>\n<tr>\n<td>51150<\/td>\n<td>Ambonnay<\/td>\n<\/tr>\n<tr>\n<td>51260<\/td>\n<td>Anglure<\/td>\n<\/tr>\n<tr>\n<td>51230<\/td>\n<td>Angluzelles-et-Courcelles<\/td>\n<\/tr>\n<tr>\n<td>51700<\/td>\n<td>Anthenay<\/td>\n<\/tr>\n<tr>\n<td>51170<\/td>\n<td>Aougny<\/td>\n<\/tr>\n<tr>\n<td>51170<\/td>\n<td>Arcis-le-Ponsart<\/td>\n<\/tr>\n<tr>\n<td>51600<\/td>\n<td>Aub\u00e9rive<\/td>\n<\/tr>\n<tr>\n<td>51170<\/td>\n<td>Aubilly<\/td>\n<\/tr>\n<tr>\n<td>51220<\/td>\n<td>Aum\u00e9nancourt<\/td>\n<\/tr>\n<tr>\n<td>51160<\/td>\n<td>Avenay-Val-d&rsquo;Or<\/td>\n<\/tr>\n<tr>\n<td>51190<\/td>\n<td>Avize<\/td>\n<\/tr>\n<tr>\n<td>51160<\/td>\n<td>Ay<\/td>\n<\/tr>\n<tr>\n<td>51400<\/td>\n<td>Baconnes<\/td>\n<\/tr>\n<tr>\n<td>51260<\/td>\n<td>Bagneux<\/td>\n<\/tr>\n<tr>\n<td>51270<\/td>\n<td>Bannay<\/td>\n<\/tr>\n<tr>\n<td>51230<\/td>\n<td>Bannes<\/td>\n<\/tr>\n<tr>\n<td>51120<\/td>\n<td>Barbonne-Fayel<\/td>\n<\/tr>\n<tr>\n<td>51170<\/td>\n<td>Baslieux-l\u00e8s-Fismes<\/td>\n<\/tr>\n<tr>\n<td>51700<\/td>\n<td>Baslieux-sous-Ch\u00e2tillon<\/td>\n<\/tr>\n<tr>\n<td>51260<\/td>\n<td>Baudement<\/td>\n<\/tr>\n<tr>\n<td>51270<\/td>\n<td>Baye<\/td>\n<\/tr>\n<tr>\n<td>51110<\/td>\n<td>Bazancourt<\/td>\n<\/tr>\n<tr>\n<td>51360<\/td>\n<td>Beaumont-sur-Vesle<\/td>\n<\/tr>\n<tr>\n<td>51270<\/td>\n<td>Beaunay<\/td>\n<\/tr>\n<tr>\n<td>51110<\/td>\n<td>Beine-Nauroy<\/td>\n<\/tr>\n<tr>\n<td>51200<\/td>\n<td>Belval-sous-Ch\u00e2tillon<\/td>\n<\/tr>\n<tr>\n<td>51210<\/td>\n<td>Berg\u00e8res-sous-Montmirail<\/td>\n<\/tr>\n<tr>\n<td>51220<\/td>\n<td>Berm\u00e9ricourt<\/td>\n<\/tr>\n<tr>\n<td>51110<\/td>\n<td>Berru<\/td>\n<\/tr>\n<tr>\n<td>51110<\/td>\n<td>B\u00e9theniville<\/td>\n<\/tr>\n<tr>\n<td>51450<\/td>\n<td>B\u00e9theny<\/td>\n<\/tr>\n<tr>\n<td>51260<\/td>\n<td>Bethon<\/td>\n<\/tr>\n<tr>\n<td>51500<\/td>\n<td>Bezannes<\/td>\n<\/tr>\n<tr>\n<td>51700<\/td>\n<td>Binson-et-Orquigny<\/td>\n<\/tr>\n<tr>\n<td>51150<\/td>\n<td>Bisseuil<\/td>\n<\/tr>\n<tr>\n<td>51170<\/td>\n<td>Bligny<\/td>\n<\/tr>\n<tr>\n<td>51210<\/td>\n<td>Boissy-le-Repos<\/td>\n<\/tr>\n<tr>\n<td>51310<\/td>\n<td>Bouchy-Saint-Genest<\/td>\n<\/tr>\n<tr>\n<td>51390<\/td>\n<td>Bouilly<\/td>\n<\/tr>\n<tr>\n<td>51170<\/td>\n<td>Bouleuse<\/td>\n<\/tr>\n<tr>\n<td>51110<\/td>\n<td>Boult-sur-Suippe<\/td>\n<\/tr>\n<tr>\n<td>51220<\/td>\n<td>Bourgogne<\/td>\n<\/tr>\n<tr>\n<td>51200<\/td>\n<td>Boursault<\/td>\n<\/tr>\n<tr>\n<td>51140<\/td>\n<td>Bouvancourt<\/td>\n<\/tr>\n<tr>\n<td>51150<\/td>\n<td>Bouzy<\/td>\n<\/tr>\n<tr>\n<td>51140<\/td>\n<td>Branscourt<\/td>\n<\/tr>\n<tr>\n<td>51140<\/td>\n<td>Breuil<\/td>\n<\/tr>\n<tr>\n<td>51220<\/td>\n<td>Brimont<\/td>\n<\/tr>\n<tr>\n<td>51170<\/td>\n<td>Brouillet<\/td>\n<\/tr>\n<tr>\n<td>51230<\/td>\n<td>Broussy-le-Grand<\/td>\n<\/tr>\n<tr>\n<td>51230<\/td>\n<td>Broussy-le-Petit<\/td>\n<\/tr>\n<tr>\n<td>51120<\/td>\n<td>Broyes<\/td>\n<\/tr>\n<tr>\n<td>51200<\/td>\n<td>Brugny-Vaudancourt<\/td>\n<\/tr>\n<tr>\n<td>51110<\/td>\n<td>Caurel<\/td>\n<\/tr>\n<tr>\n<td>51220<\/td>\n<td>Cauroy-l\u00e8s-Hermonville<\/td>\n<\/tr>\n<tr>\n<td>51420<\/td>\n<td>Cernay-l\u00e8s-Reims<\/td>\n<\/tr>\n<tr>\n<td>51140<\/td>\n<td>Ch\u00e2lons-sur-Vesle<\/td>\n<\/tr>\n<tr>\n<td>51130<\/td>\n<td>Chaltrait<\/td>\n<\/tr>\n<tr>\n<td>51170<\/td>\n<td>Chambrecy<\/td>\n<\/tr>\n<tr>\n<td>51500<\/td>\n<td>Chamery<\/td>\n<\/tr>\n<tr>\n<td>51270<\/td>\n<td>Champaubert<\/td>\n<\/tr>\n<tr>\n<td>51500<\/td>\n<td>Champfleury<\/td>\n<\/tr>\n<tr>\n<td>51310<\/td>\n<td>Champguyon<\/td>\n<\/tr>\n<tr>\n<td>51370<\/td>\n<td>Champigny<\/td>\n<\/tr>\n<tr>\n<td>51160<\/td>\n<td>Champillon<\/td>\n<\/tr>\n<tr>\n<td>51200<\/td>\n<td>Champlat-et-Boujacourt<\/td>\n<\/tr>\n<tr>\n<td>51700<\/td>\n<td>Champvoisy<\/td>\n<\/tr>\n<tr>\n<td>51260<\/td>\n<td>Chantemerle<\/td>\n<\/tr>\n<tr>\n<td>51120<\/td>\n<td>Charleville<\/td>\n<\/tr>\n<tr>\n<td>51700<\/td>\n<td>Ch\u00e2tillon-sur-Marne<\/td>\n<\/tr>\n<tr>\n<td>51310<\/td>\n<td>Ch\u00e2tillon-sur-Morin<\/td>\n<\/tr>\n<tr>\n<td>51170<\/td>\n<td>Chaumuzy<\/td>\n<\/tr>\n<tr>\n<td>51200<\/td>\n<td>Chavot-Courcourt<\/td>\n<\/tr>\n<tr>\n<td>51140<\/td>\n<td>Chenay<\/td>\n<\/tr>\n<tr>\n<td>51120<\/td>\n<td>Chichey<\/td>\n<\/tr>\n<tr>\n<td>51500<\/td>\n<td>Chigny-les-Roses<\/td>\n<\/tr>\n<tr>\n<td>51200<\/td>\n<td>Chouilly<\/td>\n<\/tr>\n<tr>\n<td>51260<\/td>\n<td>Clesles<\/td>\n<\/tr>\n<tr>\n<td>51270<\/td>\n<td>Coizard-Joches<\/td>\n<\/tr>\n<tr>\n<td>51260<\/td>\n<td>Conflans-sur-Seine<\/td>\n<\/tr>\n<tr>\n<td>51270<\/td>\n<td>Congy<\/td>\n<\/tr>\n<tr>\n<td>51230<\/td>\n<td>Connantray-Vaurefroy<\/td>\n<\/tr>\n<tr>\n<td>51230<\/td>\n<td>Connantre<\/td>\n<\/tr>\n<tr>\n<td>51210<\/td>\n<td>Corf\u00e9lix<\/td>\n<\/tr>\n<tr>\n<td>51220<\/td>\n<td>Cormicy<\/td>\n<\/tr>\n<tr>\n<td>51350<\/td>\n<td>Cormontreuil<\/td>\n<\/tr>\n<tr>\n<td>51160<\/td>\n<td>Cormoyeux<\/td>\n<\/tr>\n<tr>\n<td>51270<\/td>\n<td>Corribert<\/td>\n<\/tr>\n<tr>\n<td>51210<\/td>\n<td>Corrobert<\/td>\n<\/tr>\n<tr>\n<td>51230<\/td>\n<td>Corroy<\/td>\n<\/tr>\n<tr>\n<td>51390<\/td>\n<td>Coulommes-la-Montagne<\/td>\n<\/tr>\n<tr>\n<td>51140<\/td>\n<td>Courcelles-Sapicourt<\/td>\n<\/tr>\n<tr>\n<td>51260<\/td>\n<td>Courcemain<\/td>\n<\/tr>\n<tr>\n<td>51220<\/td>\n<td>Courcy<\/td>\n<\/tr>\n<tr>\n<td>51310<\/td>\n<td>Courgivaux<\/td>\n<\/tr>\n<tr>\n<td>51270<\/td>\n<td>Courjeonnet<\/td>\n<\/tr>\n<tr>\n<td>51170<\/td>\n<td>Courlandon<\/td>\n<\/tr>\n<tr>\n<td>51390<\/td>\n<td>Courmas<\/td>\n<\/tr>\n<tr>\n<td>51160<\/td>\n<td>Courtagnon<\/td>\n<\/tr>\n<tr>\n<td>51700<\/td>\n<td>Courthi\u00e9zy<\/td>\n<\/tr>\n<tr>\n<td>51170<\/td>\n<td>Courville<\/td>\n<\/tr>\n<tr>\n<td>51200<\/td>\n<td>Cramant<\/td>\n<\/tr>\n<tr>\n<td>51170<\/td>\n<td>Crugny<\/td>\n<\/tr>\n<tr>\n<td>51200<\/td>\n<td>Cuchery<\/td>\n<\/tr>\n<tr>\n<td>51200<\/td>\n<td>Cuis<\/td>\n<\/tr>\n<tr>\n<td>51700<\/td>\n<td>Cuisles<\/td>\n<\/tr>\n<tr>\n<td>51200<\/td>\n<td>Cumi\u00e8res<\/td>\n<\/tr>\n<tr>\n<td>51200<\/td>\n<td>Damery<\/td>\n<\/tr>\n<tr>\n<td>51200<\/td>\n<td>Dizy<\/td>\n<\/tr>\n<tr>\n<td>51600<\/td>\n<td>Dontrien<\/td>\n<\/tr>\n<tr>\n<td>51700<\/td>\n<td>Dormans<\/td>\n<\/tr>\n<tr>\n<td>51300<\/td>\n<td>\u00c9criennes<\/td>\n<\/tr>\n<tr>\n<td>51500<\/td>\n<td>\u00c9cueil<\/td>\n<\/tr>\n<tr>\n<td>51200<\/td>\n<td>\u00c9pernay<\/td>\n<\/tr>\n<tr>\n<td>51110<\/td>\n<td>\u00c9poye<\/td>\n<\/tr>\n<tr>\n<td>51310<\/td>\n<td>Escardes<\/td>\n<\/tr>\n<tr>\n<td>51260<\/td>\n<td>Esclavolles-Lurey<\/td>\n<\/tr>\n<tr>\n<td>51310<\/td>\n<td>Esternay<\/td>\n<\/tr>\n<tr>\n<td>51270<\/td>\n<td>\u00c9toges<\/td>\n<\/tr>\n<tr>\n<td>51230<\/td>\n<td>Euvy<\/td>\n<\/tr>\n<tr>\n<td>51230<\/td>\n<td>Faux-Fresnay<\/td>\n<\/tr>\n<tr>\n<td>51170<\/td>\n<td>Faverolles-et-Co\u00ebmy<\/td>\n<\/tr>\n<tr>\n<td>51230<\/td>\n<td>F\u00e8re-Champenoise<\/td>\n<\/tr>\n<tr>\n<td>51270<\/td>\n<td>F\u00e8rebrianges<\/td>\n<\/tr>\n<tr>\n<td>51200<\/td>\n<td>Festigny<\/td>\n<\/tr>\n<tr>\n<td>51170<\/td>\n<td>Fismes<\/td>\n<\/tr>\n<tr>\n<td>51190<\/td>\n<td>Flavigny<\/td>\n<\/tr>\n<tr>\n<td>51200<\/td>\n<td>Fleury-la-Rivi\u00e8re<\/td>\n<\/tr>\n<tr>\n<td>51120<\/td>\n<td>Fontaine-Denis-Nuisy<\/td>\n<\/tr>\n<tr>\n<td>51160<\/td>\n<td>Fontaine-sur-Ay<\/td>\n<\/tr>\n<tr>\n<td>51220<\/td>\n<td>Fresne-l\u00e8s-Reims<\/td>\n<\/tr>\n<tr>\n<td>51210<\/td>\n<td>Fromenti\u00e8res<\/td>\n<\/tr>\n<tr>\n<td>51120<\/td>\n<td>Gaye<\/td>\n<\/tr>\n<tr>\n<td>51160<\/td>\n<td>Germaine<\/td>\n<\/tr>\n<tr>\n<td>51390<\/td>\n<td>Germigny<\/td>\n<\/tr>\n<tr>\n<td>51130<\/td>\n<td>Gionges<\/td>\n<\/tr>\n<tr>\n<td>51230<\/td>\n<td>Gourgan\u00e7on<\/td>\n<\/tr>\n<tr>\n<td>51260<\/td>\n<td>Granges-sur-Aube<\/td>\n<\/tr>\n<tr>\n<td>51190<\/td>\n<td>Grauves<\/td>\n<\/tr>\n<tr>\n<td>51390<\/td>\n<td>Gueux<\/td>\n<\/tr>\n<tr>\n<td>51320<\/td>\n<td>Haussimont<\/td>\n<\/tr>\n<tr>\n<td>51160<\/td>\n<td>Hautvillers<\/td>\n<\/tr>\n<tr>\n<td>51220<\/td>\n<td>Hermonville<\/td>\n<\/tr>\n<tr>\n<td>51110<\/td>\n<td>Heutr\u00e9giville<\/td>\n<\/tr>\n<tr>\n<td>51140<\/td>\n<td>Hourges<\/td>\n<\/tr>\n<tr>\n<td>51700<\/td>\n<td>Igny-Comblizy<\/td>\n<\/tr>\n<tr>\n<td>51110<\/td>\n<td>Isles-sur-Suippe<\/td>\n<\/tr>\n<tr>\n<td>51210<\/td>\n<td>Janvilliers<\/td>\n<\/tr>\n<tr>\n<td>51390<\/td>\n<td>Janvry<\/td>\n<\/tr>\n<tr>\n<td>51310<\/td>\n<td>Joiselle<\/td>\n<\/tr>\n<tr>\n<td>51140<\/td>\n<td>Jonchery-sur-Vesle<\/td>\n<\/tr>\n<tr>\n<td>51700<\/td>\n<td>Jonquery<\/td>\n<\/tr>\n<tr>\n<td>51390<\/td>\n<td>Jouy-l\u00e8s-Reims<\/td>\n<\/tr>\n<tr>\n<td>51270<\/td>\n<td>La Caure<\/td>\n<\/tr>\n<tr>\n<td>51260<\/td>\n<td>La Celle-sous-Chantemerle<\/td>\n<\/tr>\n<tr>\n<td>51260<\/td>\n<td>La Chapelle-Lasson<\/td>\n<\/tr>\n<tr>\n<td>51270<\/td>\n<td>La Chapelle-sous-Orbais<\/td>\n<\/tr>\n<tr>\n<td>51120<\/td>\n<td>La Foresti\u00e8re<\/td>\n<\/tr>\n<tr>\n<td>51200<\/td>\n<td>La Neuville-aux-Larris<\/td>\n<\/tr>\n<tr>\n<td>51310<\/td>\n<td>La Noue<\/td>\n<\/tr>\n<tr>\n<td>51270<\/td>\n<td>La Ville-sous-Orbais<\/td>\n<\/tr>\n<tr>\n<td>51120<\/td>\n<td>La Villeneuve-l\u00e8s-Charleville<\/td>\n<\/tr>\n<tr>\n<td>51120<\/td>\n<td>Lachy<\/td>\n<\/tr>\n<tr>\n<td>51170<\/td>\n<td>Lagery<\/td>\n<\/tr>\n<tr>\n<td>51110<\/td>\n<td>Lavannes<\/td>\n<\/tr>\n<tr>\n<td>51270<\/td>\n<td>Le Baizil<\/td>\n<\/tr>\n<tr>\n<td>51210<\/td>\n<td>Le Breuil<\/td>\n<\/tr>\n<tr>\n<td>51210<\/td>\n<td>Le Gault-Soigny<\/td>\n<\/tr>\n<tr>\n<td>51120<\/td>\n<td>Le Meix-Saint-Epoing<\/td>\n<\/tr>\n<tr>\n<td>51190<\/td>\n<td>Le Mesnil-sur-Oger<\/td>\n<\/tr>\n<tr>\n<td>51210<\/td>\n<td>Le Thoult-Trosnay<\/td>\n<\/tr>\n<tr>\n<td>51210<\/td>\n<td>Le V\u00e9zier<\/td>\n<\/tr>\n<tr>\n<td>51230<\/td>\n<td>Lenharr\u00e9e<\/td>\n<\/tr>\n<tr>\n<td>51310<\/td>\n<td>Les Essarts-le-Vicomte<\/td>\n<\/tr>\n<tr>\n<td>51120<\/td>\n<td>Les Essarts-l\u00e8s-S\u00e9zanne<\/td>\n<\/tr>\n<tr>\n<td>51130<\/td>\n<td>Les Istres-et-Bury<\/td>\n<\/tr>\n<tr>\n<td>51370<\/td>\n<td>Les Mesneux<\/td>\n<\/tr>\n<tr>\n<td>51400<\/td>\n<td>Les Petites-Loges<\/td>\n<\/tr>\n<tr>\n<td>51200<\/td>\n<td>Leuvrigny<\/td>\n<\/tr>\n<tr>\n<td>51170<\/td>\n<td>Lh\u00e9ry<\/td>\n<\/tr>\n<tr>\n<td>51230<\/td>\n<td>Linthelles<\/td>\n<\/tr>\n<tr>\n<td>51230<\/td>\n<td>Linthes<\/td>\n<\/tr>\n<tr>\n<td>51220<\/td>\n<td>Loivre<\/td>\n<\/tr>\n<tr>\n<td>51160<\/td>\n<td>Louvois<\/td>\n<\/tr>\n<tr>\n<td>51500<\/td>\n<td>Ludes<\/td>\n<\/tr>\n<tr>\n<td>51200<\/td>\n<td>Magenta<\/td>\n<\/tr>\n<tr>\n<td>51170<\/td>\n<td>Magneux<\/td>\n<\/tr>\n<tr>\n<td>51500<\/td>\n<td>Mailly-Champagne<\/td>\n<\/tr>\n<tr>\n<td>51200<\/td>\n<td>Mancy<\/td>\n<\/tr>\n<tr>\n<td>51260<\/td>\n<td>Marcilly-sur-Seine<\/td>\n<\/tr>\n<tr>\n<td>51200<\/td>\n<td>Mardeuil<\/td>\n<\/tr>\n<tr>\n<td>51270<\/td>\n<td>Mareuil-en-Brie<\/td>\n<\/tr>\n<tr>\n<td>51700<\/td>\n<td>Mareuil-le-Port<\/td>\n<\/tr>\n<tr>\n<td>51160<\/td>\n<td>Mareuil-sur-Ay<\/td>\n<\/tr>\n<tr>\n<td>51170<\/td>\n<td>Marfaux<\/td>\n<\/tr>\n<tr>\n<td>51210<\/td>\n<td>Margny<\/td>\n<\/tr>\n<tr>\n<td>51230<\/td>\n<td>Marigny<\/td>\n<\/tr>\n<tr>\n<td>51260<\/td>\n<td>Marsangis<\/td>\n<\/tr>\n<tr>\n<td>51210<\/td>\n<td>M\u00e9cringes<\/td>\n<\/tr>\n<tr>\n<td>51220<\/td>\n<td>Merfy<\/td>\n<\/tr>\n<tr>\n<td>51390<\/td>\n<td>M\u00e9ry-Pr\u00e9mecy<\/td>\n<\/tr>\n<tr>\n<td>51120<\/td>\n<td>Mondement-Montgivroux<\/td>\n<\/tr>\n<tr>\n<td>51170<\/td>\n<td>Mont-sur-Courville<\/td>\n<\/tr>\n<tr>\n<td>51500<\/td>\n<td>Montbr\u00e9<\/td>\n<\/tr>\n<tr>\n<td>51320<\/td>\n<td>Mont\u00e9preux<\/td>\n<\/tr>\n<tr>\n<td>51260<\/td>\n<td>Montgenost<\/td>\n<\/tr>\n<tr>\n<td>51200<\/td>\n<td>Monthelon<\/td>\n<\/tr>\n<tr>\n<td>51140<\/td>\n<td>Montigny-sur-Vesle<\/td>\n<\/tr>\n<tr>\n<td>51210<\/td>\n<td>Montmirail<\/td>\n<\/tr>\n<tr>\n<td>51270<\/td>\n<td>Montmort-Lucy<\/td>\n<\/tr>\n<tr>\n<td>51200<\/td>\n<td>Morangis<\/td>\n<\/tr>\n<tr>\n<td>51210<\/td>\n<td>Morsains<\/td>\n<\/tr>\n<tr>\n<td>51200<\/td>\n<td>Moslins<\/td>\n<\/tr>\n<tr>\n<td>51200<\/td>\n<td>Moussy<\/td>\n<\/tr>\n<tr>\n<td>51140<\/td>\n<td>Muizon<\/td>\n<\/tr>\n<tr>\n<td>51160<\/td>\n<td>Mutigny<\/td>\n<\/tr>\n<tr>\n<td>51120<\/td>\n<td>M?urs-Verdey<\/td>\n<\/tr>\n<tr>\n<td>51160<\/td>\n<td>Nanteuil-la-For\u00eat<\/td>\n<\/tr>\n<tr>\n<td>51120<\/td>\n<td>Nesle-la-Reposte<\/td>\n<\/tr>\n<tr>\n<td>51700<\/td>\n<td>Nesle-le-Repons<\/td>\n<\/tr>\n<tr>\n<td>51310<\/td>\n<td>Neuvy<\/td>\n<\/tr>\n<tr>\n<td>51110<\/td>\n<td>Nogent-l&rsquo;Abbesse<\/td>\n<\/tr>\n<tr>\n<td>51190<\/td>\n<td>Oger<\/td>\n<\/tr>\n<tr>\n<td>51230<\/td>\n<td>Ognes<\/td>\n<\/tr>\n<tr>\n<td>51200<\/td>\n<td>Oiry<\/td>\n<\/tr>\n<tr>\n<td>51700<\/td>\n<td>Olizy<\/td>\n<\/tr>\n<tr>\n<td>51270<\/td>\n<td>Orbais-l&rsquo;Abbaye<\/td>\n<\/tr>\n<tr>\n<td>51370<\/td>\n<td>Ormes<\/td>\n<\/tr>\n<tr>\n<td>51120<\/td>\n<td>Oyes<\/td>\n<\/tr>\n<tr>\n<td>51390<\/td>\n<td>Pargny-l\u00e8s-Reims<\/td>\n<\/tr>\n<tr>\n<td>51700<\/td>\n<td>Passy-Grigny<\/td>\n<\/tr>\n<tr>\n<td>51120<\/td>\n<td>P\u00e9as<\/td>\n<\/tr>\n<tr>\n<td>51140<\/td>\n<td>P\u00e9vy<\/td>\n<\/tr>\n<tr>\n<td>51200<\/td>\n<td>Pierry<\/td>\n<\/tr>\n<tr>\n<td>51230<\/td>\n<td>Pleurs<\/td>\n<\/tr>\n<tr>\n<td>51150<\/td>\n<td>Plivot<\/td>\n<\/tr>\n<tr>\n<td>51170<\/td>\n<td>Poilly<\/td>\n<\/tr>\n<tr>\n<td>51110<\/td>\n<td>Pomacle<\/td>\n<\/tr>\n<tr>\n<td>51110<\/td>\n<td>Pontfaverger-Moronvilliers<\/td>\n<\/tr>\n<tr>\n<td>51260<\/td>\n<td>Potangis<\/td>\n<\/tr>\n<tr>\n<td>51220<\/td>\n<td>Pouillon<\/td>\n<\/tr>\n<tr>\n<td>51160<\/td>\n<td>Pourcy<\/td>\n<\/tr>\n<tr>\n<td>51400<\/td>\n<td>Prosnes<\/td>\n<\/tr>\n<tr>\n<td>51140<\/td>\n<td>Prouilly<\/td>\n<\/tr>\n<tr>\n<td>51360<\/td>\n<td>Prunay<\/td>\n<\/tr>\n<tr>\n<td>51500<\/td>\n<td>Puisieulx<\/td>\n<\/tr>\n<tr>\n<td>51120<\/td>\n<td>Queudes<\/td>\n<\/tr>\n<tr>\n<td>51100<\/td>\n<\/tr>\n<tr>\n<td>51200<\/td>\n<td>Reuil<\/td>\n<\/tr>\n<tr>\n<td>51120<\/td>\n<td>Reuves<\/td>\n<\/tr>\n<tr>\n<td>51310<\/td>\n<td>R\u00e9veillon<\/td>\n<\/tr>\n<tr>\n<td>51210<\/td>\n<td>Rieux<\/td>\n<\/tr>\n<tr>\n<td>51500<\/td>\n<td>Rilly-la-Montagne<\/td>\n<\/tr>\n<tr>\n<td>51140<\/td>\n<td>Romain<\/td>\n<\/tr>\n<tr>\n<td>51160<\/td>\n<td>Romery<\/td>\n<\/tr>\n<tr>\n<td>51170<\/td>\n<td>Romigny<\/td>\n<\/tr>\n<tr>\n<td>51390<\/td>\n<td>Rosnay<\/td>\n<\/tr>\n<tr>\n<td>51500<\/td>\n<td>Sacy<\/td>\n<\/tr>\n<tr>\n<td>51310<\/td>\n<td>Saint-Bon<\/td>\n<\/tr>\n<tr>\n<td>51370<\/td>\n<td>Saint-Brice-Courcelles<\/td>\n<\/tr>\n<tr>\n<td>51220<\/td>\n<td>Saint-\u00c9tienne-sur-Suippe<\/td>\n<\/tr>\n<tr>\n<td>51390<\/td>\n<td>Saint-Euphraise-et-Clairizet<\/td>\n<\/tr>\n<tr>\n<td>51170<\/td>\n<td>Saint-Gilles<\/td>\n<\/tr>\n<tr>\n<td>51600<\/td>\n<td>Saint-Hilaire-le-Petit<\/td>\n<\/tr>\n<tr>\n<td>51160<\/td>\n<td>Saint-Imoges<\/td>\n<\/tr>\n<tr>\n<td>51260<\/td>\n<td>Saint-Just-Sauvage<\/td>\n<\/tr>\n<tr>\n<td>51500<\/td>\n<td>Saint-L\u00e9onard<\/td>\n<\/tr>\n<tr>\n<td>51120<\/td>\n<td>Saint-Loup<\/td>\n<\/tr>\n<tr>\n<td>51200<\/td>\n<td>Saint-Martin-d&rsquo;Ablois<\/td>\n<\/tr>\n<tr>\n<td>51600<\/td>\n<td>Saint-Martin-l&rsquo;Heureux<\/td>\n<\/tr>\n<tr>\n<td>51110<\/td>\n<td>Saint-Masmes<\/td>\n<\/tr>\n<tr>\n<td>51120<\/td>\n<td>Saint-Quentin-le-Verger<\/td>\n<\/tr>\n<tr>\n<td>51120<\/td>\n<td>Saint-Remy-sous-Broyes<\/td>\n<\/tr>\n<tr>\n<td>51260<\/td>\n<td>Saint-Saturnin<\/td>\n<\/tr>\n<tr>\n<td>51600<\/td>\n<td>Saint-Souplet-sur-Py<\/td>\n<\/tr>\n<tr>\n<td>51220<\/td>\n<td>Saint-Thierry<\/td>\n<\/tr>\n<tr>\n<td>51700<\/td>\n<td>Sainte-Gemme<\/td>\n<\/tr>\n<tr>\n<td>51170<\/td>\n<td>Sarcy<\/td>\n<\/tr>\n<tr>\n<td>51260<\/td>\n<td>Saron-sur-Aube<\/td>\n<\/tr>\n<tr>\n<td>51120<\/td>\n<td>Saudoy<\/td>\n<\/tr>\n<tr>\n<td>51140<\/td>\n<td>Savigny-sur-Ardres<\/td>\n<\/tr>\n<tr>\n<td>51110<\/td>\n<td>Selles<\/td>\n<\/tr>\n<tr>\n<td>51400<\/td>\n<td>Sept-Saulx<\/td>\n<\/tr>\n<tr>\n<td>51500<\/td>\n<td>Sermiers<\/td>\n<\/tr>\n<tr>\n<td>51170<\/td>\n<td>Serzy-et-Prin<\/td>\n<\/tr>\n<tr>\n<td>51120<\/td>\n<td>S\u00e9zanne<\/td>\n<\/tr>\n<tr>\n<td>51500<\/td>\n<td>Sillery<\/td>\n<\/tr>\n<tr>\n<td>51120<\/td>\n<td>Soizy-aux-Bois<\/td>\n<\/tr>\n<tr>\n<td>51270<\/td>\n<td>Suizy-le-Franc<\/td>\n<\/tr>\n<tr>\n<td>51500<\/td>\n<td>Taissy<\/td>\n<\/tr>\n<tr>\n<td>51270<\/td>\n<td>Talus-Saint-Prix<\/td>\n<\/tr>\n<tr>\n<td>51160<\/td>\n<td>Tauxi\u00e8res-Mutry<\/td>\n<\/tr>\n<tr>\n<td>51230<\/td>\n<td>Thaas<\/td>\n<\/tr>\n<tr>\n<td>51220<\/td>\n<td>Thil<\/td>\n<\/tr>\n<tr>\n<td>51370<\/td>\n<td>Thillois<\/td>\n<\/tr>\n<tr>\n<td>51430<\/td>\n<td>Tinqueux<\/td>\n<\/tr>\n<tr>\n<td>51150<\/td>\n<td>Tours-sur-Marne<\/td>\n<\/tr>\n<tr>\n<td>51170<\/td>\n<td>Tramery<\/td>\n<\/tr>\n<tr>\n<td>51210<\/td>\n<td>Tr\u00e9fols<\/td>\n<\/tr>\n<tr>\n<td>51380<\/td>\n<td>Tr\u00e9pail<\/td>\n<\/tr>\n<tr>\n<td>51140<\/td>\n<td>Treslon<\/td>\n<\/tr>\n<tr>\n<td>51140<\/td>\n<td>Trigny<\/td>\n<\/tr>\n<tr>\n<td>51500<\/td>\n<td>Trois-Puits<\/td>\n<\/tr>\n<tr>\n<td>51700<\/td>\n<td>Troissy<\/td>\n<\/tr>\n<tr>\n<td>51170<\/td>\n<td>Unchair<\/td>\n<\/tr>\n<tr>\n<td>51360<\/td>\n<td>Val-de-Vesle<\/td>\n<\/tr>\n<tr>\n<td>51140<\/td>\n<td>Vandeuil<\/td>\n<\/tr>\n<tr>\n<td>51700<\/td>\n<td>Vandi\u00e8res<\/td>\n<\/tr>\n<tr>\n<td>51320<\/td>\n<td>Vassimont-et-Chapelaine<\/td>\n<\/tr>\n<tr>\n<td>51210<\/td>\n<td>Vauchamps<\/td>\n<\/tr>\n<tr>\n<td>51200<\/td>\n<td>Vauciennes<\/td>\n<\/tr>\n<tr>\n<td>51600<\/td>\n<td>Vaudesincourt<\/td>\n<\/tr>\n<tr>\n<td>51140<\/td>\n<td>Ventelay<\/td>\n<\/tr>\n<tr>\n<td>51200<\/td>\n<td>Venteuil<\/td>\n<\/tr>\n<tr>\n<td>51210<\/td>\n<td>Verdon<\/td>\n<\/tr>\n<tr>\n<td>51700<\/td>\n<td>Verneuil<\/td>\n<\/tr>\n<tr>\n<td>51360<\/td>\n<td>Verzenay<\/td>\n<\/tr>\n<tr>\n<td>51380<\/td>\n<td>Verzy<\/td>\n<\/tr>\n<tr>\n<td>51390<\/td>\n<td>Ville-Dommange<\/td>\n<\/tr>\n<tr>\n<td>51160<\/td>\n<td>Ville-en-Selve<\/td>\n<\/tr>\n<tr>\n<td>51170<\/td>\n<td>Ville-en-Tardenois<\/td>\n<\/tr>\n<tr>\n<td>51310<\/td>\n<td>Villeneuve-la-Lionne<\/td>\n<\/tr>\n<tr>\n<td>51120<\/td>\n<td>Villeneuve-Saint-Vistre-et-Villevotte<\/td>\n<\/tr>\n<tr>\n<td>51500<\/td>\n<td>Villers-Allerand<\/td>\n<\/tr>\n<tr>\n<td>51130<\/td>\n<td>Villers-aux-Bois<\/td>\n<\/tr>\n<tr>\n<td>51500<\/td>\n<td>Villers-aux-N?uds<\/td>\n<\/tr>\n<tr>\n<td>51220<\/td>\n<td>Villers-Franqueux<\/td>\n<\/tr>\n<tr>\n<td>51380<\/td>\n<td>Villers-Marmery<\/td>\n<\/tr>\n<tr>\n<td>51700<\/td>\n<td>Villers-sous-Ch\u00e2tillon<\/td>\n<\/tr>\n<tr>\n<td>51270<\/td>\n<td>Villevenard<\/td>\n<\/tr>\n<tr>\n<td>51260<\/td>\n<td>Villiers-aux-Corneilles<\/td>\n<\/tr>\n<tr>\n<td>51200<\/td>\n<td>Vinay<\/td>\n<\/tr>\n<tr>\n<td>51700<\/td>\n<td>Vincelles<\/td>\n<\/tr>\n<tr>\n<td>51120<\/td>\n<td>Vindey<\/td>\n<\/tr>\n<tr>\n<td>51260<\/td>\n<td>Vouarces<\/td>\n<\/tr>\n<tr>\n<td>51390<\/td>\n<td>Vrigny<\/td>\n<\/tr>\n<tr>\n<td>51110<\/td>\n<td>Warmeriville<\/td>\n<\/tr>\n<tr>\n<td>51420<\/td>\n<td>Witry-l\u00e8s-Reims<\/td>\n<\/tr>\n<\/tbody>\n<\/table>\n","protected":false},"excerpt":{"rendered":"<p>Vous cr\u00e9ez une structure dans le d\u00e9partement de la Marne ? Vous allez certainement joindre le greffe de Reims afin [&hellip;]<\/p>\n","protected":false},"author":1,"featured_media":0,"parent":1759,"menu_order":0,"comment_status":"closed","ping_status":"closed","template":"","meta":{"inline_featured_image":false,"footnotes":""},"class_list":["post-2018","page","type-page","status-publish","hentry"],"yoast_head":"<!-- This site is optimized with the Yoast SEO plugin v26.8 - https:\/\/yoast.com\/product\/yoast-seo-wordpress\/ -->\n<title>Greffe du tribunal de commerce de Reims - Actualit\u00e9 des entreprises<\/title>\n<meta name=\"robots\" content=\"index, follow, max-snippet:-1, max-image-preview:large, max-video-preview:-1\" \/>\n<link rel=\"canonical\" href=\"https:\/\/www.annonces-legales.org\/blog\/greffe\/greffe-du-tribunal-de-commerce-de-reims\/\" \/>\n<meta property=\"og:locale\" content=\"fr_FR\" \/>\n<meta property=\"og:type\" content=\"article\" \/>\n<meta property=\"og:title\" content=\"Greffe du tribunal de commerce de Reims - Actualit\u00e9 des entreprises\" \/>\n<meta property=\"og:description\" content=\"Vous cr\u00e9ez une structure dans le d\u00e9partement de la Marne ? Vous allez certainement joindre le greffe de Reims afin [&hellip;]\" \/>\n<meta property=\"og:url\" content=\"https:\/\/www.annonces-legales.org\/blog\/greffe\/greffe-du-tribunal-de-commerce-de-reims\/\" \/>\n<meta property=\"og:site_name\" content=\"Actualit\u00e9 des entreprises\" \/>\n<meta property=\"article:modified_time\" content=\"2022-01-31T17:47:44+00:00\" \/>\n<meta property=\"og:image\" content=\"https:\/\/www.annonces-legales.org\/blog\/wp-content\/uploads\/2022\/01\/tribunal.png\" \/>\n\t<meta property=\"og:image:width\" content=\"640\" \/>\n\t<meta property=\"og:image:height\" content=\"612\" \/>\n\t<meta property=\"og:image:type\" content=\"image\/png\" \/>\n<meta name=\"twitter:card\" content=\"summary_large_image\" \/>\n<meta name=\"twitter:label1\" content=\"Dur\u00e9e de lecture estim\u00e9e\" \/>\n\t<meta name=\"twitter:data1\" content=\"3 minutes\" \/>\n<script type=\"application\/ld+json\" class=\"yoast-schema-graph\">{\"@context\":\"https:\/\/schema.org\",\"@graph\":[{\"@type\":\"WebPage\",\"@id\":\"https:\/\/www.annonces-legales.org\/blog\/greffe\/greffe-du-tribunal-de-commerce-de-reims\/\",\"url\":\"https:\/\/www.annonces-legales.org\/blog\/greffe\/greffe-du-tribunal-de-commerce-de-reims\/\",\"name\":\"Greffe du tribunal de commerce de Reims - Actualit\u00e9 des entreprises\",\"isPartOf\":{\"@id\":\"https:\/\/www.annonces-legales.org\/blog\/#website\"},\"primaryImageOfPage\":{\"@id\":\"https:\/\/www.annonces-legales.org\/blog\/greffe\/greffe-du-tribunal-de-commerce-de-reims\/#primaryimage\"},\"image\":{\"@id\":\"https:\/\/www.annonces-legales.org\/blog\/greffe\/greffe-du-tribunal-de-commerce-de-reims\/#primaryimage\"},\"thumbnailUrl\":\"https:\/\/www.annonces-legales.org\/blog\/wp-content\/uploads\/2022\/01\/tribunal-150x150.png\",\"datePublished\":\"2022-01-22T20:00:22+00:00\",\"dateModified\":\"2022-01-31T17:47:44+00:00\",\"breadcrumb\":{\"@id\":\"https:\/\/www.annonces-legales.org\/blog\/greffe\/greffe-du-tribunal-de-commerce-de-reims\/#breadcrumb\"},\"inLanguage\":\"fr-FR\",\"potentialAction\":[{\"@type\":\"ReadAction\",\"target\":[\"https:\/\/www.annonces-legales.org\/blog\/greffe\/greffe-du-tribunal-de-commerce-de-reims\/\"]}]},{\"@type\":\"ImageObject\",\"inLanguage\":\"fr-FR\",\"@id\":\"https:\/\/www.annonces-legales.org\/blog\/greffe\/greffe-du-tribunal-de-commerce-de-reims\/#primaryimage\",\"url\":\"https:\/\/www.annonces-legales.org\/blog\/wp-content\/uploads\/2022\/01\/tribunal.png\",\"contentUrl\":\"https:\/\/www.annonces-legales.org\/blog\/wp-content\/uploads\/2022\/01\/tribunal.png\",\"width\":640,\"height\":612},{\"@type\":\"BreadcrumbList\",\"@id\":\"https:\/\/www.annonces-legales.org\/blog\/greffe\/greffe-du-tribunal-de-commerce-de-reims\/#breadcrumb\",\"itemListElement\":[{\"@type\":\"ListItem\",\"position\":1,\"name\":\"Accueil\",\"item\":\"https:\/\/www.annonces-legales.org\/blog\/\"},{\"@type\":\"ListItem\",\"position\":2,\"name\":\"Liste des Greffes des tribunaux de commerce\",\"item\":\"https:\/\/www.annonces-legales.org\/blog\/greffe\/\"},{\"@type\":\"ListItem\",\"position\":3,\"name\":\"Greffe du tribunal de commerce de Reims\"}]},{\"@type\":\"WebSite\",\"@id\":\"https:\/\/www.annonces-legales.org\/blog\/#website\",\"url\":\"https:\/\/www.annonces-legales.org\/blog\/\",\"name\":\"Actualit\u00e9 des entreprises\",\"description\":\"\",\"publisher\":{\"@id\":\"https:\/\/www.annonces-legales.org\/blog\/#organization\"},\"potentialAction\":[{\"@type\":\"SearchAction\",\"target\":{\"@type\":\"EntryPoint\",\"urlTemplate\":\"https:\/\/www.annonces-legales.org\/blog\/?s={search_term_string}\"},\"query-input\":{\"@type\":\"PropertyValueSpecification\",\"valueRequired\":true,\"valueName\":\"search_term_string\"}}],\"inLanguage\":\"fr-FR\"},{\"@type\":\"Organization\",\"@id\":\"https:\/\/www.annonces-legales.org\/blog\/#organization\",\"name\":\"Actualit\u00e9 des entreprises\",\"url\":\"https:\/\/www.annonces-legales.org\/blog\/\",\"logo\":{\"@type\":\"ImageObject\",\"inLanguage\":\"fr-FR\",\"@id\":\"https:\/\/www.annonces-legales.org\/blog\/#\/schema\/logo\/image\/\",\"url\":\"https:\/\/www.annonces-legales.org\/blog\/wp-content\/uploads\/2023\/08\/annonces-legales.svg\",\"contentUrl\":\"https:\/\/www.annonces-legales.org\/blog\/wp-content\/uploads\/2023\/08\/annonces-legales.svg\",\"caption\":\"Actualit\u00e9 des entreprises\"},\"image\":{\"@id\":\"https:\/\/www.annonces-legales.org\/blog\/#\/schema\/logo\/image\/\"}}]}<\/script>\n<!-- \/ Yoast SEO plugin. -->","yoast_head_json":{"title":"Greffe du tribunal de commerce de Reims - Actualit\u00e9 des entreprises","robots":{"index":"index","follow":"follow","max-snippet":"max-snippet:-1","max-image-preview":"max-image-preview:large","max-video-preview":"max-video-preview:-1"},"canonical":"https:\/\/www.annonces-legales.org\/blog\/greffe\/greffe-du-tribunal-de-commerce-de-reims\/","og_locale":"fr_FR","og_type":"article","og_title":"Greffe du tribunal de commerce de Reims - Actualit\u00e9 des entreprises","og_description":"Vous cr\u00e9ez une structure dans le d\u00e9partement de la Marne ? Vous allez certainement joindre le greffe de Reims afin [&hellip;]","og_url":"https:\/\/www.annonces-legales.org\/blog\/greffe\/greffe-du-tribunal-de-commerce-de-reims\/","og_site_name":"Actualit\u00e9 des entreprises","article_modified_time":"2022-01-31T17:47:44+00:00","og_image":[{"width":640,"height":612,"url":"https:\/\/www.annonces-legales.org\/blog\/wp-content\/uploads\/2022\/01\/tribunal.png","type":"image\/png"}],"twitter_card":"summary_large_image","twitter_misc":{"Dur\u00e9e de lecture estim\u00e9e":"3 minutes"},"schema":{"@context":"https:\/\/schema.org","@graph":[{"@type":"WebPage","@id":"https:\/\/www.annonces-legales.org\/blog\/greffe\/greffe-du-tribunal-de-commerce-de-reims\/","url":"https:\/\/www.annonces-legales.org\/blog\/greffe\/greffe-du-tribunal-de-commerce-de-reims\/","name":"Greffe du tribunal de commerce de Reims - Actualit\u00e9 des entreprises","isPartOf":{"@id":"https:\/\/www.annonces-legales.org\/blog\/#website"},"primaryImageOfPage":{"@id":"https:\/\/www.annonces-legales.org\/blog\/greffe\/greffe-du-tribunal-de-commerce-de-reims\/#primaryimage"},"image":{"@id":"https:\/\/www.annonces-legales.org\/blog\/greffe\/greffe-du-tribunal-de-commerce-de-reims\/#primaryimage"},"thumbnailUrl":"https:\/\/www.annonces-legales.org\/blog\/wp-content\/uploads\/2022\/01\/tribunal-150x150.png","datePublished":"2022-01-22T20:00:22+00:00","dateModified":"2022-01-31T17:47:44+00:00","breadcrumb":{"@id":"https:\/\/www.annonces-legales.org\/blog\/greffe\/greffe-du-tribunal-de-commerce-de-reims\/#breadcrumb"},"inLanguage":"fr-FR","potentialAction":[{"@type":"ReadAction","target":["https:\/\/www.annonces-legales.org\/blog\/greffe\/greffe-du-tribunal-de-commerce-de-reims\/"]}]},{"@type":"ImageObject","inLanguage":"fr-FR","@id":"https:\/\/www.annonces-legales.org\/blog\/greffe\/greffe-du-tribunal-de-commerce-de-reims\/#primaryimage","url":"https:\/\/www.annonces-legales.org\/blog\/wp-content\/uploads\/2022\/01\/tribunal.png","contentUrl":"https:\/\/www.annonces-legales.org\/blog\/wp-content\/uploads\/2022\/01\/tribunal.png","width":640,"height":612},{"@type":"BreadcrumbList","@id":"https:\/\/www.annonces-legales.org\/blog\/greffe\/greffe-du-tribunal-de-commerce-de-reims\/#breadcrumb","itemListElement":[{"@type":"ListItem","position":1,"name":"Accueil","item":"https:\/\/www.annonces-legales.org\/blog\/"},{"@type":"ListItem","position":2,"name":"Liste des Greffes des tribunaux de commerce","item":"https:\/\/www.annonces-legales.org\/blog\/greffe\/"},{"@type":"ListItem","position":3,"name":"Greffe du tribunal de commerce de Reims"}]},{"@type":"WebSite","@id":"https:\/\/www.annonces-legales.org\/blog\/#website","url":"https:\/\/www.annonces-legales.org\/blog\/","name":"Actualit\u00e9 des entreprises","description":"","publisher":{"@id":"https:\/\/www.annonces-legales.org\/blog\/#organization"},"potentialAction":[{"@type":"SearchAction","target":{"@type":"EntryPoint","urlTemplate":"https:\/\/www.annonces-legales.org\/blog\/?s={search_term_string}"},"query-input":{"@type":"PropertyValueSpecification","valueRequired":true,"valueName":"search_term_string"}}],"inLanguage":"fr-FR"},{"@type":"Organization","@id":"https:\/\/www.annonces-legales.org\/blog\/#organization","name":"Actualit\u00e9 des entreprises","url":"https:\/\/www.annonces-legales.org\/blog\/","logo":{"@type":"ImageObject","inLanguage":"fr-FR","@id":"https:\/\/www.annonces-legales.org\/blog\/#\/schema\/logo\/image\/","url":"https:\/\/www.annonces-legales.org\/blog\/wp-content\/uploads\/2023\/08\/annonces-legales.svg","contentUrl":"https:\/\/www.annonces-legales.org\/blog\/wp-content\/uploads\/2023\/08\/annonces-legales.svg","caption":"Actualit\u00e9 des entreprises"},"image":{"@id":"https:\/\/www.annonces-legales.org\/blog\/#\/schema\/logo\/image\/"}}]}},"_links":{"self":[{"href":"https:\/\/www.annonces-legales.org\/blog\/wp-json\/wp\/v2\/pages\/2018","targetHints":{"allow":["GET"]}}],"collection":[{"href":"https:\/\/www.annonces-legales.org\/blog\/wp-json\/wp\/v2\/pages"}],"about":[{"href":"https:\/\/www.annonces-legales.org\/blog\/wp-json\/wp\/v2\/types\/page"}],"author":[{"embeddable":true,"href":"https:\/\/www.annonces-legales.org\/blog\/wp-json\/wp\/v2\/users\/1"}],"replies":[{"embeddable":true,"href":"https:\/\/www.annonces-legales.org\/blog\/wp-json\/wp\/v2\/comments?post=2018"}],"version-history":[{"count":3,"href":"https:\/\/www.annonces-legales.org\/blog\/wp-json\/wp\/v2\/pages\/2018\/revisions"}],"predecessor-version":[{"id":2521,"href":"https:\/\/www.annonces-legales.org\/blog\/wp-json\/wp\/v2\/pages\/2018\/revisions\/2521"}],"up":[{"embeddable":true,"href":"https:\/\/www.annonces-legales.org\/blog\/wp-json\/wp\/v2\/pages\/1759"}],"wp:attachment":[{"href":"https:\/\/www.annonces-legales.org\/blog\/wp-json\/wp\/v2\/media?parent=2018"}],"curies":[{"name":"wp","href":"https:\/\/api.w.org\/{rel}","templated":true}]}}