{"id":2044,"date":"2022-01-22T21:06:06","date_gmt":"2022-01-22T20:06:06","guid":{"rendered":"https:\/\/www.annonces-legales.org\/blog\/?page_id=2044"},"modified":"2022-02-01T12:01:06","modified_gmt":"2022-02-01T11:01:06","slug":"greffe-du-tribunal-de-commerce-de-saintes","status":"publish","type":"page","link":"https:\/\/www.annonces-legales.org\/blog\/greffe\/greffe-du-tribunal-de-commerce-de-saintes\/","title":{"rendered":"Greffe du tribunal de commerce de Saintes"},"content":{"rendered":"<p><img loading=\"lazy\" decoding=\"async\" class=\"alignright  wp-image-2423\" src=\"https:\/\/www.annonces-legales.org\/blog\/wp-content\/uploads\/2022\/01\/tribunal-150x150.png\" alt=\"\" width=\"90\" height=\"90\" \/>Le<strong> greffe du tribunal de commerce de Saintes<\/strong> est un interlocuteur pr\u00e9f\u00e9rentiel pour tous les entrepreneurs et les dirigeants des \u00e9tablissements qui vont s&rsquo;enregistrer dans la pr\u00e9fecture de la Charente-Maritime .<br \/>\nNous allons voir la plupart des formalit\u00e9s qu&rsquo;il est concevable d&rsquo;effectuer avec le greffe du tribunal de commerce. Vous pourrez aussi voir dans cette page la plupart des informations pour joindre le greffe du tribunal de commerce de Saintes.<\/p>\n<p>&nbsp;<\/p>\n<h2>Infos de contact du greffe du tribunal de commerce de Saintes<\/h2>\n<p>&nbsp;<\/p>\n<p>Adresse postale: <strong>Palais De Justice-cours National , 17108 SAINTES CEDEX<\/strong><\/p>\n<p>&nbsp;<\/p>\n<p><div class=\"leaflet-map WPLeafletMap\" style=\"height:250px; width:100%;\"><\/div><script>\nwindow.WPLeafletMapPlugin = window.WPLeafletMapPlugin || [];\nwindow.WPLeafletMapPlugin.push(function WPLeafletMapShortcode() {\/*<script>*\/\nvar baseUrl = atob('aHR0cHM6Ly97c30udGlsZS5vcGVuc3RyZWV0bWFwLm9yZy97en0ve3h9L3t5fS5wbmc=');\nvar base = (!baseUrl && window.MQ) ?\n    window.MQ.mapLayer() : L.tileLayer(baseUrl,\n        L.Util.extend({}, {\n            detectRetina: 0,\n        },\n        {\"subdomains\":\"abc\",\"noWrap\":false,\"maxZoom\":20}        )\n    );\n    var options = L.Util.extend({}, {\n        layers: [base],\n        attributionControl: false\n    },\n    {\"zoomControl\":true,\"scrollWheelZoom\":false,\"doubleClickZoom\":false,\"fitBounds\":false,\"minZoom\":0,\"maxZoom\":20,\"maxBounds\":null,\"attribution\":\"\"},\n    {});\nwindow.WPLeafletMapPlugin.createMap(options).setView([45.747701,-0.634815],17);});<\/script> <script>\nwindow.WPLeafletMapPlugin = window.WPLeafletMapPlugin || [];\nwindow.WPLeafletMapPlugin.push(function WPLeafletMarkerShortcode() {\/*<script>*\/\nvar map = window.WPLeafletMapPlugin.getCurrentMap();\nvar group = window.WPLeafletMapPlugin.getCurrentGroup();\nvar marker_options = window.WPLeafletMapPlugin.getIconOptions({});\nvar marker = L.marker(\n    [0,0],\n    marker_options\n);\nvar is_image = map.is_image_map;\n    marker.setLatLng( map.getCenter() );\nif (marker_options.draggable) {\n    marker.on('dragend', function () {\n        var latlng = this.getLatLng();\n        var lat = latlng.lat;\n        var lng = latlng.lng;\n        if (is_image) {\n            console.log('leaflet-marker y=' + lat + ' x=' + lng);\n        } else {\n            console.log('leaflet-marker lat=' + lat + ' lng=' + lng);\n        }\n    });\n}\nmarker.addTo( group );\nmarker.bindPopup(window.WPLeafletMapPlugin.unescape(' Greffe du tribunal de commerce de Saintes ')).openPopup();window.WPLeafletMapPlugin.markers.push( marker );\n        });<\/script><\/p>\n<p>Num\u00e9ro : <strong>05 46 93 01 02<\/strong><\/p>\n<p>Site : <em>www.greffe-tc-saintes.fr<\/em><\/p>\n<p>&nbsp;<\/p>\n<h2>Horaires<\/h2>\n<p>Le greffe de Saintes est ouvert du lundi au jeudi entre 9h\/12h et 14h\/17h et le vendredi entre 9h\/12h et 14h\/16h.<\/p>\n<p>&nbsp;<\/p>\n<h2>Ressort territorial du tribunal<\/h2>\n<p>&nbsp;<\/p>\n<table class=\"tg table-striped container-fluid\">\n<tbody>\n<tr>\n<th>Code postal<\/th>\n<th>Commune<\/th>\n<\/tr>\n<tr>\n<td>17500<\/td>\n<td>Agudelle<\/td>\n<\/tr>\n<tr>\n<td>17150<\/td>\n<td>Allas-Bocage<\/td>\n<\/tr>\n<tr>\n<td>17500<\/td>\n<td>Allas-Champagne<\/td>\n<\/tr>\n<tr>\n<td>17350<\/td>\n<td>Annepont<\/td>\n<\/tr>\n<tr>\n<td>17380<\/td>\n<td>Annezay<\/td>\n<\/tr>\n<tr>\n<td>17400<\/td>\n<td>Antezant-la-Chapelle<\/td>\n<\/tr>\n<tr>\n<td>17120<\/td>\n<td>Arces<\/td>\n<\/tr>\n<tr>\n<td>17520<\/td>\n<td>Archiac<\/td>\n<\/tr>\n<tr>\n<td>17380<\/td>\n<td>Archingeay<\/td>\n<\/tr>\n<tr>\n<td>17520<\/td>\n<td>Arthenac<\/td>\n<\/tr>\n<tr>\n<td>17400<\/td>\n<td>Asni\u00e8res-la-Giraud<\/td>\n<\/tr>\n<tr>\n<td>17770<\/td>\n<td>Aujac<\/td>\n<\/tr>\n<tr>\n<td>17470<\/td>\n<td>Aulnay<\/td>\n<\/tr>\n<tr>\n<td>17770<\/td>\n<td>Aumagne<\/td>\n<\/tr>\n<tr>\n<td>17770<\/td>\n<td>Authon-\u00c9b\u00e9on<\/td>\n<\/tr>\n<tr>\n<td>17800<\/td>\n<td>Avy<\/td>\n<\/tr>\n<tr>\n<td>17160<\/td>\n<td>Bagnizeau<\/td>\n<\/tr>\n<tr>\n<td>17600<\/td>\n<td>Balanzac<\/td>\n<\/tr>\n<tr>\n<td>17160<\/td>\n<td>Ballans<\/td>\n<\/tr>\n<tr>\n<td>17120<\/td>\n<td>Barzan<\/td>\n<\/tr>\n<tr>\n<td>17490<\/td>\n<td>Bazauges<\/td>\n<\/tr>\n<tr>\n<td>17490<\/td>\n<td>Beauvais-sur-Matha<\/td>\n<\/tr>\n<tr>\n<td>17210<\/td>\n<td>Bedenac<\/td>\n<\/tr>\n<tr>\n<td>17800<\/td>\n<td>Belluire<\/td>\n<\/tr>\n<tr>\n<td>17770<\/td>\n<td>Bercloux<\/td>\n<\/tr>\n<tr>\n<td>17330<\/td>\n<td>Bernay-Saint-Martin<\/td>\n<\/tr>\n<tr>\n<td>17460<\/td>\n<td>Berneuil<\/td>\n<\/tr>\n<tr>\n<td>17250<\/td>\n<td>Beurlay<\/td>\n<\/tr>\n<tr>\n<td>17400<\/td>\n<td>Bignay<\/td>\n<\/tr>\n<tr>\n<td>17800<\/td>\n<td>Biron<\/td>\n<\/tr>\n<tr>\n<td>17160<\/td>\n<td>Blanzac-l\u00e8s-Matha<\/td>\n<\/tr>\n<tr>\n<td>17470<\/td>\n<td>Blanzay-sur-Boutonne<\/td>\n<\/tr>\n<tr>\n<td>17240<\/td>\n<td>Bois<\/td>\n<\/tr>\n<tr>\n<td>17150<\/td>\n<td>Boisredon<\/td>\n<\/tr>\n<tr>\n<td>17430<\/td>\n<td>Bords<\/td>\n<\/tr>\n<tr>\n<td>17270<\/td>\n<td>Boresse-et-Martron<\/td>\n<\/tr>\n<tr>\n<td>17360<\/td>\n<td>Boscamnant<\/td>\n<\/tr>\n<tr>\n<td>17800<\/td>\n<td>Bougneau<\/td>\n<\/tr>\n<tr>\n<td>17120<\/td>\n<td>Boutenac-Touvent<\/td>\n<\/tr>\n<tr>\n<td>17210<\/td>\n<td>Bran<\/td>\n<\/tr>\n<tr>\n<td>17490<\/td>\n<td>Bresdon<\/td>\n<\/tr>\n<tr>\n<td>17920<\/td>\n<td>Breuillet<\/td>\n<\/tr>\n<tr>\n<td>17520<\/td>\n<td>Brie-sous-Archiac<\/td>\n<\/tr>\n<tr>\n<td>17160<\/td>\n<td>Brie-sous-Matha<\/td>\n<\/tr>\n<tr>\n<td>17120<\/td>\n<td>Brie-sous-Mortagne<\/td>\n<\/tr>\n<tr>\n<td>17800<\/td>\n<td>Brives-sur-Charente<\/td>\n<\/tr>\n<tr>\n<td>17770<\/td>\n<td>Brizambourg<\/td>\n<\/tr>\n<tr>\n<td>17770<\/td>\n<td>Burie<\/td>\n<\/tr>\n<tr>\n<td>17210<\/td>\n<td>Bussac-For\u00eat<\/td>\n<\/tr>\n<tr>\n<td>17100<\/td>\n<td>Bussac-sur-Charente<\/td>\n<\/tr>\n<tr>\n<td>17520<\/td>\n<td>Celles<\/td>\n<\/tr>\n<tr>\n<td>17270<\/td>\n<td>Cercoux<\/td>\n<\/tr>\n<tr>\n<td>17800<\/td>\n<td>Chadenac<\/td>\n<\/tr>\n<tr>\n<td>17130<\/td>\n<td>Chamouillac<\/td>\n<\/tr>\n<tr>\n<td>17500<\/td>\n<td>Champagnac<\/td>\n<\/tr>\n<tr>\n<td>17240<\/td>\n<td>Champagnolles<\/td>\n<\/tr>\n<tr>\n<td>17430<\/td>\n<td>Champdolent<\/td>\n<\/tr>\n<tr>\n<td>17610<\/td>\n<td>Chaniers<\/td>\n<\/tr>\n<tr>\n<td>17380<\/td>\n<td>Chantemerle-sur-la-Soie<\/td>\n<\/tr>\n<tr>\n<td>17130<\/td>\n<td>Chartuzac<\/td>\n<\/tr>\n<tr>\n<td>17210<\/td>\n<td>Chatenet<\/td>\n<\/tr>\n<tr>\n<td>17130<\/td>\n<td>Chaunac<\/td>\n<\/tr>\n<tr>\n<td>17120<\/td>\n<td>Chenac-Saint-Seurin-d&rsquo;Uzet<\/td>\n<\/tr>\n<tr>\n<td>17210<\/td>\n<td>Chepniers<\/td>\n<\/tr>\n<tr>\n<td>17610<\/td>\n<td>Ch\u00e9rac<\/td>\n<\/tr>\n<tr>\n<td>17470<\/td>\n<td>Cherbonni\u00e8res<\/td>\n<\/tr>\n<tr>\n<td>17460<\/td>\n<td>Chermignac<\/td>\n<\/tr>\n<tr>\n<td>17380<\/td>\n<td>Chervettes<\/td>\n<\/tr>\n<tr>\n<td>17210<\/td>\n<td>Chevanceaux<\/td>\n<\/tr>\n<tr>\n<td>17510<\/td>\n<td>Chives<\/td>\n<\/tr>\n<tr>\n<td>17520<\/td>\n<td>Cierzac<\/td>\n<\/tr>\n<tr>\n<td>17500<\/td>\n<td>Clam<\/td>\n<\/tr>\n<tr>\n<td>17270<\/td>\n<td>Cl\u00e9rac<\/td>\n<\/tr>\n<tr>\n<td>17240<\/td>\n<td>Clion<\/td>\n<\/tr>\n<tr>\n<td>17330<\/td>\n<td>Coivert<\/td>\n<\/tr>\n<tr>\n<td>17460<\/td>\n<td>Colombiers<\/td>\n<\/tr>\n<tr>\n<td>17150<\/td>\n<td>Consac<\/td>\n<\/tr>\n<tr>\n<td>17470<\/td>\n<td>Contr\u00e9<\/td>\n<\/tr>\n<tr>\n<td>17130<\/td>\n<td>Corignac<\/td>\n<\/tr>\n<tr>\n<td>17600<\/td>\n<td>Corme-\u00c9cluse<\/td>\n<\/tr>\n<tr>\n<td>17600<\/td>\n<td>Corme-Royal<\/td>\n<\/tr>\n<tr>\n<td>17800<\/td>\n<td>Coulonges<\/td>\n<\/tr>\n<tr>\n<td>17330<\/td>\n<td>Courant<\/td>\n<\/tr>\n<tr>\n<td>17400<\/td>\n<td>Courcelles<\/td>\n<\/tr>\n<tr>\n<td>17160<\/td>\n<td>Courcerac<\/td>\n<\/tr>\n<tr>\n<td>17100<\/td>\n<td>Courcoury<\/td>\n<\/tr>\n<tr>\n<td>17130<\/td>\n<td>Courpignac<\/td>\n<\/tr>\n<tr>\n<td>17130<\/td>\n<td>Coux<\/td>\n<\/tr>\n<tr>\n<td>17120<\/td>\n<td>Cozes<\/td>\n<\/tr>\n<tr>\n<td>17260<\/td>\n<td>Cravans<\/td>\n<\/tr>\n<tr>\n<td>17350<\/td>\n<td>Crazannes<\/td>\n<\/tr>\n<tr>\n<td>17160<\/td>\n<td>Cress\u00e9<\/td>\n<\/tr>\n<tr>\n<td>17470<\/td>\n<td>Dampierre-sur-Boutonne<\/td>\n<\/tr>\n<tr>\n<td>17610<\/td>\n<td>Dompierre-sur-Charente<\/td>\n<\/tr>\n<tr>\n<td>17330<\/td>\n<td>D?uil-sur-le-Mignon<\/td>\n<\/tr>\n<tr>\n<td>17800<\/td>\n<td>\u00c9chebrune<\/td>\n<\/tr>\n<tr>\n<td>17770<\/td>\n<td>\u00c9coyeux<\/td>\n<\/tr>\n<tr>\n<td>17810<\/td>\n<td>\u00c9curat<\/td>\n<\/tr>\n<tr>\n<td>17120<\/td>\n<td>\u00c9pargnes<\/td>\n<\/tr>\n<tr>\n<td>17130<\/td>\n<td>Expiremont<\/td>\n<\/tr>\n<tr>\n<td>17350<\/td>\n<td>Fenioux<\/td>\n<\/tr>\n<tr>\n<td>17800<\/td>\n<td>Fl\u00e9ac-sur-Seugne<\/td>\n<\/tr>\n<tr>\n<td>17120<\/td>\n<td>Floirac<\/td>\n<\/tr>\n<tr>\n<td>17510<\/td>\n<td>Fontaine-Chalendray<\/td>\n<\/tr>\n<tr>\n<td>17500<\/td>\n<td>Fontaines-d&rsquo;Ozillac<\/td>\n<\/tr>\n<tr>\n<td>17100<\/td>\n<td>Fontcouverte<\/td>\n<\/tr>\n<tr>\n<td>17400<\/td>\n<td>Fontenet<\/td>\n<\/tr>\n<tr>\n<td>17250<\/td>\n<td>Geay<\/td>\n<\/tr>\n<tr>\n<td>17260<\/td>\n<td>G\u00e9mozac<\/td>\n<\/tr>\n<tr>\n<td>17520<\/td>\n<td>Germignac<\/td>\n<\/tr>\n<tr>\n<td>17160<\/td>\n<td>Gibourne<\/td>\n<\/tr>\n<tr>\n<td>17260<\/td>\n<td>Givrezac<\/td>\n<\/tr>\n<tr>\n<td>17490<\/td>\n<td>Gourvillette<\/td>\n<\/tr>\n<tr>\n<td>17350<\/td>\n<td>Grandjean<\/td>\n<\/tr>\n<tr>\n<td>17120<\/td>\n<td>Gr\u00e9zac<\/td>\n<\/tr>\n<tr>\n<td>17500<\/td>\n<td>Guitini\u00e8res<\/td>\n<\/tr>\n<tr>\n<td>17160<\/td>\n<td>Haimps<\/td>\n<\/tr>\n<tr>\n<td>17520<\/td>\n<td>Jarnac-Champagne<\/td>\n<\/tr>\n<tr>\n<td>17260<\/td>\n<td>Jazennes<\/td>\n<\/tr>\n<tr>\n<td>17500<\/td>\n<td>Jonzac<\/td>\n<\/tr>\n<tr>\n<td>17770<\/td>\n<td>Juicq<\/td>\n<\/tr>\n<tr>\n<td>17130<\/td>\n<td>Jussas<\/td>\n<\/tr>\n<tr>\n<td>17600<\/td>\n<td>L&rsquo;\u00c9guille<\/td>\n<\/tr>\n<tr>\n<td>17360<\/td>\n<td>La Barde<\/td>\n<\/tr>\n<tr>\n<td>17400<\/td>\n<td>La Ben\u00e2te<\/td>\n<\/tr>\n<tr>\n<td>17160<\/td>\n<td>La Brousse<\/td>\n<\/tr>\n<tr>\n<td>17100<\/td>\n<td>La Chapelle-des-Pots<\/td>\n<\/tr>\n<tr>\n<td>17600<\/td>\n<td>La Clisse<\/td>\n<\/tr>\n<tr>\n<td>17360<\/td>\n<td>La Clotte<\/td>\n<\/tr>\n<tr>\n<td>17330<\/td>\n<td>La Croix-Comtesse<\/td>\n<\/tr>\n<tr>\n<td>17770<\/td>\n<td>La Fr\u00e9di\u00e8re<\/td>\n<\/tr>\n<tr>\n<td>17360<\/td>\n<td>La Gen\u00e9touze<\/td>\n<\/tr>\n<tr>\n<td>17460<\/td>\n<td>La Jard<\/td>\n<\/tr>\n<tr>\n<td>17330<\/td>\n<td>La Jarrie-Audouin<\/td>\n<\/tr>\n<tr>\n<td>17250<\/td>\n<td>La Vall\u00e9e<\/td>\n<\/tr>\n<tr>\n<td>17400<\/td>\n<td>La Vergne<\/td>\n<\/tr>\n<tr>\n<td>17470<\/td>\n<td>La Villedieu<\/td>\n<\/tr>\n<tr>\n<td>17380<\/td>\n<td>Landes<\/td>\n<\/tr>\n<tr>\n<td>17600<\/td>\n<td>Le Chay<\/td>\n<\/tr>\n<tr>\n<td>17100<\/td>\n<td>Le Douhet<\/td>\n<\/tr>\n<tr>\n<td>17270<\/td>\n<td>Le Fouilloux<\/td>\n<\/tr>\n<tr>\n<td>17160<\/td>\n<td>Le Gicq<\/td>\n<\/tr>\n<tr>\n<td>17350<\/td>\n<td>Le Mung<\/td>\n<\/tr>\n<tr>\n<td>17210<\/td>\n<td>Le Pin<\/td>\n<\/tr>\n<tr>\n<td>17770<\/td>\n<td>Le Seure<\/td>\n<\/tr>\n<tr>\n<td>17500<\/td>\n<td>L\u00e9oville<\/td>\n<\/tr>\n<tr>\n<td>17510<\/td>\n<td>Les \u00c9duts<\/td>\n<\/tr>\n<tr>\n<td>17400<\/td>\n<td>Les \u00c9glises-d&rsquo;Argenteuil<\/td>\n<\/tr>\n<tr>\n<td>17250<\/td>\n<td>Les Essards<\/td>\n<\/tr>\n<tr>\n<td>17100<\/td>\n<td>Les Gonds<\/td>\n<\/tr>\n<tr>\n<td>17380<\/td>\n<td>Les Nouillers<\/td>\n<\/tr>\n<tr>\n<td>17160<\/td>\n<td>Les Touches-de-P\u00e9rigny<\/td>\n<\/tr>\n<tr>\n<td>17470<\/td>\n<td>Loir\u00e9-sur-Nie<\/td>\n<\/tr>\n<tr>\n<td>17520<\/td>\n<td>Lonzac<\/td>\n<\/tr>\n<tr>\n<td>17240<\/td>\n<td>Lorignac<\/td>\n<\/tr>\n<tr>\n<td>17330<\/td>\n<td>Loulay<\/td>\n<\/tr>\n<tr>\n<td>17160<\/td>\n<td>Louzignac<\/td>\n<\/tr>\n<tr>\n<td>17330<\/td>\n<td>Lozay<\/td>\n<\/tr>\n<tr>\n<td>17600<\/td>\n<td>Luchat<\/td>\n<\/tr>\n<tr>\n<td>17500<\/td>\n<td>Lussac<\/td>\n<\/tr>\n<tr>\n<td>17490<\/td>\n<td>Macqueville<\/td>\n<\/tr>\n<tr>\n<td>17800<\/td>\n<td>Marignac<\/td>\n<\/tr>\n<tr>\n<td>17490<\/td>\n<td>Massac<\/td>\n<\/tr>\n<tr>\n<td>17160<\/td>\n<td>Matha<\/td>\n<\/tr>\n<tr>\n<td>17400<\/td>\n<td>Mazeray<\/td>\n<\/tr>\n<tr>\n<td>17800<\/td>\n<td>Mazerolles<\/td>\n<\/tr>\n<tr>\n<td>17600<\/td>\n<td>M\u00e9dis<\/td>\n<\/tr>\n<tr>\n<td>17210<\/td>\n<td>M\u00e9rignac<\/td>\n<\/tr>\n<tr>\n<td>17132<\/td>\n<td>Meschers-sur-Gironde<\/td>\n<\/tr>\n<tr>\n<td>17130<\/td>\n<td>Messac<\/td>\n<\/tr>\n<tr>\n<td>17120<\/td>\n<td>Meursac<\/td>\n<\/tr>\n<tr>\n<td>17500<\/td>\n<td>Meux<\/td>\n<\/tr>\n<tr>\n<td>17330<\/td>\n<td>Migr\u00e9<\/td>\n<\/tr>\n<tr>\n<td>17770<\/td>\n<td>Migron<\/td>\n<\/tr>\n<tr>\n<td>17150<\/td>\n<td>Mirambeau<\/td>\n<\/tr>\n<tr>\n<td>17500<\/td>\n<td>Moings<\/td>\n<\/tr>\n<tr>\n<td>17160<\/td>\n<td>Mons<\/td>\n<\/tr>\n<tr>\n<td>17130<\/td>\n<td>Montendre<\/td>\n<\/tr>\n<tr>\n<td>17270<\/td>\n<td>Montguyon<\/td>\n<\/tr>\n<tr>\n<td>17800<\/td>\n<td>Montils<\/td>\n<\/tr>\n<tr>\n<td>17210<\/td>\n<td>Montlieu-la-Garde<\/td>\n<\/tr>\n<tr>\n<td>17260<\/td>\n<td>Montpellier-de-M\u00e9dillan<\/td>\n<\/tr>\n<tr>\n<td>17113<\/td>\n<td>Mornac-sur-Seudre<\/td>\n<\/tr>\n<tr>\n<td>17120<\/td>\n<td>Mortagne-sur-Gironde<\/td>\n<\/tr>\n<tr>\n<td>17500<\/td>\n<td>Mortiers<\/td>\n<\/tr>\n<tr>\n<td>17240<\/td>\n<td>Mosnac<\/td>\n<\/tr>\n<tr>\n<td>17380<\/td>\n<td>Nachamps<\/td>\n<\/tr>\n<tr>\n<td>17600<\/td>\n<td>Nancras<\/td>\n<\/tr>\n<tr>\n<td>17770<\/td>\n<td>Nantill\u00e9<\/td>\n<\/tr>\n<tr>\n<td>17510<\/td>\n<td>N\u00e9r\u00e9<\/td>\n<\/tr>\n<tr>\n<td>17520<\/td>\n<td>Neuillac<\/td>\n<\/tr>\n<tr>\n<td>17500<\/td>\n<td>Neulles<\/td>\n<\/tr>\n<tr>\n<td>17270<\/td>\n<td>Neuvicq<\/td>\n<\/tr>\n<tr>\n<td>17490<\/td>\n<td>Neuvicq-le-Ch\u00e2teau<\/td>\n<\/tr>\n<tr>\n<td>17150<\/td>\n<td>Nieul-le-Virouil<\/td>\n<\/tr>\n<tr>\n<td>17810<\/td>\n<td>Nieul-l\u00e8s-Saintes<\/td>\n<\/tr>\n<tr>\n<td>17470<\/td>\n<td>Nuaill\u00e9-sur-Boutonne<\/td>\n<\/tr>\n<tr>\n<td>17210<\/td>\n<td>Orignolles<\/td>\n<\/tr>\n<tr>\n<td>17500<\/td>\n<td>Ozillac<\/td>\n<\/tr>\n<tr>\n<td>17470<\/td>\n<td>Paill\u00e9<\/td>\n<\/tr>\n<tr>\n<td>17800<\/td>\n<td>P\u00e9rignac<\/td>\n<\/tr>\n<tr>\n<td>17810<\/td>\n<td>Pessines<\/td>\n<\/tr>\n<tr>\n<td>17600<\/td>\n<td>Pisany<\/td>\n<\/tr>\n<tr>\n<td>17240<\/td>\n<td>Plassac<\/td>\n<\/tr>\n<tr>\n<td>17250<\/td>\n<td>Plassay<\/td>\n<\/tr>\n<tr>\n<td>17210<\/td>\n<td>Polignac<\/td>\n<\/tr>\n<tr>\n<td>17130<\/td>\n<td>Pommiers-Moulons<\/td>\n<\/tr>\n<tr>\n<td>17800<\/td>\n<td>Pons<\/td>\n<\/tr>\n<tr>\n<td>17250<\/td>\n<td>Pont-l&rsquo;Abb\u00e9-d&rsquo;Arnoult<\/td>\n<\/tr>\n<tr>\n<td>17350<\/td>\n<td>Port-d&rsquo;Envaux<\/td>\n<\/tr>\n<tr>\n<td>17210<\/td>\n<td>Pouillac<\/td>\n<\/tr>\n<tr>\n<td>17400<\/td>\n<td>Poursay-Garnaud<\/td>\n<\/tr>\n<tr>\n<td>17460<\/td>\n<td>Pr\u00e9guillac<\/td>\n<\/tr>\n<tr>\n<td>17160<\/td>\n<td>Prignac<\/td>\n<\/tr>\n<tr>\n<td>17380<\/td>\n<td>Puy-du-Lac<\/td>\n<\/tr>\n<tr>\n<td>17380<\/td>\n<td>Puyrolland<\/td>\n<\/tr>\n<tr>\n<td>17500<\/td>\n<td>R\u00e9aux<\/td>\n<\/tr>\n<tr>\n<td>17460<\/td>\n<td>R\u00e9taud<\/td>\n<\/tr>\n<tr>\n<td>17460<\/td>\n<td>Rioux<\/td>\n<\/tr>\n<tr>\n<td>17510<\/td>\n<td>Romazi\u00e8res<\/td>\n<\/tr>\n<tr>\n<td>17250<\/td>\n<td>Romegoux<\/td>\n<\/tr>\n<tr>\n<td>17800<\/td>\n<td>Rouffiac<\/td>\n<\/tr>\n<tr>\n<td>17130<\/td>\n<td>Rouffignac<\/td>\n<\/tr>\n<tr>\n<td>17200<\/td>\n<td>Royan<\/td>\n<\/tr>\n<tr>\n<td>17600<\/td>\n<td>Sablonceaux<\/td>\n<\/tr>\n<tr>\n<td>17360<\/td>\n<td>Saint-Aigulin<\/td>\n<\/tr>\n<tr>\n<td>17260<\/td>\n<td>Saint-Andr\u00e9-de-Lidon<\/td>\n<\/tr>\n<tr>\n<td>17150<\/td>\n<td>Saint-Bonnet-sur-Gironde<\/td>\n<\/tr>\n<tr>\n<td>17770<\/td>\n<td>Saint-Bris-des-Bois<\/td>\n<\/tr>\n<tr>\n<td>17770<\/td>\n<td>Saint-C\u00e9saire<\/td>\n<\/tr>\n<tr>\n<td>17520<\/td>\n<td>Saint-Ciers-Champagne<\/td>\n<\/tr>\n<tr>\n<td>17240<\/td>\n<td>Saint-Ciers-du-Taillon<\/td>\n<\/tr>\n<tr>\n<td>17380<\/td>\n<td>Saint-Cr\u00e9pin<\/td>\n<\/tr>\n<tr>\n<td>17400<\/td>\n<td>Saint-Denis-du-Pin<\/td>\n<\/tr>\n<tr>\n<td>17150<\/td>\n<td>Saint-Dizant-du-Bois<\/td>\n<\/tr>\n<tr>\n<td>17240<\/td>\n<td>Saint-Dizant-du-Gua<\/td>\n<\/tr>\n<tr>\n<td>17520<\/td>\n<td>Saint-Eug\u00e8ne<\/td>\n<\/tr>\n<tr>\n<td>17330<\/td>\n<td>Saint-F\u00e9lix<\/td>\n<\/tr>\n<tr>\n<td>17240<\/td>\n<td>Saint-Fort-sur-Gironde<\/td>\n<\/tr>\n<tr>\n<td>17240<\/td>\n<td>Saint-Genis-de-Saintonge<\/td>\n<\/tr>\n<tr>\n<td>17240<\/td>\n<td>Saint-Georges-Antignac<\/td>\n<\/tr>\n<tr>\n<td>17110<\/td>\n<td>Saint-Georges-de-Didonne<\/td>\n<\/tr>\n<tr>\n<td>17470<\/td>\n<td>Saint-Georges-de-Longuepierre<\/td>\n<\/tr>\n<tr>\n<td>17150<\/td>\n<td>Saint-Georges-des-Ago\u00fbts<\/td>\n<\/tr>\n<tr>\n<td>17810<\/td>\n<td>Saint-Georges-des-Coteaux<\/td>\n<\/tr>\n<tr>\n<td>17500<\/td>\n<td>Saint-Germain-de-Lusignan<\/td>\n<\/tr>\n<tr>\n<td>17500<\/td>\n<td>Saint-Germain-de-Vibrac<\/td>\n<\/tr>\n<tr>\n<td>17240<\/td>\n<td>Saint-Germain-du-Seudre<\/td>\n<\/tr>\n<tr>\n<td>17240<\/td>\n<td>Saint-Gr\u00e9goire-d&rsquo;Ardennes<\/td>\n<\/tr>\n<tr>\n<td>17770<\/td>\n<td>Saint-Hilaire-de-Villefranche<\/td>\n<\/tr>\n<tr>\n<td>17500<\/td>\n<td>Saint-Hilaire-du-Bois<\/td>\n<\/tr>\n<tr>\n<td>17400<\/td>\n<td>Saint-Jean-d&rsquo;Ang\u00e9ly<\/td>\n<\/tr>\n<tr>\n<td>17400<\/td>\n<td>Saint-Julien-de-l&rsquo;Escap<\/td>\n<\/tr>\n<tr>\n<td>17380<\/td>\n<td>Saint-Laurent-de-la-Barri\u00e8re<\/td>\n<\/tr>\n<tr>\n<td>17800<\/td>\n<td>Saint-L\u00e9ger<\/td>\n<\/tr>\n<tr>\n<td>17380<\/td>\n<td>Saint-Loup<\/td>\n<\/tr>\n<tr>\n<td>17520<\/td>\n<td>Saint-Maigrin<\/td>\n<\/tr>\n<tr>\n<td>17470<\/td>\n<td>Saint-Mand\u00e9-sur-Br\u00e9doire<\/td>\n<\/tr>\n<tr>\n<td>17330<\/td>\n<td>Saint-Martial<\/td>\n<\/tr>\n<tr>\n<td>17150<\/td>\n<td>Saint-Martial-de-Mirambeau<\/td>\n<\/tr>\n<tr>\n<td>17500<\/td>\n<td>Saint-Martial-de-Vitaterne<\/td>\n<\/tr>\n<tr>\n<td>17520<\/td>\n<td>Saint-Martial-sur-N\u00e9<\/td>\n<\/tr>\n<tr>\n<td>17270<\/td>\n<td>Saint-Martin-d&rsquo;Ary<\/td>\n<\/tr>\n<tr>\n<td>17360<\/td>\n<td>Saint-Martin-de-Coux<\/td>\n<\/tr>\n<tr>\n<td>17400<\/td>\n<td>Saint-Martin-de-Juillers<\/td>\n<\/tr>\n<tr>\n<td>17500<\/td>\n<td>Saint-Maurice-de-Tavernole<\/td>\n<\/tr>\n<tr>\n<td>17500<\/td>\n<td>Saint-M\u00e9dard<\/td>\n<\/tr>\n<tr>\n<td>17490<\/td>\n<td>Saint-Ouen<\/td>\n<\/tr>\n<tr>\n<td>17210<\/td>\n<td>Saint-Palais-de-N\u00e9grignac<\/td>\n<\/tr>\n<tr>\n<td>17800<\/td>\n<td>Saint-Palais-de-Phiolin<\/td>\n<\/tr>\n<tr>\n<td>17420<\/td>\n<td>Saint-Palais-sur-Mer<\/td>\n<\/tr>\n<tr>\n<td>17400<\/td>\n<td>Saint-Pardoult<\/td>\n<\/tr>\n<tr>\n<td>17400<\/td>\n<td>Saint-Pierre-de-Juillers<\/td>\n<\/tr>\n<tr>\n<td>17330<\/td>\n<td>Saint-Pierre-de-l&rsquo;\u00cele<\/td>\n<\/tr>\n<tr>\n<td>17270<\/td>\n<td>Saint-Pierre-du-Palais<\/td>\n<\/tr>\n<tr>\n<td>17250<\/td>\n<td>Saint-Porchaire<\/td>\n<\/tr>\n<tr>\n<td>17800<\/td>\n<td>Saint-Quantin-de-Ran\u00e7anne<\/td>\n<\/tr>\n<tr>\n<td>17600<\/td>\n<td>Saint-Romain-de-Benet<\/td>\n<\/tr>\n<tr>\n<td>17240<\/td>\n<td>Saint-Romain-sur-Gironde<\/td>\n<\/tr>\n<tr>\n<td>17610<\/td>\n<td>Saint-Sauvant<\/td>\n<\/tr>\n<tr>\n<td>17350<\/td>\n<td>Saint-Savinien<\/td>\n<\/tr>\n<tr>\n<td>17800<\/td>\n<td>Saint-Seurin-de-Palenne<\/td>\n<\/tr>\n<tr>\n<td>17800<\/td>\n<td>Saint-Sever-de-Saintonge<\/td>\n<\/tr>\n<tr>\n<td>17330<\/td>\n<td>Saint-S\u00e9verin-sur-Boutonne<\/td>\n<\/tr>\n<tr>\n<td>17240<\/td>\n<td>Saint-Sigismond-de-Clermont<\/td>\n<\/tr>\n<tr>\n<td>17500<\/td>\n<td>Saint-Simon-de-Bordes<\/td>\n<\/tr>\n<tr>\n<td>17260<\/td>\n<td>Saint-Simon-de-Pellouaille<\/td>\n<\/tr>\n<tr>\n<td>17150<\/td>\n<td>Saint-Sorlin-de-Conac<\/td>\n<\/tr>\n<tr>\n<td>17250<\/td>\n<td>Saint-Sulpice-d&rsquo;Arnoult<\/td>\n<\/tr>\n<tr>\n<td>17200<\/td>\n<td>Saint-Sulpice-de-Royan<\/td>\n<\/tr>\n<tr>\n<td>17150<\/td>\n<td>Saint-Thomas-de-Conac<\/td>\n<\/tr>\n<tr>\n<td>17100<\/td>\n<td>Saint-Vaize<\/td>\n<\/tr>\n<tr>\n<td>17210<\/td>\n<td>Sainte-Colombe<\/td>\n<\/tr>\n<tr>\n<td>17250<\/td>\n<td>Sainte-Gemme<\/td>\n<\/tr>\n<tr>\n<td>17520<\/td>\n<td>Sainte-Lheurine<\/td>\n<\/tr>\n<tr>\n<td>17770<\/td>\n<td>Sainte-M\u00eame<\/td>\n<\/tr>\n<tr>\n<td>17250<\/td>\n<td>Sainte-Radegonde<\/td>\n<\/tr>\n<tr>\n<td>17240<\/td>\n<td>Sainte-Ram\u00e9e<\/td>\n<\/tr>\n<tr>\n<td>17100<\/td>\n<\/tr>\n<tr>\n<td>17510<\/td>\n<td>Saleignes<\/td>\n<\/tr>\n<tr>\n<td>17130<\/td>\n<td>Salignac-de-Mirambeau<\/td>\n<\/tr>\n<tr>\n<td>17800<\/td>\n<td>Salignac-sur-Charente<\/td>\n<\/tr>\n<tr>\n<td>17600<\/td>\n<td>Saujon<\/td>\n<\/tr>\n<tr>\n<td>17510<\/td>\n<td>Seign\u00e9<\/td>\n<\/tr>\n<tr>\n<td>17150<\/td>\n<td>Semillac<\/td>\n<\/tr>\n<tr>\n<td>17150<\/td>\n<td>Semoussac<\/td>\n<\/tr>\n<tr>\n<td>17120<\/td>\n<td>Semussac<\/td>\n<\/tr>\n<tr>\n<td>17490<\/td>\n<td>Siecq<\/td>\n<\/tr>\n<tr>\n<td>17160<\/td>\n<td>Sonnac<\/td>\n<\/tr>\n<tr>\n<td>17150<\/td>\n<td>Soubran<\/td>\n<\/tr>\n<tr>\n<td>17250<\/td>\n<td>Soulignonne<\/td>\n<\/tr>\n<tr>\n<td>17130<\/td>\n<td>Soum\u00e9ras<\/td>\n<\/tr>\n<tr>\n<td>17130<\/td>\n<td>Sousmoulins<\/td>\n<\/tr>\n<tr>\n<td>17350<\/td>\n<td>Taillant<\/td>\n<\/tr>\n<tr>\n<td>17350<\/td>\n<td>Taillebourg<\/td>\n<\/tr>\n<tr>\n<td>17120<\/td>\n<td>Talmont-sur-Gironde<\/td>\n<\/tr>\n<tr>\n<td>17260<\/td>\n<td>Tanzac<\/td>\n<\/tr>\n<tr>\n<td>17400<\/td>\n<td>Ternant<\/td>\n<\/tr>\n<tr>\n<td>17460<\/td>\n<td>Tesson<\/td>\n<\/tr>\n<tr>\n<td>17120<\/td>\n<td>Thaims<\/td>\n<\/tr>\n<tr>\n<td>17460<\/td>\n<td>Th\u00e9nac<\/td>\n<\/tr>\n<tr>\n<td>17600<\/td>\n<td>Th\u00e9zac<\/td>\n<\/tr>\n<tr>\n<td>17160<\/td>\n<td>Thors<\/td>\n<\/tr>\n<tr>\n<td>17380<\/td>\n<td>Tonnay-Boutonne<\/td>\n<\/tr>\n<tr>\n<td>17380<\/td>\n<td>Torx\u00e9<\/td>\n<\/tr>\n<tr>\n<td>17250<\/td>\n<td>Trizay<\/td>\n<\/tr>\n<tr>\n<td>17130<\/td>\n<td>Tug\u00e9ras-Saint-Maurice<\/td>\n<\/tr>\n<tr>\n<td>17500<\/td>\n<td>Vanzac<\/td>\n<\/tr>\n<tr>\n<td>17400<\/td>\n<td>Varaize<\/td>\n<\/tr>\n<tr>\n<td>17460<\/td>\n<td>Varzay<\/td>\n<\/tr>\n<tr>\n<td>17640<\/td>\n<td>Vaux-sur-Mer<\/td>\n<\/tr>\n<tr>\n<td>17100<\/td>\n<td>V\u00e9n\u00e9rand<\/td>\n<\/tr>\n<tr>\n<td>17330<\/td>\n<td>Vergn\u00e9<\/td>\n<\/tr>\n<tr>\n<td>17400<\/td>\n<td>Vervant<\/td>\n<\/tr>\n<tr>\n<td>17130<\/td>\n<td>Vibrac<\/td>\n<\/tr>\n<tr>\n<td>17260<\/td>\n<td>Villars-en-Pons<\/td>\n<\/tr>\n<tr>\n<td>17770<\/td>\n<td>Villars-les-Bois<\/td>\n<\/tr>\n<tr>\n<td>17470<\/td>\n<td>Villemorin<\/td>\n<\/tr>\n<tr>\n<td>17330<\/td>\n<td>Villeneuve-la-Comtesse<\/td>\n<\/tr>\n<tr>\n<td>17500<\/td>\n<td>Villexavier<\/td>\n<\/tr>\n<tr>\n<td>17510<\/td>\n<td>Villiers-Couture<\/td>\n<\/tr>\n<tr>\n<td>17510<\/td>\n<td>Vinax<\/td>\n<\/tr>\n<tr>\n<td>17260<\/td>\n<td>Virollet<\/td>\n<\/tr>\n<tr>\n<td>17400<\/td>\n<td>Voissay<\/td>\n<\/tr>\n<\/tbody>\n<\/table>\n<p>&nbsp;<\/p>\n","protected":false},"excerpt":{"rendered":"<p>Le greffe du tribunal de commerce de Saintes est un interlocuteur pr\u00e9f\u00e9rentiel pour tous les entrepreneurs et les dirigeants des [&hellip;]<\/p>\n","protected":false},"author":1,"featured_media":0,"parent":1759,"menu_order":0,"comment_status":"closed","ping_status":"closed","template":"","meta":{"inline_featured_image":false,"footnotes":""},"class_list":["post-2044","page","type-page","status-publish","hentry"],"yoast_head":"<!-- This site is optimized with the Yoast SEO plugin v26.8 - https:\/\/yoast.com\/product\/yoast-seo-wordpress\/ -->\n<title>Greffe du tribunal de commerce de Saintes - Actualit\u00e9 des entreprises<\/title>\n<meta name=\"robots\" content=\"index, follow, max-snippet:-1, max-image-preview:large, max-video-preview:-1\" \/>\n<link rel=\"canonical\" href=\"https:\/\/www.annonces-legales.org\/blog\/greffe\/greffe-du-tribunal-de-commerce-de-saintes\/\" \/>\n<meta property=\"og:locale\" content=\"fr_FR\" \/>\n<meta property=\"og:type\" content=\"article\" \/>\n<meta property=\"og:title\" content=\"Greffe du tribunal de commerce de Saintes - Actualit\u00e9 des entreprises\" \/>\n<meta property=\"og:description\" content=\"Le greffe du tribunal de commerce de Saintes est un interlocuteur pr\u00e9f\u00e9rentiel pour tous les entrepreneurs et les dirigeants des [&hellip;]\" \/>\n<meta property=\"og:url\" content=\"https:\/\/www.annonces-legales.org\/blog\/greffe\/greffe-du-tribunal-de-commerce-de-saintes\/\" \/>\n<meta property=\"og:site_name\" content=\"Actualit\u00e9 des entreprises\" \/>\n<meta property=\"article:modified_time\" content=\"2022-02-01T11:01:06+00:00\" \/>\n<meta property=\"og:image\" content=\"https:\/\/www.annonces-legales.org\/blog\/wp-content\/uploads\/2022\/01\/tribunal.png\" \/>\n\t<meta property=\"og:image:width\" content=\"640\" \/>\n\t<meta property=\"og:image:height\" content=\"612\" \/>\n\t<meta property=\"og:image:type\" content=\"image\/png\" \/>\n<meta name=\"twitter:card\" content=\"summary_large_image\" \/>\n<meta name=\"twitter:label1\" content=\"Dur\u00e9e de lecture estim\u00e9e\" \/>\n\t<meta name=\"twitter:data1\" content=\"3 minutes\" \/>\n<script type=\"application\/ld+json\" class=\"yoast-schema-graph\">{\"@context\":\"https:\/\/schema.org\",\"@graph\":[{\"@type\":\"WebPage\",\"@id\":\"https:\/\/www.annonces-legales.org\/blog\/greffe\/greffe-du-tribunal-de-commerce-de-saintes\/\",\"url\":\"https:\/\/www.annonces-legales.org\/blog\/greffe\/greffe-du-tribunal-de-commerce-de-saintes\/\",\"name\":\"Greffe du tribunal de commerce de Saintes - Actualit\u00e9 des entreprises\",\"isPartOf\":{\"@id\":\"https:\/\/www.annonces-legales.org\/blog\/#website\"},\"primaryImageOfPage\":{\"@id\":\"https:\/\/www.annonces-legales.org\/blog\/greffe\/greffe-du-tribunal-de-commerce-de-saintes\/#primaryimage\"},\"image\":{\"@id\":\"https:\/\/www.annonces-legales.org\/blog\/greffe\/greffe-du-tribunal-de-commerce-de-saintes\/#primaryimage\"},\"thumbnailUrl\":\"https:\/\/www.annonces-legales.org\/blog\/wp-content\/uploads\/2022\/01\/tribunal-150x150.png\",\"datePublished\":\"2022-01-22T20:06:06+00:00\",\"dateModified\":\"2022-02-01T11:01:06+00:00\",\"breadcrumb\":{\"@id\":\"https:\/\/www.annonces-legales.org\/blog\/greffe\/greffe-du-tribunal-de-commerce-de-saintes\/#breadcrumb\"},\"inLanguage\":\"fr-FR\",\"potentialAction\":[{\"@type\":\"ReadAction\",\"target\":[\"https:\/\/www.annonces-legales.org\/blog\/greffe\/greffe-du-tribunal-de-commerce-de-saintes\/\"]}]},{\"@type\":\"ImageObject\",\"inLanguage\":\"fr-FR\",\"@id\":\"https:\/\/www.annonces-legales.org\/blog\/greffe\/greffe-du-tribunal-de-commerce-de-saintes\/#primaryimage\",\"url\":\"https:\/\/www.annonces-legales.org\/blog\/wp-content\/uploads\/2022\/01\/tribunal.png\",\"contentUrl\":\"https:\/\/www.annonces-legales.org\/blog\/wp-content\/uploads\/2022\/01\/tribunal.png\",\"width\":640,\"height\":612},{\"@type\":\"BreadcrumbList\",\"@id\":\"https:\/\/www.annonces-legales.org\/blog\/greffe\/greffe-du-tribunal-de-commerce-de-saintes\/#breadcrumb\",\"itemListElement\":[{\"@type\":\"ListItem\",\"position\":1,\"name\":\"Accueil\",\"item\":\"https:\/\/www.annonces-legales.org\/blog\/\"},{\"@type\":\"ListItem\",\"position\":2,\"name\":\"Liste des Greffes des tribunaux de commerce\",\"item\":\"https:\/\/www.annonces-legales.org\/blog\/greffe\/\"},{\"@type\":\"ListItem\",\"position\":3,\"name\":\"Greffe du tribunal de commerce de Saintes\"}]},{\"@type\":\"WebSite\",\"@id\":\"https:\/\/www.annonces-legales.org\/blog\/#website\",\"url\":\"https:\/\/www.annonces-legales.org\/blog\/\",\"name\":\"Actualit\u00e9 des entreprises\",\"description\":\"\",\"publisher\":{\"@id\":\"https:\/\/www.annonces-legales.org\/blog\/#organization\"},\"potentialAction\":[{\"@type\":\"SearchAction\",\"target\":{\"@type\":\"EntryPoint\",\"urlTemplate\":\"https:\/\/www.annonces-legales.org\/blog\/?s={search_term_string}\"},\"query-input\":{\"@type\":\"PropertyValueSpecification\",\"valueRequired\":true,\"valueName\":\"search_term_string\"}}],\"inLanguage\":\"fr-FR\"},{\"@type\":\"Organization\",\"@id\":\"https:\/\/www.annonces-legales.org\/blog\/#organization\",\"name\":\"Actualit\u00e9 des entreprises\",\"url\":\"https:\/\/www.annonces-legales.org\/blog\/\",\"logo\":{\"@type\":\"ImageObject\",\"inLanguage\":\"fr-FR\",\"@id\":\"https:\/\/www.annonces-legales.org\/blog\/#\/schema\/logo\/image\/\",\"url\":\"https:\/\/www.annonces-legales.org\/blog\/wp-content\/uploads\/2023\/08\/annonces-legales.svg\",\"contentUrl\":\"https:\/\/www.annonces-legales.org\/blog\/wp-content\/uploads\/2023\/08\/annonces-legales.svg\",\"caption\":\"Actualit\u00e9 des entreprises\"},\"image\":{\"@id\":\"https:\/\/www.annonces-legales.org\/blog\/#\/schema\/logo\/image\/\"}}]}<\/script>\n<!-- \/ Yoast SEO plugin. -->","yoast_head_json":{"title":"Greffe du tribunal de commerce de Saintes - Actualit\u00e9 des entreprises","robots":{"index":"index","follow":"follow","max-snippet":"max-snippet:-1","max-image-preview":"max-image-preview:large","max-video-preview":"max-video-preview:-1"},"canonical":"https:\/\/www.annonces-legales.org\/blog\/greffe\/greffe-du-tribunal-de-commerce-de-saintes\/","og_locale":"fr_FR","og_type":"article","og_title":"Greffe du tribunal de commerce de Saintes - Actualit\u00e9 des entreprises","og_description":"Le greffe du tribunal de commerce de Saintes est un interlocuteur pr\u00e9f\u00e9rentiel pour tous les entrepreneurs et les dirigeants des [&hellip;]","og_url":"https:\/\/www.annonces-legales.org\/blog\/greffe\/greffe-du-tribunal-de-commerce-de-saintes\/","og_site_name":"Actualit\u00e9 des entreprises","article_modified_time":"2022-02-01T11:01:06+00:00","og_image":[{"width":640,"height":612,"url":"https:\/\/www.annonces-legales.org\/blog\/wp-content\/uploads\/2022\/01\/tribunal.png","type":"image\/png"}],"twitter_card":"summary_large_image","twitter_misc":{"Dur\u00e9e de lecture estim\u00e9e":"3 minutes"},"schema":{"@context":"https:\/\/schema.org","@graph":[{"@type":"WebPage","@id":"https:\/\/www.annonces-legales.org\/blog\/greffe\/greffe-du-tribunal-de-commerce-de-saintes\/","url":"https:\/\/www.annonces-legales.org\/blog\/greffe\/greffe-du-tribunal-de-commerce-de-saintes\/","name":"Greffe du tribunal de commerce de Saintes - Actualit\u00e9 des entreprises","isPartOf":{"@id":"https:\/\/www.annonces-legales.org\/blog\/#website"},"primaryImageOfPage":{"@id":"https:\/\/www.annonces-legales.org\/blog\/greffe\/greffe-du-tribunal-de-commerce-de-saintes\/#primaryimage"},"image":{"@id":"https:\/\/www.annonces-legales.org\/blog\/greffe\/greffe-du-tribunal-de-commerce-de-saintes\/#primaryimage"},"thumbnailUrl":"https:\/\/www.annonces-legales.org\/blog\/wp-content\/uploads\/2022\/01\/tribunal-150x150.png","datePublished":"2022-01-22T20:06:06+00:00","dateModified":"2022-02-01T11:01:06+00:00","breadcrumb":{"@id":"https:\/\/www.annonces-legales.org\/blog\/greffe\/greffe-du-tribunal-de-commerce-de-saintes\/#breadcrumb"},"inLanguage":"fr-FR","potentialAction":[{"@type":"ReadAction","target":["https:\/\/www.annonces-legales.org\/blog\/greffe\/greffe-du-tribunal-de-commerce-de-saintes\/"]}]},{"@type":"ImageObject","inLanguage":"fr-FR","@id":"https:\/\/www.annonces-legales.org\/blog\/greffe\/greffe-du-tribunal-de-commerce-de-saintes\/#primaryimage","url":"https:\/\/www.annonces-legales.org\/blog\/wp-content\/uploads\/2022\/01\/tribunal.png","contentUrl":"https:\/\/www.annonces-legales.org\/blog\/wp-content\/uploads\/2022\/01\/tribunal.png","width":640,"height":612},{"@type":"BreadcrumbList","@id":"https:\/\/www.annonces-legales.org\/blog\/greffe\/greffe-du-tribunal-de-commerce-de-saintes\/#breadcrumb","itemListElement":[{"@type":"ListItem","position":1,"name":"Accueil","item":"https:\/\/www.annonces-legales.org\/blog\/"},{"@type":"ListItem","position":2,"name":"Liste des Greffes des tribunaux de commerce","item":"https:\/\/www.annonces-legales.org\/blog\/greffe\/"},{"@type":"ListItem","position":3,"name":"Greffe du tribunal de commerce de Saintes"}]},{"@type":"WebSite","@id":"https:\/\/www.annonces-legales.org\/blog\/#website","url":"https:\/\/www.annonces-legales.org\/blog\/","name":"Actualit\u00e9 des entreprises","description":"","publisher":{"@id":"https:\/\/www.annonces-legales.org\/blog\/#organization"},"potentialAction":[{"@type":"SearchAction","target":{"@type":"EntryPoint","urlTemplate":"https:\/\/www.annonces-legales.org\/blog\/?s={search_term_string}"},"query-input":{"@type":"PropertyValueSpecification","valueRequired":true,"valueName":"search_term_string"}}],"inLanguage":"fr-FR"},{"@type":"Organization","@id":"https:\/\/www.annonces-legales.org\/blog\/#organization","name":"Actualit\u00e9 des entreprises","url":"https:\/\/www.annonces-legales.org\/blog\/","logo":{"@type":"ImageObject","inLanguage":"fr-FR","@id":"https:\/\/www.annonces-legales.org\/blog\/#\/schema\/logo\/image\/","url":"https:\/\/www.annonces-legales.org\/blog\/wp-content\/uploads\/2023\/08\/annonces-legales.svg","contentUrl":"https:\/\/www.annonces-legales.org\/blog\/wp-content\/uploads\/2023\/08\/annonces-legales.svg","caption":"Actualit\u00e9 des entreprises"},"image":{"@id":"https:\/\/www.annonces-legales.org\/blog\/#\/schema\/logo\/image\/"}}]}},"_links":{"self":[{"href":"https:\/\/www.annonces-legales.org\/blog\/wp-json\/wp\/v2\/pages\/2044","targetHints":{"allow":["GET"]}}],"collection":[{"href":"https:\/\/www.annonces-legales.org\/blog\/wp-json\/wp\/v2\/pages"}],"about":[{"href":"https:\/\/www.annonces-legales.org\/blog\/wp-json\/wp\/v2\/types\/page"}],"author":[{"embeddable":true,"href":"https:\/\/www.annonces-legales.org\/blog\/wp-json\/wp\/v2\/users\/1"}],"replies":[{"embeddable":true,"href":"https:\/\/www.annonces-legales.org\/blog\/wp-json\/wp\/v2\/comments?post=2044"}],"version-history":[{"count":3,"href":"https:\/\/www.annonces-legales.org\/blog\/wp-json\/wp\/v2\/pages\/2044\/revisions"}],"predecessor-version":[{"id":2530,"href":"https:\/\/www.annonces-legales.org\/blog\/wp-json\/wp\/v2\/pages\/2044\/revisions\/2530"}],"up":[{"embeddable":true,"href":"https:\/\/www.annonces-legales.org\/blog\/wp-json\/wp\/v2\/pages\/1759"}],"wp:attachment":[{"href":"https:\/\/www.annonces-legales.org\/blog\/wp-json\/wp\/v2\/media?parent=2044"}],"curies":[{"name":"wp","href":"https:\/\/api.w.org\/{rel}","templated":true}]}}