{"id":2046,"date":"2022-01-22T21:06:38","date_gmt":"2022-01-22T20:06:38","guid":{"rendered":"https:\/\/www.annonces-legales.org\/blog\/?page_id=2046"},"modified":"2022-02-01T12:09:03","modified_gmt":"2022-02-01T11:09:03","slug":"greffe-du-tribunal-de-commerce-de-salon-de-provence","status":"publish","type":"page","link":"https:\/\/www.annonces-legales.org\/blog\/greffe\/greffe-du-tribunal-de-commerce-de-salon-de-provence\/","title":{"rendered":"Greffe du tribunal de commerce de Salon-De-Provence"},"content":{"rendered":"<p><img loading=\"lazy\" decoding=\"async\" class=\" wp-image-2423 alignleft\" src=\"https:\/\/www.annonces-legales.org\/blog\/wp-content\/uploads\/2022\/01\/tribunal-150x150.png\" alt=\"\" width=\"90\" height=\"90\" \/>Le <strong>greffe de Salon-De-Provence<\/strong> est un service du tribunal g\u00e9r\u00e9 par les greffiers. Il organise et s&rsquo;occupe de nombreux services du tribunal. Les greffiers secondent le travail des juges mais vont aussi s&rsquo;occuper des d\u00e9marches des soci\u00e9t\u00e9s ainsi que du <strong>CFE<\/strong> et du <strong>RCS<\/strong>.<br \/>\nInstitu\u00e9 il y a plus d&rsquo;un si\u00e8cle, le Registre du Commerce et des Soci\u00e9t\u00e9s regroupe toutes les informations sur l&rsquo;identit\u00e9 des structures commerciales. Toutes ces informations sont facilement disponibles sur demande. Y figure entre autre les informations du gestionnaire avec son adresse, le num\u00e9ro de RCS, le nom du commissaire aux compte, la d\u00e9nomination sociale&#8230;<\/p>\n<p>Les cr\u00e9ateurs d&rsquo;entreprise dont l&rsquo;entreprise en cours de cr\u00e9ation va \u00eatre du ressort de ce greffe vont devoir le contacter pour faire l&rsquo;immatriculation de leur structure commerciale.<\/p>\n<p>Vous pouvez consulter ici davantage d&rsquo;informations sur le greffe du TC de Salon de Provence.<\/p>\n<p>&nbsp;<\/p>\n<h2>Contact du greffe de Salon-De-Provence<\/h2>\n<p>Adresse postale:<strong> 481, Bd De La Republique 13657 SALON DE PROVENCE CEDEX<\/strong><\/p>\n<p><div class=\"leaflet-map WPLeafletMap\" style=\"height:250px; width:100%;\"><\/div><script>\nwindow.WPLeafletMapPlugin = window.WPLeafletMapPlugin || [];\nwindow.WPLeafletMapPlugin.push(function WPLeafletMapShortcode() {\/*<script>*\/\nvar baseUrl = atob('aHR0cHM6Ly97c30udGlsZS5vcGVuc3RyZWV0bWFwLm9yZy97en0ve3h9L3t5fS5wbmc=');\nvar base = (!baseUrl && window.MQ) ?\n    window.MQ.mapLayer() : L.tileLayer(baseUrl,\n        L.Util.extend({}, {\n            detectRetina: 0,\n        },\n        {\"subdomains\":\"abc\",\"noWrap\":false,\"maxZoom\":20}        )\n    );\n    var options = L.Util.extend({}, {\n        layers: [base],\n        attributionControl: false\n    },\n    {\"zoomControl\":true,\"scrollWheelZoom\":false,\"doubleClickZoom\":false,\"fitBounds\":false,\"minZoom\":0,\"maxZoom\":20,\"maxBounds\":null,\"attribution\":\"\"},\n    {});\nwindow.WPLeafletMapPlugin.createMap(options).setView([43.640493,5.08903],17);});<\/script> <script>\nwindow.WPLeafletMapPlugin = window.WPLeafletMapPlugin || [];\nwindow.WPLeafletMapPlugin.push(function WPLeafletMarkerShortcode() {\/*<script>*\/\nvar map = window.WPLeafletMapPlugin.getCurrentMap();\nvar group = window.WPLeafletMapPlugin.getCurrentGroup();\nvar marker_options = window.WPLeafletMapPlugin.getIconOptions({});\nvar marker = L.marker(\n    [0,0],\n    marker_options\n);\nvar is_image = map.is_image_map;\n    marker.setLatLng( map.getCenter() );\nif (marker_options.draggable) {\n    marker.on('dragend', function () {\n        var latlng = this.getLatLng();\n        var lat = latlng.lat;\n        var lng = latlng.lng;\n        if (is_image) {\n            console.log('leaflet-marker y=' + lat + ' x=' + lng);\n        } else {\n            console.log('leaflet-marker lat=' + lat + ' lng=' + lng);\n        }\n    });\n}\nmarker.addTo( group );\nmarker.bindPopup(window.WPLeafletMapPlugin.unescape(' Greffe du tribunal de commerce de Salon-De-Provence ')).openPopup();window.WPLeafletMapPlugin.markers.push( marker );\n        });<\/script><\/p>\n<p>Ligne t\u00e9l\u00e9phonique : <strong>04 90 56 03 56<\/strong><\/p>\n<p>Page internet : <em>www.greffe-tc-salondeprovence.fr<\/em><\/p>\n<p>&nbsp;<\/p>\n<h2>Horaires d&rsquo;ouverture<\/h2>\n<p>Les heures d&rsquo;ouvertures du greffe du tribunal de commerce de Salon-De-Provence sont les suivants :<br \/>\n<strong>entre 9h-12h et entre 14h-16h<\/strong>.<\/p>\n<p>&nbsp;<\/p>\n<h2>Villes du ressort du TC de Salon de Provence<\/h2>\n<p>Les villes suivantes sont du ressort de ce tribunal. Cela signifie que les entreprises qui ont leur adresses dans cette ville vont utiliser ce greffe pour leur d\u00e9marches. Ces entreprises seront \u00e9galement jug\u00e9es \u00e0 ce tribunal pour leur litiges commerciaux.<\/p>\n<p>&nbsp;<\/p>\n<table class=\"tg table-striped container-fluid\">\n<tbody>\n<tr>\n<th>Code postal<\/th>\n<th>Commune<\/th>\n<\/tr>\n<tr>\n<td>13121<\/td>\n<td>Aurons<\/td>\n<\/tr>\n<tr>\n<td>13130<\/td>\n<td>Berre-l&rsquo;\u00c9tang<\/td>\n<\/tr>\n<tr>\n<td>13350<\/td>\n<td>Charleval<\/td>\n<\/tr>\n<tr>\n<td>13250<\/td>\n<td>Cornillon-Confoux<\/td>\n<\/tr>\n<tr>\n<td>13111<\/td>\n<td>Coudoux<\/td>\n<\/tr>\n<tr>\n<td>13270<\/td>\n<td>Fos-sur-Mer<\/td>\n<\/tr>\n<tr>\n<td>13450<\/td>\n<td>Grans<\/td>\n<\/tr>\n<tr>\n<td>13800<\/td>\n<td>Istres<\/td>\n<\/tr>\n<tr>\n<td>13330<\/td>\n<td>La Barben<\/td>\n<\/tr>\n<tr>\n<td>13580<\/td>\n<td>La Fare-les-Oliviers<\/td>\n<\/tr>\n<tr>\n<td>13640<\/td>\n<td>La Roque-d&rsquo;Anth\u00e9ron<\/td>\n<\/tr>\n<tr>\n<td>13410<\/td>\n<td>Lambesc<\/td>\n<\/tr>\n<tr>\n<td>13680<\/td>\n<td>Lan\u00e7on-Provence<\/td>\n<\/tr>\n<tr>\n<td>13140<\/td>\n<td>Miramas<\/td>\n<\/tr>\n<tr>\n<td>13330<\/td>\n<td>P\u00e9lissanne<\/td>\n<\/tr>\n<tr>\n<td>13340<\/td>\n<td>Rognac<\/td>\n<\/tr>\n<tr>\n<td>13840<\/td>\n<td>Rognes<\/td>\n<\/tr>\n<tr>\n<td>13760<\/td>\n<td>Saint-Cannat<\/td>\n<\/tr>\n<tr>\n<td>13250<\/td>\n<td>Saint-Chamas<\/td>\n<\/tr>\n<tr>\n<td>13610<\/td>\n<td>Saint-Est\u00e8ve-Janson<\/td>\n<\/tr>\n<tr>\n<td>13920<\/td>\n<td>Saint-Mitre-les-Remparts<\/td>\n<\/tr>\n<tr>\n<td>13880<\/td>\n<td>Velaux<\/td>\n<\/tr>\n<tr>\n<td>13122<\/td>\n<td>Ventabren<\/td>\n<\/tr>\n<tr>\n<td>13127<\/td>\n<td>Vitrolles<\/td>\n<\/tr>\n<\/tbody>\n<\/table>\n","protected":false},"excerpt":{"rendered":"<p>Le greffe de Salon-De-Provence est un service du tribunal g\u00e9r\u00e9 par les greffiers. Il organise et s&rsquo;occupe de nombreux services [&hellip;]<\/p>\n","protected":false},"author":1,"featured_media":0,"parent":1759,"menu_order":0,"comment_status":"closed","ping_status":"closed","template":"","meta":{"inline_featured_image":false,"footnotes":""},"class_list":["post-2046","page","type-page","status-publish","hentry"],"yoast_head":"<!-- This site is optimized with the Yoast SEO plugin v26.8 - https:\/\/yoast.com\/product\/yoast-seo-wordpress\/ -->\n<title>Greffe du tribunal de commerce de Salon-De-Provence - Actualit\u00e9 des entreprises<\/title>\n<meta name=\"robots\" content=\"index, follow, max-snippet:-1, max-image-preview:large, max-video-preview:-1\" \/>\n<link rel=\"canonical\" href=\"https:\/\/www.annonces-legales.org\/blog\/greffe\/greffe-du-tribunal-de-commerce-de-salon-de-provence\/\" \/>\n<meta property=\"og:locale\" content=\"fr_FR\" \/>\n<meta property=\"og:type\" content=\"article\" \/>\n<meta property=\"og:title\" content=\"Greffe du tribunal de commerce de Salon-De-Provence - Actualit\u00e9 des entreprises\" \/>\n<meta property=\"og:description\" content=\"Le greffe de Salon-De-Provence est un service du tribunal g\u00e9r\u00e9 par les greffiers. Il organise et s&rsquo;occupe de nombreux services [&hellip;]\" \/>\n<meta property=\"og:url\" content=\"https:\/\/www.annonces-legales.org\/blog\/greffe\/greffe-du-tribunal-de-commerce-de-salon-de-provence\/\" \/>\n<meta property=\"og:site_name\" content=\"Actualit\u00e9 des entreprises\" \/>\n<meta property=\"article:modified_time\" content=\"2022-02-01T11:09:03+00:00\" \/>\n<meta property=\"og:image\" content=\"https:\/\/www.annonces-legales.org\/blog\/wp-content\/uploads\/2022\/01\/tribunal.png\" \/>\n\t<meta property=\"og:image:width\" content=\"640\" \/>\n\t<meta property=\"og:image:height\" content=\"612\" \/>\n\t<meta property=\"og:image:type\" content=\"image\/png\" \/>\n<meta name=\"twitter:card\" content=\"summary_large_image\" \/>\n<meta name=\"twitter:label1\" content=\"Dur\u00e9e de lecture estim\u00e9e\" \/>\n\t<meta name=\"twitter:data1\" content=\"2 minutes\" \/>\n<script type=\"application\/ld+json\" class=\"yoast-schema-graph\">{\"@context\":\"https:\/\/schema.org\",\"@graph\":[{\"@type\":\"WebPage\",\"@id\":\"https:\/\/www.annonces-legales.org\/blog\/greffe\/greffe-du-tribunal-de-commerce-de-salon-de-provence\/\",\"url\":\"https:\/\/www.annonces-legales.org\/blog\/greffe\/greffe-du-tribunal-de-commerce-de-salon-de-provence\/\",\"name\":\"Greffe du tribunal de commerce de Salon-De-Provence - Actualit\u00e9 des entreprises\",\"isPartOf\":{\"@id\":\"https:\/\/www.annonces-legales.org\/blog\/#website\"},\"primaryImageOfPage\":{\"@id\":\"https:\/\/www.annonces-legales.org\/blog\/greffe\/greffe-du-tribunal-de-commerce-de-salon-de-provence\/#primaryimage\"},\"image\":{\"@id\":\"https:\/\/www.annonces-legales.org\/blog\/greffe\/greffe-du-tribunal-de-commerce-de-salon-de-provence\/#primaryimage\"},\"thumbnailUrl\":\"https:\/\/www.annonces-legales.org\/blog\/wp-content\/uploads\/2022\/01\/tribunal-150x150.png\",\"datePublished\":\"2022-01-22T20:06:38+00:00\",\"dateModified\":\"2022-02-01T11:09:03+00:00\",\"breadcrumb\":{\"@id\":\"https:\/\/www.annonces-legales.org\/blog\/greffe\/greffe-du-tribunal-de-commerce-de-salon-de-provence\/#breadcrumb\"},\"inLanguage\":\"fr-FR\",\"potentialAction\":[{\"@type\":\"ReadAction\",\"target\":[\"https:\/\/www.annonces-legales.org\/blog\/greffe\/greffe-du-tribunal-de-commerce-de-salon-de-provence\/\"]}]},{\"@type\":\"ImageObject\",\"inLanguage\":\"fr-FR\",\"@id\":\"https:\/\/www.annonces-legales.org\/blog\/greffe\/greffe-du-tribunal-de-commerce-de-salon-de-provence\/#primaryimage\",\"url\":\"https:\/\/www.annonces-legales.org\/blog\/wp-content\/uploads\/2022\/01\/tribunal.png\",\"contentUrl\":\"https:\/\/www.annonces-legales.org\/blog\/wp-content\/uploads\/2022\/01\/tribunal.png\",\"width\":640,\"height\":612},{\"@type\":\"BreadcrumbList\",\"@id\":\"https:\/\/www.annonces-legales.org\/blog\/greffe\/greffe-du-tribunal-de-commerce-de-salon-de-provence\/#breadcrumb\",\"itemListElement\":[{\"@type\":\"ListItem\",\"position\":1,\"name\":\"Accueil\",\"item\":\"https:\/\/www.annonces-legales.org\/blog\/\"},{\"@type\":\"ListItem\",\"position\":2,\"name\":\"Liste des Greffes des tribunaux de commerce\",\"item\":\"https:\/\/www.annonces-legales.org\/blog\/greffe\/\"},{\"@type\":\"ListItem\",\"position\":3,\"name\":\"Greffe du tribunal de commerce de Salon-De-Provence\"}]},{\"@type\":\"WebSite\",\"@id\":\"https:\/\/www.annonces-legales.org\/blog\/#website\",\"url\":\"https:\/\/www.annonces-legales.org\/blog\/\",\"name\":\"Actualit\u00e9 des entreprises\",\"description\":\"\",\"publisher\":{\"@id\":\"https:\/\/www.annonces-legales.org\/blog\/#organization\"},\"potentialAction\":[{\"@type\":\"SearchAction\",\"target\":{\"@type\":\"EntryPoint\",\"urlTemplate\":\"https:\/\/www.annonces-legales.org\/blog\/?s={search_term_string}\"},\"query-input\":{\"@type\":\"PropertyValueSpecification\",\"valueRequired\":true,\"valueName\":\"search_term_string\"}}],\"inLanguage\":\"fr-FR\"},{\"@type\":\"Organization\",\"@id\":\"https:\/\/www.annonces-legales.org\/blog\/#organization\",\"name\":\"Actualit\u00e9 des entreprises\",\"url\":\"https:\/\/www.annonces-legales.org\/blog\/\",\"logo\":{\"@type\":\"ImageObject\",\"inLanguage\":\"fr-FR\",\"@id\":\"https:\/\/www.annonces-legales.org\/blog\/#\/schema\/logo\/image\/\",\"url\":\"https:\/\/www.annonces-legales.org\/blog\/wp-content\/uploads\/2023\/08\/annonces-legales.svg\",\"contentUrl\":\"https:\/\/www.annonces-legales.org\/blog\/wp-content\/uploads\/2023\/08\/annonces-legales.svg\",\"caption\":\"Actualit\u00e9 des entreprises\"},\"image\":{\"@id\":\"https:\/\/www.annonces-legales.org\/blog\/#\/schema\/logo\/image\/\"}}]}<\/script>\n<!-- \/ Yoast SEO plugin. -->","yoast_head_json":{"title":"Greffe du tribunal de commerce de Salon-De-Provence - Actualit\u00e9 des entreprises","robots":{"index":"index","follow":"follow","max-snippet":"max-snippet:-1","max-image-preview":"max-image-preview:large","max-video-preview":"max-video-preview:-1"},"canonical":"https:\/\/www.annonces-legales.org\/blog\/greffe\/greffe-du-tribunal-de-commerce-de-salon-de-provence\/","og_locale":"fr_FR","og_type":"article","og_title":"Greffe du tribunal de commerce de Salon-De-Provence - Actualit\u00e9 des entreprises","og_description":"Le greffe de Salon-De-Provence est un service du tribunal g\u00e9r\u00e9 par les greffiers. Il organise et s&rsquo;occupe de nombreux services [&hellip;]","og_url":"https:\/\/www.annonces-legales.org\/blog\/greffe\/greffe-du-tribunal-de-commerce-de-salon-de-provence\/","og_site_name":"Actualit\u00e9 des entreprises","article_modified_time":"2022-02-01T11:09:03+00:00","og_image":[{"width":640,"height":612,"url":"https:\/\/www.annonces-legales.org\/blog\/wp-content\/uploads\/2022\/01\/tribunal.png","type":"image\/png"}],"twitter_card":"summary_large_image","twitter_misc":{"Dur\u00e9e de lecture estim\u00e9e":"2 minutes"},"schema":{"@context":"https:\/\/schema.org","@graph":[{"@type":"WebPage","@id":"https:\/\/www.annonces-legales.org\/blog\/greffe\/greffe-du-tribunal-de-commerce-de-salon-de-provence\/","url":"https:\/\/www.annonces-legales.org\/blog\/greffe\/greffe-du-tribunal-de-commerce-de-salon-de-provence\/","name":"Greffe du tribunal de commerce de Salon-De-Provence - Actualit\u00e9 des entreprises","isPartOf":{"@id":"https:\/\/www.annonces-legales.org\/blog\/#website"},"primaryImageOfPage":{"@id":"https:\/\/www.annonces-legales.org\/blog\/greffe\/greffe-du-tribunal-de-commerce-de-salon-de-provence\/#primaryimage"},"image":{"@id":"https:\/\/www.annonces-legales.org\/blog\/greffe\/greffe-du-tribunal-de-commerce-de-salon-de-provence\/#primaryimage"},"thumbnailUrl":"https:\/\/www.annonces-legales.org\/blog\/wp-content\/uploads\/2022\/01\/tribunal-150x150.png","datePublished":"2022-01-22T20:06:38+00:00","dateModified":"2022-02-01T11:09:03+00:00","breadcrumb":{"@id":"https:\/\/www.annonces-legales.org\/blog\/greffe\/greffe-du-tribunal-de-commerce-de-salon-de-provence\/#breadcrumb"},"inLanguage":"fr-FR","potentialAction":[{"@type":"ReadAction","target":["https:\/\/www.annonces-legales.org\/blog\/greffe\/greffe-du-tribunal-de-commerce-de-salon-de-provence\/"]}]},{"@type":"ImageObject","inLanguage":"fr-FR","@id":"https:\/\/www.annonces-legales.org\/blog\/greffe\/greffe-du-tribunal-de-commerce-de-salon-de-provence\/#primaryimage","url":"https:\/\/www.annonces-legales.org\/blog\/wp-content\/uploads\/2022\/01\/tribunal.png","contentUrl":"https:\/\/www.annonces-legales.org\/blog\/wp-content\/uploads\/2022\/01\/tribunal.png","width":640,"height":612},{"@type":"BreadcrumbList","@id":"https:\/\/www.annonces-legales.org\/blog\/greffe\/greffe-du-tribunal-de-commerce-de-salon-de-provence\/#breadcrumb","itemListElement":[{"@type":"ListItem","position":1,"name":"Accueil","item":"https:\/\/www.annonces-legales.org\/blog\/"},{"@type":"ListItem","position":2,"name":"Liste des Greffes des tribunaux de commerce","item":"https:\/\/www.annonces-legales.org\/blog\/greffe\/"},{"@type":"ListItem","position":3,"name":"Greffe du tribunal de commerce de Salon-De-Provence"}]},{"@type":"WebSite","@id":"https:\/\/www.annonces-legales.org\/blog\/#website","url":"https:\/\/www.annonces-legales.org\/blog\/","name":"Actualit\u00e9 des entreprises","description":"","publisher":{"@id":"https:\/\/www.annonces-legales.org\/blog\/#organization"},"potentialAction":[{"@type":"SearchAction","target":{"@type":"EntryPoint","urlTemplate":"https:\/\/www.annonces-legales.org\/blog\/?s={search_term_string}"},"query-input":{"@type":"PropertyValueSpecification","valueRequired":true,"valueName":"search_term_string"}}],"inLanguage":"fr-FR"},{"@type":"Organization","@id":"https:\/\/www.annonces-legales.org\/blog\/#organization","name":"Actualit\u00e9 des entreprises","url":"https:\/\/www.annonces-legales.org\/blog\/","logo":{"@type":"ImageObject","inLanguage":"fr-FR","@id":"https:\/\/www.annonces-legales.org\/blog\/#\/schema\/logo\/image\/","url":"https:\/\/www.annonces-legales.org\/blog\/wp-content\/uploads\/2023\/08\/annonces-legales.svg","contentUrl":"https:\/\/www.annonces-legales.org\/blog\/wp-content\/uploads\/2023\/08\/annonces-legales.svg","caption":"Actualit\u00e9 des entreprises"},"image":{"@id":"https:\/\/www.annonces-legales.org\/blog\/#\/schema\/logo\/image\/"}}]}},"_links":{"self":[{"href":"https:\/\/www.annonces-legales.org\/blog\/wp-json\/wp\/v2\/pages\/2046","targetHints":{"allow":["GET"]}}],"collection":[{"href":"https:\/\/www.annonces-legales.org\/blog\/wp-json\/wp\/v2\/pages"}],"about":[{"href":"https:\/\/www.annonces-legales.org\/blog\/wp-json\/wp\/v2\/types\/page"}],"author":[{"embeddable":true,"href":"https:\/\/www.annonces-legales.org\/blog\/wp-json\/wp\/v2\/users\/1"}],"replies":[{"embeddable":true,"href":"https:\/\/www.annonces-legales.org\/blog\/wp-json\/wp\/v2\/comments?post=2046"}],"version-history":[{"count":4,"href":"https:\/\/www.annonces-legales.org\/blog\/wp-json\/wp\/v2\/pages\/2046\/revisions"}],"predecessor-version":[{"id":2533,"href":"https:\/\/www.annonces-legales.org\/blog\/wp-json\/wp\/v2\/pages\/2046\/revisions\/2533"}],"up":[{"embeddable":true,"href":"https:\/\/www.annonces-legales.org\/blog\/wp-json\/wp\/v2\/pages\/1759"}],"wp:attachment":[{"href":"https:\/\/www.annonces-legales.org\/blog\/wp-json\/wp\/v2\/media?parent=2046"}],"curies":[{"name":"wp","href":"https:\/\/api.w.org\/{rel}","templated":true}]}}