{"id":2054,"date":"2022-01-22T21:08:22","date_gmt":"2022-01-22T20:08:22","guid":{"rendered":"https:\/\/www.annonces-legales.org\/blog\/?page_id=2054"},"modified":"2022-02-01T12:34:13","modified_gmt":"2022-02-01T11:34:13","slug":"greffe-du-tribunal-de-commerce-de-sens","status":"publish","type":"page","link":"https:\/\/www.annonces-legales.org\/blog\/greffe\/greffe-du-tribunal-de-commerce-de-sens\/","title":{"rendered":"Greffe du tribunal de commerce de Sens"},"content":{"rendered":"<p><img loading=\"lazy\" decoding=\"async\" class=\"alignright  wp-image-2423\" src=\"https:\/\/www.annonces-legales.org\/blog\/wp-content\/uploads\/2022\/01\/tribunal-150x150.png\" alt=\"\" width=\"75\" height=\"75\" \/>Vous voulez aller au <strong>greffe du tribunal de commerce de Sens<\/strong> ? Vous recherchez son adresse ?<br \/>\nVous trouverez sur cette page l&rsquo;int\u00e9gralit\u00e9 des informations pratiques pour prendre contact avec le greffe de Sens et pour r\u00e9aliser les d\u00e9marches pour votre entreprise.<\/p>\n<p>&nbsp;<\/p>\n<h2>Adresse et contact du greffe du tribunal de commerce de Sens<\/h2>\n<p>Vous pouvez appeler le greffe du tribunal de commerce de Sens en composant le <strong>03 86 65 23 53<\/strong>.<\/p>\n<p><div class=\"leaflet-map WPLeafletMap\" style=\"height:250px; width:100%;\"><\/div><script>\nwindow.WPLeafletMapPlugin = window.WPLeafletMapPlugin || [];\nwindow.WPLeafletMapPlugin.push(function WPLeafletMapShortcode() {\/*<script>*\/\nvar baseUrl = atob('aHR0cHM6Ly97c30udGlsZS5vcGVuc3RyZWV0bWFwLm9yZy97en0ve3h9L3t5fS5wbmc=');\nvar base = (!baseUrl && window.MQ) ?\n    window.MQ.mapLayer() : L.tileLayer(baseUrl,\n        L.Util.extend({}, {\n            detectRetina: 0,\n        },\n        {\"subdomains\":\"abc\",\"noWrap\":false,\"maxZoom\":20}        )\n    );\n    var options = L.Util.extend({}, {\n        layers: [base],\n        attributionControl: false\n    },\n    {\"zoomControl\":true,\"scrollWheelZoom\":false,\"doubleClickZoom\":false,\"fitBounds\":false,\"minZoom\":0,\"maxZoom\":20,\"maxBounds\":null,\"attribution\":\"\"},\n    {});\nwindow.WPLeafletMapPlugin.createMap(options).setView([48.196331,3.276994],17);});<\/script> <script>\nwindow.WPLeafletMapPlugin = window.WPLeafletMapPlugin || [];\nwindow.WPLeafletMapPlugin.push(function WPLeafletMarkerShortcode() {\/*<script>*\/\nvar map = window.WPLeafletMapPlugin.getCurrentMap();\nvar group = window.WPLeafletMapPlugin.getCurrentGroup();\nvar marker_options = window.WPLeafletMapPlugin.getIconOptions({});\nvar marker = L.marker(\n    [0,0],\n    marker_options\n);\nvar is_image = map.is_image_map;\n    marker.setLatLng( map.getCenter() );\nif (marker_options.draggable) {\n    marker.on('dragend', function () {\n        var latlng = this.getLatLng();\n        var lat = latlng.lat;\n        var lng = latlng.lng;\n        if (is_image) {\n            console.log('leaflet-marker y=' + lat + ' x=' + lng);\n        } else {\n            console.log('leaflet-marker lat=' + lat + ' lng=' + lng);\n        }\n    });\n}\nmarker.addTo( group );\nmarker.bindPopup(window.WPLeafletMapPlugin.unescape(' Greffe du tribunal de commerce de Sens ')).openPopup();window.WPLeafletMapPlugin.markers.push( marker );\n        });<\/script><\/p>\n<p>L&rsquo;adresse du greffe du tribunal de commerce de Sens est : <strong>1 Rue Du Palais De Justice 89100 SENS<\/strong><\/p>\n<p>&nbsp;<\/p>\n<p>Site internet du greffe de Sens : <em>www.greffe-tc-sens.fr<\/em><\/p>\n<p>&nbsp;<\/p>\n<p>&nbsp;<\/p>\n<h2>Horaires d&rsquo;ouverture<\/h2>\n<p>Le greffe est ouvert toute la semaine de<strong> 10h \u00e0 12h et de 13h30 \u00e0 15h30<\/strong>.<\/p>\n<p>&nbsp;<\/p>\n<h2>Ressort du TC de Sens<\/h2>\n<table class=\"tg table-striped container-fluid\">\n<tbody>\n<tr>\n<th>Code postal<\/th>\n<th>Commune<\/th>\n<\/tr>\n<tr>\n<td>89110<\/td>\n<td>Aillant-sur-Tholon<\/td>\n<\/tr>\n<tr>\n<td>89320<\/td>\n<td>Arces-Dilo<\/td>\n<\/tr>\n<tr>\n<td>89500<\/td>\n<td>Armeau<\/td>\n<\/tr>\n<tr>\n<td>89190<\/td>\n<td>Bagneaux<\/td>\n<\/tr>\n<tr>\n<td>89400<\/td>\n<td>Bassou<\/td>\n<\/tr>\n<tr>\n<td>89210<\/td>\n<td>Bellechaume<\/td>\n<\/tr>\n<tr>\n<td>89410<\/td>\n<td>B\u00e9on<\/td>\n<\/tr>\n<tr>\n<td>89400<\/td>\n<td>Bonnard<\/td>\n<\/tr>\n<tr>\n<td>89113<\/td>\n<td>Branches<\/td>\n<\/tr>\n<tr>\n<td>89150<\/td>\n<td>Brannay<\/td>\n<\/tr>\n<tr>\n<td>89210<\/td>\n<td>Brienon-sur-Arman\u00e7on<\/td>\n<\/tr>\n<tr>\n<td>89400<\/td>\n<td>Brion<\/td>\n<\/tr>\n<tr>\n<td>89400<\/td>\n<td>Bussy-en-Othe<\/td>\n<\/tr>\n<tr>\n<td>89500<\/td>\n<td>Bussy-le-Repos<\/td>\n<\/tr>\n<tr>\n<td>89770<\/td>\n<td>B?urs-en-Othe<\/td>\n<\/tr>\n<tr>\n<td>89320<\/td>\n<td>C\u00e9rilly<\/td>\n<\/tr>\n<tr>\n<td>89320<\/td>\n<td>Cerisiers<\/td>\n<\/tr>\n<tr>\n<td>89410<\/td>\n<td>C\u00e9zy<\/td>\n<\/tr>\n<tr>\n<td>89770<\/td>\n<td>Chailley<\/td>\n<\/tr>\n<tr>\n<td>89120<\/td>\n<td>Chambeugle<\/td>\n<\/tr>\n<tr>\n<td>89370<\/td>\n<td>Champigny<\/td>\n<\/tr>\n<tr>\n<td>89300<\/td>\n<td>Champlay<\/td>\n<\/tr>\n<tr>\n<td>89210<\/td>\n<td>Champlost<\/td>\n<\/tr>\n<tr>\n<td>89710<\/td>\n<td>Champvallon<\/td>\n<\/tr>\n<tr>\n<td>89300<\/td>\n<td>Chamvres<\/td>\n<\/tr>\n<tr>\n<td>89400<\/td>\n<td>Charmoy<\/td>\n<\/tr>\n<tr>\n<td>89120<\/td>\n<td>Charny<\/td>\n<\/tr>\n<tr>\n<td>89110<\/td>\n<td>Chassy<\/td>\n<\/tr>\n<tr>\n<td>89370<\/td>\n<td>Chaumont<\/td>\n<\/tr>\n<tr>\n<td>89500<\/td>\n<td>Chaumot<\/td>\n<\/tr>\n<tr>\n<td>89120<\/td>\n<td>Ch\u00eane-Arnoult<\/td>\n<\/tr>\n<tr>\n<td>89690<\/td>\n<td>Ch\u00e9roy<\/td>\n<\/tr>\n<tr>\n<td>89120<\/td>\n<td>Chevillon<\/td>\n<\/tr>\n<tr>\n<td>89400<\/td>\n<td>Chichery<\/td>\n<\/tr>\n<tr>\n<td>89190<\/td>\n<td>Chigy<\/td>\n<\/tr>\n<tr>\n<td>89930<\/td>\n<td>Collemiers<\/td>\n<\/tr>\n<tr>\n<td>89140<\/td>\n<td>Compigny<\/td>\n<\/tr>\n<tr>\n<td>89500<\/td>\n<td>Cornant<\/td>\n<\/tr>\n<tr>\n<td>89320<\/td>\n<td>Coulours<\/td>\n<\/tr>\n<tr>\n<td>89190<\/td>\n<td>Courgenay<\/td>\n<\/tr>\n<tr>\n<td>89140<\/td>\n<td>Courlon-sur-Yonne<\/td>\n<\/tr>\n<tr>\n<td>89150<\/td>\n<td>Courtoin<\/td>\n<\/tr>\n<tr>\n<td>89100<\/td>\n<td>Courtois-sur-Yonne<\/td>\n<\/tr>\n<tr>\n<td>89116<\/td>\n<td>Cudot<\/td>\n<\/tr>\n<tr>\n<td>89140<\/td>\n<td>Cuy<\/td>\n<\/tr>\n<tr>\n<td>89120<\/td>\n<td>Dicy<\/td>\n<\/tr>\n<tr>\n<td>89500<\/td>\n<td>Dixmont<\/td>\n<\/tr>\n<tr>\n<td>89150<\/td>\n<td>Dollot<\/td>\n<\/tr>\n<tr>\n<td>89150<\/td>\n<td>Domats<\/td>\n<\/tr>\n<tr>\n<td>89500<\/td>\n<td>\u00c9griselles-le-Bocage<\/td>\n<\/tr>\n<tr>\n<td>89400<\/td>\n<td>\u00c9pineau-les-Voves<\/td>\n<\/tr>\n<tr>\n<td>89210<\/td>\n<td>Esnon<\/td>\n<\/tr>\n<tr>\n<td>89510<\/td>\n<td>\u00c9tigny<\/td>\n<\/tr>\n<tr>\n<td>89140<\/td>\n<td>\u00c9vry<\/td>\n<\/tr>\n<tr>\n<td>89190<\/td>\n<td>Flacy<\/td>\n<\/tr>\n<tr>\n<td>89113<\/td>\n<td>Fleury-la-Vall\u00e9e<\/td>\n<\/tr>\n<tr>\n<td>89190<\/td>\n<td>Foissy-sur-Vanne<\/td>\n<\/tr>\n<tr>\n<td>89100<\/td>\n<td>Fontaine-la-Gaillarde<\/td>\n<\/tr>\n<tr>\n<td>89120<\/td>\n<td>Fontenouilles<\/td>\n<\/tr>\n<tr>\n<td>89150<\/td>\n<td>Fouch\u00e8res<\/td>\n<\/tr>\n<tr>\n<td>89320<\/td>\n<td>Fournaudin<\/td>\n<\/tr>\n<tr>\n<td>89140<\/td>\n<td>Gisy-les-Nobles<\/td>\n<\/tr>\n<tr>\n<td>89350<\/td>\n<td>Grandchamp<\/td>\n<\/tr>\n<tr>\n<td>89930<\/td>\n<td>Gron<\/td>\n<\/tr>\n<tr>\n<td>89113<\/td>\n<td>Guerchy<\/td>\n<\/tr>\n<tr>\n<td>89300<\/td>\n<td>Joigny<\/td>\n<\/tr>\n<tr>\n<td>89150<\/td>\n<td>Jouy<\/td>\n<\/tr>\n<tr>\n<td>89150<\/td>\n<td>La Belliole<\/td>\n<\/tr>\n<tr>\n<td>89970<\/td>\n<td>La Celle-Saint-Cyr<\/td>\n<\/tr>\n<tr>\n<td>89260<\/td>\n<td>La Chapelle-sur-Oreuse<\/td>\n<\/tr>\n<tr>\n<td>89110<\/td>\n<td>La Fert\u00e9-Loupi\u00e8re<\/td>\n<\/tr>\n<tr>\n<td>89260<\/td>\n<td>La Postolle<\/td>\n<\/tr>\n<tr>\n<td>89110<\/td>\n<td>Laduz<\/td>\n<\/tr>\n<tr>\n<td>89190<\/td>\n<td>Lailly<\/td>\n<\/tr>\n<tr>\n<td>89400<\/td>\n<td>Laroche-Saint-Cydroine<\/td>\n<\/tr>\n<tr>\n<td>89500<\/td>\n<td>Les Bordes<\/td>\n<\/tr>\n<tr>\n<td>89190<\/td>\n<td>Les Cl\u00e9rimois<\/td>\n<\/tr>\n<tr>\n<td>89110<\/td>\n<td>Les Ormes<\/td>\n<\/tr>\n<tr>\n<td>89190<\/td>\n<td>Les Si\u00e8ges<\/td>\n<\/tr>\n<tr>\n<td>89140<\/td>\n<td>Lixy<\/td>\n<\/tr>\n<tr>\n<td>89300<\/td>\n<td>Looze<\/td>\n<\/tr>\n<tr>\n<td>89100<\/td>\n<td>Maillot<\/td>\n<\/tr>\n<tr>\n<td>89100<\/td>\n<td>Malay-le-Grand<\/td>\n<\/tr>\n<tr>\n<td>89100<\/td>\n<td>Malay-le-Petit<\/td>\n<\/tr>\n<tr>\n<td>89120<\/td>\n<td>Malicorne<\/td>\n<\/tr>\n<tr>\n<td>89120<\/td>\n<td>Marchais-Beton<\/td>\n<\/tr>\n<tr>\n<td>89500<\/td>\n<td>Marsangy<\/td>\n<\/tr>\n<tr>\n<td>89210<\/td>\n<td>Mercy<\/td>\n<\/tr>\n<tr>\n<td>89110<\/td>\n<td>Merry-la-Vall\u00e9e<\/td>\n<\/tr>\n<tr>\n<td>89140<\/td>\n<td>Michery<\/td>\n<\/tr>\n<tr>\n<td>89400<\/td>\n<td>Migennes<\/td>\n<\/tr>\n<tr>\n<td>89190<\/td>\n<td>Molinons<\/td>\n<\/tr>\n<tr>\n<td>89150<\/td>\n<td>Montacher-Villegardin<\/td>\n<\/tr>\n<tr>\n<td>89100<\/td>\n<td>Nailly<\/td>\n<\/tr>\n<tr>\n<td>89113<\/td>\n<td>Neuilly<\/td>\n<\/tr>\n<tr>\n<td>89760<\/td>\n<td>No\u00e9<\/td>\n<\/tr>\n<tr>\n<td>89140<\/td>\n<td>Pailly<\/td>\n<\/tr>\n<tr>\n<td>89210<\/td>\n<td>Paroy-en-Othe<\/td>\n<\/tr>\n<tr>\n<td>89300<\/td>\n<td>Paroy-sur-Tholon<\/td>\n<\/tr>\n<tr>\n<td>89510<\/td>\n<td>Passy<\/td>\n<\/tr>\n<tr>\n<td>89260<\/td>\n<td>Perceneige<\/td>\n<\/tr>\n<tr>\n<td>89120<\/td>\n<td>Perreux<\/td>\n<\/tr>\n<tr>\n<td>89330<\/td>\n<td>Piffonds<\/td>\n<\/tr>\n<tr>\n<td>89140<\/td>\n<td>Plessis-Saint-Jean<\/td>\n<\/tr>\n<tr>\n<td>89110<\/td>\n<td>Poilly-sur-Tholon<\/td>\n<\/tr>\n<tr>\n<td>89190<\/td>\n<td>Pont-sur-Vanne<\/td>\n<\/tr>\n<tr>\n<td>89140<\/td>\n<td>Pont-sur-Yonne<\/td>\n<\/tr>\n<tr>\n<td>89132<\/td>\n<td>Pr\u00e9cy-sur-Vrin<\/td>\n<\/tr>\n<tr>\n<td>89120<\/td>\n<td>Prunoy<\/td>\n<\/tr>\n<tr>\n<td>89100<\/td>\n<td>Rosoy<\/td>\n<\/tr>\n<tr>\n<td>89500<\/td>\n<td>Rousson<\/td>\n<\/tr>\n<tr>\n<td>89340<\/td>\n<td>Saint-Agnan<\/td>\n<\/tr>\n<tr>\n<td>89110<\/td>\n<td>Saint-Aubin-Ch\u00e2teau-Neuf<\/td>\n<\/tr>\n<tr>\n<td>89300<\/td>\n<td>Saint-Aubin-sur-Yonne<\/td>\n<\/tr>\n<tr>\n<td>89100<\/td>\n<td>Saint-Cl\u00e9ment<\/td>\n<\/tr>\n<tr>\n<td>89100<\/td>\n<td>Saint-Denis<\/td>\n<\/tr>\n<tr>\n<td>89120<\/td>\n<td>Saint-Denis-sur-Ouanne<\/td>\n<\/tr>\n<tr>\n<td>89330<\/td>\n<td>Saint-Julien-du-Sault<\/td>\n<\/tr>\n<tr>\n<td>89330<\/td>\n<td>Saint-Loup-d&rsquo;Ordon<\/td>\n<\/tr>\n<tr>\n<td>89330<\/td>\n<td>Saint-Martin-d&rsquo;Ordon<\/td>\n<\/tr>\n<tr>\n<td>89100<\/td>\n<td>Saint-Martin-du-Tertre<\/td>\n<\/tr>\n<tr>\n<td>89110<\/td>\n<td>Saint-Martin-sur-Ocre<\/td>\n<\/tr>\n<tr>\n<td>89120<\/td>\n<td>Saint-Martin-sur-Ouanne<\/td>\n<\/tr>\n<tr>\n<td>89190<\/td>\n<td>Saint-Maurice-aux-Riches-Hommes<\/td>\n<\/tr>\n<tr>\n<td>89110<\/td>\n<td>Saint-Maurice-le-Vieil<\/td>\n<\/tr>\n<tr>\n<td>89110<\/td>\n<td>Saint-Maurice-Thizouaille<\/td>\n<\/tr>\n<tr>\n<td>89116<\/td>\n<td>Saint-Romain-le-Preux<\/td>\n<\/tr>\n<tr>\n<td>89140<\/td>\n<td>Saint-S\u00e9rotin<\/td>\n<\/tr>\n<tr>\n<td>89150<\/td>\n<td>Saint-Val\u00e9rien<\/td>\n<\/tr>\n<tr>\n<td>89100<\/td>\n<td>Saligny<\/td>\n<\/tr>\n<tr>\n<td>89150<\/td>\n<td>Savigny-sur-Clairis<\/td>\n<\/tr>\n<tr>\n<td>89710<\/td>\n<td>Senan<\/td>\n<\/tr>\n<tr>\n<td>89100<\/td>\n<\/tr>\n<tr>\n<td>89116<\/td>\n<td>S\u00e9peaux<\/td>\n<\/tr>\n<tr>\n<td>89140<\/td>\n<td>Sergines<\/td>\n<\/tr>\n<tr>\n<td>89110<\/td>\n<td>Sommecaise<\/td>\n<\/tr>\n<tr>\n<td>89100<\/td>\n<td>Soucy<\/td>\n<\/tr>\n<tr>\n<td>89100<\/td>\n<td>Subligny<\/td>\n<\/tr>\n<tr>\n<td>89760<\/td>\n<td>Theil-sur-Vanne<\/td>\n<\/tr>\n<tr>\n<td>89260<\/td>\n<td>Thorigny-sur-Oreuse<\/td>\n<\/tr>\n<tr>\n<td>89570<\/td>\n<td>Turny<\/td>\n<\/tr>\n<tr>\n<td>89150<\/td>\n<td>Vallery<\/td>\n<\/tr>\n<tr>\n<td>89760<\/td>\n<td>Vareilles<\/td>\n<\/tr>\n<tr>\n<td>89320<\/td>\n<td>Vaudeurs<\/td>\n<\/tr>\n<tr>\n<td>89320<\/td>\n<td>Vaumort<\/td>\n<\/tr>\n<tr>\n<td>89210<\/td>\n<td>Venizy<\/td>\n<\/tr>\n<tr>\n<td>89330<\/td>\n<td>Verlin<\/td>\n<\/tr>\n<tr>\n<td>89150<\/td>\n<td>Vernoy<\/td>\n<\/tr>\n<tr>\n<td>89510<\/td>\n<td>V\u00e9ron<\/td>\n<\/tr>\n<tr>\n<td>89720<\/td>\n<td>Villeblevin<\/td>\n<\/tr>\n<tr>\n<td>89150<\/td>\n<td>Villebougis<\/td>\n<\/tr>\n<tr>\n<td>89320<\/td>\n<td>Villech\u00e9tive<\/td>\n<\/tr>\n<tr>\n<td>89300<\/td>\n<td>Villecien<\/td>\n<\/tr>\n<tr>\n<td>89120<\/td>\n<td>Villefranche<\/td>\n<\/tr>\n<tr>\n<td>89140<\/td>\n<td>Villemanoche<\/td>\n<\/tr>\n<tr>\n<td>89113<\/td>\n<td>Villemer<\/td>\n<\/tr>\n<tr>\n<td>89140<\/td>\n<td>Villenavotte<\/td>\n<\/tr>\n<tr>\n<td>89190<\/td>\n<td>Villeneuve-l&rsquo;Archev\u00eaque<\/td>\n<\/tr>\n<tr>\n<td>89150<\/td>\n<td>Villeneuve-la-Dondagre<\/td>\n<\/tr>\n<tr>\n<td>89340<\/td>\n<td>Villeneuve-la-Guyard<\/td>\n<\/tr>\n<tr>\n<td>89500<\/td>\n<td>Villeneuve-sur-Yonne<\/td>\n<\/tr>\n<tr>\n<td>89140<\/td>\n<td>Villeperrot<\/td>\n<\/tr>\n<tr>\n<td>89100<\/td>\n<td>Villeroy<\/td>\n<\/tr>\n<tr>\n<td>89140<\/td>\n<td>Villethierry<\/td>\n<\/tr>\n<tr>\n<td>89330<\/td>\n<td>Villevallier<\/td>\n<\/tr>\n<tr>\n<td>89110<\/td>\n<td>Villiers-sur-Tholon<\/td>\n<\/tr>\n<tr>\n<td>89140<\/td>\n<td>Vinneuf<\/td>\n<\/tr>\n<tr>\n<td>89260<\/td>\n<td>Voisines<\/td>\n<\/tr>\n<tr>\n<td>89710<\/td>\n<td>Volgr\u00e9<\/td>\n<\/tr>\n<\/tbody>\n<\/table>\n<p>&nbsp;<\/p>\n<h2><\/h2>\n<h2>En savoir plus sur le greffe du TC de Sens<\/h2>\n<p>Le greffe du tribunal de commerce est un acteur in\u00e9vitable pour les entreprises de la <strong>r\u00e9gion de l&rsquo;Yonne<\/strong>. Les apporteurs de projets qui choisissent de vivre dans le d\u00e9partement de l&rsquo;Yonne et qui veulent cr\u00e9er leur entreprise doivent r\u00e9aliser leur enregistrement aupr\u00e8s du registre de commerce et des soci\u00e9t\u00e9s du greffe de Sens.<br \/>\nLe greffe du tribunal est \u00e9galement un point d&rsquo;information pour les projets de commerce et les litiges commerciaux. Le greffe de Sens va \u00e9galement r\u00e9ceptionner les mutations dans les statuts juridiques des soci\u00e9t\u00e9s et s&rsquo;occuper de garder un grand nombre de registre.<br \/>\nLa fin des activit\u00e9s d&rsquo;une entreprise (dissolution, liquidation&#8230;) va \u00e9galement se r\u00e9aliser aupr\u00e8s du bureau du greffe.<br \/>\nLes soci\u00e9t\u00e9s de Sens peuvent aussi consigner leurs bilans ou signaler de nouvelles personnes au RBE.<\/p>\n","protected":false},"excerpt":{"rendered":"<p>Vous voulez aller au greffe du tribunal de commerce de Sens ? Vous recherchez son adresse ? Vous trouverez sur [&hellip;]<\/p>\n","protected":false},"author":1,"featured_media":0,"parent":1759,"menu_order":0,"comment_status":"closed","ping_status":"closed","template":"","meta":{"inline_featured_image":false,"footnotes":""},"class_list":["post-2054","page","type-page","status-publish","hentry"],"yoast_head":"<!-- This site is optimized with the Yoast SEO plugin v26.8 - https:\/\/yoast.com\/product\/yoast-seo-wordpress\/ -->\n<title>Greffe du tribunal de commerce de Sens - Actualit\u00e9 des entreprises<\/title>\n<meta name=\"robots\" content=\"index, follow, max-snippet:-1, max-image-preview:large, max-video-preview:-1\" \/>\n<link rel=\"canonical\" href=\"https:\/\/www.annonces-legales.org\/blog\/greffe\/greffe-du-tribunal-de-commerce-de-sens\/\" \/>\n<meta property=\"og:locale\" content=\"fr_FR\" \/>\n<meta property=\"og:type\" content=\"article\" \/>\n<meta property=\"og:title\" content=\"Greffe du tribunal de commerce de Sens - Actualit\u00e9 des entreprises\" \/>\n<meta property=\"og:description\" content=\"Vous voulez aller au greffe du tribunal de commerce de Sens ? Vous recherchez son adresse ? Vous trouverez sur [&hellip;]\" \/>\n<meta property=\"og:url\" content=\"https:\/\/www.annonces-legales.org\/blog\/greffe\/greffe-du-tribunal-de-commerce-de-sens\/\" \/>\n<meta property=\"og:site_name\" content=\"Actualit\u00e9 des entreprises\" \/>\n<meta property=\"article:modified_time\" content=\"2022-02-01T11:34:13+00:00\" \/>\n<meta property=\"og:image\" content=\"https:\/\/www.annonces-legales.org\/blog\/wp-content\/uploads\/2022\/01\/tribunal.png\" \/>\n\t<meta property=\"og:image:width\" content=\"640\" \/>\n\t<meta property=\"og:image:height\" content=\"612\" \/>\n\t<meta property=\"og:image:type\" content=\"image\/png\" \/>\n<meta name=\"twitter:card\" content=\"summary_large_image\" \/>\n<meta name=\"twitter:label1\" content=\"Dur\u00e9e de lecture estim\u00e9e\" \/>\n\t<meta name=\"twitter:data1\" content=\"2 minutes\" \/>\n<script type=\"application\/ld+json\" class=\"yoast-schema-graph\">{\"@context\":\"https:\/\/schema.org\",\"@graph\":[{\"@type\":\"WebPage\",\"@id\":\"https:\/\/www.annonces-legales.org\/blog\/greffe\/greffe-du-tribunal-de-commerce-de-sens\/\",\"url\":\"https:\/\/www.annonces-legales.org\/blog\/greffe\/greffe-du-tribunal-de-commerce-de-sens\/\",\"name\":\"Greffe du tribunal de commerce de Sens - Actualit\u00e9 des entreprises\",\"isPartOf\":{\"@id\":\"https:\/\/www.annonces-legales.org\/blog\/#website\"},\"primaryImageOfPage\":{\"@id\":\"https:\/\/www.annonces-legales.org\/blog\/greffe\/greffe-du-tribunal-de-commerce-de-sens\/#primaryimage\"},\"image\":{\"@id\":\"https:\/\/www.annonces-legales.org\/blog\/greffe\/greffe-du-tribunal-de-commerce-de-sens\/#primaryimage\"},\"thumbnailUrl\":\"https:\/\/www.annonces-legales.org\/blog\/wp-content\/uploads\/2022\/01\/tribunal-150x150.png\",\"datePublished\":\"2022-01-22T20:08:22+00:00\",\"dateModified\":\"2022-02-01T11:34:13+00:00\",\"breadcrumb\":{\"@id\":\"https:\/\/www.annonces-legales.org\/blog\/greffe\/greffe-du-tribunal-de-commerce-de-sens\/#breadcrumb\"},\"inLanguage\":\"fr-FR\",\"potentialAction\":[{\"@type\":\"ReadAction\",\"target\":[\"https:\/\/www.annonces-legales.org\/blog\/greffe\/greffe-du-tribunal-de-commerce-de-sens\/\"]}]},{\"@type\":\"ImageObject\",\"inLanguage\":\"fr-FR\",\"@id\":\"https:\/\/www.annonces-legales.org\/blog\/greffe\/greffe-du-tribunal-de-commerce-de-sens\/#primaryimage\",\"url\":\"https:\/\/www.annonces-legales.org\/blog\/wp-content\/uploads\/2022\/01\/tribunal.png\",\"contentUrl\":\"https:\/\/www.annonces-legales.org\/blog\/wp-content\/uploads\/2022\/01\/tribunal.png\",\"width\":640,\"height\":612},{\"@type\":\"BreadcrumbList\",\"@id\":\"https:\/\/www.annonces-legales.org\/blog\/greffe\/greffe-du-tribunal-de-commerce-de-sens\/#breadcrumb\",\"itemListElement\":[{\"@type\":\"ListItem\",\"position\":1,\"name\":\"Accueil\",\"item\":\"https:\/\/www.annonces-legales.org\/blog\/\"},{\"@type\":\"ListItem\",\"position\":2,\"name\":\"Liste des Greffes des tribunaux de commerce\",\"item\":\"https:\/\/www.annonces-legales.org\/blog\/greffe\/\"},{\"@type\":\"ListItem\",\"position\":3,\"name\":\"Greffe du tribunal de commerce de Sens\"}]},{\"@type\":\"WebSite\",\"@id\":\"https:\/\/www.annonces-legales.org\/blog\/#website\",\"url\":\"https:\/\/www.annonces-legales.org\/blog\/\",\"name\":\"Actualit\u00e9 des entreprises\",\"description\":\"\",\"publisher\":{\"@id\":\"https:\/\/www.annonces-legales.org\/blog\/#organization\"},\"potentialAction\":[{\"@type\":\"SearchAction\",\"target\":{\"@type\":\"EntryPoint\",\"urlTemplate\":\"https:\/\/www.annonces-legales.org\/blog\/?s={search_term_string}\"},\"query-input\":{\"@type\":\"PropertyValueSpecification\",\"valueRequired\":true,\"valueName\":\"search_term_string\"}}],\"inLanguage\":\"fr-FR\"},{\"@type\":\"Organization\",\"@id\":\"https:\/\/www.annonces-legales.org\/blog\/#organization\",\"name\":\"Actualit\u00e9 des entreprises\",\"url\":\"https:\/\/www.annonces-legales.org\/blog\/\",\"logo\":{\"@type\":\"ImageObject\",\"inLanguage\":\"fr-FR\",\"@id\":\"https:\/\/www.annonces-legales.org\/blog\/#\/schema\/logo\/image\/\",\"url\":\"https:\/\/www.annonces-legales.org\/blog\/wp-content\/uploads\/2023\/08\/annonces-legales.svg\",\"contentUrl\":\"https:\/\/www.annonces-legales.org\/blog\/wp-content\/uploads\/2023\/08\/annonces-legales.svg\",\"caption\":\"Actualit\u00e9 des entreprises\"},\"image\":{\"@id\":\"https:\/\/www.annonces-legales.org\/blog\/#\/schema\/logo\/image\/\"}}]}<\/script>\n<!-- \/ Yoast SEO plugin. -->","yoast_head_json":{"title":"Greffe du tribunal de commerce de Sens - Actualit\u00e9 des entreprises","robots":{"index":"index","follow":"follow","max-snippet":"max-snippet:-1","max-image-preview":"max-image-preview:large","max-video-preview":"max-video-preview:-1"},"canonical":"https:\/\/www.annonces-legales.org\/blog\/greffe\/greffe-du-tribunal-de-commerce-de-sens\/","og_locale":"fr_FR","og_type":"article","og_title":"Greffe du tribunal de commerce de Sens - Actualit\u00e9 des entreprises","og_description":"Vous voulez aller au greffe du tribunal de commerce de Sens ? Vous recherchez son adresse ? Vous trouverez sur [&hellip;]","og_url":"https:\/\/www.annonces-legales.org\/blog\/greffe\/greffe-du-tribunal-de-commerce-de-sens\/","og_site_name":"Actualit\u00e9 des entreprises","article_modified_time":"2022-02-01T11:34:13+00:00","og_image":[{"width":640,"height":612,"url":"https:\/\/www.annonces-legales.org\/blog\/wp-content\/uploads\/2022\/01\/tribunal.png","type":"image\/png"}],"twitter_card":"summary_large_image","twitter_misc":{"Dur\u00e9e de lecture estim\u00e9e":"2 minutes"},"schema":{"@context":"https:\/\/schema.org","@graph":[{"@type":"WebPage","@id":"https:\/\/www.annonces-legales.org\/blog\/greffe\/greffe-du-tribunal-de-commerce-de-sens\/","url":"https:\/\/www.annonces-legales.org\/blog\/greffe\/greffe-du-tribunal-de-commerce-de-sens\/","name":"Greffe du tribunal de commerce de Sens - Actualit\u00e9 des entreprises","isPartOf":{"@id":"https:\/\/www.annonces-legales.org\/blog\/#website"},"primaryImageOfPage":{"@id":"https:\/\/www.annonces-legales.org\/blog\/greffe\/greffe-du-tribunal-de-commerce-de-sens\/#primaryimage"},"image":{"@id":"https:\/\/www.annonces-legales.org\/blog\/greffe\/greffe-du-tribunal-de-commerce-de-sens\/#primaryimage"},"thumbnailUrl":"https:\/\/www.annonces-legales.org\/blog\/wp-content\/uploads\/2022\/01\/tribunal-150x150.png","datePublished":"2022-01-22T20:08:22+00:00","dateModified":"2022-02-01T11:34:13+00:00","breadcrumb":{"@id":"https:\/\/www.annonces-legales.org\/blog\/greffe\/greffe-du-tribunal-de-commerce-de-sens\/#breadcrumb"},"inLanguage":"fr-FR","potentialAction":[{"@type":"ReadAction","target":["https:\/\/www.annonces-legales.org\/blog\/greffe\/greffe-du-tribunal-de-commerce-de-sens\/"]}]},{"@type":"ImageObject","inLanguage":"fr-FR","@id":"https:\/\/www.annonces-legales.org\/blog\/greffe\/greffe-du-tribunal-de-commerce-de-sens\/#primaryimage","url":"https:\/\/www.annonces-legales.org\/blog\/wp-content\/uploads\/2022\/01\/tribunal.png","contentUrl":"https:\/\/www.annonces-legales.org\/blog\/wp-content\/uploads\/2022\/01\/tribunal.png","width":640,"height":612},{"@type":"BreadcrumbList","@id":"https:\/\/www.annonces-legales.org\/blog\/greffe\/greffe-du-tribunal-de-commerce-de-sens\/#breadcrumb","itemListElement":[{"@type":"ListItem","position":1,"name":"Accueil","item":"https:\/\/www.annonces-legales.org\/blog\/"},{"@type":"ListItem","position":2,"name":"Liste des Greffes des tribunaux de commerce","item":"https:\/\/www.annonces-legales.org\/blog\/greffe\/"},{"@type":"ListItem","position":3,"name":"Greffe du tribunal de commerce de Sens"}]},{"@type":"WebSite","@id":"https:\/\/www.annonces-legales.org\/blog\/#website","url":"https:\/\/www.annonces-legales.org\/blog\/","name":"Actualit\u00e9 des entreprises","description":"","publisher":{"@id":"https:\/\/www.annonces-legales.org\/blog\/#organization"},"potentialAction":[{"@type":"SearchAction","target":{"@type":"EntryPoint","urlTemplate":"https:\/\/www.annonces-legales.org\/blog\/?s={search_term_string}"},"query-input":{"@type":"PropertyValueSpecification","valueRequired":true,"valueName":"search_term_string"}}],"inLanguage":"fr-FR"},{"@type":"Organization","@id":"https:\/\/www.annonces-legales.org\/blog\/#organization","name":"Actualit\u00e9 des entreprises","url":"https:\/\/www.annonces-legales.org\/blog\/","logo":{"@type":"ImageObject","inLanguage":"fr-FR","@id":"https:\/\/www.annonces-legales.org\/blog\/#\/schema\/logo\/image\/","url":"https:\/\/www.annonces-legales.org\/blog\/wp-content\/uploads\/2023\/08\/annonces-legales.svg","contentUrl":"https:\/\/www.annonces-legales.org\/blog\/wp-content\/uploads\/2023\/08\/annonces-legales.svg","caption":"Actualit\u00e9 des entreprises"},"image":{"@id":"https:\/\/www.annonces-legales.org\/blog\/#\/schema\/logo\/image\/"}}]}},"_links":{"self":[{"href":"https:\/\/www.annonces-legales.org\/blog\/wp-json\/wp\/v2\/pages\/2054","targetHints":{"allow":["GET"]}}],"collection":[{"href":"https:\/\/www.annonces-legales.org\/blog\/wp-json\/wp\/v2\/pages"}],"about":[{"href":"https:\/\/www.annonces-legales.org\/blog\/wp-json\/wp\/v2\/types\/page"}],"author":[{"embeddable":true,"href":"https:\/\/www.annonces-legales.org\/blog\/wp-json\/wp\/v2\/users\/1"}],"replies":[{"embeddable":true,"href":"https:\/\/www.annonces-legales.org\/blog\/wp-json\/wp\/v2\/comments?post=2054"}],"version-history":[{"count":5,"href":"https:\/\/www.annonces-legales.org\/blog\/wp-json\/wp\/v2\/pages\/2054\/revisions"}],"predecessor-version":[{"id":2545,"href":"https:\/\/www.annonces-legales.org\/blog\/wp-json\/wp\/v2\/pages\/2054\/revisions\/2545"}],"up":[{"embeddable":true,"href":"https:\/\/www.annonces-legales.org\/blog\/wp-json\/wp\/v2\/pages\/1759"}],"wp:attachment":[{"href":"https:\/\/www.annonces-legales.org\/blog\/wp-json\/wp\/v2\/media?parent=2054"}],"curies":[{"name":"wp","href":"https:\/\/api.w.org\/{rel}","templated":true}]}}