{"id":2078,"date":"2022-01-22T21:14:03","date_gmt":"2022-01-22T20:14:03","guid":{"rendered":"https:\/\/www.annonces-legales.org\/blog\/?page_id=2078"},"modified":"2022-02-01T16:03:17","modified_gmt":"2022-02-01T15:03:17","slug":"greffe-du-tribunal-de-commerce-de-vienne","status":"publish","type":"page","link":"https:\/\/www.annonces-legales.org\/blog\/greffe\/greffe-du-tribunal-de-commerce-de-vienne\/","title":{"rendered":"Greffe du tribunal de commerce de Vienne"},"content":{"rendered":"<p><img loading=\"lazy\" decoding=\"async\" class=\"alignright  wp-image-2423\" src=\"https:\/\/www.annonces-legales.org\/blog\/wp-content\/uploads\/2022\/01\/tribunal-150x150.png\" alt=\"\" width=\"90\" height=\"90\" \/>Le greffe se charge d&rsquo;un grand nombre de d\u00e9marches pour les entreprises commerciales du <strong>d\u00e9partement de l&rsquo;Is\u00e8re<\/strong>. C&rsquo;est le RCS qui fait partie du <strong>greffe de Vienne<\/strong> qui va r\u00e9ceptionner les d\u00e9marches d&rsquo;enregistrement des soci\u00e9t\u00e9s nouvelles. Quand le si\u00e8ge d&rsquo;une structure commerciale qui vient d&rsquo;\u00eatre fond\u00e9e est dans le ressort du <strong>greffe du tribunal de commerce de Vienne<\/strong>, elle devra faire ses d\u00e9marches avec ce tribunal.<\/p>\n<p>Quelle est l&rsquo;adresse du greffe du tribunal de commerce ? Peut-on r\u00e9aliser des d\u00e9marches sur internet ?<\/p>\n<p>&nbsp;<\/p>\n<h2>Contact et adresse du greffe du tribunal de commerce de Vienne<\/h2>\n<p>&nbsp;<\/p>\n<p>Vous pouvez appeler le greffe de Vienne en composant le <strong>04 28 38 05 60<\/strong><\/p>\n<p>L&rsquo;adresse du greffe du tribunal de commerce de Vienne est la suivante : <strong>28 Bis Avenue G\u00e9n\u00e9ral Leclerc CS 247 38217 VIENNE<\/strong><\/p>\n<p>Page internet du greffe : <em>www.greffe-tc-vienne.fr<\/em><\/p>\n<p>&nbsp;<\/p>\n<h2>A quel moment aller au greffe de Vienne ?<\/h2>\n<h3><span class=\"couleurtitre\">Accueil T\u00e9l\u00e9phonique<\/span><\/h3>\n<p>L&rsquo;accueil t\u00e9l\u00e9phonique se fait du Lundi au Vendredi de 09h00 \u00e0 12h30 et de 13h30 \u00e0 16h00.<\/p>\n<h3>Accueil sur place<\/h3>\n<p><span class=\"couleurtitre\">L&rsquo;accueil du public se fait <\/span>du Lundi au Vendredi de 09h00 \u00e0 12h30 et de 13h30 \u00e0 16h00.<\/p>\n<p>&nbsp;<\/p>\n<h2>D&rsquo;avantage d&rsquo;informations sur le greffe du tribunal de commerce de Vienne<\/h2>\n<p>Le greffe de Vienne est un protagoniste in\u00e9vitable dans la vie \u00e9conomique en Is\u00e8re. Les cr\u00e9ateurs d&rsquo;entreprises qui sont domicili\u00e9 autour de Vienne et qui souhaitent cr\u00e9er leur entreprise doivent faire leur enregistrement aupr\u00e8s du RCS de ce greffe.<br \/>\nLa validation de l&rsquo;enregistrement d&rsquo;une entreprise n&rsquo;est pas le seul service g\u00e9r\u00e9 par le greffe du tribunal de commerce de Vienne. Il va aussi s&rsquo;occuper de faire de nombreuses autres formalit\u00e9s. Il va aussi conseiller les entrepreneurs et gestionnaires.<br \/>\nToute fermeture d&rsquo;une entreprise, que ce soit une radiation ou une dissolution, va aussi s&rsquo;effectuer aupr\u00e8s du bureau du greffe.<\/p>\n<p>&nbsp;<\/p>\n<h2>Comment demander un num\u00e9ro de soci\u00e9t\u00e9 pour son enregistrement au greffe ?<\/h2>\n<p>Pour inscrire une entreprise, il faut en premier lieu compl\u00e9ter le formulaire applicable : <strong>M0 ou P0<\/strong>.<br \/>\nIl faut \u00e9galement grouper l&rsquo;ensemble des pi\u00e8ces exig\u00e9es. Ensuite, le dossier peut \u00eatre donn\u00e9 au CFE. Il n&rsquo;est pas possible de l&rsquo;envoyer par email, il ne sera pas accepter. De plus, cette inscription n\u00e9cessite le r\u00e8glement des frais de dossier.<\/p>\n<p>Le greffe va veiller \u00e0 la validit\u00e9 du dossier. Si le dossier est approuv\u00e9, il va transmettre au cr\u00e9ateur de la soci\u00e9t\u00e9 son num\u00e9ro d&rsquo;immatriculation et un mod\u00e8le du K-bis de la soci\u00e9t\u00e9 (en 2 ou 3 jours).<br \/>\nS&rsquo;il manque des pi\u00e8ces justificatives ou si les pi\u00e8ces justificatives ne sont pas convenables, le greffe va refuser l&rsquo;inscription et va obliger le gestionnaire \u00e0 mettre en conformit\u00e9 le dossier sous 2 semaines.<\/p>\n<p>L&rsquo;extrait d&rsquo;immatriculation qui sera fourni \u00e0 la soci\u00e9t\u00e9 lui permettra\u00a0 de pouvoir r\u00e9aliser les d\u00e9marches exig\u00e9es aupr\u00e8s des autres administrations de l&rsquo;\u00c9tat ou aupr\u00e8s de ses fournisseurs et de ses clients.<\/p>\n<p>&nbsp;<\/p>\n<h2>Ressort territorial du tribunal et du greffe de Vienne<\/h2>\n<table class=\"tg table-striped container-fluid\">\n<tbody>\n<tr>\n<th>Code postal<\/th>\n<th>Commune<\/th>\n<\/tr>\n<tr>\n<td>38150<\/td>\n<td>Agnin<\/td>\n<\/tr>\n<tr>\n<td>38150<\/td>\n<td>Anjou<\/td>\n<\/tr>\n<tr>\n<td>38460<\/td>\n<td>Annoisin-Chatelans<\/td>\n<\/tr>\n<tr>\n<td>38280<\/td>\n<td>Anthon<\/td>\n<\/tr>\n<tr>\n<td>38490<\/td>\n<td>Aoste<\/td>\n<\/tr>\n<tr>\n<td>38140<\/td>\n<td>Apprieu<\/td>\n<\/tr>\n<tr>\n<td>38510<\/td>\n<td>Arandon<\/td>\n<\/tr>\n<tr>\n<td>38440<\/td>\n<td>Artas<\/td>\n<\/tr>\n<tr>\n<td>38260<\/td>\n<td>Arzay<\/td>\n<\/tr>\n<tr>\n<td>38150<\/td>\n<td>Assieu<\/td>\n<\/tr>\n<tr>\n<td>38550<\/td>\n<td>Auberives-sur-Var\u00e8ze<\/td>\n<\/tr>\n<tr>\n<td>38300<\/td>\n<td>Badini\u00e8res<\/td>\n<\/tr>\n<tr>\n<td>38260<\/td>\n<td>Balbins<\/td>\n<\/tr>\n<tr>\n<td>38270<\/td>\n<td>Beaurepaire<\/td>\n<\/tr>\n<tr>\n<td>38440<\/td>\n<td>Beauvoir-de-Marc<\/td>\n<\/tr>\n<tr>\n<td>38270<\/td>\n<td>Bellegarde-Poussieu<\/td>\n<\/tr>\n<tr>\n<td>38690<\/td>\n<td>Belmont<\/td>\n<\/tr>\n<tr>\n<td>38690<\/td>\n<td>B\u00e9venais<\/td>\n<\/tr>\n<tr>\n<td>38850<\/td>\n<td>Bilieu<\/td>\n<\/tr>\n<tr>\n<td>38690<\/td>\n<td>Biol<\/td>\n<\/tr>\n<tr>\n<td>38690<\/td>\n<td>Bizonnes<\/td>\n<\/tr>\n<tr>\n<td>38730<\/td>\n<td>Blandin<\/td>\n<\/tr>\n<tr>\n<td>38090<\/td>\n<td>Bonnefamille<\/td>\n<\/tr>\n<tr>\n<td>38260<\/td>\n<td>Bossieu<\/td>\n<\/tr>\n<tr>\n<td>38150<\/td>\n<td>Boug\u00e9-Chambalud<\/td>\n<\/tr>\n<tr>\n<td>38300<\/td>\n<td>Bourgoin-Jallieu<\/td>\n<\/tr>\n<tr>\n<td>38390<\/td>\n<td>Bouvesse-Quirieu<\/td>\n<\/tr>\n<tr>\n<td>38510<\/td>\n<td>Brangues<\/td>\n<\/tr>\n<tr>\n<td>38690<\/td>\n<td>Burcin<\/td>\n<\/tr>\n<tr>\n<td>38110<\/td>\n<td>Cessieu<\/td>\n<\/tr>\n<tr>\n<td>38690<\/td>\n<td>Ch\u00e2bons<\/td>\n<\/tr>\n<tr>\n<td>38122<\/td>\n<td>Ch\u00e2lons<\/td>\n<\/tr>\n<tr>\n<td>38460<\/td>\n<td>Chamagnieu<\/td>\n<\/tr>\n<tr>\n<td>38260<\/td>\n<td>Champier<\/td>\n<\/tr>\n<tr>\n<td>38150<\/td>\n<td>Chanas<\/td>\n<\/tr>\n<tr>\n<td>38490<\/td>\n<td>Charancieu<\/td>\n<\/tr>\n<tr>\n<td>38790<\/td>\n<td>Charantonnay<\/td>\n<\/tr>\n<tr>\n<td>38850<\/td>\n<td>Charavines<\/td>\n<\/tr>\n<tr>\n<td>38390<\/td>\n<td>Charette<\/td>\n<\/tr>\n<tr>\n<td>38230<\/td>\n<td>Charvieu-Chavagneux<\/td>\n<\/tr>\n<tr>\n<td>38670<\/td>\n<td>Chasse-sur-Rh\u00f4ne<\/td>\n<\/tr>\n<tr>\n<td>38730<\/td>\n<td>Chassignieu<\/td>\n<\/tr>\n<tr>\n<td>38300<\/td>\n<td>Ch\u00e2teauvilain<\/td>\n<\/tr>\n<tr>\n<td>38440<\/td>\n<td>Ch\u00e2tonnay<\/td>\n<\/tr>\n<tr>\n<td>38230<\/td>\n<td>Chavanoz<\/td>\n<\/tr>\n<tr>\n<td>38730<\/td>\n<td>Ch\u00e9lieu<\/td>\n<\/tr>\n<tr>\n<td>38550<\/td>\n<td>Cheyssieu<\/td>\n<\/tr>\n<tr>\n<td>38300<\/td>\n<td>Ch\u00e8zeneuve<\/td>\n<\/tr>\n<tr>\n<td>38490<\/td>\n<td>Chimilin<\/td>\n<\/tr>\n<tr>\n<td>38121<\/td>\n<td>Chonas-l&rsquo;Amballan<\/td>\n<\/tr>\n<tr>\n<td>38460<\/td>\n<td>Chozeau<\/td>\n<\/tr>\n<tr>\n<td>38200<\/td>\n<td>Chuzelles<\/td>\n<\/tr>\n<tr>\n<td>38550<\/td>\n<td>Clonas-sur-Var\u00e8ze<\/td>\n<\/tr>\n<tr>\n<td>38690<\/td>\n<td>Colombe<\/td>\n<\/tr>\n<tr>\n<td>38260<\/td>\n<td>Commelle<\/td>\n<\/tr>\n<tr>\n<td>38910<\/td>\n<td>Corbelin<\/td>\n<\/tr>\n<tr>\n<td>38122<\/td>\n<td>Cour-et-Buis<\/td>\n<\/tr>\n<tr>\n<td>38510<\/td>\n<td>Courtenay<\/td>\n<\/tr>\n<tr>\n<td>38300<\/td>\n<td>Crachier<\/td>\n<\/tr>\n<tr>\n<td>38460<\/td>\n<td>Cr\u00e9mieu<\/td>\n<\/tr>\n<tr>\n<td>38510<\/td>\n<td>Creys-M\u00e9pieu<\/td>\n<\/tr>\n<tr>\n<td>38300<\/td>\n<td>Culin<\/td>\n<\/tr>\n<tr>\n<td>38790<\/td>\n<td>Di\u00e9moz<\/td>\n<\/tr>\n<tr>\n<td>38460<\/td>\n<td>Dizimieu<\/td>\n<\/tr>\n<tr>\n<td>38730<\/td>\n<td>Doissin<\/td>\n<\/tr>\n<tr>\n<td>38110<\/td>\n<td>Dolomieu<\/td>\n<\/tr>\n<tr>\n<td>38300<\/td>\n<td>Domarin<\/td>\n<\/tr>\n<tr>\n<td>38300<\/td>\n<td>Eclose<\/td>\n<\/tr>\n<tr>\n<td>38780<\/td>\n<td>Estrablin<\/td>\n<\/tr>\n<tr>\n<td>38690<\/td>\n<td>Eydoche<\/td>\n<\/tr>\n<tr>\n<td>38780<\/td>\n<td>Eyzin-Pinet<\/td>\n<\/tr>\n<tr>\n<td>38260<\/td>\n<td>Faramans<\/td>\n<\/tr>\n<tr>\n<td>38110<\/td>\n<td>Faverges-de-la-Tour<\/td>\n<\/tr>\n<tr>\n<td>38490<\/td>\n<td>Fitilieu<\/td>\n<\/tr>\n<tr>\n<td>38690<\/td>\n<td>Flach\u00e8res<\/td>\n<\/tr>\n<tr>\n<td>38080<\/td>\n<td>Four<\/td>\n<\/tr>\n<tr>\n<td>38290<\/td>\n<td>Frontonas<\/td>\n<\/tr>\n<tr>\n<td>38260<\/td>\n<td>Gillonnay<\/td>\n<\/tr>\n<tr>\n<td>38490<\/td>\n<td>Granieu<\/td>\n<\/tr>\n<tr>\n<td>38540<\/td>\n<td>Grenay<\/td>\n<\/tr>\n<tr>\n<td>38540<\/td>\n<td>Heyrieux<\/td>\n<\/tr>\n<tr>\n<td>38118<\/td>\n<td>Hi\u00e8res-sur-Amby<\/td>\n<\/tr>\n<tr>\n<td>38280<\/td>\n<td>Janneyrias<\/td>\n<\/tr>\n<tr>\n<td>38270<\/td>\n<td>Jarcieu<\/td>\n<\/tr>\n<tr>\n<td>38200<\/td>\n<td>Jardin<\/td>\n<\/tr>\n<tr>\n<td>38080<\/td>\n<td>L&rsquo;Isle-d&rsquo;Abeau<\/td>\n<\/tr>\n<tr>\n<td>38390<\/td>\n<td>La Balme-les-Grottes<\/td>\n<\/tr>\n<tr>\n<td>38490<\/td>\n<td>La B\u00e2tie-Divisin<\/td>\n<\/tr>\n<tr>\n<td>38110<\/td>\n<td>La B\u00e2tie-Montgascon<\/td>\n<\/tr>\n<tr>\n<td>38110<\/td>\n<td>La Chapelle-de-la-Tour<\/td>\n<\/tr>\n<tr>\n<td>38150<\/td>\n<td>La Chapelle-de-Surieu<\/td>\n<\/tr>\n<tr>\n<td>38260<\/td>\n<td>La C\u00f4te-Saint-Andr\u00e9<\/td>\n<\/tr>\n<tr>\n<td>38110<\/td>\n<td>La Tour-du-Pin<\/td>\n<\/tr>\n<tr>\n<td>38290<\/td>\n<td>La Verpilli\u00e8re<\/td>\n<\/tr>\n<tr>\n<td>38510<\/td>\n<td>Le Bouchage<\/td>\n<\/tr>\n<tr>\n<td>38690<\/td>\n<td>Le Grand-Lemps<\/td>\n<\/tr>\n<tr>\n<td>38490<\/td>\n<td>Le Passage<\/td>\n<\/tr>\n<tr>\n<td>38550<\/td>\n<td>Le P\u00e9age-de-Roussillon<\/td>\n<\/tr>\n<tr>\n<td>38730<\/td>\n<td>Le Pin<\/td>\n<\/tr>\n<tr>\n<td>38480<\/td>\n<td>Le Pont-de-Beauvoisin<\/td>\n<\/tr>\n<tr>\n<td>38490<\/td>\n<td>Les Abrets<\/td>\n<\/tr>\n<tr>\n<td>38630<\/td>\n<td>Les Aveni\u00e8res<\/td>\n<\/tr>\n<tr>\n<td>38138<\/td>\n<td>Les C\u00f4tes-d&rsquo;Arey<\/td>\n<\/tr>\n<tr>\n<td>38300<\/td>\n<td>Les \u00c9parres<\/td>\n<\/tr>\n<tr>\n<td>38370<\/td>\n<td>Les Roches-de-Condrieu<\/td>\n<\/tr>\n<tr>\n<td>38460<\/td>\n<td>Leyrieu<\/td>\n<\/tr>\n<tr>\n<td>38440<\/td>\n<td>Lieudieu<\/td>\n<\/tr>\n<tr>\n<td>38690<\/td>\n<td>Longechenal<\/td>\n<\/tr>\n<tr>\n<td>38200<\/td>\n<td>Luzinay<\/td>\n<\/tr>\n<tr>\n<td>38620<\/td>\n<td>Massieu<\/td>\n<\/tr>\n<tr>\n<td>38300<\/td>\n<td>Maubec<\/td>\n<\/tr>\n<tr>\n<td>38620<\/td>\n<td>Merlas<\/td>\n<\/tr>\n<tr>\n<td>38300<\/td>\n<td>Meyri\u00e9<\/td>\n<\/tr>\n<tr>\n<td>38440<\/td>\n<td>Meyrieu-les-\u00c9tangs<\/td>\n<\/tr>\n<tr>\n<td>38440<\/td>\n<td>Meyssi\u00e8s<\/td>\n<\/tr>\n<tr>\n<td>38440<\/td>\n<td>Moidieu-D\u00e9tourbe<\/td>\n<\/tr>\n<tr>\n<td>38270<\/td>\n<td>Moissieu-sur-Dolon<\/td>\n<\/tr>\n<tr>\n<td>38122<\/td>\n<td>Monsteroux-Milieu<\/td>\n<\/tr>\n<tr>\n<td>38110<\/td>\n<td>Montagnieu<\/td>\n<\/tr>\n<tr>\n<td>38390<\/td>\n<td>Montalieu-Vercieu<\/td>\n<\/tr>\n<tr>\n<td>38890<\/td>\n<td>Montcarra<\/td>\n<\/tr>\n<tr>\n<td>38620<\/td>\n<td>Montferrat<\/td>\n<\/tr>\n<tr>\n<td>38690<\/td>\n<td>Montrevel<\/td>\n<\/tr>\n<tr>\n<td>38122<\/td>\n<td>Montseveroux<\/td>\n<\/tr>\n<tr>\n<td>38460<\/td>\n<td>Moras<\/td>\n<\/tr>\n<tr>\n<td>38510<\/td>\n<td>Morestel<\/td>\n<\/tr>\n<tr>\n<td>38260<\/td>\n<td>Mottier<\/td>\n<\/tr>\n<tr>\n<td>38260<\/td>\n<td>Nantoin<\/td>\n<\/tr>\n<tr>\n<td>38300<\/td>\n<td>Nivolas-Vermelle<\/td>\n<\/tr>\n<tr>\n<td>38460<\/td>\n<td>Optevoz<\/td>\n<\/tr>\n<tr>\n<td>38260<\/td>\n<td>Ornacieux<\/td>\n<\/tr>\n<tr>\n<td>38690<\/td>\n<td>Oyeu<\/td>\n<\/tr>\n<tr>\n<td>38780<\/td>\n<td>Oytier-Saint-Oblas<\/td>\n<\/tr>\n<tr>\n<td>38270<\/td>\n<td>Pact<\/td>\n<\/tr>\n<tr>\n<td>38260<\/td>\n<td>Pajay<\/td>\n<\/tr>\n<tr>\n<td>38137<\/td>\n<td>Paladru<\/td>\n<\/tr>\n<tr>\n<td>38730<\/td>\n<td>Panissage<\/td>\n<\/tr>\n<tr>\n<td>38460<\/td>\n<td>Panossas<\/td>\n<\/tr>\n<tr>\n<td>38390<\/td>\n<td>Parmilieu<\/td>\n<\/tr>\n<tr>\n<td>38510<\/td>\n<td>Passins<\/td>\n<\/tr>\n<tr>\n<td>38260<\/td>\n<td>Penol<\/td>\n<\/tr>\n<tr>\n<td>38270<\/td>\n<td>Pisieu<\/td>\n<\/tr>\n<tr>\n<td>38260<\/td>\n<td>Pommier-de-Beaurepaire<\/td>\n<\/tr>\n<tr>\n<td>38230<\/td>\n<td>Pont-de-Ch\u00e9ruy<\/td>\n<\/tr>\n<tr>\n<td>38780<\/td>\n<td>Pont-\u00c9v\u00eaque<\/td>\n<\/tr>\n<tr>\n<td>38390<\/td>\n<td>Porcieu-Amblagnieu<\/td>\n<\/tr>\n<tr>\n<td>38480<\/td>\n<td>Pressins<\/td>\n<\/tr>\n<tr>\n<td>38270<\/td>\n<td>Primarette<\/td>\n<\/tr>\n<tr>\n<td>38270<\/td>\n<td>Revel-Tourdan<\/td>\n<\/tr>\n<tr>\n<td>38121<\/td>\n<td>Reventin-Vaugris<\/td>\n<\/tr>\n<tr>\n<td>38090<\/td>\n<td>Roche<\/td>\n<\/tr>\n<tr>\n<td>38110<\/td>\n<td>Rochetoirin<\/td>\n<\/tr>\n<tr>\n<td>38480<\/td>\n<td>Romagnieu<\/td>\n<\/tr>\n<tr>\n<td>38150<\/td>\n<td>Roussillon<\/td>\n<\/tr>\n<tr>\n<td>38440<\/td>\n<td>Royas<\/td>\n<\/tr>\n<tr>\n<td>38300<\/td>\n<td>Ruy<\/td>\n<\/tr>\n<tr>\n<td>38550<\/td>\n<td>Sablons<\/td>\n<\/tr>\n<tr>\n<td>38300<\/td>\n<td>Saint-Agnin-sur-Bion<\/td>\n<\/tr>\n<tr>\n<td>38300<\/td>\n<td>Saint-Alban-de-Roche<\/td>\n<\/tr>\n<tr>\n<td>38370<\/td>\n<td>Saint-Alban-du-Rh\u00f4ne<\/td>\n<\/tr>\n<tr>\n<td>38480<\/td>\n<td>Saint-Albin-de-Vaulserre<\/td>\n<\/tr>\n<tr>\n<td>38490<\/td>\n<td>Saint-Andr\u00e9-le-Gaz<\/td>\n<\/tr>\n<tr>\n<td>38270<\/td>\n<td>Saint-Barth\u00e9lemy<\/td>\n<\/tr>\n<tr>\n<td>38118<\/td>\n<td>Saint-Baudille-de-la-Tour<\/td>\n<\/tr>\n<tr>\n<td>38620<\/td>\n<td>Saint-Bueil<\/td>\n<\/tr>\n<tr>\n<td>38890<\/td>\n<td>Saint-Chef<\/td>\n<\/tr>\n<tr>\n<td>38110<\/td>\n<td>Saint-Clair-de-la-Tour<\/td>\n<\/tr>\n<tr>\n<td>38370<\/td>\n<td>Saint-Clair-du-Rh\u00f4ne<\/td>\n<\/tr>\n<tr>\n<td>38690<\/td>\n<td>Saint-Didier-de-Bizonnes<\/td>\n<\/tr>\n<tr>\n<td>38110<\/td>\n<td>Saint-Didier-de-la-Tour<\/td>\n<\/tr>\n<tr>\n<td>38620<\/td>\n<td>Saint-Geoire-en-Valdaine<\/td>\n<\/tr>\n<tr>\n<td>38790<\/td>\n<td>Saint-Georges-d&rsquo;Esp\u00e9ranche<\/td>\n<\/tr>\n<tr>\n<td>38460<\/td>\n<td>Saint-Hilaire-de-Brens<\/td>\n<\/tr>\n<tr>\n<td>38260<\/td>\n<td>Saint-Hilaire-de-la-C\u00f4te<\/td>\n<\/tr>\n<tr>\n<td>38480<\/td>\n<td>Saint-Jean-d&rsquo;Avelanne<\/td>\n<\/tr>\n<tr>\n<td>38440<\/td>\n<td>Saint-Jean-de-Bournay<\/td>\n<\/tr>\n<tr>\n<td>38110<\/td>\n<td>Saint-Jean-de-Soudain<\/td>\n<\/tr>\n<tr>\n<td>38122<\/td>\n<td>Saint-Julien-de-l&rsquo;Herms<\/td>\n<\/tr>\n<tr>\n<td>38540<\/td>\n<td>Saint-Just-Chaleyssin<\/td>\n<\/tr>\n<tr>\n<td>38080<\/td>\n<td>Saint-Marcel-Bel-Accueil<\/td>\n<\/tr>\n<tr>\n<td>38480<\/td>\n<td>Saint-Martin-de-Vaulserre<\/td>\n<\/tr>\n<tr>\n<td>38550<\/td>\n<td>Saint-Maurice-l&rsquo;Exil<\/td>\n<\/tr>\n<tr>\n<td>38490<\/td>\n<td>Saint-Ondras<\/td>\n<\/tr>\n<tr>\n<td>38370<\/td>\n<td>Saint-Prim<\/td>\n<\/tr>\n<tr>\n<td>38290<\/td>\n<td>Saint-Quentin-Fallavier<\/td>\n<\/tr>\n<tr>\n<td>38460<\/td>\n<td>Saint-Romain-de-Jalionas<\/td>\n<\/tr>\n<tr>\n<td>38150<\/td>\n<td>Saint-Romain-de-Surieu<\/td>\n<\/tr>\n<tr>\n<td>38300<\/td>\n<td>Saint-Savin<\/td>\n<\/tr>\n<tr>\n<td>38510<\/td>\n<td>Saint-Sorlin-de-Morestel<\/td>\n<\/tr>\n<tr>\n<td>38200<\/td>\n<td>Saint-Sorlin-de-Vienne<\/td>\n<\/tr>\n<tr>\n<td>38620<\/td>\n<td>Saint-Sulpice-des-Rivoires<\/td>\n<\/tr>\n<tr>\n<td>38110<\/td>\n<td>Saint-Victor-de-Cessieu<\/td>\n<\/tr>\n<tr>\n<td>38510<\/td>\n<td>Saint-Victor-de-Morestel<\/td>\n<\/tr>\n<tr>\n<td>38440<\/td>\n<td>Sainte-Anne-sur-Gervonde<\/td>\n<\/tr>\n<tr>\n<td>38110<\/td>\n<td>Sainte-Blandine<\/td>\n<\/tr>\n<tr>\n<td>38890<\/td>\n<td>Salagnon<\/td>\n<\/tr>\n<tr>\n<td>38150<\/td>\n<td>Salaise-sur-Sanne<\/td>\n<\/tr>\n<tr>\n<td>38260<\/td>\n<td>Sardieu<\/td>\n<\/tr>\n<tr>\n<td>38290<\/td>\n<td>Satolas-et-Bonce<\/td>\n<\/tr>\n<tr>\n<td>38440<\/td>\n<td>Savas-M\u00e9pin<\/td>\n<\/tr>\n<tr>\n<td>38260<\/td>\n<td>Semons<\/td>\n<\/tr>\n<tr>\n<td>38780<\/td>\n<td>Sept\u00e8me<\/td>\n<\/tr>\n<tr>\n<td>38300<\/td>\n<td>S\u00e9r\u00e9zin-de-la-Tour<\/td>\n<\/tr>\n<tr>\n<td>38510<\/td>\n<td>Serm\u00e9rieu<\/td>\n<\/tr>\n<tr>\n<td>38200<\/td>\n<td>Serpaize<\/td>\n<\/tr>\n<tr>\n<td>38200<\/td>\n<td>Seyssuel<\/td>\n<\/tr>\n<tr>\n<td>38460<\/td>\n<td>Siccieu-Saint-Julien-et-Carisieu<\/td>\n<\/tr>\n<tr>\n<td>38460<\/td>\n<td>Soleymieu<\/td>\n<\/tr>\n<tr>\n<td>38150<\/td>\n<td>Sonnay<\/td>\n<\/tr>\n<tr>\n<td>38300<\/td>\n<td>Succieu<\/td>\n<\/tr>\n<tr>\n<td>38230<\/td>\n<td>Tignieu-Jameyzieu<\/td>\n<\/tr>\n<tr>\n<td>38690<\/td>\n<td>Torchefelon<\/td>\n<\/tr>\n<tr>\n<td>38300<\/td>\n<td>Tramol\u00e9<\/td>\n<\/tr>\n<tr>\n<td>38460<\/td>\n<td>Trept<\/td>\n<\/tr>\n<tr>\n<td>38540<\/td>\n<td>Valencin<\/td>\n<\/tr>\n<tr>\n<td>38730<\/td>\n<td>Valencogne<\/td>\n<\/tr>\n<tr>\n<td>38141<\/td>\n<td>Vasselin<\/td>\n<\/tr>\n<tr>\n<td>38090<\/td>\n<td>Vaulx-Milieu<\/td>\n<\/tr>\n<tr>\n<td>38620<\/td>\n<td>Velanne<\/td>\n<\/tr>\n<tr>\n<td>38460<\/td>\n<td>V\u00e9n\u00e9rieu<\/td>\n<\/tr>\n<tr>\n<td>38460<\/td>\n<td>Vernas<\/td>\n<\/tr>\n<tr>\n<td>38150<\/td>\n<td>Vernioz<\/td>\n<\/tr>\n<tr>\n<td>38390<\/td>\n<td>Vertrieu<\/td>\n<\/tr>\n<tr>\n<td>38115<\/td>\n<td>Veyrins-Thuellin<\/td>\n<\/tr>\n<tr>\n<td>38460<\/td>\n<td>Veyssilieu<\/td>\n<\/tr>\n<tr>\n<td>38510<\/td>\n<td>V\u00e9zeronce-Curtin<\/td>\n<\/tr>\n<tr>\n<td>38200<\/td>\n<td>Vienne<\/td>\n<\/tr>\n<tr>\n<td>38141<\/td>\n<td>Vignieu<\/td>\n<\/tr>\n<tr>\n<td>38150<\/td>\n<td>Ville-sous-Anjou<\/td>\n<\/tr>\n<tr>\n<td>38090<\/td>\n<td>Villefontaine<\/td>\n<\/tr>\n<tr>\n<td>38460<\/td>\n<td>Villemoirieu<\/td>\n<\/tr>\n<tr>\n<td>38440<\/td>\n<td>Villeneuve-de-Marc<\/td>\n<\/tr>\n<tr>\n<td>38280<\/td>\n<td>Villette-d&rsquo;Anthon<\/td>\n<\/tr>\n<tr>\n<td>38200<\/td>\n<td>Villette-de-Vienne<\/td>\n<\/tr>\n<tr>\n<td>38730<\/td>\n<td>Virieu<\/td>\n<\/tr>\n<tr>\n<td>38620<\/td>\n<td>Voissant<\/td>\n<\/tr>\n<\/tbody>\n<\/table>\n","protected":false},"excerpt":{"rendered":"<p>Le greffe se charge d&rsquo;un grand nombre de d\u00e9marches pour les entreprises commerciales du d\u00e9partement de l&rsquo;Is\u00e8re. C&rsquo;est le RCS [&hellip;]<\/p>\n","protected":false},"author":1,"featured_media":0,"parent":1759,"menu_order":0,"comment_status":"closed","ping_status":"closed","template":"","meta":{"inline_featured_image":false,"footnotes":""},"class_list":["post-2078","page","type-page","status-publish","hentry"],"yoast_head":"<!-- This site is optimized with the Yoast SEO plugin v26.8 - https:\/\/yoast.com\/product\/yoast-seo-wordpress\/ -->\n<title>Greffe du tribunal de commerce de Vienne - Actualit\u00e9 des entreprises<\/title>\n<meta name=\"robots\" content=\"index, follow, max-snippet:-1, max-image-preview:large, max-video-preview:-1\" \/>\n<link rel=\"canonical\" href=\"https:\/\/www.annonces-legales.org\/blog\/greffe\/greffe-du-tribunal-de-commerce-de-vienne\/\" \/>\n<meta property=\"og:locale\" content=\"fr_FR\" \/>\n<meta property=\"og:type\" content=\"article\" \/>\n<meta property=\"og:title\" content=\"Greffe du tribunal de commerce de Vienne - Actualit\u00e9 des entreprises\" \/>\n<meta property=\"og:description\" content=\"Le greffe se charge d&rsquo;un grand nombre de d\u00e9marches pour les entreprises commerciales du d\u00e9partement de l&rsquo;Is\u00e8re. C&rsquo;est le RCS [&hellip;]\" \/>\n<meta property=\"og:url\" content=\"https:\/\/www.annonces-legales.org\/blog\/greffe\/greffe-du-tribunal-de-commerce-de-vienne\/\" \/>\n<meta property=\"og:site_name\" content=\"Actualit\u00e9 des entreprises\" \/>\n<meta property=\"article:modified_time\" content=\"2022-02-01T15:03:17+00:00\" \/>\n<meta property=\"og:image\" content=\"https:\/\/www.annonces-legales.org\/blog\/wp-content\/uploads\/2022\/01\/tribunal.png\" \/>\n\t<meta property=\"og:image:width\" content=\"640\" \/>\n\t<meta property=\"og:image:height\" content=\"612\" \/>\n\t<meta property=\"og:image:type\" content=\"image\/png\" \/>\n<meta name=\"twitter:card\" content=\"summary_large_image\" \/>\n<meta name=\"twitter:label1\" content=\"Dur\u00e9e de lecture estim\u00e9e\" \/>\n\t<meta name=\"twitter:data1\" content=\"4 minutes\" \/>\n<script type=\"application\/ld+json\" class=\"yoast-schema-graph\">{\"@context\":\"https:\/\/schema.org\",\"@graph\":[{\"@type\":\"WebPage\",\"@id\":\"https:\/\/www.annonces-legales.org\/blog\/greffe\/greffe-du-tribunal-de-commerce-de-vienne\/\",\"url\":\"https:\/\/www.annonces-legales.org\/blog\/greffe\/greffe-du-tribunal-de-commerce-de-vienne\/\",\"name\":\"Greffe du tribunal de commerce de Vienne - Actualit\u00e9 des entreprises\",\"isPartOf\":{\"@id\":\"https:\/\/www.annonces-legales.org\/blog\/#website\"},\"primaryImageOfPage\":{\"@id\":\"https:\/\/www.annonces-legales.org\/blog\/greffe\/greffe-du-tribunal-de-commerce-de-vienne\/#primaryimage\"},\"image\":{\"@id\":\"https:\/\/www.annonces-legales.org\/blog\/greffe\/greffe-du-tribunal-de-commerce-de-vienne\/#primaryimage\"},\"thumbnailUrl\":\"https:\/\/www.annonces-legales.org\/blog\/wp-content\/uploads\/2022\/01\/tribunal-150x150.png\",\"datePublished\":\"2022-01-22T20:14:03+00:00\",\"dateModified\":\"2022-02-01T15:03:17+00:00\",\"breadcrumb\":{\"@id\":\"https:\/\/www.annonces-legales.org\/blog\/greffe\/greffe-du-tribunal-de-commerce-de-vienne\/#breadcrumb\"},\"inLanguage\":\"fr-FR\",\"potentialAction\":[{\"@type\":\"ReadAction\",\"target\":[\"https:\/\/www.annonces-legales.org\/blog\/greffe\/greffe-du-tribunal-de-commerce-de-vienne\/\"]}]},{\"@type\":\"ImageObject\",\"inLanguage\":\"fr-FR\",\"@id\":\"https:\/\/www.annonces-legales.org\/blog\/greffe\/greffe-du-tribunal-de-commerce-de-vienne\/#primaryimage\",\"url\":\"https:\/\/www.annonces-legales.org\/blog\/wp-content\/uploads\/2022\/01\/tribunal.png\",\"contentUrl\":\"https:\/\/www.annonces-legales.org\/blog\/wp-content\/uploads\/2022\/01\/tribunal.png\",\"width\":640,\"height\":612},{\"@type\":\"BreadcrumbList\",\"@id\":\"https:\/\/www.annonces-legales.org\/blog\/greffe\/greffe-du-tribunal-de-commerce-de-vienne\/#breadcrumb\",\"itemListElement\":[{\"@type\":\"ListItem\",\"position\":1,\"name\":\"Accueil\",\"item\":\"https:\/\/www.annonces-legales.org\/blog\/\"},{\"@type\":\"ListItem\",\"position\":2,\"name\":\"Liste des Greffes des tribunaux de commerce\",\"item\":\"https:\/\/www.annonces-legales.org\/blog\/greffe\/\"},{\"@type\":\"ListItem\",\"position\":3,\"name\":\"Greffe du tribunal de commerce de Vienne\"}]},{\"@type\":\"WebSite\",\"@id\":\"https:\/\/www.annonces-legales.org\/blog\/#website\",\"url\":\"https:\/\/www.annonces-legales.org\/blog\/\",\"name\":\"Actualit\u00e9 des entreprises\",\"description\":\"\",\"publisher\":{\"@id\":\"https:\/\/www.annonces-legales.org\/blog\/#organization\"},\"potentialAction\":[{\"@type\":\"SearchAction\",\"target\":{\"@type\":\"EntryPoint\",\"urlTemplate\":\"https:\/\/www.annonces-legales.org\/blog\/?s={search_term_string}\"},\"query-input\":{\"@type\":\"PropertyValueSpecification\",\"valueRequired\":true,\"valueName\":\"search_term_string\"}}],\"inLanguage\":\"fr-FR\"},{\"@type\":\"Organization\",\"@id\":\"https:\/\/www.annonces-legales.org\/blog\/#organization\",\"name\":\"Actualit\u00e9 des entreprises\",\"url\":\"https:\/\/www.annonces-legales.org\/blog\/\",\"logo\":{\"@type\":\"ImageObject\",\"inLanguage\":\"fr-FR\",\"@id\":\"https:\/\/www.annonces-legales.org\/blog\/#\/schema\/logo\/image\/\",\"url\":\"https:\/\/www.annonces-legales.org\/blog\/wp-content\/uploads\/2023\/08\/annonces-legales.svg\",\"contentUrl\":\"https:\/\/www.annonces-legales.org\/blog\/wp-content\/uploads\/2023\/08\/annonces-legales.svg\",\"caption\":\"Actualit\u00e9 des entreprises\"},\"image\":{\"@id\":\"https:\/\/www.annonces-legales.org\/blog\/#\/schema\/logo\/image\/\"}}]}<\/script>\n<!-- \/ Yoast SEO plugin. -->","yoast_head_json":{"title":"Greffe du tribunal de commerce de Vienne - Actualit\u00e9 des entreprises","robots":{"index":"index","follow":"follow","max-snippet":"max-snippet:-1","max-image-preview":"max-image-preview:large","max-video-preview":"max-video-preview:-1"},"canonical":"https:\/\/www.annonces-legales.org\/blog\/greffe\/greffe-du-tribunal-de-commerce-de-vienne\/","og_locale":"fr_FR","og_type":"article","og_title":"Greffe du tribunal de commerce de Vienne - Actualit\u00e9 des entreprises","og_description":"Le greffe se charge d&rsquo;un grand nombre de d\u00e9marches pour les entreprises commerciales du d\u00e9partement de l&rsquo;Is\u00e8re. C&rsquo;est le RCS [&hellip;]","og_url":"https:\/\/www.annonces-legales.org\/blog\/greffe\/greffe-du-tribunal-de-commerce-de-vienne\/","og_site_name":"Actualit\u00e9 des entreprises","article_modified_time":"2022-02-01T15:03:17+00:00","og_image":[{"width":640,"height":612,"url":"https:\/\/www.annonces-legales.org\/blog\/wp-content\/uploads\/2022\/01\/tribunal.png","type":"image\/png"}],"twitter_card":"summary_large_image","twitter_misc":{"Dur\u00e9e de lecture estim\u00e9e":"4 minutes"},"schema":{"@context":"https:\/\/schema.org","@graph":[{"@type":"WebPage","@id":"https:\/\/www.annonces-legales.org\/blog\/greffe\/greffe-du-tribunal-de-commerce-de-vienne\/","url":"https:\/\/www.annonces-legales.org\/blog\/greffe\/greffe-du-tribunal-de-commerce-de-vienne\/","name":"Greffe du tribunal de commerce de Vienne - Actualit\u00e9 des entreprises","isPartOf":{"@id":"https:\/\/www.annonces-legales.org\/blog\/#website"},"primaryImageOfPage":{"@id":"https:\/\/www.annonces-legales.org\/blog\/greffe\/greffe-du-tribunal-de-commerce-de-vienne\/#primaryimage"},"image":{"@id":"https:\/\/www.annonces-legales.org\/blog\/greffe\/greffe-du-tribunal-de-commerce-de-vienne\/#primaryimage"},"thumbnailUrl":"https:\/\/www.annonces-legales.org\/blog\/wp-content\/uploads\/2022\/01\/tribunal-150x150.png","datePublished":"2022-01-22T20:14:03+00:00","dateModified":"2022-02-01T15:03:17+00:00","breadcrumb":{"@id":"https:\/\/www.annonces-legales.org\/blog\/greffe\/greffe-du-tribunal-de-commerce-de-vienne\/#breadcrumb"},"inLanguage":"fr-FR","potentialAction":[{"@type":"ReadAction","target":["https:\/\/www.annonces-legales.org\/blog\/greffe\/greffe-du-tribunal-de-commerce-de-vienne\/"]}]},{"@type":"ImageObject","inLanguage":"fr-FR","@id":"https:\/\/www.annonces-legales.org\/blog\/greffe\/greffe-du-tribunal-de-commerce-de-vienne\/#primaryimage","url":"https:\/\/www.annonces-legales.org\/blog\/wp-content\/uploads\/2022\/01\/tribunal.png","contentUrl":"https:\/\/www.annonces-legales.org\/blog\/wp-content\/uploads\/2022\/01\/tribunal.png","width":640,"height":612},{"@type":"BreadcrumbList","@id":"https:\/\/www.annonces-legales.org\/blog\/greffe\/greffe-du-tribunal-de-commerce-de-vienne\/#breadcrumb","itemListElement":[{"@type":"ListItem","position":1,"name":"Accueil","item":"https:\/\/www.annonces-legales.org\/blog\/"},{"@type":"ListItem","position":2,"name":"Liste des Greffes des tribunaux de commerce","item":"https:\/\/www.annonces-legales.org\/blog\/greffe\/"},{"@type":"ListItem","position":3,"name":"Greffe du tribunal de commerce de Vienne"}]},{"@type":"WebSite","@id":"https:\/\/www.annonces-legales.org\/blog\/#website","url":"https:\/\/www.annonces-legales.org\/blog\/","name":"Actualit\u00e9 des entreprises","description":"","publisher":{"@id":"https:\/\/www.annonces-legales.org\/blog\/#organization"},"potentialAction":[{"@type":"SearchAction","target":{"@type":"EntryPoint","urlTemplate":"https:\/\/www.annonces-legales.org\/blog\/?s={search_term_string}"},"query-input":{"@type":"PropertyValueSpecification","valueRequired":true,"valueName":"search_term_string"}}],"inLanguage":"fr-FR"},{"@type":"Organization","@id":"https:\/\/www.annonces-legales.org\/blog\/#organization","name":"Actualit\u00e9 des entreprises","url":"https:\/\/www.annonces-legales.org\/blog\/","logo":{"@type":"ImageObject","inLanguage":"fr-FR","@id":"https:\/\/www.annonces-legales.org\/blog\/#\/schema\/logo\/image\/","url":"https:\/\/www.annonces-legales.org\/blog\/wp-content\/uploads\/2023\/08\/annonces-legales.svg","contentUrl":"https:\/\/www.annonces-legales.org\/blog\/wp-content\/uploads\/2023\/08\/annonces-legales.svg","caption":"Actualit\u00e9 des entreprises"},"image":{"@id":"https:\/\/www.annonces-legales.org\/blog\/#\/schema\/logo\/image\/"}}]}},"_links":{"self":[{"href":"https:\/\/www.annonces-legales.org\/blog\/wp-json\/wp\/v2\/pages\/2078","targetHints":{"allow":["GET"]}}],"collection":[{"href":"https:\/\/www.annonces-legales.org\/blog\/wp-json\/wp\/v2\/pages"}],"about":[{"href":"https:\/\/www.annonces-legales.org\/blog\/wp-json\/wp\/v2\/types\/page"}],"author":[{"embeddable":true,"href":"https:\/\/www.annonces-legales.org\/blog\/wp-json\/wp\/v2\/users\/1"}],"replies":[{"embeddable":true,"href":"https:\/\/www.annonces-legales.org\/blog\/wp-json\/wp\/v2\/comments?post=2078"}],"version-history":[{"count":4,"href":"https:\/\/www.annonces-legales.org\/blog\/wp-json\/wp\/v2\/pages\/2078\/revisions"}],"predecessor-version":[{"id":2575,"href":"https:\/\/www.annonces-legales.org\/blog\/wp-json\/wp\/v2\/pages\/2078\/revisions\/2575"}],"up":[{"embeddable":true,"href":"https:\/\/www.annonces-legales.org\/blog\/wp-json\/wp\/v2\/pages\/1759"}],"wp:attachment":[{"href":"https:\/\/www.annonces-legales.org\/blog\/wp-json\/wp\/v2\/media?parent=2078"}],"curies":[{"name":"wp","href":"https:\/\/api.w.org\/{rel}","templated":true}]}}