{"id":2611,"date":"2022-02-01T17:42:30","date_gmt":"2022-02-01T16:42:30","guid":{"rendered":"https:\/\/www.annonces-legales.org\/blog\/?page_id=2611"},"modified":"2022-02-01T17:42:30","modified_gmt":"2022-02-01T16:42:30","slug":"greffe-du-tribunal-de-commerce-de-albi","status":"publish","type":"page","link":"https:\/\/www.annonces-legales.org\/blog\/greffe\/greffe-du-tribunal-de-commerce-de-albi\/","title":{"rendered":"Greffe du tribunal de commerce de Albi"},"content":{"rendered":"<p><img loading=\"lazy\" decoding=\"async\" class=\"alignleft  wp-image-2423\" src=\"https:\/\/www.annonces-legales.org\/blog\/wp-content\/uploads\/2022\/01\/tribunal-150x150.png\" alt=\"\" width=\"75\" height=\"75\" \/>Vous \u00eates le dirigeant d&rsquo;une entreprise sur Albi ? Vous souhaitez immatriculer votre soci\u00e9t\u00e9 commerciale ou faire des formalit\u00e9s l\u00e9gales ?<\/p>\n<p>Le <strong>greffe du tribunal de commerce d&rsquo;Albi <\/strong>est votre partenaire pour tout ce qui est du domaine l\u00e9gal.<\/p>\n<p>Retrouvez ici toutes nos informations pratiques sur le greffe du tribunal de commerce d&rsquo;Albi.<\/p>\n<p>&nbsp;<\/p>\n<h2>Informations de contact du greffe<\/h2>\n<p>&nbsp;<\/p>\n<p><strong>Adresse<\/strong> : Greffe du Tribunal de Commerce Palais de Justice BP 156 81005 Albi cedex<\/p>\n<p>Les horaires du greffe d&rsquo;Albi sont de 8h30 \u00e0 12h du Lundi au Vendredi.<\/p>\n<p><div class=\"leaflet-map WPLeafletMap\" style=\"height:250px; width:100%;\"><\/div><script>\nwindow.WPLeafletMapPlugin = window.WPLeafletMapPlugin || [];\nwindow.WPLeafletMapPlugin.push(function WPLeafletMapShortcode() {\/*<script>*\/\nvar baseUrl = atob('aHR0cHM6Ly97c30udGlsZS5vcGVuc3RyZWV0bWFwLm9yZy97en0ve3h9L3t5fS5wbmc=');\nvar base = (!baseUrl && window.MQ) ?\n    window.MQ.mapLayer() : L.tileLayer(baseUrl,\n        L.Util.extend({}, {\n            detectRetina: 0,\n        },\n        {\"subdomains\":\"abc\",\"noWrap\":false,\"maxZoom\":20}        )\n    );\n    var options = L.Util.extend({}, {\n        layers: [base],\n        attributionControl: false\n    },\n    {\"zoomControl\":true,\"scrollWheelZoom\":false,\"doubleClickZoom\":false,\"fitBounds\":false,\"minZoom\":0,\"maxZoom\":20,\"maxBounds\":null,\"attribution\":\"\"},\n    {});\nwindow.WPLeafletMapPlugin.createMap(options).setView([43.92632,2.145789],17);});<\/script> <script>\nwindow.WPLeafletMapPlugin = window.WPLeafletMapPlugin || [];\nwindow.WPLeafletMapPlugin.push(function WPLeafletMarkerShortcode() {\/*<script>*\/\nvar map = window.WPLeafletMapPlugin.getCurrentMap();\nvar group = window.WPLeafletMapPlugin.getCurrentGroup();\nvar marker_options = window.WPLeafletMapPlugin.getIconOptions({});\nvar marker = L.marker(\n    [0,0],\n    marker_options\n);\nvar is_image = map.is_image_map;\n    marker.setLatLng( map.getCenter() );\nif (marker_options.draggable) {\n    marker.on('dragend', function () {\n        var latlng = this.getLatLng();\n        var lat = latlng.lat;\n        var lng = latlng.lng;\n        if (is_image) {\n            console.log('leaflet-marker y=' + lat + ' x=' + lng);\n        } else {\n            console.log('leaflet-marker lat=' + lat + ' lng=' + lng);\n        }\n    });\n}\nmarker.addTo( group );\nmarker.bindPopup(window.WPLeafletMapPlugin.unescape(' Greffe du tribunal de commerce d&rsquo;Albi ')).openPopup();window.WPLeafletMapPlugin.markers.push( marker );\n        });<\/script><\/p>\n<p><strong>Ligne t\u00e9l\u00e9phonique<\/strong> : 05.63.54.00.83<\/p>\n<p><strong>Url<\/strong> :<em> www.greffe-tc-albi.fr<\/em><\/p>\n<p>&nbsp;<\/p>\n<h2>Villes du ressort du tribunal d&rsquo;Albi<\/h2>\n<p>&nbsp;<\/p>\n<table class=\"tg table-striped container-fluid\">\n<tbody>\n<tr>\n<th>Code postal<\/th>\n<th>Commune<\/th>\n<\/tr>\n<tr>\n<td>81250<\/td>\n<td>Alban<\/td>\n<\/tr>\n<tr>\n<td>81000<\/td>\n<\/tr>\n<tr>\n<td>81190<\/td>\n<td>Almayrac<\/td>\n<\/tr>\n<tr>\n<td>81140<\/td>\n<td>Alos<\/td>\n<\/tr>\n<tr>\n<td>81170<\/td>\n<td>Amarens<\/td>\n<\/tr>\n<tr>\n<td>81430<\/td>\n<td>Ambialet<\/td>\n<\/tr>\n<tr>\n<td>81140<\/td>\n<td>Andillac<\/td>\n<\/tr>\n<tr>\n<td>81350<\/td>\n<td>Andouque<\/td>\n<\/tr>\n<tr>\n<td>81160<\/td>\n<td>Arth\u00e8s<\/td>\n<\/tr>\n<tr>\n<td>81340<\/td>\n<td>Assac<\/td>\n<\/tr>\n<tr>\n<td>81600<\/td>\n<td>Aussac<\/td>\n<\/tr>\n<tr>\n<td>81800<\/td>\n<td>Beauvais-sur-Tescou<\/td>\n<\/tr>\n<tr>\n<td>81430<\/td>\n<td>Bellegarde<\/td>\n<\/tr>\n<tr>\n<td>81150<\/td>\n<td>Bernac<\/td>\n<\/tr>\n<tr>\n<td>81400<\/td>\n<td>Blaye-les-Mines<\/td>\n<\/tr>\n<tr>\n<td>81170<\/td>\n<td>Bournazel<\/td>\n<\/tr>\n<tr>\n<td>81600<\/td>\n<td>Brens<\/td>\n<\/tr>\n<tr>\n<td>81600<\/td>\n<td>Broze<\/td>\n<\/tr>\n<tr>\n<td>81600<\/td>\n<td>Cadalen<\/td>\n<\/tr>\n<tr>\n<td>81340<\/td>\n<td>Cadix<\/td>\n<\/tr>\n<tr>\n<td>81130<\/td>\n<td>Cagnac-les-Mines<\/td>\n<\/tr>\n<tr>\n<td>81140<\/td>\n<td>Cahuzac-sur-V\u00e8re<\/td>\n<\/tr>\n<tr>\n<td>81990<\/td>\n<td>Cambon<\/td>\n<\/tr>\n<tr>\n<td>81140<\/td>\n<td>Campagnac<\/td>\n<\/tr>\n<tr>\n<td>81990<\/td>\n<td>Carlus<\/td>\n<\/tr>\n<tr>\n<td>81400<\/td>\n<td>Carmaux<\/td>\n<\/tr>\n<tr>\n<td>81150<\/td>\n<td>Castanet<\/td>\n<\/tr>\n<tr>\n<td>81150<\/td>\n<td>Castelnau-de-L\u00e9vis<\/td>\n<\/tr>\n<tr>\n<td>81140<\/td>\n<td>Castelnau-de-Montmiral<\/td>\n<\/tr>\n<tr>\n<td>81150<\/td>\n<td>Cestayrols<\/td>\n<\/tr>\n<tr>\n<td>81640<\/td>\n<td>Combefa<\/td>\n<\/tr>\n<tr>\n<td>81170<\/td>\n<td>Cordes-sur-Ciel<\/td>\n<\/tr>\n<tr>\n<td>81800<\/td>\n<td>Coufouleux<\/td>\n<\/tr>\n<tr>\n<td>81340<\/td>\n<td>Courris<\/td>\n<\/tr>\n<tr>\n<td>81350<\/td>\n<td>Crespin<\/td>\n<\/tr>\n<tr>\n<td>81350<\/td>\n<td>Crespinet<\/td>\n<\/tr>\n<tr>\n<td>81990<\/td>\n<td>Cunac<\/td>\n<\/tr>\n<tr>\n<td>81250<\/td>\n<td>Curvalle<\/td>\n<\/tr>\n<tr>\n<td>81120<\/td>\n<td>D\u00e9nat<\/td>\n<\/tr>\n<tr>\n<td>81170<\/td>\n<td>Donnazac<\/td>\n<\/tr>\n<tr>\n<td>81120<\/td>\n<td>Fauch<\/td>\n<\/tr>\n<tr>\n<td>81340<\/td>\n<td>Faussergues<\/td>\n<\/tr>\n<tr>\n<td>81150<\/td>\n<td>Fayssac<\/td>\n<\/tr>\n<tr>\n<td>81600<\/td>\n<td>F\u00e9nols<\/td>\n<\/tr>\n<tr>\n<td>81150<\/td>\n<td>Florentin<\/td>\n<\/tr>\n<tr>\n<td>81250<\/td>\n<td>Fraissines<\/td>\n<\/tr>\n<tr>\n<td>81170<\/td>\n<td>Frausseilles<\/td>\n<\/tr>\n<tr>\n<td>81990<\/td>\n<td>Fr\u00e9jairolles<\/td>\n<\/tr>\n<tr>\n<td>81600<\/td>\n<td>Gaillac<\/td>\n<\/tr>\n<tr>\n<td>81800<\/td>\n<td>Grazac<\/td>\n<\/tr>\n<tr>\n<td>81170<\/td>\n<td>Itzac<\/td>\n<\/tr>\n<tr>\n<td>81190<\/td>\n<td>Jouqueviel<\/td>\n<\/tr>\n<tr>\n<td>81800<\/td>\n<td>La Sauzi\u00e8re-Saint-Jean<\/td>\n<\/tr>\n<tr>\n<td>81170<\/td>\n<td>Labarthe-Bleys<\/td>\n<\/tr>\n<tr>\n<td>81150<\/td>\n<td>Labastide-de-L\u00e9vis<\/td>\n<\/tr>\n<tr>\n<td>81120<\/td>\n<td>Labastide-D\u00e9nat<\/td>\n<\/tr>\n<tr>\n<td>81400<\/td>\n<td>Labastide-Gabausse<\/td>\n<\/tr>\n<tr>\n<td>81300<\/td>\n<td>Labessi\u00e8re-Candeil<\/td>\n<\/tr>\n<tr>\n<td>81120<\/td>\n<td>Laboutarie<\/td>\n<\/tr>\n<tr>\n<td>81340<\/td>\n<td>Lacapelle-Pinet<\/td>\n<\/tr>\n<tr>\n<td>81170<\/td>\n<td>Lacapelle-S\u00e9galar<\/td>\n<\/tr>\n<tr>\n<td>81150<\/td>\n<td>Lagrave<\/td>\n<\/tr>\n<tr>\n<td>81120<\/td>\n<td>Lamillari\u00e9<\/td>\n<\/tr>\n<tr>\n<td>81640<\/td>\n<td>Laparrouquial<\/td>\n<\/tr>\n<tr>\n<td>81140<\/td>\n<td>Larroque<\/td>\n<\/tr>\n<tr>\n<td>81300<\/td>\n<td>Lasgraisses<\/td>\n<\/tr>\n<tr>\n<td>81340<\/td>\n<td>Le Dourn<\/td>\n<\/tr>\n<tr>\n<td>81430<\/td>\n<td>Le Fraysse<\/td>\n<\/tr>\n<tr>\n<td>81450<\/td>\n<td>Le Garric<\/td>\n<\/tr>\n<tr>\n<td>81170<\/td>\n<td>Le Riols<\/td>\n<\/tr>\n<tr>\n<td>81640<\/td>\n<td>Le S\u00e9gur<\/td>\n<\/tr>\n<tr>\n<td>81990<\/td>\n<td>Le Sequestre<\/td>\n<\/tr>\n<tr>\n<td>81120<\/td>\n<td>Le Travet<\/td>\n<\/tr>\n<tr>\n<td>81140<\/td>\n<td>Le Verdier<\/td>\n<\/tr>\n<tr>\n<td>81340<\/td>\n<td>L\u00e9das-et-Penthi\u00e8s<\/td>\n<\/tr>\n<tr>\n<td>81170<\/td>\n<td>Les Cabannes<\/td>\n<\/tr>\n<tr>\n<td>81380<\/td>\n<td>Lescure-d&rsquo;Albigeois<\/td>\n<\/tr>\n<tr>\n<td>81310<\/td>\n<td>Lisle-sur-Tarn<\/td>\n<\/tr>\n<tr>\n<td>81170<\/td>\n<td>Livers-Cazelles<\/td>\n<\/tr>\n<tr>\n<td>81120<\/td>\n<td>Lombers<\/td>\n<\/tr>\n<tr>\n<td>81170<\/td>\n<td>Loubers<\/td>\n<\/tr>\n<tr>\n<td>81800<\/td>\n<td>Loupiac<\/td>\n<\/tr>\n<tr>\n<td>81130<\/td>\n<td>Mailhoc<\/td>\n<\/tr>\n<tr>\n<td>81170<\/td>\n<td>Marnaves<\/td>\n<\/tr>\n<tr>\n<td>81430<\/td>\n<td>Marsal<\/td>\n<\/tr>\n<tr>\n<td>81150<\/td>\n<td>Marssac-sur-Tarn<\/td>\n<\/tr>\n<tr>\n<td>81250<\/td>\n<td>Massals<\/td>\n<\/tr>\n<tr>\n<td>81800<\/td>\n<td>M\u00e9zens<\/td>\n<\/tr>\n<tr>\n<td>81170<\/td>\n<td>Milhars<\/td>\n<\/tr>\n<tr>\n<td>81130<\/td>\n<td>Milhavet<\/td>\n<\/tr>\n<tr>\n<td>81250<\/td>\n<td>Miolles<\/td>\n<\/tr>\n<tr>\n<td>81190<\/td>\n<td>Mirandol-Bourgnounac<\/td>\n<\/tr>\n<tr>\n<td>81640<\/td>\n<td>Monesti\u00e9s<\/td>\n<\/tr>\n<tr>\n<td>81600<\/td>\n<td>Montans<\/td>\n<\/tr>\n<tr>\n<td>81190<\/td>\n<td>Montauriol<\/td>\n<\/tr>\n<tr>\n<td>81800<\/td>\n<td>Montdurausse<\/td>\n<\/tr>\n<tr>\n<td>81140<\/td>\n<td>Montels<\/td>\n<\/tr>\n<tr>\n<td>81800<\/td>\n<td>Montgaillard<\/td>\n<\/tr>\n<tr>\n<td>81190<\/td>\n<td>Montirat<\/td>\n<\/tr>\n<tr>\n<td>81170<\/td>\n<td>Montrosier<\/td>\n<\/tr>\n<tr>\n<td>81800<\/td>\n<td>Montvalen<\/td>\n<\/tr>\n<tr>\n<td>81190<\/td>\n<td>Moular\u00e8s<\/td>\n<\/tr>\n<tr>\n<td>81170<\/td>\n<td>Mouzieys-Panens<\/td>\n<\/tr>\n<tr>\n<td>81430<\/td>\n<td>Mouzieys-Teulet<\/td>\n<\/tr>\n<tr>\n<td>81170<\/td>\n<td>Noailles<\/td>\n<\/tr>\n<tr>\n<td>81120<\/td>\n<td>Orban<\/td>\n<\/tr>\n<tr>\n<td>81340<\/td>\n<td>Padi\u00e8s<\/td>\n<\/tr>\n<tr>\n<td>81190<\/td>\n<td>Pampelonne<\/td>\n<\/tr>\n<tr>\n<td>81310<\/td>\n<td>Parisot<\/td>\n<\/tr>\n<tr>\n<td>81250<\/td>\n<td>Paulinet<\/td>\n<\/tr>\n<tr>\n<td>81140<\/td>\n<td>Penne<\/td>\n<\/tr>\n<tr>\n<td>81310<\/td>\n<td>Peyrole<\/td>\n<\/tr>\n<tr>\n<td>81120<\/td>\n<td>Poulan-Pouzols<\/td>\n<\/tr>\n<tr>\n<td>81140<\/td>\n<td>Puycelci<\/td>\n<\/tr>\n<tr>\n<td>81990<\/td>\n<td>Puygouzon<\/td>\n<\/tr>\n<tr>\n<td>81800<\/td>\n<td>Rabastens<\/td>\n<\/tr>\n<tr>\n<td>81120<\/td>\n<td>R\u00e9almont<\/td>\n<\/tr>\n<tr>\n<td>81600<\/td>\n<td>Rivi\u00e8res<\/td>\n<\/tr>\n<tr>\n<td>81120<\/td>\n<td>Ronel<\/td>\n<\/tr>\n<tr>\n<td>81800<\/td>\n<td>Roquemaure<\/td>\n<\/tr>\n<tr>\n<td>81400<\/td>\n<td>Rosi\u00e8res<\/td>\n<\/tr>\n<tr>\n<td>81150<\/td>\n<td>Rouffiac<\/td>\n<\/tr>\n<tr>\n<td>81120<\/td>\n<td>Roum\u00e9goux<\/td>\n<\/tr>\n<tr>\n<td>81140<\/td>\n<td>Roussayrolles<\/td>\n<\/tr>\n<tr>\n<td>81250<\/td>\n<td>Saint-Andr\u00e9<\/td>\n<\/tr>\n<tr>\n<td>81120<\/td>\n<td>Saint-Antonin-de-Lacalm<\/td>\n<\/tr>\n<tr>\n<td>81140<\/td>\n<td>Saint-Beauzile<\/td>\n<\/tr>\n<tr>\n<td>81400<\/td>\n<td>Saint-Beno\u00eet-de-Carmaux<\/td>\n<\/tr>\n<tr>\n<td>81190<\/td>\n<td>Saint-Christophe<\/td>\n<\/tr>\n<tr>\n<td>81340<\/td>\n<td>Saint-Cirgue<\/td>\n<\/tr>\n<tr>\n<td>81350<\/td>\n<td>Saint-Gr\u00e9goire<\/td>\n<\/tr>\n<tr>\n<td>81350<\/td>\n<td>Saint-Jean-de-Marcel<\/td>\n<\/tr>\n<tr>\n<td>81160<\/td>\n<td>Saint-Ju\u00e9ry<\/td>\n<\/tr>\n<tr>\n<td>81340<\/td>\n<td>Saint-Julien-Gaul\u00e8ne<\/td>\n<\/tr>\n<tr>\n<td>81120<\/td>\n<td>Saint-Lieux-Lafenasse<\/td>\n<\/tr>\n<tr>\n<td>81170<\/td>\n<td>Saint-Marcel-Campes<\/td>\n<\/tr>\n<tr>\n<td>81170<\/td>\n<td>Saint-Martin-Lagu\u00e9pie<\/td>\n<\/tr>\n<tr>\n<td>81140<\/td>\n<td>Saint-Michel-de-Vax<\/td>\n<\/tr>\n<tr>\n<td>81340<\/td>\n<td>Saint-Michel-Labadi\u00e9<\/td>\n<\/tr>\n<tr>\n<td>81800<\/td>\n<td>Saint-Urcisse<\/td>\n<\/tr>\n<tr>\n<td>81140<\/td>\n<td>Sainte-C\u00e9cile-du-Cayrou<\/td>\n<\/tr>\n<tr>\n<td>81150<\/td>\n<td>Sainte-Croix<\/td>\n<\/tr>\n<tr>\n<td>81190<\/td>\n<td>Sainte-Gemme<\/td>\n<\/tr>\n<tr>\n<td>81990<\/td>\n<td>Sali\u00e8s<\/td>\n<\/tr>\n<tr>\n<td>81640<\/td>\n<td>Salles<\/td>\n<\/tr>\n<tr>\n<td>81800<\/td>\n<td>Salvagnac<\/td>\n<\/tr>\n<tr>\n<td>81350<\/td>\n<td>Saussenac<\/td>\n<\/tr>\n<tr>\n<td>81600<\/td>\n<td>Senouillac<\/td>\n<\/tr>\n<tr>\n<td>81350<\/td>\n<td>S\u00e9r\u00e9nac<\/td>\n<\/tr>\n<tr>\n<td>81120<\/td>\n<td>Sieurac<\/td>\n<\/tr>\n<tr>\n<td>81170<\/td>\n<td>Souel<\/td>\n<\/tr>\n<tr>\n<td>81130<\/td>\n<td>Ta\u00efx<\/td>\n<\/tr>\n<tr>\n<td>81190<\/td>\n<td>Tanus<\/td>\n<\/tr>\n<tr>\n<td>81800<\/td>\n<td>Tauriac<\/td>\n<\/tr>\n<tr>\n<td>81600<\/td>\n<td>T\u00e9cou<\/td>\n<\/tr>\n<tr>\n<td>81120<\/td>\n<td>Teillet<\/td>\n<\/tr>\n<tr>\n<td>81120<\/td>\n<td>Terre-Clapier<\/td>\n<\/tr>\n<tr>\n<td>81150<\/td>\n<td>Terssac<\/td>\n<\/tr>\n<tr>\n<td>81170<\/td>\n<td>Tonnac<\/td>\n<\/tr>\n<tr>\n<td>81190<\/td>\n<td>Tr\u00e9ban<\/td>\n<\/tr>\n<tr>\n<td>81250<\/td>\n<td>Tr\u00e9bas<\/td>\n<\/tr>\n<tr>\n<td>81190<\/td>\n<td>Tr\u00e9vien<\/td>\n<\/tr>\n<tr>\n<td>81350<\/td>\n<td>Valderi\u00e8s<\/td>\n<\/tr>\n<tr>\n<td>81340<\/td>\n<td>Valence-d&rsquo;Albigeois<\/td>\n<\/tr>\n<tr>\n<td>81140<\/td>\n<td>Vaour<\/td>\n<\/tr>\n<tr>\n<td>81140<\/td>\n<td>Vieux<\/td>\n<\/tr>\n<tr>\n<td>81430<\/td>\n<td>Villefranche-d&rsquo;Albigeois<\/td>\n<\/tr>\n<tr>\n<td>81130<\/td>\n<td>Villeneuve-sur-V\u00e8re<\/td>\n<\/tr>\n<tr>\n<td>81170<\/td>\n<td>Vindrac-Alayrac<\/td>\n<\/tr>\n<tr>\n<td>81640<\/td>\n<td>Virac<\/td>\n<\/tr>\n<\/tbody>\n<\/table>\n","protected":false},"excerpt":{"rendered":"<p>Vous \u00eates le dirigeant d&rsquo;une entreprise sur Albi ? Vous souhaitez immatriculer votre soci\u00e9t\u00e9 commerciale ou faire des formalit\u00e9s l\u00e9gales [&hellip;]<\/p>\n","protected":false},"author":1,"featured_media":0,"parent":1759,"menu_order":0,"comment_status":"closed","ping_status":"closed","template":"","meta":{"inline_featured_image":false,"footnotes":""},"class_list":["post-2611","page","type-page","status-publish","hentry"],"yoast_head":"<!-- This site is optimized with the Yoast SEO plugin v26.8 - https:\/\/yoast.com\/product\/yoast-seo-wordpress\/ -->\n<title>Greffe du tribunal de commerce de Albi - Actualit\u00e9 des entreprises<\/title>\n<meta name=\"robots\" content=\"index, follow, max-snippet:-1, max-image-preview:large, max-video-preview:-1\" \/>\n<link rel=\"canonical\" href=\"https:\/\/www.annonces-legales.org\/blog\/greffe\/greffe-du-tribunal-de-commerce-de-albi\/\" \/>\n<meta property=\"og:locale\" content=\"fr_FR\" \/>\n<meta property=\"og:type\" content=\"article\" \/>\n<meta property=\"og:title\" content=\"Greffe du tribunal de commerce de Albi - Actualit\u00e9 des entreprises\" \/>\n<meta property=\"og:description\" content=\"Vous \u00eates le dirigeant d&rsquo;une entreprise sur Albi ? Vous souhaitez immatriculer votre soci\u00e9t\u00e9 commerciale ou faire des formalit\u00e9s l\u00e9gales [&hellip;]\" \/>\n<meta property=\"og:url\" content=\"https:\/\/www.annonces-legales.org\/blog\/greffe\/greffe-du-tribunal-de-commerce-de-albi\/\" \/>\n<meta property=\"og:site_name\" content=\"Actualit\u00e9 des entreprises\" \/>\n<meta property=\"og:image\" content=\"https:\/\/www.annonces-legales.org\/blog\/wp-content\/uploads\/2022\/01\/tribunal.png\" \/>\n\t<meta property=\"og:image:width\" content=\"640\" \/>\n\t<meta property=\"og:image:height\" content=\"612\" \/>\n\t<meta property=\"og:image:type\" content=\"image\/png\" \/>\n<meta name=\"twitter:card\" content=\"summary_large_image\" \/>\n<meta name=\"twitter:label1\" content=\"Dur\u00e9e de lecture estim\u00e9e\" \/>\n\t<meta name=\"twitter:data1\" content=\"2 minutes\" \/>\n<script type=\"application\/ld+json\" class=\"yoast-schema-graph\">{\"@context\":\"https:\/\/schema.org\",\"@graph\":[{\"@type\":\"WebPage\",\"@id\":\"https:\/\/www.annonces-legales.org\/blog\/greffe\/greffe-du-tribunal-de-commerce-de-albi\/\",\"url\":\"https:\/\/www.annonces-legales.org\/blog\/greffe\/greffe-du-tribunal-de-commerce-de-albi\/\",\"name\":\"Greffe du tribunal de commerce de Albi - Actualit\u00e9 des entreprises\",\"isPartOf\":{\"@id\":\"https:\/\/www.annonces-legales.org\/blog\/#website\"},\"primaryImageOfPage\":{\"@id\":\"https:\/\/www.annonces-legales.org\/blog\/greffe\/greffe-du-tribunal-de-commerce-de-albi\/#primaryimage\"},\"image\":{\"@id\":\"https:\/\/www.annonces-legales.org\/blog\/greffe\/greffe-du-tribunal-de-commerce-de-albi\/#primaryimage\"},\"thumbnailUrl\":\"https:\/\/www.annonces-legales.org\/blog\/wp-content\/uploads\/2022\/01\/tribunal-150x150.png\",\"datePublished\":\"2022-02-01T16:42:30+00:00\",\"breadcrumb\":{\"@id\":\"https:\/\/www.annonces-legales.org\/blog\/greffe\/greffe-du-tribunal-de-commerce-de-albi\/#breadcrumb\"},\"inLanguage\":\"fr-FR\",\"potentialAction\":[{\"@type\":\"ReadAction\",\"target\":[\"https:\/\/www.annonces-legales.org\/blog\/greffe\/greffe-du-tribunal-de-commerce-de-albi\/\"]}]},{\"@type\":\"ImageObject\",\"inLanguage\":\"fr-FR\",\"@id\":\"https:\/\/www.annonces-legales.org\/blog\/greffe\/greffe-du-tribunal-de-commerce-de-albi\/#primaryimage\",\"url\":\"https:\/\/www.annonces-legales.org\/blog\/wp-content\/uploads\/2022\/01\/tribunal.png\",\"contentUrl\":\"https:\/\/www.annonces-legales.org\/blog\/wp-content\/uploads\/2022\/01\/tribunal.png\",\"width\":640,\"height\":612},{\"@type\":\"BreadcrumbList\",\"@id\":\"https:\/\/www.annonces-legales.org\/blog\/greffe\/greffe-du-tribunal-de-commerce-de-albi\/#breadcrumb\",\"itemListElement\":[{\"@type\":\"ListItem\",\"position\":1,\"name\":\"Accueil\",\"item\":\"https:\/\/www.annonces-legales.org\/blog\/\"},{\"@type\":\"ListItem\",\"position\":2,\"name\":\"Liste des Greffes des tribunaux de commerce\",\"item\":\"https:\/\/www.annonces-legales.org\/blog\/greffe\/\"},{\"@type\":\"ListItem\",\"position\":3,\"name\":\"Greffe du tribunal de commerce de Albi\"}]},{\"@type\":\"WebSite\",\"@id\":\"https:\/\/www.annonces-legales.org\/blog\/#website\",\"url\":\"https:\/\/www.annonces-legales.org\/blog\/\",\"name\":\"Actualit\u00e9 des entreprises\",\"description\":\"\",\"publisher\":{\"@id\":\"https:\/\/www.annonces-legales.org\/blog\/#organization\"},\"potentialAction\":[{\"@type\":\"SearchAction\",\"target\":{\"@type\":\"EntryPoint\",\"urlTemplate\":\"https:\/\/www.annonces-legales.org\/blog\/?s={search_term_string}\"},\"query-input\":{\"@type\":\"PropertyValueSpecification\",\"valueRequired\":true,\"valueName\":\"search_term_string\"}}],\"inLanguage\":\"fr-FR\"},{\"@type\":\"Organization\",\"@id\":\"https:\/\/www.annonces-legales.org\/blog\/#organization\",\"name\":\"Actualit\u00e9 des entreprises\",\"url\":\"https:\/\/www.annonces-legales.org\/blog\/\",\"logo\":{\"@type\":\"ImageObject\",\"inLanguage\":\"fr-FR\",\"@id\":\"https:\/\/www.annonces-legales.org\/blog\/#\/schema\/logo\/image\/\",\"url\":\"https:\/\/www.annonces-legales.org\/blog\/wp-content\/uploads\/2023\/08\/annonces-legales.svg\",\"contentUrl\":\"https:\/\/www.annonces-legales.org\/blog\/wp-content\/uploads\/2023\/08\/annonces-legales.svg\",\"caption\":\"Actualit\u00e9 des entreprises\"},\"image\":{\"@id\":\"https:\/\/www.annonces-legales.org\/blog\/#\/schema\/logo\/image\/\"}}]}<\/script>\n<!-- \/ Yoast SEO plugin. -->","yoast_head_json":{"title":"Greffe du tribunal de commerce de Albi - Actualit\u00e9 des entreprises","robots":{"index":"index","follow":"follow","max-snippet":"max-snippet:-1","max-image-preview":"max-image-preview:large","max-video-preview":"max-video-preview:-1"},"canonical":"https:\/\/www.annonces-legales.org\/blog\/greffe\/greffe-du-tribunal-de-commerce-de-albi\/","og_locale":"fr_FR","og_type":"article","og_title":"Greffe du tribunal de commerce de Albi - Actualit\u00e9 des entreprises","og_description":"Vous \u00eates le dirigeant d&rsquo;une entreprise sur Albi ? Vous souhaitez immatriculer votre soci\u00e9t\u00e9 commerciale ou faire des formalit\u00e9s l\u00e9gales [&hellip;]","og_url":"https:\/\/www.annonces-legales.org\/blog\/greffe\/greffe-du-tribunal-de-commerce-de-albi\/","og_site_name":"Actualit\u00e9 des entreprises","og_image":[{"width":640,"height":612,"url":"https:\/\/www.annonces-legales.org\/blog\/wp-content\/uploads\/2022\/01\/tribunal.png","type":"image\/png"}],"twitter_card":"summary_large_image","twitter_misc":{"Dur\u00e9e de lecture estim\u00e9e":"2 minutes"},"schema":{"@context":"https:\/\/schema.org","@graph":[{"@type":"WebPage","@id":"https:\/\/www.annonces-legales.org\/blog\/greffe\/greffe-du-tribunal-de-commerce-de-albi\/","url":"https:\/\/www.annonces-legales.org\/blog\/greffe\/greffe-du-tribunal-de-commerce-de-albi\/","name":"Greffe du tribunal de commerce de Albi - Actualit\u00e9 des entreprises","isPartOf":{"@id":"https:\/\/www.annonces-legales.org\/blog\/#website"},"primaryImageOfPage":{"@id":"https:\/\/www.annonces-legales.org\/blog\/greffe\/greffe-du-tribunal-de-commerce-de-albi\/#primaryimage"},"image":{"@id":"https:\/\/www.annonces-legales.org\/blog\/greffe\/greffe-du-tribunal-de-commerce-de-albi\/#primaryimage"},"thumbnailUrl":"https:\/\/www.annonces-legales.org\/blog\/wp-content\/uploads\/2022\/01\/tribunal-150x150.png","datePublished":"2022-02-01T16:42:30+00:00","breadcrumb":{"@id":"https:\/\/www.annonces-legales.org\/blog\/greffe\/greffe-du-tribunal-de-commerce-de-albi\/#breadcrumb"},"inLanguage":"fr-FR","potentialAction":[{"@type":"ReadAction","target":["https:\/\/www.annonces-legales.org\/blog\/greffe\/greffe-du-tribunal-de-commerce-de-albi\/"]}]},{"@type":"ImageObject","inLanguage":"fr-FR","@id":"https:\/\/www.annonces-legales.org\/blog\/greffe\/greffe-du-tribunal-de-commerce-de-albi\/#primaryimage","url":"https:\/\/www.annonces-legales.org\/blog\/wp-content\/uploads\/2022\/01\/tribunal.png","contentUrl":"https:\/\/www.annonces-legales.org\/blog\/wp-content\/uploads\/2022\/01\/tribunal.png","width":640,"height":612},{"@type":"BreadcrumbList","@id":"https:\/\/www.annonces-legales.org\/blog\/greffe\/greffe-du-tribunal-de-commerce-de-albi\/#breadcrumb","itemListElement":[{"@type":"ListItem","position":1,"name":"Accueil","item":"https:\/\/www.annonces-legales.org\/blog\/"},{"@type":"ListItem","position":2,"name":"Liste des Greffes des tribunaux de commerce","item":"https:\/\/www.annonces-legales.org\/blog\/greffe\/"},{"@type":"ListItem","position":3,"name":"Greffe du tribunal de commerce de Albi"}]},{"@type":"WebSite","@id":"https:\/\/www.annonces-legales.org\/blog\/#website","url":"https:\/\/www.annonces-legales.org\/blog\/","name":"Actualit\u00e9 des entreprises","description":"","publisher":{"@id":"https:\/\/www.annonces-legales.org\/blog\/#organization"},"potentialAction":[{"@type":"SearchAction","target":{"@type":"EntryPoint","urlTemplate":"https:\/\/www.annonces-legales.org\/blog\/?s={search_term_string}"},"query-input":{"@type":"PropertyValueSpecification","valueRequired":true,"valueName":"search_term_string"}}],"inLanguage":"fr-FR"},{"@type":"Organization","@id":"https:\/\/www.annonces-legales.org\/blog\/#organization","name":"Actualit\u00e9 des entreprises","url":"https:\/\/www.annonces-legales.org\/blog\/","logo":{"@type":"ImageObject","inLanguage":"fr-FR","@id":"https:\/\/www.annonces-legales.org\/blog\/#\/schema\/logo\/image\/","url":"https:\/\/www.annonces-legales.org\/blog\/wp-content\/uploads\/2023\/08\/annonces-legales.svg","contentUrl":"https:\/\/www.annonces-legales.org\/blog\/wp-content\/uploads\/2023\/08\/annonces-legales.svg","caption":"Actualit\u00e9 des entreprises"},"image":{"@id":"https:\/\/www.annonces-legales.org\/blog\/#\/schema\/logo\/image\/"}}]}},"_links":{"self":[{"href":"https:\/\/www.annonces-legales.org\/blog\/wp-json\/wp\/v2\/pages\/2611","targetHints":{"allow":["GET"]}}],"collection":[{"href":"https:\/\/www.annonces-legales.org\/blog\/wp-json\/wp\/v2\/pages"}],"about":[{"href":"https:\/\/www.annonces-legales.org\/blog\/wp-json\/wp\/v2\/types\/page"}],"author":[{"embeddable":true,"href":"https:\/\/www.annonces-legales.org\/blog\/wp-json\/wp\/v2\/users\/1"}],"replies":[{"embeddable":true,"href":"https:\/\/www.annonces-legales.org\/blog\/wp-json\/wp\/v2\/comments?post=2611"}],"version-history":[{"count":1,"href":"https:\/\/www.annonces-legales.org\/blog\/wp-json\/wp\/v2\/pages\/2611\/revisions"}],"predecessor-version":[{"id":2612,"href":"https:\/\/www.annonces-legales.org\/blog\/wp-json\/wp\/v2\/pages\/2611\/revisions\/2612"}],"up":[{"embeddable":true,"href":"https:\/\/www.annonces-legales.org\/blog\/wp-json\/wp\/v2\/pages\/1759"}],"wp:attachment":[{"href":"https:\/\/www.annonces-legales.org\/blog\/wp-json\/wp\/v2\/media?parent=2611"}],"curies":[{"name":"wp","href":"https:\/\/api.w.org\/{rel}","templated":true}]}}