{"id":2615,"date":"2022-02-01T17:56:09","date_gmt":"2022-02-01T16:56:09","guid":{"rendered":"https:\/\/www.annonces-legales.org\/blog\/?page_id=2615"},"modified":"2022-02-01T17:58:52","modified_gmt":"2022-02-01T16:58:52","slug":"greffe-du-tribunal-de-commerce-dorleans","status":"publish","type":"page","link":"https:\/\/www.annonces-legales.org\/blog\/greffe-du-tribunal-de-commerce-orleans\/","title":{"rendered":"Greffe du tribunal de commerce d&rsquo;Orl\u00e9ans"},"content":{"rendered":"<p><img loading=\"lazy\" decoding=\"async\" class=\"alignleft wp-image-2423\" src=\"https:\/\/www.annonces-legales.org\/blog\/wp-content\/uploads\/2022\/01\/tribunal-150x150.png\" alt=\"\" width=\"75\" height=\"75\" \/><\/p>\n<p>Vous avez une formalit\u00e9 \u00e0 r\u00e9aliser avec le <strong>greffe du tribunal de commerce d&rsquo;Orl\u00e9ans<\/strong> ?<\/p>\n<p>Retrouvez ici l&rsquo;ensemble des informations pratiques pour contacter ou pour se rendre au greffe du TC d&rsquo;Orl\u00e9ans.<\/p>\n<p>&nbsp;<\/p>\n<h2>Informations de contact du greffe d&rsquo;Orl\u00e9ans<\/h2>\n<p>&nbsp;<\/p>\n<p><strong>Adresse<\/strong> : 44 Rue De La Bretonnerie 45010 Loiret ORLEANS CEDEX 1<\/p>\n<p>Les horaires du greffe sont de 9h \u00e0 12h du Lundi au Vendredi.<\/p>\n<p><div class=\"leaflet-map WPLeafletMap\" style=\"height:250px; width:100%;\"><\/div><script>\nwindow.WPLeafletMapPlugin = window.WPLeafletMapPlugin || [];\nwindow.WPLeafletMapPlugin.push(function WPLeafletMapShortcode() {\/*<script>*\/\nvar baseUrl = atob('aHR0cHM6Ly97c30udGlsZS5vcGVuc3RyZWV0bWFwLm9yZy97en0ve3h9L3t5fS5wbmc=');\nvar base = (!baseUrl && window.MQ) ?\n    window.MQ.mapLayer() : L.tileLayer(baseUrl,\n        L.Util.extend({}, {\n            detectRetina: 0,\n        },\n        {\"subdomains\":\"abc\",\"noWrap\":false,\"maxZoom\":20}        )\n    );\n    var options = L.Util.extend({}, {\n        layers: [base],\n        attributionControl: false\n    },\n    {\"zoomControl\":true,\"scrollWheelZoom\":false,\"doubleClickZoom\":false,\"fitBounds\":false,\"minZoom\":0,\"maxZoom\":20,\"maxBounds\":null,\"attribution\":\"\"},\n    {});\nwindow.WPLeafletMapPlugin.createMap(options).setView([47.90476,1.905693],17);});<\/script> <script>\nwindow.WPLeafletMapPlugin = window.WPLeafletMapPlugin || [];\nwindow.WPLeafletMapPlugin.push(function WPLeafletMarkerShortcode() {\/*<script>*\/\nvar map = window.WPLeafletMapPlugin.getCurrentMap();\nvar group = window.WPLeafletMapPlugin.getCurrentGroup();\nvar marker_options = window.WPLeafletMapPlugin.getIconOptions({});\nvar marker = L.marker(\n    [0,0],\n    marker_options\n);\nvar is_image = map.is_image_map;\n    marker.setLatLng( map.getCenter() );\nif (marker_options.draggable) {\n    marker.on('dragend', function () {\n        var latlng = this.getLatLng();\n        var lat = latlng.lat;\n        var lng = latlng.lng;\n        if (is_image) {\n            console.log('leaflet-marker y=' + lat + ' x=' + lng);\n        } else {\n            console.log('leaflet-marker lat=' + lat + ' lng=' + lng);\n        }\n    });\n}\nmarker.addTo( group );\nmarker.bindPopup(window.WPLeafletMapPlugin.unescape(' Greffe du tribunal de commerce d&rsquo;Albi ')).openPopup();window.WPLeafletMapPlugin.markers.push( marker );\n        });<\/script><\/p>\n<p><strong>Ligne t\u00e9l\u00e9phonique<\/strong> : 02 38 78 07 07<\/p>\n<p><strong>Url<\/strong> :<em> w<\/em><em>ww.greffe-tc-orleans.fr<\/em><\/p>\n<p>&nbsp;<\/p>\n<h2>Villes du ressort du tribunal d&rsquo;Orl\u00e9ans<\/h2>\n<p>335 villes sont du ressort de ce tribunal.<\/p>\n<p>&nbsp;<\/p>\n<table class=\"tg table-striped container-fluid\">\n<tbody>\n<tr>\n<th>Code postal<\/th>\n<th>Commune<\/th>\n<\/tr>\n<tr>\n<td>45230<\/td>\n<td>Adon<\/td>\n<\/tr>\n<tr>\n<td>45230<\/td>\n<td>Aillant-sur-Milleron<\/td>\n<\/tr>\n<tr>\n<td>45200<\/td>\n<td>Amilly<\/td>\n<\/tr>\n<tr>\n<td>45480<\/td>\n<td>Andonville<\/td>\n<\/tr>\n<tr>\n<td>45160<\/td>\n<td>Ardon<\/td>\n<\/tr>\n<tr>\n<td>45410<\/td>\n<td>Artenay<\/td>\n<\/tr>\n<tr>\n<td>45170<\/td>\n<td>Asch\u00e8res-le-March\u00e9<\/td>\n<\/tr>\n<tr>\n<td>45300<\/td>\n<td>Ascoux<\/td>\n<\/tr>\n<tr>\n<td>45170<\/td>\n<td>Attray<\/td>\n<\/tr>\n<tr>\n<td>45300<\/td>\n<td>Audeville<\/td>\n<\/tr>\n<tr>\n<td>45330<\/td>\n<td>Augerville-la-Rivi\u00e8re<\/td>\n<\/tr>\n<tr>\n<td>45390<\/td>\n<td>Aulnay-la-Rivi\u00e8re<\/td>\n<\/tr>\n<tr>\n<td>45480<\/td>\n<td>Autruy-sur-Juine<\/td>\n<\/tr>\n<tr>\n<td>45500<\/td>\n<td>Autry-le-Ch\u00e2tel<\/td>\n<\/tr>\n<tr>\n<td>45270<\/td>\n<td>Auvilliers-en-G\u00e2tinais<\/td>\n<\/tr>\n<tr>\n<td>45340<\/td>\n<td>Auxy<\/td>\n<\/tr>\n<tr>\n<td>45130<\/td>\n<td>Baccon<\/td>\n<\/tr>\n<tr>\n<td>45340<\/td>\n<td>Barville-en-G\u00e2tinais<\/td>\n<\/tr>\n<tr>\n<td>45340<\/td>\n<td>Batilly-en-G\u00e2tinais<\/td>\n<\/tr>\n<tr>\n<td>45420<\/td>\n<td>Batilly-en-Puisaye<\/td>\n<\/tr>\n<tr>\n<td>45130<\/td>\n<td>Baule<\/td>\n<\/tr>\n<tr>\n<td>45480<\/td>\n<td>Bazoches-les-Gallerandes<\/td>\n<\/tr>\n<tr>\n<td>45210<\/td>\n<td>Bazoches-sur-le-Betz<\/td>\n<\/tr>\n<tr>\n<td>45270<\/td>\n<td>Beauchamps-sur-Huillard<\/td>\n<\/tr>\n<tr>\n<td>45190<\/td>\n<td>Beaugency<\/td>\n<\/tr>\n<tr>\n<td>45630<\/td>\n<td>Beaulieu-sur-Loire<\/td>\n<\/tr>\n<tr>\n<td>45340<\/td>\n<td>Beaune-la-Rolande<\/td>\n<\/tr>\n<tr>\n<td>45270<\/td>\n<td>Bellegarde<\/td>\n<\/tr>\n<tr>\n<td>45390<\/td>\n<td>Bo\u00ebsses<\/td>\n<\/tr>\n<tr>\n<td>45760<\/td>\n<td>Boigny-sur-Bionne<\/td>\n<\/tr>\n<tr>\n<td>45340<\/td>\n<td>Boiscommun<\/td>\n<\/tr>\n<tr>\n<td>45290<\/td>\n<td>Boismorand<\/td>\n<\/tr>\n<tr>\n<td>45480<\/td>\n<td>Boisseaux<\/td>\n<\/tr>\n<tr>\n<td>45300<\/td>\n<td>Bondaroy<\/td>\n<\/tr>\n<tr>\n<td>45460<\/td>\n<td>Bonn\u00e9e<\/td>\n<\/tr>\n<tr>\n<td>45420<\/td>\n<td>Bonny-sur-Loire<\/td>\n<\/tr>\n<tr>\n<td>45340<\/td>\n<td>Bordeaux-en-G\u00e2tinais<\/td>\n<\/tr>\n<tr>\n<td>45660<\/td>\n<td>Bou<\/td>\n<\/tr>\n<tr>\n<td>45170<\/td>\n<td>Bougy-lez-Neuville<\/td>\n<\/tr>\n<tr>\n<td>45300<\/td>\n<td>Bouilly-en-G\u00e2tinais<\/td>\n<\/tr>\n<tr>\n<td>45140<\/td>\n<td>Boulay-les-Barres<\/td>\n<\/tr>\n<tr>\n<td>45300<\/td>\n<td>Bouzonville-aux-Bois<\/td>\n<\/tr>\n<tr>\n<td>45460<\/td>\n<td>Bouzy-la-For\u00eat<\/td>\n<\/tr>\n<tr>\n<td>45300<\/td>\n<td>Boynes<\/td>\n<\/tr>\n<tr>\n<td>45460<\/td>\n<td>Bray-en-Val<\/td>\n<\/tr>\n<tr>\n<td>45250<\/td>\n<td>Breteau<\/td>\n<\/tr>\n<tr>\n<td>45250<\/td>\n<td>Briare<\/td>\n<\/tr>\n<tr>\n<td>45390<\/td>\n<td>Briarres-sur-Essonne<\/td>\n<\/tr>\n<tr>\n<td>45310<\/td>\n<td>Bricy<\/td>\n<\/tr>\n<tr>\n<td>45390<\/td>\n<td>Bromeilles<\/td>\n<\/tr>\n<tr>\n<td>45410<\/td>\n<td>Bucy-le-Roi<\/td>\n<\/tr>\n<tr>\n<td>45140<\/td>\n<td>Bucy-Saint-Liphard<\/td>\n<\/tr>\n<tr>\n<td>45120<\/td>\n<td>Cepoy<\/td>\n<\/tr>\n<tr>\n<td>45400<\/td>\n<td>Cercottes<\/td>\n<\/tr>\n<tr>\n<td>45620<\/td>\n<td>Cerdon<\/td>\n<\/tr>\n<tr>\n<td>45360<\/td>\n<td>Cernoy-en-Berry<\/td>\n<\/tr>\n<tr>\n<td>45300<\/td>\n<td>C\u00e9sarville-Dossainville<\/td>\n<\/tr>\n<tr>\n<td>45260<\/td>\n<td>Chailly-en-G\u00e2tinais<\/td>\n<\/tr>\n<tr>\n<td>45380<\/td>\n<td>Chaingy<\/td>\n<\/tr>\n<tr>\n<td>45120<\/td>\n<td>Ch\u00e2lette-sur-Loing<\/td>\n<\/tr>\n<tr>\n<td>45340<\/td>\n<td>Chambon-la-For\u00eat<\/td>\n<\/tr>\n<tr>\n<td>45420<\/td>\n<td>Champoulet<\/td>\n<\/tr>\n<tr>\n<td>45400<\/td>\n<td>Chanteau<\/td>\n<\/tr>\n<tr>\n<td>45320<\/td>\n<td>Chantecoq<\/td>\n<\/tr>\n<tr>\n<td>45270<\/td>\n<td>Chapelon<\/td>\n<\/tr>\n<tr>\n<td>45480<\/td>\n<td>Charmont-en-Beauce<\/td>\n<\/tr>\n<tr>\n<td>45130<\/td>\n<td>Charsonville<\/td>\n<\/tr>\n<tr>\n<td>45220<\/td>\n<td>Ch\u00e2teau-Renard<\/td>\n<\/tr>\n<tr>\n<td>45110<\/td>\n<td>Ch\u00e2teauneuf-sur-Loire<\/td>\n<\/tr>\n<tr>\n<td>45260<\/td>\n<td>Ch\u00e2tenoy<\/td>\n<\/tr>\n<tr>\n<td>45230<\/td>\n<td>Ch\u00e2tillon-Coligny<\/td>\n<\/tr>\n<tr>\n<td>45480<\/td>\n<td>Ch\u00e2tillon-le-Roi<\/td>\n<\/tr>\n<tr>\n<td>45360<\/td>\n<td>Ch\u00e2tillon-sur-Loire<\/td>\n<\/tr>\n<tr>\n<td>45480<\/td>\n<td>Chaussy<\/td>\n<\/tr>\n<tr>\n<td>45430<\/td>\n<td>Ch\u00e9cy<\/td>\n<\/tr>\n<tr>\n<td>45210<\/td>\n<td>Chevannes<\/td>\n<\/tr>\n<tr>\n<td>45700<\/td>\n<td>Chevillon-sur-Huillard<\/td>\n<\/tr>\n<tr>\n<td>45520<\/td>\n<td>Chevilly<\/td>\n<\/tr>\n<tr>\n<td>45210<\/td>\n<td>Chevry-sous-le-Bignon<\/td>\n<\/tr>\n<tr>\n<td>45170<\/td>\n<td>Chilleurs-aux-Bois<\/td>\n<\/tr>\n<tr>\n<td>45220<\/td>\n<td>Chuelles<\/td>\n<\/tr>\n<tr>\n<td>45370<\/td>\n<td>Cl\u00e9ry-Saint-Andr\u00e9<\/td>\n<\/tr>\n<tr>\n<td>45310<\/td>\n<td>Coinces<\/td>\n<\/tr>\n<tr>\n<td>45800<\/td>\n<td>Combleux<\/td>\n<\/tr>\n<tr>\n<td>45530<\/td>\n<td>Combreux<\/td>\n<\/tr>\n<tr>\n<td>45700<\/td>\n<td>Conflans-sur-Loing<\/td>\n<\/tr>\n<tr>\n<td>45490<\/td>\n<td>Corbeilles<\/td>\n<\/tr>\n<tr>\n<td>45120<\/td>\n<td>Corquilleroy<\/td>\n<\/tr>\n<tr>\n<td>45700<\/td>\n<td>Cortrat<\/td>\n<\/tr>\n<tr>\n<td>45330<\/td>\n<td>Coudray<\/td>\n<\/tr>\n<tr>\n<td>45260<\/td>\n<td>Coudroy<\/td>\n<\/tr>\n<tr>\n<td>45720<\/td>\n<td>Coullons<\/td>\n<\/tr>\n<tr>\n<td>45130<\/td>\n<td>Coulmiers<\/td>\n<\/tr>\n<tr>\n<td>45300<\/td>\n<td>Courcelles<\/td>\n<\/tr>\n<tr>\n<td>45300<\/td>\n<td>Courcy-aux-Loges<\/td>\n<\/tr>\n<tr>\n<td>45320<\/td>\n<td>Courtemaux<\/td>\n<\/tr>\n<tr>\n<td>45490<\/td>\n<td>Courtempierre<\/td>\n<\/tr>\n<tr>\n<td>45320<\/td>\n<td>Courtenay<\/td>\n<\/tr>\n<tr>\n<td>45190<\/td>\n<td>Cravant<\/td>\n<\/tr>\n<tr>\n<td>45170<\/td>\n<td>Crottes-en-Pithiverais<\/td>\n<\/tr>\n<tr>\n<td>45300<\/td>\n<td>Dadonville<\/td>\n<\/tr>\n<tr>\n<td>45420<\/td>\n<td>Dammarie-en-Puisaye<\/td>\n<\/tr>\n<tr>\n<td>45230<\/td>\n<td>Dammarie-sur-Loing<\/td>\n<\/tr>\n<tr>\n<td>45570<\/td>\n<td>Dampierre-en-Burly<\/td>\n<\/tr>\n<tr>\n<td>45150<\/td>\n<td>Darvoy<\/td>\n<\/tr>\n<tr>\n<td>45390<\/td>\n<td>Desmonts<\/td>\n<\/tr>\n<tr>\n<td>45390<\/td>\n<td>Dimancheville<\/td>\n<\/tr>\n<tr>\n<td>45450<\/td>\n<td>Donnery<\/td>\n<\/tr>\n<tr>\n<td>45680<\/td>\n<td>Dordives<\/td>\n<\/tr>\n<tr>\n<td>45220<\/td>\n<td>Douchy<\/td>\n<\/tr>\n<tr>\n<td>45370<\/td>\n<td>Dry<\/td>\n<\/tr>\n<tr>\n<td>45390<\/td>\n<td>\u00c9chilleuses<\/td>\n<\/tr>\n<tr>\n<td>45340<\/td>\n<td>\u00c9gry<\/td>\n<\/tr>\n<tr>\n<td>45300<\/td>\n<td>Engenville<\/td>\n<\/tr>\n<tr>\n<td>45130<\/td>\n<td>\u00c9pieds-en-Beauce<\/td>\n<\/tr>\n<tr>\n<td>45480<\/td>\n<td>Erceville<\/td>\n<\/tr>\n<tr>\n<td>45320<\/td>\n<td>Ervauville<\/td>\n<\/tr>\n<tr>\n<td>45300<\/td>\n<td>Escrennes<\/td>\n<\/tr>\n<tr>\n<td>45250<\/td>\n<td>Escrignelles<\/td>\n<\/tr>\n<tr>\n<td>45300<\/td>\n<td>Estouy<\/td>\n<\/tr>\n<tr>\n<td>45420<\/td>\n<td>Faverelles<\/td>\n<\/tr>\n<tr>\n<td>45450<\/td>\n<td>Fay-aux-Loges<\/td>\n<\/tr>\n<tr>\n<td>45230<\/td>\n<td>Feins-en-G\u00e2tinais<\/td>\n<\/tr>\n<tr>\n<td>45150<\/td>\n<td>F\u00e9rolles<\/td>\n<\/tr>\n<tr>\n<td>45210<\/td>\n<td>Ferri\u00e8res-en-G\u00e2tinais<\/td>\n<\/tr>\n<tr>\n<td>45400<\/td>\n<td>Fleury-les-Aubrais<\/td>\n<\/tr>\n<tr>\n<td>45210<\/td>\n<td>Fontenay-sur-Loing<\/td>\n<\/tr>\n<tr>\n<td>45320<\/td>\n<td>Foucherolles<\/td>\n<\/tr>\n<tr>\n<td>45270<\/td>\n<td>Fr\u00e9ville-du-G\u00e2tinais<\/td>\n<\/tr>\n<tr>\n<td>45340<\/td>\n<td>Gaubertin<\/td>\n<\/tr>\n<tr>\n<td>45310<\/td>\n<td>G\u00e9migny<\/td>\n<\/tr>\n<tr>\n<td>45110<\/td>\n<td>Germigny-des-Pr\u00e9s<\/td>\n<\/tr>\n<tr>\n<td>45400<\/td>\n<td>Gidy<\/td>\n<\/tr>\n<tr>\n<td>45500<\/td>\n<td>Gien<\/td>\n<\/tr>\n<tr>\n<td>45120<\/td>\n<td>Girolles<\/td>\n<\/tr>\n<tr>\n<td>45300<\/td>\n<td>Givraines<\/td>\n<\/tr>\n<tr>\n<td>45490<\/td>\n<td>Gondreville<\/td>\n<\/tr>\n<tr>\n<td>45390<\/td>\n<td>Grangermont<\/td>\n<\/tr>\n<tr>\n<td>45480<\/td>\n<td>Greneville-en-Beauce<\/td>\n<\/tr>\n<tr>\n<td>45210<\/td>\n<td>Griselles<\/td>\n<\/tr>\n<tr>\n<td>45300<\/td>\n<td>Guigneville<\/td>\n<\/tr>\n<tr>\n<td>45600<\/td>\n<td>Guilly<\/td>\n<\/tr>\n<tr>\n<td>45220<\/td>\n<td>Gy-les-Nonains<\/td>\n<\/tr>\n<tr>\n<td>45520<\/td>\n<td>Hu\u00eatre<\/td>\n<\/tr>\n<tr>\n<td>45130<\/td>\n<td>Huisseau-sur-Mauves<\/td>\n<\/tr>\n<tr>\n<td>45450<\/td>\n<td>Ingrannes<\/td>\n<\/tr>\n<tr>\n<td>45140<\/td>\n<td>Ingr\u00e9<\/td>\n<\/tr>\n<tr>\n<td>45300<\/td>\n<td>Intville-la-Gu\u00e9tard<\/td>\n<\/tr>\n<tr>\n<td>45620<\/td>\n<td>Isdes<\/td>\n<\/tr>\n<tr>\n<td>45150<\/td>\n<td>Jargeau<\/td>\n<\/tr>\n<tr>\n<td>45480<\/td>\n<td>Jouy-en-Pithiverais<\/td>\n<\/tr>\n<tr>\n<td>45370<\/td>\n<td>Jouy-le-Potier<\/td>\n<\/tr>\n<tr>\n<td>45340<\/td>\n<td>Juranville<\/td>\n<\/tr>\n<tr>\n<td>45230<\/td>\n<td>La Bussi\u00e8re<\/td>\n<\/tr>\n<tr>\n<td>45310<\/td>\n<td>La Chapelle-Onzerain<\/td>\n<\/tr>\n<tr>\n<td>45380<\/td>\n<td>La Chapelle-Saint-Mesmin<\/td>\n<\/tr>\n<tr>\n<td>45210<\/td>\n<td>La Chapelle-Saint-S\u00e9pulcre<\/td>\n<\/tr>\n<tr>\n<td>45230<\/td>\n<td>La Chapelle-sur-Aveyron<\/td>\n<\/tr>\n<tr>\n<td>45260<\/td>\n<td>La Cour-Marigny<\/td>\n<\/tr>\n<tr>\n<td>45240<\/td>\n<td>La Fert\u00e9-Saint-Aubin<\/td>\n<\/tr>\n<tr>\n<td>45390<\/td>\n<td>La Neuville-sur-Essonne<\/td>\n<\/tr>\n<tr>\n<td>45210<\/td>\n<td>La Selle-en-Hermoy<\/td>\n<\/tr>\n<tr>\n<td>45210<\/td>\n<td>La Selle-sur-le-Bied<\/td>\n<\/tr>\n<tr>\n<td>45300<\/td>\n<td>Laas<\/td>\n<\/tr>\n<tr>\n<td>45330<\/td>\n<td>Labrosse<\/td>\n<\/tr>\n<tr>\n<td>45270<\/td>\n<td>Ladon<\/td>\n<\/tr>\n<tr>\n<td>45740<\/td>\n<td>Lailly-en-Val<\/td>\n<\/tr>\n<tr>\n<td>45290<\/td>\n<td>Langesse<\/td>\n<\/tr>\n<tr>\n<td>45130<\/td>\n<td>Le Bardon<\/td>\n<\/tr>\n<tr>\n<td>45210<\/td>\n<td>Le Bignon-Mirabeau<\/td>\n<\/tr>\n<tr>\n<td>45230<\/td>\n<td>Le Charme<\/td>\n<\/tr>\n<tr>\n<td>45290<\/td>\n<td>Le Moulinet-sur-Solin<\/td>\n<\/tr>\n<tr>\n<td>45480<\/td>\n<td>L\u00e9ouville<\/td>\n<\/tr>\n<tr>\n<td>45460<\/td>\n<td>Les Bordes<\/td>\n<\/tr>\n<tr>\n<td>45290<\/td>\n<td>Les Choux<\/td>\n<\/tr>\n<tr>\n<td>45240<\/td>\n<td>Ligny-le-Ribault<\/td>\n<\/tr>\n<tr>\n<td>45410<\/td>\n<td>Lion-en-Beauce<\/td>\n<\/tr>\n<tr>\n<td>45600<\/td>\n<td>Lion-en-Sullias<\/td>\n<\/tr>\n<tr>\n<td>45700<\/td>\n<td>Lombreuil<\/td>\n<\/tr>\n<tr>\n<td>45490<\/td>\n<td>Lorcy<\/td>\n<\/tr>\n<tr>\n<td>45260<\/td>\n<td>Lorris<\/td>\n<\/tr>\n<tr>\n<td>45470<\/td>\n<td>Loury<\/td>\n<\/tr>\n<tr>\n<td>45210<\/td>\n<td>Louzouer<\/td>\n<\/tr>\n<tr>\n<td>45330<\/td>\n<td>Mainvilliers<\/td>\n<\/tr>\n<tr>\n<td>45330<\/td>\n<td>Malesherbes<\/td>\n<\/tr>\n<tr>\n<td>45300<\/td>\n<td>Manchecourt<\/td>\n<\/tr>\n<tr>\n<td>45240<\/td>\n<td>Marcilly-en-Villette<\/td>\n<\/tr>\n<tr>\n<td>45660<\/td>\n<td>Mardi\u00e9<\/td>\n<\/tr>\n<tr>\n<td>45300<\/td>\n<td>Mareau-aux-Bois<\/td>\n<\/tr>\n<tr>\n<td>45370<\/td>\n<td>Mareau-aux-Pr\u00e9s<\/td>\n<\/tr>\n<tr>\n<td>45760<\/td>\n<td>Marigny-les-Usages<\/td>\n<\/tr>\n<tr>\n<td>45300<\/td>\n<td>Marsainvilliers<\/td>\n<\/tr>\n<tr>\n<td>45220<\/td>\n<td>Melleroy<\/td>\n<\/tr>\n<tr>\n<td>45240<\/td>\n<td>M\u00e9nestreau-en-Villette<\/td>\n<\/tr>\n<tr>\n<td>45210<\/td>\n<td>M\u00e9rinville<\/td>\n<\/tr>\n<tr>\n<td>45190<\/td>\n<td>Messas<\/td>\n<\/tr>\n<tr>\n<td>45130<\/td>\n<td>Meung-sur-Loire<\/td>\n<\/tr>\n<tr>\n<td>45270<\/td>\n<td>M\u00e9zi\u00e8res-en-G\u00e2tinais<\/td>\n<\/tr>\n<tr>\n<td>45370<\/td>\n<td>M\u00e9zi\u00e8res-lez-Cl\u00e9ry<\/td>\n<\/tr>\n<tr>\n<td>45490<\/td>\n<td>Mign\u00e8res<\/td>\n<\/tr>\n<tr>\n<td>45490<\/td>\n<td>Mignerette<\/td>\n<\/tr>\n<tr>\n<td>45200<\/td>\n<td>Montargis<\/td>\n<\/tr>\n<tr>\n<td>45340<\/td>\n<td>Montbarrois<\/td>\n<\/tr>\n<tr>\n<td>45230<\/td>\n<td>Montbouy<\/td>\n<\/tr>\n<tr>\n<td>45220<\/td>\n<td>Montcorbon<\/td>\n<\/tr>\n<tr>\n<td>45700<\/td>\n<td>Montcresson<\/td>\n<\/tr>\n<tr>\n<td>45260<\/td>\n<td>Montereau<\/td>\n<\/tr>\n<tr>\n<td>45170<\/td>\n<td>Montigny<\/td>\n<\/tr>\n<tr>\n<td>45340<\/td>\n<td>Montliard<\/td>\n<\/tr>\n<tr>\n<td>45700<\/td>\n<td>Mormant-sur-Vernisson<\/td>\n<\/tr>\n<tr>\n<td>45300<\/td>\n<td>Morville-en-Beauce<\/td>\n<\/tr>\n<tr>\n<td>45270<\/td>\n<td>Moulon<\/td>\n<\/tr>\n<tr>\n<td>45340<\/td>\n<td>Nancray-sur-Rimarde<\/td>\n<\/tr>\n<tr>\n<td>45330<\/td>\n<td>Nangeville<\/td>\n<\/tr>\n<tr>\n<td>45210<\/td>\n<td>Nargis<\/td>\n<\/tr>\n<tr>\n<td>45270<\/td>\n<td>Nesploy<\/td>\n<\/tr>\n<tr>\n<td>45170<\/td>\n<td>Neuville-aux-Bois<\/td>\n<\/tr>\n<tr>\n<td>45510<\/td>\n<td>Neuvy-en-Sullias<\/td>\n<\/tr>\n<tr>\n<td>45500<\/td>\n<td>Nevoy<\/td>\n<\/tr>\n<tr>\n<td>45340<\/td>\n<td>Nibelle<\/td>\n<\/tr>\n<tr>\n<td>45290<\/td>\n<td>Nogent-sur-Vernisson<\/td>\n<\/tr>\n<tr>\n<td>45260<\/td>\n<td>Noyers<\/td>\n<\/tr>\n<tr>\n<td>45170<\/td>\n<td>Oison<\/td>\n<\/tr>\n<tr>\n<td>45160<\/td>\n<td>Olivet<\/td>\n<\/tr>\n<tr>\n<td>45390<\/td>\n<td>Ondreville-sur-Essonne<\/td>\n<\/tr>\n<tr>\n<td>45000<\/td>\n<\/tr>\n<tr>\n<td>45140<\/td>\n<td>Ormes<\/td>\n<\/tr>\n<tr>\n<td>45330<\/td>\n<td>Orveau-Bellesauve<\/td>\n<\/tr>\n<tr>\n<td>45390<\/td>\n<td>Orville<\/td>\n<\/tr>\n<tr>\n<td>45250<\/td>\n<td>Ousson-sur-Loire<\/td>\n<\/tr>\n<tr>\n<td>45290<\/td>\n<td>Oussoy-en-G\u00e2tinais<\/td>\n<\/tr>\n<tr>\n<td>45480<\/td>\n<td>Outarville<\/td>\n<\/tr>\n<tr>\n<td>45150<\/td>\n<td>Ouvrouer-les-Champs<\/td>\n<\/tr>\n<tr>\n<td>45290<\/td>\n<td>Ouzouer-des-Champs<\/td>\n<\/tr>\n<tr>\n<td>45270<\/td>\n<td>Ouzouer-sous-Bellegarde<\/td>\n<\/tr>\n<tr>\n<td>45570<\/td>\n<td>Ouzouer-sur-Loire<\/td>\n<\/tr>\n<tr>\n<td>45250<\/td>\n<td>Ouzouer-sur-Tr\u00e9z\u00e9e<\/td>\n<\/tr>\n<tr>\n<td>45300<\/td>\n<td>Panneci\u00e8res<\/td>\n<\/tr>\n<tr>\n<td>45700<\/td>\n<td>Pannes<\/td>\n<\/tr>\n<tr>\n<td>45310<\/td>\n<td>Patay<\/td>\n<\/tr>\n<tr>\n<td>45200<\/td>\n<td>Paucourt<\/td>\n<\/tr>\n<tr>\n<td>45210<\/td>\n<td>Pers-en-G\u00e2tinais<\/td>\n<\/tr>\n<tr>\n<td>45360<\/td>\n<td>Pierrefitte-\u00e8s-Bois<\/td>\n<\/tr>\n<tr>\n<td>45300<\/td>\n<td>Pithiviers<\/td>\n<\/tr>\n<tr>\n<td>45300<\/td>\n<td>Pithiviers-le-Vieil<\/td>\n<\/tr>\n<tr>\n<td>45500<\/td>\n<td>Poilly-lez-Gien<\/td>\n<\/tr>\n<tr>\n<td>45490<\/td>\n<td>Pr\u00e9fontaines<\/td>\n<\/tr>\n<tr>\n<td>45260<\/td>\n<td>Presnoy<\/td>\n<\/tr>\n<tr>\n<td>45290<\/td>\n<td>Pressigny-les-Pins<\/td>\n<\/tr>\n<tr>\n<td>45390<\/td>\n<td>Puiseaux<\/td>\n<\/tr>\n<tr>\n<td>45270<\/td>\n<td>Quiers-sur-B\u00e9zonde<\/td>\n<\/tr>\n<tr>\n<td>45300<\/td>\n<td>Ramoulu<\/td>\n<\/tr>\n<tr>\n<td>45470<\/td>\n<td>Rebr\u00e9chien<\/td>\n<\/tr>\n<tr>\n<td>45210<\/td>\n<td>Rosoy-le-Vieil<\/td>\n<\/tr>\n<tr>\n<td>45310<\/td>\n<td>Rouvray-Sainte-Croix<\/td>\n<\/tr>\n<tr>\n<td>45300<\/td>\n<td>Rouvres-Saint-Jean<\/td>\n<\/tr>\n<tr>\n<td>45130<\/td>\n<td>Rozi\u00e8res-en-Beauce<\/td>\n<\/tr>\n<tr>\n<td>45410<\/td>\n<td>Ruan<\/td>\n<\/tr>\n<tr>\n<td>45460<\/td>\n<td>Saint-Aignan-des-Gu\u00e9s<\/td>\n<\/tr>\n<tr>\n<td>45600<\/td>\n<td>Saint-Aignan-le-Jaillard<\/td>\n<\/tr>\n<tr>\n<td>45130<\/td>\n<td>Saint-Ay<\/td>\n<\/tr>\n<tr>\n<td>45730<\/td>\n<td>Saint-Beno\u00eet-sur-Loire<\/td>\n<\/tr>\n<tr>\n<td>45500<\/td>\n<td>Saint-Brisson-sur-Loire<\/td>\n<\/tr>\n<tr>\n<td>45590<\/td>\n<td>Saint-Cyr-en-Val<\/td>\n<\/tr>\n<tr>\n<td>45550<\/td>\n<td>Saint-Denis-de-l&rsquo;H\u00f4tel<\/td>\n<\/tr>\n<tr>\n<td>45560<\/td>\n<td>Saint-Denis-en-Val<\/td>\n<\/tr>\n<tr>\n<td>45220<\/td>\n<td>Saint-Firmin-des-Bois<\/td>\n<\/tr>\n<tr>\n<td>45360<\/td>\n<td>Saint-Firmin-sur-Loire<\/td>\n<\/tr>\n<tr>\n<td>45600<\/td>\n<td>Saint-Florent<\/td>\n<\/tr>\n<tr>\n<td>45220<\/td>\n<td>Saint-Germain-des-Pr\u00e9s<\/td>\n<\/tr>\n<tr>\n<td>45500<\/td>\n<td>Saint-Gondon<\/td>\n<\/tr>\n<tr>\n<td>45320<\/td>\n<td>Saint-Hilaire-les-Andr\u00e9sis<\/td>\n<\/tr>\n<tr>\n<td>45580<\/td>\n<td>Saint-Hilaire-Saint-Mesmin<\/td>\n<\/tr>\n<tr>\n<td>45700<\/td>\n<td>Saint-Hilaire-sur-Puiseaux<\/td>\n<\/tr>\n<tr>\n<td>45800<\/td>\n<td>Saint-Jean-de-Braye<\/td>\n<\/tr>\n<tr>\n<td>45140<\/td>\n<td>Saint-Jean-de-la-Ruelle<\/td>\n<\/tr>\n<tr>\n<td>45650<\/td>\n<td>Saint-Jean-le-Blanc<\/td>\n<\/tr>\n<tr>\n<td>45210<\/td>\n<td>Saint-Loup-de-Gonois<\/td>\n<\/tr>\n<tr>\n<td>45340<\/td>\n<td>Saint-Loup-des-Vignes<\/td>\n<\/tr>\n<tr>\n<td>45170<\/td>\n<td>Saint-Ly\u00e9-la-For\u00eat<\/td>\n<\/tr>\n<tr>\n<td>45110<\/td>\n<td>Saint-Martin-d&rsquo;Abbat<\/td>\n<\/tr>\n<tr>\n<td>45500<\/td>\n<td>Saint-Martin-sur-Ocre<\/td>\n<\/tr>\n<tr>\n<td>45230<\/td>\n<td>Saint-Maurice-sur-Aveyron<\/td>\n<\/tr>\n<tr>\n<td>45700<\/td>\n<td>Saint-Maurice-sur-Fessard<\/td>\n<\/tr>\n<tr>\n<td>45340<\/td>\n<td>Saint-Michel<\/td>\n<\/tr>\n<tr>\n<td>45310<\/td>\n<td>Saint-P\u00e9ravy-la-Colombe<\/td>\n<\/tr>\n<tr>\n<td>45600<\/td>\n<td>Saint-P\u00e8re-sur-Loire<\/td>\n<\/tr>\n<tr>\n<td>45750<\/td>\n<td>Saint-Pryv\u00e9-Saint-Mesmin<\/td>\n<\/tr>\n<tr>\n<td>45310<\/td>\n<td>Saint-Sigismond<\/td>\n<\/tr>\n<tr>\n<td>45230<\/td>\n<td>Sainte-Genevi\u00e8ve-des-Bois<\/td>\n<\/tr>\n<tr>\n<td>45640<\/td>\n<td>Sandillon<\/td>\n<\/tr>\n<tr>\n<td>45170<\/td>\n<td>Santeau<\/td>\n<\/tr>\n<tr>\n<td>45770<\/td>\n<td>Saran<\/td>\n<\/tr>\n<tr>\n<td>45490<\/td>\n<td>Sceaux-du-G\u00e2tinais<\/td>\n<\/tr>\n<tr>\n<td>45530<\/td>\n<td>Seichebri\u00e8res<\/td>\n<\/tr>\n<tr>\n<td>45400<\/td>\n<td>Semoy<\/td>\n<\/tr>\n<tr>\n<td>45240<\/td>\n<td>Sennely<\/td>\n<\/tr>\n<tr>\n<td>45300<\/td>\n<td>Sermaises<\/td>\n<\/tr>\n<tr>\n<td>45110<\/td>\n<td>Sigloy<\/td>\n<\/tr>\n<tr>\n<td>45700<\/td>\n<td>Solterre<\/td>\n<\/tr>\n<tr>\n<td>45410<\/td>\n<td>Sougy<\/td>\n<\/tr>\n<tr>\n<td>45450<\/td>\n<td>Sully-la-Chapelle<\/td>\n<\/tr>\n<tr>\n<td>45600<\/td>\n<td>Sully-sur-Loire<\/td>\n<\/tr>\n<tr>\n<td>45530<\/td>\n<td>Sury-aux-Bois<\/td>\n<\/tr>\n<tr>\n<td>45190<\/td>\n<td>Tavers<\/td>\n<\/tr>\n<tr>\n<td>45300<\/td>\n<td>Thignonville<\/td>\n<\/tr>\n<tr>\n<td>45260<\/td>\n<td>Thimory<\/td>\n<\/tr>\n<tr>\n<td>45210<\/td>\n<td>Thorailles<\/td>\n<\/tr>\n<tr>\n<td>45420<\/td>\n<td>Thou<\/td>\n<\/tr>\n<tr>\n<td>45510<\/td>\n<td>Tigy<\/td>\n<\/tr>\n<tr>\n<td>45170<\/td>\n<td>Tivernon<\/td>\n<\/tr>\n<tr>\n<td>45310<\/td>\n<td>Tournoisis<\/td>\n<\/tr>\n<tr>\n<td>45470<\/td>\n<td>Tra\u00eenou<\/td>\n<\/tr>\n<tr>\n<td>45490<\/td>\n<td>Treilles-en-G\u00e2tinais<\/td>\n<\/tr>\n<tr>\n<td>45220<\/td>\n<td>Trigu\u00e8res<\/td>\n<\/tr>\n<tr>\n<td>45410<\/td>\n<td>Trinay<\/td>\n<\/tr>\n<tr>\n<td>45510<\/td>\n<td>Vannes-sur-Cosson<\/td>\n<\/tr>\n<tr>\n<td>45290<\/td>\n<td>Varennes-Changy<\/td>\n<\/tr>\n<tr>\n<td>45760<\/td>\n<td>Vennecy<\/td>\n<\/tr>\n<tr>\n<td>45260<\/td>\n<td>Vieilles-Maisons-sur-Joudry<\/td>\n<\/tr>\n<tr>\n<td>45510<\/td>\n<td>Vienne-en-Val<\/td>\n<\/tr>\n<tr>\n<td>45600<\/td>\n<td>Viglain<\/td>\n<\/tr>\n<tr>\n<td>45310<\/td>\n<td>Villamblain<\/td>\n<\/tr>\n<tr>\n<td>45700<\/td>\n<td>Villemandeur<\/td>\n<\/tr>\n<tr>\n<td>45270<\/td>\n<td>Villemoutiers<\/td>\n<\/tr>\n<tr>\n<td>45600<\/td>\n<td>Villemurlin<\/td>\n<\/tr>\n<tr>\n<td>45310<\/td>\n<td>Villeneuve-sur-Conie<\/td>\n<\/tr>\n<tr>\n<td>45170<\/td>\n<td>Villereau<\/td>\n<\/tr>\n<tr>\n<td>45700<\/td>\n<td>Villevoques<\/td>\n<\/tr>\n<tr>\n<td>45190<\/td>\n<td>Villorceau<\/td>\n<\/tr>\n<tr>\n<td>45700<\/td>\n<td>Vimory<\/td>\n<\/tr>\n<tr>\n<td>45530<\/td>\n<td>Vitry-aux-Loges<\/td>\n<\/tr>\n<tr>\n<td>45300<\/td>\n<td>Vrigny<\/td>\n<\/tr>\n<tr>\n<td>45300<\/td>\n<td>Y\u00e8vre-la-Ville<\/td>\n<\/tr>\n<\/tbody>\n<\/table>\n","protected":false},"excerpt":{"rendered":"<p>Vous avez une formalit\u00e9 \u00e0 r\u00e9aliser avec le greffe du tribunal de commerce d&rsquo;Orl\u00e9ans ? Retrouvez ici l&rsquo;ensemble des informations [&hellip;]<\/p>\n","protected":false},"author":1,"featured_media":0,"parent":1759,"menu_order":0,"comment_status":"closed","ping_status":"closed","template":"","meta":{"inline_featured_image":false,"footnotes":""},"class_list":["post-2615","page","type-page","status-publish","hentry"],"yoast_head":"<!-- This site is optimized with the Yoast SEO plugin v26.8 - https:\/\/yoast.com\/product\/yoast-seo-wordpress\/ -->\n<title>Greffe du tribunal de commerce d&#039;Orl\u00e9ans - Actualit\u00e9 des entreprises<\/title>\n<meta name=\"robots\" content=\"index, follow, max-snippet:-1, max-image-preview:large, max-video-preview:-1\" \/>\n<link rel=\"canonical\" href=\"https:\/\/www.annonces-legales.org\/blog\/greffe-du-tribunal-de-commerce-orleans\/\" \/>\n<meta property=\"og:locale\" content=\"fr_FR\" \/>\n<meta property=\"og:type\" content=\"article\" \/>\n<meta property=\"og:title\" content=\"Greffe du tribunal de commerce d&#039;Orl\u00e9ans - Actualit\u00e9 des entreprises\" \/>\n<meta property=\"og:description\" content=\"Vous avez une formalit\u00e9 \u00e0 r\u00e9aliser avec le greffe du tribunal de commerce d&rsquo;Orl\u00e9ans ? Retrouvez ici l&rsquo;ensemble des informations [&hellip;]\" \/>\n<meta property=\"og:url\" content=\"https:\/\/www.annonces-legales.org\/blog\/greffe-du-tribunal-de-commerce-orleans\/\" \/>\n<meta property=\"og:site_name\" content=\"Actualit\u00e9 des entreprises\" \/>\n<meta property=\"article:modified_time\" content=\"2022-02-01T16:58:52+00:00\" \/>\n<meta property=\"og:image\" content=\"https:\/\/www.annonces-legales.org\/blog\/wp-content\/uploads\/2022\/01\/tribunal.png\" \/>\n\t<meta property=\"og:image:width\" content=\"640\" \/>\n\t<meta property=\"og:image:height\" content=\"612\" \/>\n\t<meta property=\"og:image:type\" content=\"image\/png\" \/>\n<meta name=\"twitter:card\" content=\"summary_large_image\" \/>\n<meta name=\"twitter:label1\" content=\"Dur\u00e9e de lecture estim\u00e9e\" \/>\n\t<meta name=\"twitter:data1\" content=\"3 minutes\" \/>\n<script type=\"application\/ld+json\" class=\"yoast-schema-graph\">{\"@context\":\"https:\/\/schema.org\",\"@graph\":[{\"@type\":\"WebPage\",\"@id\":\"https:\/\/www.annonces-legales.org\/blog\/greffe-du-tribunal-de-commerce-orleans\/\",\"url\":\"https:\/\/www.annonces-legales.org\/blog\/greffe-du-tribunal-de-commerce-orleans\/\",\"name\":\"Greffe du tribunal de commerce d'Orl\u00e9ans - Actualit\u00e9 des entreprises\",\"isPartOf\":{\"@id\":\"https:\/\/www.annonces-legales.org\/blog\/#website\"},\"primaryImageOfPage\":{\"@id\":\"https:\/\/www.annonces-legales.org\/blog\/greffe-du-tribunal-de-commerce-orleans\/#primaryimage\"},\"image\":{\"@id\":\"https:\/\/www.annonces-legales.org\/blog\/greffe-du-tribunal-de-commerce-orleans\/#primaryimage\"},\"thumbnailUrl\":\"https:\/\/www.annonces-legales.org\/blog\/wp-content\/uploads\/2022\/01\/tribunal-150x150.png\",\"datePublished\":\"2022-02-01T16:56:09+00:00\",\"dateModified\":\"2022-02-01T16:58:52+00:00\",\"breadcrumb\":{\"@id\":\"https:\/\/www.annonces-legales.org\/blog\/greffe-du-tribunal-de-commerce-orleans\/#breadcrumb\"},\"inLanguage\":\"fr-FR\",\"potentialAction\":[{\"@type\":\"ReadAction\",\"target\":[\"https:\/\/www.annonces-legales.org\/blog\/greffe-du-tribunal-de-commerce-orleans\/\"]}]},{\"@type\":\"ImageObject\",\"inLanguage\":\"fr-FR\",\"@id\":\"https:\/\/www.annonces-legales.org\/blog\/greffe-du-tribunal-de-commerce-orleans\/#primaryimage\",\"url\":\"https:\/\/www.annonces-legales.org\/blog\/wp-content\/uploads\/2022\/01\/tribunal.png\",\"contentUrl\":\"https:\/\/www.annonces-legales.org\/blog\/wp-content\/uploads\/2022\/01\/tribunal.png\",\"width\":640,\"height\":612},{\"@type\":\"BreadcrumbList\",\"@id\":\"https:\/\/www.annonces-legales.org\/blog\/greffe-du-tribunal-de-commerce-orleans\/#breadcrumb\",\"itemListElement\":[{\"@type\":\"ListItem\",\"position\":1,\"name\":\"Accueil\",\"item\":\"https:\/\/www.annonces-legales.org\/blog\/\"},{\"@type\":\"ListItem\",\"position\":2,\"name\":\"Liste des Greffes des tribunaux de commerce\",\"item\":\"https:\/\/www.annonces-legales.org\/blog\/greffe\/\"},{\"@type\":\"ListItem\",\"position\":3,\"name\":\"Greffe du tribunal de commerce d&rsquo;Orl\u00e9ans\"}]},{\"@type\":\"WebSite\",\"@id\":\"https:\/\/www.annonces-legales.org\/blog\/#website\",\"url\":\"https:\/\/www.annonces-legales.org\/blog\/\",\"name\":\"Actualit\u00e9 des entreprises\",\"description\":\"\",\"publisher\":{\"@id\":\"https:\/\/www.annonces-legales.org\/blog\/#organization\"},\"potentialAction\":[{\"@type\":\"SearchAction\",\"target\":{\"@type\":\"EntryPoint\",\"urlTemplate\":\"https:\/\/www.annonces-legales.org\/blog\/?s={search_term_string}\"},\"query-input\":{\"@type\":\"PropertyValueSpecification\",\"valueRequired\":true,\"valueName\":\"search_term_string\"}}],\"inLanguage\":\"fr-FR\"},{\"@type\":\"Organization\",\"@id\":\"https:\/\/www.annonces-legales.org\/blog\/#organization\",\"name\":\"Actualit\u00e9 des entreprises\",\"url\":\"https:\/\/www.annonces-legales.org\/blog\/\",\"logo\":{\"@type\":\"ImageObject\",\"inLanguage\":\"fr-FR\",\"@id\":\"https:\/\/www.annonces-legales.org\/blog\/#\/schema\/logo\/image\/\",\"url\":\"https:\/\/www.annonces-legales.org\/blog\/wp-content\/uploads\/2023\/08\/annonces-legales.svg\",\"contentUrl\":\"https:\/\/www.annonces-legales.org\/blog\/wp-content\/uploads\/2023\/08\/annonces-legales.svg\",\"caption\":\"Actualit\u00e9 des entreprises\"},\"image\":{\"@id\":\"https:\/\/www.annonces-legales.org\/blog\/#\/schema\/logo\/image\/\"}}]}<\/script>\n<!-- \/ Yoast SEO plugin. -->","yoast_head_json":{"title":"Greffe du tribunal de commerce d'Orl\u00e9ans - Actualit\u00e9 des entreprises","robots":{"index":"index","follow":"follow","max-snippet":"max-snippet:-1","max-image-preview":"max-image-preview:large","max-video-preview":"max-video-preview:-1"},"canonical":"https:\/\/www.annonces-legales.org\/blog\/greffe-du-tribunal-de-commerce-orleans\/","og_locale":"fr_FR","og_type":"article","og_title":"Greffe du tribunal de commerce d'Orl\u00e9ans - Actualit\u00e9 des entreprises","og_description":"Vous avez une formalit\u00e9 \u00e0 r\u00e9aliser avec le greffe du tribunal de commerce d&rsquo;Orl\u00e9ans ? Retrouvez ici l&rsquo;ensemble des informations [&hellip;]","og_url":"https:\/\/www.annonces-legales.org\/blog\/greffe-du-tribunal-de-commerce-orleans\/","og_site_name":"Actualit\u00e9 des entreprises","article_modified_time":"2022-02-01T16:58:52+00:00","og_image":[{"width":640,"height":612,"url":"https:\/\/www.annonces-legales.org\/blog\/wp-content\/uploads\/2022\/01\/tribunal.png","type":"image\/png"}],"twitter_card":"summary_large_image","twitter_misc":{"Dur\u00e9e de lecture estim\u00e9e":"3 minutes"},"schema":{"@context":"https:\/\/schema.org","@graph":[{"@type":"WebPage","@id":"https:\/\/www.annonces-legales.org\/blog\/greffe-du-tribunal-de-commerce-orleans\/","url":"https:\/\/www.annonces-legales.org\/blog\/greffe-du-tribunal-de-commerce-orleans\/","name":"Greffe du tribunal de commerce d'Orl\u00e9ans - Actualit\u00e9 des entreprises","isPartOf":{"@id":"https:\/\/www.annonces-legales.org\/blog\/#website"},"primaryImageOfPage":{"@id":"https:\/\/www.annonces-legales.org\/blog\/greffe-du-tribunal-de-commerce-orleans\/#primaryimage"},"image":{"@id":"https:\/\/www.annonces-legales.org\/blog\/greffe-du-tribunal-de-commerce-orleans\/#primaryimage"},"thumbnailUrl":"https:\/\/www.annonces-legales.org\/blog\/wp-content\/uploads\/2022\/01\/tribunal-150x150.png","datePublished":"2022-02-01T16:56:09+00:00","dateModified":"2022-02-01T16:58:52+00:00","breadcrumb":{"@id":"https:\/\/www.annonces-legales.org\/blog\/greffe-du-tribunal-de-commerce-orleans\/#breadcrumb"},"inLanguage":"fr-FR","potentialAction":[{"@type":"ReadAction","target":["https:\/\/www.annonces-legales.org\/blog\/greffe-du-tribunal-de-commerce-orleans\/"]}]},{"@type":"ImageObject","inLanguage":"fr-FR","@id":"https:\/\/www.annonces-legales.org\/blog\/greffe-du-tribunal-de-commerce-orleans\/#primaryimage","url":"https:\/\/www.annonces-legales.org\/blog\/wp-content\/uploads\/2022\/01\/tribunal.png","contentUrl":"https:\/\/www.annonces-legales.org\/blog\/wp-content\/uploads\/2022\/01\/tribunal.png","width":640,"height":612},{"@type":"BreadcrumbList","@id":"https:\/\/www.annonces-legales.org\/blog\/greffe-du-tribunal-de-commerce-orleans\/#breadcrumb","itemListElement":[{"@type":"ListItem","position":1,"name":"Accueil","item":"https:\/\/www.annonces-legales.org\/blog\/"},{"@type":"ListItem","position":2,"name":"Liste des Greffes des tribunaux de commerce","item":"https:\/\/www.annonces-legales.org\/blog\/greffe\/"},{"@type":"ListItem","position":3,"name":"Greffe du tribunal de commerce d&rsquo;Orl\u00e9ans"}]},{"@type":"WebSite","@id":"https:\/\/www.annonces-legales.org\/blog\/#website","url":"https:\/\/www.annonces-legales.org\/blog\/","name":"Actualit\u00e9 des entreprises","description":"","publisher":{"@id":"https:\/\/www.annonces-legales.org\/blog\/#organization"},"potentialAction":[{"@type":"SearchAction","target":{"@type":"EntryPoint","urlTemplate":"https:\/\/www.annonces-legales.org\/blog\/?s={search_term_string}"},"query-input":{"@type":"PropertyValueSpecification","valueRequired":true,"valueName":"search_term_string"}}],"inLanguage":"fr-FR"},{"@type":"Organization","@id":"https:\/\/www.annonces-legales.org\/blog\/#organization","name":"Actualit\u00e9 des entreprises","url":"https:\/\/www.annonces-legales.org\/blog\/","logo":{"@type":"ImageObject","inLanguage":"fr-FR","@id":"https:\/\/www.annonces-legales.org\/blog\/#\/schema\/logo\/image\/","url":"https:\/\/www.annonces-legales.org\/blog\/wp-content\/uploads\/2023\/08\/annonces-legales.svg","contentUrl":"https:\/\/www.annonces-legales.org\/blog\/wp-content\/uploads\/2023\/08\/annonces-legales.svg","caption":"Actualit\u00e9 des entreprises"},"image":{"@id":"https:\/\/www.annonces-legales.org\/blog\/#\/schema\/logo\/image\/"}}]}},"_links":{"self":[{"href":"https:\/\/www.annonces-legales.org\/blog\/wp-json\/wp\/v2\/pages\/2615","targetHints":{"allow":["GET"]}}],"collection":[{"href":"https:\/\/www.annonces-legales.org\/blog\/wp-json\/wp\/v2\/pages"}],"about":[{"href":"https:\/\/www.annonces-legales.org\/blog\/wp-json\/wp\/v2\/types\/page"}],"author":[{"embeddable":true,"href":"https:\/\/www.annonces-legales.org\/blog\/wp-json\/wp\/v2\/users\/1"}],"replies":[{"embeddable":true,"href":"https:\/\/www.annonces-legales.org\/blog\/wp-json\/wp\/v2\/comments?post=2615"}],"version-history":[{"count":2,"href":"https:\/\/www.annonces-legales.org\/blog\/wp-json\/wp\/v2\/pages\/2615\/revisions"}],"predecessor-version":[{"id":2618,"href":"https:\/\/www.annonces-legales.org\/blog\/wp-json\/wp\/v2\/pages\/2615\/revisions\/2618"}],"up":[{"embeddable":true,"href":"https:\/\/www.annonces-legales.org\/blog\/wp-json\/wp\/v2\/pages\/1759"}],"wp:attachment":[{"href":"https:\/\/www.annonces-legales.org\/blog\/wp-json\/wp\/v2\/media?parent=2615"}],"curies":[{"name":"wp","href":"https:\/\/api.w.org\/{rel}","templated":true}]}}