{"id":2624,"date":"2022-02-01T18:11:43","date_gmt":"2022-02-01T17:11:43","guid":{"rendered":"https:\/\/www.annonces-legales.org\/blog\/?page_id=2624"},"modified":"2022-02-01T18:18:24","modified_gmt":"2022-02-01T17:18:24","slug":"greffe-du-tribunal-de-commerce-de-clermont-ferrand","status":"publish","type":"page","link":"https:\/\/www.annonces-legales.org\/blog\/greffe\/greffe-du-tribunal-de-commerce-de-clermont-ferrand\/","title":{"rendered":"Greffe du tribunal de commerce de Clermont-Ferrand"},"content":{"rendered":"<p><img loading=\"lazy\" decoding=\"async\" class=\"alignleft wp-image-2423\" src=\"https:\/\/www.annonces-legales.org\/blog\/wp-content\/uploads\/2022\/01\/tribunal-150x150.png\" alt=\"\" width=\"54\" height=\"54\" \/><\/p>\n<p>Vous habitez dans le Puy-de-D\u00f4me ? Pour vos litiges commerciaux ou pour monter votre soci\u00e9t\u00e9 commerciale, il faut faire appel au greffe du tribunal de commerce de Clermont-Ferrand. Nous avons r\u00e9unis ici l&rsquo;ensemble des coordonn\u00e9es de ce greffe.<\/p>\n<p>&nbsp;<\/p>\n<h2><\/h2>\n<h2>Coordonn\u00e9es du greffe de Clermont-Ferrand<\/h2>\n<p><strong>Adresse<\/strong> : 40 Rue De L&rsquo;ange 63000 Puy-de-D\u00f4me CLERMONT-FERRAND<\/p>\n<p>Le greffe est ouvert du lundi au vendredi de 9h30 a 12h et de 14h a 16h.<\/p>\n<p><div class=\"leaflet-map WPLeafletMap\" style=\"height:250px; width:100%;\"><\/div><script>\nwindow.WPLeafletMapPlugin = window.WPLeafletMapPlugin || [];\nwindow.WPLeafletMapPlugin.push(function WPLeafletMapShortcode() {\/*<script>*\/\nvar baseUrl = atob('aHR0cHM6Ly97c30udGlsZS5vcGVuc3RyZWV0bWFwLm9yZy97en0ve3h9L3t5fS5wbmc=');\nvar base = (!baseUrl && window.MQ) ?\n    window.MQ.mapLayer() : L.tileLayer(baseUrl,\n        L.Util.extend({}, {\n            detectRetina: 0,\n        },\n        {\"subdomains\":\"abc\",\"noWrap\":false,\"maxZoom\":20}        )\n    );\n    var options = L.Util.extend({}, {\n        layers: [base],\n        attributionControl: false\n    },\n    {\"zoomControl\":true,\"scrollWheelZoom\":false,\"doubleClickZoom\":false,\"fitBounds\":false,\"minZoom\":0,\"maxZoom\":20,\"maxBounds\":null,\"attribution\":\"\"},\n    {});\nwindow.WPLeafletMapPlugin.createMap(options).setView([45.779788,3.079895],17);});<\/script> <script>\nwindow.WPLeafletMapPlugin = window.WPLeafletMapPlugin || [];\nwindow.WPLeafletMapPlugin.push(function WPLeafletMarkerShortcode() {\/*<script>*\/\nvar map = window.WPLeafletMapPlugin.getCurrentMap();\nvar group = window.WPLeafletMapPlugin.getCurrentGroup();\nvar marker_options = window.WPLeafletMapPlugin.getIconOptions({});\nvar marker = L.marker(\n    [0,0],\n    marker_options\n);\nvar is_image = map.is_image_map;\n    marker.setLatLng( map.getCenter() );\nif (marker_options.draggable) {\n    marker.on('dragend', function () {\n        var latlng = this.getLatLng();\n        var lat = latlng.lat;\n        var lng = latlng.lng;\n        if (is_image) {\n            console.log('leaflet-marker y=' + lat + ' x=' + lng);\n        } else {\n            console.log('leaflet-marker lat=' + lat + ' lng=' + lng);\n        }\n    });\n}\nmarker.addTo( group );\nmarker.bindPopup(window.WPLeafletMapPlugin.unescape(' Greffe du tribunal de commerce de Clermont-Ferrand')).openPopup();window.WPLeafletMapPlugin.markers.push( marker );\n        });<\/script><\/p>\n<p><strong>Ligne t\u00e9l\u00e9phonique<\/strong> : 0473160160<\/p>\n<p><strong>Url<\/strong> :<em> www.greffe-tc-clermontferrand.fr<br \/>\n<\/em><\/p>\n<p>&nbsp;<\/p>\n<h2>Villes du ressort du tribunal de Clermont-Ferrand<\/h2>\n<p>Le greffe de Clermont est comp\u00e9tent pour toutes les villes et codes postaux du tableau ci-dessous.<\/p>\n<table class=\"tg table-striped container-fluid\">\n<tbody>\n<tr>\n<th>Code postal<\/th>\n<th>Commune<\/th>\n<\/tr>\n<tr>\n<td>63260<\/td>\n<td>Aigueperse<\/td>\n<\/tr>\n<tr>\n<td>63980<\/td>\n<td>Aix-la-Fayette<\/td>\n<\/tr>\n<tr>\n<td>63600<\/td>\n<td>Ambert<\/td>\n<\/tr>\n<tr>\n<td>63340<\/td>\n<td>Antoingt<\/td>\n<\/tr>\n<tr>\n<td>63420<\/td>\n<td>Anzat-le-Luguet<\/td>\n<\/tr>\n<tr>\n<td>63420<\/td>\n<td>Apchat<\/td>\n<\/tr>\n<tr>\n<td>63250<\/td>\n<td>Arconsat<\/td>\n<\/tr>\n<tr>\n<td>63420<\/td>\n<td>Ardes<\/td>\n<\/tr>\n<tr>\n<td>63220<\/td>\n<td>Arlanc<\/td>\n<\/tr>\n<tr>\n<td>63700<\/td>\n<td>Ars-les-Favets<\/td>\n<\/tr>\n<tr>\n<td>63460<\/td>\n<td>Artonne<\/td>\n<\/tr>\n<tr>\n<td>63260<\/td>\n<td>Aubiat<\/td>\n<\/tr>\n<tr>\n<td>63170<\/td>\n<td>Aubi\u00e8re<\/td>\n<\/tr>\n<tr>\n<td>63120<\/td>\n<td>Aubusson-d&rsquo;Auvergne<\/td>\n<\/tr>\n<tr>\n<td>63930<\/td>\n<td>Augerolles<\/td>\n<\/tr>\n<tr>\n<td>63340<\/td>\n<td>Augnat<\/td>\n<\/tr>\n<tr>\n<td>63500<\/td>\n<td>Aulhat-Saint-Privat<\/td>\n<\/tr>\n<tr>\n<td>63510<\/td>\n<td>Aulnat<\/td>\n<\/tr>\n<tr>\n<td>63210<\/td>\n<td>Auri\u00e8res<\/td>\n<\/tr>\n<tr>\n<td>63730<\/td>\n<td>Authezat<\/td>\n<\/tr>\n<tr>\n<td>63570<\/td>\n<td>Auzat-la-Combelle<\/td>\n<\/tr>\n<tr>\n<td>63590<\/td>\n<td>Auzelles<\/td>\n<\/tr>\n<tr>\n<td>63690<\/td>\n<td>Av\u00e8ze<\/td>\n<\/tr>\n<tr>\n<td>63390<\/td>\n<td>Ayat-sur-Sioule<\/td>\n<\/tr>\n<tr>\n<td>63970<\/td>\n<td>Aydat<\/td>\n<\/tr>\n<tr>\n<td>63600<\/td>\n<td>Baffie<\/td>\n<\/tr>\n<tr>\n<td>63810<\/td>\n<td>Bagnols<\/td>\n<\/tr>\n<tr>\n<td>63570<\/td>\n<td>Bansat<\/td>\n<\/tr>\n<tr>\n<td>63310<\/td>\n<td>Bas-et-Lezat<\/td>\n<\/tr>\n<tr>\n<td>63570<\/td>\n<td>Beaulieu<\/td>\n<\/tr>\n<tr>\n<td>63110<\/td>\n<td>Beaumont<\/td>\n<\/tr>\n<tr>\n<td>63310<\/td>\n<td>Beaumont-l\u00e8s-Randan<\/td>\n<\/tr>\n<tr>\n<td>63116<\/td>\n<td>Beauregard-l&rsquo;\u00c9v\u00eaque<\/td>\n<\/tr>\n<tr>\n<td>63460<\/td>\n<td>Beauregard-Vendon<\/td>\n<\/tr>\n<tr>\n<td>63500<\/td>\n<td>Bergonne<\/td>\n<\/tr>\n<tr>\n<td>63480<\/td>\n<td>Bertignat<\/td>\n<\/tr>\n<tr>\n<td>63610<\/td>\n<td>Besse-et-Saint-Anastaise<\/td>\n<\/tr>\n<tr>\n<td>63220<\/td>\n<td>Beuri\u00e8res<\/td>\n<\/tr>\n<tr>\n<td>63160<\/td>\n<td>Billom<\/td>\n<\/tr>\n<tr>\n<td>63640<\/td>\n<td>Biollet<\/td>\n<\/tr>\n<tr>\n<td>63112<\/td>\n<td>Blanzat<\/td>\n<\/tr>\n<tr>\n<td>63440<\/td>\n<td>Blot-l&rsquo;\u00c9glise<\/td>\n<\/tr>\n<tr>\n<td>63160<\/td>\n<td>Bongheat<\/td>\n<\/tr>\n<tr>\n<td>63190<\/td>\n<td>Bort-l&rsquo;\u00c9tang<\/td>\n<\/tr>\n<tr>\n<td>63340<\/td>\n<td>Boudes<\/td>\n<\/tr>\n<tr>\n<td>63760<\/td>\n<td>Bourg-Lastic<\/td>\n<\/tr>\n<tr>\n<td>63910<\/td>\n<td>Bouzel<\/td>\n<\/tr>\n<tr>\n<td>63570<\/td>\n<td>Brassac-les-Mines<\/td>\n<\/tr>\n<tr>\n<td>63500<\/td>\n<td>Brenat<\/td>\n<\/tr>\n<tr>\n<td>63820<\/td>\n<td>Briffons<\/td>\n<\/tr>\n<tr>\n<td>63230<\/td>\n<td>Bromont-Lamothe<\/td>\n<\/tr>\n<tr>\n<td>63490<\/td>\n<td>Brousse<\/td>\n<\/tr>\n<tr>\n<td>63350<\/td>\n<td>Bulhon<\/td>\n<\/tr>\n<tr>\n<td>63270<\/td>\n<td>Buss\u00e9ol<\/td>\n<\/tr>\n<tr>\n<td>63330<\/td>\n<td>Bussi\u00e8res<\/td>\n<\/tr>\n<tr>\n<td>63260<\/td>\n<td>Bussi\u00e8res-et-Pruns<\/td>\n<\/tr>\n<tr>\n<td>63700<\/td>\n<td>Buxi\u00e8res-sous-Montaigut<\/td>\n<\/tr>\n<tr>\n<td>63118<\/td>\n<td>C\u00e9bazat<\/td>\n<\/tr>\n<tr>\n<td>63520<\/td>\n<td>Ceilloux<\/td>\n<\/tr>\n<tr>\n<td>63250<\/td>\n<td>Celles-sur-Durolle<\/td>\n<\/tr>\n<tr>\n<td>63200<\/td>\n<td>Cellule<\/td>\n<\/tr>\n<tr>\n<td>63122<\/td>\n<td>Ceyrat<\/td>\n<\/tr>\n<tr>\n<td>63210<\/td>\n<td>Ceyssat<\/td>\n<\/tr>\n<tr>\n<td>63250<\/td>\n<td>Chabreloche<\/td>\n<\/tr>\n<tr>\n<td>63320<\/td>\n<td>Chadeleuf<\/td>\n<\/tr>\n<tr>\n<td>63340<\/td>\n<td>Chalus<\/td>\n<\/tr>\n<tr>\n<td>63400<\/td>\n<td>Chamali\u00e8res<\/td>\n<\/tr>\n<tr>\n<td>63980<\/td>\n<td>Chambon-sur-Dolore<\/td>\n<\/tr>\n<tr>\n<td>63790<\/td>\n<td>Chambon-sur-Lac<\/td>\n<\/tr>\n<tr>\n<td>63580<\/td>\n<td>Cham\u00e9ane<\/td>\n<\/tr>\n<tr>\n<td>63580<\/td>\n<td>Champagnat-le-Jeune<\/td>\n<\/tr>\n<tr>\n<td>63320<\/td>\n<td>Champeix<\/td>\n<\/tr>\n<tr>\n<td>63600<\/td>\n<td>Champ\u00e9ti\u00e8res<\/td>\n<\/tr>\n<tr>\n<td>63440<\/td>\n<td>Champs<\/td>\n<\/tr>\n<tr>\n<td>63530<\/td>\n<td>Chanat-la-Mouteyre<\/td>\n<\/tr>\n<tr>\n<td>63450<\/td>\n<td>Chanonat<\/td>\n<\/tr>\n<tr>\n<td>63230<\/td>\n<td>Chapdes-Beaufort<\/td>\n<\/tr>\n<tr>\n<td>63720<\/td>\n<td>Chappes<\/td>\n<\/tr>\n<tr>\n<td>63260<\/td>\n<td>Chaptuzat<\/td>\n<\/tr>\n<tr>\n<td>63340<\/td>\n<td>Charbonnier-les-Mines<\/td>\n<\/tr>\n<tr>\n<td>63410<\/td>\n<td>Charbonni\u00e8res-les-Varennes<\/td>\n<\/tr>\n<tr>\n<td>63410<\/td>\n<td>Charbonni\u00e8res-les-Vieilles<\/td>\n<\/tr>\n<tr>\n<td>63640<\/td>\n<td>Charensat<\/td>\n<\/tr>\n<tr>\n<td>63290<\/td>\n<td>Charnat<\/td>\n<\/tr>\n<tr>\n<td>63160<\/td>\n<td>Chas<\/td>\n<\/tr>\n<tr>\n<td>63320<\/td>\n<td>Chassagne<\/td>\n<\/tr>\n<tr>\n<td>63680<\/td>\n<td>Chastreix<\/td>\n<\/tr>\n<tr>\n<td>63330<\/td>\n<td>Ch\u00e2teau-sur-Cher<\/td>\n<\/tr>\n<tr>\n<td>63119<\/td>\n<td>Ch\u00e2teaugay<\/td>\n<\/tr>\n<tr>\n<td>63390<\/td>\n<td>Ch\u00e2teauneuf-les-Bains<\/td>\n<\/tr>\n<tr>\n<td>63140<\/td>\n<td>Ch\u00e2tel-Guyon<\/td>\n<\/tr>\n<tr>\n<td>63290<\/td>\n<td>Ch\u00e2teldon<\/td>\n<\/tr>\n<tr>\n<td>63220<\/td>\n<td>Chaumont-le-Bourg<\/td>\n<\/tr>\n<tr>\n<td>63117<\/td>\n<td>Chauriat<\/td>\n<\/tr>\n<tr>\n<td>63720<\/td>\n<td>Chavaroux<\/td>\n<\/tr>\n<tr>\n<td>63320<\/td>\n<td>Chidrac<\/td>\n<\/tr>\n<tr>\n<td>63740<\/td>\n<td>Cisternes-la-For\u00eat<\/td>\n<\/tr>\n<tr>\n<td>63320<\/td>\n<td>Cl\u00e9mensat<\/td>\n<\/tr>\n<tr>\n<td>63720<\/td>\n<td>Clerlande<\/td>\n<\/tr>\n<tr>\n<td>63000<\/td>\n<\/tr>\n<tr>\n<td>63340<\/td>\n<td>Collanges<\/td>\n<\/tr>\n<tr>\n<td>63380<\/td>\n<td>Combrailles<\/td>\n<\/tr>\n<tr>\n<td>63460<\/td>\n<td>Combronde<\/td>\n<\/tr>\n<tr>\n<td>63610<\/td>\n<td>Compains<\/td>\n<\/tr>\n<tr>\n<td>63380<\/td>\n<td>Condat-en-Combraille<\/td>\n<\/tr>\n<tr>\n<td>63490<\/td>\n<td>Condat-l\u00e8s-Montboissier<\/td>\n<\/tr>\n<tr>\n<td>63730<\/td>\n<td>Corent<\/td>\n<\/tr>\n<tr>\n<td>63114<\/td>\n<td>Coudes<\/td>\n<\/tr>\n<tr>\n<td>63320<\/td>\n<td>Courgoul<\/td>\n<\/tr>\n<tr>\n<td>63450<\/td>\n<td>Cournols<\/td>\n<\/tr>\n<tr>\n<td>63800<\/td>\n<td>Cournon-d&rsquo;Auvergne<\/td>\n<\/tr>\n<tr>\n<td>63120<\/td>\n<td>Courpi\u00e8re<\/td>\n<\/tr>\n<tr>\n<td>63320<\/td>\n<td>Creste<\/td>\n<\/tr>\n<tr>\n<td>63350<\/td>\n<td>Crevant-Laveine<\/td>\n<\/tr>\n<tr>\n<td>63810<\/td>\n<td>Cros<\/td>\n<\/tr>\n<tr>\n<td>63350<\/td>\n<td>Culhat<\/td>\n<\/tr>\n<tr>\n<td>63590<\/td>\n<td>Cunlhat<\/td>\n<\/tr>\n<tr>\n<td>63111<\/td>\n<td>Dallet<\/td>\n<\/tr>\n<tr>\n<td>63340<\/td>\n<td>Dauzat-sur-Vodable<\/td>\n<\/tr>\n<tr>\n<td>63200<\/td>\n<td>Davayat<\/td>\n<\/tr>\n<tr>\n<td>63520<\/td>\n<td>Domaize<\/td>\n<\/tr>\n<tr>\n<td>63220<\/td>\n<td>Doranges<\/td>\n<\/tr>\n<tr>\n<td>63300<\/td>\n<td>Dorat<\/td>\n<\/tr>\n<tr>\n<td>63220<\/td>\n<td>Dore-l&rsquo;\u00c9glise<\/td>\n<\/tr>\n<tr>\n<td>63700<\/td>\n<td>Durmignat<\/td>\n<\/tr>\n<tr>\n<td>63830<\/td>\n<td>Durtol<\/td>\n<\/tr>\n<tr>\n<td>63980<\/td>\n<td>\u00c9chandelys<\/td>\n<\/tr>\n<tr>\n<td>63260<\/td>\n<td>Effiat<\/td>\n<\/tr>\n<tr>\n<td>63850<\/td>\n<td>\u00c9gliseneuve-d&rsquo;Entraigues<\/td>\n<\/tr>\n<tr>\n<td>63490<\/td>\n<td>\u00c9gliseneuve-des-Liards<\/td>\n<\/tr>\n<tr>\n<td>63160<\/td>\n<td>\u00c9gliseneuve-pr\u00e8s-Billom<\/td>\n<\/tr>\n<tr>\n<td>63840<\/td>\n<td>\u00c9glisolles<\/td>\n<\/tr>\n<tr>\n<td>63720<\/td>\n<td>Ennezat<\/td>\n<\/tr>\n<tr>\n<td>63720<\/td>\n<td>Entraigues<\/td>\n<\/tr>\n<tr>\n<td>63530<\/td>\n<td>Enval<\/td>\n<\/tr>\n<tr>\n<td>63300<\/td>\n<td>Escoutoux<\/td>\n<\/tr>\n<tr>\n<td>63390<\/td>\n<td>Espinasse<\/td>\n<\/tr>\n<tr>\n<td>63850<\/td>\n<td>Espinchal<\/td>\n<\/tr>\n<tr>\n<td>63160<\/td>\n<td>Espirat<\/td>\n<\/tr>\n<tr>\n<td>63520<\/td>\n<td>Estandeuil<\/td>\n<\/tr>\n<tr>\n<td>63570<\/td>\n<td>Esteil<\/td>\n<\/tr>\n<tr>\n<td>63160<\/td>\n<td>Fayet-le-Ch\u00e2teau<\/td>\n<\/tr>\n<tr>\n<td>63630<\/td>\n<td>Fayet-Ronaye<\/td>\n<\/tr>\n<tr>\n<td>63620<\/td>\n<td>Ferno\u00ebl<\/td>\n<\/tr>\n<tr>\n<td>63500<\/td>\n<td>Flat<\/td>\n<\/tr>\n<tr>\n<td>63980<\/td>\n<td>Fournols<\/td>\n<\/tr>\n<tr>\n<td>63740<\/td>\n<td>Gelles<\/td>\n<\/tr>\n<tr>\n<td>63360<\/td>\n<td>Gerzat<\/td>\n<\/tr>\n<tr>\n<td>63620<\/td>\n<td>Giat<\/td>\n<\/tr>\n<tr>\n<td>63340<\/td>\n<td>Gignat<\/td>\n<\/tr>\n<tr>\n<td>63200<\/td>\n<td>Gimeaux<\/td>\n<\/tr>\n<tr>\n<td>63160<\/td>\n<td>Glaine-Montaigut<\/td>\n<\/tr>\n<tr>\n<td>63390<\/td>\n<td>Goutti\u00e8res<\/td>\n<\/tr>\n<tr>\n<td>63320<\/td>\n<td>Grandeyrolles<\/td>\n<\/tr>\n<tr>\n<td>63600<\/td>\n<td>Grandrif<\/td>\n<\/tr>\n<tr>\n<td>63890<\/td>\n<td>Grandval<\/td>\n<\/tr>\n<tr>\n<td>63470<\/td>\n<td>Herment<\/td>\n<\/tr>\n<tr>\n<td>63210<\/td>\n<td>Heume-l&rsquo;\u00c9glise<\/td>\n<\/tr>\n<tr>\n<td>63270<\/td>\n<td>Isserteaux<\/td>\n<\/tr>\n<tr>\n<td>63500<\/td>\n<td>Issoire<\/td>\n<\/tr>\n<tr>\n<td>63990<\/td>\n<td>Job<\/td>\n<\/tr>\n<tr>\n<td>63460<\/td>\n<td>Joserand<\/td>\n<\/tr>\n<tr>\n<td>63350<\/td>\n<td>Joze<\/td>\n<\/tr>\n<tr>\n<td>63570<\/td>\n<td>Jumeaux<\/td>\n<\/tr>\n<tr>\n<td>63150<\/td>\n<td>La Bourboule<\/td>\n<\/tr>\n<tr>\n<td>63620<\/td>\n<td>La Celle<\/td>\n<\/tr>\n<tr>\n<td>63330<\/td>\n<td>La Cellette<\/td>\n<\/tr>\n<tr>\n<td>63590<\/td>\n<td>La Chapelle-Agnon<\/td>\n<\/tr>\n<tr>\n<td>63420<\/td>\n<td>La Chapelle-Marcousse<\/td>\n<\/tr>\n<tr>\n<td>63580<\/td>\n<td>La Chapelle-sur-Usson<\/td>\n<\/tr>\n<tr>\n<td>63660<\/td>\n<td>La Chaulme<\/td>\n<\/tr>\n<tr>\n<td>63700<\/td>\n<td>La Crouzille<\/td>\n<\/tr>\n<tr>\n<td>63600<\/td>\n<td>La Forie<\/td>\n<\/tr>\n<tr>\n<td>63850<\/td>\n<td>La Godivelle<\/td>\n<\/tr>\n<tr>\n<td>63230<\/td>\n<td>La Goutelle<\/td>\n<\/tr>\n<tr>\n<td>63650<\/td>\n<td>La Monnerie-le-Montel<\/td>\n<\/tr>\n<tr>\n<td>63200<\/td>\n<td>La Moutade<\/td>\n<\/tr>\n<tr>\n<td>63930<\/td>\n<td>La Renaudie<\/td>\n<\/tr>\n<tr>\n<td>63670<\/td>\n<td>La Roche-Blanche<\/td>\n<\/tr>\n<tr>\n<td>63800<\/td>\n<td>La Roche-Noire<\/td>\n<\/tr>\n<tr>\n<td>63730<\/td>\n<td>La Sauvetat<\/td>\n<\/tr>\n<tr>\n<td>63680<\/td>\n<td>La Tour-d&rsquo;Auvergne<\/td>\n<\/tr>\n<tr>\n<td>63690<\/td>\n<td>Labessette<\/td>\n<\/tr>\n<tr>\n<td>63290<\/td>\n<td>Lachaux<\/td>\n<\/tr>\n<tr>\n<td>63570<\/td>\n<td>Lamontgie<\/td>\n<\/tr>\n<tr>\n<td>63380<\/td>\n<td>Landogne<\/td>\n<\/tr>\n<tr>\n<td>63700<\/td>\n<td>Lapeyrouse<\/td>\n<\/tr>\n<tr>\n<td>63270<\/td>\n<td>Laps<\/td>\n<\/tr>\n<tr>\n<td>63820<\/td>\n<td>Laqueuille<\/td>\n<\/tr>\n<tr>\n<td>63690<\/td>\n<td>Larodde<\/td>\n<\/tr>\n<tr>\n<td>63760<\/td>\n<td>Lastic<\/td>\n<\/tr>\n<tr>\n<td>63340<\/td>\n<td>Le Breuil-sur-Couze<\/td>\n<\/tr>\n<tr>\n<td>63500<\/td>\n<td>Le Broc<\/td>\n<\/tr>\n<tr>\n<td>63880<\/td>\n<td>Le Brugeron<\/td>\n<\/tr>\n<tr>\n<td>63670<\/td>\n<td>Le Cendre<\/td>\n<\/tr>\n<tr>\n<td>63200<\/td>\n<td>Le Cheix<\/td>\n<\/tr>\n<tr>\n<td>63450<\/td>\n<td>Le Crest<\/td>\n<\/tr>\n<tr>\n<td>63890<\/td>\n<td>Le Monestier<\/td>\n<\/tr>\n<tr>\n<td>63330<\/td>\n<td>Le Quartier<\/td>\n<\/tr>\n<tr>\n<td>63710<\/td>\n<td>Le Vernet-Sainte-Marguerite<\/td>\n<\/tr>\n<tr>\n<td>63370<\/td>\n<td>Lempdes<\/td>\n<\/tr>\n<tr>\n<td>63190<\/td>\n<td>Lempty<\/td>\n<\/tr>\n<tr>\n<td>63770<\/td>\n<td>Les Ancizes-Comps<\/td>\n<\/tr>\n<tr>\n<td>63430<\/td>\n<td>Les Martres-d&rsquo;Arti\u00e8re<\/td>\n<\/tr>\n<tr>\n<td>63730<\/td>\n<td>Les Martres-de-Veyre<\/td>\n<\/tr>\n<tr>\n<td>63500<\/td>\n<td>Les Pradeaux<\/td>\n<\/tr>\n<tr>\n<td>63190<\/td>\n<td>Lezoux<\/td>\n<\/tr>\n<tr>\n<td>63290<\/td>\n<td>Limons<\/td>\n<\/tr>\n<tr>\n<td>63440<\/td>\n<td>Lisseuil<\/td>\n<\/tr>\n<tr>\n<td>63410<\/td>\n<td>Loubeyrat<\/td>\n<\/tr>\n<tr>\n<td>63320<\/td>\n<td>Ludesse<\/td>\n<\/tr>\n<tr>\n<td>63360<\/td>\n<td>Lussat<\/td>\n<\/tr>\n<tr>\n<td>63350<\/td>\n<td>Luzillat<\/td>\n<\/tr>\n<tr>\n<td>63340<\/td>\n<td>Madriat<\/td>\n<\/tr>\n<tr>\n<td>63530<\/td>\n<td>Malauzat<\/td>\n<\/tr>\n<tr>\n<td>63510<\/td>\n<td>Malintrat<\/td>\n<\/tr>\n<tr>\n<td>63270<\/td>\n<td>Manglieu<\/td>\n<\/tr>\n<tr>\n<td>63410<\/td>\n<td>Manzat<\/td>\n<\/tr>\n<tr>\n<td>63480<\/td>\n<td>Marat<\/td>\n<\/tr>\n<tr>\n<td>63440<\/td>\n<td>Marcillat<\/td>\n<\/tr>\n<tr>\n<td>63340<\/td>\n<td>Mareugheol<\/td>\n<\/tr>\n<tr>\n<td>63350<\/td>\n<td>Maringues<\/td>\n<\/tr>\n<tr>\n<td>63940<\/td>\n<td>Marsac-en-Livradois<\/td>\n<\/tr>\n<tr>\n<td>63200<\/td>\n<td>Marsat<\/td>\n<\/tr>\n<tr>\n<td>63720<\/td>\n<td>Martres-sur-Morge<\/td>\n<\/tr>\n<tr>\n<td>63160<\/td>\n<td>Mauzun<\/td>\n<\/tr>\n<tr>\n<td>63220<\/td>\n<td>Mayres<\/td>\n<\/tr>\n<tr>\n<td>63230<\/td>\n<td>Mazaye<\/td>\n<\/tr>\n<tr>\n<td>63420<\/td>\n<td>Mazoires<\/td>\n<\/tr>\n<tr>\n<td>63220<\/td>\n<td>Medeyrolles<\/td>\n<\/tr>\n<tr>\n<td>63320<\/td>\n<td>Meilhaud<\/td>\n<\/tr>\n<tr>\n<td>63560<\/td>\n<td>Menat<\/td>\n<\/tr>\n<tr>\n<td>63200<\/td>\n<td>M\u00e9n\u00e9trol<\/td>\n<\/tr>\n<tr>\n<td>63750<\/td>\n<td>Messeix<\/td>\n<\/tr>\n<tr>\n<td>63115<\/td>\n<td>Mezel<\/td>\n<\/tr>\n<tr>\n<td>63730<\/td>\n<td>Mirefleurs<\/td>\n<\/tr>\n<tr>\n<td>63380<\/td>\n<td>Miremont<\/td>\n<\/tr>\n<tr>\n<td>63190<\/td>\n<td>Moissat<\/td>\n<\/tr>\n<tr>\n<td>63310<\/td>\n<td>Mons<\/td>\n<\/tr>\n<tr>\n<td>63240<\/td>\n<td>Mont-Dore<\/td>\n<\/tr>\n<tr>\n<td>63700<\/td>\n<td>Montaigut<\/td>\n<\/tr>\n<tr>\n<td>63320<\/td>\n<td>Montaigut-le-Blanc<\/td>\n<\/tr>\n<tr>\n<td>63460<\/td>\n<td>Montcel<\/td>\n<\/tr>\n<tr>\n<td>63380<\/td>\n<td>Montel-de-Gelat<\/td>\n<\/tr>\n<tr>\n<td>63230<\/td>\n<td>Montfermy<\/td>\n<\/tr>\n<tr>\n<td>63160<\/td>\n<td>Montmorin<\/td>\n<\/tr>\n<tr>\n<td>63260<\/td>\n<td>Montpensier<\/td>\n<\/tr>\n<tr>\n<td>63114<\/td>\n<td>Montpeyroux<\/td>\n<\/tr>\n<tr>\n<td>63340<\/td>\n<td>Moriat<\/td>\n<\/tr>\n<tr>\n<td>63700<\/td>\n<td>Moureuille<\/td>\n<\/tr>\n<tr>\n<td>63200<\/td>\n<td>Mozac<\/td>\n<\/tr>\n<tr>\n<td>63150<\/td>\n<td>Murat-le-Quaire<\/td>\n<\/tr>\n<tr>\n<td>63790<\/td>\n<td>Murol<\/td>\n<\/tr>\n<tr>\n<td>63210<\/td>\n<td>N\u00e9bouzat<\/td>\n<\/tr>\n<tr>\n<td>63120<\/td>\n<td>N\u00e9ronde-sur-Dore<\/td>\n<\/tr>\n<tr>\n<td>63320<\/td>\n<td>Neschers<\/td>\n<\/tr>\n<tr>\n<td>63560<\/td>\n<td>Neuf-\u00c9glise<\/td>\n<\/tr>\n<tr>\n<td>63160<\/td>\n<td>Neuville<\/td>\n<\/tr>\n<tr>\n<td>63290<\/td>\n<td>Noalhat<\/td>\n<\/tr>\n<tr>\n<td>63830<\/td>\n<td>Nohanent<\/td>\n<\/tr>\n<tr>\n<td>63340<\/td>\n<td>Nonette<\/td>\n<\/tr>\n<tr>\n<td>63220<\/td>\n<td>Novacelles<\/td>\n<\/tr>\n<tr>\n<td>63210<\/td>\n<td>Olby<\/td>\n<\/tr>\n<tr>\n<td>63880<\/td>\n<td>Olliergues<\/td>\n<\/tr>\n<tr>\n<td>63450<\/td>\n<td>Olloix<\/td>\n<\/tr>\n<tr>\n<td>63880<\/td>\n<td>Olmet<\/td>\n<\/tr>\n<tr>\n<td>63500<\/td>\n<td>Orbeil<\/td>\n<\/tr>\n<tr>\n<td>63670<\/td>\n<td>Orcet<\/td>\n<\/tr>\n<tr>\n<td>63870<\/td>\n<td>Orcines<\/td>\n<\/tr>\n<tr>\n<td>63210<\/td>\n<td>Orcival<\/td>\n<\/tr>\n<tr>\n<td>63190<\/td>\n<td>Orl\u00e9at<\/td>\n<\/tr>\n<tr>\n<td>63340<\/td>\n<td>Orsonnette<\/td>\n<\/tr>\n<tr>\n<td>63550<\/td>\n<td>Palladuc<\/td>\n<\/tr>\n<tr>\n<td>63500<\/td>\n<td>Pardines<\/td>\n<\/tr>\n<tr>\n<td>63270<\/td>\n<td>Parent<\/td>\n<\/tr>\n<tr>\n<td>63500<\/td>\n<td>Parentignat<\/td>\n<\/tr>\n<tr>\n<td>63290<\/td>\n<td>Pasli\u00e8res<\/td>\n<\/tr>\n<tr>\n<td>63170<\/td>\n<td>P\u00e9rignat-l\u00e8s-Sarli\u00e8ve<\/td>\n<\/tr>\n<tr>\n<td>63800<\/td>\n<td>P\u00e9rignat-sur-Allier<\/td>\n<\/tr>\n<tr>\n<td>63210<\/td>\n<td>Perpezat<\/td>\n<\/tr>\n<tr>\n<td>63500<\/td>\n<td>Perrier<\/td>\n<\/tr>\n<tr>\n<td>63920<\/td>\n<td>Peschadoires<\/td>\n<\/tr>\n<tr>\n<td>63580<\/td>\n<td>Pesli\u00e8res<\/td>\n<\/tr>\n<tr>\n<td>63200<\/td>\n<td>Pessat-Villeneuve<\/td>\n<\/tr>\n<tr>\n<td>63113<\/td>\n<td>Picherande<\/td>\n<\/tr>\n<tr>\n<td>63270<\/td>\n<td>Pignols<\/td>\n<\/tr>\n<tr>\n<td>63330<\/td>\n<td>Pionsat<\/td>\n<\/tr>\n<tr>\n<td>63730<\/td>\n<td>Plauzat<\/td>\n<\/tr>\n<tr>\n<td>63430<\/td>\n<td>Pont-du-Ch\u00e2teau<\/td>\n<\/tr>\n<tr>\n<td>63380<\/td>\n<td>Pontaumur<\/td>\n<\/tr>\n<tr>\n<td>63230<\/td>\n<td>Pontgibaud<\/td>\n<\/tr>\n<tr>\n<td>63440<\/td>\n<td>Pouzol<\/td>\n<\/tr>\n<tr>\n<td>63200<\/td>\n<td>Prompsat<\/td>\n<\/tr>\n<tr>\n<td>63470<\/td>\n<td>Prondines<\/td>\n<\/tr>\n<tr>\n<td>63230<\/td>\n<td>Pulv\u00e9ri\u00e8res<\/td>\n<\/tr>\n<tr>\n<td>63290<\/td>\n<td>Puy-Guillaume<\/td>\n<\/tr>\n<tr>\n<td>63470<\/td>\n<td>Puy-Saint-Gulmier<\/td>\n<\/tr>\n<tr>\n<td>63780<\/td>\n<td>Queuille<\/td>\n<\/tr>\n<tr>\n<td>63310<\/td>\n<td>Randan<\/td>\n<\/tr>\n<tr>\n<td>63190<\/td>\n<td>Ravel<\/td>\n<\/tr>\n<tr>\n<td>63160<\/td>\n<td>Reignat<\/td>\n<\/tr>\n<tr>\n<td>63420<\/td>\n<td>Renti\u00e8res<\/td>\n<\/tr>\n<tr>\n<td>63200<\/td>\n<td>Riom<\/td>\n<\/tr>\n<tr>\n<td>63290<\/td>\n<td>Ris<\/td>\n<\/tr>\n<tr>\n<td>63420<\/td>\n<td>Roche-Charles-la-Mayrand<\/td>\n<\/tr>\n<tr>\n<td>63330<\/td>\n<td>Roche-d&rsquo;Agoux<\/td>\n<\/tr>\n<tr>\n<td>63210<\/td>\n<td>Rochefort-Montagne<\/td>\n<\/tr>\n<tr>\n<td>63540<\/td>\n<td>Romagnat<\/td>\n<\/tr>\n<tr>\n<td>63130<\/td>\n<td>Royat<\/td>\n<\/tr>\n<tr>\n<td>63840<\/td>\n<td>Saillant<\/td>\n<\/tr>\n<tr>\n<td>63260<\/td>\n<td>Saint-Agoulin<\/td>\n<\/tr>\n<tr>\n<td>63220<\/td>\n<td>Saint-Alyre-d&rsquo;Arlanc<\/td>\n<\/tr>\n<tr>\n<td>63420<\/td>\n<td>Saint-Alyre-\u00e8s-Montagne<\/td>\n<\/tr>\n<tr>\n<td>63890<\/td>\n<td>Saint-Amant-Roche-Savine<\/td>\n<\/tr>\n<tr>\n<td>63450<\/td>\n<td>Saint-Amant-Tallende<\/td>\n<\/tr>\n<tr>\n<td>63310<\/td>\n<td>Saint-Andr\u00e9-le-Coq<\/td>\n<\/tr>\n<tr>\n<td>63410<\/td>\n<td>Saint-Angel<\/td>\n<\/tr>\n<tr>\n<td>63660<\/td>\n<td>Saint-Anth\u00e8me<\/td>\n<\/tr>\n<tr>\n<td>63380<\/td>\n<td>Saint-Avit<\/td>\n<\/tr>\n<tr>\n<td>63500<\/td>\n<td>Saint-Babel<\/td>\n<\/tr>\n<tr>\n<td>63360<\/td>\n<td>Saint-Beauzire<\/td>\n<\/tr>\n<tr>\n<td>63630<\/td>\n<td>Saint-Bonnet-le-Bourg<\/td>\n<\/tr>\n<tr>\n<td>63630<\/td>\n<td>Saint-Bonnet-le-Chastel<\/td>\n<\/tr>\n<tr>\n<td>63800<\/td>\n<td>Saint-Bonnet-l\u00e8s-Allier<\/td>\n<\/tr>\n<tr>\n<td>63210<\/td>\n<td>Saint-Bonnet-pr\u00e8s-Orcival<\/td>\n<\/tr>\n<tr>\n<td>63200<\/td>\n<td>Saint-Bonnet-pr\u00e8s-Riom<\/td>\n<\/tr>\n<tr>\n<td>63320<\/td>\n<td>Saint-Cirgues-sur-Couze<\/td>\n<\/tr>\n<tr>\n<td>63310<\/td>\n<td>Saint-Cl\u00e9ment-de-R\u00e9gnat<\/td>\n<\/tr>\n<tr>\n<td>63660<\/td>\n<td>Saint-Cl\u00e9ment-de-Valorgue<\/td>\n<\/tr>\n<tr>\n<td>63310<\/td>\n<td>Saint-Denis-Combarnazat<\/td>\n<\/tr>\n<tr>\n<td>63520<\/td>\n<td>Saint-Dier-d&rsquo;Auvergne<\/td>\n<\/tr>\n<tr>\n<td>63320<\/td>\n<td>Saint-Di\u00e9ry<\/td>\n<\/tr>\n<tr>\n<td>63680<\/td>\n<td>Saint-Donat<\/td>\n<\/tr>\n<tr>\n<td>63890<\/td>\n<td>Saint-\u00c9loy-la-Glaci\u00e8re<\/td>\n<\/tr>\n<tr>\n<td>63700<\/td>\n<td>Saint-\u00c9loy-les-Mines<\/td>\n<\/tr>\n<tr>\n<td>63380<\/td>\n<td>Saint-\u00c9tienne-des-Champs<\/td>\n<\/tr>\n<tr>\n<td>63580<\/td>\n<td>Saint-\u00c9tienne-sur-Usson<\/td>\n<\/tr>\n<tr>\n<td>63600<\/td>\n<td>Saint-Ferr\u00e9ol-des-C\u00f4tes<\/td>\n<\/tr>\n<tr>\n<td>63320<\/td>\n<td>Saint-Floret<\/td>\n<\/tr>\n<tr>\n<td>63520<\/td>\n<td>Saint-Flour<\/td>\n<\/tr>\n<tr>\n<td>63440<\/td>\n<td>Saint-Gal-sur-Sioule<\/td>\n<\/tr>\n<tr>\n<td>63122<\/td>\n<td>Saint-Gen\u00e8s-Champanelle<\/td>\n<\/tr>\n<tr>\n<td>63850<\/td>\n<td>Saint-Gen\u00e8s-Champespe<\/td>\n<\/tr>\n<tr>\n<td>63260<\/td>\n<td>Saint-Gen\u00e8s-du-Retz<\/td>\n<\/tr>\n<tr>\n<td>63580<\/td>\n<td>Saint-Gen\u00e8s-la-Tourette<\/td>\n<\/tr>\n<tr>\n<td>63780<\/td>\n<td>Saint-Georges-de-Mons<\/td>\n<\/tr>\n<tr>\n<td>63800<\/td>\n<td>Saint-Georges-sur-Allier<\/td>\n<\/tr>\n<tr>\n<td>63630<\/td>\n<td>Saint-Germain-l&rsquo;Herm<\/td>\n<\/tr>\n<tr>\n<td>63340<\/td>\n<td>Saint-Germain-Lembron<\/td>\n<\/tr>\n<tr>\n<td>63470<\/td>\n<td>Saint-Germain-pr\u00e8s-Herment<\/td>\n<\/tr>\n<tr>\n<td>63390<\/td>\n<td>Saint-Gervais-d&rsquo;Auvergne<\/td>\n<\/tr>\n<tr>\n<td>63880<\/td>\n<td>Saint-Gervais-sous-Meymont<\/td>\n<\/tr>\n<tr>\n<td>63340<\/td>\n<td>Saint-Gervazy<\/td>\n<\/tr>\n<tr>\n<td>63340<\/td>\n<td>Saint-H\u00e9rent<\/td>\n<\/tr>\n<tr>\n<td>63330<\/td>\n<td>Saint-Hilaire<\/td>\n<\/tr>\n<tr>\n<td>63440<\/td>\n<td>Saint-Hilaire-la-Croix<\/td>\n<\/tr>\n<tr>\n<td>63380<\/td>\n<td>Saint-Hilaire-les-Monges<\/td>\n<\/tr>\n<tr>\n<td>63720<\/td>\n<td>Saint-Ignat<\/td>\n<\/tr>\n<tr>\n<td>63230<\/td>\n<td>Saint-Jacques-d&rsquo;Ambur<\/td>\n<\/tr>\n<tr>\n<td>63190<\/td>\n<td>Saint-Jean-d&rsquo;Heurs<\/td>\n<\/tr>\n<tr>\n<td>63520<\/td>\n<td>Saint-Jean-des-Olli\u00e8res<\/td>\n<\/tr>\n<tr>\n<td>63490<\/td>\n<td>Saint-Jean-en-Val<\/td>\n<\/tr>\n<tr>\n<td>63570<\/td>\n<td>Saint-Jean-Saint-Gervais<\/td>\n<\/tr>\n<tr>\n<td>63160<\/td>\n<td>Saint-Julien-de-Coppel<\/td>\n<\/tr>\n<tr>\n<td>63390<\/td>\n<td>Saint-Julien-la-Geneste<\/td>\n<\/tr>\n<tr>\n<td>63820<\/td>\n<td>Saint-Julien-Puy-Lav\u00e8ze<\/td>\n<\/tr>\n<tr>\n<td>63600<\/td>\n<td>Saint-Just<\/td>\n<\/tr>\n<tr>\n<td>63350<\/td>\n<td>Saint-Laure<\/td>\n<\/tr>\n<tr>\n<td>63330<\/td>\n<td>Saint-Maigner<\/td>\n<\/tr>\n<tr>\n<td>63580<\/td>\n<td>Saint-Martin-d&rsquo;Olli\u00e8res<\/td>\n<\/tr>\n<tr>\n<td>63600<\/td>\n<td>Saint-Martin-des-Olmes<\/td>\n<\/tr>\n<tr>\n<td>63570<\/td>\n<td>Saint-Martin-des-Plains<\/td>\n<\/tr>\n<tr>\n<td>63270<\/td>\n<td>Saint-Maurice<\/td>\n<\/tr>\n<tr>\n<td>63330<\/td>\n<td>Saint-Maurice-pr\u00e8s-Pionsat<\/td>\n<\/tr>\n<tr>\n<td>63460<\/td>\n<td>Saint-Myon<\/td>\n<\/tr>\n<tr>\n<td>63710<\/td>\n<td>Saint-Nectaire<\/td>\n<\/tr>\n<tr>\n<td>63230<\/td>\n<td>Saint-Ours<\/td>\n<\/tr>\n<tr>\n<td>63440<\/td>\n<td>Saint-Pardoux<\/td>\n<\/tr>\n<tr>\n<td>63610<\/td>\n<td>Saint-Pierre-Colamine<\/td>\n<\/tr>\n<tr>\n<td>63480<\/td>\n<td>Saint-Pierre-la-Bourlhonne<\/td>\n<\/tr>\n<tr>\n<td>63230<\/td>\n<td>Saint-Pierre-le-Chastel<\/td>\n<\/tr>\n<tr>\n<td>63210<\/td>\n<td>Saint-Pierre-Roche<\/td>\n<\/tr>\n<tr>\n<td>63310<\/td>\n<td>Saint-Priest-Bramefant<\/td>\n<\/tr>\n<tr>\n<td>63640<\/td>\n<td>Saint-Priest-des-Champs<\/td>\n<\/tr>\n<tr>\n<td>63490<\/td>\n<td>Saint-Quentin-sur-Sauxillanges<\/td>\n<\/tr>\n<tr>\n<td>63440<\/td>\n<td>Saint-Quintin-sur-Sioule<\/td>\n<\/tr>\n<tr>\n<td>63440<\/td>\n<td>Saint-R\u00e9my-de-Blot<\/td>\n<\/tr>\n<tr>\n<td>63500<\/td>\n<td>Saint-R\u00e9my-de-Chargnat<\/td>\n<\/tr>\n<tr>\n<td>63550<\/td>\n<td>Saint-R\u00e9my-sur-Durolle<\/td>\n<\/tr>\n<tr>\n<td>63660<\/td>\n<td>Saint-Romain<\/td>\n<\/tr>\n<tr>\n<td>63450<\/td>\n<td>Saint-Sandoux<\/td>\n<\/tr>\n<tr>\n<td>63450<\/td>\n<td>Saint-Saturnin<\/td>\n<\/tr>\n<tr>\n<td>63950<\/td>\n<td>Saint-Sauves-d&rsquo;Auvergne<\/td>\n<\/tr>\n<tr>\n<td>63220<\/td>\n<td>Saint-Sauveur-la-Sagne<\/td>\n<\/tr>\n<tr>\n<td>63760<\/td>\n<td>Saint-Sulpice<\/td>\n<\/tr>\n<tr>\n<td>63310<\/td>\n<td>Saint-Sylvestre-Pragoulin<\/td>\n<\/tr>\n<tr>\n<td>63790<\/td>\n<td>Saint-Victor-la-Rivi\u00e8re<\/td>\n<\/tr>\n<tr>\n<td>63550<\/td>\n<td>Saint-Victor-Montvianeix<\/td>\n<\/tr>\n<tr>\n<td>63320<\/td>\n<td>Saint-Vincent<\/td>\n<\/tr>\n<tr>\n<td>63500<\/td>\n<td>Saint-Yvoine<\/td>\n<\/tr>\n<tr>\n<td>63120<\/td>\n<td>Sainte-Agathe<\/td>\n<\/tr>\n<tr>\n<td>63580<\/td>\n<td>Sainte-Catherine<\/td>\n<\/tr>\n<tr>\n<td>63390<\/td>\n<td>Sainte-Christine<\/td>\n<\/tr>\n<tr>\n<td>63270<\/td>\n<td>Sall\u00e8des<\/td>\n<\/tr>\n<tr>\n<td>63260<\/td>\n<td>Sardon<\/td>\n<\/tr>\n<tr>\n<td>63970<\/td>\n<td>Saulzet-le-Froid<\/td>\n<\/tr>\n<tr>\n<td>63390<\/td>\n<td>Sauret-Besserve<\/td>\n<\/tr>\n<tr>\n<td>63320<\/td>\n<td>Saurier<\/td>\n<\/tr>\n<tr>\n<td>63470<\/td>\n<td>Sauvagnat<\/td>\n<\/tr>\n<tr>\n<td>63500<\/td>\n<td>Sauvagnat-Sainte-Marthe<\/td>\n<\/tr>\n<tr>\n<td>63840<\/td>\n<td>Sauvessanges<\/td>\n<\/tr>\n<tr>\n<td>63120<\/td>\n<td>Sauviat<\/td>\n<\/tr>\n<tr>\n<td>63490<\/td>\n<td>Sauxillanges<\/td>\n<\/tr>\n<tr>\n<td>63750<\/td>\n<td>Savennes<\/td>\n<\/tr>\n<tr>\n<td>63530<\/td>\n<td>Sayat<\/td>\n<\/tr>\n<tr>\n<td>63120<\/td>\n<td>Sermentizon<\/td>\n<\/tr>\n<tr>\n<td>63560<\/td>\n<td>Servant<\/td>\n<\/tr>\n<tr>\n<td>63190<\/td>\n<td>Seychalles<\/td>\n<\/tr>\n<tr>\n<td>63690<\/td>\n<td>Singles<\/td>\n<\/tr>\n<tr>\n<td>63500<\/td>\n<td>Solignat<\/td>\n<\/tr>\n<tr>\n<td>63490<\/td>\n<td>Sug\u00e8res<\/td>\n<\/tr>\n<tr>\n<td>63720<\/td>\n<td>Surat<\/td>\n<\/tr>\n<tr>\n<td>63450<\/td>\n<td>Tallende<\/td>\n<\/tr>\n<tr>\n<td>63690<\/td>\n<td>Tauves<\/td>\n<\/tr>\n<tr>\n<td>63460<\/td>\n<td>Teilh\u00e8de<\/td>\n<\/tr>\n<tr>\n<td>63560<\/td>\n<td>Teilhet<\/td>\n<\/tr>\n<tr>\n<td>63340<\/td>\n<td>Ternant-les-Eaux<\/td>\n<\/tr>\n<tr>\n<td>63300<\/td>\n<td>Thiers<\/td>\n<\/tr>\n<tr>\n<td>63600<\/td>\n<td>Thioli\u00e8res<\/td>\n<\/tr>\n<tr>\n<td>63260<\/td>\n<td>Thuret<\/td>\n<\/tr>\n<tr>\n<td>63470<\/td>\n<td>Tortebesse<\/td>\n<\/tr>\n<tr>\n<td>63590<\/td>\n<td>Tours-sur-Meymont<\/td>\n<\/tr>\n<tr>\n<td>63320<\/td>\n<td>Tourzel-Ronzi\u00e8res<\/td>\n<\/tr>\n<tr>\n<td>63380<\/td>\n<td>Tralaigues<\/td>\n<\/tr>\n<tr>\n<td>63810<\/td>\n<td>Tr\u00e9mouille-Saint-Loup<\/td>\n<\/tr>\n<tr>\n<td>63520<\/td>\n<td>Tr\u00e9zioux<\/td>\n<\/tr>\n<tr>\n<td>63490<\/td>\n<td>Usson<\/td>\n<\/tr>\n<tr>\n<td>63610<\/td>\n<td>Valbeleix<\/td>\n<\/tr>\n<tr>\n<td>63600<\/td>\n<td>Valcivi\u00e8res<\/td>\n<\/tr>\n<tr>\n<td>63580<\/td>\n<td>Valz-sous-Ch\u00e2teauneuf<\/td>\n<\/tr>\n<tr>\n<td>63720<\/td>\n<td>Varennes-sur-Morge<\/td>\n<\/tr>\n<tr>\n<td>63500<\/td>\n<td>Varennes-sur-Usson<\/td>\n<\/tr>\n<tr>\n<td>63910<\/td>\n<td>Vassel<\/td>\n<\/tr>\n<tr>\n<td>63260<\/td>\n<td>Vensat<\/td>\n<\/tr>\n<tr>\n<td>63330<\/td>\n<td>Vergheas<\/td>\n<\/tr>\n<tr>\n<td>63580<\/td>\n<td>Vernet-la-Varenne<\/td>\n<\/tr>\n<tr>\n<td>63470<\/td>\n<td>Verneugheol<\/td>\n<\/tr>\n<tr>\n<td>63210<\/td>\n<td>Vernines<\/td>\n<\/tr>\n<tr>\n<td>63320<\/td>\n<td>Verri\u00e8res<\/td>\n<\/tr>\n<tr>\n<td>63910<\/td>\n<td>Vertaizon<\/td>\n<\/tr>\n<tr>\n<td>63480<\/td>\n<td>Vertolaye<\/td>\n<\/tr>\n<tr>\n<td>63960<\/td>\n<td>Veyre-Monton<\/td>\n<\/tr>\n<tr>\n<td>63270<\/td>\n<td>Vic-le-Comte<\/td>\n<\/tr>\n<tr>\n<td>63340<\/td>\n<td>Vichel<\/td>\n<\/tr>\n<tr>\n<td>63340<\/td>\n<td>Villeneuve<\/td>\n<\/tr>\n<tr>\n<td>63310<\/td>\n<td>Villeneuve-les-Cerfs<\/td>\n<\/tr>\n<tr>\n<td>63380<\/td>\n<td>Villosanges<\/td>\n<\/tr>\n<tr>\n<td>63350<\/td>\n<td>Vinzelles<\/td>\n<\/tr>\n<tr>\n<td>63330<\/td>\n<td>Virlet<\/td>\n<\/tr>\n<tr>\n<td>63250<\/td>\n<td>Viscomtat<\/td>\n<\/tr>\n<tr>\n<td>63410<\/td>\n<td>Vitrac<\/td>\n<\/tr>\n<tr>\n<td>63840<\/td>\n<td>Viverols<\/td>\n<\/tr>\n<tr>\n<td>63500<\/td>\n<td>Vodable<\/td>\n<\/tr>\n<tr>\n<td>63620<\/td>\n<td>Voingt<\/td>\n<\/tr>\n<tr>\n<td>63120<\/td>\n<td>Vollore-Montagne<\/td>\n<\/tr>\n<tr>\n<td>63120<\/td>\n<td>Vollore-Ville<\/td>\n<\/tr>\n<tr>\n<td>63530<\/td>\n<td>Volvic<\/td>\n<\/tr>\n<tr>\n<td>63700<\/td>\n<td>Youx<\/td>\n<\/tr>\n<tr>\n<td>63270<\/td>\n<td>Yronde-et-Buron<\/td>\n<\/tr>\n<tr>\n<td>63200<\/td>\n<td>Yssac-la-Tourette<\/td>\n<\/tr>\n<\/tbody>\n<\/table>\n","protected":false},"excerpt":{"rendered":"<p>Vous habitez dans le Puy-de-D\u00f4me ? Pour vos litiges commerciaux ou pour monter votre soci\u00e9t\u00e9 commerciale, il faut faire appel [&hellip;]<\/p>\n","protected":false},"author":1,"featured_media":0,"parent":1759,"menu_order":0,"comment_status":"closed","ping_status":"closed","template":"","meta":{"inline_featured_image":false,"footnotes":""},"class_list":["post-2624","page","type-page","status-publish","hentry"],"yoast_head":"<!-- This site is optimized with the Yoast SEO plugin v26.8 - https:\/\/yoast.com\/product\/yoast-seo-wordpress\/ -->\n<title>Greffe du tribunal de commerce de Clermont-Ferrand - Actualit\u00e9 des entreprises<\/title>\n<meta name=\"robots\" content=\"index, follow, max-snippet:-1, max-image-preview:large, max-video-preview:-1\" \/>\n<link rel=\"canonical\" href=\"https:\/\/www.annonces-legales.org\/blog\/greffe\/greffe-du-tribunal-de-commerce-de-clermont-ferrand\/\" \/>\n<meta property=\"og:locale\" content=\"fr_FR\" \/>\n<meta property=\"og:type\" content=\"article\" \/>\n<meta property=\"og:title\" content=\"Greffe du tribunal de commerce de Clermont-Ferrand - Actualit\u00e9 des entreprises\" \/>\n<meta property=\"og:description\" content=\"Vous habitez dans le Puy-de-D\u00f4me ? Pour vos litiges commerciaux ou pour monter votre soci\u00e9t\u00e9 commerciale, il faut faire appel [&hellip;]\" \/>\n<meta property=\"og:url\" content=\"https:\/\/www.annonces-legales.org\/blog\/greffe\/greffe-du-tribunal-de-commerce-de-clermont-ferrand\/\" \/>\n<meta property=\"og:site_name\" content=\"Actualit\u00e9 des entreprises\" \/>\n<meta property=\"article:modified_time\" content=\"2022-02-01T17:18:24+00:00\" \/>\n<meta property=\"og:image\" content=\"https:\/\/www.annonces-legales.org\/blog\/wp-content\/uploads\/2022\/01\/tribunal.png\" \/>\n\t<meta property=\"og:image:width\" content=\"640\" \/>\n\t<meta property=\"og:image:height\" content=\"612\" \/>\n\t<meta property=\"og:image:type\" content=\"image\/png\" \/>\n<meta name=\"twitter:card\" content=\"summary_large_image\" \/>\n<meta name=\"twitter:label1\" content=\"Dur\u00e9e de lecture estim\u00e9e\" \/>\n\t<meta name=\"twitter:data1\" content=\"4 minutes\" \/>\n<script type=\"application\/ld+json\" class=\"yoast-schema-graph\">{\"@context\":\"https:\/\/schema.org\",\"@graph\":[{\"@type\":\"WebPage\",\"@id\":\"https:\/\/www.annonces-legales.org\/blog\/greffe\/greffe-du-tribunal-de-commerce-de-clermont-ferrand\/\",\"url\":\"https:\/\/www.annonces-legales.org\/blog\/greffe\/greffe-du-tribunal-de-commerce-de-clermont-ferrand\/\",\"name\":\"Greffe du tribunal de commerce de Clermont-Ferrand - Actualit\u00e9 des entreprises\",\"isPartOf\":{\"@id\":\"https:\/\/www.annonces-legales.org\/blog\/#website\"},\"primaryImageOfPage\":{\"@id\":\"https:\/\/www.annonces-legales.org\/blog\/greffe\/greffe-du-tribunal-de-commerce-de-clermont-ferrand\/#primaryimage\"},\"image\":{\"@id\":\"https:\/\/www.annonces-legales.org\/blog\/greffe\/greffe-du-tribunal-de-commerce-de-clermont-ferrand\/#primaryimage\"},\"thumbnailUrl\":\"https:\/\/www.annonces-legales.org\/blog\/wp-content\/uploads\/2022\/01\/tribunal-150x150.png\",\"datePublished\":\"2022-02-01T17:11:43+00:00\",\"dateModified\":\"2022-02-01T17:18:24+00:00\",\"breadcrumb\":{\"@id\":\"https:\/\/www.annonces-legales.org\/blog\/greffe\/greffe-du-tribunal-de-commerce-de-clermont-ferrand\/#breadcrumb\"},\"inLanguage\":\"fr-FR\",\"potentialAction\":[{\"@type\":\"ReadAction\",\"target\":[\"https:\/\/www.annonces-legales.org\/blog\/greffe\/greffe-du-tribunal-de-commerce-de-clermont-ferrand\/\"]}]},{\"@type\":\"ImageObject\",\"inLanguage\":\"fr-FR\",\"@id\":\"https:\/\/www.annonces-legales.org\/blog\/greffe\/greffe-du-tribunal-de-commerce-de-clermont-ferrand\/#primaryimage\",\"url\":\"https:\/\/www.annonces-legales.org\/blog\/wp-content\/uploads\/2022\/01\/tribunal.png\",\"contentUrl\":\"https:\/\/www.annonces-legales.org\/blog\/wp-content\/uploads\/2022\/01\/tribunal.png\",\"width\":640,\"height\":612},{\"@type\":\"BreadcrumbList\",\"@id\":\"https:\/\/www.annonces-legales.org\/blog\/greffe\/greffe-du-tribunal-de-commerce-de-clermont-ferrand\/#breadcrumb\",\"itemListElement\":[{\"@type\":\"ListItem\",\"position\":1,\"name\":\"Accueil\",\"item\":\"https:\/\/www.annonces-legales.org\/blog\/\"},{\"@type\":\"ListItem\",\"position\":2,\"name\":\"Liste des Greffes des tribunaux de commerce\",\"item\":\"https:\/\/www.annonces-legales.org\/blog\/greffe\/\"},{\"@type\":\"ListItem\",\"position\":3,\"name\":\"Greffe du tribunal de commerce de Clermont-Ferrand\"}]},{\"@type\":\"WebSite\",\"@id\":\"https:\/\/www.annonces-legales.org\/blog\/#website\",\"url\":\"https:\/\/www.annonces-legales.org\/blog\/\",\"name\":\"Actualit\u00e9 des entreprises\",\"description\":\"\",\"publisher\":{\"@id\":\"https:\/\/www.annonces-legales.org\/blog\/#organization\"},\"potentialAction\":[{\"@type\":\"SearchAction\",\"target\":{\"@type\":\"EntryPoint\",\"urlTemplate\":\"https:\/\/www.annonces-legales.org\/blog\/?s={search_term_string}\"},\"query-input\":{\"@type\":\"PropertyValueSpecification\",\"valueRequired\":true,\"valueName\":\"search_term_string\"}}],\"inLanguage\":\"fr-FR\"},{\"@type\":\"Organization\",\"@id\":\"https:\/\/www.annonces-legales.org\/blog\/#organization\",\"name\":\"Actualit\u00e9 des entreprises\",\"url\":\"https:\/\/www.annonces-legales.org\/blog\/\",\"logo\":{\"@type\":\"ImageObject\",\"inLanguage\":\"fr-FR\",\"@id\":\"https:\/\/www.annonces-legales.org\/blog\/#\/schema\/logo\/image\/\",\"url\":\"https:\/\/www.annonces-legales.org\/blog\/wp-content\/uploads\/2023\/08\/annonces-legales.svg\",\"contentUrl\":\"https:\/\/www.annonces-legales.org\/blog\/wp-content\/uploads\/2023\/08\/annonces-legales.svg\",\"caption\":\"Actualit\u00e9 des entreprises\"},\"image\":{\"@id\":\"https:\/\/www.annonces-legales.org\/blog\/#\/schema\/logo\/image\/\"}}]}<\/script>\n<!-- \/ Yoast SEO plugin. -->","yoast_head_json":{"title":"Greffe du tribunal de commerce de Clermont-Ferrand - Actualit\u00e9 des entreprises","robots":{"index":"index","follow":"follow","max-snippet":"max-snippet:-1","max-image-preview":"max-image-preview:large","max-video-preview":"max-video-preview:-1"},"canonical":"https:\/\/www.annonces-legales.org\/blog\/greffe\/greffe-du-tribunal-de-commerce-de-clermont-ferrand\/","og_locale":"fr_FR","og_type":"article","og_title":"Greffe du tribunal de commerce de Clermont-Ferrand - Actualit\u00e9 des entreprises","og_description":"Vous habitez dans le Puy-de-D\u00f4me ? Pour vos litiges commerciaux ou pour monter votre soci\u00e9t\u00e9 commerciale, il faut faire appel [&hellip;]","og_url":"https:\/\/www.annonces-legales.org\/blog\/greffe\/greffe-du-tribunal-de-commerce-de-clermont-ferrand\/","og_site_name":"Actualit\u00e9 des entreprises","article_modified_time":"2022-02-01T17:18:24+00:00","og_image":[{"width":640,"height":612,"url":"https:\/\/www.annonces-legales.org\/blog\/wp-content\/uploads\/2022\/01\/tribunal.png","type":"image\/png"}],"twitter_card":"summary_large_image","twitter_misc":{"Dur\u00e9e de lecture estim\u00e9e":"4 minutes"},"schema":{"@context":"https:\/\/schema.org","@graph":[{"@type":"WebPage","@id":"https:\/\/www.annonces-legales.org\/blog\/greffe\/greffe-du-tribunal-de-commerce-de-clermont-ferrand\/","url":"https:\/\/www.annonces-legales.org\/blog\/greffe\/greffe-du-tribunal-de-commerce-de-clermont-ferrand\/","name":"Greffe du tribunal de commerce de Clermont-Ferrand - Actualit\u00e9 des entreprises","isPartOf":{"@id":"https:\/\/www.annonces-legales.org\/blog\/#website"},"primaryImageOfPage":{"@id":"https:\/\/www.annonces-legales.org\/blog\/greffe\/greffe-du-tribunal-de-commerce-de-clermont-ferrand\/#primaryimage"},"image":{"@id":"https:\/\/www.annonces-legales.org\/blog\/greffe\/greffe-du-tribunal-de-commerce-de-clermont-ferrand\/#primaryimage"},"thumbnailUrl":"https:\/\/www.annonces-legales.org\/blog\/wp-content\/uploads\/2022\/01\/tribunal-150x150.png","datePublished":"2022-02-01T17:11:43+00:00","dateModified":"2022-02-01T17:18:24+00:00","breadcrumb":{"@id":"https:\/\/www.annonces-legales.org\/blog\/greffe\/greffe-du-tribunal-de-commerce-de-clermont-ferrand\/#breadcrumb"},"inLanguage":"fr-FR","potentialAction":[{"@type":"ReadAction","target":["https:\/\/www.annonces-legales.org\/blog\/greffe\/greffe-du-tribunal-de-commerce-de-clermont-ferrand\/"]}]},{"@type":"ImageObject","inLanguage":"fr-FR","@id":"https:\/\/www.annonces-legales.org\/blog\/greffe\/greffe-du-tribunal-de-commerce-de-clermont-ferrand\/#primaryimage","url":"https:\/\/www.annonces-legales.org\/blog\/wp-content\/uploads\/2022\/01\/tribunal.png","contentUrl":"https:\/\/www.annonces-legales.org\/blog\/wp-content\/uploads\/2022\/01\/tribunal.png","width":640,"height":612},{"@type":"BreadcrumbList","@id":"https:\/\/www.annonces-legales.org\/blog\/greffe\/greffe-du-tribunal-de-commerce-de-clermont-ferrand\/#breadcrumb","itemListElement":[{"@type":"ListItem","position":1,"name":"Accueil","item":"https:\/\/www.annonces-legales.org\/blog\/"},{"@type":"ListItem","position":2,"name":"Liste des Greffes des tribunaux de commerce","item":"https:\/\/www.annonces-legales.org\/blog\/greffe\/"},{"@type":"ListItem","position":3,"name":"Greffe du tribunal de commerce de Clermont-Ferrand"}]},{"@type":"WebSite","@id":"https:\/\/www.annonces-legales.org\/blog\/#website","url":"https:\/\/www.annonces-legales.org\/blog\/","name":"Actualit\u00e9 des entreprises","description":"","publisher":{"@id":"https:\/\/www.annonces-legales.org\/blog\/#organization"},"potentialAction":[{"@type":"SearchAction","target":{"@type":"EntryPoint","urlTemplate":"https:\/\/www.annonces-legales.org\/blog\/?s={search_term_string}"},"query-input":{"@type":"PropertyValueSpecification","valueRequired":true,"valueName":"search_term_string"}}],"inLanguage":"fr-FR"},{"@type":"Organization","@id":"https:\/\/www.annonces-legales.org\/blog\/#organization","name":"Actualit\u00e9 des entreprises","url":"https:\/\/www.annonces-legales.org\/blog\/","logo":{"@type":"ImageObject","inLanguage":"fr-FR","@id":"https:\/\/www.annonces-legales.org\/blog\/#\/schema\/logo\/image\/","url":"https:\/\/www.annonces-legales.org\/blog\/wp-content\/uploads\/2023\/08\/annonces-legales.svg","contentUrl":"https:\/\/www.annonces-legales.org\/blog\/wp-content\/uploads\/2023\/08\/annonces-legales.svg","caption":"Actualit\u00e9 des entreprises"},"image":{"@id":"https:\/\/www.annonces-legales.org\/blog\/#\/schema\/logo\/image\/"}}]}},"_links":{"self":[{"href":"https:\/\/www.annonces-legales.org\/blog\/wp-json\/wp\/v2\/pages\/2624","targetHints":{"allow":["GET"]}}],"collection":[{"href":"https:\/\/www.annonces-legales.org\/blog\/wp-json\/wp\/v2\/pages"}],"about":[{"href":"https:\/\/www.annonces-legales.org\/blog\/wp-json\/wp\/v2\/types\/page"}],"author":[{"embeddable":true,"href":"https:\/\/www.annonces-legales.org\/blog\/wp-json\/wp\/v2\/users\/1"}],"replies":[{"embeddable":true,"href":"https:\/\/www.annonces-legales.org\/blog\/wp-json\/wp\/v2\/comments?post=2624"}],"version-history":[{"count":4,"href":"https:\/\/www.annonces-legales.org\/blog\/wp-json\/wp\/v2\/pages\/2624\/revisions"}],"predecessor-version":[{"id":2628,"href":"https:\/\/www.annonces-legales.org\/blog\/wp-json\/wp\/v2\/pages\/2624\/revisions\/2628"}],"up":[{"embeddable":true,"href":"https:\/\/www.annonces-legales.org\/blog\/wp-json\/wp\/v2\/pages\/1759"}],"wp:attachment":[{"href":"https:\/\/www.annonces-legales.org\/blog\/wp-json\/wp\/v2\/media?parent=2624"}],"curies":[{"name":"wp","href":"https:\/\/api.w.org\/{rel}","templated":true}]}}