{"id":2629,"date":"2022-02-01T18:24:53","date_gmt":"2022-02-01T17:24:53","guid":{"rendered":"https:\/\/www.annonces-legales.org\/blog\/?page_id=2629"},"modified":"2022-02-01T18:24:53","modified_gmt":"2022-02-01T17:24:53","slug":"greffe-du-tribunal-de-commerce-de-bayonne","status":"publish","type":"page","link":"https:\/\/www.annonces-legales.org\/blog\/greffe\/greffe-du-tribunal-de-commerce-de-bayonne\/","title":{"rendered":"Greffe du tribunal de commerce de Bayonne"},"content":{"rendered":"<p><img loading=\"lazy\" decoding=\"async\" class=\"alignleft wp-image-2423\" src=\"https:\/\/www.annonces-legales.org\/blog\/wp-content\/uploads\/2022\/01\/tribunal-150x150.png\" alt=\"\" width=\"54\" height=\"54\" \/><\/p>\n<p>Vous \u00eates domicili\u00e9 dans les Pyr\u00e9n\u00e9es-Atlantiques ? Pour vos formalit\u00e9s commerciales ou pour cr\u00e9er votre soci\u00e9t\u00e9, vous drevrez contacter le greffe du TC de Bayonne. Plus d&rsquo;infos ici !<br \/>\n&nbsp;<\/p>\n<h2>Coordonn\u00e9es du greffe de Bayonne<\/h2>\n<p><strong>Adresse<\/strong> : 1 Avenue Anne De Neubourg 64100 BAYONNE<\/p>\n<p>Le greffe est ouvert: Lundi mardi jeudi : 9h00 a 15h30<br \/>Mercredi vendredi matin : 9h00 a 12h00<\/p>\n<p><div class=\"leaflet-map WPLeafletMap\" style=\"height:250px; width:100%;\"><\/div><script>\nwindow.WPLeafletMapPlugin = window.WPLeafletMapPlugin || [];\nwindow.WPLeafletMapPlugin.push(function WPLeafletMapShortcode() {\/*<script>*\/\nvar baseUrl = atob('aHR0cHM6Ly97c30udGlsZS5vcGVuc3RyZWV0bWFwLm9yZy97en0ve3h9L3t5fS5wbmc=');\nvar base = (!baseUrl && window.MQ) ?\n    window.MQ.mapLayer() : L.tileLayer(baseUrl,\n        L.Util.extend({}, {\n            detectRetina: 0,\n        },\n        {\"subdomains\":\"abc\",\"noWrap\":false,\"maxZoom\":20}        )\n    );\n    var options = L.Util.extend({}, {\n        layers: [base],\n        attributionControl: false\n    },\n    {\"zoomControl\":true,\"scrollWheelZoom\":false,\"doubleClickZoom\":false,\"fitBounds\":false,\"minZoom\":0,\"maxZoom\":20,\"maxBounds\":null,\"attribution\":\"\"},\n    {});\nwindow.WPLeafletMapPlugin.createMap(options).setView([43.493149,-1.484324],17);});<\/script> <script>\nwindow.WPLeafletMapPlugin = window.WPLeafletMapPlugin || [];\nwindow.WPLeafletMapPlugin.push(function WPLeafletMarkerShortcode() {\/*<script>*\/\nvar map = window.WPLeafletMapPlugin.getCurrentMap();\nvar group = window.WPLeafletMapPlugin.getCurrentGroup();\nvar marker_options = window.WPLeafletMapPlugin.getIconOptions({});\nvar marker = L.marker(\n    [0,0],\n    marker_options\n);\nvar is_image = map.is_image_map;\n    marker.setLatLng( map.getCenter() );\nif (marker_options.draggable) {\n    marker.on('dragend', function () {\n        var latlng = this.getLatLng();\n        var lat = latlng.lat;\n        var lng = latlng.lng;\n        if (is_image) {\n            console.log('leaflet-marker y=' + lat + ' x=' + lng);\n        } else {\n            console.log('leaflet-marker lat=' + lat + ' lng=' + lng);\n        }\n    });\n}\nmarker.addTo( group );\nmarker.bindPopup(window.WPLeafletMapPlugin.unescape(' Greffe du tribunal de commerce de Bayonne')).openPopup();window.WPLeafletMapPlugin.markers.push( marker );\n        });<\/script><\/p>\n<p><strong>Ligne t\u00e9l\u00e9phonique<\/strong> : 05 59 46 33 00<\/p>\n<p><strong>Url<\/strong> :<em> www.greffe-tc-bayonne.fr<br \/>\n<\/em><\/p>\n<p>&nbsp;<\/p>\n<h2>Villes du ressort du tribunal de Bayonne<\/h2>\n<p>Le greffe de Bayonne est celui comp\u00e9tent pour toutes les villes et codes postaux ci-dessous.<\/p>\n<table  class=\"tg table-striped container-fluid\">\n<tbody>\n<tr>\n<th>Code postal<\/th>\n<th>Commune<\/th>\n<\/tr>\n<tr>\n<td>64220<\/td>\n<td>Ahaxe-Alciette-Bascassan<\/td>\n<\/tr>\n<tr>\n<td>64210<\/td>\n<td>Ahetze<\/td>\n<\/tr>\n<tr>\n<td>64120<\/td>\n<td>A&iuml;cirits-Camou-Suhast<\/td>\n<\/tr>\n<tr>\n<td>64220<\/td>\n<td>Aincille<\/td>\n<\/tr>\n<tr>\n<td>64220<\/td>\n<td>Ainhice-Mongelos<\/td>\n<\/tr>\n<tr>\n<td>64250<\/td>\n<td>Ainhoa<\/td>\n<\/tr>\n<tr>\n<td>64430<\/td>\n<td>Aldudes<\/td>\n<\/tr>\n<tr>\n<td>64120<\/td>\n<td>Amendeuix-Oneix<\/td>\n<\/tr>\n<tr>\n<td>64120<\/td>\n<td>Amorots-Succos<\/td>\n<\/tr>\n<tr>\n<td>64600<\/td>\n<td>Anglet<\/td>\n<\/tr>\n<tr>\n<td>64220<\/td>\n<td>Anhaux<\/td>\n<\/tr>\n<tr>\n<td>64270<\/td>\n<td>Arancou<\/td>\n<\/tr>\n<tr>\n<td>64120<\/td>\n<td>Arb&eacute;rats-Sill&egrave;gue<\/td>\n<\/tr>\n<tr>\n<td>64210<\/td>\n<td>Arbonne<\/td>\n<\/tr>\n<tr>\n<td>64120<\/td>\n<td>Arbouet-Sussaute<\/td>\n<\/tr>\n<tr>\n<td>64200<\/td>\n<td>Arcangues<\/td>\n<\/tr>\n<tr>\n<td>64120<\/td>\n<td>Arhansus<\/td>\n<\/tr>\n<tr>\n<td>64640<\/td>\n<td>Armendarits<\/td>\n<\/tr>\n<tr>\n<td>64220<\/td>\n<td>Arn&eacute;guy<\/td>\n<\/tr>\n<tr>\n<td>64120<\/td>\n<td>Aroue-Ithorots-Olha&iuml;by<\/td>\n<\/tr>\n<tr>\n<td>64120<\/td>\n<td>Arraute-Charritte<\/td>\n<\/tr>\n<tr>\n<td>64310<\/td>\n<td>Ascain<\/td>\n<\/tr>\n<tr>\n<td>64220<\/td>\n<td>Ascarat<\/td>\n<\/tr>\n<tr>\n<td>64240<\/td>\n<td>Ayherre<\/td>\n<\/tr>\n<tr>\n<td>64430<\/td>\n<td>Banca<\/td>\n<\/tr>\n<tr>\n<td>64520<\/td>\n<td>Bardos<\/td>\n<\/tr>\n<tr>\n<td>64200<\/td>\n<td>Bassussarry<\/td>\n<\/tr>\n<tr>\n<td>64100<\/td>\n<\/tr>\n<tr>\n<td>64120<\/td>\n<td>B&eacute;guios<\/td>\n<\/tr>\n<tr>\n<td>64120<\/td>\n<td>B&eacute;hasque-Lapiste<\/td>\n<\/tr>\n<tr>\n<td>64220<\/td>\n<td>B&eacute;horl&eacute;guy<\/td>\n<\/tr>\n<tr>\n<td>64270<\/td>\n<td>Bergouey-Viellenave<\/td>\n<\/tr>\n<tr>\n<td>64120<\/td>\n<td>Beyrie-sur-Joyeuse<\/td>\n<\/tr>\n<tr>\n<td>64200<\/td>\n<td>Biarritz<\/td>\n<\/tr>\n<tr>\n<td>64520<\/td>\n<td>Bidache<\/td>\n<\/tr>\n<tr>\n<td>64780<\/td>\n<td>Bidarray<\/td>\n<\/tr>\n<tr>\n<td>64210<\/td>\n<td>Bidart<\/td>\n<\/tr>\n<tr>\n<td>64700<\/td>\n<td>Biriatou<\/td>\n<\/tr>\n<tr>\n<td>64240<\/td>\n<td>Bonloc<\/td>\n<\/tr>\n<tr>\n<td>64340<\/td>\n<td>Boucau<\/td>\n<\/tr>\n<tr>\n<td>64240<\/td>\n<td>Briscous<\/td>\n<\/tr>\n<tr>\n<td>64120<\/td>\n<td>Bunus<\/td>\n<\/tr>\n<tr>\n<td>64220<\/td>\n<td>Bussunarits-Sarrasquette<\/td>\n<\/tr>\n<tr>\n<td>64220<\/td>\n<td>Bustince-Iriberry<\/td>\n<\/tr>\n<tr>\n<td>64250<\/td>\n<td>Cambo-les-Bains<\/td>\n<\/tr>\n<tr>\n<td>64520<\/td>\n<td>Came<\/td>\n<\/tr>\n<tr>\n<td>64220<\/td>\n<td>Caro<\/td>\n<\/tr>\n<tr>\n<td>64500<\/td>\n<td>Ciboure<\/td>\n<\/tr>\n<tr>\n<td>64120<\/td>\n<td>Domezain-Berraute<\/td>\n<\/tr>\n<tr>\n<td>64250<\/td>\n<td>Espelette<\/td>\n<\/tr>\n<tr>\n<td>64220<\/td>\n<td>Est&eacute;ren&ccedil;uby<\/td>\n<\/tr>\n<tr>\n<td>64120<\/td>\n<td>Etcharry<\/td>\n<\/tr>\n<tr>\n<td>64120<\/td>\n<td>Gabat<\/td>\n<\/tr>\n<tr>\n<td>64220<\/td>\n<td>Gamarthe<\/td>\n<\/tr>\n<tr>\n<td>64120<\/td>\n<td>Garris<\/td>\n<\/tr>\n<tr>\n<td>64190<\/td>\n<td>Gestas<\/td>\n<\/tr>\n<tr>\n<td>64210<\/td>\n<td>Gu&eacute;thary<\/td>\n<\/tr>\n<tr>\n<td>64520<\/td>\n<td>Guiche<\/td>\n<\/tr>\n<tr>\n<td>64480<\/td>\n<td>Halsou<\/td>\n<\/tr>\n<tr>\n<td>64240<\/td>\n<td>Hasparren<\/td>\n<\/tr>\n<tr>\n<td>64640<\/td>\n<td>H&eacute;lette<\/td>\n<\/tr>\n<tr>\n<td>64700<\/td>\n<td>Hendaye<\/td>\n<\/tr>\n<tr>\n<td>64120<\/td>\n<td>Hosta<\/td>\n<\/tr>\n<tr>\n<td>64120<\/td>\n<td>Ibarrolle<\/td>\n<\/tr>\n<tr>\n<td>64640<\/td>\n<td>Iholdy<\/td>\n<\/tr>\n<tr>\n<td>64120<\/td>\n<td>Ilharre<\/td>\n<\/tr>\n<tr>\n<td>64780<\/td>\n<td>Irissarry<\/td>\n<\/tr>\n<tr>\n<td>64220<\/td>\n<td>Iroul&eacute;guy<\/td>\n<\/tr>\n<tr>\n<td>64220<\/td>\n<td>Ispoure<\/td>\n<\/tr>\n<tr>\n<td>64240<\/td>\n<td>Isturits<\/td>\n<\/tr>\n<tr>\n<td>64250<\/td>\n<td>Itxassou<\/td>\n<\/tr>\n<tr>\n<td>64480<\/td>\n<td>Jatxou<\/td>\n<\/tr>\n<tr>\n<td>64220<\/td>\n<td>Jaxu<\/td>\n<\/tr>\n<tr>\n<td>64120<\/td>\n<td>Juxue<\/td>\n<\/tr>\n<tr>\n<td>64240<\/td>\n<td>La Bastide-Clairence<\/td>\n<\/tr>\n<tr>\n<td>64120<\/td>\n<td>Labets-Biscay<\/td>\n<\/tr>\n<tr>\n<td>64220<\/td>\n<td>Lacarre<\/td>\n<\/tr>\n<tr>\n<td>64990<\/td>\n<td>Lahonce<\/td>\n<\/tr>\n<tr>\n<td>64640<\/td>\n<td>Lantabat<\/td>\n<\/tr>\n<tr>\n<td>64120<\/td>\n<td>Larceveau-Arros-Cibits<\/td>\n<\/tr>\n<tr>\n<td>64480<\/td>\n<td>Larressore<\/td>\n<\/tr>\n<tr>\n<td>64120<\/td>\n<td>Larribar-Sorhapuru<\/td>\n<\/tr>\n<tr>\n<td>64220<\/td>\n<td>Lasse<\/td>\n<\/tr>\n<tr>\n<td>64220<\/td>\n<td>Lecumberry<\/td>\n<\/tr>\n<tr>\n<td>64120<\/td>\n<td>Lohitzun-Oyhercq<\/td>\n<\/tr>\n<tr>\n<td>64250<\/td>\n<td>Louhossoa<\/td>\n<\/tr>\n<tr>\n<td>64120<\/td>\n<td>Luxe-Sumberraute<\/td>\n<\/tr>\n<tr>\n<td>64240<\/td>\n<td>Macaye<\/td>\n<\/tr>\n<tr>\n<td>64120<\/td>\n<td>Masparraute<\/td>\n<\/tr>\n<tr>\n<td>64120<\/td>\n<td>M&eacute;harin<\/td>\n<\/tr>\n<tr>\n<td>64240<\/td>\n<td>Mendionde<\/td>\n<\/tr>\n<tr>\n<td>64220<\/td>\n<td>Mendive<\/td>\n<\/tr>\n<tr>\n<td>64990<\/td>\n<td>Mouguerre<\/td>\n<\/tr>\n<tr>\n<td>64120<\/td>\n<td>Or&egrave;gue<\/td>\n<\/tr>\n<tr>\n<td>64120<\/td>\n<td>Orsanco<\/td>\n<\/tr>\n<tr>\n<td>64390<\/td>\n<td>Osserain-Rivareyte<\/td>\n<\/tr>\n<tr>\n<td>64780<\/td>\n<td>Oss&egrave;s<\/td>\n<\/tr>\n<tr>\n<td>64120<\/td>\n<td>Ostabat-Asme<\/td>\n<\/tr>\n<tr>\n<td>64120<\/td>\n<td>Pagolle<\/td>\n<\/tr>\n<tr>\n<td>64640<\/td>\n<td>Saint-Esteben<\/td>\n<\/tr>\n<tr>\n<td>64430<\/td>\n<td>Saint-&Eacute;tienne-de-Ba&iuml;gorry<\/td>\n<\/tr>\n<tr>\n<td>64500<\/td>\n<td>Saint-Jean-de-Luz<\/td>\n<\/tr>\n<tr>\n<td>64220<\/td>\n<td>Saint-Jean-le-Vieux<\/td>\n<\/tr>\n<tr>\n<td>64220<\/td>\n<td>Saint-Jean-Pied-de-Port<\/td>\n<\/tr>\n<tr>\n<td>64120<\/td>\n<td>Saint-Just-Ibarre<\/td>\n<\/tr>\n<tr>\n<td>64640<\/td>\n<td>Saint-Martin-d&rsquo;Arberoue<\/td>\n<\/tr>\n<tr>\n<td>64780<\/td>\n<td>Saint-Martin-d&rsquo;Arrossa<\/td>\n<\/tr>\n<tr>\n<td>64220<\/td>\n<td>Saint-Michel<\/td>\n<\/tr>\n<tr>\n<td>64120<\/td>\n<td>Saint-Palais<\/td>\n<\/tr>\n<tr>\n<td>64310<\/td>\n<td>Saint-P&eacute;e-sur-Nivelle<\/td>\n<\/tr>\n<tr>\n<td>64990<\/td>\n<td>Saint-Pierre-d&rsquo;Irube<\/td>\n<\/tr>\n<tr>\n<td>64520<\/td>\n<td>Sames<\/td>\n<\/tr>\n<tr>\n<td>64310<\/td>\n<td>Sare<\/td>\n<\/tr>\n<tr>\n<td>64250<\/td>\n<td>Soura&iuml;de<\/td>\n<\/tr>\n<tr>\n<td>64780<\/td>\n<td>Suhescun<\/td>\n<\/tr>\n<tr>\n<td>64220<\/td>\n<td>Uhart-Cize<\/td>\n<\/tr>\n<tr>\n<td>64120<\/td>\n<td>Uhart-Mixe<\/td>\n<\/tr>\n<tr>\n<td>64990<\/td>\n<td>Urcuit<\/td>\n<\/tr>\n<tr>\n<td>64430<\/td>\n<td>Urepel<\/td>\n<\/tr>\n<tr>\n<td>64122<\/td>\n<td>Urrugne<\/td>\n<\/tr>\n<tr>\n<td>64240<\/td>\n<td>Urt<\/td>\n<\/tr>\n<tr>\n<td>64480<\/td>\n<td>Ustaritz<\/td>\n<\/tr>\n<tr>\n<td>64990<\/td>\n<td>Villefranque<\/td>\n<\/tr>\n<\/tbody>\n<\/table>\n","protected":false},"excerpt":{"rendered":"<p>Vous \u00eates domicili\u00e9 dans les Pyr\u00e9n\u00e9es-Atlantiques ? Pour vos formalit\u00e9s commerciales ou pour cr\u00e9er votre soci\u00e9t\u00e9, vous drevrez contacter le [&hellip;]<\/p>\n","protected":false},"author":1,"featured_media":0,"parent":1759,"menu_order":0,"comment_status":"closed","ping_status":"closed","template":"","meta":{"inline_featured_image":false,"footnotes":""},"class_list":["post-2629","page","type-page","status-publish","hentry"],"yoast_head":"<!-- This site is optimized with the Yoast SEO plugin v26.8 - https:\/\/yoast.com\/product\/yoast-seo-wordpress\/ -->\n<title>Greffe du tribunal de commerce de Bayonne - Actualit\u00e9 des entreprises<\/title>\n<meta name=\"robots\" content=\"index, follow, max-snippet:-1, max-image-preview:large, max-video-preview:-1\" \/>\n<link rel=\"canonical\" href=\"https:\/\/www.annonces-legales.org\/blog\/greffe\/greffe-du-tribunal-de-commerce-de-bayonne\/\" \/>\n<meta property=\"og:locale\" content=\"fr_FR\" \/>\n<meta property=\"og:type\" content=\"article\" \/>\n<meta property=\"og:title\" content=\"Greffe du tribunal de commerce de Bayonne - Actualit\u00e9 des entreprises\" \/>\n<meta property=\"og:description\" content=\"Vous \u00eates domicili\u00e9 dans les Pyr\u00e9n\u00e9es-Atlantiques ? Pour vos formalit\u00e9s commerciales ou pour cr\u00e9er votre soci\u00e9t\u00e9, vous drevrez contacter le [&hellip;]\" \/>\n<meta property=\"og:url\" content=\"https:\/\/www.annonces-legales.org\/blog\/greffe\/greffe-du-tribunal-de-commerce-de-bayonne\/\" \/>\n<meta property=\"og:site_name\" content=\"Actualit\u00e9 des entreprises\" \/>\n<meta property=\"og:image\" content=\"https:\/\/www.annonces-legales.org\/blog\/wp-content\/uploads\/2022\/01\/tribunal.png\" \/>\n\t<meta property=\"og:image:width\" content=\"640\" \/>\n\t<meta property=\"og:image:height\" content=\"612\" \/>\n\t<meta property=\"og:image:type\" content=\"image\/png\" \/>\n<meta name=\"twitter:card\" content=\"summary_large_image\" \/>\n<meta name=\"twitter:label1\" content=\"Dur\u00e9e de lecture estim\u00e9e\" \/>\n\t<meta name=\"twitter:data1\" content=\"1 minute\" \/>\n<script type=\"application\/ld+json\" class=\"yoast-schema-graph\">{\"@context\":\"https:\/\/schema.org\",\"@graph\":[{\"@type\":\"WebPage\",\"@id\":\"https:\/\/www.annonces-legales.org\/blog\/greffe\/greffe-du-tribunal-de-commerce-de-bayonne\/\",\"url\":\"https:\/\/www.annonces-legales.org\/blog\/greffe\/greffe-du-tribunal-de-commerce-de-bayonne\/\",\"name\":\"Greffe du tribunal de commerce de Bayonne - Actualit\u00e9 des entreprises\",\"isPartOf\":{\"@id\":\"https:\/\/www.annonces-legales.org\/blog\/#website\"},\"primaryImageOfPage\":{\"@id\":\"https:\/\/www.annonces-legales.org\/blog\/greffe\/greffe-du-tribunal-de-commerce-de-bayonne\/#primaryimage\"},\"image\":{\"@id\":\"https:\/\/www.annonces-legales.org\/blog\/greffe\/greffe-du-tribunal-de-commerce-de-bayonne\/#primaryimage\"},\"thumbnailUrl\":\"https:\/\/www.annonces-legales.org\/blog\/wp-content\/uploads\/2022\/01\/tribunal-150x150.png\",\"datePublished\":\"2022-02-01T17:24:53+00:00\",\"breadcrumb\":{\"@id\":\"https:\/\/www.annonces-legales.org\/blog\/greffe\/greffe-du-tribunal-de-commerce-de-bayonne\/#breadcrumb\"},\"inLanguage\":\"fr-FR\",\"potentialAction\":[{\"@type\":\"ReadAction\",\"target\":[\"https:\/\/www.annonces-legales.org\/blog\/greffe\/greffe-du-tribunal-de-commerce-de-bayonne\/\"]}]},{\"@type\":\"ImageObject\",\"inLanguage\":\"fr-FR\",\"@id\":\"https:\/\/www.annonces-legales.org\/blog\/greffe\/greffe-du-tribunal-de-commerce-de-bayonne\/#primaryimage\",\"url\":\"https:\/\/www.annonces-legales.org\/blog\/wp-content\/uploads\/2022\/01\/tribunal.png\",\"contentUrl\":\"https:\/\/www.annonces-legales.org\/blog\/wp-content\/uploads\/2022\/01\/tribunal.png\",\"width\":640,\"height\":612},{\"@type\":\"BreadcrumbList\",\"@id\":\"https:\/\/www.annonces-legales.org\/blog\/greffe\/greffe-du-tribunal-de-commerce-de-bayonne\/#breadcrumb\",\"itemListElement\":[{\"@type\":\"ListItem\",\"position\":1,\"name\":\"Accueil\",\"item\":\"https:\/\/www.annonces-legales.org\/blog\/\"},{\"@type\":\"ListItem\",\"position\":2,\"name\":\"Liste des Greffes des tribunaux de commerce\",\"item\":\"https:\/\/www.annonces-legales.org\/blog\/greffe\/\"},{\"@type\":\"ListItem\",\"position\":3,\"name\":\"Greffe du tribunal de commerce de Bayonne\"}]},{\"@type\":\"WebSite\",\"@id\":\"https:\/\/www.annonces-legales.org\/blog\/#website\",\"url\":\"https:\/\/www.annonces-legales.org\/blog\/\",\"name\":\"Actualit\u00e9 des entreprises\",\"description\":\"\",\"publisher\":{\"@id\":\"https:\/\/www.annonces-legales.org\/blog\/#organization\"},\"potentialAction\":[{\"@type\":\"SearchAction\",\"target\":{\"@type\":\"EntryPoint\",\"urlTemplate\":\"https:\/\/www.annonces-legales.org\/blog\/?s={search_term_string}\"},\"query-input\":{\"@type\":\"PropertyValueSpecification\",\"valueRequired\":true,\"valueName\":\"search_term_string\"}}],\"inLanguage\":\"fr-FR\"},{\"@type\":\"Organization\",\"@id\":\"https:\/\/www.annonces-legales.org\/blog\/#organization\",\"name\":\"Actualit\u00e9 des entreprises\",\"url\":\"https:\/\/www.annonces-legales.org\/blog\/\",\"logo\":{\"@type\":\"ImageObject\",\"inLanguage\":\"fr-FR\",\"@id\":\"https:\/\/www.annonces-legales.org\/blog\/#\/schema\/logo\/image\/\",\"url\":\"https:\/\/www.annonces-legales.org\/blog\/wp-content\/uploads\/2023\/08\/annonces-legales.svg\",\"contentUrl\":\"https:\/\/www.annonces-legales.org\/blog\/wp-content\/uploads\/2023\/08\/annonces-legales.svg\",\"caption\":\"Actualit\u00e9 des entreprises\"},\"image\":{\"@id\":\"https:\/\/www.annonces-legales.org\/blog\/#\/schema\/logo\/image\/\"}}]}<\/script>\n<!-- \/ Yoast SEO plugin. -->","yoast_head_json":{"title":"Greffe du tribunal de commerce de Bayonne - Actualit\u00e9 des entreprises","robots":{"index":"index","follow":"follow","max-snippet":"max-snippet:-1","max-image-preview":"max-image-preview:large","max-video-preview":"max-video-preview:-1"},"canonical":"https:\/\/www.annonces-legales.org\/blog\/greffe\/greffe-du-tribunal-de-commerce-de-bayonne\/","og_locale":"fr_FR","og_type":"article","og_title":"Greffe du tribunal de commerce de Bayonne - Actualit\u00e9 des entreprises","og_description":"Vous \u00eates domicili\u00e9 dans les Pyr\u00e9n\u00e9es-Atlantiques ? Pour vos formalit\u00e9s commerciales ou pour cr\u00e9er votre soci\u00e9t\u00e9, vous drevrez contacter le [&hellip;]","og_url":"https:\/\/www.annonces-legales.org\/blog\/greffe\/greffe-du-tribunal-de-commerce-de-bayonne\/","og_site_name":"Actualit\u00e9 des entreprises","og_image":[{"width":640,"height":612,"url":"https:\/\/www.annonces-legales.org\/blog\/wp-content\/uploads\/2022\/01\/tribunal.png","type":"image\/png"}],"twitter_card":"summary_large_image","twitter_misc":{"Dur\u00e9e de lecture estim\u00e9e":"1 minute"},"schema":{"@context":"https:\/\/schema.org","@graph":[{"@type":"WebPage","@id":"https:\/\/www.annonces-legales.org\/blog\/greffe\/greffe-du-tribunal-de-commerce-de-bayonne\/","url":"https:\/\/www.annonces-legales.org\/blog\/greffe\/greffe-du-tribunal-de-commerce-de-bayonne\/","name":"Greffe du tribunal de commerce de Bayonne - Actualit\u00e9 des entreprises","isPartOf":{"@id":"https:\/\/www.annonces-legales.org\/blog\/#website"},"primaryImageOfPage":{"@id":"https:\/\/www.annonces-legales.org\/blog\/greffe\/greffe-du-tribunal-de-commerce-de-bayonne\/#primaryimage"},"image":{"@id":"https:\/\/www.annonces-legales.org\/blog\/greffe\/greffe-du-tribunal-de-commerce-de-bayonne\/#primaryimage"},"thumbnailUrl":"https:\/\/www.annonces-legales.org\/blog\/wp-content\/uploads\/2022\/01\/tribunal-150x150.png","datePublished":"2022-02-01T17:24:53+00:00","breadcrumb":{"@id":"https:\/\/www.annonces-legales.org\/blog\/greffe\/greffe-du-tribunal-de-commerce-de-bayonne\/#breadcrumb"},"inLanguage":"fr-FR","potentialAction":[{"@type":"ReadAction","target":["https:\/\/www.annonces-legales.org\/blog\/greffe\/greffe-du-tribunal-de-commerce-de-bayonne\/"]}]},{"@type":"ImageObject","inLanguage":"fr-FR","@id":"https:\/\/www.annonces-legales.org\/blog\/greffe\/greffe-du-tribunal-de-commerce-de-bayonne\/#primaryimage","url":"https:\/\/www.annonces-legales.org\/blog\/wp-content\/uploads\/2022\/01\/tribunal.png","contentUrl":"https:\/\/www.annonces-legales.org\/blog\/wp-content\/uploads\/2022\/01\/tribunal.png","width":640,"height":612},{"@type":"BreadcrumbList","@id":"https:\/\/www.annonces-legales.org\/blog\/greffe\/greffe-du-tribunal-de-commerce-de-bayonne\/#breadcrumb","itemListElement":[{"@type":"ListItem","position":1,"name":"Accueil","item":"https:\/\/www.annonces-legales.org\/blog\/"},{"@type":"ListItem","position":2,"name":"Liste des Greffes des tribunaux de commerce","item":"https:\/\/www.annonces-legales.org\/blog\/greffe\/"},{"@type":"ListItem","position":3,"name":"Greffe du tribunal de commerce de Bayonne"}]},{"@type":"WebSite","@id":"https:\/\/www.annonces-legales.org\/blog\/#website","url":"https:\/\/www.annonces-legales.org\/blog\/","name":"Actualit\u00e9 des entreprises","description":"","publisher":{"@id":"https:\/\/www.annonces-legales.org\/blog\/#organization"},"potentialAction":[{"@type":"SearchAction","target":{"@type":"EntryPoint","urlTemplate":"https:\/\/www.annonces-legales.org\/blog\/?s={search_term_string}"},"query-input":{"@type":"PropertyValueSpecification","valueRequired":true,"valueName":"search_term_string"}}],"inLanguage":"fr-FR"},{"@type":"Organization","@id":"https:\/\/www.annonces-legales.org\/blog\/#organization","name":"Actualit\u00e9 des entreprises","url":"https:\/\/www.annonces-legales.org\/blog\/","logo":{"@type":"ImageObject","inLanguage":"fr-FR","@id":"https:\/\/www.annonces-legales.org\/blog\/#\/schema\/logo\/image\/","url":"https:\/\/www.annonces-legales.org\/blog\/wp-content\/uploads\/2023\/08\/annonces-legales.svg","contentUrl":"https:\/\/www.annonces-legales.org\/blog\/wp-content\/uploads\/2023\/08\/annonces-legales.svg","caption":"Actualit\u00e9 des entreprises"},"image":{"@id":"https:\/\/www.annonces-legales.org\/blog\/#\/schema\/logo\/image\/"}}]}},"_links":{"self":[{"href":"https:\/\/www.annonces-legales.org\/blog\/wp-json\/wp\/v2\/pages\/2629","targetHints":{"allow":["GET"]}}],"collection":[{"href":"https:\/\/www.annonces-legales.org\/blog\/wp-json\/wp\/v2\/pages"}],"about":[{"href":"https:\/\/www.annonces-legales.org\/blog\/wp-json\/wp\/v2\/types\/page"}],"author":[{"embeddable":true,"href":"https:\/\/www.annonces-legales.org\/blog\/wp-json\/wp\/v2\/users\/1"}],"replies":[{"embeddable":true,"href":"https:\/\/www.annonces-legales.org\/blog\/wp-json\/wp\/v2\/comments?post=2629"}],"version-history":[{"count":1,"href":"https:\/\/www.annonces-legales.org\/blog\/wp-json\/wp\/v2\/pages\/2629\/revisions"}],"predecessor-version":[{"id":2630,"href":"https:\/\/www.annonces-legales.org\/blog\/wp-json\/wp\/v2\/pages\/2629\/revisions\/2630"}],"up":[{"embeddable":true,"href":"https:\/\/www.annonces-legales.org\/blog\/wp-json\/wp\/v2\/pages\/1759"}],"wp:attachment":[{"href":"https:\/\/www.annonces-legales.org\/blog\/wp-json\/wp\/v2\/media?parent=2629"}],"curies":[{"name":"wp","href":"https:\/\/api.w.org\/{rel}","templated":true}]}}