{"id":400,"date":"2021-09-01T17:44:52","date_gmt":"2021-09-01T15:44:52","guid":{"rendered":"https:\/\/www.annonces-legales.org\/blog\/?page_id=400"},"modified":"2022-01-26T12:00:01","modified_gmt":"2022-01-26T11:00:01","slug":"la-voix-de-lain","status":"publish","type":"page","link":"https:\/\/www.annonces-legales.org\/blog\/la-voix-de-lain\/","title":{"rendered":"La voix de l&rsquo;Ain"},"content":{"rendered":"<p>&nbsp;<\/p>\n<h2><img loading=\"lazy\" decoding=\"async\" class=\"aligncenter size-full wp-image-402\" src=\"https:\/\/www.annonces-legales.org\/blog\/wp-content\/uploads\/2021\/09\/voix-de-lain.png\" alt=\"\" width=\"430\" height=\"71\" srcset=\"https:\/\/www.annonces-legales.org\/blog\/wp-content\/uploads\/2021\/09\/voix-de-lain.png 430w, https:\/\/www.annonces-legales.org\/blog\/wp-content\/uploads\/2021\/09\/voix-de-lain-300x50.png 300w\" sizes=\"auto, (max-width: 430px) 100vw, 430px\" \/><\/h2>\n<h2>La Voix de l&rsquo;Ain, JAL<\/h2>\n<p>La Voix de l&rsquo;Ain para\u00eet tous les vendredis \u00e0 plus de 11 000 exemplaires.<\/p>\n<p>C&rsquo;est un hebdomadaire r\u00e9gional qui a re\u00e7u l&rsquo;<strong>habilitation pour pouvoir publier des annonces judiciaires et l\u00e9gales<\/strong> pour le d\u00e9partement de l&rsquo;Ain (01).<\/p>\n<p>Il poss\u00e8de un site Internet <strong>voixdelain.fr<\/strong> qui a une autre habilitation en tant que <strong>SPEL<\/strong> (ce site internet est habilit\u00e9 pour le d\u00e9partement de Sa\u00f4ne-et-Loire et de l&rsquo;Ain).<\/p>\n<p>Contrairement \u00e0 d&rsquo;autres journaux hebdomadaires qui ne publient que 50 semaines par an, La Voix de l&rsquo;Ain est publi\u00e9e chaque semaine, sans exception.<\/p>\n<p>Plusieurs titres de presse catholique de l&rsquo;Ain ont fusionn\u00e9 pour donner naissance en 1957 \u00e0 ce journal hebdomadaire. Le journal appartient au <strong>groupe HCR<\/strong> qui \u00e9dite \u00e9galement les journaux Hebdo de l&rsquo;Ard\u00e8che et Peuple Libre.<\/p>\n<p>Le journal est vendu 1,80 euro. Un abonnement annuel papier + num\u00e9rique co\u00fbte 89 \u20ac tandis que l&rsquo;abonnement uniquement papier co\u00fbte 84 \u20ac. Un abonnement uniquement num\u00e9rique sera factur\u00e9 seulement 59 \u20ac par an, c&rsquo;est la formule la moins ch\u00e8re.<\/p>\n<p>L&rsquo;adresse du journal et 18 bis rue Lalande 10 03 Bourg-en-Bresse. L&rsquo;e-mail du journal est accueil@voixdelain.fr<\/p>\n<p>&nbsp;<\/p>\n<h2>Publier sur notre plateforme est facile et moins couteux<\/h2>\n<p><a href=\"https:\/\/www.annonces-legales.org\">annonces-legales.org<\/a> travaille en coordination avec de nombreux journaux d&rsquo;annonce l\u00e9gale et permet de faire une publication l\u00e9gale dans tout l&rsquo;hexagone. Vous pouvez ainsi faire une publication officielle dans un journal habilit\u00e9 de l&rsquo;Ain.<br \/>\nVous pouvez donc utiliser La <strong>Voix de l&rsquo;Ain<\/strong> mais il y a d&rsquo;autres possibilit\u00e9s.<\/p>\n<p>Vous pouvez aussi comparer les prix de plusieurs journaux d&rsquo;annonce l\u00e9gale de votre d\u00e9partement en quelques clics.<\/p>\n<p>&nbsp;<\/p>\n<h3>Quel journal habilit\u00e9 choisir pour mon annonce l\u00e9gale et judiciaire dans le 01 ?<\/h3>\n<p>Le choix du quotidien n&rsquo;a aucune importance, une annonce l\u00e9gale et judiciaire doit simplement \u00eatre faite sur un journal ou une plateforme valid\u00e9 par la pr\u00e9fecture du d\u00e9partement.<\/p>\n<p>&nbsp;<\/p>\n<h3>En savoir plus au sujet de ces annonces<\/h3>\n<p>Officiellement, les <strong>annonces l\u00e9gales<\/strong> ne sont pas une taxe ou une contribution fiscale.<br \/>\nOr, leur nature indispensable et les \u00e9tapes indispensables pour effectuer cette obligation en font quelque chose de similaire.<\/p>\n<p>Pour l&rsquo;administration, les annonces servent \u00e0 am\u00e9liorer la transparence des entreprise de l&rsquo;Ain et de toute la France. Cette formalit\u00e9 n&rsquo;est donc pas pr\u00eat de mourir.<br \/>\nLe gouvernement a n\u00e9anmoins jug\u00e9 important de simplifier cette formalit\u00e9 et d&rsquo;abaisser son montant.<br \/>\nAvec la loi pacte, les avis de constitution sont devenu forfaitaire et les journaux num\u00e9rique peuvent aussi devenir habilit\u00e9s.<\/p>\n","protected":false},"excerpt":{"rendered":"<p>&nbsp; La Voix de l&rsquo;Ain, JAL La Voix de l&rsquo;Ain para\u00eet tous les vendredis \u00e0 plus de 11 000 exemplaires. [&hellip;]<\/p>\n","protected":false},"author":1,"featured_media":0,"parent":351,"menu_order":0,"comment_status":"closed","ping_status":"closed","template":"","meta":{"inline_featured_image":false,"footnotes":""},"class_list":["post-400","page","type-page","status-publish","hentry"],"yoast_head":"<!-- This site is optimized with the Yoast SEO plugin v26.8 - https:\/\/yoast.com\/product\/yoast-seo-wordpress\/ -->\n<title>La voix de l&#039;Ain - Actualit\u00e9 des entreprises<\/title>\n<meta name=\"robots\" content=\"index, follow, max-snippet:-1, max-image-preview:large, max-video-preview:-1\" \/>\n<link rel=\"canonical\" href=\"https:\/\/www.annonces-legales.org\/blog\/la-voix-de-lain\/\" \/>\n<meta property=\"og:locale\" content=\"fr_FR\" \/>\n<meta property=\"og:type\" content=\"article\" \/>\n<meta property=\"og:title\" content=\"La voix de l&#039;Ain - Actualit\u00e9 des entreprises\" \/>\n<meta property=\"og:description\" content=\"&nbsp; La Voix de l&rsquo;Ain, JAL La Voix de l&rsquo;Ain para\u00eet tous les vendredis \u00e0 plus de 11 000 exemplaires. [&hellip;]\" \/>\n<meta property=\"og:url\" content=\"https:\/\/www.annonces-legales.org\/blog\/la-voix-de-lain\/\" \/>\n<meta property=\"og:site_name\" content=\"Actualit\u00e9 des entreprises\" \/>\n<meta property=\"article:modified_time\" content=\"2022-01-26T11:00:01+00:00\" \/>\n<meta property=\"og:image\" content=\"https:\/\/www.annonces-legales.org\/blog\/wp-content\/uploads\/2021\/09\/voix-de-lain.png\" \/>\n\t<meta property=\"og:image:width\" content=\"430\" \/>\n\t<meta property=\"og:image:height\" content=\"71\" \/>\n\t<meta property=\"og:image:type\" content=\"image\/png\" \/>\n<meta name=\"twitter:card\" content=\"summary_large_image\" \/>\n<meta name=\"twitter:label1\" content=\"Dur\u00e9e de lecture estim\u00e9e\" \/>\n\t<meta name=\"twitter:data1\" content=\"2 minutes\" \/>\n<script type=\"application\/ld+json\" class=\"yoast-schema-graph\">{\"@context\":\"https:\/\/schema.org\",\"@graph\":[{\"@type\":\"WebPage\",\"@id\":\"https:\/\/www.annonces-legales.org\/blog\/la-voix-de-lain\/\",\"url\":\"https:\/\/www.annonces-legales.org\/blog\/la-voix-de-lain\/\",\"name\":\"La voix de l'Ain - Actualit\u00e9 des entreprises\",\"isPartOf\":{\"@id\":\"https:\/\/www.annonces-legales.org\/blog\/#website\"},\"primaryImageOfPage\":{\"@id\":\"https:\/\/www.annonces-legales.org\/blog\/la-voix-de-lain\/#primaryimage\"},\"image\":{\"@id\":\"https:\/\/www.annonces-legales.org\/blog\/la-voix-de-lain\/#primaryimage\"},\"thumbnailUrl\":\"https:\/\/www.annonces-legales.org\/blog\/wp-content\/uploads\/2021\/09\/voix-de-lain.png\",\"datePublished\":\"2021-09-01T15:44:52+00:00\",\"dateModified\":\"2022-01-26T11:00:01+00:00\",\"breadcrumb\":{\"@id\":\"https:\/\/www.annonces-legales.org\/blog\/la-voix-de-lain\/#breadcrumb\"},\"inLanguage\":\"fr-FR\",\"potentialAction\":[{\"@type\":\"ReadAction\",\"target\":[\"https:\/\/www.annonces-legales.org\/blog\/la-voix-de-lain\/\"]}]},{\"@type\":\"ImageObject\",\"inLanguage\":\"fr-FR\",\"@id\":\"https:\/\/www.annonces-legales.org\/blog\/la-voix-de-lain\/#primaryimage\",\"url\":\"https:\/\/www.annonces-legales.org\/blog\/wp-content\/uploads\/2021\/09\/voix-de-lain.png\",\"contentUrl\":\"https:\/\/www.annonces-legales.org\/blog\/wp-content\/uploads\/2021\/09\/voix-de-lain.png\",\"width\":430,\"height\":71},{\"@type\":\"BreadcrumbList\",\"@id\":\"https:\/\/www.annonces-legales.org\/blog\/la-voix-de-lain\/#breadcrumb\",\"itemListElement\":[{\"@type\":\"ListItem\",\"position\":1,\"name\":\"Accueil\",\"item\":\"https:\/\/www.annonces-legales.org\/blog\/\"},{\"@type\":\"ListItem\",\"position\":2,\"name\":\"Liste des journaux habilit\u00e9s \u00e0 publier des annonces l\u00e9gales\",\"item\":\"https:\/\/www.annonces-legales.org\/blog\/liste-des-journaux-habilites-a-publier-des-annonces-legales\/\"},{\"@type\":\"ListItem\",\"position\":3,\"name\":\"La voix de l&rsquo;Ain\"}]},{\"@type\":\"WebSite\",\"@id\":\"https:\/\/www.annonces-legales.org\/blog\/#website\",\"url\":\"https:\/\/www.annonces-legales.org\/blog\/\",\"name\":\"Actualit\u00e9 des entreprises\",\"description\":\"\",\"publisher\":{\"@id\":\"https:\/\/www.annonces-legales.org\/blog\/#organization\"},\"potentialAction\":[{\"@type\":\"SearchAction\",\"target\":{\"@type\":\"EntryPoint\",\"urlTemplate\":\"https:\/\/www.annonces-legales.org\/blog\/?s={search_term_string}\"},\"query-input\":{\"@type\":\"PropertyValueSpecification\",\"valueRequired\":true,\"valueName\":\"search_term_string\"}}],\"inLanguage\":\"fr-FR\"},{\"@type\":\"Organization\",\"@id\":\"https:\/\/www.annonces-legales.org\/blog\/#organization\",\"name\":\"Actualit\u00e9 des entreprises\",\"url\":\"https:\/\/www.annonces-legales.org\/blog\/\",\"logo\":{\"@type\":\"ImageObject\",\"inLanguage\":\"fr-FR\",\"@id\":\"https:\/\/www.annonces-legales.org\/blog\/#\/schema\/logo\/image\/\",\"url\":\"https:\/\/www.annonces-legales.org\/blog\/wp-content\/uploads\/2023\/08\/annonces-legales.svg\",\"contentUrl\":\"https:\/\/www.annonces-legales.org\/blog\/wp-content\/uploads\/2023\/08\/annonces-legales.svg\",\"caption\":\"Actualit\u00e9 des entreprises\"},\"image\":{\"@id\":\"https:\/\/www.annonces-legales.org\/blog\/#\/schema\/logo\/image\/\"}}]}<\/script>\n<!-- \/ Yoast SEO plugin. -->","yoast_head_json":{"title":"La voix de l'Ain - Actualit\u00e9 des entreprises","robots":{"index":"index","follow":"follow","max-snippet":"max-snippet:-1","max-image-preview":"max-image-preview:large","max-video-preview":"max-video-preview:-1"},"canonical":"https:\/\/www.annonces-legales.org\/blog\/la-voix-de-lain\/","og_locale":"fr_FR","og_type":"article","og_title":"La voix de l'Ain - Actualit\u00e9 des entreprises","og_description":"&nbsp; La Voix de l&rsquo;Ain, JAL La Voix de l&rsquo;Ain para\u00eet tous les vendredis \u00e0 plus de 11 000 exemplaires. [&hellip;]","og_url":"https:\/\/www.annonces-legales.org\/blog\/la-voix-de-lain\/","og_site_name":"Actualit\u00e9 des entreprises","article_modified_time":"2022-01-26T11:00:01+00:00","og_image":[{"width":430,"height":71,"url":"https:\/\/www.annonces-legales.org\/blog\/wp-content\/uploads\/2021\/09\/voix-de-lain.png","type":"image\/png"}],"twitter_card":"summary_large_image","twitter_misc":{"Dur\u00e9e de lecture estim\u00e9e":"2 minutes"},"schema":{"@context":"https:\/\/schema.org","@graph":[{"@type":"WebPage","@id":"https:\/\/www.annonces-legales.org\/blog\/la-voix-de-lain\/","url":"https:\/\/www.annonces-legales.org\/blog\/la-voix-de-lain\/","name":"La voix de l'Ain - Actualit\u00e9 des entreprises","isPartOf":{"@id":"https:\/\/www.annonces-legales.org\/blog\/#website"},"primaryImageOfPage":{"@id":"https:\/\/www.annonces-legales.org\/blog\/la-voix-de-lain\/#primaryimage"},"image":{"@id":"https:\/\/www.annonces-legales.org\/blog\/la-voix-de-lain\/#primaryimage"},"thumbnailUrl":"https:\/\/www.annonces-legales.org\/blog\/wp-content\/uploads\/2021\/09\/voix-de-lain.png","datePublished":"2021-09-01T15:44:52+00:00","dateModified":"2022-01-26T11:00:01+00:00","breadcrumb":{"@id":"https:\/\/www.annonces-legales.org\/blog\/la-voix-de-lain\/#breadcrumb"},"inLanguage":"fr-FR","potentialAction":[{"@type":"ReadAction","target":["https:\/\/www.annonces-legales.org\/blog\/la-voix-de-lain\/"]}]},{"@type":"ImageObject","inLanguage":"fr-FR","@id":"https:\/\/www.annonces-legales.org\/blog\/la-voix-de-lain\/#primaryimage","url":"https:\/\/www.annonces-legales.org\/blog\/wp-content\/uploads\/2021\/09\/voix-de-lain.png","contentUrl":"https:\/\/www.annonces-legales.org\/blog\/wp-content\/uploads\/2021\/09\/voix-de-lain.png","width":430,"height":71},{"@type":"BreadcrumbList","@id":"https:\/\/www.annonces-legales.org\/blog\/la-voix-de-lain\/#breadcrumb","itemListElement":[{"@type":"ListItem","position":1,"name":"Accueil","item":"https:\/\/www.annonces-legales.org\/blog\/"},{"@type":"ListItem","position":2,"name":"Liste des journaux habilit\u00e9s \u00e0 publier des annonces l\u00e9gales","item":"https:\/\/www.annonces-legales.org\/blog\/liste-des-journaux-habilites-a-publier-des-annonces-legales\/"},{"@type":"ListItem","position":3,"name":"La voix de l&rsquo;Ain"}]},{"@type":"WebSite","@id":"https:\/\/www.annonces-legales.org\/blog\/#website","url":"https:\/\/www.annonces-legales.org\/blog\/","name":"Actualit\u00e9 des entreprises","description":"","publisher":{"@id":"https:\/\/www.annonces-legales.org\/blog\/#organization"},"potentialAction":[{"@type":"SearchAction","target":{"@type":"EntryPoint","urlTemplate":"https:\/\/www.annonces-legales.org\/blog\/?s={search_term_string}"},"query-input":{"@type":"PropertyValueSpecification","valueRequired":true,"valueName":"search_term_string"}}],"inLanguage":"fr-FR"},{"@type":"Organization","@id":"https:\/\/www.annonces-legales.org\/blog\/#organization","name":"Actualit\u00e9 des entreprises","url":"https:\/\/www.annonces-legales.org\/blog\/","logo":{"@type":"ImageObject","inLanguage":"fr-FR","@id":"https:\/\/www.annonces-legales.org\/blog\/#\/schema\/logo\/image\/","url":"https:\/\/www.annonces-legales.org\/blog\/wp-content\/uploads\/2023\/08\/annonces-legales.svg","contentUrl":"https:\/\/www.annonces-legales.org\/blog\/wp-content\/uploads\/2023\/08\/annonces-legales.svg","caption":"Actualit\u00e9 des entreprises"},"image":{"@id":"https:\/\/www.annonces-legales.org\/blog\/#\/schema\/logo\/image\/"}}]}},"_links":{"self":[{"href":"https:\/\/www.annonces-legales.org\/blog\/wp-json\/wp\/v2\/pages\/400","targetHints":{"allow":["GET"]}}],"collection":[{"href":"https:\/\/www.annonces-legales.org\/blog\/wp-json\/wp\/v2\/pages"}],"about":[{"href":"https:\/\/www.annonces-legales.org\/blog\/wp-json\/wp\/v2\/types\/page"}],"author":[{"embeddable":true,"href":"https:\/\/www.annonces-legales.org\/blog\/wp-json\/wp\/v2\/users\/1"}],"replies":[{"embeddable":true,"href":"https:\/\/www.annonces-legales.org\/blog\/wp-json\/wp\/v2\/comments?post=400"}],"version-history":[{"count":2,"href":"https:\/\/www.annonces-legales.org\/blog\/wp-json\/wp\/v2\/pages\/400\/revisions"}],"predecessor-version":[{"id":403,"href":"https:\/\/www.annonces-legales.org\/blog\/wp-json\/wp\/v2\/pages\/400\/revisions\/403"}],"up":[{"embeddable":true,"href":"https:\/\/www.annonces-legales.org\/blog\/wp-json\/wp\/v2\/pages\/351"}],"wp:attachment":[{"href":"https:\/\/www.annonces-legales.org\/blog\/wp-json\/wp\/v2\/media?parent=400"}],"curies":[{"name":"wp","href":"https:\/\/api.w.org\/{rel}","templated":true}]}}