{"id":533,"date":"2021-09-01T22:47:38","date_gmt":"2021-09-01T20:47:38","guid":{"rendered":"https:\/\/www.annonces-legales.org\/blog\/?page_id=533"},"modified":"2022-01-26T12:14:37","modified_gmt":"2022-01-26T11:14:37","slug":"semaine-du-minervois","status":"publish","type":"page","link":"https:\/\/www.annonces-legales.org\/blog\/semaine-du-minervois\/","title":{"rendered":"Semaine du Minervois"},"content":{"rendered":"<p><img loading=\"lazy\" decoding=\"async\" class=\"aligncenter size-full wp-image-534\" src=\"https:\/\/www.annonces-legales.org\/blog\/wp-content\/uploads\/2021\/09\/Semaine-du-Minervois.png\" alt=\"\" width=\"330\" height=\"97\" srcset=\"https:\/\/www.annonces-legales.org\/blog\/wp-content\/uploads\/2021\/09\/Semaine-du-Minervois.png 330w, https:\/\/www.annonces-legales.org\/blog\/wp-content\/uploads\/2021\/09\/Semaine-du-Minervois-300x88.png 300w\" sizes=\"auto, (max-width: 330px) 100vw, 330px\" \/><\/p>\n<p>La <strong>Semaine du Minervois<\/strong> est, comme son nom l&rsquo;indique, un hebdomadaire. Celui-ci para\u00eet tous les jeudis Au prix de 1,50 \u20ac. Ce journal g\u00e9n\u00e9raliste informe sur l&rsquo;<strong>actualit\u00e9 du Minervois<\/strong>, de l&rsquo;Aude et de l&rsquo;H\u00e9rault. Son niveau de diffusion est de 2200 exemplaires. Son format est de 38 cm x 22 cm.<\/p>\n<p>Ce journal a \u00e9t\u00e9 fond\u00e9 en 1997 par Philippe Keller et Sylvie Abbal. L&rsquo;objectif du journal et d&rsquo;aider au d\u00e9veloppement \u00e9conomique et social du territoire du minervois qui est \u00e0 la limite de plusieurs d\u00e9partements et de plusieurs agglom\u00e9rations, et qui avait du mal avoir sa v\u00e9ritable identit\u00e9. Aujourd&rsquo;hui, le journal est publi\u00e9 dans plus de 72 villes. Il est aussi disponible par abonnement (70 \u20ac pour 12 mois).<\/p>\n<p>Les locaux de la r\u00e9daction du journal sont 7 bis avenue d&rsquo;Homps 34210 Olonzac. Il est possible d&rsquo;appeler le journal aux 04 68 27 86 86. le journal a r\u00e9cemment cr\u00e9\u00e9 une page internet visible en vous rendant sur semaineduminervois.com. Vous pouvez y consulter quelques actualit\u00e9s locales mais aussi acheter les petites annonces, de la publicit\u00e9, ou des annonces l\u00e9gales.<\/p>\n<p>Les pr\u00e9fectures de l&rsquo;H\u00e9rault et de l&rsquo;Aude octroy\u00e9e \u00e0 la <strong>Semaine du Minervois<\/strong> une habilitation afin qu&rsquo;il puisse d\u00e9poser des annonces l\u00e9gales pour les entreprises de ces deux d\u00e9partements. Cet hebdomadaire a re\u00e7u cette habilitation car il r\u00e9pond aux nombreux crit\u00e8res demand\u00e9s (contenu du journal, quantit\u00e9 d&rsquo;exemplaires vendus, inscription \u00e0 la commission paritaire des agences de presse\u2026).<\/p>\n","protected":false},"excerpt":{"rendered":"<p>La Semaine du Minervois est, comme son nom l&rsquo;indique, un hebdomadaire. Celui-ci para\u00eet tous les jeudis Au prix de 1,50 [&hellip;]<\/p>\n","protected":false},"author":1,"featured_media":0,"parent":351,"menu_order":0,"comment_status":"closed","ping_status":"closed","template":"","meta":{"inline_featured_image":false,"footnotes":""},"class_list":["post-533","page","type-page","status-publish","hentry"],"yoast_head":"<!-- This site is optimized with the Yoast SEO plugin v26.8 - https:\/\/yoast.com\/product\/yoast-seo-wordpress\/ -->\n<title>Semaine du Minervois - Actualit\u00e9 des entreprises<\/title>\n<meta name=\"robots\" content=\"index, follow, max-snippet:-1, max-image-preview:large, max-video-preview:-1\" \/>\n<link rel=\"canonical\" href=\"https:\/\/www.annonces-legales.org\/blog\/semaine-du-minervois\/\" \/>\n<meta property=\"og:locale\" content=\"fr_FR\" \/>\n<meta property=\"og:type\" content=\"article\" \/>\n<meta property=\"og:title\" content=\"Semaine du Minervois - Actualit\u00e9 des entreprises\" \/>\n<meta property=\"og:description\" content=\"La Semaine du Minervois est, comme son nom l&rsquo;indique, un hebdomadaire. Celui-ci para\u00eet tous les jeudis Au prix de 1,50 [&hellip;]\" \/>\n<meta property=\"og:url\" content=\"https:\/\/www.annonces-legales.org\/blog\/semaine-du-minervois\/\" \/>\n<meta property=\"og:site_name\" content=\"Actualit\u00e9 des entreprises\" \/>\n<meta property=\"article:modified_time\" content=\"2022-01-26T11:14:37+00:00\" \/>\n<meta property=\"og:image\" content=\"https:\/\/www.annonces-legales.org\/blog\/wp-content\/uploads\/2021\/09\/Semaine-du-Minervois.png\" \/>\n\t<meta property=\"og:image:width\" content=\"330\" \/>\n\t<meta property=\"og:image:height\" content=\"97\" \/>\n\t<meta property=\"og:image:type\" content=\"image\/png\" \/>\n<meta name=\"twitter:card\" content=\"summary_large_image\" \/>\n<meta name=\"twitter:label1\" content=\"Dur\u00e9e de lecture estim\u00e9e\" \/>\n\t<meta name=\"twitter:data1\" content=\"1 minute\" \/>\n<script type=\"application\/ld+json\" class=\"yoast-schema-graph\">{\"@context\":\"https:\/\/schema.org\",\"@graph\":[{\"@type\":\"WebPage\",\"@id\":\"https:\/\/www.annonces-legales.org\/blog\/semaine-du-minervois\/\",\"url\":\"https:\/\/www.annonces-legales.org\/blog\/semaine-du-minervois\/\",\"name\":\"Semaine du Minervois - Actualit\u00e9 des entreprises\",\"isPartOf\":{\"@id\":\"https:\/\/www.annonces-legales.org\/blog\/#website\"},\"primaryImageOfPage\":{\"@id\":\"https:\/\/www.annonces-legales.org\/blog\/semaine-du-minervois\/#primaryimage\"},\"image\":{\"@id\":\"https:\/\/www.annonces-legales.org\/blog\/semaine-du-minervois\/#primaryimage\"},\"thumbnailUrl\":\"https:\/\/www.annonces-legales.org\/blog\/wp-content\/uploads\/2021\/09\/Semaine-du-Minervois.png\",\"datePublished\":\"2021-09-01T20:47:38+00:00\",\"dateModified\":\"2022-01-26T11:14:37+00:00\",\"breadcrumb\":{\"@id\":\"https:\/\/www.annonces-legales.org\/blog\/semaine-du-minervois\/#breadcrumb\"},\"inLanguage\":\"fr-FR\",\"potentialAction\":[{\"@type\":\"ReadAction\",\"target\":[\"https:\/\/www.annonces-legales.org\/blog\/semaine-du-minervois\/\"]}]},{\"@type\":\"ImageObject\",\"inLanguage\":\"fr-FR\",\"@id\":\"https:\/\/www.annonces-legales.org\/blog\/semaine-du-minervois\/#primaryimage\",\"url\":\"https:\/\/www.annonces-legales.org\/blog\/wp-content\/uploads\/2021\/09\/Semaine-du-Minervois.png\",\"contentUrl\":\"https:\/\/www.annonces-legales.org\/blog\/wp-content\/uploads\/2021\/09\/Semaine-du-Minervois.png\",\"width\":330,\"height\":97},{\"@type\":\"BreadcrumbList\",\"@id\":\"https:\/\/www.annonces-legales.org\/blog\/semaine-du-minervois\/#breadcrumb\",\"itemListElement\":[{\"@type\":\"ListItem\",\"position\":1,\"name\":\"Accueil\",\"item\":\"https:\/\/www.annonces-legales.org\/blog\/\"},{\"@type\":\"ListItem\",\"position\":2,\"name\":\"Liste des journaux habilit\u00e9s \u00e0 publier des annonces l\u00e9gales\",\"item\":\"https:\/\/www.annonces-legales.org\/blog\/liste-des-journaux-habilites-a-publier-des-annonces-legales\/\"},{\"@type\":\"ListItem\",\"position\":3,\"name\":\"Semaine du Minervois\"}]},{\"@type\":\"WebSite\",\"@id\":\"https:\/\/www.annonces-legales.org\/blog\/#website\",\"url\":\"https:\/\/www.annonces-legales.org\/blog\/\",\"name\":\"Actualit\u00e9 des entreprises\",\"description\":\"\",\"publisher\":{\"@id\":\"https:\/\/www.annonces-legales.org\/blog\/#organization\"},\"potentialAction\":[{\"@type\":\"SearchAction\",\"target\":{\"@type\":\"EntryPoint\",\"urlTemplate\":\"https:\/\/www.annonces-legales.org\/blog\/?s={search_term_string}\"},\"query-input\":{\"@type\":\"PropertyValueSpecification\",\"valueRequired\":true,\"valueName\":\"search_term_string\"}}],\"inLanguage\":\"fr-FR\"},{\"@type\":\"Organization\",\"@id\":\"https:\/\/www.annonces-legales.org\/blog\/#organization\",\"name\":\"Actualit\u00e9 des entreprises\",\"url\":\"https:\/\/www.annonces-legales.org\/blog\/\",\"logo\":{\"@type\":\"ImageObject\",\"inLanguage\":\"fr-FR\",\"@id\":\"https:\/\/www.annonces-legales.org\/blog\/#\/schema\/logo\/image\/\",\"url\":\"https:\/\/www.annonces-legales.org\/blog\/wp-content\/uploads\/2023\/08\/annonces-legales.svg\",\"contentUrl\":\"https:\/\/www.annonces-legales.org\/blog\/wp-content\/uploads\/2023\/08\/annonces-legales.svg\",\"caption\":\"Actualit\u00e9 des entreprises\"},\"image\":{\"@id\":\"https:\/\/www.annonces-legales.org\/blog\/#\/schema\/logo\/image\/\"}}]}<\/script>\n<!-- \/ Yoast SEO plugin. -->","yoast_head_json":{"title":"Semaine du Minervois - Actualit\u00e9 des entreprises","robots":{"index":"index","follow":"follow","max-snippet":"max-snippet:-1","max-image-preview":"max-image-preview:large","max-video-preview":"max-video-preview:-1"},"canonical":"https:\/\/www.annonces-legales.org\/blog\/semaine-du-minervois\/","og_locale":"fr_FR","og_type":"article","og_title":"Semaine du Minervois - Actualit\u00e9 des entreprises","og_description":"La Semaine du Minervois est, comme son nom l&rsquo;indique, un hebdomadaire. Celui-ci para\u00eet tous les jeudis Au prix de 1,50 [&hellip;]","og_url":"https:\/\/www.annonces-legales.org\/blog\/semaine-du-minervois\/","og_site_name":"Actualit\u00e9 des entreprises","article_modified_time":"2022-01-26T11:14:37+00:00","og_image":[{"width":330,"height":97,"url":"https:\/\/www.annonces-legales.org\/blog\/wp-content\/uploads\/2021\/09\/Semaine-du-Minervois.png","type":"image\/png"}],"twitter_card":"summary_large_image","twitter_misc":{"Dur\u00e9e de lecture estim\u00e9e":"1 minute"},"schema":{"@context":"https:\/\/schema.org","@graph":[{"@type":"WebPage","@id":"https:\/\/www.annonces-legales.org\/blog\/semaine-du-minervois\/","url":"https:\/\/www.annonces-legales.org\/blog\/semaine-du-minervois\/","name":"Semaine du Minervois - Actualit\u00e9 des entreprises","isPartOf":{"@id":"https:\/\/www.annonces-legales.org\/blog\/#website"},"primaryImageOfPage":{"@id":"https:\/\/www.annonces-legales.org\/blog\/semaine-du-minervois\/#primaryimage"},"image":{"@id":"https:\/\/www.annonces-legales.org\/blog\/semaine-du-minervois\/#primaryimage"},"thumbnailUrl":"https:\/\/www.annonces-legales.org\/blog\/wp-content\/uploads\/2021\/09\/Semaine-du-Minervois.png","datePublished":"2021-09-01T20:47:38+00:00","dateModified":"2022-01-26T11:14:37+00:00","breadcrumb":{"@id":"https:\/\/www.annonces-legales.org\/blog\/semaine-du-minervois\/#breadcrumb"},"inLanguage":"fr-FR","potentialAction":[{"@type":"ReadAction","target":["https:\/\/www.annonces-legales.org\/blog\/semaine-du-minervois\/"]}]},{"@type":"ImageObject","inLanguage":"fr-FR","@id":"https:\/\/www.annonces-legales.org\/blog\/semaine-du-minervois\/#primaryimage","url":"https:\/\/www.annonces-legales.org\/blog\/wp-content\/uploads\/2021\/09\/Semaine-du-Minervois.png","contentUrl":"https:\/\/www.annonces-legales.org\/blog\/wp-content\/uploads\/2021\/09\/Semaine-du-Minervois.png","width":330,"height":97},{"@type":"BreadcrumbList","@id":"https:\/\/www.annonces-legales.org\/blog\/semaine-du-minervois\/#breadcrumb","itemListElement":[{"@type":"ListItem","position":1,"name":"Accueil","item":"https:\/\/www.annonces-legales.org\/blog\/"},{"@type":"ListItem","position":2,"name":"Liste des journaux habilit\u00e9s \u00e0 publier des annonces l\u00e9gales","item":"https:\/\/www.annonces-legales.org\/blog\/liste-des-journaux-habilites-a-publier-des-annonces-legales\/"},{"@type":"ListItem","position":3,"name":"Semaine du Minervois"}]},{"@type":"WebSite","@id":"https:\/\/www.annonces-legales.org\/blog\/#website","url":"https:\/\/www.annonces-legales.org\/blog\/","name":"Actualit\u00e9 des entreprises","description":"","publisher":{"@id":"https:\/\/www.annonces-legales.org\/blog\/#organization"},"potentialAction":[{"@type":"SearchAction","target":{"@type":"EntryPoint","urlTemplate":"https:\/\/www.annonces-legales.org\/blog\/?s={search_term_string}"},"query-input":{"@type":"PropertyValueSpecification","valueRequired":true,"valueName":"search_term_string"}}],"inLanguage":"fr-FR"},{"@type":"Organization","@id":"https:\/\/www.annonces-legales.org\/blog\/#organization","name":"Actualit\u00e9 des entreprises","url":"https:\/\/www.annonces-legales.org\/blog\/","logo":{"@type":"ImageObject","inLanguage":"fr-FR","@id":"https:\/\/www.annonces-legales.org\/blog\/#\/schema\/logo\/image\/","url":"https:\/\/www.annonces-legales.org\/blog\/wp-content\/uploads\/2023\/08\/annonces-legales.svg","contentUrl":"https:\/\/www.annonces-legales.org\/blog\/wp-content\/uploads\/2023\/08\/annonces-legales.svg","caption":"Actualit\u00e9 des entreprises"},"image":{"@id":"https:\/\/www.annonces-legales.org\/blog\/#\/schema\/logo\/image\/"}}]}},"_links":{"self":[{"href":"https:\/\/www.annonces-legales.org\/blog\/wp-json\/wp\/v2\/pages\/533","targetHints":{"allow":["GET"]}}],"collection":[{"href":"https:\/\/www.annonces-legales.org\/blog\/wp-json\/wp\/v2\/pages"}],"about":[{"href":"https:\/\/www.annonces-legales.org\/blog\/wp-json\/wp\/v2\/types\/page"}],"author":[{"embeddable":true,"href":"https:\/\/www.annonces-legales.org\/blog\/wp-json\/wp\/v2\/users\/1"}],"replies":[{"embeddable":true,"href":"https:\/\/www.annonces-legales.org\/blog\/wp-json\/wp\/v2\/comments?post=533"}],"version-history":[{"count":2,"href":"https:\/\/www.annonces-legales.org\/blog\/wp-json\/wp\/v2\/pages\/533\/revisions"}],"predecessor-version":[{"id":2363,"href":"https:\/\/www.annonces-legales.org\/blog\/wp-json\/wp\/v2\/pages\/533\/revisions\/2363"}],"up":[{"embeddable":true,"href":"https:\/\/www.annonces-legales.org\/blog\/wp-json\/wp\/v2\/pages\/351"}],"wp:attachment":[{"href":"https:\/\/www.annonces-legales.org\/blog\/wp-json\/wp\/v2\/media?parent=533"}],"curies":[{"name":"wp","href":"https:\/\/api.w.org\/{rel}","templated":true}]}}