{"id":593,"date":"2021-09-08T12:58:31","date_gmt":"2021-09-08T10:58:31","guid":{"rendered":"https:\/\/www.annonces-legales.org\/blog\/?page_id=593"},"modified":"2022-01-26T11:54:23","modified_gmt":"2022-01-26T10:54:23","slug":"echo-de-la-lys","status":"publish","type":"page","link":"https:\/\/www.annonces-legales.org\/blog\/echo-de-la-lys\/","title":{"rendered":"L&rsquo;\u00c9cho de la Lys"},"content":{"rendered":"<p><img loading=\"lazy\" decoding=\"async\" class=\"aligncenter size-full wp-image-613\" src=\"https:\/\/www.annonces-legales.org\/blog\/wp-content\/uploads\/2021\/09\/Echo-de-la-Lys.png\" alt=\"\" width=\"500\" height=\"115\" srcset=\"https:\/\/www.annonces-legales.org\/blog\/wp-content\/uploads\/2021\/09\/Echo-de-la-Lys.png 500w, https:\/\/www.annonces-legales.org\/blog\/wp-content\/uploads\/2021\/09\/Echo-de-la-Lys-300x69.png 300w\" sizes=\"auto, (max-width: 500px) 100vw, 500px\" \/><\/p>\n<p>Ce journal hebdomadaire du Pas-de-Calais est vendu 1,90 \u20ac et poss\u00e8de plus de 5000 lecteurs.<\/p>\n<p>Le journal <strong>l\u2019\u00c9cho de la Lys<\/strong> a \u00e9t\u00e9 fond\u00e9 en 1837 et traite l&rsquo;actualit\u00e9 d&rsquo;une zone situ\u00e9e entre B\u00e9thune et Saint-Omer. L&rsquo;\u00e9quipe du journal comprend quatre journalistes qui sont aid\u00e9e par une dizaine de correspondants.<\/p>\n<p>Ce journal est la propri\u00e9t\u00e9 du groupe Nord littoral, lui-m\u00eame filiale du groupe Rossel \u2013 La Voix. Parmi les nombreux journaux du groupe, on trouvera notamment le journal La Voix du Nord, le Courrier Picard, l&rsquo;<a href=\"https:\/\/www.annonces-legales.org\/blog\/avenir-de-lartois\/\">Avenir de l&rsquo;Artois<\/a>, L&rsquo;<a href=\"https:\/\/www.annonces-legales.org\/blog\/ardennais\/\">Ardennais<\/a>&#8230;<\/p>\n<p>L&rsquo;adresse du journal et 18, Rue Saint-Omer, aire sur la Lys (62120).<\/p>\n<p>&nbsp;<\/p>\n<h2>S&rsquo;abonner au journal L\u2019\u00c9cho de la Lys<\/h2>\n<p>Les abonnements au journal papier peuvent se faire uniquement pour les lecteurs vivant dans l&rsquo;arrondissement de Saint-Omer. Cet abonnement inclus \u00e9galement la version num\u00e9rique du journal (t\u00e9l\u00e9chargeable et \u00e9galement sur le site sous la forme d&rsquo;articles). Il co\u00fbte 7,90 euros par mois.<br \/>\nUn compte sur le site web du journal co\u00fbte 2,90 \u20ac et permet de lire les articles du journal. Ce m\u00eame abonnement avec en plus le journal en format num\u00e9rique pdf (liseuse) co\u00fbte 3,90 \u20ac.<\/p>\n<p>&nbsp;<\/p>\n<h2>L&rsquo;\u00c9cho de la Lys, journal d&rsquo;annonces l\u00e9gales du 62<\/h2>\n<p>Ce journal poss\u00e8de une habilitation annuelle pour publier des <strong>annonces l\u00e9gales dans le d\u00e9partement 62<\/strong> (Pas-de-Calais).<\/p>\n<p>Contrairement \u00e0 d&rsquo;autres journaux du d\u00e9partement, l&rsquo;\u00c9cho de la Lys publie relativement peu d&rsquo;annonces l\u00e9gales, entre 1 et 5 chaque semaine.<\/p>\n<h2><\/h2>\n<h2>Annonces l\u00e9gales dans le d\u00e9partement du Pas-de-Calais 62<\/h2>\n<br\/><br\/><div class=\"entry-content notopmargin\">\n\t<img decoding=\"async\" class=\"img-fluid fleft\" src=\"https:\/\/www.annonces-legales.org\/images\/rapide-economique-tout-departement.png\" alt=\"Journal d'annonce l\u00e9gale du d\u00e9partement 62 \"><a href=\"https:\/\/www.annonces-legales.org\/publication-annonce-legale.html\" class=\"button button-desc fright mtop30\"><div>Je publie<br> mon annonce<br> l\u00e9gale<\/div><span>dans un journal du d\u00e9partement 62 !<\/span><\/a>\n<\/div><div class=\"clrbth\"><\/div><br\/><br\/>\n<p>Le journal l\u2019\u00c9cho de la Lys fait parti des nombreux journaux qui ont re\u00e7u une habilitation pour ins\u00e9rer des annonces judiciaires l\u00e9gales dans le d\u00e9partement 62.<br \/>\nLes soci\u00e9t\u00e9s du Pas-de-Calais ainsi que les personnes physiques ayant leur adresse dans ce d\u00e9partement vont publier des annonces l\u00e9gales lorsqu&rsquo;ils font des changements importants sur leur identit\u00e9 ou sur leur fonctionnement (pour les entreprises).<\/p>\n<p>Afin d&rsquo;\u00e9conomiser sur la publication d&rsquo;une annonce l\u00e9gale dans le Pas-de-Calais, il est possible de faire un devis en ligne tr\u00e8s facilement avec annonces-legales.org<\/p>\n<p>&nbsp;<\/p>\n<h2>Quel est le co\u00fbt d&rsquo;une annonce l\u00e9gale sur le journal l\u2019\u00c9cho de la Lys ?<\/h2>\n<p>&nbsp;<\/p>\n<p>Une annonce l\u00e9gale de cr\u00e9ation de soci\u00e9t\u00e9 va avoir un prix qui varie selon la structure juridique: 124 euros pour une EURL, 141 euros pour une SASU, 147 euros pour une SARL, 197 euros pour une SAS, 189 euros pour une SCI,\u00a0 221 euros pour une soci\u00e9t\u00e9 civile et 395 euros pour une SA.<\/p>\n<p>Les autres annonces ont un prix variable en fonction de leur longueur. Aussi, contrairement aux annonces de cr\u00e9ation, le prix des annonces modificatives n&rsquo;est pas plafonn\u00e9. Pour \u00e9viter de payer une annonce 40% plus cher que le prix r\u00e9el, il est recommand\u00e9 de faire une comparaison des tarifs entre plusieurs journaux. Il est possible de le faire sur notre service en ligne.<\/p>\n","protected":false},"excerpt":{"rendered":"<p>Ce journal hebdomadaire du Pas-de-Calais est vendu 1,90 \u20ac et poss\u00e8de plus de 5000 lecteurs. Le journal l\u2019\u00c9cho de la [&hellip;]<\/p>\n","protected":false},"author":1,"featured_media":0,"parent":351,"menu_order":0,"comment_status":"closed","ping_status":"closed","template":"","meta":{"inline_featured_image":false,"footnotes":""},"class_list":["post-593","page","type-page","status-publish","hentry"],"yoast_head":"<!-- This site is optimized with the Yoast SEO plugin v26.8 - https:\/\/yoast.com\/product\/yoast-seo-wordpress\/ -->\n<title>L&#039;\u00c9cho de la Lys - Actualit\u00e9 des entreprises<\/title>\n<meta name=\"robots\" content=\"index, follow, max-snippet:-1, max-image-preview:large, max-video-preview:-1\" \/>\n<link rel=\"canonical\" href=\"https:\/\/www.annonces-legales.org\/blog\/echo-de-la-lys\/\" \/>\n<meta property=\"og:locale\" content=\"fr_FR\" \/>\n<meta property=\"og:type\" content=\"article\" \/>\n<meta property=\"og:title\" content=\"L&#039;\u00c9cho de la Lys - Actualit\u00e9 des entreprises\" \/>\n<meta property=\"og:description\" content=\"Ce journal hebdomadaire du Pas-de-Calais est vendu 1,90 \u20ac et poss\u00e8de plus de 5000 lecteurs. Le journal l\u2019\u00c9cho de la [&hellip;]\" \/>\n<meta property=\"og:url\" content=\"https:\/\/www.annonces-legales.org\/blog\/echo-de-la-lys\/\" \/>\n<meta property=\"og:site_name\" content=\"Actualit\u00e9 des entreprises\" \/>\n<meta property=\"article:modified_time\" content=\"2022-01-26T10:54:23+00:00\" \/>\n<meta property=\"og:image\" content=\"https:\/\/www.annonces-legales.org\/blog\/wp-content\/uploads\/2021\/09\/Echo-de-la-Lys.png\" \/>\n\t<meta property=\"og:image:width\" content=\"500\" \/>\n\t<meta property=\"og:image:height\" content=\"115\" \/>\n\t<meta property=\"og:image:type\" content=\"image\/png\" \/>\n<meta name=\"twitter:card\" content=\"summary_large_image\" \/>\n<meta name=\"twitter:label1\" content=\"Dur\u00e9e de lecture estim\u00e9e\" \/>\n\t<meta name=\"twitter:data1\" content=\"2 minutes\" \/>\n<script type=\"application\/ld+json\" class=\"yoast-schema-graph\">{\"@context\":\"https:\/\/schema.org\",\"@graph\":[{\"@type\":\"WebPage\",\"@id\":\"https:\/\/www.annonces-legales.org\/blog\/echo-de-la-lys\/\",\"url\":\"https:\/\/www.annonces-legales.org\/blog\/echo-de-la-lys\/\",\"name\":\"L'\u00c9cho de la Lys - Actualit\u00e9 des entreprises\",\"isPartOf\":{\"@id\":\"https:\/\/www.annonces-legales.org\/blog\/#website\"},\"primaryImageOfPage\":{\"@id\":\"https:\/\/www.annonces-legales.org\/blog\/echo-de-la-lys\/#primaryimage\"},\"image\":{\"@id\":\"https:\/\/www.annonces-legales.org\/blog\/echo-de-la-lys\/#primaryimage\"},\"thumbnailUrl\":\"https:\/\/www.annonces-legales.org\/blog\/wp-content\/uploads\/2021\/09\/Echo-de-la-Lys.png\",\"datePublished\":\"2021-09-08T10:58:31+00:00\",\"dateModified\":\"2022-01-26T10:54:23+00:00\",\"breadcrumb\":{\"@id\":\"https:\/\/www.annonces-legales.org\/blog\/echo-de-la-lys\/#breadcrumb\"},\"inLanguage\":\"fr-FR\",\"potentialAction\":[{\"@type\":\"ReadAction\",\"target\":[\"https:\/\/www.annonces-legales.org\/blog\/echo-de-la-lys\/\"]}]},{\"@type\":\"ImageObject\",\"inLanguage\":\"fr-FR\",\"@id\":\"https:\/\/www.annonces-legales.org\/blog\/echo-de-la-lys\/#primaryimage\",\"url\":\"https:\/\/www.annonces-legales.org\/blog\/wp-content\/uploads\/2021\/09\/Echo-de-la-Lys.png\",\"contentUrl\":\"https:\/\/www.annonces-legales.org\/blog\/wp-content\/uploads\/2021\/09\/Echo-de-la-Lys.png\",\"width\":500,\"height\":115},{\"@type\":\"BreadcrumbList\",\"@id\":\"https:\/\/www.annonces-legales.org\/blog\/echo-de-la-lys\/#breadcrumb\",\"itemListElement\":[{\"@type\":\"ListItem\",\"position\":1,\"name\":\"Accueil\",\"item\":\"https:\/\/www.annonces-legales.org\/blog\/\"},{\"@type\":\"ListItem\",\"position\":2,\"name\":\"Liste des journaux habilit\u00e9s \u00e0 publier des annonces l\u00e9gales\",\"item\":\"https:\/\/www.annonces-legales.org\/blog\/liste-des-journaux-habilites-a-publier-des-annonces-legales\/\"},{\"@type\":\"ListItem\",\"position\":3,\"name\":\"L&rsquo;\u00c9cho de la Lys\"}]},{\"@type\":\"WebSite\",\"@id\":\"https:\/\/www.annonces-legales.org\/blog\/#website\",\"url\":\"https:\/\/www.annonces-legales.org\/blog\/\",\"name\":\"Actualit\u00e9 des entreprises\",\"description\":\"\",\"publisher\":{\"@id\":\"https:\/\/www.annonces-legales.org\/blog\/#organization\"},\"potentialAction\":[{\"@type\":\"SearchAction\",\"target\":{\"@type\":\"EntryPoint\",\"urlTemplate\":\"https:\/\/www.annonces-legales.org\/blog\/?s={search_term_string}\"},\"query-input\":{\"@type\":\"PropertyValueSpecification\",\"valueRequired\":true,\"valueName\":\"search_term_string\"}}],\"inLanguage\":\"fr-FR\"},{\"@type\":\"Organization\",\"@id\":\"https:\/\/www.annonces-legales.org\/blog\/#organization\",\"name\":\"Actualit\u00e9 des entreprises\",\"url\":\"https:\/\/www.annonces-legales.org\/blog\/\",\"logo\":{\"@type\":\"ImageObject\",\"inLanguage\":\"fr-FR\",\"@id\":\"https:\/\/www.annonces-legales.org\/blog\/#\/schema\/logo\/image\/\",\"url\":\"https:\/\/www.annonces-legales.org\/blog\/wp-content\/uploads\/2023\/08\/annonces-legales.svg\",\"contentUrl\":\"https:\/\/www.annonces-legales.org\/blog\/wp-content\/uploads\/2023\/08\/annonces-legales.svg\",\"caption\":\"Actualit\u00e9 des entreprises\"},\"image\":{\"@id\":\"https:\/\/www.annonces-legales.org\/blog\/#\/schema\/logo\/image\/\"}}]}<\/script>\n<!-- \/ Yoast SEO plugin. -->","yoast_head_json":{"title":"L'\u00c9cho de la Lys - Actualit\u00e9 des entreprises","robots":{"index":"index","follow":"follow","max-snippet":"max-snippet:-1","max-image-preview":"max-image-preview:large","max-video-preview":"max-video-preview:-1"},"canonical":"https:\/\/www.annonces-legales.org\/blog\/echo-de-la-lys\/","og_locale":"fr_FR","og_type":"article","og_title":"L'\u00c9cho de la Lys - Actualit\u00e9 des entreprises","og_description":"Ce journal hebdomadaire du Pas-de-Calais est vendu 1,90 \u20ac et poss\u00e8de plus de 5000 lecteurs. Le journal l\u2019\u00c9cho de la [&hellip;]","og_url":"https:\/\/www.annonces-legales.org\/blog\/echo-de-la-lys\/","og_site_name":"Actualit\u00e9 des entreprises","article_modified_time":"2022-01-26T10:54:23+00:00","og_image":[{"width":500,"height":115,"url":"https:\/\/www.annonces-legales.org\/blog\/wp-content\/uploads\/2021\/09\/Echo-de-la-Lys.png","type":"image\/png"}],"twitter_card":"summary_large_image","twitter_misc":{"Dur\u00e9e de lecture estim\u00e9e":"2 minutes"},"schema":{"@context":"https:\/\/schema.org","@graph":[{"@type":"WebPage","@id":"https:\/\/www.annonces-legales.org\/blog\/echo-de-la-lys\/","url":"https:\/\/www.annonces-legales.org\/blog\/echo-de-la-lys\/","name":"L'\u00c9cho de la Lys - Actualit\u00e9 des entreprises","isPartOf":{"@id":"https:\/\/www.annonces-legales.org\/blog\/#website"},"primaryImageOfPage":{"@id":"https:\/\/www.annonces-legales.org\/blog\/echo-de-la-lys\/#primaryimage"},"image":{"@id":"https:\/\/www.annonces-legales.org\/blog\/echo-de-la-lys\/#primaryimage"},"thumbnailUrl":"https:\/\/www.annonces-legales.org\/blog\/wp-content\/uploads\/2021\/09\/Echo-de-la-Lys.png","datePublished":"2021-09-08T10:58:31+00:00","dateModified":"2022-01-26T10:54:23+00:00","breadcrumb":{"@id":"https:\/\/www.annonces-legales.org\/blog\/echo-de-la-lys\/#breadcrumb"},"inLanguage":"fr-FR","potentialAction":[{"@type":"ReadAction","target":["https:\/\/www.annonces-legales.org\/blog\/echo-de-la-lys\/"]}]},{"@type":"ImageObject","inLanguage":"fr-FR","@id":"https:\/\/www.annonces-legales.org\/blog\/echo-de-la-lys\/#primaryimage","url":"https:\/\/www.annonces-legales.org\/blog\/wp-content\/uploads\/2021\/09\/Echo-de-la-Lys.png","contentUrl":"https:\/\/www.annonces-legales.org\/blog\/wp-content\/uploads\/2021\/09\/Echo-de-la-Lys.png","width":500,"height":115},{"@type":"BreadcrumbList","@id":"https:\/\/www.annonces-legales.org\/blog\/echo-de-la-lys\/#breadcrumb","itemListElement":[{"@type":"ListItem","position":1,"name":"Accueil","item":"https:\/\/www.annonces-legales.org\/blog\/"},{"@type":"ListItem","position":2,"name":"Liste des journaux habilit\u00e9s \u00e0 publier des annonces l\u00e9gales","item":"https:\/\/www.annonces-legales.org\/blog\/liste-des-journaux-habilites-a-publier-des-annonces-legales\/"},{"@type":"ListItem","position":3,"name":"L&rsquo;\u00c9cho de la Lys"}]},{"@type":"WebSite","@id":"https:\/\/www.annonces-legales.org\/blog\/#website","url":"https:\/\/www.annonces-legales.org\/blog\/","name":"Actualit\u00e9 des entreprises","description":"","publisher":{"@id":"https:\/\/www.annonces-legales.org\/blog\/#organization"},"potentialAction":[{"@type":"SearchAction","target":{"@type":"EntryPoint","urlTemplate":"https:\/\/www.annonces-legales.org\/blog\/?s={search_term_string}"},"query-input":{"@type":"PropertyValueSpecification","valueRequired":true,"valueName":"search_term_string"}}],"inLanguage":"fr-FR"},{"@type":"Organization","@id":"https:\/\/www.annonces-legales.org\/blog\/#organization","name":"Actualit\u00e9 des entreprises","url":"https:\/\/www.annonces-legales.org\/blog\/","logo":{"@type":"ImageObject","inLanguage":"fr-FR","@id":"https:\/\/www.annonces-legales.org\/blog\/#\/schema\/logo\/image\/","url":"https:\/\/www.annonces-legales.org\/blog\/wp-content\/uploads\/2023\/08\/annonces-legales.svg","contentUrl":"https:\/\/www.annonces-legales.org\/blog\/wp-content\/uploads\/2023\/08\/annonces-legales.svg","caption":"Actualit\u00e9 des entreprises"},"image":{"@id":"https:\/\/www.annonces-legales.org\/blog\/#\/schema\/logo\/image\/"}}]}},"_links":{"self":[{"href":"https:\/\/www.annonces-legales.org\/blog\/wp-json\/wp\/v2\/pages\/593","targetHints":{"allow":["GET"]}}],"collection":[{"href":"https:\/\/www.annonces-legales.org\/blog\/wp-json\/wp\/v2\/pages"}],"about":[{"href":"https:\/\/www.annonces-legales.org\/blog\/wp-json\/wp\/v2\/types\/page"}],"author":[{"embeddable":true,"href":"https:\/\/www.annonces-legales.org\/blog\/wp-json\/wp\/v2\/users\/1"}],"replies":[{"embeddable":true,"href":"https:\/\/www.annonces-legales.org\/blog\/wp-json\/wp\/v2\/comments?post=593"}],"version-history":[{"count":14,"href":"https:\/\/www.annonces-legales.org\/blog\/wp-json\/wp\/v2\/pages\/593\/revisions"}],"predecessor-version":[{"id":1314,"href":"https:\/\/www.annonces-legales.org\/blog\/wp-json\/wp\/v2\/pages\/593\/revisions\/1314"}],"up":[{"embeddable":true,"href":"https:\/\/www.annonces-legales.org\/blog\/wp-json\/wp\/v2\/pages\/351"}],"wp:attachment":[{"href":"https:\/\/www.annonces-legales.org\/blog\/wp-json\/wp\/v2\/media?parent=593"}],"curies":[{"name":"wp","href":"https:\/\/api.w.org\/{rel}","templated":true}]}}