{"id":602,"date":"2021-09-08T13:05:52","date_gmt":"2021-09-08T11:05:52","guid":{"rendered":"https:\/\/www.annonces-legales.org\/blog\/?page_id=602"},"modified":"2022-01-26T12:03:52","modified_gmt":"2022-01-26T11:03:52","slug":"journal-de-montreuil","status":"publish","type":"page","link":"https:\/\/www.annonces-legales.org\/blog\/journal-de-montreuil\/","title":{"rendered":"Le Journal de Montreuil"},"content":{"rendered":"<p><img loading=\"lazy\" decoding=\"async\" class=\"aligncenter size-full wp-image-609\" src=\"https:\/\/www.annonces-legales.org\/blog\/wp-content\/uploads\/2021\/09\/lejournaldeMontreuil.png\" alt=\"\" width=\"240\" height=\"240\" srcset=\"https:\/\/www.annonces-legales.org\/blog\/wp-content\/uploads\/2021\/09\/lejournaldeMontreuil.png 240w, https:\/\/www.annonces-legales.org\/blog\/wp-content\/uploads\/2021\/09\/lejournaldeMontreuil-150x150.png 150w\" sizes=\"auto, (max-width: 240px) 100vw, 240px\" \/><\/p>\n<p>Le <strong>Journal de Montreuil<\/strong> est un hebdomadaire du <strong>Pas-de-Calais<\/strong> qui est vendu 1,90 \u20ac et qui para\u00eet tous les mercredis.<\/p>\n<p>Son si\u00e8ge social est 41, Avenue des plages BP24 62780 Cucq. C&rsquo;est la m\u00eame adresse que l&rsquo;hebdomadaire <a href=\"https:\/\/www.annonces-legales.org\/blog\/echos-du-touquet\/\">Les Echos du Touquet<\/a>. Les r\u00e9dactions de ces deux journaux partagent donc les m\u00eames locaux. D&rsquo;ailleurs, ces 2 journaux font parti du groupe franco-belge Rossel \u2013 La Voix qui distribue de nombreux journaux dans la r\u00e9gion.<\/p>\n<p>Il est possible d&rsquo;utiliser ce journal afin d&rsquo;effectuer une annonce l\u00e9gale pour le d\u00e9partement du Pas-de-Calais. Le d\u00e9p\u00f4t d&rsquo;une annonce officielle est n\u00e9cessaire pour les <strong>entreprises Pas-de-Calaisiennes<\/strong> lorsqu&rsquo;elles ont des changements importants dans leurs structures. Les habitants pas-de-calaisien devront \u00e9galement faire une annonce l\u00e9gale en cas de changement dans leur mariage ou s&rsquo;ils souhaitent faire une demande de changement de nom.<\/p>\n<p>&nbsp;<\/p>\n<h2>S&rsquo;abonner au journal de Montreuil<\/h2>\n<p>Ce journal du groupe La Voix propose 3 types d&rsquo;abonnement:<\/p>\n<ul>\n<li>Formule 100% articles : acc\u00e8s \u00e0 tous les articles via le site internet pour 2,90 euros par mois<\/li>\n<li>Formule 100% num\u00e9rique: acc\u00e8s aux articles et \u00e0 une version num\u00e9rique du journal avec ses suppl\u00e9ments pour 3,90 euros par mois<\/li>\n<li>Formule papier et num\u00e9rique: m\u00eame chose que la formule 100% num\u00e9rique avec en plus le journal livr\u00e9 chez vous<\/li>\n<\/ul>\n<p>&nbsp;<\/p>\n<h2>Page internet du Journal de Montreuil<\/h2>\n<p><img loading=\"lazy\" decoding=\"async\" class=\"aligncenter size-full wp-image-1422\" src=\"https:\/\/www.annonces-legales.org\/blog\/wp-content\/uploads\/2021\/10\/web-journal-de-montreuil.png\" alt=\"\" width=\"700\" height=\"671\" srcset=\"https:\/\/www.annonces-legales.org\/blog\/wp-content\/uploads\/2021\/10\/web-journal-de-montreuil.png 700w, https:\/\/www.annonces-legales.org\/blog\/wp-content\/uploads\/2021\/10\/web-journal-de-montreuil-300x288.png 300w\" sizes=\"auto, (max-width: 700px) 100vw, 700px\" \/><\/p>\n<p>Le journal de Montreuil c&rsquo;est aussi un site internet sur lequel les abonn\u00e9s peuvent lire les m\u00eames articles que ceux du journal. Les non abonn\u00e9s n&rsquo;y trouveront pas beaucoup d&rsquo;informations, car seules quelques d\u00e9p\u00eaches sont visibles sans \u00eatre connect\u00e9.<\/p>\n<p>Le site est \u00ab\u00a0responsive\u00a0\u00bb et peut \u00eatre lu sans soucis sur les smartphones et les tablettes.<\/p>\n<p>Le journal vous propose \u00e9galement d&rsquo;\u00e9couter la radio du Pas-de-Calais <strong>RDL radio<\/strong> sur votre navigateur.<\/p>\n<p>&nbsp;<\/p>\n<h2>Publier une annonce dans le journal de Montreuil ou dans un autre journal du 62<\/h2>\n<br\/><br\/><div class=\"entry-content notopmargin\">\n\t<img decoding=\"async\" class=\"img-fluid fleft\" src=\"https:\/\/www.annonces-legales.org\/images\/rapide-economique-tout-departement.png\" alt=\"Journal d'annonce l\u00e9gale du 62 \"><a href=\"https:\/\/www.annonces-legales.org\/publication-annonce-legale.html\" class=\"button button-desc fright mtop30\"><div>Je publie<br> mon annonce<br> l\u00e9gale<\/div><span>dans un journal du 62 !<\/span><\/a>\n<\/div><div class=\"clrbth\"><\/div><br\/><br\/>\n<p>Le journal de Montreuil, tout comme beaucoup d&rsquo;autres journaux habilit\u00e9s du d\u00e9partement, peut recevoir vos annonces l\u00e9gales.<br \/>\nPour obtenir des devis de plusieurs journaux du d\u00e9partement du Pas-de-Calais, nous vous invitons \u00e0 vous rendre sur la page appropri\u00e9e et \u00e0 choisir le formulaire correspondant \u00e0 votre formalit\u00e9.<\/p>\n<p>Veuillez noter que le <a href=\"https:\/\/www.annonces-legales.org\/blog\/avis-de-constitution\/\">prix des avis de constitution est forfaitaire<\/a> et qu&rsquo;il sera donc le m\u00eame quelque soit le support de publication choisi. Pour les autres types d&rsquo;annonces, le tarif par ligne est de 5,14 \u20ac (Attention, ce tarif change tous les ans).<\/p>\n<p>&nbsp;<\/p>\n<h2>Utiliser annonces-legales.org pour publier une annonce l\u00e9gale dans le Pas-de-Calais<\/h2>\n<p>Avec notre plate-forme, la <strong>publication d&rsquo;une annonce l\u00e9gale<\/strong> dans le 62 est plus facile que l&rsquo;envoi d&rsquo;un mail. Elle ne prend que quelques minutes et vous devrez tout simplement remplir quelques informations sur votre entreprise calaisienne. Pour b\u00e9n\u00e9ficier d&rsquo;une r\u00e9duction pouvant aller jusqu&rsquo;\u00e0 40 % (pour une annonce l\u00e9gale modificative), vous pouvez vous rendre sur la page des formulaires ou sur la page d&rsquo;accueil de notre site en cliquant sur le logo en haut \u00e0 gauche.<\/p>\n<p>&nbsp;<\/p>\n<h2>Pourquoi les prix des annonces l\u00e9gales sont si variables ?<\/h2>\n<p>Pour certain type d&rsquo;annonce l\u00e9gale, le gouvernement a d\u00e9cid\u00e9 de fixer un prix plancher mais laisse le choix au journaux de choisir le tarif qu&rsquo;ils veulent.<br \/>\nPar exemple, pour le d\u00e9partement du Pas-de-Calais, le tarif par ligne est de 5,14 euros. Si une annonce fait 20 ligne sont prix plancher sera de 20 * 5.14 = 102.80 euros.<\/p>\n<p>Vous ne trouverez aucun journaux ou site internet pouvant vous vendre une annonce l\u00e9gale de 20 lignes dans le Pas-de-Calais \u00e0 un tarif inf\u00e9rieur. Mais les journaux peuvent vous demander une compensation financi\u00e8re sup\u00e9rieure. Certains journaux du Pas-de-Calais n&rsquo;h\u00e9sitent pas \u00e0 majorer ce montant de plusieurs dizaines d&rsquo;euros.<\/p>\n<p>Ces variations de tarifs sont visibles pour toutes les annonces l\u00e9gales, hormis les<a href=\"https:\/\/www.annonces-legales.org\/blog\/avis-de-constitution\/\"> avis de constitution (annonces l\u00e9gales de cr\u00e9ation)<\/a> qui ont un tarif fixe national qu&rsquo;il est interdit de majorer.<\/p>\n<p>&nbsp;<\/p>\n<h2>Quels sont les supports autoris\u00e9s \u00e0 ins\u00e9rer des annonces judiciaire et l\u00e9gales dans le Pas-de-Calais (62) ?<\/h2>\n<p>Pour l&rsquo;ann\u00e9e 2021, le d\u00e9partement du Pas-de-Calais a autoris\u00e9 les journaux et site suivant \u00e0 faire des annonces l\u00e9gales :<\/p>\n<div>\n<ul>\n<li>La Gazette Nord Pas de Calais \/ Edition du Pas de Calais<\/li>\n<li>Nord Eclair<\/li>\n<li>Le Journal de Montreuil<\/li>\n<li><a href=\"https:\/\/www.annonces-legales.org\/blog\/echos-du-touquet\/\">Les \u00c9chos du Touquet<\/a><\/li>\n<li><a href=\"https:\/\/www.annonces-legales.org\/blog\/abeille-de-la-ternoise\/\">L&rsquo; Abeille de la Ternoise<\/a><\/li>\n<li><a href=\"https:\/\/www.annonces-legales.org\/blog\/echo-de-la-lys\/\">L&rsquo; \u00c9cho de la Lys<\/a><\/li>\n<li>La Voix du Nord \/Editions Pas de Calais<\/li>\n<li>La Semaine dans le Boulonnais<\/li>\n<li>La Croix du nord<\/li>\n<li>Terres et Territoires<\/li>\n<li>L&rsquo;Observateur de l&rsquo;Arrageois<\/li>\n<li><a href=\"https:\/\/www.annonces-legales.org\/blog\/avenir-de-lartois\/\">L&rsquo;Avenir de l&rsquo;Artois<\/a><\/li>\n<li>Le R\u00e9veil de Berck<\/li>\n<li>Nord Littoral<\/li>\n<li>L&rsquo;Ind\u00e9pendant du Pas de Calais<\/li>\n<li>actu.fr<\/li>\n<li>20minutes.fr<\/li>\n<li>terres-et-territoires.com<\/li>\n<li>gazettenpdc.fr<\/li>\n<li>lavenirdelartois.fr<\/li>\n<\/ul>\n<\/div>\n<p>&nbsp;<\/p>\n<p>&nbsp;<\/p>\n","protected":false},"excerpt":{"rendered":"<p>Le Journal de Montreuil est un hebdomadaire du Pas-de-Calais qui est vendu 1,90 \u20ac et qui para\u00eet tous les mercredis. [&hellip;]<\/p>\n","protected":false},"author":1,"featured_media":0,"parent":351,"menu_order":0,"comment_status":"closed","ping_status":"closed","template":"","meta":{"inline_featured_image":false,"footnotes":""},"class_list":["post-602","page","type-page","status-publish","hentry"],"yoast_head":"<!-- This site is optimized with the Yoast SEO plugin v26.8 - https:\/\/yoast.com\/product\/yoast-seo-wordpress\/ -->\n<title>Le Journal de Montreuil - Actualit\u00e9 des entreprises<\/title>\n<meta name=\"robots\" content=\"index, follow, max-snippet:-1, max-image-preview:large, max-video-preview:-1\" \/>\n<link rel=\"canonical\" href=\"https:\/\/www.annonces-legales.org\/blog\/journal-de-montreuil\/\" \/>\n<meta property=\"og:locale\" content=\"fr_FR\" \/>\n<meta property=\"og:type\" content=\"article\" \/>\n<meta property=\"og:title\" content=\"Le Journal de Montreuil - Actualit\u00e9 des entreprises\" \/>\n<meta property=\"og:description\" content=\"Le Journal de Montreuil est un hebdomadaire du Pas-de-Calais qui est vendu 1,90 \u20ac et qui para\u00eet tous les mercredis. [&hellip;]\" \/>\n<meta property=\"og:url\" content=\"https:\/\/www.annonces-legales.org\/blog\/journal-de-montreuil\/\" \/>\n<meta property=\"og:site_name\" content=\"Actualit\u00e9 des entreprises\" \/>\n<meta property=\"article:modified_time\" content=\"2022-01-26T11:03:52+00:00\" \/>\n<meta property=\"og:image\" content=\"https:\/\/www.annonces-legales.org\/blog\/wp-content\/uploads\/2021\/09\/lejournaldeMontreuil.png\" \/>\n\t<meta property=\"og:image:width\" content=\"240\" \/>\n\t<meta property=\"og:image:height\" content=\"240\" \/>\n\t<meta property=\"og:image:type\" content=\"image\/png\" \/>\n<meta name=\"twitter:card\" content=\"summary_large_image\" \/>\n<meta name=\"twitter:label1\" content=\"Dur\u00e9e de lecture estim\u00e9e\" \/>\n\t<meta name=\"twitter:data1\" content=\"4 minutes\" \/>\n<script type=\"application\/ld+json\" class=\"yoast-schema-graph\">{\"@context\":\"https:\/\/schema.org\",\"@graph\":[{\"@type\":\"WebPage\",\"@id\":\"https:\/\/www.annonces-legales.org\/blog\/journal-de-montreuil\/\",\"url\":\"https:\/\/www.annonces-legales.org\/blog\/journal-de-montreuil\/\",\"name\":\"Le Journal de Montreuil - Actualit\u00e9 des entreprises\",\"isPartOf\":{\"@id\":\"https:\/\/www.annonces-legales.org\/blog\/#website\"},\"primaryImageOfPage\":{\"@id\":\"https:\/\/www.annonces-legales.org\/blog\/journal-de-montreuil\/#primaryimage\"},\"image\":{\"@id\":\"https:\/\/www.annonces-legales.org\/blog\/journal-de-montreuil\/#primaryimage\"},\"thumbnailUrl\":\"https:\/\/www.annonces-legales.org\/blog\/wp-content\/uploads\/2021\/09\/lejournaldeMontreuil.png\",\"datePublished\":\"2021-09-08T11:05:52+00:00\",\"dateModified\":\"2022-01-26T11:03:52+00:00\",\"breadcrumb\":{\"@id\":\"https:\/\/www.annonces-legales.org\/blog\/journal-de-montreuil\/#breadcrumb\"},\"inLanguage\":\"fr-FR\",\"potentialAction\":[{\"@type\":\"ReadAction\",\"target\":[\"https:\/\/www.annonces-legales.org\/blog\/journal-de-montreuil\/\"]}]},{\"@type\":\"ImageObject\",\"inLanguage\":\"fr-FR\",\"@id\":\"https:\/\/www.annonces-legales.org\/blog\/journal-de-montreuil\/#primaryimage\",\"url\":\"https:\/\/www.annonces-legales.org\/blog\/wp-content\/uploads\/2021\/09\/lejournaldeMontreuil.png\",\"contentUrl\":\"https:\/\/www.annonces-legales.org\/blog\/wp-content\/uploads\/2021\/09\/lejournaldeMontreuil.png\",\"width\":240,\"height\":240},{\"@type\":\"BreadcrumbList\",\"@id\":\"https:\/\/www.annonces-legales.org\/blog\/journal-de-montreuil\/#breadcrumb\",\"itemListElement\":[{\"@type\":\"ListItem\",\"position\":1,\"name\":\"Accueil\",\"item\":\"https:\/\/www.annonces-legales.org\/blog\/\"},{\"@type\":\"ListItem\",\"position\":2,\"name\":\"Liste des journaux habilit\u00e9s \u00e0 publier des annonces l\u00e9gales\",\"item\":\"https:\/\/www.annonces-legales.org\/blog\/liste-des-journaux-habilites-a-publier-des-annonces-legales\/\"},{\"@type\":\"ListItem\",\"position\":3,\"name\":\"Le Journal de Montreuil\"}]},{\"@type\":\"WebSite\",\"@id\":\"https:\/\/www.annonces-legales.org\/blog\/#website\",\"url\":\"https:\/\/www.annonces-legales.org\/blog\/\",\"name\":\"Actualit\u00e9 des entreprises\",\"description\":\"\",\"publisher\":{\"@id\":\"https:\/\/www.annonces-legales.org\/blog\/#organization\"},\"potentialAction\":[{\"@type\":\"SearchAction\",\"target\":{\"@type\":\"EntryPoint\",\"urlTemplate\":\"https:\/\/www.annonces-legales.org\/blog\/?s={search_term_string}\"},\"query-input\":{\"@type\":\"PropertyValueSpecification\",\"valueRequired\":true,\"valueName\":\"search_term_string\"}}],\"inLanguage\":\"fr-FR\"},{\"@type\":\"Organization\",\"@id\":\"https:\/\/www.annonces-legales.org\/blog\/#organization\",\"name\":\"Actualit\u00e9 des entreprises\",\"url\":\"https:\/\/www.annonces-legales.org\/blog\/\",\"logo\":{\"@type\":\"ImageObject\",\"inLanguage\":\"fr-FR\",\"@id\":\"https:\/\/www.annonces-legales.org\/blog\/#\/schema\/logo\/image\/\",\"url\":\"https:\/\/www.annonces-legales.org\/blog\/wp-content\/uploads\/2023\/08\/annonces-legales.svg\",\"contentUrl\":\"https:\/\/www.annonces-legales.org\/blog\/wp-content\/uploads\/2023\/08\/annonces-legales.svg\",\"caption\":\"Actualit\u00e9 des entreprises\"},\"image\":{\"@id\":\"https:\/\/www.annonces-legales.org\/blog\/#\/schema\/logo\/image\/\"}}]}<\/script>\n<!-- \/ Yoast SEO plugin. -->","yoast_head_json":{"title":"Le Journal de Montreuil - Actualit\u00e9 des entreprises","robots":{"index":"index","follow":"follow","max-snippet":"max-snippet:-1","max-image-preview":"max-image-preview:large","max-video-preview":"max-video-preview:-1"},"canonical":"https:\/\/www.annonces-legales.org\/blog\/journal-de-montreuil\/","og_locale":"fr_FR","og_type":"article","og_title":"Le Journal de Montreuil - Actualit\u00e9 des entreprises","og_description":"Le Journal de Montreuil est un hebdomadaire du Pas-de-Calais qui est vendu 1,90 \u20ac et qui para\u00eet tous les mercredis. [&hellip;]","og_url":"https:\/\/www.annonces-legales.org\/blog\/journal-de-montreuil\/","og_site_name":"Actualit\u00e9 des entreprises","article_modified_time":"2022-01-26T11:03:52+00:00","og_image":[{"width":240,"height":240,"url":"https:\/\/www.annonces-legales.org\/blog\/wp-content\/uploads\/2021\/09\/lejournaldeMontreuil.png","type":"image\/png"}],"twitter_card":"summary_large_image","twitter_misc":{"Dur\u00e9e de lecture estim\u00e9e":"4 minutes"},"schema":{"@context":"https:\/\/schema.org","@graph":[{"@type":"WebPage","@id":"https:\/\/www.annonces-legales.org\/blog\/journal-de-montreuil\/","url":"https:\/\/www.annonces-legales.org\/blog\/journal-de-montreuil\/","name":"Le Journal de Montreuil - Actualit\u00e9 des entreprises","isPartOf":{"@id":"https:\/\/www.annonces-legales.org\/blog\/#website"},"primaryImageOfPage":{"@id":"https:\/\/www.annonces-legales.org\/blog\/journal-de-montreuil\/#primaryimage"},"image":{"@id":"https:\/\/www.annonces-legales.org\/blog\/journal-de-montreuil\/#primaryimage"},"thumbnailUrl":"https:\/\/www.annonces-legales.org\/blog\/wp-content\/uploads\/2021\/09\/lejournaldeMontreuil.png","datePublished":"2021-09-08T11:05:52+00:00","dateModified":"2022-01-26T11:03:52+00:00","breadcrumb":{"@id":"https:\/\/www.annonces-legales.org\/blog\/journal-de-montreuil\/#breadcrumb"},"inLanguage":"fr-FR","potentialAction":[{"@type":"ReadAction","target":["https:\/\/www.annonces-legales.org\/blog\/journal-de-montreuil\/"]}]},{"@type":"ImageObject","inLanguage":"fr-FR","@id":"https:\/\/www.annonces-legales.org\/blog\/journal-de-montreuil\/#primaryimage","url":"https:\/\/www.annonces-legales.org\/blog\/wp-content\/uploads\/2021\/09\/lejournaldeMontreuil.png","contentUrl":"https:\/\/www.annonces-legales.org\/blog\/wp-content\/uploads\/2021\/09\/lejournaldeMontreuil.png","width":240,"height":240},{"@type":"BreadcrumbList","@id":"https:\/\/www.annonces-legales.org\/blog\/journal-de-montreuil\/#breadcrumb","itemListElement":[{"@type":"ListItem","position":1,"name":"Accueil","item":"https:\/\/www.annonces-legales.org\/blog\/"},{"@type":"ListItem","position":2,"name":"Liste des journaux habilit\u00e9s \u00e0 publier des annonces l\u00e9gales","item":"https:\/\/www.annonces-legales.org\/blog\/liste-des-journaux-habilites-a-publier-des-annonces-legales\/"},{"@type":"ListItem","position":3,"name":"Le Journal de Montreuil"}]},{"@type":"WebSite","@id":"https:\/\/www.annonces-legales.org\/blog\/#website","url":"https:\/\/www.annonces-legales.org\/blog\/","name":"Actualit\u00e9 des entreprises","description":"","publisher":{"@id":"https:\/\/www.annonces-legales.org\/blog\/#organization"},"potentialAction":[{"@type":"SearchAction","target":{"@type":"EntryPoint","urlTemplate":"https:\/\/www.annonces-legales.org\/blog\/?s={search_term_string}"},"query-input":{"@type":"PropertyValueSpecification","valueRequired":true,"valueName":"search_term_string"}}],"inLanguage":"fr-FR"},{"@type":"Organization","@id":"https:\/\/www.annonces-legales.org\/blog\/#organization","name":"Actualit\u00e9 des entreprises","url":"https:\/\/www.annonces-legales.org\/blog\/","logo":{"@type":"ImageObject","inLanguage":"fr-FR","@id":"https:\/\/www.annonces-legales.org\/blog\/#\/schema\/logo\/image\/","url":"https:\/\/www.annonces-legales.org\/blog\/wp-content\/uploads\/2023\/08\/annonces-legales.svg","contentUrl":"https:\/\/www.annonces-legales.org\/blog\/wp-content\/uploads\/2023\/08\/annonces-legales.svg","caption":"Actualit\u00e9 des entreprises"},"image":{"@id":"https:\/\/www.annonces-legales.org\/blog\/#\/schema\/logo\/image\/"}}]}},"_links":{"self":[{"href":"https:\/\/www.annonces-legales.org\/blog\/wp-json\/wp\/v2\/pages\/602","targetHints":{"allow":["GET"]}}],"collection":[{"href":"https:\/\/www.annonces-legales.org\/blog\/wp-json\/wp\/v2\/pages"}],"about":[{"href":"https:\/\/www.annonces-legales.org\/blog\/wp-json\/wp\/v2\/types\/page"}],"author":[{"embeddable":true,"href":"https:\/\/www.annonces-legales.org\/blog\/wp-json\/wp\/v2\/users\/1"}],"replies":[{"embeddable":true,"href":"https:\/\/www.annonces-legales.org\/blog\/wp-json\/wp\/v2\/comments?post=602"}],"version-history":[{"count":16,"href":"https:\/\/www.annonces-legales.org\/blog\/wp-json\/wp\/v2\/pages\/602\/revisions"}],"predecessor-version":[{"id":1430,"href":"https:\/\/www.annonces-legales.org\/blog\/wp-json\/wp\/v2\/pages\/602\/revisions\/1430"}],"up":[{"embeddable":true,"href":"https:\/\/www.annonces-legales.org\/blog\/wp-json\/wp\/v2\/pages\/351"}],"wp:attachment":[{"href":"https:\/\/www.annonces-legales.org\/blog\/wp-json\/wp\/v2\/media?parent=602"}],"curies":[{"name":"wp","href":"https:\/\/api.w.org\/{rel}","templated":true}]}}