{"id":771,"date":"2021-09-15T18:17:24","date_gmt":"2021-09-15T16:17:24","guid":{"rendered":"https:\/\/www.annonces-legales.org\/blog\/?page_id=771"},"modified":"2022-01-26T12:06:03","modified_gmt":"2022-01-26T11:06:03","slug":"phare-de-re","status":"publish","type":"page","link":"https:\/\/www.annonces-legales.org\/blog\/phare-de-re\/","title":{"rendered":"Le Phare de R\u00e9"},"content":{"rendered":"<p><img loading=\"lazy\" decoding=\"async\" class=\"aligncenter size-full wp-image-817\" src=\"https:\/\/www.annonces-legales.org\/blog\/wp-content\/uploads\/2021\/09\/Le-Phare-de-Re.png\" alt=\"\" width=\"450\" height=\"117\" srcset=\"https:\/\/www.annonces-legales.org\/blog\/wp-content\/uploads\/2021\/09\/Le-Phare-de-Re.png 450w, https:\/\/www.annonces-legales.org\/blog\/wp-content\/uploads\/2021\/09\/Le-Phare-de-Re-300x78.png 300w\" sizes=\"auto, (max-width: 450px) 100vw, 450px\" \/><\/p>\n<p><strong>Le Phare de R\u00e9<\/strong> est un journal local qui propose l&rsquo;actualit\u00e9 locale de l&rsquo;\u00eele de R\u00e9. Le journal informe sur l&rsquo;actualit\u00e9 sportive et culturelle, et fournit des informations pratiques ainsi qu&rsquo;une rubrique petite annonce.<\/p>\n<p>&nbsp;<\/p>\n<h2>Le Phare de R\u00e9, un journal historique de la Charente-Maritime<\/h2>\n<p>Le journal a \u00e9t\u00e9 cr\u00e9\u00e9 en 1949. Il existe depuis plus de 73 ans. Il va bient\u00f4t atteindre son num\u00e9ro 4000. Il est publi\u00e9 chaque mercredi au prix de 1,20 \u20ac.<\/p>\n<p>Le journal est moderne. Il poss\u00e8de un site Internet et une page Facebook.<\/p>\n<p>Le si\u00e8ge de la r\u00e9daction du journal se trouve sur le port de Saint-Martin-de-R\u00e9 (17410), au 15, quai Job-Foran. Le journal et sa r\u00e9daction peut \u00eatre contact\u00e9e au 05 46 09 21 09.<\/p>\n<p>&nbsp;<\/p>\n<h2>Abonnements au journal Le Phare de R\u00e9<\/h2>\n<p>Plusieurs formules sont propos\u00e9es. Il est possible de s&rsquo;abonner pour une dur\u00e9e d&rsquo;un an au prix de 57 \u20ac pour la version papier ou 39 \u20ac pour la version num\u00e9rique. La version double avec journal papier et journal num\u00e9rique est disponible au prix de 64 \u20ac. Il est possible d&rsquo;essayer l&rsquo;abonnement du journal pour un euro par mois le premier mois.<\/p>\n<p>&nbsp;<\/p>\n<h2>Le Phare de R\u00e9, JAL du 17<\/h2>\n<p>Le journal phare de r\u00e9 est un journal officiel. Il est habilit\u00e9 par la pr\u00e9fecture du 17 \u00e0<strong> publier des annonces l\u00e9gales pour le d\u00e9partement de la Charente-Maritime<\/strong>.<\/p>\n<p>&nbsp;<\/p>\n<h2>Selon quels crit\u00e8res s\u00e9lectionner un journal d&rsquo;annonces l\u00e9gales et judiciaires ?<\/h2>\n<p>Il n&rsquo;est pas obligatoire d&rsquo;utiliser un journal plus renomm\u00e9 qu&rsquo;un autre, l&rsquo;issue sera le m\u00eame.<br \/>\nIl faut s&rsquo;assurer simplement que celui-ci ait toutes les autorisations pour effectuer l&rsquo;annonce l\u00e9gale.<\/p>\n<p>Un journal d&rsquo;annonce l\u00e9gale homologu\u00e9 va vous proposer une attestation de parution apr\u00e8s le r\u00e8glement pour votre annonce.<\/p>\n<p>Sur annonces-legales.org, il est possible d&rsquo;obtenir en quelques clics plusieurs devis pour plusieurs journaux habilit\u00e9s du d\u00e9partement de la Charente Maritime.<\/p>\n<br\/><br\/><div class=\"entry-content notopmargin\">\n\t<img decoding=\"async\" class=\"img-fluid fleft\" src=\"https:\/\/www.annonces-legales.org\/images\/rapide-economique-tout-departement.png\" alt=\"Journal d'annonce l\u00e9gale habilit\u00e9 du 17 \"><a href=\"https:\/\/www.annonces-legales.org\/publication-annonce-legale.html\" class=\"button button-desc fright mtop30\"><div>Je publie<br> mon annonce<br> l\u00e9gale<\/div><span>dans un journal habilit\u00e9 du 17 !<\/span><\/a>\n<\/div><div class=\"clrbth\"><\/div><br\/><br\/>\n<p>&nbsp;<\/p>\n<h2>Qui doit faire para\u00eetre des annonces officielles dans le 17 ?<\/h2>\n<p>Pour une grande partie des entreprises de la Charente-Maritime, de l&rsquo;EURL \u00e0 la Soci\u00e9t\u00e9 Anonyme, il est n\u00e9cessaire de faire des annonces officielles ponctuellement. Les soci\u00e9t\u00e9s de petite taille (microentreprise) n&rsquo;ont pas besoin de publier une annonce l\u00e9gale.<br \/>\nOn constate que toutes les entreprises <span class=\"ILfuVd NA6bn c3biWd\"><span class=\"hgKElc\">charentaises-maritimes<\/span><\/span> ont fait au minimum 2 annonces l\u00e9gales au bout de quelques ann\u00e9es d&rsquo;activit\u00e9.<\/p>\n<p>&nbsp;<\/p>\n<h2>Quel est le prix d&rsquo;une annonce l\u00e9gale en Charente Maritime ?<\/h2>\n<p>Les journaux comme Le Phare de R\u00e9 sont tenu de respecter les tarifs fix\u00e9s par l&rsquo;\u00e9tat et par leur pr\u00e9fecture.<\/p>\n<p>Pour les annonces modificatives, il faut appliquer un tarif \u00e0 la ligne choisis par la pr\u00e9fecture du 17. Il est de 4,15 euros HT.<br \/>\nPour les <a href=\"https:\/\/www.annonces-legales.org\/blog\/avis-de-constitution\/\">annonces de constitution<\/a>, il est n\u00e9cessaire d&rsquo;appliquer le bar\u00e8me de prix national.<\/p>\n<p>&nbsp;<\/p>\n","protected":false},"excerpt":{"rendered":"<p>Le Phare de R\u00e9 est un journal local qui propose l&rsquo;actualit\u00e9 locale de l&rsquo;\u00eele de R\u00e9. Le journal informe sur [&hellip;]<\/p>\n","protected":false},"author":1,"featured_media":0,"parent":351,"menu_order":0,"comment_status":"closed","ping_status":"closed","template":"","meta":{"inline_featured_image":false,"footnotes":""},"class_list":["post-771","page","type-page","status-publish","hentry"],"yoast_head":"<!-- This site is optimized with the Yoast SEO plugin v26.8 - https:\/\/yoast.com\/product\/yoast-seo-wordpress\/ -->\n<title>Le Phare de R\u00e9 - Actualit\u00e9 des entreprises<\/title>\n<meta name=\"robots\" content=\"index, follow, max-snippet:-1, max-image-preview:large, max-video-preview:-1\" \/>\n<link rel=\"canonical\" href=\"https:\/\/www.annonces-legales.org\/blog\/phare-de-re\/\" \/>\n<meta property=\"og:locale\" content=\"fr_FR\" \/>\n<meta property=\"og:type\" content=\"article\" \/>\n<meta property=\"og:title\" content=\"Le Phare de R\u00e9 - Actualit\u00e9 des entreprises\" \/>\n<meta property=\"og:description\" content=\"Le Phare de R\u00e9 est un journal local qui propose l&rsquo;actualit\u00e9 locale de l&rsquo;\u00eele de R\u00e9. Le journal informe sur [&hellip;]\" \/>\n<meta property=\"og:url\" content=\"https:\/\/www.annonces-legales.org\/blog\/phare-de-re\/\" \/>\n<meta property=\"og:site_name\" content=\"Actualit\u00e9 des entreprises\" \/>\n<meta property=\"article:modified_time\" content=\"2022-01-26T11:06:03+00:00\" \/>\n<meta property=\"og:image\" content=\"https:\/\/www.annonces-legales.org\/blog\/wp-content\/uploads\/2021\/09\/Le-Phare-de-Re.png\" \/>\n\t<meta property=\"og:image:width\" content=\"450\" \/>\n\t<meta property=\"og:image:height\" content=\"117\" \/>\n\t<meta property=\"og:image:type\" content=\"image\/png\" \/>\n<meta name=\"twitter:card\" content=\"summary_large_image\" \/>\n<meta name=\"twitter:label1\" content=\"Dur\u00e9e de lecture estim\u00e9e\" \/>\n\t<meta name=\"twitter:data1\" content=\"2 minutes\" \/>\n<script type=\"application\/ld+json\" class=\"yoast-schema-graph\">{\"@context\":\"https:\/\/schema.org\",\"@graph\":[{\"@type\":\"WebPage\",\"@id\":\"https:\/\/www.annonces-legales.org\/blog\/phare-de-re\/\",\"url\":\"https:\/\/www.annonces-legales.org\/blog\/phare-de-re\/\",\"name\":\"Le Phare de R\u00e9 - Actualit\u00e9 des entreprises\",\"isPartOf\":{\"@id\":\"https:\/\/www.annonces-legales.org\/blog\/#website\"},\"primaryImageOfPage\":{\"@id\":\"https:\/\/www.annonces-legales.org\/blog\/phare-de-re\/#primaryimage\"},\"image\":{\"@id\":\"https:\/\/www.annonces-legales.org\/blog\/phare-de-re\/#primaryimage\"},\"thumbnailUrl\":\"https:\/\/www.annonces-legales.org\/blog\/wp-content\/uploads\/2021\/09\/Le-Phare-de-Re.png\",\"datePublished\":\"2021-09-15T16:17:24+00:00\",\"dateModified\":\"2022-01-26T11:06:03+00:00\",\"breadcrumb\":{\"@id\":\"https:\/\/www.annonces-legales.org\/blog\/phare-de-re\/#breadcrumb\"},\"inLanguage\":\"fr-FR\",\"potentialAction\":[{\"@type\":\"ReadAction\",\"target\":[\"https:\/\/www.annonces-legales.org\/blog\/phare-de-re\/\"]}]},{\"@type\":\"ImageObject\",\"inLanguage\":\"fr-FR\",\"@id\":\"https:\/\/www.annonces-legales.org\/blog\/phare-de-re\/#primaryimage\",\"url\":\"https:\/\/www.annonces-legales.org\/blog\/wp-content\/uploads\/2021\/09\/Le-Phare-de-Re.png\",\"contentUrl\":\"https:\/\/www.annonces-legales.org\/blog\/wp-content\/uploads\/2021\/09\/Le-Phare-de-Re.png\",\"width\":450,\"height\":117},{\"@type\":\"BreadcrumbList\",\"@id\":\"https:\/\/www.annonces-legales.org\/blog\/phare-de-re\/#breadcrumb\",\"itemListElement\":[{\"@type\":\"ListItem\",\"position\":1,\"name\":\"Accueil\",\"item\":\"https:\/\/www.annonces-legales.org\/blog\/\"},{\"@type\":\"ListItem\",\"position\":2,\"name\":\"Liste des journaux habilit\u00e9s \u00e0 publier des annonces l\u00e9gales\",\"item\":\"https:\/\/www.annonces-legales.org\/blog\/liste-des-journaux-habilites-a-publier-des-annonces-legales\/\"},{\"@type\":\"ListItem\",\"position\":3,\"name\":\"Le Phare de R\u00e9\"}]},{\"@type\":\"WebSite\",\"@id\":\"https:\/\/www.annonces-legales.org\/blog\/#website\",\"url\":\"https:\/\/www.annonces-legales.org\/blog\/\",\"name\":\"Actualit\u00e9 des entreprises\",\"description\":\"\",\"publisher\":{\"@id\":\"https:\/\/www.annonces-legales.org\/blog\/#organization\"},\"potentialAction\":[{\"@type\":\"SearchAction\",\"target\":{\"@type\":\"EntryPoint\",\"urlTemplate\":\"https:\/\/www.annonces-legales.org\/blog\/?s={search_term_string}\"},\"query-input\":{\"@type\":\"PropertyValueSpecification\",\"valueRequired\":true,\"valueName\":\"search_term_string\"}}],\"inLanguage\":\"fr-FR\"},{\"@type\":\"Organization\",\"@id\":\"https:\/\/www.annonces-legales.org\/blog\/#organization\",\"name\":\"Actualit\u00e9 des entreprises\",\"url\":\"https:\/\/www.annonces-legales.org\/blog\/\",\"logo\":{\"@type\":\"ImageObject\",\"inLanguage\":\"fr-FR\",\"@id\":\"https:\/\/www.annonces-legales.org\/blog\/#\/schema\/logo\/image\/\",\"url\":\"https:\/\/www.annonces-legales.org\/blog\/wp-content\/uploads\/2023\/08\/annonces-legales.svg\",\"contentUrl\":\"https:\/\/www.annonces-legales.org\/blog\/wp-content\/uploads\/2023\/08\/annonces-legales.svg\",\"caption\":\"Actualit\u00e9 des entreprises\"},\"image\":{\"@id\":\"https:\/\/www.annonces-legales.org\/blog\/#\/schema\/logo\/image\/\"}}]}<\/script>\n<!-- \/ Yoast SEO plugin. -->","yoast_head_json":{"title":"Le Phare de R\u00e9 - Actualit\u00e9 des entreprises","robots":{"index":"index","follow":"follow","max-snippet":"max-snippet:-1","max-image-preview":"max-image-preview:large","max-video-preview":"max-video-preview:-1"},"canonical":"https:\/\/www.annonces-legales.org\/blog\/phare-de-re\/","og_locale":"fr_FR","og_type":"article","og_title":"Le Phare de R\u00e9 - Actualit\u00e9 des entreprises","og_description":"Le Phare de R\u00e9 est un journal local qui propose l&rsquo;actualit\u00e9 locale de l&rsquo;\u00eele de R\u00e9. Le journal informe sur [&hellip;]","og_url":"https:\/\/www.annonces-legales.org\/blog\/phare-de-re\/","og_site_name":"Actualit\u00e9 des entreprises","article_modified_time":"2022-01-26T11:06:03+00:00","og_image":[{"width":450,"height":117,"url":"https:\/\/www.annonces-legales.org\/blog\/wp-content\/uploads\/2021\/09\/Le-Phare-de-Re.png","type":"image\/png"}],"twitter_card":"summary_large_image","twitter_misc":{"Dur\u00e9e de lecture estim\u00e9e":"2 minutes"},"schema":{"@context":"https:\/\/schema.org","@graph":[{"@type":"WebPage","@id":"https:\/\/www.annonces-legales.org\/blog\/phare-de-re\/","url":"https:\/\/www.annonces-legales.org\/blog\/phare-de-re\/","name":"Le Phare de R\u00e9 - Actualit\u00e9 des entreprises","isPartOf":{"@id":"https:\/\/www.annonces-legales.org\/blog\/#website"},"primaryImageOfPage":{"@id":"https:\/\/www.annonces-legales.org\/blog\/phare-de-re\/#primaryimage"},"image":{"@id":"https:\/\/www.annonces-legales.org\/blog\/phare-de-re\/#primaryimage"},"thumbnailUrl":"https:\/\/www.annonces-legales.org\/blog\/wp-content\/uploads\/2021\/09\/Le-Phare-de-Re.png","datePublished":"2021-09-15T16:17:24+00:00","dateModified":"2022-01-26T11:06:03+00:00","breadcrumb":{"@id":"https:\/\/www.annonces-legales.org\/blog\/phare-de-re\/#breadcrumb"},"inLanguage":"fr-FR","potentialAction":[{"@type":"ReadAction","target":["https:\/\/www.annonces-legales.org\/blog\/phare-de-re\/"]}]},{"@type":"ImageObject","inLanguage":"fr-FR","@id":"https:\/\/www.annonces-legales.org\/blog\/phare-de-re\/#primaryimage","url":"https:\/\/www.annonces-legales.org\/blog\/wp-content\/uploads\/2021\/09\/Le-Phare-de-Re.png","contentUrl":"https:\/\/www.annonces-legales.org\/blog\/wp-content\/uploads\/2021\/09\/Le-Phare-de-Re.png","width":450,"height":117},{"@type":"BreadcrumbList","@id":"https:\/\/www.annonces-legales.org\/blog\/phare-de-re\/#breadcrumb","itemListElement":[{"@type":"ListItem","position":1,"name":"Accueil","item":"https:\/\/www.annonces-legales.org\/blog\/"},{"@type":"ListItem","position":2,"name":"Liste des journaux habilit\u00e9s \u00e0 publier des annonces l\u00e9gales","item":"https:\/\/www.annonces-legales.org\/blog\/liste-des-journaux-habilites-a-publier-des-annonces-legales\/"},{"@type":"ListItem","position":3,"name":"Le Phare de R\u00e9"}]},{"@type":"WebSite","@id":"https:\/\/www.annonces-legales.org\/blog\/#website","url":"https:\/\/www.annonces-legales.org\/blog\/","name":"Actualit\u00e9 des entreprises","description":"","publisher":{"@id":"https:\/\/www.annonces-legales.org\/blog\/#organization"},"potentialAction":[{"@type":"SearchAction","target":{"@type":"EntryPoint","urlTemplate":"https:\/\/www.annonces-legales.org\/blog\/?s={search_term_string}"},"query-input":{"@type":"PropertyValueSpecification","valueRequired":true,"valueName":"search_term_string"}}],"inLanguage":"fr-FR"},{"@type":"Organization","@id":"https:\/\/www.annonces-legales.org\/blog\/#organization","name":"Actualit\u00e9 des entreprises","url":"https:\/\/www.annonces-legales.org\/blog\/","logo":{"@type":"ImageObject","inLanguage":"fr-FR","@id":"https:\/\/www.annonces-legales.org\/blog\/#\/schema\/logo\/image\/","url":"https:\/\/www.annonces-legales.org\/blog\/wp-content\/uploads\/2023\/08\/annonces-legales.svg","contentUrl":"https:\/\/www.annonces-legales.org\/blog\/wp-content\/uploads\/2023\/08\/annonces-legales.svg","caption":"Actualit\u00e9 des entreprises"},"image":{"@id":"https:\/\/www.annonces-legales.org\/blog\/#\/schema\/logo\/image\/"}}]}},"_links":{"self":[{"href":"https:\/\/www.annonces-legales.org\/blog\/wp-json\/wp\/v2\/pages\/771","targetHints":{"allow":["GET"]}}],"collection":[{"href":"https:\/\/www.annonces-legales.org\/blog\/wp-json\/wp\/v2\/pages"}],"about":[{"href":"https:\/\/www.annonces-legales.org\/blog\/wp-json\/wp\/v2\/types\/page"}],"author":[{"embeddable":true,"href":"https:\/\/www.annonces-legales.org\/blog\/wp-json\/wp\/v2\/users\/1"}],"replies":[{"embeddable":true,"href":"https:\/\/www.annonces-legales.org\/blog\/wp-json\/wp\/v2\/comments?post=771"}],"version-history":[{"count":8,"href":"https:\/\/www.annonces-legales.org\/blog\/wp-json\/wp\/v2\/pages\/771\/revisions"}],"predecessor-version":[{"id":1371,"href":"https:\/\/www.annonces-legales.org\/blog\/wp-json\/wp\/v2\/pages\/771\/revisions\/1371"}],"up":[{"embeddable":true,"href":"https:\/\/www.annonces-legales.org\/blog\/wp-json\/wp\/v2\/pages\/351"}],"wp:attachment":[{"href":"https:\/\/www.annonces-legales.org\/blog\/wp-json\/wp\/v2\/media?parent=771"}],"curies":[{"name":"wp","href":"https:\/\/api.w.org\/{rel}","templated":true}]}}